{"id":14848,"date":"2024-10-17T16:56:05","date_gmt":"2024-10-17T14:56:05","guid":{"rendered":"https:\/\/www.benalmadena-property.com\/property\/vut-ma-82362-apartamento-holiday-studio-suite-minerva-ref-hm001\/"},"modified":"2025-12-01T13:43:33","modified_gmt":"2025-12-01T12:43:33","slug":"vut-ma-82362-apartamento-holiday-studio-suite-minerva-ref-hm001","status":"publish","type":"property","link":"https:\/\/www.benalmadena-property.com\/es\/property\/vut-ma-82362-apartamento-holiday-studio-suite-minerva-ref-hm001\/","title":{"rendered":"VUT\/MA\/82362 Apartamento Holiday Studio Suite, MINERVA Ref: HM001"},"content":{"rendered":"<p>Precioso apartamento tipo estudio en planta baja en el complejo Minerva, disponible para alquileres vacacionales a corto plazo.<br \/>\nTotalmente renovado y muy bien presentado, tiene una cocina equipada con nevera \/ congelador grande, horno completo y vitrocer\u00e1mica de 4 fuegos, microondas, tostadora, hervidor de agua, cafetera, etc.<br \/>\nAmplio ba\u00f1o reformado con ducha, secador de pelo y lavadora.<br \/>\nLa amplia zona de sal\u00f3n\/dormitorio cuenta con aire acondicionado y TV de alta definici\u00f3n con varios canales de televisi\u00f3n del Reino Unido, 2 camas individuales, sof\u00e1 cama doble y WIFI.<br \/>\nOrientada al suroeste con sol de la tarde, es luminosa y aireada y tiene una gran terraza exterior con vistas directas a los jardines. Tambi\u00e9n tiene un exceso exterior adicional a un patio adicional compartido con algunos otros apartamentos de la planta baja.<\/p>\n<p>El complejo Minerva se beneficia de recepci\u00f3n las 24 horas, hermosos jardines con una gran piscina con toboganes* y una ubicaci\u00f3n c\u00e9ntrica cerca de tiendas, restaurantes y bares.<br \/>\nLa piscina grande con toboganes generalmente est\u00e1 abierta 2 semanas durante la Semana Santa y luego desde el 1 de junio hasta el 30 de septiembre exclusivamente. (Sujeto a la comunidad de propietarios). La piscina m\u00e1s peque\u00f1a y piscina infantil est\u00e1n abiertas todo el a\u00f1o, al igual que los jardines.<\/p>\n<p>La playa est\u00e1 a solo 5 a 10 minutos a pie, la estaci\u00f3n de tren a 15 minutos.<br \/>\nLas cajas de seguridad est\u00e1n disponibles por un suplemento en la recepci\u00f3n principal.<\/p>\n<p>Sala de estar: 2 camas individuales + sof\u00e1 cama doble<br \/>\nAire acondicionado y WIFI incluidos.<\/p>\n<p>Calificaci\u00f3n: PREMIUM<\/p>\n<p><strong>NO SE PERMITE FUMAR NI LA ENTRADA A MASCOTAS<\/strong><\/p>\n<p><strong>LICENCIA TURISTICA: ESFCTU0000290350001550800000000000000000VUT\/MA\/823622 <\/strong><\/p>\n","protected":false},"excerpt":{"rendered":"<p>Precioso apartamento tipo estudio en planta baja en el complejo Minerva, disponible para alquileres vacacionales a corto plazo. Totalmente renovado y muy bien presentado, tiene una cocina equipada con nevera \/ congelador grande, horno completo y vitrocer\u00e1mica de 4 fuegos, microondas, tostadora, hervidor de agua, cafetera, etc. Amplio ba\u00f1o reformado con ducha, secador de pelo&#8230;<\/p>\n","protected":false},"author":2,"featured_media":19252,"parent":0,"menu_order":0,"comment_status":"open","ping_status":"closed","template":"","property-feature":[532,403,534,536,523,411,520,531,505,373,533,501,506,363,417,528,509,521,376,522,508,219,518,231],"property-type":[228],"property-location":[308,452,453,553,444,223,538,443],"property-status":[224],"class_list":["post-14848","property","type-property","status-publish","has-post-thumbnail","hentry","property-feature-aire-acondicionado","property-feature-alarma-de-incendio","property-feature-aparcamiento-exterior","property-feature-cafetera","property-feature-cocina-amueblada","property-feature-doble-acristalamiento","property-feature-ducha-moderna-cerrada","property-feature-four-ring-hob-es","property-feature-hervidor","property-feature-horno","property-feature-jardines","property-feature-lavadora","property-feature-microondas","property-feature-piscina-comunitaria-y-jardin","property-feature-piscina-infantil","property-feature-piscinas","property-feature-plancha-y-tablero","property-feature-refrigerador-congelador-grande","property-feature-secador","property-feature-terraza-grande","property-feature-tostadora","property-feature-tv-es","property-feature-vista-al-jardin","property-feature-wifi-es","property-type-apartamento-studio-es","property-city-arroyo-de-la-miel-es","property-city-arroyo-de-la-miel-costa-del-sol-es","property-city-benalmadena-es-2","property-city-benalmadena-es-3","property-city-benalmadena-es","property-city-benalmadena-costa-benalmadena-arroyo-de-la-mielcosta-del-sol-es","property-city-benalmadena-costa-costa-del-sol-es","property-city-costa-del-sol-es","property-status-alquileres-vacacionales"],"property_meta":{"REAL_HOMES_property_price":"420","REAL_HOMES_property_old_price":"","REAL_HOMES_property_price_prefix":"De","REAL_HOMES_property_price_postfix":"Semanal","REAL_HOMES_property_size":"35","REAL_HOMES_property_size_postfix":"metros cuadrados","REAL_HOMES_property_lot_size":"","REAL_HOMES_property_lot_size_postfix":"","REAL_HOMES_property_bedrooms":"0","REAL_HOMES_property_bathrooms":"1","REAL_HOMES_property_garage":"","REAL_HOMES_property_id":"HM001","REAL_HOMES_property_year_built":"","REAL_HOMES_featured":"1","REAL_HOMES_additional_details_list":[],"REAL_HOMES_property_location":{"latitude":"36.5962816","longitude":"-4.5270261","zoom":"14"},"REAL_HOMES_property_address":"Av. Gamonal, 10, 29630 Benalm\u00e1dena, M\u00e1laga, Espa\u00f1a","REAL_HOMES_property_map":"","REAL_HOMES_property_images":[{"width":150,"height":150,"file":"2024\/10\/P1070299.jpg","filesize":167424,"sizes":{"medium":{"file":"P1070299-300x225.jpg","width":300,"height":225,"mime-type":"image\/jpeg","filesize":53305,"url":"https:\/\/media.benalmadena-property.com\/2024\/10\/P1070299-300x225.jpg"},"thumbnail":{"file":"P1070299-150x150.jpg","width":150,"height":150,"mime-type":"image\/jpeg","filesize":41142,"url":"https:\/\/media.benalmadena-property.com\/2024\/10\/P1070299-150x150.jpg"},"post-thumbnail":{"file":"P1070299-150x113.jpg","width":150,"height":113,"mime-type":"image\/jpeg","filesize":39491,"url":"https:\/\/media.benalmadena-property.com\/2024\/10\/P1070299-150x113.jpg"},"property-thumb-image":{"file":"P1070299-488x326.jpg","width":488,"height":326,"mime-type":"image\/jpeg","filesize":75668,"url":"https:\/\/media.benalmadena-property.com\/2024\/10\/P1070299-488x326.jpg"},"property-detail-video-image":{"file":"P1070299-640x417.jpg","width":640,"height":417,"mime-type":"image\/jpeg","filesize":111083,"url":"https:\/\/media.benalmadena-property.com\/2024\/10\/P1070299-640x417.jpg"},"agent-image":{"file":"P1070299-210x210.jpg","width":210,"height":210,"mime-type":"image\/jpeg","filesize":47419,"url":"https:\/\/media.benalmadena-property.com\/2024\/10\/P1070299-210x210.jpg"},"partners-logo":{"file":"P1070299-600x480.jpg","width":600,"height":480,"mime-type":"image\/jpeg","filesize":113815,"url":"https:\/\/media.benalmadena-property.com\/2024\/10\/P1070299-600x480.jpg"},"gallery-two-column-image":{"file":"P1070299-536x269.jpg","width":536,"height":269,"mime-type":"image\/jpeg","filesize":73541,"url":"https:\/\/media.benalmadena-property.com\/2024\/10\/P1070299-536x269.jpg"},"property-detail-slider-thumb":{"file":"P1070299-82x60.jpg","width":82,"height":60,"mime-type":"image\/jpeg","filesize":35634,"url":"https:\/\/media.benalmadena-property.com\/2024\/10\/P1070299-82x60.jpg"}},"image_meta":{"aperture":"3.1","credit":"","camera":"DMC-SZ3","caption":"","created_timestamp":"1729179925","copyright":"","focal_length":"4.5","iso":"100","shutter_speed":"0.0015625","title":"","orientation":"1","keywords":[]},"ID":"14830","name":"P1070299.jpg","path":"\/var\/www\/vhosts\/benalmadena-property.com\/httpdocs\/wp-content\/uploads\/2024\/10\/P1070299.jpg","url":"https:\/\/media.benalmadena-property.com\/2024\/10\/P1070299-150x150.jpg","full_url":"https:\/\/media.benalmadena-property.com\/2024\/10\/P1070299.jpg","title":"P1070299","caption":"","description":"","alt":"","srcset":"https:\/\/media.benalmadena-property.com\/2024\/10\/P1070299-150x150.jpg 150w, https:\/\/media.benalmadena-property.com\/2024\/10\/P1070299-210x210.jpg 210w"},{"width":150,"height":150,"file":"2024\/10\/P1070301.jpg","filesize":168960,"sizes":{"medium":{"file":"P1070301-300x225.jpg","width":300,"height":225,"mime-type":"image\/jpeg","filesize":49757,"url":"https:\/\/media.benalmadena-property.com\/2024\/10\/P1070301-300x225.jpg"},"thumbnail":{"file":"P1070301-150x150.jpg","width":150,"height":150,"mime-type":"image\/jpeg","filesize":39928,"url":"https:\/\/media.benalmadena-property.com\/2024\/10\/P1070301-150x150.jpg"},"post-thumbnail":{"file":"P1070301-150x113.jpg","width":150,"height":113,"mime-type":"image\/jpeg","filesize":38703,"url":"https:\/\/media.benalmadena-property.com\/2024\/10\/P1070301-150x113.jpg"},"property-thumb-image":{"file":"P1070301-488x326.jpg","width":488,"height":326,"mime-type":"image\/jpeg","filesize":67981,"url":"https:\/\/media.benalmadena-property.com\/2024\/10\/P1070301-488x326.jpg"},"property-detail-video-image":{"file":"P1070301-640x417.jpg","width":640,"height":417,"mime-type":"image\/jpeg","filesize":95368,"url":"https:\/\/media.benalmadena-property.com\/2024\/10\/P1070301-640x417.jpg"},"agent-image":{"file":"P1070301-210x210.jpg","width":210,"height":210,"mime-type":"image\/jpeg","filesize":44849,"url":"https:\/\/media.benalmadena-property.com\/2024\/10\/P1070301-210x210.jpg"},"partners-logo":{"file":"P1070301-600x480.jpg","width":600,"height":480,"mime-type":"image\/jpeg","filesize":97349,"url":"https:\/\/media.benalmadena-property.com\/2024\/10\/P1070301-600x480.jpg"},"gallery-two-column-image":{"file":"P1070301-536x269.jpg","width":536,"height":269,"mime-type":"image\/jpeg","filesize":67063,"url":"https:\/\/media.benalmadena-property.com\/2024\/10\/P1070301-536x269.jpg"},"property-detail-slider-thumb":{"file":"P1070301-82x60.jpg","width":82,"height":60,"mime-type":"image\/jpeg","filesize":35514,"url":"https:\/\/media.benalmadena-property.com\/2024\/10\/P1070301-82x60.jpg"}},"image_meta":{"aperture":"9","credit":"","camera":"DMC-SZ3","caption":"","created_timestamp":"1729179959","copyright":"","focal_length":"4.5","iso":"100","shutter_speed":"0.005","title":"","orientation":"1","keywords":[]},"ID":"14836","name":"P1070301.jpg","path":"\/var\/www\/vhosts\/benalmadena-property.com\/httpdocs\/wp-content\/uploads\/2024\/10\/P1070301.jpg","url":"https:\/\/media.benalmadena-property.com\/2024\/10\/P1070301-150x150.jpg","full_url":"https:\/\/media.benalmadena-property.com\/2024\/10\/P1070301.jpg","title":"P1070301","caption":"","description":"","alt":"","srcset":"https:\/\/media.benalmadena-property.com\/2024\/10\/P1070301-150x150.jpg 150w, https:\/\/media.benalmadena-property.com\/2024\/10\/P1070301-210x210.jpg 210w"},{"width":150,"height":150,"file":"2021\/03\/Sandra-Jupiter-8-scaled.jpg","filesize":931624,"sizes":{"medium":{"file":"Sandra-Jupiter-8-300x200.jpg","width":300,"height":200,"mime-type":"image\/jpeg","filesize":62946,"url":"https:\/\/media.benalmadena-property.com\/2021\/03\/Sandra-Jupiter-8-300x200.jpg"},"large":{"file":"Sandra-Jupiter-8-1024x681.jpg","width":1024,"height":681,"mime-type":"image\/jpeg","filesize":189841,"url":"https:\/\/media.benalmadena-property.com\/2021\/03\/Sandra-Jupiter-8-1024x681.jpg"},"thumbnail":{"file":"Sandra-Jupiter-8-150x150.jpg","width":150,"height":150,"mime-type":"image\/jpeg","filesize":54787,"url":"https:\/\/media.benalmadena-property.com\/2021\/03\/Sandra-Jupiter-8-150x150.jpg"},"medium_large":{"file":"Sandra-Jupiter-8-768x511.jpg","width":768,"height":511,"mime-type":"image\/jpeg","filesize":128031,"url":"https:\/\/media.benalmadena-property.com\/2021\/03\/Sandra-Jupiter-8-768x511.jpg"},"1536x1536":{"file":"Sandra-Jupiter-8-1536x1022.jpg","width":1536,"height":1022,"mime-type":"image\/jpeg","filesize":365596,"url":"https:\/\/media.benalmadena-property.com\/2021\/03\/Sandra-Jupiter-8-1536x1022.jpg"},"2048x2048":{"file":"Sandra-Jupiter-8-2048x1362.jpg","width":2048,"height":1362,"mime-type":"image\/jpeg","filesize":614892,"url":"https:\/\/media.benalmadena-property.com\/2021\/03\/Sandra-Jupiter-8-2048x1362.jpg"},"post-thumbnail":{"file":"Sandra-Jupiter-8-150x100.jpg","width":150,"height":100,"mime-type":"image\/jpeg","filesize":53735,"url":"https:\/\/media.benalmadena-property.com\/2021\/03\/Sandra-Jupiter-8-150x100.jpg"},"modern-property-child-slider":{"file":"Sandra-Jupiter-8-680x510.jpg","width":680,"height":510,"mime-type":"image\/jpeg","filesize":116906,"url":"https:\/\/media.benalmadena-property.com\/2021\/03\/Sandra-Jupiter-8-680x510.jpg"},"property-thumb-image":{"file":"Sandra-Jupiter-8-488x326.jpg","width":488,"height":326,"mime-type":"image\/jpeg","filesize":82209,"url":"https:\/\/media.benalmadena-property.com\/2021\/03\/Sandra-Jupiter-8-488x326.jpg"},"property-detail-video-image":{"file":"Sandra-Jupiter-8-818x417.jpg","width":818,"height":417,"mime-type":"image\/jpeg","filesize":122715,"url":"https:\/\/media.benalmadena-property.com\/2021\/03\/Sandra-Jupiter-8-818x417.jpg"},"agent-image":{"file":"Sandra-Jupiter-8-210x210.jpg","width":210,"height":210,"mime-type":"image\/jpeg","filesize":58918,"url":"https:\/\/media.benalmadena-property.com\/2021\/03\/Sandra-Jupiter-8-210x210.jpg"},"gallery-two-column-image":{"file":"Sandra-Jupiter-8-536x269.jpg","width":536,"height":269,"mime-type":"image\/jpeg","filesize":81215,"url":"https:\/\/media.benalmadena-property.com\/2021\/03\/Sandra-Jupiter-8-536x269.jpg"},"property-detail-slider-image-two":{"file":"Sandra-Jupiter-8-1170x648.jpg","width":1170,"height":648,"mime-type":"image\/jpeg","filesize":204764,"url":"https:\/\/media.benalmadena-property.com\/2021\/03\/Sandra-Jupiter-8-1170x648.jpg"},"property-detail-slider-thumb":{"file":"Sandra-Jupiter-8-82x60.jpg","width":82,"height":60,"mime-type":"image\/jpeg","filesize":51412,"url":"https:\/\/media.benalmadena-property.com\/2021\/03\/Sandra-Jupiter-8-82x60.jpg"}},"image_meta":{"aperture":"13","credit":"","camera":"NIKON D780","caption":"","created_timestamp":"1715083234","copyright":"","focal_length":"14","iso":"250","shutter_speed":"0.0015625","title":"","orientation":"0","keywords":[]},"original_image":"Sandra-Jupiter-8.jpg","ID":"14367","name":"Sandra-Jupiter-8-scaled.jpg","path":"\/var\/www\/vhosts\/benalmadena-property.com\/httpdocs\/wp-content\/uploads\/2021\/03\/Sandra-Jupiter-8-scaled.jpg","url":"https:\/\/media.benalmadena-property.com\/2021\/03\/Sandra-Jupiter-8-150x150.jpg","full_url":"https:\/\/media.benalmadena-property.com\/2021\/03\/Sandra-Jupiter-8-scaled.jpg","title":"Sandra - Jupiter-8","caption":"","description":"","alt":"","srcset":"https:\/\/media.benalmadena-property.com\/2021\/03\/Sandra-Jupiter-8-150x150.jpg 150w, https:\/\/media.benalmadena-property.com\/2021\/03\/Sandra-Jupiter-8-210x210.jpg 210w"},{"width":150,"height":150,"file":"2016\/04\/220621_DDS_35-1.jpg","sizes":{"medium":{"file":"220621_DDS_35-1-300x200.jpg","width":300,"height":200,"mime-type":"image\/jpeg","url":"https:\/\/media.benalmadena-property.com\/2016\/04\/220621_DDS_35-1-300x200.jpg"},"thumbnail":{"file":"220621_DDS_35-1-150x150.jpg","width":150,"height":150,"mime-type":"image\/jpeg","url":"https:\/\/media.benalmadena-property.com\/2016\/04\/220621_DDS_35-1-150x150.jpg"},"medium_large":{"file":"220621_DDS_35-1-768x512.jpg","width":768,"height":512,"mime-type":"image\/jpeg","url":"https:\/\/media.benalmadena-property.com\/2016\/04\/220621_DDS_35-1-768x512.jpg"},"post-thumbnail":{"file":"220621_DDS_35-1-150x100.jpg","width":150,"height":100,"mime-type":"image\/jpeg","url":"https:\/\/media.benalmadena-property.com\/2016\/04\/220621_DDS_35-1-150x100.jpg"},"modern-property-child-slider":{"file":"220621_DDS_35-1-680x510.jpg","width":680,"height":510,"mime-type":"image\/jpeg","url":"https:\/\/media.benalmadena-property.com\/2016\/04\/220621_DDS_35-1-680x510.jpg"},"property-thumb-image":{"file":"220621_DDS_35-1-488x326.jpg","width":488,"height":326,"mime-type":"image\/jpeg","url":"https:\/\/media.benalmadena-property.com\/2016\/04\/220621_DDS_35-1-488x326.jpg"},"property-detail-video-image":{"file":"220621_DDS_35-1-818x417.jpg","width":818,"height":417,"mime-type":"image\/jpeg","url":"https:\/\/media.benalmadena-property.com\/2016\/04\/220621_DDS_35-1-818x417.jpg"},"agent-image":{"file":"220621_DDS_35-1-210x210.jpg","width":210,"height":210,"mime-type":"image\/jpeg","url":"https:\/\/media.benalmadena-property.com\/2016\/04\/220621_DDS_35-1-210x210.jpg"},"partners-logo":{"file":"220621_DDS_35-1-600x680.jpg","width":600,"height":680,"mime-type":"image\/jpeg","url":"https:\/\/media.benalmadena-property.com\/2016\/04\/220621_DDS_35-1-600x680.jpg"},"gallery-two-column-image":{"file":"220621_DDS_35-1-536x269.jpg","width":536,"height":269,"mime-type":"image\/jpeg","url":"https:\/\/media.benalmadena-property.com\/2016\/04\/220621_DDS_35-1-536x269.jpg"},"property-detail-slider-image-two":{"file":"220621_DDS_35-1-1020x648.jpg","width":1020,"height":648,"mime-type":"image\/jpeg","url":"https:\/\/media.benalmadena-property.com\/2016\/04\/220621_DDS_35-1-1020x648.jpg"},"property-detail-slider-thumb":{"file":"220621_DDS_35-1-82x60.jpg","width":82,"height":60,"mime-type":"image\/jpeg","url":"https:\/\/media.benalmadena-property.com\/2016\/04\/220621_DDS_35-1-82x60.jpg"}},"image_meta":{"aperture":"7.1","credit":"","camera":"ILCE-7M3","caption":"","created_timestamp":"1624366729","copyright":"@danieldisabatino","focal_length":"14","iso":"100","shutter_speed":"0.0015625","title":"","orientation":"0","keywords":[]},"ID":"9910","name":"220621_DDS_35-1.jpg","path":"\/var\/www\/vhosts\/benalmadena-property.com\/httpdocs\/wp-content\/uploads\/2016\/04\/220621_DDS_35-1.jpg","url":"https:\/\/media.benalmadena-property.com\/2016\/04\/220621_DDS_35-1-150x150.jpg","full_url":"https:\/\/media.benalmadena-property.com\/2016\/04\/220621_DDS_35-1.jpg","title":"220621_DDS_35 (1)","caption":"","description":"","alt":"","srcset":"https:\/\/media.benalmadena-property.com\/2016\/04\/220621_DDS_35-1-150x150.jpg 150w, https:\/\/media.benalmadena-property.com\/2016\/04\/220621_DDS_35-1-210x210.jpg 210w"},{"width":150,"height":150,"file":"2016\/04\/220621_DDS_34.jpg","sizes":{"medium":{"file":"220621_DDS_34-300x200.jpg","width":300,"height":200,"mime-type":"image\/jpeg","url":"https:\/\/media.benalmadena-property.com\/2016\/04\/220621_DDS_34-300x200.jpg"},"thumbnail":{"file":"220621_DDS_34-150x150.jpg","width":150,"height":150,"mime-type":"image\/jpeg","url":"https:\/\/media.benalmadena-property.com\/2016\/04\/220621_DDS_34-150x150.jpg"},"medium_large":{"file":"220621_DDS_34-768x512.jpg","width":768,"height":512,"mime-type":"image\/jpeg","url":"https:\/\/media.benalmadena-property.com\/2016\/04\/220621_DDS_34-768x512.jpg"},"post-thumbnail":{"file":"220621_DDS_34-150x100.jpg","width":150,"height":100,"mime-type":"image\/jpeg","url":"https:\/\/media.benalmadena-property.com\/2016\/04\/220621_DDS_34-150x100.jpg"},"modern-property-child-slider":{"file":"220621_DDS_34-680x510.jpg","width":680,"height":510,"mime-type":"image\/jpeg","url":"https:\/\/media.benalmadena-property.com\/2016\/04\/220621_DDS_34-680x510.jpg"},"property-thumb-image":{"file":"220621_DDS_34-488x326.jpg","width":488,"height":326,"mime-type":"image\/jpeg","url":"https:\/\/media.benalmadena-property.com\/2016\/04\/220621_DDS_34-488x326.jpg"},"property-detail-video-image":{"file":"220621_DDS_34-818x417.jpg","width":818,"height":417,"mime-type":"image\/jpeg","url":"https:\/\/media.benalmadena-property.com\/2016\/04\/220621_DDS_34-818x417.jpg"},"agent-image":{"file":"220621_DDS_34-210x210.jpg","width":210,"height":210,"mime-type":"image\/jpeg","url":"https:\/\/media.benalmadena-property.com\/2016\/04\/220621_DDS_34-210x210.jpg"},"partners-logo":{"file":"220621_DDS_34-600x680.jpg","width":600,"height":680,"mime-type":"image\/jpeg","url":"https:\/\/media.benalmadena-property.com\/2016\/04\/220621_DDS_34-600x680.jpg"},"gallery-two-column-image":{"file":"220621_DDS_34-536x269.jpg","width":536,"height":269,"mime-type":"image\/jpeg","url":"https:\/\/media.benalmadena-property.com\/2016\/04\/220621_DDS_34-536x269.jpg"},"property-detail-slider-image-two":{"file":"220621_DDS_34-1020x648.jpg","width":1020,"height":648,"mime-type":"image\/jpeg","url":"https:\/\/media.benalmadena-property.com\/2016\/04\/220621_DDS_34-1020x648.jpg"},"property-detail-slider-thumb":{"file":"220621_DDS_34-82x60.jpg","width":82,"height":60,"mime-type":"image\/jpeg","url":"https:\/\/media.benalmadena-property.com\/2016\/04\/220621_DDS_34-82x60.jpg"}},"image_meta":{"aperture":"7.1","credit":"","camera":"ILCE-7M3","caption":"","created_timestamp":"1624366488","copyright":"@danieldisabatino","focal_length":"14","iso":"100","shutter_speed":"0.002","title":"","orientation":"0","keywords":[]},"ID":"9907","name":"220621_DDS_34.jpg","path":"\/var\/www\/vhosts\/benalmadena-property.com\/httpdocs\/wp-content\/uploads\/2016\/04\/220621_DDS_34.jpg","url":"https:\/\/media.benalmadena-property.com\/2016\/04\/220621_DDS_34-150x150.jpg","full_url":"https:\/\/media.benalmadena-property.com\/2016\/04\/220621_DDS_34.jpg","title":"220621_DDS_34","caption":"","description":"","alt":"","srcset":"https:\/\/media.benalmadena-property.com\/2016\/04\/220621_DDS_34-150x150.jpg 150w, https:\/\/media.benalmadena-property.com\/2016\/04\/220621_DDS_34-210x210.jpg 210w"},{"width":150,"height":150,"file":"2016\/04\/220621_DDS_34-1.jpg","sizes":{"medium":{"file":"220621_DDS_34-1-300x200.jpg","width":300,"height":200,"mime-type":"image\/jpeg","url":"https:\/\/media.benalmadena-property.com\/2016\/04\/220621_DDS_34-1-300x200.jpg"},"thumbnail":{"file":"220621_DDS_34-1-150x150.jpg","width":150,"height":150,"mime-type":"image\/jpeg","url":"https:\/\/media.benalmadena-property.com\/2016\/04\/220621_DDS_34-1-150x150.jpg"},"medium_large":{"file":"220621_DDS_34-1-768x512.jpg","width":768,"height":512,"mime-type":"image\/jpeg","url":"https:\/\/media.benalmadena-property.com\/2016\/04\/220621_DDS_34-1-768x512.jpg"},"post-thumbnail":{"file":"220621_DDS_34-1-150x100.jpg","width":150,"height":100,"mime-type":"image\/jpeg","url":"https:\/\/media.benalmadena-property.com\/2016\/04\/220621_DDS_34-1-150x100.jpg"},"modern-property-child-slider":{"file":"220621_DDS_34-1-680x510.jpg","width":680,"height":510,"mime-type":"image\/jpeg","url":"https:\/\/media.benalmadena-property.com\/2016\/04\/220621_DDS_34-1-680x510.jpg"},"property-thumb-image":{"file":"220621_DDS_34-1-488x326.jpg","width":488,"height":326,"mime-type":"image\/jpeg","url":"https:\/\/media.benalmadena-property.com\/2016\/04\/220621_DDS_34-1-488x326.jpg"},"property-detail-video-image":{"file":"220621_DDS_34-1-818x417.jpg","width":818,"height":417,"mime-type":"image\/jpeg","url":"https:\/\/media.benalmadena-property.com\/2016\/04\/220621_DDS_34-1-818x417.jpg"},"agent-image":{"file":"220621_DDS_34-1-210x210.jpg","width":210,"height":210,"mime-type":"image\/jpeg","url":"https:\/\/media.benalmadena-property.com\/2016\/04\/220621_DDS_34-1-210x210.jpg"},"partners-logo":{"file":"220621_DDS_34-1-600x680.jpg","width":600,"height":680,"mime-type":"image\/jpeg","url":"https:\/\/media.benalmadena-property.com\/2016\/04\/220621_DDS_34-1-600x680.jpg"},"gallery-two-column-image":{"file":"220621_DDS_34-1-536x269.jpg","width":536,"height":269,"mime-type":"image\/jpeg","url":"https:\/\/media.benalmadena-property.com\/2016\/04\/220621_DDS_34-1-536x269.jpg"},"property-detail-slider-image-two":{"file":"220621_DDS_34-1-1020x648.jpg","width":1020,"height":648,"mime-type":"image\/jpeg","url":"https:\/\/media.benalmadena-property.com\/2016\/04\/220621_DDS_34-1-1020x648.jpg"},"property-detail-slider-thumb":{"file":"220621_DDS_34-1-82x60.jpg","width":82,"height":60,"mime-type":"image\/jpeg","url":"https:\/\/media.benalmadena-property.com\/2016\/04\/220621_DDS_34-1-82x60.jpg"}},"image_meta":{"aperture":"7.1","credit":"","camera":"ILCE-7M3","caption":"","created_timestamp":"1624366488","copyright":"@danieldisabatino","focal_length":"14","iso":"100","shutter_speed":"0.002","title":"","orientation":"0","keywords":[]},"ID":"9904","name":"220621_DDS_34-1.jpg","path":"\/var\/www\/vhosts\/benalmadena-property.com\/httpdocs\/wp-content\/uploads\/2016\/04\/220621_DDS_34-1.jpg","url":"https:\/\/media.benalmadena-property.com\/2016\/04\/220621_DDS_34-1-150x150.jpg","full_url":"https:\/\/media.benalmadena-property.com\/2016\/04\/220621_DDS_34-1.jpg","title":"220621_DDS_34 (1)","caption":"","description":"","alt":"","srcset":"https:\/\/media.benalmadena-property.com\/2016\/04\/220621_DDS_34-1-150x150.jpg 150w, https:\/\/media.benalmadena-property.com\/2016\/04\/220621_DDS_34-1-210x210.jpg 210w"},{"width":150,"height":150,"file":"2016\/04\/220621_DDS_30.jpg","sizes":{"medium":{"file":"220621_DDS_30-300x200.jpg","width":300,"height":200,"mime-type":"image\/jpeg","url":"https:\/\/media.benalmadena-property.com\/2016\/04\/220621_DDS_30-300x200.jpg"},"thumbnail":{"file":"220621_DDS_30-150x150.jpg","width":150,"height":150,"mime-type":"image\/jpeg","url":"https:\/\/media.benalmadena-property.com\/2016\/04\/220621_DDS_30-150x150.jpg"},"medium_large":{"file":"220621_DDS_30-768x512.jpg","width":768,"height":512,"mime-type":"image\/jpeg","url":"https:\/\/media.benalmadena-property.com\/2016\/04\/220621_DDS_30-768x512.jpg"},"post-thumbnail":{"file":"220621_DDS_30-150x100.jpg","width":150,"height":100,"mime-type":"image\/jpeg","url":"https:\/\/media.benalmadena-property.com\/2016\/04\/220621_DDS_30-150x100.jpg"},"modern-property-child-slider":{"file":"220621_DDS_30-680x510.jpg","width":680,"height":510,"mime-type":"image\/jpeg","url":"https:\/\/media.benalmadena-property.com\/2016\/04\/220621_DDS_30-680x510.jpg"},"property-thumb-image":{"file":"220621_DDS_30-488x326.jpg","width":488,"height":326,"mime-type":"image\/jpeg","url":"https:\/\/media.benalmadena-property.com\/2016\/04\/220621_DDS_30-488x326.jpg"},"property-detail-video-image":{"file":"220621_DDS_30-818x417.jpg","width":818,"height":417,"mime-type":"image\/jpeg","url":"https:\/\/media.benalmadena-property.com\/2016\/04\/220621_DDS_30-818x417.jpg"},"agent-image":{"file":"220621_DDS_30-210x210.jpg","width":210,"height":210,"mime-type":"image\/jpeg","url":"https:\/\/media.benalmadena-property.com\/2016\/04\/220621_DDS_30-210x210.jpg"},"partners-logo":{"file":"220621_DDS_30-600x680.jpg","width":600,"height":680,"mime-type":"image\/jpeg","url":"https:\/\/media.benalmadena-property.com\/2016\/04\/220621_DDS_30-600x680.jpg"},"gallery-two-column-image":{"file":"220621_DDS_30-536x269.jpg","width":536,"height":269,"mime-type":"image\/jpeg","url":"https:\/\/media.benalmadena-property.com\/2016\/04\/220621_DDS_30-536x269.jpg"},"property-detail-slider-image-two":{"file":"220621_DDS_30-1020x648.jpg","width":1020,"height":648,"mime-type":"image\/jpeg","url":"https:\/\/media.benalmadena-property.com\/2016\/04\/220621_DDS_30-1020x648.jpg"},"property-detail-slider-thumb":{"file":"220621_DDS_30-82x60.jpg","width":82,"height":60,"mime-type":"image\/jpeg","url":"https:\/\/media.benalmadena-property.com\/2016\/04\/220621_DDS_30-82x60.jpg"}},"image_meta":{"aperture":"7.1","credit":"","camera":"ILCE-7M3","caption":"","created_timestamp":"1624363234","copyright":"@danieldisabatino","focal_length":"70","iso":"100","shutter_speed":"0.0015625","title":"","orientation":"0","keywords":[]},"ID":"9901","name":"220621_DDS_30.jpg","path":"\/var\/www\/vhosts\/benalmadena-property.com\/httpdocs\/wp-content\/uploads\/2016\/04\/220621_DDS_30.jpg","url":"https:\/\/media.benalmadena-property.com\/2016\/04\/220621_DDS_30-150x150.jpg","full_url":"https:\/\/media.benalmadena-property.com\/2016\/04\/220621_DDS_30.jpg","title":"220621_DDS_30","caption":"","description":"","alt":"","srcset":"https:\/\/media.benalmadena-property.com\/2016\/04\/220621_DDS_30-150x150.jpg 150w, https:\/\/media.benalmadena-property.com\/2016\/04\/220621_DDS_30-210x210.jpg 210w"},{"width":150,"height":150,"file":"2016\/04\/220621_DDS_26.jpg","sizes":{"medium":{"file":"220621_DDS_26-300x200.jpg","width":300,"height":200,"mime-type":"image\/jpeg","url":"https:\/\/media.benalmadena-property.com\/2016\/04\/220621_DDS_26-300x200.jpg"},"thumbnail":{"file":"220621_DDS_26-150x150.jpg","width":150,"height":150,"mime-type":"image\/jpeg","url":"https:\/\/media.benalmadena-property.com\/2016\/04\/220621_DDS_26-150x150.jpg"},"medium_large":{"file":"220621_DDS_26-768x512.jpg","width":768,"height":512,"mime-type":"image\/jpeg","url":"https:\/\/media.benalmadena-property.com\/2016\/04\/220621_DDS_26-768x512.jpg"},"post-thumbnail":{"file":"220621_DDS_26-150x100.jpg","width":150,"height":100,"mime-type":"image\/jpeg","url":"https:\/\/media.benalmadena-property.com\/2016\/04\/220621_DDS_26-150x100.jpg"},"modern-property-child-slider":{"file":"220621_DDS_26-680x510.jpg","width":680,"height":510,"mime-type":"image\/jpeg","url":"https:\/\/media.benalmadena-property.com\/2016\/04\/220621_DDS_26-680x510.jpg"},"property-thumb-image":{"file":"220621_DDS_26-488x326.jpg","width":488,"height":326,"mime-type":"image\/jpeg","url":"https:\/\/media.benalmadena-property.com\/2016\/04\/220621_DDS_26-488x326.jpg"},"property-detail-video-image":{"file":"220621_DDS_26-818x417.jpg","width":818,"height":417,"mime-type":"image\/jpeg","url":"https:\/\/media.benalmadena-property.com\/2016\/04\/220621_DDS_26-818x417.jpg"},"agent-image":{"file":"220621_DDS_26-210x210.jpg","width":210,"height":210,"mime-type":"image\/jpeg","url":"https:\/\/media.benalmadena-property.com\/2016\/04\/220621_DDS_26-210x210.jpg"},"partners-logo":{"file":"220621_DDS_26-600x680.jpg","width":600,"height":680,"mime-type":"image\/jpeg","url":"https:\/\/media.benalmadena-property.com\/2016\/04\/220621_DDS_26-600x680.jpg"},"gallery-two-column-image":{"file":"220621_DDS_26-536x269.jpg","width":536,"height":269,"mime-type":"image\/jpeg","url":"https:\/\/media.benalmadena-property.com\/2016\/04\/220621_DDS_26-536x269.jpg"},"property-detail-slider-image-two":{"file":"220621_DDS_26-1020x648.jpg","width":1020,"height":648,"mime-type":"image\/jpeg","url":"https:\/\/media.benalmadena-property.com\/2016\/04\/220621_DDS_26-1020x648.jpg"},"property-detail-slider-thumb":{"file":"220621_DDS_26-82x60.jpg","width":82,"height":60,"mime-type":"image\/jpeg","url":"https:\/\/media.benalmadena-property.com\/2016\/04\/220621_DDS_26-82x60.jpg"}},"image_meta":{"aperture":"7.1","credit":"","camera":"ILCE-7M3","caption":"","created_timestamp":"1624363009","copyright":"@danieldisabatino","focal_length":"24","iso":"100","shutter_speed":"0.0025","title":"","orientation":"0","keywords":[]},"ID":"9898","name":"220621_DDS_26.jpg","path":"\/var\/www\/vhosts\/benalmadena-property.com\/httpdocs\/wp-content\/uploads\/2016\/04\/220621_DDS_26.jpg","url":"https:\/\/media.benalmadena-property.com\/2016\/04\/220621_DDS_26-150x150.jpg","full_url":"https:\/\/media.benalmadena-property.com\/2016\/04\/220621_DDS_26.jpg","title":"220621_DDS_26","caption":"","description":"","alt":"","srcset":"https:\/\/media.benalmadena-property.com\/2016\/04\/220621_DDS_26-150x150.jpg 150w, https:\/\/media.benalmadena-property.com\/2016\/04\/220621_DDS_26-210x210.jpg 210w"},{"width":150,"height":150,"file":"2024\/10\/WhatsApp-Image-2026-07-20-at-15.38.14-1.jpeg","filesize":109675,"sizes":{"medium":{"file":"WhatsApp-Image-2026-07-20-at-15.38.14-1-300x225.jpeg","width":300,"height":225,"mime-type":"image\/jpeg","filesize":13829,"url":"https:\/\/media.benalmadena-property.com\/2024\/10\/WhatsApp-Image-2026-07-20-at-15.38.14-1-300x225.jpeg"},"large":{"file":"WhatsApp-Image-2026-07-20-at-15.38.14-1-1024x768.jpeg","width":1024,"height":768,"mime-type":"image\/jpeg","filesize":101080,"url":"https:\/\/media.benalmadena-property.com\/2024\/10\/WhatsApp-Image-2026-07-20-at-15.38.14-1-1024x768.jpeg"},"thumbnail":{"file":"WhatsApp-Image-2026-07-20-at-15.38.14-1-150x150.jpeg","width":150,"height":150,"mime-type":"image\/jpeg","filesize":5198,"url":"https:\/\/media.benalmadena-property.com\/2024\/10\/WhatsApp-Image-2026-07-20-at-15.38.14-1-150x150.jpeg"},"medium_large":{"file":"WhatsApp-Image-2026-07-20-at-15.38.14-1-768x576.jpeg","width":768,"height":576,"mime-type":"image\/jpeg","filesize":64599,"url":"https:\/\/media.benalmadena-property.com\/2024\/10\/WhatsApp-Image-2026-07-20-at-15.38.14-1-768x576.jpeg"},"post-thumbnail":{"file":"WhatsApp-Image-2026-07-20-at-15.38.14-1-150x112.jpeg","width":150,"height":112,"mime-type":"image\/jpeg","filesize":4401,"url":"https:\/\/media.benalmadena-property.com\/2024\/10\/WhatsApp-Image-2026-07-20-at-15.38.14-1-150x112.jpeg"},"modern-property-child-slider":{"file":"WhatsApp-Image-2026-07-20-at-15.38.14-1-680x510.jpeg","width":680,"height":510,"mime-type":"image\/jpeg","filesize":53297,"url":"https:\/\/media.benalmadena-property.com\/2024\/10\/WhatsApp-Image-2026-07-20-at-15.38.14-1-680x510.jpeg"},"property-thumb-image":{"file":"WhatsApp-Image-2026-07-20-at-15.38.14-1-488x326.jpeg","width":488,"height":326,"mime-type":"image\/jpeg","filesize":28498,"url":"https:\/\/media.benalmadena-property.com\/2024\/10\/WhatsApp-Image-2026-07-20-at-15.38.14-1-488x326.jpeg"},"property-detail-video-image":{"file":"WhatsApp-Image-2026-07-20-at-15.38.14-1-818x417.jpeg","width":818,"height":417,"mime-type":"image\/jpeg","filesize":55462,"url":"https:\/\/media.benalmadena-property.com\/2024\/10\/WhatsApp-Image-2026-07-20-at-15.38.14-1-818x417.jpeg"},"agent-image":{"file":"WhatsApp-Image-2026-07-20-at-15.38.14-1-210x210.jpeg","width":210,"height":210,"mime-type":"image\/jpeg","filesize":8826,"url":"https:\/\/media.benalmadena-property.com\/2024\/10\/WhatsApp-Image-2026-07-20-at-15.38.14-1-210x210.jpeg"},"partners-logo":{"file":"WhatsApp-Image-2026-07-20-at-15.38.14-1-600x896.jpeg","width":600,"height":896,"mime-type":"image\/jpeg","filesize":51798,"url":"https:\/\/media.benalmadena-property.com\/2024\/10\/WhatsApp-Image-2026-07-20-at-15.38.14-1-600x896.jpeg"},"gallery-two-column-image":{"file":"WhatsApp-Image-2026-07-20-at-15.38.14-1-536x269.jpeg","width":536,"height":269,"mime-type":"image\/jpeg","filesize":27458,"url":"https:\/\/media.benalmadena-property.com\/2024\/10\/WhatsApp-Image-2026-07-20-at-15.38.14-1-536x269.jpeg"},"property-detail-slider-image-two":{"file":"WhatsApp-Image-2026-07-20-at-15.38.14-1-1170x648.jpeg","width":1170,"height":648,"mime-type":"image\/jpeg","filesize":100272,"url":"https:\/\/media.benalmadena-property.com\/2024\/10\/WhatsApp-Image-2026-07-20-at-15.38.14-1-1170x648.jpeg"},"property-detail-slider-thumb":{"file":"WhatsApp-Image-2026-07-20-at-15.38.14-1-82x60.jpeg","width":82,"height":60,"mime-type":"image\/jpeg","filesize":1903,"url":"https:\/\/media.benalmadena-property.com\/2024\/10\/WhatsApp-Image-2026-07-20-at-15.38.14-1-82x60.jpeg"}},"image_meta":{"aperture":"0","credit":"","camera":"","caption":"","created_timestamp":"0","copyright":"","focal_length":"0","iso":"0","shutter_speed":"0","title":"","orientation":"0","keywords":[],"alt":""},"ID":"19248","name":"WhatsApp-Image-2026-07-20-at-15.38.14-1.jpeg","path":"\/var\/www\/vhosts\/benalmadena-property.com\/httpdocs\/wp-content\/uploads\/2024\/10\/WhatsApp-Image-2026-07-20-at-15.38.14-1.jpeg","url":"https:\/\/media.benalmadena-property.com\/2024\/10\/WhatsApp-Image-2026-07-20-at-15.38.14-1-150x150.jpeg","full_url":"https:\/\/media.benalmadena-property.com\/2024\/10\/WhatsApp-Image-2026-07-20-at-15.38.14-1.jpeg","title":"WhatsApp Image 2026-07-20 at 15.38.14","caption":"","description":"","alt":"","srcset":"https:\/\/media.benalmadena-property.com\/2024\/10\/WhatsApp-Image-2026-07-20-at-15.38.14-1-150x150.jpeg 150w, https:\/\/media.benalmadena-property.com\/2024\/10\/WhatsApp-Image-2026-07-20-at-15.38.14-1-210x210.jpeg 210w"},{"width":150,"height":150,"file":"2024\/10\/WhatsApp-Image-2026-07-20-at-15.43.16-1.jpeg","filesize":95975,"sizes":{"medium":{"file":"WhatsApp-Image-2026-07-20-at-15.43.16-1-300x225.jpeg","width":300,"height":225,"mime-type":"image\/jpeg","filesize":11735,"url":"https:\/\/media.benalmadena-property.com\/2024\/10\/WhatsApp-Image-2026-07-20-at-15.43.16-1-300x225.jpeg"},"large":{"file":"WhatsApp-Image-2026-07-20-at-15.43.16-1-1024x768.jpeg","width":1024,"height":768,"mime-type":"image\/jpeg","filesize":86395,"url":"https:\/\/media.benalmadena-property.com\/2024\/10\/WhatsApp-Image-2026-07-20-at-15.43.16-1-1024x768.jpeg"},"thumbnail":{"file":"WhatsApp-Image-2026-07-20-at-15.43.16-1-150x150.jpeg","width":150,"height":150,"mime-type":"image\/jpeg","filesize":4796,"url":"https:\/\/media.benalmadena-property.com\/2024\/10\/WhatsApp-Image-2026-07-20-at-15.43.16-1-150x150.jpeg"},"medium_large":{"file":"WhatsApp-Image-2026-07-20-at-15.43.16-1-768x576.jpeg","width":768,"height":576,"mime-type":"image\/jpeg","filesize":53567,"url":"https:\/\/media.benalmadena-property.com\/2024\/10\/WhatsApp-Image-2026-07-20-at-15.43.16-1-768x576.jpeg"},"post-thumbnail":{"file":"WhatsApp-Image-2026-07-20-at-15.43.16-1-150x112.jpeg","width":150,"height":112,"mime-type":"image\/jpeg","filesize":4055,"url":"https:\/\/media.benalmadena-property.com\/2024\/10\/WhatsApp-Image-2026-07-20-at-15.43.16-1-150x112.jpeg"},"modern-property-child-slider":{"file":"WhatsApp-Image-2026-07-20-at-15.43.16-1-680x510.jpeg","width":680,"height":510,"mime-type":"image\/jpeg","filesize":43554,"url":"https:\/\/media.benalmadena-property.com\/2024\/10\/WhatsApp-Image-2026-07-20-at-15.43.16-1-680x510.jpeg"},"property-thumb-image":{"file":"WhatsApp-Image-2026-07-20-at-15.43.16-1-488x326.jpeg","width":488,"height":326,"mime-type":"image\/jpeg","filesize":23547,"url":"https:\/\/media.benalmadena-property.com\/2024\/10\/WhatsApp-Image-2026-07-20-at-15.43.16-1-488x326.jpeg"},"property-detail-video-image":{"file":"WhatsApp-Image-2026-07-20-at-15.43.16-1-818x417.jpeg","width":818,"height":417,"mime-type":"image\/jpeg","filesize":45160,"url":"https:\/\/media.benalmadena-property.com\/2024\/10\/WhatsApp-Image-2026-07-20-at-15.43.16-1-818x417.jpeg"},"agent-image":{"file":"WhatsApp-Image-2026-07-20-at-15.43.16-1-210x210.jpeg","width":210,"height":210,"mime-type":"image\/jpeg","filesize":8124,"url":"https:\/\/media.benalmadena-property.com\/2024\/10\/WhatsApp-Image-2026-07-20-at-15.43.16-1-210x210.jpeg"},"partners-logo":{"file":"WhatsApp-Image-2026-07-20-at-15.43.16-1-600x896.jpeg","width":600,"height":896,"mime-type":"image\/jpeg","filesize":59422,"url":"https:\/\/media.benalmadena-property.com\/2024\/10\/WhatsApp-Image-2026-07-20-at-15.43.16-1-600x896.jpeg"},"gallery-two-column-image":{"file":"WhatsApp-Image-2026-07-20-at-15.43.16-1-536x269.jpeg","width":536,"height":269,"mime-type":"image\/jpeg","filesize":21832,"url":"https:\/\/media.benalmadena-property.com\/2024\/10\/WhatsApp-Image-2026-07-20-at-15.43.16-1-536x269.jpeg"},"property-detail-slider-image-two":{"file":"WhatsApp-Image-2026-07-20-at-15.43.16-1-1170x648.jpeg","width":1170,"height":648,"mime-type":"image\/jpeg","filesize":85849,"url":"https:\/\/media.benalmadena-property.com\/2024\/10\/WhatsApp-Image-2026-07-20-at-15.43.16-1-1170x648.jpeg"},"property-detail-slider-thumb":{"file":"WhatsApp-Image-2026-07-20-at-15.43.16-1-82x60.jpeg","width":82,"height":60,"mime-type":"image\/jpeg","filesize":1792,"url":"https:\/\/media.benalmadena-property.com\/2024\/10\/WhatsApp-Image-2026-07-20-at-15.43.16-1-82x60.jpeg"}},"image_meta":{"aperture":"0","credit":"","camera":"","caption":"","created_timestamp":"0","copyright":"","focal_length":"0","iso":"0","shutter_speed":"0","title":"","orientation":"0","keywords":[],"alt":""},"ID":"19249","name":"WhatsApp-Image-2026-07-20-at-15.43.16-1.jpeg","path":"\/var\/www\/vhosts\/benalmadena-property.com\/httpdocs\/wp-content\/uploads\/2024\/10\/WhatsApp-Image-2026-07-20-at-15.43.16-1.jpeg","url":"https:\/\/media.benalmadena-property.com\/2024\/10\/WhatsApp-Image-2026-07-20-at-15.43.16-1-150x150.jpeg","full_url":"https:\/\/media.benalmadena-property.com\/2024\/10\/WhatsApp-Image-2026-07-20-at-15.43.16-1.jpeg","title":"WhatsApp Image 2026-07-20 at 15.43.16","caption":"","description":"","alt":"","srcset":"https:\/\/media.benalmadena-property.com\/2024\/10\/WhatsApp-Image-2026-07-20-at-15.43.16-1-150x150.jpeg 150w, https:\/\/media.benalmadena-property.com\/2024\/10\/WhatsApp-Image-2026-07-20-at-15.43.16-1-210x210.jpeg 210w"},{"width":150,"height":150,"file":"2024\/10\/WhatsApp-Image-2026-07-20-at-15.28.18-1.jpeg","filesize":84700,"sizes":{"medium":{"file":"WhatsApp-Image-2026-07-20-at-15.28.18-1-300x225.jpeg","width":300,"height":225,"mime-type":"image\/jpeg","filesize":10721,"url":"https:\/\/media.benalmadena-property.com\/2024\/10\/WhatsApp-Image-2026-07-20-at-15.28.18-1-300x225.jpeg"},"large":{"file":"WhatsApp-Image-2026-07-20-at-15.28.18-1-1024x768.jpeg","width":1024,"height":768,"mime-type":"image\/jpeg","filesize":75728,"url":"https:\/\/media.benalmadena-property.com\/2024\/10\/WhatsApp-Image-2026-07-20-at-15.28.18-1-1024x768.jpeg"},"thumbnail":{"file":"WhatsApp-Image-2026-07-20-at-15.28.18-1-150x150.jpeg","width":150,"height":150,"mime-type":"image\/jpeg","filesize":4694,"url":"https:\/\/media.benalmadena-property.com\/2024\/10\/WhatsApp-Image-2026-07-20-at-15.28.18-1-150x150.jpeg"},"medium_large":{"file":"WhatsApp-Image-2026-07-20-at-15.28.18-1-768x576.jpeg","width":768,"height":576,"mime-type":"image\/jpeg","filesize":47406,"url":"https:\/\/media.benalmadena-property.com\/2024\/10\/WhatsApp-Image-2026-07-20-at-15.28.18-1-768x576.jpeg"},"post-thumbnail":{"file":"WhatsApp-Image-2026-07-20-at-15.28.18-1-150x112.jpeg","width":150,"height":112,"mime-type":"image\/jpeg","filesize":3770,"url":"https:\/\/media.benalmadena-property.com\/2024\/10\/WhatsApp-Image-2026-07-20-at-15.28.18-1-150x112.jpeg"},"modern-property-child-slider":{"file":"WhatsApp-Image-2026-07-20-at-15.28.18-1-680x510.jpeg","width":680,"height":510,"mime-type":"image\/jpeg","filesize":38955,"url":"https:\/\/media.benalmadena-property.com\/2024\/10\/WhatsApp-Image-2026-07-20-at-15.28.18-1-680x510.jpeg"},"property-thumb-image":{"file":"WhatsApp-Image-2026-07-20-at-15.28.18-1-488x326.jpeg","width":488,"height":326,"mime-type":"image\/jpeg","filesize":21191,"url":"https:\/\/media.benalmadena-property.com\/2024\/10\/WhatsApp-Image-2026-07-20-at-15.28.18-1-488x326.jpeg"},"property-detail-video-image":{"file":"WhatsApp-Image-2026-07-20-at-15.28.18-1-818x417.jpeg","width":818,"height":417,"mime-type":"image\/jpeg","filesize":41426,"url":"https:\/\/media.benalmadena-property.com\/2024\/10\/WhatsApp-Image-2026-07-20-at-15.28.18-1-818x417.jpeg"},"agent-image":{"file":"WhatsApp-Image-2026-07-20-at-15.28.18-1-210x210.jpeg","width":210,"height":210,"mime-type":"image\/jpeg","filesize":7771,"url":"https:\/\/media.benalmadena-property.com\/2024\/10\/WhatsApp-Image-2026-07-20-at-15.28.18-1-210x210.jpeg"},"partners-logo":{"file":"WhatsApp-Image-2026-07-20-at-15.28.18-1-600x896.jpeg","width":600,"height":896,"mime-type":"image\/jpeg","filesize":59267,"url":"https:\/\/media.benalmadena-property.com\/2024\/10\/WhatsApp-Image-2026-07-20-at-15.28.18-1-600x896.jpeg"},"gallery-two-column-image":{"file":"WhatsApp-Image-2026-07-20-at-15.28.18-1-536x269.jpeg","width":536,"height":269,"mime-type":"image\/jpeg","filesize":20516,"url":"https:\/\/media.benalmadena-property.com\/2024\/10\/WhatsApp-Image-2026-07-20-at-15.28.18-1-536x269.jpeg"},"property-detail-slider-image-two":{"file":"WhatsApp-Image-2026-07-20-at-15.28.18-1-1170x648.jpeg","width":1170,"height":648,"mime-type":"image\/jpeg","filesize":76439,"url":"https:\/\/media.benalmadena-property.com\/2024\/10\/WhatsApp-Image-2026-07-20-at-15.28.18-1-1170x648.jpeg"},"property-detail-slider-thumb":{"file":"WhatsApp-Image-2026-07-20-at-15.28.18-1-82x60.jpeg","width":82,"height":60,"mime-type":"image\/jpeg","filesize":1693,"url":"https:\/\/media.benalmadena-property.com\/2024\/10\/WhatsApp-Image-2026-07-20-at-15.28.18-1-82x60.jpeg"}},"image_meta":{"aperture":"0","credit":"","camera":"","caption":"","created_timestamp":"0","copyright":"","focal_length":"0","iso":"0","shutter_speed":"0","title":"","orientation":"0","keywords":[],"alt":""},"ID":"19246","name":"WhatsApp-Image-2026-07-20-at-15.28.18-1.jpeg","path":"\/var\/www\/vhosts\/benalmadena-property.com\/httpdocs\/wp-content\/uploads\/2024\/10\/WhatsApp-Image-2026-07-20-at-15.28.18-1.jpeg","url":"https:\/\/media.benalmadena-property.com\/2024\/10\/WhatsApp-Image-2026-07-20-at-15.28.18-1-150x150.jpeg","full_url":"https:\/\/media.benalmadena-property.com\/2024\/10\/WhatsApp-Image-2026-07-20-at-15.28.18-1.jpeg","title":"WhatsApp Image 2026-07-20 at 15.28.18","caption":"","description":"","alt":"","srcset":"https:\/\/media.benalmadena-property.com\/2024\/10\/WhatsApp-Image-2026-07-20-at-15.28.18-1-150x150.jpeg 150w, https:\/\/media.benalmadena-property.com\/2024\/10\/WhatsApp-Image-2026-07-20-at-15.28.18-1-210x210.jpeg 210w"},{"width":150,"height":150,"file":"2024\/10\/WhatsApp-Image-2026-07-20-at-15.45.58-1.jpeg","filesize":78431,"sizes":{"medium":{"file":"WhatsApp-Image-2026-07-20-at-15.45.58-1-300x225.jpeg","width":300,"height":225,"mime-type":"image\/jpeg","filesize":10475,"url":"https:\/\/media.benalmadena-property.com\/2024\/10\/WhatsApp-Image-2026-07-20-at-15.45.58-1-300x225.jpeg"},"large":{"file":"WhatsApp-Image-2026-07-20-at-15.45.58-1-1024x768.jpeg","width":1024,"height":768,"mime-type":"image\/jpeg","filesize":70045,"url":"https:\/\/media.benalmadena-property.com\/2024\/10\/WhatsApp-Image-2026-07-20-at-15.45.58-1-1024x768.jpeg"},"thumbnail":{"file":"WhatsApp-Image-2026-07-20-at-15.45.58-1-150x150.jpeg","width":150,"height":150,"mime-type":"image\/jpeg","filesize":4502,"url":"https:\/\/media.benalmadena-property.com\/2024\/10\/WhatsApp-Image-2026-07-20-at-15.45.58-1-150x150.jpeg"},"medium_large":{"file":"WhatsApp-Image-2026-07-20-at-15.45.58-1-768x576.jpeg","width":768,"height":576,"mime-type":"image\/jpeg","filesize":45149,"url":"https:\/\/media.benalmadena-property.com\/2024\/10\/WhatsApp-Image-2026-07-20-at-15.45.58-1-768x576.jpeg"},"post-thumbnail":{"file":"WhatsApp-Image-2026-07-20-at-15.45.58-1-150x112.jpeg","width":150,"height":112,"mime-type":"image\/jpeg","filesize":3565,"url":"https:\/\/media.benalmadena-property.com\/2024\/10\/WhatsApp-Image-2026-07-20-at-15.45.58-1-150x112.jpeg"},"modern-property-child-slider":{"file":"WhatsApp-Image-2026-07-20-at-15.45.58-1-680x510.jpeg","width":680,"height":510,"mime-type":"image\/jpeg","filesize":37148,"url":"https:\/\/media.benalmadena-property.com\/2024\/10\/WhatsApp-Image-2026-07-20-at-15.45.58-1-680x510.jpeg"},"property-thumb-image":{"file":"WhatsApp-Image-2026-07-20-at-15.45.58-1-488x326.jpeg","width":488,"height":326,"mime-type":"image\/jpeg","filesize":20552,"url":"https:\/\/media.benalmadena-property.com\/2024\/10\/WhatsApp-Image-2026-07-20-at-15.45.58-1-488x326.jpeg"},"property-detail-video-image":{"file":"WhatsApp-Image-2026-07-20-at-15.45.58-1-818x417.jpeg","width":818,"height":417,"mime-type":"image\/jpeg","filesize":38083,"url":"https:\/\/media.benalmadena-property.com\/2024\/10\/WhatsApp-Image-2026-07-20-at-15.45.58-1-818x417.jpeg"},"agent-image":{"file":"WhatsApp-Image-2026-07-20-at-15.45.58-1-210x210.jpeg","width":210,"height":210,"mime-type":"image\/jpeg","filesize":7612,"url":"https:\/\/media.benalmadena-property.com\/2024\/10\/WhatsApp-Image-2026-07-20-at-15.45.58-1-210x210.jpeg"},"partners-logo":{"file":"WhatsApp-Image-2026-07-20-at-15.45.58-1-600x896.jpeg","width":600,"height":896,"mime-type":"image\/jpeg","filesize":47722,"url":"https:\/\/media.benalmadena-property.com\/2024\/10\/WhatsApp-Image-2026-07-20-at-15.45.58-1-600x896.jpeg"},"gallery-two-column-image":{"file":"WhatsApp-Image-2026-07-20-at-15.45.58-1-536x269.jpeg","width":536,"height":269,"mime-type":"image\/jpeg","filesize":19038,"url":"https:\/\/media.benalmadena-property.com\/2024\/10\/WhatsApp-Image-2026-07-20-at-15.45.58-1-536x269.jpeg"},"property-detail-slider-image-two":{"file":"WhatsApp-Image-2026-07-20-at-15.45.58-1-1170x648.jpeg","width":1170,"height":648,"mime-type":"image\/jpeg","filesize":70402,"url":"https:\/\/media.benalmadena-property.com\/2024\/10\/WhatsApp-Image-2026-07-20-at-15.45.58-1-1170x648.jpeg"},"property-detail-slider-thumb":{"file":"WhatsApp-Image-2026-07-20-at-15.45.58-1-82x60.jpeg","width":82,"height":60,"mime-type":"image\/jpeg","filesize":1603,"url":"https:\/\/media.benalmadena-property.com\/2024\/10\/WhatsApp-Image-2026-07-20-at-15.45.58-1-82x60.jpeg"}},"image_meta":{"aperture":"0","credit":"","camera":"","caption":"","created_timestamp":"0","copyright":"","focal_length":"0","iso":"0","shutter_speed":"0","title":"","orientation":"0","keywords":[],"alt":""},"ID":"19250","name":"WhatsApp-Image-2026-07-20-at-15.45.58-1.jpeg","path":"\/var\/www\/vhosts\/benalmadena-property.com\/httpdocs\/wp-content\/uploads\/2024\/10\/WhatsApp-Image-2026-07-20-at-15.45.58-1.jpeg","url":"https:\/\/media.benalmadena-property.com\/2024\/10\/WhatsApp-Image-2026-07-20-at-15.45.58-1-150x150.jpeg","full_url":"https:\/\/media.benalmadena-property.com\/2024\/10\/WhatsApp-Image-2026-07-20-at-15.45.58-1.jpeg","title":"WhatsApp Image 2026-07-20 at 15.45.58","caption":"","description":"","alt":"","srcset":"https:\/\/media.benalmadena-property.com\/2024\/10\/WhatsApp-Image-2026-07-20-at-15.45.58-1-150x150.jpeg 150w, https:\/\/media.benalmadena-property.com\/2024\/10\/WhatsApp-Image-2026-07-20-at-15.45.58-1-210x210.jpeg 210w"},{"width":150,"height":150,"file":"2024\/10\/WhatsApp-Image-2026-07-20-at-15.32.49-1.jpeg","filesize":214813,"sizes":{"medium":{"file":"WhatsApp-Image-2026-07-20-at-15.32.49-1-300x225.jpeg","width":300,"height":225,"mime-type":"image\/jpeg","filesize":20138,"url":"https:\/\/media.benalmadena-property.com\/2024\/10\/WhatsApp-Image-2026-07-20-at-15.32.49-1-300x225.jpeg"},"large":{"file":"WhatsApp-Image-2026-07-20-at-15.32.49-1-1024x768.jpeg","width":1024,"height":768,"mime-type":"image\/jpeg","filesize":176740,"url":"https:\/\/media.benalmadena-property.com\/2024\/10\/WhatsApp-Image-2026-07-20-at-15.32.49-1-1024x768.jpeg"},"thumbnail":{"file":"WhatsApp-Image-2026-07-20-at-15.32.49-1-150x150.jpeg","width":150,"height":150,"mime-type":"image\/jpeg","filesize":7776,"url":"https:\/\/media.benalmadena-property.com\/2024\/10\/WhatsApp-Image-2026-07-20-at-15.32.49-1-150x150.jpeg"},"medium_large":{"file":"WhatsApp-Image-2026-07-20-at-15.32.49-1-768x576.jpeg","width":768,"height":576,"mime-type":"image\/jpeg","filesize":106100,"url":"https:\/\/media.benalmadena-property.com\/2024\/10\/WhatsApp-Image-2026-07-20-at-15.32.49-1-768x576.jpeg"},"post-thumbnail":{"file":"WhatsApp-Image-2026-07-20-at-15.32.49-1-150x112.jpeg","width":150,"height":112,"mime-type":"image\/jpeg","filesize":6122,"url":"https:\/\/media.benalmadena-property.com\/2024\/10\/WhatsApp-Image-2026-07-20-at-15.32.49-1-150x112.jpeg"},"modern-property-child-slider":{"file":"WhatsApp-Image-2026-07-20-at-15.32.49-1-680x510.jpeg","width":680,"height":510,"mime-type":"image\/jpeg","filesize":85365,"url":"https:\/\/media.benalmadena-property.com\/2024\/10\/WhatsApp-Image-2026-07-20-at-15.32.49-1-680x510.jpeg"},"property-thumb-image":{"file":"WhatsApp-Image-2026-07-20-at-15.32.49-1-488x326.jpeg","width":488,"height":326,"mime-type":"image\/jpeg","filesize":42030,"url":"https:\/\/media.benalmadena-property.com\/2024\/10\/WhatsApp-Image-2026-07-20-at-15.32.49-1-488x326.jpeg"},"property-detail-video-image":{"file":"WhatsApp-Image-2026-07-20-at-15.32.49-1-818x417.jpeg","width":818,"height":417,"mime-type":"image\/jpeg","filesize":84664,"url":"https:\/\/media.benalmadena-property.com\/2024\/10\/WhatsApp-Image-2026-07-20-at-15.32.49-1-818x417.jpeg"},"agent-image":{"file":"WhatsApp-Image-2026-07-20-at-15.32.49-1-210x210.jpeg","width":210,"height":210,"mime-type":"image\/jpeg","filesize":14007,"url":"https:\/\/media.benalmadena-property.com\/2024\/10\/WhatsApp-Image-2026-07-20-at-15.32.49-1-210x210.jpeg"},"partners-logo":{"file":"WhatsApp-Image-2026-07-20-at-15.32.49-1-600x896.jpeg","width":600,"height":896,"mime-type":"image\/jpeg","filesize":132021,"url":"https:\/\/media.benalmadena-property.com\/2024\/10\/WhatsApp-Image-2026-07-20-at-15.32.49-1-600x896.jpeg"},"gallery-two-column-image":{"file":"WhatsApp-Image-2026-07-20-at-15.32.49-1-536x269.jpeg","width":536,"height":269,"mime-type":"image\/jpeg","filesize":38281,"url":"https:\/\/media.benalmadena-property.com\/2024\/10\/WhatsApp-Image-2026-07-20-at-15.32.49-1-536x269.jpeg"},"property-detail-slider-image-two":{"file":"WhatsApp-Image-2026-07-20-at-15.32.49-1-1170x648.jpeg","width":1170,"height":648,"mime-type":"image\/jpeg","filesize":169165,"url":"https:\/\/media.benalmadena-property.com\/2024\/10\/WhatsApp-Image-2026-07-20-at-15.32.49-1-1170x648.jpeg"},"property-detail-slider-thumb":{"file":"WhatsApp-Image-2026-07-20-at-15.32.49-1-82x60.jpeg","width":82,"height":60,"mime-type":"image\/jpeg","filesize":2444,"url":"https:\/\/media.benalmadena-property.com\/2024\/10\/WhatsApp-Image-2026-07-20-at-15.32.49-1-82x60.jpeg"}},"image_meta":{"aperture":"0","credit":"","camera":"","caption":"","created_timestamp":"0","copyright":"","focal_length":"0","iso":"0","shutter_speed":"0","title":"","orientation":"0","keywords":[],"alt":""},"ID":"19247","name":"WhatsApp-Image-2026-07-20-at-15.32.49-1.jpeg","path":"\/var\/www\/vhosts\/benalmadena-property.com\/httpdocs\/wp-content\/uploads\/2024\/10\/WhatsApp-Image-2026-07-20-at-15.32.49-1.jpeg","url":"https:\/\/media.benalmadena-property.com\/2024\/10\/WhatsApp-Image-2026-07-20-at-15.32.49-1-150x150.jpeg","full_url":"https:\/\/media.benalmadena-property.com\/2024\/10\/WhatsApp-Image-2026-07-20-at-15.32.49-1.jpeg","title":"WhatsApp Image 2026-07-20 at 15.32.49","caption":"","description":"","alt":"","srcset":"https:\/\/media.benalmadena-property.com\/2024\/10\/WhatsApp-Image-2026-07-20-at-15.32.49-1-150x150.jpeg 150w, https:\/\/media.benalmadena-property.com\/2024\/10\/WhatsApp-Image-2026-07-20-at-15.32.49-1-210x210.jpeg 210w"},{"width":150,"height":150,"file":"2024\/10\/WhatsApp-Image-2026-07-20-at-15.49.41-1.jpeg","filesize":181271,"sizes":{"medium":{"file":"WhatsApp-Image-2026-07-20-at-15.49.41-1-300x225.jpeg","width":300,"height":225,"mime-type":"image\/jpeg","filesize":16017,"url":"https:\/\/media.benalmadena-property.com\/2024\/10\/WhatsApp-Image-2026-07-20-at-15.49.41-1-300x225.jpeg"},"large":{"file":"WhatsApp-Image-2026-07-20-at-15.49.41-1-1024x768.jpeg","width":1024,"height":768,"mime-type":"image\/jpeg","filesize":149075,"url":"https:\/\/media.benalmadena-property.com\/2024\/10\/WhatsApp-Image-2026-07-20-at-15.49.41-1-1024x768.jpeg"},"thumbnail":{"file":"WhatsApp-Image-2026-07-20-at-15.49.41-1-150x150.jpeg","width":150,"height":150,"mime-type":"image\/jpeg","filesize":6191,"url":"https:\/\/media.benalmadena-property.com\/2024\/10\/WhatsApp-Image-2026-07-20-at-15.49.41-1-150x150.jpeg"},"medium_large":{"file":"WhatsApp-Image-2026-07-20-at-15.49.41-1-768x576.jpeg","width":768,"height":576,"mime-type":"image\/jpeg","filesize":87446,"url":"https:\/\/media.benalmadena-property.com\/2024\/10\/WhatsApp-Image-2026-07-20-at-15.49.41-1-768x576.jpeg"},"post-thumbnail":{"file":"WhatsApp-Image-2026-07-20-at-15.49.41-1-150x112.jpeg","width":150,"height":112,"mime-type":"image\/jpeg","filesize":4956,"url":"https:\/\/media.benalmadena-property.com\/2024\/10\/WhatsApp-Image-2026-07-20-at-15.49.41-1-150x112.jpeg"},"modern-property-child-slider":{"file":"WhatsApp-Image-2026-07-20-at-15.49.41-1-680x510.jpeg","width":680,"height":510,"mime-type":"image\/jpeg","filesize":69571,"url":"https:\/\/media.benalmadena-property.com\/2024\/10\/WhatsApp-Image-2026-07-20-at-15.49.41-1-680x510.jpeg"},"property-thumb-image":{"file":"WhatsApp-Image-2026-07-20-at-15.49.41-1-488x326.jpeg","width":488,"height":326,"mime-type":"image\/jpeg","filesize":34432,"url":"https:\/\/media.benalmadena-property.com\/2024\/10\/WhatsApp-Image-2026-07-20-at-15.49.41-1-488x326.jpeg"},"property-detail-video-image":{"file":"WhatsApp-Image-2026-07-20-at-15.49.41-1-818x417.jpeg","width":818,"height":417,"mime-type":"image\/jpeg","filesize":78210,"url":"https:\/\/media.benalmadena-property.com\/2024\/10\/WhatsApp-Image-2026-07-20-at-15.49.41-1-818x417.jpeg"},"agent-image":{"file":"WhatsApp-Image-2026-07-20-at-15.49.41-1-210x210.jpeg","width":210,"height":210,"mime-type":"image\/jpeg","filesize":10969,"url":"https:\/\/media.benalmadena-property.com\/2024\/10\/WhatsApp-Image-2026-07-20-at-15.49.41-1-210x210.jpeg"},"partners-logo":{"file":"WhatsApp-Image-2026-07-20-at-15.49.41-1-600x896.jpeg","width":600,"height":896,"mime-type":"image\/jpeg","filesize":112512,"url":"https:\/\/media.benalmadena-property.com\/2024\/10\/WhatsApp-Image-2026-07-20-at-15.49.41-1-600x896.jpeg"},"gallery-two-column-image":{"file":"WhatsApp-Image-2026-07-20-at-15.49.41-1-536x269.jpeg","width":536,"height":269,"mime-type":"image\/jpeg","filesize":33787,"url":"https:\/\/media.benalmadena-property.com\/2024\/10\/WhatsApp-Image-2026-07-20-at-15.49.41-1-536x269.jpeg"},"property-detail-slider-image-two":{"file":"WhatsApp-Image-2026-07-20-at-15.49.41-1-1170x648.jpeg","width":1170,"height":648,"mime-type":"image\/jpeg","filesize":156704,"url":"https:\/\/media.benalmadena-property.com\/2024\/10\/WhatsApp-Image-2026-07-20-at-15.49.41-1-1170x648.jpeg"},"property-detail-slider-thumb":{"file":"WhatsApp-Image-2026-07-20-at-15.49.41-1-82x60.jpeg","width":82,"height":60,"mime-type":"image\/jpeg","filesize":2070,"url":"https:\/\/media.benalmadena-property.com\/2024\/10\/WhatsApp-Image-2026-07-20-at-15.49.41-1-82x60.jpeg"}},"image_meta":{"aperture":"0","credit":"","camera":"","caption":"","created_timestamp":"0","copyright":"","focal_length":"0","iso":"0","shutter_speed":"0","title":"","orientation":"0","keywords":[],"alt":""},"ID":"19251","name":"WhatsApp-Image-2026-07-20-at-15.49.41-1.jpeg","path":"\/var\/www\/vhosts\/benalmadena-property.com\/httpdocs\/wp-content\/uploads\/2024\/10\/WhatsApp-Image-2026-07-20-at-15.49.41-1.jpeg","url":"https:\/\/media.benalmadena-property.com\/2024\/10\/WhatsApp-Image-2026-07-20-at-15.49.41-1-150x150.jpeg","full_url":"https:\/\/media.benalmadena-property.com\/2024\/10\/WhatsApp-Image-2026-07-20-at-15.49.41-1.jpeg","title":"WhatsApp Image 2026-07-20 at 15.49.41","caption":"","description":"","alt":"","srcset":"https:\/\/media.benalmadena-property.com\/2024\/10\/WhatsApp-Image-2026-07-20-at-15.49.41-1-150x150.jpeg 150w, https:\/\/media.benalmadena-property.com\/2024\/10\/WhatsApp-Image-2026-07-20-at-15.49.41-1-210x210.jpeg 210w"}],"REAL_HOMES_change_gallery_slider_type":"0","REAL_HOMES_gallery_slider_type":"thumb-on-right","inspiry_floor_plans":[],"inspiry_video_group":[],"REAL_HOMES_360_virtual_tour":"","REAL_HOMES_tour_video_url":"","REAL_HOMES_tour_video_image":[],"REAL_HOMES_agent_display_option":"none","REAL_HOMES_agents":[],"REAL_HOMES_energy_class":"none","REAL_HOMES_energy_performance":"","REAL_HOMES_epc_current_rating":"","REAL_HOMES_epc_potential_rating":"","REAL_HOMES_sticky":"0","inspiry_property_label":"","inspiry_property_label_color":"","inspiry_property_tax":"","inspiry_additional_fee":"","REAL_HOMES_attachments":[],"inspiry_property_owner_name":"","inspiry_property_owner_contact":"","inspiry_property_owner_address":"","REAL_HOMES_property_private_note":"","inspiry_message_to_reviewer":"","REAL_HOMES_add_in_slider":"","REAL_HOMES_slider_image":[],"REAL_HOMES_page_banner_image":[],"REAL_HOMES_pims_id":"0M001","REAL_HOMES_property_rented":""},"_links":{"self":[{"href":"https:\/\/www.benalmadena-property.com\/es\/wp-json\/wp\/v2\/property\/14848","targetHints":{"allow":["GET"]}}],"collection":[{"href":"https:\/\/www.benalmadena-property.com\/es\/wp-json\/wp\/v2\/property"}],"about":[{"href":"https:\/\/www.benalmadena-property.com\/es\/wp-json\/wp\/v2\/types\/property"}],"author":[{"embeddable":true,"href":"https:\/\/www.benalmadena-property.com\/es\/wp-json\/wp\/v2\/users\/2"}],"replies":[{"embeddable":true,"href":"https:\/\/www.benalmadena-property.com\/es\/wp-json\/wp\/v2\/comments?post=14848"}],"version-history":[{"count":6,"href":"https:\/\/www.benalmadena-property.com\/es\/wp-json\/wp\/v2\/property\/14848\/revisions"}],"predecessor-version":[{"id":18219,"href":"https:\/\/www.benalmadena-property.com\/es\/wp-json\/wp\/v2\/property\/14848\/revisions\/18219"}],"wp:featuredmedia":[{"embeddable":true,"href":"https:\/\/www.benalmadena-property.com\/es\/wp-json\/wp\/v2\/media\/19252"}],"wp:attachment":[{"href":"https:\/\/www.benalmadena-property.com\/es\/wp-json\/wp\/v2\/media?parent=14848"}],"wp:term":[{"taxonomy":"property-feature","embeddable":true,"href":"https:\/\/www.benalmadena-property.com\/es\/wp-json\/wp\/v2\/property-feature?post=14848"},{"taxonomy":"property-type","embeddable":true,"href":"https:\/\/www.benalmadena-property.com\/es\/wp-json\/wp\/v2\/property-type?post=14848"},{"taxonomy":"property-city","embeddable":true,"href":"https:\/\/www.benalmadena-property.com\/es\/wp-json\/wp\/v2\/property-location?post=14848"},{"taxonomy":"property-status","embeddable":true,"href":"https:\/\/www.benalmadena-property.com\/es\/wp-json\/wp\/v2\/property-status?post=14848"}],"curies":[{"name":"wp","href":"https:\/\/api.w.org\/{rel}","templated":true}]}}