{"id":18687,"date":"2026-04-23T16:48:23","date_gmt":"2026-04-23T14:48:23","guid":{"rendered":"https:\/\/www.benalmadena-property.com\/property\/vut-ma-90033-vacaciones-apartamento-de-dos-habitaciones-jupiter-benalmadena-arbitro-hj220\/"},"modified":"2026-04-23T17:03:23","modified_gmt":"2026-04-23T15:03:23","slug":"vut-ma-90033-vacaciones-apartamento-de-dos-habitaciones-jupiter-benalmadena-arbitro-hj220","status":"publish","type":"property","link":"https:\/\/www.benalmadena-property.com\/es\/property\/vut-ma-90033-vacaciones-apartamento-de-dos-habitaciones-jupiter-benalmadena-arbitro-hj220\/","title":{"rendered":"VUT\/MA\/90033 Vacaciones, apartamento de dos habitaciones: Jupiter \u2013 Benalm\u00e1dena. \u00c1rbitro: HJ220"},"content":{"rendered":"<p>Jupiter Complex \u2013 Apartamento Premium de 2 habitaciones con piscina, jard\u00edn, vistas a la monta\u00f1a y al mar<\/p>\n<p>Disfruta de una estancia fant\u00e1stica en este precioso apartamento restaurado y climatizado en el popular complejo Jupiter, que ofrece recepci\u00f3n las 24 horas y una ubicaci\u00f3n central privilegiada.<\/p>\n<p>Este piso premium de dos dormitorios y dos ba\u00f1os ofrece vistas espectaculares sobre el mar Mediterr\u00e1neo, as\u00ed como la piscina, los jardines y las monta\u00f1as circundantes, uno de los mejores miradores dentro del complejo Jupiter\/Minerva.<\/p>\n<p>El apartamento incluye una cocina moderna de planta abierta equipada con horno, microondas, cocina el\u00e9ctrica, lavadora, gran nevera, congelador y todos los electrodom\u00e9sticos esenciales, ideal para una estancia c\u00f3moda en autococina. Se incluye WiFi de fibra \u00f3ptica de alta velocidad. <\/p>\n<p>Perfectamente situado a poca distancia a pie de playas, restaurantes, tiendas y atracciones locales, todo lo que necesitas est\u00e1 justo en tu puerta.<\/p>\n<p>Distribuci\u00f3n de la cama:<\/p>\n<p>Dormitorio 1: Cama king size, con ba\u00f1o privado y armario<br \/>\nempotrado Dormitorio 2: 2 camas individuales y terraza abierta con vistas a los jardines y piscinas.<br \/>\nSal\u00f3n: Sof\u00e1 cama doble<\/p>\n<p>Bueno saberlo:<\/p>\n<p>Est\u00e1ndar<br \/>\npremium Aire acondicionado<br \/>\nTotalmente prohibido para fumar<\/p>\n<p>LICENCIA TUR\u00cdSTICA: ESFCTU0000290350001759340000000000000000VUT\/MA\/900335<\/p>\n<p>Por favor, ten en cuenta:<br \/>\n El apartamento est\u00e1 actualmente en proceso de renovaci\u00f3n completa con un alto est\u00e1ndar. Las fotos que se muestran son provisionales y est\u00e1n destinadas a dar una idea de la distribuci\u00f3n y las vistas. Los acabados y el mobiliario pueden variar ligeramente, y se a\u00f1adir\u00e1n fotos actualizadas una vez finalizada la reforma.  <\/p>\n","protected":false},"excerpt":{"rendered":"<p>Jupiter Complex \u2013 Apartamento Premium de 2 habitaciones con piscina, jard\u00edn, vistas a la monta\u00f1a y al mar Disfruta de una estancia fant\u00e1stica en este precioso apartamento restaurado y climatizado en el popular complejo Jupiter, que ofrece recepci\u00f3n las 24 horas y una ubicaci\u00f3n central privilegiada. Este piso premium de dos dormitorios y dos ba\u00f1os&#8230;<\/p>\n","protected":false},"author":2,"featured_media":0,"parent":0,"menu_order":0,"comment_status":"open","ping_status":"closed","template":"","property-feature":[532,403,536,523,520,548,531,505,501,506,526,363,417,528,511,509,376,441,508,219,518,504,231],"property-type":[],"property-location":[],"property-status":[224],"class_list":["post-18687","property","type-property","status-publish","hentry","property-feature-aire-acondicionado","property-feature-alarma-de-incendio","property-feature-cafetera","property-feature-cocina-amueblada","property-feature-ducha-moderna-cerrada","property-feature-exprimidor-de-zumo","property-feature-four-ring-hob-es","property-feature-hervidor","property-feature-lavadora","property-feature-microondas","property-feature-nevera-congelador","property-feature-piscina-comunitaria-y-jardin","property-feature-piscina-infantil","property-feature-piscinas","property-feature-placa-completa","property-feature-plancha-y-tablero","property-feature-secador","property-feature-terrazas","property-feature-tostadora","property-feature-tv-es","property-feature-vista-al-jardin","property-feature-vistas-al-mar","property-feature-wifi-es","property-status-alquileres-vacacionales"],"property_meta":{"REAL_HOMES_property_price":"560","REAL_HOMES_property_old_price":"","REAL_HOMES_property_price_prefix":"Desde","REAL_HOMES_property_price_postfix":"Semanal","REAL_HOMES_property_size":"62","REAL_HOMES_property_size_postfix":"m2","REAL_HOMES_property_lot_size":"","REAL_HOMES_property_lot_size_postfix":"","REAL_HOMES_property_bedrooms":"2","REAL_HOMES_property_bathrooms":"2","REAL_HOMES_property_garage":"","REAL_HOMES_property_id":"HJ220","REAL_HOMES_property_year_built":"","REAL_HOMES_featured":"","REAL_HOMES_additional_details_list":[],"REAL_HOMES_property_location":{"latitude":"36.59549023","longitude":"-4.52666491","zoom":"14"},"REAL_HOMES_property_address":"Edificio Jupiter, Av de Gamonal 12, 29630 Benalm\u00e1dena, M\u00e1laga, Espa\u00f1a","REAL_HOMES_property_map":"","REAL_HOMES_property_images":[{"width":150,"height":150,"file":"2026\/04\/WhatsApp-Image-2026-04-22-at-10.42.29.jpeg","filesize":87878,"sizes":{"medium":{"file":"WhatsApp-Image-2026-04-22-at-10.42.29-300x203.jpeg","width":300,"height":203,"mime-type":"image\/jpeg","filesize":10849,"url":"https:\/\/media.benalmadena-property.com\/2026\/04\/WhatsApp-Image-2026-04-22-at-10.42.29-300x203.jpeg"},"large":{"file":"WhatsApp-Image-2026-04-22-at-10.42.29-1024x692.jpeg","width":1024,"height":692,"mime-type":"image\/jpeg","filesize":77495,"url":"https:\/\/media.benalmadena-property.com\/2026\/04\/WhatsApp-Image-2026-04-22-at-10.42.29-1024x692.jpeg"},"thumbnail":{"file":"WhatsApp-Image-2026-04-22-at-10.42.29-150x150.jpeg","width":150,"height":150,"mime-type":"image\/jpeg","filesize":4834,"url":"https:\/\/media.benalmadena-property.com\/2026\/04\/WhatsApp-Image-2026-04-22-at-10.42.29-150x150.jpeg"},"medium_large":{"file":"WhatsApp-Image-2026-04-22-at-10.42.29-768x519.jpeg","width":768,"height":519,"mime-type":"image\/jpeg","filesize":48080,"url":"https:\/\/media.benalmadena-property.com\/2026\/04\/WhatsApp-Image-2026-04-22-at-10.42.29-768x519.jpeg"},"post-thumbnail":{"file":"WhatsApp-Image-2026-04-22-at-10.42.29-150x101.jpeg","width":150,"height":101,"mime-type":"image\/jpeg","filesize":4087,"url":"https:\/\/media.benalmadena-property.com\/2026\/04\/WhatsApp-Image-2026-04-22-at-10.42.29-150x101.jpeg"},"modern-property-child-slider":{"file":"WhatsApp-Image-2026-04-22-at-10.42.29-680x510.jpeg","width":680,"height":510,"mime-type":"image\/jpeg","filesize":43048,"url":"https:\/\/media.benalmadena-property.com\/2026\/04\/WhatsApp-Image-2026-04-22-at-10.42.29-680x510.jpeg"},"property-thumb-image":{"file":"WhatsApp-Image-2026-04-22-at-10.42.29-488x326.jpeg","width":488,"height":326,"mime-type":"image\/jpeg","filesize":22655,"url":"https:\/\/media.benalmadena-property.com\/2026\/04\/WhatsApp-Image-2026-04-22-at-10.42.29-488x326.jpeg"},"property-detail-video-image":{"file":"WhatsApp-Image-2026-04-22-at-10.42.29-818x417.jpeg","width":818,"height":417,"mime-type":"image\/jpeg","filesize":43567,"url":"https:\/\/media.benalmadena-property.com\/2026\/04\/WhatsApp-Image-2026-04-22-at-10.42.29-818x417.jpeg"},"agent-image":{"file":"WhatsApp-Image-2026-04-22-at-10.42.29-210x210.jpeg","width":210,"height":210,"mime-type":"image\/jpeg","filesize":7973,"url":"https:\/\/media.benalmadena-property.com\/2026\/04\/WhatsApp-Image-2026-04-22-at-10.42.29-210x210.jpeg"},"partners-logo":{"file":"WhatsApp-Image-2026-04-22-at-10.42.29-600x808.jpeg","width":600,"height":808,"mime-type":"image\/jpeg","filesize":55298,"url":"https:\/\/media.benalmadena-property.com\/2026\/04\/WhatsApp-Image-2026-04-22-at-10.42.29-600x808.jpeg"},"gallery-two-column-image":{"file":"WhatsApp-Image-2026-04-22-at-10.42.29-536x269.jpeg","width":536,"height":269,"mime-type":"image\/jpeg","filesize":21290,"url":"https:\/\/media.benalmadena-property.com\/2026\/04\/WhatsApp-Image-2026-04-22-at-10.42.29-536x269.jpeg"},"property-detail-slider-image-two":{"file":"WhatsApp-Image-2026-04-22-at-10.42.29-1170x648.jpeg","width":1170,"height":648,"mime-type":"image\/jpeg","filesize":82367,"url":"https:\/\/media.benalmadena-property.com\/2026\/04\/WhatsApp-Image-2026-04-22-at-10.42.29-1170x648.jpeg"},"property-detail-slider-thumb":{"file":"WhatsApp-Image-2026-04-22-at-10.42.29-82x60.jpeg","width":82,"height":60,"mime-type":"image\/jpeg","filesize":2153,"url":"https:\/\/media.benalmadena-property.com\/2026\/04\/WhatsApp-Image-2026-04-22-at-10.42.29-82x60.jpeg"}},"image_meta":{"aperture":"0","credit":"","camera":"","caption":"","created_timestamp":"0","copyright":"","focal_length":"0","iso":"0","shutter_speed":"0","title":"","orientation":"0","keywords":[]},"ID":"18681","name":"WhatsApp-Image-2026-04-22-at-10.42.29.jpeg","path":"\/var\/www\/vhosts\/benalmadena-property.com\/httpdocs\/wp-content\/uploads\/2026\/04\/WhatsApp-Image-2026-04-22-at-10.42.29.jpeg","url":"https:\/\/media.benalmadena-property.com\/2026\/04\/WhatsApp-Image-2026-04-22-at-10.42.29-150x150.jpeg","full_url":"https:\/\/media.benalmadena-property.com\/2026\/04\/WhatsApp-Image-2026-04-22-at-10.42.29.jpeg","title":"WhatsApp Image 2026-04-22 at 10.42.29","caption":"","description":"","alt":"","srcset":"https:\/\/media.benalmadena-property.com\/2026\/04\/WhatsApp-Image-2026-04-22-at-10.42.29-150x150.jpeg 150w, https:\/\/media.benalmadena-property.com\/2026\/04\/WhatsApp-Image-2026-04-22-at-10.42.29-210x210.jpeg 210w"},{"width":150,"height":150,"file":"2026\/04\/WhatsApp-Image-2026-04-22-at-10.40.00.jpeg","filesize":75201,"sizes":{"medium":{"file":"WhatsApp-Image-2026-04-22-at-10.40.00-300x225.jpeg","width":300,"height":225,"mime-type":"image\/jpeg","filesize":9435,"url":"https:\/\/media.benalmadena-property.com\/2026\/04\/WhatsApp-Image-2026-04-22-at-10.40.00-300x225.jpeg"},"large":{"file":"WhatsApp-Image-2026-04-22-at-10.40.00-1024x768.jpeg","width":1024,"height":768,"mime-type":"image\/jpeg","filesize":66922,"url":"https:\/\/media.benalmadena-property.com\/2026\/04\/WhatsApp-Image-2026-04-22-at-10.40.00-1024x768.jpeg"},"thumbnail":{"file":"WhatsApp-Image-2026-04-22-at-10.40.00-150x150.jpeg","width":150,"height":150,"mime-type":"image\/jpeg","filesize":3875,"url":"https:\/\/media.benalmadena-property.com\/2026\/04\/WhatsApp-Image-2026-04-22-at-10.40.00-150x150.jpeg"},"medium_large":{"file":"WhatsApp-Image-2026-04-22-at-10.40.00-768x576.jpeg","width":768,"height":576,"mime-type":"image\/jpeg","filesize":41862,"url":"https:\/\/media.benalmadena-property.com\/2026\/04\/WhatsApp-Image-2026-04-22-at-10.40.00-768x576.jpeg"},"post-thumbnail":{"file":"WhatsApp-Image-2026-04-22-at-10.40.00-150x112.jpeg","width":150,"height":112,"mime-type":"image\/jpeg","filesize":3211,"url":"https:\/\/media.benalmadena-property.com\/2026\/04\/WhatsApp-Image-2026-04-22-at-10.40.00-150x112.jpeg"},"modern-property-child-slider":{"file":"WhatsApp-Image-2026-04-22-at-10.40.00-680x510.jpeg","width":680,"height":510,"mime-type":"image\/jpeg","filesize":34388,"url":"https:\/\/media.benalmadena-property.com\/2026\/04\/WhatsApp-Image-2026-04-22-at-10.40.00-680x510.jpeg"},"property-thumb-image":{"file":"WhatsApp-Image-2026-04-22-at-10.40.00-488x326.jpeg","width":488,"height":326,"mime-type":"image\/jpeg","filesize":17990,"url":"https:\/\/media.benalmadena-property.com\/2026\/04\/WhatsApp-Image-2026-04-22-at-10.40.00-488x326.jpeg"},"property-detail-video-image":{"file":"WhatsApp-Image-2026-04-22-at-10.40.00-818x417.jpeg","width":818,"height":417,"mime-type":"image\/jpeg","filesize":33441,"url":"https:\/\/media.benalmadena-property.com\/2026\/04\/WhatsApp-Image-2026-04-22-at-10.40.00-818x417.jpeg"},"agent-image":{"file":"WhatsApp-Image-2026-04-22-at-10.40.00-210x210.jpeg","width":210,"height":210,"mime-type":"image\/jpeg","filesize":6629,"url":"https:\/\/media.benalmadena-property.com\/2026\/04\/WhatsApp-Image-2026-04-22-at-10.40.00-210x210.jpeg"},"partners-logo":{"file":"WhatsApp-Image-2026-04-22-at-10.40.00-600x896.jpeg","width":600,"height":896,"mime-type":"image\/jpeg","filesize":48605,"url":"https:\/\/media.benalmadena-property.com\/2026\/04\/WhatsApp-Image-2026-04-22-at-10.40.00-600x896.jpeg"},"gallery-two-column-image":{"file":"WhatsApp-Image-2026-04-22-at-10.40.00-536x269.jpeg","width":536,"height":269,"mime-type":"image\/jpeg","filesize":16249,"url":"https:\/\/media.benalmadena-property.com\/2026\/04\/WhatsApp-Image-2026-04-22-at-10.40.00-536x269.jpeg"},"property-detail-slider-image-two":{"file":"WhatsApp-Image-2026-04-22-at-10.40.00-1170x648.jpeg","width":1170,"height":648,"mime-type":"image\/jpeg","filesize":63924,"url":"https:\/\/media.benalmadena-property.com\/2026\/04\/WhatsApp-Image-2026-04-22-at-10.40.00-1170x648.jpeg"},"property-detail-slider-thumb":{"file":"WhatsApp-Image-2026-04-22-at-10.40.00-82x60.jpeg","width":82,"height":60,"mime-type":"image\/jpeg","filesize":1509,"url":"https:\/\/media.benalmadena-property.com\/2026\/04\/WhatsApp-Image-2026-04-22-at-10.40.00-82x60.jpeg"}},"image_meta":{"aperture":"0","credit":"","camera":"","caption":"","created_timestamp":"0","copyright":"","focal_length":"0","iso":"0","shutter_speed":"0","title":"","orientation":"0","keywords":[]},"ID":"18678","name":"WhatsApp-Image-2026-04-22-at-10.40.00.jpeg","path":"\/var\/www\/vhosts\/benalmadena-property.com\/httpdocs\/wp-content\/uploads\/2026\/04\/WhatsApp-Image-2026-04-22-at-10.40.00.jpeg","url":"https:\/\/media.benalmadena-property.com\/2026\/04\/WhatsApp-Image-2026-04-22-at-10.40.00-150x150.jpeg","full_url":"https:\/\/media.benalmadena-property.com\/2026\/04\/WhatsApp-Image-2026-04-22-at-10.40.00.jpeg","title":"WhatsApp Image 2026-04-22 at 10.40.00","caption":"","description":"","alt":"","srcset":"https:\/\/media.benalmadena-property.com\/2026\/04\/WhatsApp-Image-2026-04-22-at-10.40.00-150x150.jpeg 150w, https:\/\/media.benalmadena-property.com\/2026\/04\/WhatsApp-Image-2026-04-22-at-10.40.00-210x210.jpeg 210w"},{"width":150,"height":150,"file":"2026\/04\/WhatsApp-Image-2026-04-22-at-10.39.58.jpeg","filesize":93837,"sizes":{"medium":{"file":"WhatsApp-Image-2026-04-22-at-10.39.58-300x225.jpeg","width":300,"height":225,"mime-type":"image\/jpeg","filesize":11507,"url":"https:\/\/media.benalmadena-property.com\/2026\/04\/WhatsApp-Image-2026-04-22-at-10.39.58-300x225.jpeg"},"large":{"file":"WhatsApp-Image-2026-04-22-at-10.39.58-1024x768.jpeg","width":1024,"height":768,"mime-type":"image\/jpeg","filesize":84291,"url":"https:\/\/media.benalmadena-property.com\/2026\/04\/WhatsApp-Image-2026-04-22-at-10.39.58-1024x768.jpeg"},"thumbnail":{"file":"WhatsApp-Image-2026-04-22-at-10.39.58-150x150.jpeg","width":150,"height":150,"mime-type":"image\/jpeg","filesize":4789,"url":"https:\/\/media.benalmadena-property.com\/2026\/04\/WhatsApp-Image-2026-04-22-at-10.39.58-150x150.jpeg"},"medium_large":{"file":"WhatsApp-Image-2026-04-22-at-10.39.58-768x576.jpeg","width":768,"height":576,"mime-type":"image\/jpeg","filesize":52887,"url":"https:\/\/media.benalmadena-property.com\/2026\/04\/WhatsApp-Image-2026-04-22-at-10.39.58-768x576.jpeg"},"post-thumbnail":{"file":"WhatsApp-Image-2026-04-22-at-10.39.58-150x112.jpeg","width":150,"height":112,"mime-type":"image\/jpeg","filesize":3755,"url":"https:\/\/media.benalmadena-property.com\/2026\/04\/WhatsApp-Image-2026-04-22-at-10.39.58-150x112.jpeg"},"modern-property-child-slider":{"file":"WhatsApp-Image-2026-04-22-at-10.39.58-680x510.jpeg","width":680,"height":510,"mime-type":"image\/jpeg","filesize":43486,"url":"https:\/\/media.benalmadena-property.com\/2026\/04\/WhatsApp-Image-2026-04-22-at-10.39.58-680x510.jpeg"},"property-thumb-image":{"file":"WhatsApp-Image-2026-04-22-at-10.39.58-488x326.jpeg","width":488,"height":326,"mime-type":"image\/jpeg","filesize":22724,"url":"https:\/\/media.benalmadena-property.com\/2026\/04\/WhatsApp-Image-2026-04-22-at-10.39.58-488x326.jpeg"},"property-detail-video-image":{"file":"WhatsApp-Image-2026-04-22-at-10.39.58-818x417.jpeg","width":818,"height":417,"mime-type":"image\/jpeg","filesize":41904,"url":"https:\/\/media.benalmadena-property.com\/2026\/04\/WhatsApp-Image-2026-04-22-at-10.39.58-818x417.jpeg"},"agent-image":{"file":"WhatsApp-Image-2026-04-22-at-10.39.58-210x210.jpeg","width":210,"height":210,"mime-type":"image\/jpeg","filesize":8251,"url":"https:\/\/media.benalmadena-property.com\/2026\/04\/WhatsApp-Image-2026-04-22-at-10.39.58-210x210.jpeg"},"partners-logo":{"file":"WhatsApp-Image-2026-04-22-at-10.39.58-600x896.jpeg","width":600,"height":896,"mime-type":"image\/jpeg","filesize":57534,"url":"https:\/\/media.benalmadena-property.com\/2026\/04\/WhatsApp-Image-2026-04-22-at-10.39.58-600x896.jpeg"},"gallery-two-column-image":{"file":"WhatsApp-Image-2026-04-22-at-10.39.58-536x269.jpeg","width":536,"height":269,"mime-type":"image\/jpeg","filesize":20217,"url":"https:\/\/media.benalmadena-property.com\/2026\/04\/WhatsApp-Image-2026-04-22-at-10.39.58-536x269.jpeg"},"property-detail-slider-image-two":{"file":"WhatsApp-Image-2026-04-22-at-10.39.58-1170x648.jpeg","width":1170,"height":648,"mime-type":"image\/jpeg","filesize":80373,"url":"https:\/\/media.benalmadena-property.com\/2026\/04\/WhatsApp-Image-2026-04-22-at-10.39.58-1170x648.jpeg"},"property-detail-slider-thumb":{"file":"WhatsApp-Image-2026-04-22-at-10.39.58-82x60.jpeg","width":82,"height":60,"mime-type":"image\/jpeg","filesize":1633,"url":"https:\/\/media.benalmadena-property.com\/2026\/04\/WhatsApp-Image-2026-04-22-at-10.39.58-82x60.jpeg"}},"image_meta":{"aperture":"0","credit":"","camera":"","caption":"","created_timestamp":"0","copyright":"","focal_length":"0","iso":"0","shutter_speed":"0","title":"","orientation":"0","keywords":[]},"ID":"18666","name":"WhatsApp-Image-2026-04-22-at-10.39.58.jpeg","path":"\/var\/www\/vhosts\/benalmadena-property.com\/httpdocs\/wp-content\/uploads\/2026\/04\/WhatsApp-Image-2026-04-22-at-10.39.58.jpeg","url":"https:\/\/media.benalmadena-property.com\/2026\/04\/WhatsApp-Image-2026-04-22-at-10.39.58-150x150.jpeg","full_url":"https:\/\/media.benalmadena-property.com\/2026\/04\/WhatsApp-Image-2026-04-22-at-10.39.58.jpeg","title":"WhatsApp Image 2026-04-22 at 10.39.58","caption":"","description":"","alt":"","srcset":"https:\/\/media.benalmadena-property.com\/2026\/04\/WhatsApp-Image-2026-04-22-at-10.39.58-150x150.jpeg 150w, https:\/\/media.benalmadena-property.com\/2026\/04\/WhatsApp-Image-2026-04-22-at-10.39.58-210x210.jpeg 210w"},{"width":150,"height":150,"file":"2026\/04\/WhatsApp-Image-2026-04-22-at-10.40.00-1.jpeg","filesize":98306,"sizes":{"medium":{"file":"WhatsApp-Image-2026-04-22-at-10.40.00-1-300x225.jpeg","width":300,"height":225,"mime-type":"image\/jpeg","filesize":12102,"url":"https:\/\/media.benalmadena-property.com\/2026\/04\/WhatsApp-Image-2026-04-22-at-10.40.00-1-300x225.jpeg"},"large":{"file":"WhatsApp-Image-2026-04-22-at-10.40.00-1-1024x768.jpeg","width":1024,"height":768,"mime-type":"image\/jpeg","filesize":86895,"url":"https:\/\/media.benalmadena-property.com\/2026\/04\/WhatsApp-Image-2026-04-22-at-10.40.00-1-1024x768.jpeg"},"thumbnail":{"file":"WhatsApp-Image-2026-04-22-at-10.40.00-1-150x150.jpeg","width":150,"height":150,"mime-type":"image\/jpeg","filesize":5178,"url":"https:\/\/media.benalmadena-property.com\/2026\/04\/WhatsApp-Image-2026-04-22-at-10.40.00-1-150x150.jpeg"},"medium_large":{"file":"WhatsApp-Image-2026-04-22-at-10.40.00-1-768x576.jpeg","width":768,"height":576,"mime-type":"image\/jpeg","filesize":54775,"url":"https:\/\/media.benalmadena-property.com\/2026\/04\/WhatsApp-Image-2026-04-22-at-10.40.00-1-768x576.jpeg"},"post-thumbnail":{"file":"WhatsApp-Image-2026-04-22-at-10.40.00-1-150x112.jpeg","width":150,"height":112,"mime-type":"image\/jpeg","filesize":4005,"url":"https:\/\/media.benalmadena-property.com\/2026\/04\/WhatsApp-Image-2026-04-22-at-10.40.00-1-150x112.jpeg"},"modern-property-child-slider":{"file":"WhatsApp-Image-2026-04-22-at-10.40.00-1-680x510.jpeg","width":680,"height":510,"mime-type":"image\/jpeg","filesize":44835,"url":"https:\/\/media.benalmadena-property.com\/2026\/04\/WhatsApp-Image-2026-04-22-at-10.40.00-1-680x510.jpeg"},"property-thumb-image":{"file":"WhatsApp-Image-2026-04-22-at-10.40.00-1-488x326.jpeg","width":488,"height":326,"mime-type":"image\/jpeg","filesize":23927,"url":"https:\/\/media.benalmadena-property.com\/2026\/04\/WhatsApp-Image-2026-04-22-at-10.40.00-1-488x326.jpeg"},"property-detail-video-image":{"file":"WhatsApp-Image-2026-04-22-at-10.40.00-1-818x417.jpeg","width":818,"height":417,"mime-type":"image\/jpeg","filesize":45850,"url":"https:\/\/media.benalmadena-property.com\/2026\/04\/WhatsApp-Image-2026-04-22-at-10.40.00-1-818x417.jpeg"},"agent-image":{"file":"WhatsApp-Image-2026-04-22-at-10.40.00-1-210x210.jpeg","width":210,"height":210,"mime-type":"image\/jpeg","filesize":8809,"url":"https:\/\/media.benalmadena-property.com\/2026\/04\/WhatsApp-Image-2026-04-22-at-10.40.00-1-210x210.jpeg"},"partners-logo":{"file":"WhatsApp-Image-2026-04-22-at-10.40.00-1-600x896.jpeg","width":600,"height":896,"mime-type":"image\/jpeg","filesize":62039,"url":"https:\/\/media.benalmadena-property.com\/2026\/04\/WhatsApp-Image-2026-04-22-at-10.40.00-1-600x896.jpeg"},"gallery-two-column-image":{"file":"WhatsApp-Image-2026-04-22-at-10.40.00-1-536x269.jpeg","width":536,"height":269,"mime-type":"image\/jpeg","filesize":22281,"url":"https:\/\/media.benalmadena-property.com\/2026\/04\/WhatsApp-Image-2026-04-22-at-10.40.00-1-536x269.jpeg"},"property-detail-slider-image-two":{"file":"WhatsApp-Image-2026-04-22-at-10.40.00-1-1170x648.jpeg","width":1170,"height":648,"mime-type":"image\/jpeg","filesize":85753,"url":"https:\/\/media.benalmadena-property.com\/2026\/04\/WhatsApp-Image-2026-04-22-at-10.40.00-1-1170x648.jpeg"},"property-detail-slider-thumb":{"file":"WhatsApp-Image-2026-04-22-at-10.40.00-1-82x60.jpeg","width":82,"height":60,"mime-type":"image\/jpeg","filesize":1757,"url":"https:\/\/media.benalmadena-property.com\/2026\/04\/WhatsApp-Image-2026-04-22-at-10.40.00-1-82x60.jpeg"}},"image_meta":{"aperture":"0","credit":"","camera":"","caption":"","created_timestamp":"0","copyright":"","focal_length":"0","iso":"0","shutter_speed":"0","title":"","orientation":"0","keywords":[]},"ID":"18675","name":"WhatsApp-Image-2026-04-22-at-10.40.00-1.jpeg","path":"\/var\/www\/vhosts\/benalmadena-property.com\/httpdocs\/wp-content\/uploads\/2026\/04\/WhatsApp-Image-2026-04-22-at-10.40.00-1.jpeg","url":"https:\/\/media.benalmadena-property.com\/2026\/04\/WhatsApp-Image-2026-04-22-at-10.40.00-1-150x150.jpeg","full_url":"https:\/\/media.benalmadena-property.com\/2026\/04\/WhatsApp-Image-2026-04-22-at-10.40.00-1.jpeg","title":"WhatsApp Image 2026-04-22 at 10.40.00 (1)","caption":"","description":"","alt":"","srcset":"https:\/\/media.benalmadena-property.com\/2026\/04\/WhatsApp-Image-2026-04-22-at-10.40.00-1-150x150.jpeg 150w, https:\/\/media.benalmadena-property.com\/2026\/04\/WhatsApp-Image-2026-04-22-at-10.40.00-1-210x210.jpeg 210w"},{"width":150,"height":150,"file":"2026\/04\/WhatsApp-Image-2026-04-22-at-10.39.59-1.jpeg","filesize":179586,"sizes":{"medium":{"file":"WhatsApp-Image-2026-04-22-at-10.39.59-1-300x225.jpeg","width":300,"height":225,"mime-type":"image\/jpeg","filesize":17752,"url":"https:\/\/media.benalmadena-property.com\/2026\/04\/WhatsApp-Image-2026-04-22-at-10.39.59-1-300x225.jpeg"},"large":{"file":"WhatsApp-Image-2026-04-22-at-10.39.59-1-1024x768.jpeg","width":1024,"height":768,"mime-type":"image\/jpeg","filesize":151860,"url":"https:\/\/media.benalmadena-property.com\/2026\/04\/WhatsApp-Image-2026-04-22-at-10.39.59-1-1024x768.jpeg"},"thumbnail":{"file":"WhatsApp-Image-2026-04-22-at-10.39.59-1-150x150.jpeg","width":150,"height":150,"mime-type":"image\/jpeg","filesize":7218,"url":"https:\/\/media.benalmadena-property.com\/2026\/04\/WhatsApp-Image-2026-04-22-at-10.39.59-1-150x150.jpeg"},"medium_large":{"file":"WhatsApp-Image-2026-04-22-at-10.39.59-1-768x576.jpeg","width":768,"height":576,"mime-type":"image\/jpeg","filesize":92832,"url":"https:\/\/media.benalmadena-property.com\/2026\/04\/WhatsApp-Image-2026-04-22-at-10.39.59-1-768x576.jpeg"},"post-thumbnail":{"file":"WhatsApp-Image-2026-04-22-at-10.39.59-1-150x112.jpeg","width":150,"height":112,"mime-type":"image\/jpeg","filesize":5223,"url":"https:\/\/media.benalmadena-property.com\/2026\/04\/WhatsApp-Image-2026-04-22-at-10.39.59-1-150x112.jpeg"},"modern-property-child-slider":{"file":"WhatsApp-Image-2026-04-22-at-10.39.59-1-680x510.jpeg","width":680,"height":510,"mime-type":"image\/jpeg","filesize":75312,"url":"https:\/\/media.benalmadena-property.com\/2026\/04\/WhatsApp-Image-2026-04-22-at-10.39.59-1-680x510.jpeg"},"property-thumb-image":{"file":"WhatsApp-Image-2026-04-22-at-10.39.59-1-488x326.jpeg","width":488,"height":326,"mime-type":"image\/jpeg","filesize":38109,"url":"https:\/\/media.benalmadena-property.com\/2026\/04\/WhatsApp-Image-2026-04-22-at-10.39.59-1-488x326.jpeg"},"property-detail-video-image":{"file":"WhatsApp-Image-2026-04-22-at-10.39.59-1-818x417.jpeg","width":818,"height":417,"mime-type":"image\/jpeg","filesize":80141,"url":"https:\/\/media.benalmadena-property.com\/2026\/04\/WhatsApp-Image-2026-04-22-at-10.39.59-1-818x417.jpeg"},"agent-image":{"file":"WhatsApp-Image-2026-04-22-at-10.39.59-1-210x210.jpeg","width":210,"height":210,"mime-type":"image\/jpeg","filesize":12889,"url":"https:\/\/media.benalmadena-property.com\/2026\/04\/WhatsApp-Image-2026-04-22-at-10.39.59-1-210x210.jpeg"},"partners-logo":{"file":"WhatsApp-Image-2026-04-22-at-10.39.59-1-600x896.jpeg","width":600,"height":896,"mime-type":"image\/jpeg","filesize":116294,"url":"https:\/\/media.benalmadena-property.com\/2026\/04\/WhatsApp-Image-2026-04-22-at-10.39.59-1-600x896.jpeg"},"gallery-two-column-image":{"file":"WhatsApp-Image-2026-04-22-at-10.39.59-1-536x269.jpeg","width":536,"height":269,"mime-type":"image\/jpeg","filesize":36723,"url":"https:\/\/media.benalmadena-property.com\/2026\/04\/WhatsApp-Image-2026-04-22-at-10.39.59-1-536x269.jpeg"},"property-detail-slider-image-two":{"file":"WhatsApp-Image-2026-04-22-at-10.39.59-1-1170x648.jpeg","width":1170,"height":648,"mime-type":"image\/jpeg","filesize":153960,"url":"https:\/\/media.benalmadena-property.com\/2026\/04\/WhatsApp-Image-2026-04-22-at-10.39.59-1-1170x648.jpeg"},"property-detail-slider-thumb":{"file":"WhatsApp-Image-2026-04-22-at-10.39.59-1-82x60.jpeg","width":82,"height":60,"mime-type":"image\/jpeg","filesize":2043,"url":"https:\/\/media.benalmadena-property.com\/2026\/04\/WhatsApp-Image-2026-04-22-at-10.39.59-1-82x60.jpeg"}},"image_meta":{"aperture":"0","credit":"","camera":"","caption":"","created_timestamp":"0","copyright":"","focal_length":"0","iso":"0","shutter_speed":"0","title":"","orientation":"0","keywords":[]},"ID":"18669","name":"WhatsApp-Image-2026-04-22-at-10.39.59-1.jpeg","path":"\/var\/www\/vhosts\/benalmadena-property.com\/httpdocs\/wp-content\/uploads\/2026\/04\/WhatsApp-Image-2026-04-22-at-10.39.59-1.jpeg","url":"https:\/\/media.benalmadena-property.com\/2026\/04\/WhatsApp-Image-2026-04-22-at-10.39.59-1-150x150.jpeg","full_url":"https:\/\/media.benalmadena-property.com\/2026\/04\/WhatsApp-Image-2026-04-22-at-10.39.59-1.jpeg","title":"WhatsApp Image 2026-04-22 at 10.39.59 (1)","caption":"","description":"","alt":"","srcset":"https:\/\/media.benalmadena-property.com\/2026\/04\/WhatsApp-Image-2026-04-22-at-10.39.59-1-150x150.jpeg 150w, https:\/\/media.benalmadena-property.com\/2026\/04\/WhatsApp-Image-2026-04-22-at-10.39.59-1-210x210.jpeg 210w"},{"width":150,"height":150,"file":"2025\/02\/4.jpg","filesize":438141,"sizes":{"medium":{"file":"4-300x225.jpg","width":300,"height":225,"mime-type":"image\/jpeg","filesize":24331,"url":"https:\/\/media.benalmadena-property.com\/2025\/02\/4-300x225.jpg"},"large":{"file":"4-1024x768.jpg","width":1024,"height":768,"mime-type":"image\/jpeg","filesize":149296,"url":"https:\/\/media.benalmadena-property.com\/2025\/02\/4-1024x768.jpg"},"thumbnail":{"file":"4-150x150.jpg","width":150,"height":150,"mime-type":"image\/jpeg","filesize":9211,"url":"https:\/\/media.benalmadena-property.com\/2025\/02\/4-150x150.jpg"},"medium_large":{"file":"4-768x576.jpg","width":768,"height":576,"mime-type":"image\/jpeg","filesize":99046,"url":"https:\/\/media.benalmadena-property.com\/2025\/02\/4-768x576.jpg"},"1536x1536":{"file":"4-1536x1152.jpg","width":1536,"height":1152,"mime-type":"image\/jpeg","filesize":263848,"url":"https:\/\/media.benalmadena-property.com\/2025\/02\/4-1536x1152.jpg"},"post-thumbnail":{"file":"4-150x113.jpg","width":150,"height":113,"mime-type":"image\/jpeg","filesize":7589,"url":"https:\/\/media.benalmadena-property.com\/2025\/02\/4-150x113.jpg"},"modern-property-child-slider":{"file":"4-680x510.jpg","width":680,"height":510,"mime-type":"image\/jpeg","filesize":84222,"url":"https:\/\/media.benalmadena-property.com\/2025\/02\/4-680x510.jpg"},"property-thumb-image":{"file":"4-488x326.jpg","width":488,"height":326,"mime-type":"image\/jpeg","filesize":46948,"url":"https:\/\/media.benalmadena-property.com\/2025\/02\/4-488x326.jpg"},"property-detail-video-image":{"file":"4-818x417.jpg","width":818,"height":417,"mime-type":"image\/jpeg","filesize":75332,"url":"https:\/\/media.benalmadena-property.com\/2025\/02\/4-818x417.jpg"},"agent-image":{"file":"4-210x210.jpg","width":210,"height":210,"mime-type":"image\/jpeg","filesize":16412,"url":"https:\/\/media.benalmadena-property.com\/2025\/02\/4-210x210.jpg"},"partners-logo":{"file":"4-600x1440.jpg","width":600,"height":1440,"mime-type":"image\/jpeg","filesize":119835,"url":"https:\/\/media.benalmadena-property.com\/2025\/02\/4-600x1440.jpg"},"gallery-two-column-image":{"file":"4-536x269.jpg","width":536,"height":269,"mime-type":"image\/jpeg","filesize":40166,"url":"https:\/\/media.benalmadena-property.com\/2025\/02\/4-536x269.jpg"},"property-detail-slider-image-two":{"file":"4-1170x648.jpg","width":1170,"height":648,"mime-type":"image\/jpeg","filesize":135743,"url":"https:\/\/media.benalmadena-property.com\/2025\/02\/4-1170x648.jpg"},"property-detail-slider-thumb":{"file":"4-82x60.jpg","width":82,"height":60,"mime-type":"image\/jpeg","filesize":2782,"url":"https:\/\/media.benalmadena-property.com\/2025\/02\/4-82x60.jpg"}},"image_meta":{"aperture":"0","credit":"","camera":"","caption":"","created_timestamp":"0","copyright":"","focal_length":"0","iso":"0","shutter_speed":"0","title":"","orientation":"0","keywords":[]},"ID":"15621","name":"4.jpg","path":"\/var\/www\/vhosts\/benalmadena-property.com\/httpdocs\/wp-content\/uploads\/2025\/02\/4.jpg","url":"https:\/\/media.benalmadena-property.com\/2025\/02\/4-150x150.jpg","full_url":"https:\/\/media.benalmadena-property.com\/2025\/02\/4.jpg","title":"4","caption":"","description":"","alt":"","srcset":"https:\/\/media.benalmadena-property.com\/2025\/02\/4-150x150.jpg 150w, https:\/\/media.benalmadena-property.com\/2025\/02\/4-210x210.jpg 210w"},{"width":150,"height":150,"file":"2025\/02\/16.jpg","filesize":208693,"sizes":{"medium":{"file":"16-223x300.jpg","width":223,"height":300,"mime-type":"image\/jpeg","filesize":17788,"url":"https:\/\/media.benalmadena-property.com\/2025\/02\/16-223x300.jpg"},"thumbnail":{"file":"16-150x150.jpg","width":150,"height":150,"mime-type":"image\/jpeg","filesize":7730,"url":"https:\/\/media.benalmadena-property.com\/2025\/02\/16-150x150.jpg"},"post-thumbnail":{"file":"16-111x150.jpg","width":111,"height":150,"mime-type":"image\/jpeg","filesize":6213,"url":"https:\/\/media.benalmadena-property.com\/2025\/02\/16-111x150.jpg"},"modern-property-child-slider":{"file":"16-680x510.jpg","width":680,"height":510,"mime-type":"image\/jpeg","filesize":51858,"url":"https:\/\/media.benalmadena-property.com\/2025\/02\/16-680x510.jpg"},"property-thumb-image":{"file":"16-488x326.jpg","width":488,"height":326,"mime-type":"image\/jpeg","filesize":25585,"url":"https:\/\/media.benalmadena-property.com\/2025\/02\/16-488x326.jpg"},"property-detail-video-image":{"file":"16-720x417.jpg","width":720,"height":417,"mime-type":"image\/jpeg","filesize":35932,"url":"https:\/\/media.benalmadena-property.com\/2025\/02\/16-720x417.jpg"},"agent-image":{"file":"16-210x210.jpg","width":210,"height":210,"mime-type":"image\/jpeg","filesize":12785,"url":"https:\/\/media.benalmadena-property.com\/2025\/02\/16-210x210.jpg"},"partners-logo":{"file":"16-600x969.jpg","width":600,"height":969,"mime-type":"image\/jpeg","filesize":101038,"url":"https:\/\/media.benalmadena-property.com\/2025\/02\/16-600x969.jpg"},"gallery-two-column-image":{"file":"16-536x269.jpg","width":536,"height":269,"mime-type":"image\/jpeg","filesize":16461,"url":"https:\/\/media.benalmadena-property.com\/2025\/02\/16-536x269.jpg"},"property-detail-slider-image-two":{"file":"16-720x648.jpg","width":720,"height":648,"mime-type":"image\/jpeg","filesize":79513,"url":"https:\/\/media.benalmadena-property.com\/2025\/02\/16-720x648.jpg"},"property-detail-slider-thumb":{"file":"16-82x60.jpg","width":82,"height":60,"mime-type":"image\/jpeg","filesize":2923,"url":"https:\/\/media.benalmadena-property.com\/2025\/02\/16-82x60.jpg"}},"image_meta":{"aperture":"0","credit":"","camera":"","caption":"","created_timestamp":"0","copyright":"","focal_length":"0","iso":"0","shutter_speed":"0","title":"","orientation":"1","keywords":[]},"ID":"15657","name":"16.jpg","path":"\/var\/www\/vhosts\/benalmadena-property.com\/httpdocs\/wp-content\/uploads\/2025\/02\/16.jpg","url":"https:\/\/media.benalmadena-property.com\/2025\/02\/16-150x150.jpg","full_url":"https:\/\/media.benalmadena-property.com\/2025\/02\/16.jpg","title":"16","caption":"","description":"","alt":"","srcset":"https:\/\/media.benalmadena-property.com\/2025\/02\/16-150x150.jpg 150w, https:\/\/media.benalmadena-property.com\/2025\/02\/16-210x210.jpg 210w"},{"width":150,"height":150,"file":"2025\/02\/17.jpg","filesize":154738,"sizes":{"medium":{"file":"17-300x178.jpg","width":300,"height":178,"mime-type":"image\/jpeg","filesize":15843,"url":"https:\/\/media.benalmadena-property.com\/2025\/02\/17-300x178.jpg"},"thumbnail":{"file":"17-150x150.jpg","width":150,"height":150,"mime-type":"image\/jpeg","filesize":7172,"url":"https:\/\/media.benalmadena-property.com\/2025\/02\/17-150x150.jpg"},"medium_large":{"file":"17-768x456.jpg","width":768,"height":456,"mime-type":"image\/jpeg","filesize":73087,"url":"https:\/\/media.benalmadena-property.com\/2025\/02\/17-768x456.jpg"},"post-thumbnail":{"file":"17-150x89.jpg","width":150,"height":89,"mime-type":"image\/jpeg","filesize":4784,"url":"https:\/\/media.benalmadena-property.com\/2025\/02\/17-150x89.jpg"},"modern-property-child-slider":{"file":"17-680x510.jpg","width":680,"height":510,"mime-type":"image\/jpeg","filesize":68742,"url":"https:\/\/media.benalmadena-property.com\/2025\/02\/17-680x510.jpg"},"property-thumb-image":{"file":"17-488x326.jpg","width":488,"height":326,"mime-type":"image\/jpeg","filesize":38355,"url":"https:\/\/media.benalmadena-property.com\/2025\/02\/17-488x326.jpg"},"property-detail-video-image":{"file":"17-818x417.jpg","width":818,"height":417,"mime-type":"image\/jpeg","filesize":74395,"url":"https:\/\/media.benalmadena-property.com\/2025\/02\/17-818x417.jpg"},"agent-image":{"file":"17-210x210.jpg","width":210,"height":210,"mime-type":"image\/jpeg","filesize":12870,"url":"https:\/\/media.benalmadena-property.com\/2025\/02\/17-210x210.jpg"},"partners-logo":{"file":"17-600x587.jpg","width":600,"height":587,"mime-type":"image\/jpeg","filesize":69440,"url":"https:\/\/media.benalmadena-property.com\/2025\/02\/17-600x587.jpg"},"gallery-two-column-image":{"file":"17-536x269.jpg","width":536,"height":269,"mime-type":"image\/jpeg","filesize":37811,"url":"https:\/\/media.benalmadena-property.com\/2025\/02\/17-536x269.jpg"},"property-detail-slider-thumb":{"file":"17-82x60.jpg","width":82,"height":60,"mime-type":"image\/jpeg","filesize":2120,"url":"https:\/\/media.benalmadena-property.com\/2025\/02\/17-82x60.jpg"}},"image_meta":{"aperture":"0","credit":"","camera":"","caption":"","created_timestamp":"0","copyright":"","focal_length":"0","iso":"0","shutter_speed":"0","title":"","orientation":"0","keywords":[]},"ID":"15660","name":"17.jpg","path":"\/var\/www\/vhosts\/benalmadena-property.com\/httpdocs\/wp-content\/uploads\/2025\/02\/17.jpg","url":"https:\/\/media.benalmadena-property.com\/2025\/02\/17-150x150.jpg","full_url":"https:\/\/media.benalmadena-property.com\/2025\/02\/17.jpg","title":"17","caption":"","description":"","alt":"","srcset":"https:\/\/media.benalmadena-property.com\/2025\/02\/17-150x150.jpg 150w, https:\/\/media.benalmadena-property.com\/2025\/02\/17-210x210.jpg 210w"},{"width":150,"height":150,"file":"2025\/02\/15.jpg","filesize":409923,"sizes":{"medium":{"file":"15-300x225.jpg","width":300,"height":225,"mime-type":"image\/jpeg","filesize":20064,"url":"https:\/\/media.benalmadena-property.com\/2025\/02\/15-300x225.jpg"},"large":{"file":"15-1024x768.jpg","width":1024,"height":768,"mime-type":"image\/jpeg","filesize":136860,"url":"https:\/\/media.benalmadena-property.com\/2025\/02\/15-1024x768.jpg"},"thumbnail":{"file":"15-150x150.jpg","width":150,"height":150,"mime-type":"image\/jpeg","filesize":7435,"url":"https:\/\/media.benalmadena-property.com\/2025\/02\/15-150x150.jpg"},"medium_large":{"file":"15-768x576.jpg","width":768,"height":576,"mime-type":"image\/jpeg","filesize":89442,"url":"https:\/\/media.benalmadena-property.com\/2025\/02\/15-768x576.jpg"},"1536x1536":{"file":"15-1536x1152.jpg","width":1536,"height":1152,"mime-type":"image\/jpeg","filesize":244413,"url":"https:\/\/media.benalmadena-property.com\/2025\/02\/15-1536x1152.jpg"},"post-thumbnail":{"file":"15-150x113.jpg","width":150,"height":113,"mime-type":"image\/jpeg","filesize":6196,"url":"https:\/\/media.benalmadena-property.com\/2025\/02\/15-150x113.jpg"},"modern-property-child-slider":{"file":"15-680x510.jpg","width":680,"height":510,"mime-type":"image\/jpeg","filesize":75023,"url":"https:\/\/media.benalmadena-property.com\/2025\/02\/15-680x510.jpg"},"property-thumb-image":{"file":"15-488x326.jpg","width":488,"height":326,"mime-type":"image\/jpeg","filesize":41048,"url":"https:\/\/media.benalmadena-property.com\/2025\/02\/15-488x326.jpg"},"property-detail-video-image":{"file":"15-818x417.jpg","width":818,"height":417,"mime-type":"image\/jpeg","filesize":79296,"url":"https:\/\/media.benalmadena-property.com\/2025\/02\/15-818x417.jpg"},"agent-image":{"file":"15-210x210.jpg","width":210,"height":210,"mime-type":"image\/jpeg","filesize":13496,"url":"https:\/\/media.benalmadena-property.com\/2025\/02\/15-210x210.jpg"},"partners-logo":{"file":"15-600x1440.jpg","width":600,"height":1440,"mime-type":"image\/jpeg","filesize":104531,"url":"https:\/\/media.benalmadena-property.com\/2025\/02\/15-600x1440.jpg"},"gallery-two-column-image":{"file":"15-536x269.jpg","width":536,"height":269,"mime-type":"image\/jpeg","filesize":40915,"url":"https:\/\/media.benalmadena-property.com\/2025\/02\/15-536x269.jpg"},"property-detail-slider-image-two":{"file":"15-1170x648.jpg","width":1170,"height":648,"mime-type":"image\/jpeg","filesize":138029,"url":"https:\/\/media.benalmadena-property.com\/2025\/02\/15-1170x648.jpg"},"property-detail-slider-thumb":{"file":"15-82x60.jpg","width":82,"height":60,"mime-type":"image\/jpeg","filesize":2290,"url":"https:\/\/media.benalmadena-property.com\/2025\/02\/15-82x60.jpg"}},"image_meta":{"aperture":"0","credit":"","camera":"","caption":"","created_timestamp":"0","copyright":"","focal_length":"0","iso":"0","shutter_speed":"0","title":"","orientation":"0","keywords":[]},"ID":"15654","name":"15.jpg","path":"\/var\/www\/vhosts\/benalmadena-property.com\/httpdocs\/wp-content\/uploads\/2025\/02\/15.jpg","url":"https:\/\/media.benalmadena-property.com\/2025\/02\/15-150x150.jpg","full_url":"https:\/\/media.benalmadena-property.com\/2025\/02\/15.jpg","title":"15","caption":"","description":"","alt":"","srcset":"https:\/\/media.benalmadena-property.com\/2025\/02\/15-150x150.jpg 150w, https:\/\/media.benalmadena-property.com\/2025\/02\/15-210x210.jpg 210w"},{"width":150,"height":150,"file":"2025\/02\/18.jpg","filesize":92292,"sizes":{"medium":{"file":"18-300x198.jpg","width":300,"height":198,"mime-type":"image\/jpeg","filesize":15838,"url":"https:\/\/media.benalmadena-property.com\/2025\/02\/18-300x198.jpg"},"thumbnail":{"file":"18-150x150.jpg","width":150,"height":150,"mime-type":"image\/jpeg","filesize":7358,"url":"https:\/\/media.benalmadena-property.com\/2025\/02\/18-150x150.jpg"},"post-thumbnail":{"file":"18-150x99.jpg","width":150,"height":99,"mime-type":"image\/jpeg","filesize":6030,"url":"https:\/\/media.benalmadena-property.com\/2025\/02\/18-150x99.jpg"},"modern-property-child-slider":{"file":"18-680x476.jpg","width":680,"height":476,"mime-type":"image\/jpeg","filesize":62861,"url":"https:\/\/media.benalmadena-property.com\/2025\/02\/18-680x476.jpg"},"property-thumb-image":{"file":"18-488x326.jpg","width":488,"height":326,"mime-type":"image\/jpeg","filesize":33563,"url":"https:\/\/media.benalmadena-property.com\/2025\/02\/18-488x326.jpg"},"property-detail-video-image":{"file":"18-720x417.jpg","width":720,"height":417,"mime-type":"image\/jpeg","filesize":61577,"url":"https:\/\/media.benalmadena-property.com\/2025\/02\/18-720x417.jpg"},"agent-image":{"file":"18-210x210.jpg","width":210,"height":210,"mime-type":"image\/jpeg","filesize":11932,"url":"https:\/\/media.benalmadena-property.com\/2025\/02\/18-210x210.jpg"},"partners-logo":{"file":"18-600x476.jpg","width":600,"height":476,"mime-type":"image\/jpeg","filesize":54373,"url":"https:\/\/media.benalmadena-property.com\/2025\/02\/18-600x476.jpg"},"gallery-two-column-image":{"file":"18-536x269.jpg","width":536,"height":269,"mime-type":"image\/jpeg","filesize":32475,"url":"https:\/\/media.benalmadena-property.com\/2025\/02\/18-536x269.jpg"},"property-detail-slider-thumb":{"file":"18-82x60.jpg","width":82,"height":60,"mime-type":"image\/jpeg","filesize":3359,"url":"https:\/\/media.benalmadena-property.com\/2025\/02\/18-82x60.jpg"}},"image_meta":{"aperture":"0","credit":"","camera":"","caption":"","created_timestamp":"1700797694","copyright":"","focal_length":"0","iso":"0","shutter_speed":"0","title":"","orientation":"0","keywords":[]},"ID":"15663","name":"18.jpg","path":"\/var\/www\/vhosts\/benalmadena-property.com\/httpdocs\/wp-content\/uploads\/2025\/02\/18.jpg","url":"https:\/\/media.benalmadena-property.com\/2025\/02\/18-150x150.jpg","full_url":"https:\/\/media.benalmadena-property.com\/2025\/02\/18.jpg","title":"18","caption":"","description":"","alt":"","srcset":"https:\/\/media.benalmadena-property.com\/2025\/02\/18-150x150.jpg 150w, https:\/\/media.benalmadena-property.com\/2025\/02\/18-210x210.jpg 210w"},{"width":150,"height":150,"file":"2025\/02\/28.jpg","filesize":162389,"sizes":{"medium":{"file":"28-300x191.jpg","width":300,"height":191,"mime-type":"image\/jpeg","filesize":10078,"url":"https:\/\/media.benalmadena-property.com\/2025\/02\/28-300x191.jpg"},"large":{"file":"28-1024x651.jpg","width":1024,"height":651,"mime-type":"image\/jpeg","filesize":84508,"url":"https:\/\/media.benalmadena-property.com\/2025\/02\/28-1024x651.jpg"},"thumbnail":{"file":"28-150x150.jpg","width":150,"height":150,"mime-type":"image\/jpeg","filesize":4347,"url":"https:\/\/media.benalmadena-property.com\/2025\/02\/28-150x150.jpg"},"medium_large":{"file":"28-768x488.jpg","width":768,"height":488,"mime-type":"image\/jpeg","filesize":52978,"url":"https:\/\/media.benalmadena-property.com\/2025\/02\/28-768x488.jpg"},"1536x1536":{"file":"28-1536x977.jpg","width":1536,"height":977,"mime-type":"image\/jpeg","filesize":159314,"url":"https:\/\/media.benalmadena-property.com\/2025\/02\/28-1536x977.jpg"},"post-thumbnail":{"file":"28-150x95.jpg","width":150,"height":95,"mime-type":"image\/jpeg","filesize":3230,"url":"https:\/\/media.benalmadena-property.com\/2025\/02\/28-150x95.jpg"},"modern-property-child-slider":{"file":"28-680x510.jpg","width":680,"height":510,"mime-type":"image\/jpeg","filesize":48196,"url":"https:\/\/media.benalmadena-property.com\/2025\/02\/28-680x510.jpg"},"property-thumb-image":{"file":"28-488x326.jpg","width":488,"height":326,"mime-type":"image\/jpeg","filesize":24633,"url":"https:\/\/media.benalmadena-property.com\/2025\/02\/28-488x326.jpg"},"property-detail-video-image":{"file":"28-818x417.jpg","width":818,"height":417,"mime-type":"image\/jpeg","filesize":51756,"url":"https:\/\/media.benalmadena-property.com\/2025\/02\/28-818x417.jpg"},"agent-image":{"file":"28-210x210.jpg","width":210,"height":210,"mime-type":"image\/jpeg","filesize":7829,"url":"https:\/\/media.benalmadena-property.com\/2025\/02\/28-210x210.jpg"},"partners-logo":{"file":"28-600x1080.jpg","width":600,"height":1080,"mime-type":"image\/jpeg","filesize":67572,"url":"https:\/\/media.benalmadena-property.com\/2025\/02\/28-600x1080.jpg"},"gallery-two-column-image":{"file":"28-536x269.jpg","width":536,"height":269,"mime-type":"image\/jpeg","filesize":24412,"url":"https:\/\/media.benalmadena-property.com\/2025\/02\/28-536x269.jpg"},"property-detail-slider-image-two":{"file":"28-1170x648.jpg","width":1170,"height":648,"mime-type":"image\/jpeg","filesize":96613,"url":"https:\/\/media.benalmadena-property.com\/2025\/02\/28-1170x648.jpg"},"property-detail-slider-thumb":{"file":"28-82x60.jpg","width":82,"height":60,"mime-type":"image\/jpeg","filesize":1545,"url":"https:\/\/media.benalmadena-property.com\/2025\/02\/28-82x60.jpg"}},"image_meta":{"aperture":"0","credit":"","camera":"","caption":"","created_timestamp":"0","copyright":"","focal_length":"0","iso":"0","shutter_speed":"0","title":"","orientation":"0","keywords":[]},"ID":"15693","name":"28.jpg","path":"\/var\/www\/vhosts\/benalmadena-property.com\/httpdocs\/wp-content\/uploads\/2025\/02\/28.jpg","url":"https:\/\/media.benalmadena-property.com\/2025\/02\/28-150x150.jpg","full_url":"https:\/\/media.benalmadena-property.com\/2025\/02\/28.jpg","title":"28","caption":"","description":"","alt":"","srcset":"https:\/\/media.benalmadena-property.com\/2025\/02\/28-150x150.jpg 150w, https:\/\/media.benalmadena-property.com\/2025\/02\/28-210x210.jpg 210w"},{"width":150,"height":150,"file":"2025\/02\/30.jpg","filesize":324225,"sizes":{"medium":{"file":"30-300x204.jpg","width":300,"height":204,"mime-type":"image\/jpeg","filesize":13338,"url":"https:\/\/media.benalmadena-property.com\/2025\/02\/30-300x204.jpg"},"large":{"file":"30-1024x695.jpg","width":1024,"height":695,"mime-type":"image\/jpeg","filesize":143304,"url":"https:\/\/media.benalmadena-property.com\/2025\/02\/30-1024x695.jpg"},"thumbnail":{"file":"30-150x150.jpg","width":150,"height":150,"mime-type":"image\/jpeg","filesize":5237,"url":"https:\/\/media.benalmadena-property.com\/2025\/02\/30-150x150.jpg"},"medium_large":{"file":"30-768x521.jpg","width":768,"height":521,"mime-type":"image\/jpeg","filesize":80414,"url":"https:\/\/media.benalmadena-property.com\/2025\/02\/30-768x521.jpg"},"1536x1536":{"file":"30-1536x1043.jpg","width":1536,"height":1043,"mime-type":"image\/jpeg","filesize":318816,"url":"https:\/\/media.benalmadena-property.com\/2025\/02\/30-1536x1043.jpg"},"post-thumbnail":{"file":"30-150x102.jpg","width":150,"height":102,"mime-type":"image\/jpeg","filesize":3902,"url":"https:\/\/media.benalmadena-property.com\/2025\/02\/30-150x102.jpg"},"modern-property-child-slider":{"file":"30-680x510.jpg","width":680,"height":510,"mime-type":"image\/jpeg","filesize":69024,"url":"https:\/\/media.benalmadena-property.com\/2025\/02\/30-680x510.jpg"},"property-thumb-image":{"file":"30-488x326.jpg","width":488,"height":326,"mime-type":"image\/jpeg","filesize":32891,"url":"https:\/\/media.benalmadena-property.com\/2025\/02\/30-488x326.jpg"},"property-detail-video-image":{"file":"30-818x417.jpg","width":818,"height":417,"mime-type":"image\/jpeg","filesize":77153,"url":"https:\/\/media.benalmadena-property.com\/2025\/02\/30-818x417.jpg"},"agent-image":{"file":"30-210x210.jpg","width":210,"height":210,"mime-type":"image\/jpeg","filesize":9763,"url":"https:\/\/media.benalmadena-property.com\/2025\/02\/30-210x210.jpg"},"partners-logo":{"file":"30-600x1080.jpg","width":600,"height":1080,"mime-type":"image\/jpeg","filesize":144821,"url":"https:\/\/media.benalmadena-property.com\/2025\/02\/30-600x1080.jpg"},"gallery-two-column-image":{"file":"30-536x269.jpg","width":536,"height":269,"mime-type":"image\/jpeg","filesize":33299,"url":"https:\/\/media.benalmadena-property.com\/2025\/02\/30-536x269.jpg"},"property-detail-slider-image-two":{"file":"30-1170x648.jpg","width":1170,"height":648,"mime-type":"image\/jpeg","filesize":164325,"url":"https:\/\/media.benalmadena-property.com\/2025\/02\/30-1170x648.jpg"},"property-detail-slider-thumb":{"file":"30-82x60.jpg","width":82,"height":60,"mime-type":"image\/jpeg","filesize":1699,"url":"https:\/\/media.benalmadena-property.com\/2025\/02\/30-82x60.jpg"}},"image_meta":{"aperture":"0","credit":"","camera":"","caption":"","created_timestamp":"0","copyright":"","focal_length":"0","iso":"0","shutter_speed":"0","title":"","orientation":"0","keywords":[]},"ID":"15699","name":"30.jpg","path":"\/var\/www\/vhosts\/benalmadena-property.com\/httpdocs\/wp-content\/uploads\/2025\/02\/30.jpg","url":"https:\/\/media.benalmadena-property.com\/2025\/02\/30-150x150.jpg","full_url":"https:\/\/media.benalmadena-property.com\/2025\/02\/30.jpg","title":"30","caption":"","description":"","alt":"","srcset":"https:\/\/media.benalmadena-property.com\/2025\/02\/30-150x150.jpg 150w, https:\/\/media.benalmadena-property.com\/2025\/02\/30-210x210.jpg 210w"},{"width":150,"height":150,"file":"2025\/02\/29.jpg","filesize":233096,"sizes":{"medium":{"file":"29-300x173.jpg","width":300,"height":173,"mime-type":"image\/jpeg","filesize":10756,"url":"https:\/\/media.benalmadena-property.com\/2025\/02\/29-300x173.jpg"},"large":{"file":"29-1024x591.jpg","width":1024,"height":591,"mime-type":"image\/jpeg","filesize":93943,"url":"https:\/\/media.benalmadena-property.com\/2025\/02\/29-1024x591.jpg"},"thumbnail":{"file":"29-150x150.jpg","width":150,"height":150,"mime-type":"image\/jpeg","filesize":5266,"url":"https:\/\/media.benalmadena-property.com\/2025\/02\/29-150x150.jpg"},"medium_large":{"file":"29-768x443.jpg","width":768,"height":443,"mime-type":"image\/jpeg","filesize":56651,"url":"https:\/\/media.benalmadena-property.com\/2025\/02\/29-768x443.jpg"},"1536x1536":{"file":"29-1536x887.jpg","width":1536,"height":887,"mime-type":"image\/jpeg","filesize":189305,"url":"https:\/\/media.benalmadena-property.com\/2025\/02\/29-1536x887.jpg"},"post-thumbnail":{"file":"29-150x87.jpg","width":150,"height":87,"mime-type":"image\/jpeg","filesize":3482,"url":"https:\/\/media.benalmadena-property.com\/2025\/02\/29-150x87.jpg"},"modern-property-child-slider":{"file":"29-680x510.jpg","width":680,"height":510,"mime-type":"image\/jpeg","filesize":58103,"url":"https:\/\/media.benalmadena-property.com\/2025\/02\/29-680x510.jpg"},"property-thumb-image":{"file":"29-488x326.jpg","width":488,"height":326,"mime-type":"image\/jpeg","filesize":28747,"url":"https:\/\/media.benalmadena-property.com\/2025\/02\/29-488x326.jpg"},"property-detail-video-image":{"file":"29-818x417.jpg","width":818,"height":417,"mime-type":"image\/jpeg","filesize":53088,"url":"https:\/\/media.benalmadena-property.com\/2025\/02\/29-818x417.jpg"},"agent-image":{"file":"29-210x210.jpg","width":210,"height":210,"mime-type":"image\/jpeg","filesize":9542,"url":"https:\/\/media.benalmadena-property.com\/2025\/02\/29-210x210.jpg"},"partners-logo":{"file":"29-600x1080.jpg","width":600,"height":1080,"mime-type":"image\/jpeg","filesize":98634,"url":"https:\/\/media.benalmadena-property.com\/2025\/02\/29-600x1080.jpg"},"gallery-two-column-image":{"file":"29-536x269.jpg","width":536,"height":269,"mime-type":"image\/jpeg","filesize":24518,"url":"https:\/\/media.benalmadena-property.com\/2025\/02\/29-536x269.jpg"},"property-detail-slider-image-two":{"file":"29-1170x648.jpg","width":1170,"height":648,"mime-type":"image\/jpeg","filesize":111932,"url":"https:\/\/media.benalmadena-property.com\/2025\/02\/29-1170x648.jpg"},"property-detail-slider-thumb":{"file":"29-82x60.jpg","width":82,"height":60,"mime-type":"image\/jpeg","filesize":1835,"url":"https:\/\/media.benalmadena-property.com\/2025\/02\/29-82x60.jpg"}},"image_meta":{"aperture":"0","credit":"","camera":"","caption":"","created_timestamp":"0","copyright":"","focal_length":"0","iso":"0","shutter_speed":"0","title":"","orientation":"0","keywords":[]},"ID":"15696","name":"29.jpg","path":"\/var\/www\/vhosts\/benalmadena-property.com\/httpdocs\/wp-content\/uploads\/2025\/02\/29.jpg","url":"https:\/\/media.benalmadena-property.com\/2025\/02\/29-150x150.jpg","full_url":"https:\/\/media.benalmadena-property.com\/2025\/02\/29.jpg","title":"29","caption":"","description":"","alt":"","srcset":"https:\/\/media.benalmadena-property.com\/2025\/02\/29-150x150.jpg 150w, https:\/\/media.benalmadena-property.com\/2025\/02\/29-210x210.jpg 210w"},{"width":150,"height":150,"file":"2025\/02\/27.jpg","filesize":146310,"sizes":{"medium":{"file":"27-300x168.jpg","width":300,"height":168,"mime-type":"image\/jpeg","filesize":10252,"url":"https:\/\/media.benalmadena-property.com\/2025\/02\/27-300x168.jpg"},"large":{"file":"27-1024x575.jpg","width":1024,"height":575,"mime-type":"image\/jpeg","filesize":70285,"url":"https:\/\/media.benalmadena-property.com\/2025\/02\/27-1024x575.jpg"},"thumbnail":{"file":"27-150x150.jpg","width":150,"height":150,"mime-type":"image\/jpeg","filesize":5147,"url":"https:\/\/media.benalmadena-property.com\/2025\/02\/27-150x150.jpg"},"medium_large":{"file":"27-768x431.jpg","width":768,"height":431,"mime-type":"image\/jpeg","filesize":45794,"url":"https:\/\/media.benalmadena-property.com\/2025\/02\/27-768x431.jpg"},"1536x1536":{"file":"27-1536x862.jpg","width":1536,"height":862,"mime-type":"image\/jpeg","filesize":125557,"url":"https:\/\/media.benalmadena-property.com\/2025\/02\/27-1536x862.jpg"},"post-thumbnail":{"file":"27-150x84.jpg","width":150,"height":84,"mime-type":"image\/jpeg","filesize":3534,"url":"https:\/\/media.benalmadena-property.com\/2025\/02\/27-150x84.jpg"},"modern-property-child-slider":{"file":"27-680x510.jpg","width":680,"height":510,"mime-type":"image\/jpeg","filesize":44718,"url":"https:\/\/media.benalmadena-property.com\/2025\/02\/27-680x510.jpg"},"property-thumb-image":{"file":"27-488x326.jpg","width":488,"height":326,"mime-type":"image\/jpeg","filesize":25517,"url":"https:\/\/media.benalmadena-property.com\/2025\/02\/27-488x326.jpg"},"property-detail-video-image":{"file":"27-818x417.jpg","width":818,"height":417,"mime-type":"image\/jpeg","filesize":46982,"url":"https:\/\/media.benalmadena-property.com\/2025\/02\/27-818x417.jpg"},"agent-image":{"file":"27-210x210.jpg","width":210,"height":210,"mime-type":"image\/jpeg","filesize":8984,"url":"https:\/\/media.benalmadena-property.com\/2025\/02\/27-210x210.jpg"},"partners-logo":{"file":"27-600x1078.jpg","width":600,"height":1078,"mime-type":"image\/jpeg","filesize":55085,"url":"https:\/\/media.benalmadena-property.com\/2025\/02\/27-600x1078.jpg"},"gallery-two-column-image":{"file":"27-536x269.jpg","width":536,"height":269,"mime-type":"image\/jpeg","filesize":23942,"url":"https:\/\/media.benalmadena-property.com\/2025\/02\/27-536x269.jpg"},"property-detail-slider-image-two":{"file":"27-1170x648.jpg","width":1170,"height":648,"mime-type":"image\/jpeg","filesize":84260,"url":"https:\/\/media.benalmadena-property.com\/2025\/02\/27-1170x648.jpg"},"property-detail-slider-thumb":{"file":"27-82x60.jpg","width":82,"height":60,"mime-type":"image\/jpeg","filesize":1840,"url":"https:\/\/media.benalmadena-property.com\/2025\/02\/27-82x60.jpg"}},"image_meta":{"aperture":"0","credit":"","camera":"","caption":"","created_timestamp":"0","copyright":"","focal_length":"0","iso":"0","shutter_speed":"0","title":"","orientation":"0","keywords":[]},"ID":"15690","name":"27.jpg","path":"\/var\/www\/vhosts\/benalmadena-property.com\/httpdocs\/wp-content\/uploads\/2025\/02\/27.jpg","url":"https:\/\/media.benalmadena-property.com\/2025\/02\/27-150x150.jpg","full_url":"https:\/\/media.benalmadena-property.com\/2025\/02\/27.jpg","title":"27","caption":"","description":"","alt":"","srcset":"https:\/\/media.benalmadena-property.com\/2025\/02\/27-150x150.jpg 150w, https:\/\/media.benalmadena-property.com\/2025\/02\/27-210x210.jpg 210w"}],"REAL_HOMES_change_gallery_slider_type":"0","REAL_HOMES_gallery_slider_type":"thumb-on-right","inspiry_floor_plans":[],"inspiry_video_group":[],"REAL_HOMES_360_virtual_tour":"","REAL_HOMES_tour_video_url":"","REAL_HOMES_tour_video_image":[],"REAL_HOMES_agent_display_option":"none","REAL_HOMES_agents":[],"REAL_HOMES_energy_class":"none","REAL_HOMES_energy_performance":"","REAL_HOMES_epc_current_rating":"","REAL_HOMES_epc_potential_rating":"","REAL_HOMES_sticky":"0","inspiry_property_label":"","inspiry_property_label_color":"","inspiry_property_tax":"","inspiry_additional_fee":"","REAL_HOMES_attachments":[],"inspiry_property_owner_name":"","inspiry_property_owner_contact":"","inspiry_property_owner_address":"","REAL_HOMES_property_private_note":"","inspiry_message_to_reviewer":"","REAL_HOMES_add_in_slider":"","REAL_HOMES_slider_image":[],"REAL_HOMES_page_banner_image":[],"REAL_HOMES_pims_id":"2j220","REAL_HOMES_property_rented":""},"_links":{"self":[{"href":"https:\/\/www.benalmadena-property.com\/es\/wp-json\/wp\/v2\/property\/18687","targetHints":{"allow":["GET"]}}],"collection":[{"href":"https:\/\/www.benalmadena-property.com\/es\/wp-json\/wp\/v2\/property"}],"about":[{"href":"https:\/\/www.benalmadena-property.com\/es\/wp-json\/wp\/v2\/types\/property"}],"author":[{"embeddable":true,"href":"https:\/\/www.benalmadena-property.com\/es\/wp-json\/wp\/v2\/users\/2"}],"replies":[{"embeddable":true,"href":"https:\/\/www.benalmadena-property.com\/es\/wp-json\/wp\/v2\/comments?post=18687"}],"version-history":[{"count":1,"href":"https:\/\/www.benalmadena-property.com\/es\/wp-json\/wp\/v2\/property\/18687\/revisions"}],"predecessor-version":[{"id":18696,"href":"https:\/\/www.benalmadena-property.com\/es\/wp-json\/wp\/v2\/property\/18687\/revisions\/18696"}],"wp:attachment":[{"href":"https:\/\/www.benalmadena-property.com\/es\/wp-json\/wp\/v2\/media?parent=18687"}],"wp:term":[{"taxonomy":"property-feature","embeddable":true,"href":"https:\/\/www.benalmadena-property.com\/es\/wp-json\/wp\/v2\/property-feature?post=18687"},{"taxonomy":"property-type","embeddable":true,"href":"https:\/\/www.benalmadena-property.com\/es\/wp-json\/wp\/v2\/property-type?post=18687"},{"taxonomy":"property-city","embeddable":true,"href":"https:\/\/www.benalmadena-property.com\/es\/wp-json\/wp\/v2\/property-location?post=18687"},{"taxonomy":"property-status","embeddable":true,"href":"https:\/\/www.benalmadena-property.com\/es\/wp-json\/wp\/v2\/property-status?post=18687"}],"curies":[{"name":"wp","href":"https:\/\/api.w.org\/{rel}","templated":true}]}}