{"id":18787,"date":"2026-04-29T15:40:16","date_gmt":"2026-04-29T13:40:16","guid":{"rendered":"https:\/\/www.benalmadena-property.com\/property\/apartamento-de-2-habitaciones-en-venta-en-myramar-oasis-benalmadena\/"},"modified":"2026-04-29T15:40:16","modified_gmt":"2026-04-29T13:40:16","slug":"apartamento-de-2-habitaciones-en-venta-en-myramar-oasis-benalmadena","status":"publish","type":"property","link":"https:\/\/www.benalmadena-property.com\/es\/property\/apartamento-de-2-habitaciones-en-venta-en-myramar-oasis-benalmadena\/","title":{"rendered":"Apartamento de 2 habitaciones en venta en MYRAMAR OASIS, BENALMADENA"},"content":{"rendered":"<p>Apartamento de 2 habitaciones con terraza, piscina y aparcamiento \u2013 cerca de la playa.<br \/>\n\u00bfBuscas una inversi\u00f3n inteligente o un lugar junto al mar? Este luminoso y completamente amueblado apartamento de dos habitaciones ofrece comodidad, comodidad y una ubicaci\u00f3n inigualable a solo un corto paseo de la playa.<br \/>\nCon 60 m\u00b2 de espacio bien dise\u00f1ado, la propiedad cuenta con un amplio dormitorio con vestidor y un amplio ba\u00f1o. Tanto el sal\u00f3n como el dormitorio se abren directamente a una terraza privada de 14 m\u00b2, perfecta para relajarse o comer al aire libre durante todo el a\u00f1o.<br \/>\nEl apartamento viene completamente equipado, incluyendo cocina equipada y aire acondicionado, as\u00ed que est\u00e1 listo para mudarse o alquilarlo inmediatamente.<br \/>\nUbicado en un complejo residencial bien cuidado con acceso por ascensor, tambi\u00e9n disfrutar\u00e1s de una piscina comunitaria y jardines ajardinados. Un aparcamiento privado est\u00e1 incluido en el precio.<br \/>\n\ud83d\udccd Ubicaci\u00f3n<br \/>\nprivilegiada A solo 5 minutos andando de Arroyo de la Miel, con supermercados, restaurantes y servicios diarios a tu puerta.<br \/>\nCerca de campos de golf y con excelentes conexiones de transporte, esta ubicaci\u00f3n es ideal tanto para vivir como para estancias vacacionales.   <\/p>\n<p>Caracter\u00edsticas principales:<br \/>\n\u2022 60 m\u00b2 construidos + 14 m2 terraza<br \/>\n cerrada\u2022 2 dormitorios con vestidor<br \/>\n\u2022 1 ba\u00f1o<br \/>\n grande\u2022 7 m\u00b2 de terrazas<br \/>\n\u2022 Orientaci\u00f3n<br \/>\n este\/oeste\u2022 Espacio de aparcamiento incluido<br \/>\n\u2022 Edificio con ascensor<br \/>\nextras:<br \/>\n\u2022 Aire<br \/>\n acondicionado\u2022 Piscina com\u00fan y jardines<br \/>\n\u2022 A distancia a pie de la playa<\/p>\n<p>\ud83d\udcbc Gran oportunidad de inversi\u00f3n con un fuerte potencial de alquiler o perfecta como casa de vacaciones.<\/p>\n","protected":false},"excerpt":{"rendered":"<p>Apartamento de 2 habitaciones con terraza, piscina y aparcamiento \u2013 cerca de la playa. \u00bfBuscas una inversi\u00f3n inteligente o un lugar junto al mar? Este luminoso y completamente amueblado apartamento de dos habitaciones ofrece comodidad, comodidad y una ubicaci\u00f3n inigualable a solo un corto paseo de la playa. Con 60 m\u00b2 de espacio bien dise\u00f1ado,&#8230;<\/p>\n","protected":false},"author":2,"featured_media":18765,"parent":0,"menu_order":0,"comment_status":"open","ping_status":"closed","template":"","property-feature":[532,438,332,523,533,501,530,506,515,503,363,502,219],"property-type":[],"property-location":[],"property-status":[305],"class_list":["post-18787","property","type-property","status-publish","has-post-thumbnail","hentry","property-feature-aire-acondicionado","property-feature-amueblado","property-feature-certificado-de-energia-disponible","property-feature-cocina-amueblada","property-feature-jardines","property-feature-lavadora","property-feature-lavavajillas","property-feature-microondas","property-feature-nevera","property-feature-piscina","property-feature-piscina-comunitaria-y-jardin","property-feature-terraza","property-feature-tv-es","property-status-en-venta"],"property_meta":{"REAL_HOMES_property_price":"295000","REAL_HOMES_property_old_price":"","REAL_HOMES_property_price_prefix":"","REAL_HOMES_property_price_postfix":"","REAL_HOMES_property_size":"74","REAL_HOMES_property_size_postfix":"m2","REAL_HOMES_property_lot_size":"","REAL_HOMES_property_lot_size_postfix":"","REAL_HOMES_property_bedrooms":"2","REAL_HOMES_property_bathrooms":"1","REAL_HOMES_property_garage":"1","REAL_HOMES_property_id":"SMYR054","REAL_HOMES_property_year_built":"","REAL_HOMES_featured":"1","REAL_HOMES_additional_details_list":[],"REAL_HOMES_property_location":{"latitude":"36.59549023","longitude":"-4.52666491","zoom":"14"},"REAL_HOMES_property_address":"Edificio Jupiter, Av de Gamonal 12, 29630 Benalm\u00e1dena, M\u00e1laga, Espa\u00f1a","REAL_HOMES_property_map":"","REAL_HOMES_property_images":[{"width":150,"height":150,"file":"2026\/04\/WhatsApp-Image-2026-03-12-at-15.54.43.jpeg","filesize":140215,"sizes":{"medium":{"file":"WhatsApp-Image-2026-03-12-at-15.54.43-300x169.jpeg","width":300,"height":169,"mime-type":"image\/jpeg","filesize":10360,"url":"https:\/\/media.benalmadena-property.com\/2026\/04\/WhatsApp-Image-2026-03-12-at-15.54.43-300x169.jpeg"},"large":{"file":"WhatsApp-Image-2026-03-12-at-15.54.43-1024x576.jpeg","width":1024,"height":576,"mime-type":"image\/jpeg","filesize":88557,"url":"https:\/\/media.benalmadena-property.com\/2026\/04\/WhatsApp-Image-2026-03-12-at-15.54.43-1024x576.jpeg"},"thumbnail":{"file":"WhatsApp-Image-2026-03-12-at-15.54.43-150x150.jpeg","width":150,"height":150,"mime-type":"image\/jpeg","filesize":5170,"url":"https:\/\/media.benalmadena-property.com\/2026\/04\/WhatsApp-Image-2026-03-12-at-15.54.43-150x150.jpeg"},"medium_large":{"file":"WhatsApp-Image-2026-03-12-at-15.54.43-768x432.jpeg","width":768,"height":432,"mime-type":"image\/jpeg","filesize":51559,"url":"https:\/\/media.benalmadena-property.com\/2026\/04\/WhatsApp-Image-2026-03-12-at-15.54.43-768x432.jpeg"},"post-thumbnail":{"file":"WhatsApp-Image-2026-03-12-at-15.54.43-150x84.jpeg","width":150,"height":84,"mime-type":"image\/jpeg","filesize":3577,"url":"https:\/\/media.benalmadena-property.com\/2026\/04\/WhatsApp-Image-2026-03-12-at-15.54.43-150x84.jpeg"},"modern-property-child-slider":{"file":"WhatsApp-Image-2026-03-12-at-15.54.43-680x510.jpeg","width":680,"height":510,"mime-type":"image\/jpeg","filesize":55235,"url":"https:\/\/media.benalmadena-property.com\/2026\/04\/WhatsApp-Image-2026-03-12-at-15.54.43-680x510.jpeg"},"property-thumb-image":{"file":"WhatsApp-Image-2026-03-12-at-15.54.43-488x326.jpeg","width":488,"height":326,"mime-type":"image\/jpeg","filesize":27177,"url":"https:\/\/media.benalmadena-property.com\/2026\/04\/WhatsApp-Image-2026-03-12-at-15.54.43-488x326.jpeg"},"property-detail-video-image":{"file":"WhatsApp-Image-2026-03-12-at-15.54.43-818x417.jpeg","width":818,"height":417,"mime-type":"image\/jpeg","filesize":55375,"url":"https:\/\/media.benalmadena-property.com\/2026\/04\/WhatsApp-Image-2026-03-12-at-15.54.43-818x417.jpeg"},"agent-image":{"file":"WhatsApp-Image-2026-03-12-at-15.54.43-210x210.jpeg","width":210,"height":210,"mime-type":"image\/jpeg","filesize":8967,"url":"https:\/\/media.benalmadena-property.com\/2026\/04\/WhatsApp-Image-2026-03-12-at-15.54.43-210x210.jpeg"},"partners-logo":{"file":"WhatsApp-Image-2026-03-12-at-15.54.43-600x720.jpeg","width":600,"height":720,"mime-type":"image\/jpeg","filesize":77969,"url":"https:\/\/media.benalmadena-property.com\/2026\/04\/WhatsApp-Image-2026-03-12-at-15.54.43-600x720.jpeg"},"gallery-two-column-image":{"file":"WhatsApp-Image-2026-03-12-at-15.54.43-536x269.jpeg","width":536,"height":269,"mime-type":"image\/jpeg","filesize":25223,"url":"https:\/\/media.benalmadena-property.com\/2026\/04\/WhatsApp-Image-2026-03-12-at-15.54.43-536x269.jpeg"},"property-detail-slider-image-two":{"file":"WhatsApp-Image-2026-03-12-at-15.54.43-1170x648.jpeg","width":1170,"height":648,"mime-type":"image\/jpeg","filesize":114503,"url":"https:\/\/media.benalmadena-property.com\/2026\/04\/WhatsApp-Image-2026-03-12-at-15.54.43-1170x648.jpeg"},"property-detail-slider-thumb":{"file":"WhatsApp-Image-2026-03-12-at-15.54.43-82x60.jpeg","width":82,"height":60,"mime-type":"image\/jpeg","filesize":1794,"url":"https:\/\/media.benalmadena-property.com\/2026\/04\/WhatsApp-Image-2026-03-12-at-15.54.43-82x60.jpeg"}},"image_meta":{"aperture":"0","credit":"","camera":"","caption":"","created_timestamp":"0","copyright":"","focal_length":"0","iso":"0","shutter_speed":"0","title":"","orientation":"0","keywords":[]},"ID":"18765","name":"WhatsApp-Image-2026-03-12-at-15.54.43.jpeg","path":"\/var\/www\/vhosts\/benalmadena-property.com\/httpdocs\/wp-content\/uploads\/2026\/04\/WhatsApp-Image-2026-03-12-at-15.54.43.jpeg","url":"https:\/\/media.benalmadena-property.com\/2026\/04\/WhatsApp-Image-2026-03-12-at-15.54.43-150x150.jpeg","full_url":"https:\/\/media.benalmadena-property.com\/2026\/04\/WhatsApp-Image-2026-03-12-at-15.54.43.jpeg","title":"WhatsApp Image 2026-03-12 at 15.54.43","caption":"","description":"","alt":"","srcset":"https:\/\/media.benalmadena-property.com\/2026\/04\/WhatsApp-Image-2026-03-12-at-15.54.43-150x150.jpeg 150w, https:\/\/media.benalmadena-property.com\/2026\/04\/WhatsApp-Image-2026-03-12-at-15.54.43-210x210.jpeg 210w"},{"width":150,"height":150,"file":"2026\/04\/WhatsApp-Image-2026-03-12-at-15.54.43-7.jpeg","filesize":203861,"sizes":{"medium":{"file":"WhatsApp-Image-2026-03-12-at-15.54.43-7-300x169.jpeg","width":300,"height":169,"mime-type":"image\/jpeg","filesize":10593,"url":"https:\/\/media.benalmadena-property.com\/2026\/04\/WhatsApp-Image-2026-03-12-at-15.54.43-7-300x169.jpeg"},"large":{"file":"WhatsApp-Image-2026-03-12-at-15.54.43-7-1024x576.jpeg","width":1024,"height":576,"mime-type":"image\/jpeg","filesize":85369,"url":"https:\/\/media.benalmadena-property.com\/2026\/04\/WhatsApp-Image-2026-03-12-at-15.54.43-7-1024x576.jpeg"},"thumbnail":{"file":"WhatsApp-Image-2026-03-12-at-15.54.43-7-150x150.jpeg","width":150,"height":150,"mime-type":"image\/jpeg","filesize":5082,"url":"https:\/\/media.benalmadena-property.com\/2026\/04\/WhatsApp-Image-2026-03-12-at-15.54.43-7-150x150.jpeg"},"medium_large":{"file":"WhatsApp-Image-2026-03-12-at-15.54.43-7-768x432.jpeg","width":768,"height":432,"mime-type":"image\/jpeg","filesize":50532,"url":"https:\/\/media.benalmadena-property.com\/2026\/04\/WhatsApp-Image-2026-03-12-at-15.54.43-7-768x432.jpeg"},"1536x1536":{"file":"WhatsApp-Image-2026-03-12-at-15.54.43-7-1536x864.jpeg","width":1536,"height":864,"mime-type":"image\/jpeg","filesize":182203,"url":"https:\/\/media.benalmadena-property.com\/2026\/04\/WhatsApp-Image-2026-03-12-at-15.54.43-7-1536x864.jpeg"},"post-thumbnail":{"file":"WhatsApp-Image-2026-03-12-at-15.54.43-7-150x84.jpeg","width":150,"height":84,"mime-type":"image\/jpeg","filesize":3653,"url":"https:\/\/media.benalmadena-property.com\/2026\/04\/WhatsApp-Image-2026-03-12-at-15.54.43-7-150x84.jpeg"},"modern-property-child-slider":{"file":"WhatsApp-Image-2026-03-12-at-15.54.43-7-680x510.jpeg","width":680,"height":510,"mime-type":"image\/jpeg","filesize":51515,"url":"https:\/\/media.benalmadena-property.com\/2026\/04\/WhatsApp-Image-2026-03-12-at-15.54.43-7-680x510.jpeg"},"property-thumb-image":{"file":"WhatsApp-Image-2026-03-12-at-15.54.43-7-488x326.jpeg","width":488,"height":326,"mime-type":"image\/jpeg","filesize":26608,"url":"https:\/\/media.benalmadena-property.com\/2026\/04\/WhatsApp-Image-2026-03-12-at-15.54.43-7-488x326.jpeg"},"property-detail-video-image":{"file":"WhatsApp-Image-2026-03-12-at-15.54.43-7-818x417.jpeg","width":818,"height":417,"mime-type":"image\/jpeg","filesize":53016,"url":"https:\/\/media.benalmadena-property.com\/2026\/04\/WhatsApp-Image-2026-03-12-at-15.54.43-7-818x417.jpeg"},"agent-image":{"file":"WhatsApp-Image-2026-03-12-at-15.54.43-7-210x210.jpeg","width":210,"height":210,"mime-type":"image\/jpeg","filesize":8649,"url":"https:\/\/media.benalmadena-property.com\/2026\/04\/WhatsApp-Image-2026-03-12-at-15.54.43-7-210x210.jpeg"},"partners-logo":{"file":"WhatsApp-Image-2026-03-12-at-15.54.43-7-600x900.jpeg","width":600,"height":900,"mime-type":"image\/jpeg","filesize":80835,"url":"https:\/\/media.benalmadena-property.com\/2026\/04\/WhatsApp-Image-2026-03-12-at-15.54.43-7-600x900.jpeg"},"gallery-two-column-image":{"file":"WhatsApp-Image-2026-03-12-at-15.54.43-7-536x269.jpeg","width":536,"height":269,"mime-type":"image\/jpeg","filesize":25411,"url":"https:\/\/media.benalmadena-property.com\/2026\/04\/WhatsApp-Image-2026-03-12-at-15.54.43-7-536x269.jpeg"},"property-detail-slider-image-two":{"file":"WhatsApp-Image-2026-03-12-at-15.54.43-7-1170x648.jpeg","width":1170,"height":648,"mime-type":"image\/jpeg","filesize":108619,"url":"https:\/\/media.benalmadena-property.com\/2026\/04\/WhatsApp-Image-2026-03-12-at-15.54.43-7-1170x648.jpeg"},"property-detail-slider-thumb":{"file":"WhatsApp-Image-2026-03-12-at-15.54.43-7-82x60.jpeg","width":82,"height":60,"mime-type":"image\/jpeg","filesize":1837,"url":"https:\/\/media.benalmadena-property.com\/2026\/04\/WhatsApp-Image-2026-03-12-at-15.54.43-7-82x60.jpeg"}},"image_meta":{"aperture":"0","credit":"","camera":"","caption":"","created_timestamp":"0","copyright":"","focal_length":"0","iso":"0","shutter_speed":"0","title":"","orientation":"0","keywords":[]},"ID":"18759","name":"WhatsApp-Image-2026-03-12-at-15.54.43-7.jpeg","path":"\/var\/www\/vhosts\/benalmadena-property.com\/httpdocs\/wp-content\/uploads\/2026\/04\/WhatsApp-Image-2026-03-12-at-15.54.43-7.jpeg","url":"https:\/\/media.benalmadena-property.com\/2026\/04\/WhatsApp-Image-2026-03-12-at-15.54.43-7-150x150.jpeg","full_url":"https:\/\/media.benalmadena-property.com\/2026\/04\/WhatsApp-Image-2026-03-12-at-15.54.43-7.jpeg","title":"WhatsApp Image 2026-03-12 at 15.54.43 (7)","caption":"","description":"","alt":"","srcset":"https:\/\/media.benalmadena-property.com\/2026\/04\/WhatsApp-Image-2026-03-12-at-15.54.43-7-150x150.jpeg 150w, https:\/\/media.benalmadena-property.com\/2026\/04\/WhatsApp-Image-2026-03-12-at-15.54.43-7-210x210.jpeg 210w"},{"width":150,"height":150,"file":"2026\/04\/WhatsApp-Image-2026-03-12-at-15.54.42-2.jpeg","filesize":132141,"sizes":{"medium":{"file":"WhatsApp-Image-2026-03-12-at-15.54.42-2-300x169.jpeg","width":300,"height":169,"mime-type":"image\/jpeg","filesize":11952,"url":"https:\/\/media.benalmadena-property.com\/2026\/04\/WhatsApp-Image-2026-03-12-at-15.54.42-2-300x169.jpeg"},"large":{"file":"WhatsApp-Image-2026-03-12-at-15.54.42-2-1024x576.jpeg","width":1024,"height":576,"mime-type":"image\/jpeg","filesize":90680,"url":"https:\/\/media.benalmadena-property.com\/2026\/04\/WhatsApp-Image-2026-03-12-at-15.54.42-2-1024x576.jpeg"},"thumbnail":{"file":"WhatsApp-Image-2026-03-12-at-15.54.42-2-150x150.jpeg","width":150,"height":150,"mime-type":"image\/jpeg","filesize":5866,"url":"https:\/\/media.benalmadena-property.com\/2026\/04\/WhatsApp-Image-2026-03-12-at-15.54.42-2-150x150.jpeg"},"medium_large":{"file":"WhatsApp-Image-2026-03-12-at-15.54.42-2-768x432.jpeg","width":768,"height":432,"mime-type":"image\/jpeg","filesize":56638,"url":"https:\/\/media.benalmadena-property.com\/2026\/04\/WhatsApp-Image-2026-03-12-at-15.54.42-2-768x432.jpeg"},"post-thumbnail":{"file":"WhatsApp-Image-2026-03-12-at-15.54.42-2-150x84.jpeg","width":150,"height":84,"mime-type":"image\/jpeg","filesize":4023,"url":"https:\/\/media.benalmadena-property.com\/2026\/04\/WhatsApp-Image-2026-03-12-at-15.54.42-2-150x84.jpeg"},"modern-property-child-slider":{"file":"WhatsApp-Image-2026-03-12-at-15.54.42-2-680x510.jpeg","width":680,"height":510,"mime-type":"image\/jpeg","filesize":56359,"url":"https:\/\/media.benalmadena-property.com\/2026\/04\/WhatsApp-Image-2026-03-12-at-15.54.42-2-680x510.jpeg"},"property-thumb-image":{"file":"WhatsApp-Image-2026-03-12-at-15.54.42-2-488x326.jpeg","width":488,"height":326,"mime-type":"image\/jpeg","filesize":29447,"url":"https:\/\/media.benalmadena-property.com\/2026\/04\/WhatsApp-Image-2026-03-12-at-15.54.42-2-488x326.jpeg"},"property-detail-video-image":{"file":"WhatsApp-Image-2026-03-12-at-15.54.42-2-818x417.jpeg","width":818,"height":417,"mime-type":"image\/jpeg","filesize":58313,"url":"https:\/\/media.benalmadena-property.com\/2026\/04\/WhatsApp-Image-2026-03-12-at-15.54.42-2-818x417.jpeg"},"agent-image":{"file":"WhatsApp-Image-2026-03-12-at-15.54.42-2-210x210.jpeg","width":210,"height":210,"mime-type":"image\/jpeg","filesize":10227,"url":"https:\/\/media.benalmadena-property.com\/2026\/04\/WhatsApp-Image-2026-03-12-at-15.54.42-2-210x210.jpeg"},"partners-logo":{"file":"WhatsApp-Image-2026-03-12-at-15.54.42-2-600x720.jpeg","width":600,"height":720,"mime-type":"image\/jpeg","filesize":69603,"url":"https:\/\/media.benalmadena-property.com\/2026\/04\/WhatsApp-Image-2026-03-12-at-15.54.42-2-600x720.jpeg"},"gallery-two-column-image":{"file":"WhatsApp-Image-2026-03-12-at-15.54.42-2-536x269.jpeg","width":536,"height":269,"mime-type":"image\/jpeg","filesize":27976,"url":"https:\/\/media.benalmadena-property.com\/2026\/04\/WhatsApp-Image-2026-03-12-at-15.54.42-2-536x269.jpeg"},"property-detail-slider-image-two":{"file":"WhatsApp-Image-2026-03-12-at-15.54.42-2-1170x648.jpeg","width":1170,"height":648,"mime-type":"image\/jpeg","filesize":112810,"url":"https:\/\/media.benalmadena-property.com\/2026\/04\/WhatsApp-Image-2026-03-12-at-15.54.42-2-1170x648.jpeg"},"property-detail-slider-thumb":{"file":"WhatsApp-Image-2026-03-12-at-15.54.42-2-82x60.jpeg","width":82,"height":60,"mime-type":"image\/jpeg","filesize":2018,"url":"https:\/\/media.benalmadena-property.com\/2026\/04\/WhatsApp-Image-2026-03-12-at-15.54.42-2-82x60.jpeg"}},"image_meta":{"aperture":"0","credit":"","camera":"","caption":"","created_timestamp":"0","copyright":"","focal_length":"0","iso":"0","shutter_speed":"0","title":"","orientation":"0","keywords":[]},"ID":"18735","name":"WhatsApp-Image-2026-03-12-at-15.54.42-2.jpeg","path":"\/var\/www\/vhosts\/benalmadena-property.com\/httpdocs\/wp-content\/uploads\/2026\/04\/WhatsApp-Image-2026-03-12-at-15.54.42-2.jpeg","url":"https:\/\/media.benalmadena-property.com\/2026\/04\/WhatsApp-Image-2026-03-12-at-15.54.42-2-150x150.jpeg","full_url":"https:\/\/media.benalmadena-property.com\/2026\/04\/WhatsApp-Image-2026-03-12-at-15.54.42-2.jpeg","title":"WhatsApp Image 2026-03-12 at 15.54.42 (2)","caption":"","description":"","alt":"","srcset":"https:\/\/media.benalmadena-property.com\/2026\/04\/WhatsApp-Image-2026-03-12-at-15.54.42-2-150x150.jpeg 150w, https:\/\/media.benalmadena-property.com\/2026\/04\/WhatsApp-Image-2026-03-12-at-15.54.42-2-210x210.jpeg 210w"},{"width":150,"height":150,"file":"2026\/04\/WhatsApp-Image-2026-03-12-at-15.54.43-2.jpeg","filesize":152589,"sizes":{"medium":{"file":"WhatsApp-Image-2026-03-12-at-15.54.43-2-300x169.jpeg","width":300,"height":169,"mime-type":"image\/jpeg","filesize":12508,"url":"https:\/\/media.benalmadena-property.com\/2026\/04\/WhatsApp-Image-2026-03-12-at-15.54.43-2-300x169.jpeg"},"large":{"file":"WhatsApp-Image-2026-03-12-at-15.54.43-2-1024x576.jpeg","width":1024,"height":576,"mime-type":"image\/jpeg","filesize":100199,"url":"https:\/\/media.benalmadena-property.com\/2026\/04\/WhatsApp-Image-2026-03-12-at-15.54.43-2-1024x576.jpeg"},"thumbnail":{"file":"WhatsApp-Image-2026-03-12-at-15.54.43-2-150x150.jpeg","width":150,"height":150,"mime-type":"image\/jpeg","filesize":6397,"url":"https:\/\/media.benalmadena-property.com\/2026\/04\/WhatsApp-Image-2026-03-12-at-15.54.43-2-150x150.jpeg"},"medium_large":{"file":"WhatsApp-Image-2026-03-12-at-15.54.43-2-768x432.jpeg","width":768,"height":432,"mime-type":"image\/jpeg","filesize":60439,"url":"https:\/\/media.benalmadena-property.com\/2026\/04\/WhatsApp-Image-2026-03-12-at-15.54.43-2-768x432.jpeg"},"post-thumbnail":{"file":"WhatsApp-Image-2026-03-12-at-15.54.43-2-150x84.jpeg","width":150,"height":84,"mime-type":"image\/jpeg","filesize":4271,"url":"https:\/\/media.benalmadena-property.com\/2026\/04\/WhatsApp-Image-2026-03-12-at-15.54.43-2-150x84.jpeg"},"modern-property-child-slider":{"file":"WhatsApp-Image-2026-03-12-at-15.54.43-2-680x510.jpeg","width":680,"height":510,"mime-type":"image\/jpeg","filesize":64497,"url":"https:\/\/media.benalmadena-property.com\/2026\/04\/WhatsApp-Image-2026-03-12-at-15.54.43-2-680x510.jpeg"},"property-thumb-image":{"file":"WhatsApp-Image-2026-03-12-at-15.54.43-2-488x326.jpeg","width":488,"height":326,"mime-type":"image\/jpeg","filesize":33328,"url":"https:\/\/media.benalmadena-property.com\/2026\/04\/WhatsApp-Image-2026-03-12-at-15.54.43-2-488x326.jpeg"},"property-detail-video-image":{"file":"WhatsApp-Image-2026-03-12-at-15.54.43-2-818x417.jpeg","width":818,"height":417,"mime-type":"image\/jpeg","filesize":63376,"url":"https:\/\/media.benalmadena-property.com\/2026\/04\/WhatsApp-Image-2026-03-12-at-15.54.43-2-818x417.jpeg"},"agent-image":{"file":"WhatsApp-Image-2026-03-12-at-15.54.43-2-210x210.jpeg","width":210,"height":210,"mime-type":"image\/jpeg","filesize":11172,"url":"https:\/\/media.benalmadena-property.com\/2026\/04\/WhatsApp-Image-2026-03-12-at-15.54.43-2-210x210.jpeg"},"partners-logo":{"file":"WhatsApp-Image-2026-03-12-at-15.54.43-2-600x720.jpeg","width":600,"height":720,"mime-type":"image\/jpeg","filesize":83145,"url":"https:\/\/media.benalmadena-property.com\/2026\/04\/WhatsApp-Image-2026-03-12-at-15.54.43-2-600x720.jpeg"},"gallery-two-column-image":{"file":"WhatsApp-Image-2026-03-12-at-15.54.43-2-536x269.jpeg","width":536,"height":269,"mime-type":"image\/jpeg","filesize":29751,"url":"https:\/\/media.benalmadena-property.com\/2026\/04\/WhatsApp-Image-2026-03-12-at-15.54.43-2-536x269.jpeg"},"property-detail-slider-image-two":{"file":"WhatsApp-Image-2026-03-12-at-15.54.43-2-1170x648.jpeg","width":1170,"height":648,"mime-type":"image\/jpeg","filesize":126651,"url":"https:\/\/media.benalmadena-property.com\/2026\/04\/WhatsApp-Image-2026-03-12-at-15.54.43-2-1170x648.jpeg"},"property-detail-slider-thumb":{"file":"WhatsApp-Image-2026-03-12-at-15.54.43-2-82x60.jpeg","width":82,"height":60,"mime-type":"image\/jpeg","filesize":2184,"url":"https:\/\/media.benalmadena-property.com\/2026\/04\/WhatsApp-Image-2026-03-12-at-15.54.43-2-82x60.jpeg"}},"image_meta":{"aperture":"0","credit":"","camera":"","caption":"","created_timestamp":"0","copyright":"","focal_length":"0","iso":"0","shutter_speed":"0","title":"","orientation":"0","keywords":[]},"ID":"18744","name":"WhatsApp-Image-2026-03-12-at-15.54.43-2.jpeg","path":"\/var\/www\/vhosts\/benalmadena-property.com\/httpdocs\/wp-content\/uploads\/2026\/04\/WhatsApp-Image-2026-03-12-at-15.54.43-2.jpeg","url":"https:\/\/media.benalmadena-property.com\/2026\/04\/WhatsApp-Image-2026-03-12-at-15.54.43-2-150x150.jpeg","full_url":"https:\/\/media.benalmadena-property.com\/2026\/04\/WhatsApp-Image-2026-03-12-at-15.54.43-2.jpeg","title":"WhatsApp Image 2026-03-12 at 15.54.43 (2)","caption":"","description":"","alt":"","srcset":"https:\/\/media.benalmadena-property.com\/2026\/04\/WhatsApp-Image-2026-03-12-at-15.54.43-2-150x150.jpeg 150w, https:\/\/media.benalmadena-property.com\/2026\/04\/WhatsApp-Image-2026-03-12-at-15.54.43-2-210x210.jpeg 210w"},{"width":150,"height":150,"file":"2026\/04\/WhatsApp-Image-2026-03-12-at-15.54.43-3.jpeg","filesize":155164,"sizes":{"medium":{"file":"WhatsApp-Image-2026-03-12-at-15.54.43-3-300x169.jpeg","width":300,"height":169,"mime-type":"image\/jpeg","filesize":12555,"url":"https:\/\/media.benalmadena-property.com\/2026\/04\/WhatsApp-Image-2026-03-12-at-15.54.43-3-300x169.jpeg"},"large":{"file":"WhatsApp-Image-2026-03-12-at-15.54.43-3-1024x576.jpeg","width":1024,"height":576,"mime-type":"image\/jpeg","filesize":100162,"url":"https:\/\/media.benalmadena-property.com\/2026\/04\/WhatsApp-Image-2026-03-12-at-15.54.43-3-1024x576.jpeg"},"thumbnail":{"file":"WhatsApp-Image-2026-03-12-at-15.54.43-3-150x150.jpeg","width":150,"height":150,"mime-type":"image\/jpeg","filesize":6638,"url":"https:\/\/media.benalmadena-property.com\/2026\/04\/WhatsApp-Image-2026-03-12-at-15.54.43-3-150x150.jpeg"},"medium_large":{"file":"WhatsApp-Image-2026-03-12-at-15.54.43-3-768x432.jpeg","width":768,"height":432,"mime-type":"image\/jpeg","filesize":60057,"url":"https:\/\/media.benalmadena-property.com\/2026\/04\/WhatsApp-Image-2026-03-12-at-15.54.43-3-768x432.jpeg"},"post-thumbnail":{"file":"WhatsApp-Image-2026-03-12-at-15.54.43-3-150x84.jpeg","width":150,"height":84,"mime-type":"image\/jpeg","filesize":4245,"url":"https:\/\/media.benalmadena-property.com\/2026\/04\/WhatsApp-Image-2026-03-12-at-15.54.43-3-150x84.jpeg"},"modern-property-child-slider":{"file":"WhatsApp-Image-2026-03-12-at-15.54.43-3-680x510.jpeg","width":680,"height":510,"mime-type":"image\/jpeg","filesize":62776,"url":"https:\/\/media.benalmadena-property.com\/2026\/04\/WhatsApp-Image-2026-03-12-at-15.54.43-3-680x510.jpeg"},"property-thumb-image":{"file":"WhatsApp-Image-2026-03-12-at-15.54.43-3-488x326.jpeg","width":488,"height":326,"mime-type":"image\/jpeg","filesize":32044,"url":"https:\/\/media.benalmadena-property.com\/2026\/04\/WhatsApp-Image-2026-03-12-at-15.54.43-3-488x326.jpeg"},"property-detail-video-image":{"file":"WhatsApp-Image-2026-03-12-at-15.54.43-3-818x417.jpeg","width":818,"height":417,"mime-type":"image\/jpeg","filesize":62637,"url":"https:\/\/media.benalmadena-property.com\/2026\/04\/WhatsApp-Image-2026-03-12-at-15.54.43-3-818x417.jpeg"},"agent-image":{"file":"WhatsApp-Image-2026-03-12-at-15.54.43-3-210x210.jpeg","width":210,"height":210,"mime-type":"image\/jpeg","filesize":11603,"url":"https:\/\/media.benalmadena-property.com\/2026\/04\/WhatsApp-Image-2026-03-12-at-15.54.43-3-210x210.jpeg"},"partners-logo":{"file":"WhatsApp-Image-2026-03-12-at-15.54.43-3-600x720.jpeg","width":600,"height":720,"mime-type":"image\/jpeg","filesize":88464,"url":"https:\/\/media.benalmadena-property.com\/2026\/04\/WhatsApp-Image-2026-03-12-at-15.54.43-3-600x720.jpeg"},"gallery-two-column-image":{"file":"WhatsApp-Image-2026-03-12-at-15.54.43-3-536x269.jpeg","width":536,"height":269,"mime-type":"image\/jpeg","filesize":29221,"url":"https:\/\/media.benalmadena-property.com\/2026\/04\/WhatsApp-Image-2026-03-12-at-15.54.43-3-536x269.jpeg"},"property-detail-slider-image-two":{"file":"WhatsApp-Image-2026-03-12-at-15.54.43-3-1170x648.jpeg","width":1170,"height":648,"mime-type":"image\/jpeg","filesize":128241,"url":"https:\/\/media.benalmadena-property.com\/2026\/04\/WhatsApp-Image-2026-03-12-at-15.54.43-3-1170x648.jpeg"},"property-detail-slider-thumb":{"file":"WhatsApp-Image-2026-03-12-at-15.54.43-3-82x60.jpeg","width":82,"height":60,"mime-type":"image\/jpeg","filesize":2105,"url":"https:\/\/media.benalmadena-property.com\/2026\/04\/WhatsApp-Image-2026-03-12-at-15.54.43-3-82x60.jpeg"}},"image_meta":{"aperture":"0","credit":"","camera":"","caption":"","created_timestamp":"0","copyright":"","focal_length":"0","iso":"0","shutter_speed":"0","title":"","orientation":"0","keywords":[]},"ID":"18747","name":"WhatsApp-Image-2026-03-12-at-15.54.43-3.jpeg","path":"\/var\/www\/vhosts\/benalmadena-property.com\/httpdocs\/wp-content\/uploads\/2026\/04\/WhatsApp-Image-2026-03-12-at-15.54.43-3.jpeg","url":"https:\/\/media.benalmadena-property.com\/2026\/04\/WhatsApp-Image-2026-03-12-at-15.54.43-3-150x150.jpeg","full_url":"https:\/\/media.benalmadena-property.com\/2026\/04\/WhatsApp-Image-2026-03-12-at-15.54.43-3.jpeg","title":"WhatsApp Image 2026-03-12 at 15.54.43 (3)","caption":"","description":"","alt":"","srcset":"https:\/\/media.benalmadena-property.com\/2026\/04\/WhatsApp-Image-2026-03-12-at-15.54.43-3-150x150.jpeg 150w, https:\/\/media.benalmadena-property.com\/2026\/04\/WhatsApp-Image-2026-03-12-at-15.54.43-3-210x210.jpeg 210w"},{"width":150,"height":150,"file":"2026\/04\/WhatsApp-Image-2026-03-12-at-15.54.40.jpeg","filesize":123496,"sizes":{"medium":{"file":"WhatsApp-Image-2026-03-12-at-15.54.40-300x169.jpeg","width":300,"height":169,"mime-type":"image\/jpeg","filesize":10146,"url":"https:\/\/media.benalmadena-property.com\/2026\/04\/WhatsApp-Image-2026-03-12-at-15.54.40-300x169.jpeg"},"large":{"file":"WhatsApp-Image-2026-03-12-at-15.54.40-1024x576.jpeg","width":1024,"height":576,"mime-type":"image\/jpeg","filesize":90105,"url":"https:\/\/media.benalmadena-property.com\/2026\/04\/WhatsApp-Image-2026-03-12-at-15.54.40-1024x576.jpeg"},"thumbnail":{"file":"WhatsApp-Image-2026-03-12-at-15.54.40-150x150.jpeg","width":150,"height":150,"mime-type":"image\/jpeg","filesize":5890,"url":"https:\/\/media.benalmadena-property.com\/2026\/04\/WhatsApp-Image-2026-03-12-at-15.54.40-150x150.jpeg"},"medium_large":{"file":"WhatsApp-Image-2026-03-12-at-15.54.40-768x432.jpeg","width":768,"height":432,"mime-type":"image\/jpeg","filesize":52036,"url":"https:\/\/media.benalmadena-property.com\/2026\/04\/WhatsApp-Image-2026-03-12-at-15.54.40-768x432.jpeg"},"post-thumbnail":{"file":"WhatsApp-Image-2026-03-12-at-15.54.40-150x84.jpeg","width":150,"height":84,"mime-type":"image\/jpeg","filesize":3595,"url":"https:\/\/media.benalmadena-property.com\/2026\/04\/WhatsApp-Image-2026-03-12-at-15.54.40-150x84.jpeg"},"modern-property-child-slider":{"file":"WhatsApp-Image-2026-03-12-at-15.54.40-680x510.jpeg","width":680,"height":510,"mime-type":"image\/jpeg","filesize":57351,"url":"https:\/\/media.benalmadena-property.com\/2026\/04\/WhatsApp-Image-2026-03-12-at-15.54.40-680x510.jpeg"},"property-thumb-image":{"file":"WhatsApp-Image-2026-03-12-at-15.54.40-488x326.jpeg","width":488,"height":326,"mime-type":"image\/jpeg","filesize":27248,"url":"https:\/\/media.benalmadena-property.com\/2026\/04\/WhatsApp-Image-2026-03-12-at-15.54.40-488x326.jpeg"},"property-detail-video-image":{"file":"WhatsApp-Image-2026-03-12-at-15.54.40-818x417.jpeg","width":818,"height":417,"mime-type":"image\/jpeg","filesize":54672,"url":"https:\/\/media.benalmadena-property.com\/2026\/04\/WhatsApp-Image-2026-03-12-at-15.54.40-818x417.jpeg"},"agent-image":{"file":"WhatsApp-Image-2026-03-12-at-15.54.40-210x210.jpeg","width":210,"height":210,"mime-type":"image\/jpeg","filesize":10069,"url":"https:\/\/media.benalmadena-property.com\/2026\/04\/WhatsApp-Image-2026-03-12-at-15.54.40-210x210.jpeg"},"partners-logo":{"file":"WhatsApp-Image-2026-03-12-at-15.54.40-600x720.jpeg","width":600,"height":720,"mime-type":"image\/jpeg","filesize":85741,"url":"https:\/\/media.benalmadena-property.com\/2026\/04\/WhatsApp-Image-2026-03-12-at-15.54.40-600x720.jpeg"},"gallery-two-column-image":{"file":"WhatsApp-Image-2026-03-12-at-15.54.40-536x269.jpeg","width":536,"height":269,"mime-type":"image\/jpeg","filesize":24344,"url":"https:\/\/media.benalmadena-property.com\/2026\/04\/WhatsApp-Image-2026-03-12-at-15.54.40-536x269.jpeg"},"property-detail-slider-image-two":{"file":"WhatsApp-Image-2026-03-12-at-15.54.40-1170x648.jpeg","width":1170,"height":648,"mime-type":"image\/jpeg","filesize":115874,"url":"https:\/\/media.benalmadena-property.com\/2026\/04\/WhatsApp-Image-2026-03-12-at-15.54.40-1170x648.jpeg"},"property-detail-slider-thumb":{"file":"WhatsApp-Image-2026-03-12-at-15.54.40-82x60.jpeg","width":82,"height":60,"mime-type":"image\/jpeg","filesize":1923,"url":"https:\/\/media.benalmadena-property.com\/2026\/04\/WhatsApp-Image-2026-03-12-at-15.54.40-82x60.jpeg"}},"image_meta":{"aperture":"0","credit":"","camera":"","caption":"","created_timestamp":"0","copyright":"","focal_length":"0","iso":"0","shutter_speed":"0","title":"","orientation":"0","keywords":[]},"ID":"18717","name":"WhatsApp-Image-2026-03-12-at-15.54.40.jpeg","path":"\/var\/www\/vhosts\/benalmadena-property.com\/httpdocs\/wp-content\/uploads\/2026\/04\/WhatsApp-Image-2026-03-12-at-15.54.40.jpeg","url":"https:\/\/media.benalmadena-property.com\/2026\/04\/WhatsApp-Image-2026-03-12-at-15.54.40-150x150.jpeg","full_url":"https:\/\/media.benalmadena-property.com\/2026\/04\/WhatsApp-Image-2026-03-12-at-15.54.40.jpeg","title":"WhatsApp Image 2026-03-12 at 15.54.40","caption":"","description":"","alt":"","srcset":"https:\/\/media.benalmadena-property.com\/2026\/04\/WhatsApp-Image-2026-03-12-at-15.54.40-150x150.jpeg 150w, https:\/\/media.benalmadena-property.com\/2026\/04\/WhatsApp-Image-2026-03-12-at-15.54.40-210x210.jpeg 210w"},{"width":150,"height":150,"file":"2026\/04\/WhatsApp-Image-2026-03-12-at-15.54.40-1.jpeg","filesize":114001,"sizes":{"medium":{"file":"WhatsApp-Image-2026-03-12-at-15.54.40-1-300x169.jpeg","width":300,"height":169,"mime-type":"image\/jpeg","filesize":10225,"url":"https:\/\/media.benalmadena-property.com\/2026\/04\/WhatsApp-Image-2026-03-12-at-15.54.40-1-300x169.jpeg"},"large":{"file":"WhatsApp-Image-2026-03-12-at-15.54.40-1-1024x576.jpeg","width":1024,"height":576,"mime-type":"image\/jpeg","filesize":85660,"url":"https:\/\/media.benalmadena-property.com\/2026\/04\/WhatsApp-Image-2026-03-12-at-15.54.40-1-1024x576.jpeg"},"thumbnail":{"file":"WhatsApp-Image-2026-03-12-at-15.54.40-1-150x150.jpeg","width":150,"height":150,"mime-type":"image\/jpeg","filesize":4426,"url":"https:\/\/media.benalmadena-property.com\/2026\/04\/WhatsApp-Image-2026-03-12-at-15.54.40-1-150x150.jpeg"},"medium_large":{"file":"WhatsApp-Image-2026-03-12-at-15.54.40-1-768x432.jpeg","width":768,"height":432,"mime-type":"image\/jpeg","filesize":50765,"url":"https:\/\/media.benalmadena-property.com\/2026\/04\/WhatsApp-Image-2026-03-12-at-15.54.40-1-768x432.jpeg"},"post-thumbnail":{"file":"WhatsApp-Image-2026-03-12-at-15.54.40-1-150x84.jpeg","width":150,"height":84,"mime-type":"image\/jpeg","filesize":3483,"url":"https:\/\/media.benalmadena-property.com\/2026\/04\/WhatsApp-Image-2026-03-12-at-15.54.40-1-150x84.jpeg"},"modern-property-child-slider":{"file":"WhatsApp-Image-2026-03-12-at-15.54.40-1-680x510.jpeg","width":680,"height":510,"mime-type":"image\/jpeg","filesize":50239,"url":"https:\/\/media.benalmadena-property.com\/2026\/04\/WhatsApp-Image-2026-03-12-at-15.54.40-1-680x510.jpeg"},"property-thumb-image":{"file":"WhatsApp-Image-2026-03-12-at-15.54.40-1-488x326.jpeg","width":488,"height":326,"mime-type":"image\/jpeg","filesize":24969,"url":"https:\/\/media.benalmadena-property.com\/2026\/04\/WhatsApp-Image-2026-03-12-at-15.54.40-1-488x326.jpeg"},"property-detail-video-image":{"file":"WhatsApp-Image-2026-03-12-at-15.54.40-1-818x417.jpeg","width":818,"height":417,"mime-type":"image\/jpeg","filesize":52988,"url":"https:\/\/media.benalmadena-property.com\/2026\/04\/WhatsApp-Image-2026-03-12-at-15.54.40-1-818x417.jpeg"},"agent-image":{"file":"WhatsApp-Image-2026-03-12-at-15.54.40-1-210x210.jpeg","width":210,"height":210,"mime-type":"image\/jpeg","filesize":7774,"url":"https:\/\/media.benalmadena-property.com\/2026\/04\/WhatsApp-Image-2026-03-12-at-15.54.40-1-210x210.jpeg"},"partners-logo":{"file":"WhatsApp-Image-2026-03-12-at-15.54.40-1-600x720.jpeg","width":600,"height":720,"mime-type":"image\/jpeg","filesize":66872,"url":"https:\/\/media.benalmadena-property.com\/2026\/04\/WhatsApp-Image-2026-03-12-at-15.54.40-1-600x720.jpeg"},"gallery-two-column-image":{"file":"WhatsApp-Image-2026-03-12-at-15.54.40-1-536x269.jpeg","width":536,"height":269,"mime-type":"image\/jpeg","filesize":24009,"url":"https:\/\/media.benalmadena-property.com\/2026\/04\/WhatsApp-Image-2026-03-12-at-15.54.40-1-536x269.jpeg"},"property-detail-slider-image-two":{"file":"WhatsApp-Image-2026-03-12-at-15.54.40-1-1170x648.jpeg","width":1170,"height":648,"mime-type":"image\/jpeg","filesize":108220,"url":"https:\/\/media.benalmadena-property.com\/2026\/04\/WhatsApp-Image-2026-03-12-at-15.54.40-1-1170x648.jpeg"},"property-detail-slider-thumb":{"file":"WhatsApp-Image-2026-03-12-at-15.54.40-1-82x60.jpeg","width":82,"height":60,"mime-type":"image\/jpeg","filesize":1730,"url":"https:\/\/media.benalmadena-property.com\/2026\/04\/WhatsApp-Image-2026-03-12-at-15.54.40-1-82x60.jpeg"}},"image_meta":{"aperture":"0","credit":"","camera":"","caption":"","created_timestamp":"0","copyright":"","focal_length":"0","iso":"0","shutter_speed":"0","title":"","orientation":"0","keywords":[]},"ID":"18711","name":"WhatsApp-Image-2026-03-12-at-15.54.40-1.jpeg","path":"\/var\/www\/vhosts\/benalmadena-property.com\/httpdocs\/wp-content\/uploads\/2026\/04\/WhatsApp-Image-2026-03-12-at-15.54.40-1.jpeg","url":"https:\/\/media.benalmadena-property.com\/2026\/04\/WhatsApp-Image-2026-03-12-at-15.54.40-1-150x150.jpeg","full_url":"https:\/\/media.benalmadena-property.com\/2026\/04\/WhatsApp-Image-2026-03-12-at-15.54.40-1.jpeg","title":"WhatsApp Image 2026-03-12 at 15.54.40 (1)","caption":"","description":"","alt":"","srcset":"https:\/\/media.benalmadena-property.com\/2026\/04\/WhatsApp-Image-2026-03-12-at-15.54.40-1-150x150.jpeg 150w, https:\/\/media.benalmadena-property.com\/2026\/04\/WhatsApp-Image-2026-03-12-at-15.54.40-1-210x210.jpeg 210w"},{"width":150,"height":150,"file":"2026\/04\/WhatsApp-Image-2026-03-12-at-15.54.40-2.jpeg","filesize":125787,"sizes":{"medium":{"file":"WhatsApp-Image-2026-03-12-at-15.54.40-2-300x169.jpeg","width":300,"height":169,"mime-type":"image\/jpeg","filesize":10401,"url":"https:\/\/media.benalmadena-property.com\/2026\/04\/WhatsApp-Image-2026-03-12-at-15.54.40-2-300x169.jpeg"},"large":{"file":"WhatsApp-Image-2026-03-12-at-15.54.40-2-1024x576.jpeg","width":1024,"height":576,"mime-type":"image\/jpeg","filesize":93021,"url":"https:\/\/media.benalmadena-property.com\/2026\/04\/WhatsApp-Image-2026-03-12-at-15.54.40-2-1024x576.jpeg"},"thumbnail":{"file":"WhatsApp-Image-2026-03-12-at-15.54.40-2-150x150.jpeg","width":150,"height":150,"mime-type":"image\/jpeg","filesize":5342,"url":"https:\/\/media.benalmadena-property.com\/2026\/04\/WhatsApp-Image-2026-03-12-at-15.54.40-2-150x150.jpeg"},"medium_large":{"file":"WhatsApp-Image-2026-03-12-at-15.54.40-2-768x432.jpeg","width":768,"height":432,"mime-type":"image\/jpeg","filesize":54583,"url":"https:\/\/media.benalmadena-property.com\/2026\/04\/WhatsApp-Image-2026-03-12-at-15.54.40-2-768x432.jpeg"},"post-thumbnail":{"file":"WhatsApp-Image-2026-03-12-at-15.54.40-2-150x84.jpeg","width":150,"height":84,"mime-type":"image\/jpeg","filesize":3478,"url":"https:\/\/media.benalmadena-property.com\/2026\/04\/WhatsApp-Image-2026-03-12-at-15.54.40-2-150x84.jpeg"},"modern-property-child-slider":{"file":"WhatsApp-Image-2026-03-12-at-15.54.40-2-680x510.jpeg","width":680,"height":510,"mime-type":"image\/jpeg","filesize":60010,"url":"https:\/\/media.benalmadena-property.com\/2026\/04\/WhatsApp-Image-2026-03-12-at-15.54.40-2-680x510.jpeg"},"property-thumb-image":{"file":"WhatsApp-Image-2026-03-12-at-15.54.40-2-488x326.jpeg","width":488,"height":326,"mime-type":"image\/jpeg","filesize":28024,"url":"https:\/\/media.benalmadena-property.com\/2026\/04\/WhatsApp-Image-2026-03-12-at-15.54.40-2-488x326.jpeg"},"property-detail-video-image":{"file":"WhatsApp-Image-2026-03-12-at-15.54.40-2-818x417.jpeg","width":818,"height":417,"mime-type":"image\/jpeg","filesize":57330,"url":"https:\/\/media.benalmadena-property.com\/2026\/04\/WhatsApp-Image-2026-03-12-at-15.54.40-2-818x417.jpeg"},"agent-image":{"file":"WhatsApp-Image-2026-03-12-at-15.54.40-2-210x210.jpeg","width":210,"height":210,"mime-type":"image\/jpeg","filesize":9765,"url":"https:\/\/media.benalmadena-property.com\/2026\/04\/WhatsApp-Image-2026-03-12-at-15.54.40-2-210x210.jpeg"},"partners-logo":{"file":"WhatsApp-Image-2026-03-12-at-15.54.40-2-600x720.jpeg","width":600,"height":720,"mime-type":"image\/jpeg","filesize":92082,"url":"https:\/\/media.benalmadena-property.com\/2026\/04\/WhatsApp-Image-2026-03-12-at-15.54.40-2-600x720.jpeg"},"gallery-two-column-image":{"file":"WhatsApp-Image-2026-03-12-at-15.54.40-2-536x269.jpeg","width":536,"height":269,"mime-type":"image\/jpeg","filesize":25734,"url":"https:\/\/media.benalmadena-property.com\/2026\/04\/WhatsApp-Image-2026-03-12-at-15.54.40-2-536x269.jpeg"},"property-detail-slider-image-two":{"file":"WhatsApp-Image-2026-03-12-at-15.54.40-2-1170x648.jpeg","width":1170,"height":648,"mime-type":"image\/jpeg","filesize":118042,"url":"https:\/\/media.benalmadena-property.com\/2026\/04\/WhatsApp-Image-2026-03-12-at-15.54.40-2-1170x648.jpeg"},"property-detail-slider-thumb":{"file":"WhatsApp-Image-2026-03-12-at-15.54.40-2-82x60.jpeg","width":82,"height":60,"mime-type":"image\/jpeg","filesize":1773,"url":"https:\/\/media.benalmadena-property.com\/2026\/04\/WhatsApp-Image-2026-03-12-at-15.54.40-2-82x60.jpeg"}},"image_meta":{"aperture":"0","credit":"","camera":"","caption":"","created_timestamp":"0","copyright":"","focal_length":"0","iso":"0","shutter_speed":"0","title":"","orientation":"0","keywords":[]},"ID":"18714","name":"WhatsApp-Image-2026-03-12-at-15.54.40-2.jpeg","path":"\/var\/www\/vhosts\/benalmadena-property.com\/httpdocs\/wp-content\/uploads\/2026\/04\/WhatsApp-Image-2026-03-12-at-15.54.40-2.jpeg","url":"https:\/\/media.benalmadena-property.com\/2026\/04\/WhatsApp-Image-2026-03-12-at-15.54.40-2-150x150.jpeg","full_url":"https:\/\/media.benalmadena-property.com\/2026\/04\/WhatsApp-Image-2026-03-12-at-15.54.40-2.jpeg","title":"WhatsApp Image 2026-03-12 at 15.54.40 (2)","caption":"","description":"","alt":"","srcset":"https:\/\/media.benalmadena-property.com\/2026\/04\/WhatsApp-Image-2026-03-12-at-15.54.40-2-150x150.jpeg 150w, https:\/\/media.benalmadena-property.com\/2026\/04\/WhatsApp-Image-2026-03-12-at-15.54.40-2-210x210.jpeg 210w"},{"width":150,"height":150,"file":"2026\/04\/WhatsApp-Image-2026-03-12-at-15.54.43-4.jpeg","filesize":127046,"sizes":{"medium":{"file":"WhatsApp-Image-2026-03-12-at-15.54.43-4-300x169.jpeg","width":300,"height":169,"mime-type":"image\/jpeg","filesize":10591,"url":"https:\/\/media.benalmadena-property.com\/2026\/04\/WhatsApp-Image-2026-03-12-at-15.54.43-4-300x169.jpeg"},"large":{"file":"WhatsApp-Image-2026-03-12-at-15.54.43-4-1024x576.jpeg","width":1024,"height":576,"mime-type":"image\/jpeg","filesize":85280,"url":"https:\/\/media.benalmadena-property.com\/2026\/04\/WhatsApp-Image-2026-03-12-at-15.54.43-4-1024x576.jpeg"},"thumbnail":{"file":"WhatsApp-Image-2026-03-12-at-15.54.43-4-150x150.jpeg","width":150,"height":150,"mime-type":"image\/jpeg","filesize":5730,"url":"https:\/\/media.benalmadena-property.com\/2026\/04\/WhatsApp-Image-2026-03-12-at-15.54.43-4-150x150.jpeg"},"medium_large":{"file":"WhatsApp-Image-2026-03-12-at-15.54.43-4-768x432.jpeg","width":768,"height":432,"mime-type":"image\/jpeg","filesize":52358,"url":"https:\/\/media.benalmadena-property.com\/2026\/04\/WhatsApp-Image-2026-03-12-at-15.54.43-4-768x432.jpeg"},"post-thumbnail":{"file":"WhatsApp-Image-2026-03-12-at-15.54.43-4-150x84.jpeg","width":150,"height":84,"mime-type":"image\/jpeg","filesize":3666,"url":"https:\/\/media.benalmadena-property.com\/2026\/04\/WhatsApp-Image-2026-03-12-at-15.54.43-4-150x84.jpeg"},"modern-property-child-slider":{"file":"WhatsApp-Image-2026-03-12-at-15.54.43-4-680x510.jpeg","width":680,"height":510,"mime-type":"image\/jpeg","filesize":59687,"url":"https:\/\/media.benalmadena-property.com\/2026\/04\/WhatsApp-Image-2026-03-12-at-15.54.43-4-680x510.jpeg"},"property-thumb-image":{"file":"WhatsApp-Image-2026-03-12-at-15.54.43-4-488x326.jpeg","width":488,"height":326,"mime-type":"image\/jpeg","filesize":29566,"url":"https:\/\/media.benalmadena-property.com\/2026\/04\/WhatsApp-Image-2026-03-12-at-15.54.43-4-488x326.jpeg"},"property-detail-video-image":{"file":"WhatsApp-Image-2026-03-12-at-15.54.43-4-818x417.jpeg","width":818,"height":417,"mime-type":"image\/jpeg","filesize":54540,"url":"https:\/\/media.benalmadena-property.com\/2026\/04\/WhatsApp-Image-2026-03-12-at-15.54.43-4-818x417.jpeg"},"agent-image":{"file":"WhatsApp-Image-2026-03-12-at-15.54.43-4-210x210.jpeg","width":210,"height":210,"mime-type":"image\/jpeg","filesize":10213,"url":"https:\/\/media.benalmadena-property.com\/2026\/04\/WhatsApp-Image-2026-03-12-at-15.54.43-4-210x210.jpeg"},"partners-logo":{"file":"WhatsApp-Image-2026-03-12-at-15.54.43-4-600x720.jpeg","width":600,"height":720,"mime-type":"image\/jpeg","filesize":77959,"url":"https:\/\/media.benalmadena-property.com\/2026\/04\/WhatsApp-Image-2026-03-12-at-15.54.43-4-600x720.jpeg"},"gallery-two-column-image":{"file":"WhatsApp-Image-2026-03-12-at-15.54.43-4-536x269.jpeg","width":536,"height":269,"mime-type":"image\/jpeg","filesize":25523,"url":"https:\/\/media.benalmadena-property.com\/2026\/04\/WhatsApp-Image-2026-03-12-at-15.54.43-4-536x269.jpeg"},"property-detail-slider-image-two":{"file":"WhatsApp-Image-2026-03-12-at-15.54.43-4-1170x648.jpeg","width":1170,"height":648,"mime-type":"image\/jpeg","filesize":106560,"url":"https:\/\/media.benalmadena-property.com\/2026\/04\/WhatsApp-Image-2026-03-12-at-15.54.43-4-1170x648.jpeg"},"property-detail-slider-thumb":{"file":"WhatsApp-Image-2026-03-12-at-15.54.43-4-82x60.jpeg","width":82,"height":60,"mime-type":"image\/jpeg","filesize":1952,"url":"https:\/\/media.benalmadena-property.com\/2026\/04\/WhatsApp-Image-2026-03-12-at-15.54.43-4-82x60.jpeg"}},"image_meta":{"aperture":"0","credit":"","camera":"","caption":"","created_timestamp":"0","copyright":"","focal_length":"0","iso":"0","shutter_speed":"0","title":"","orientation":"0","keywords":[]},"ID":"18750","name":"WhatsApp-Image-2026-03-12-at-15.54.43-4.jpeg","path":"\/var\/www\/vhosts\/benalmadena-property.com\/httpdocs\/wp-content\/uploads\/2026\/04\/WhatsApp-Image-2026-03-12-at-15.54.43-4.jpeg","url":"https:\/\/media.benalmadena-property.com\/2026\/04\/WhatsApp-Image-2026-03-12-at-15.54.43-4-150x150.jpeg","full_url":"https:\/\/media.benalmadena-property.com\/2026\/04\/WhatsApp-Image-2026-03-12-at-15.54.43-4.jpeg","title":"WhatsApp Image 2026-03-12 at 15.54.43 (4)","caption":"","description":"","alt":"","srcset":"https:\/\/media.benalmadena-property.com\/2026\/04\/WhatsApp-Image-2026-03-12-at-15.54.43-4-150x150.jpeg 150w, https:\/\/media.benalmadena-property.com\/2026\/04\/WhatsApp-Image-2026-03-12-at-15.54.43-4-210x210.jpeg 210w"},{"width":150,"height":150,"file":"2026\/04\/WhatsApp-Image-2026-03-12-at-15.54.39-1.jpeg","filesize":134946,"sizes":{"medium":{"file":"WhatsApp-Image-2026-03-12-at-15.54.39-1-300x169.jpeg","width":300,"height":169,"mime-type":"image\/jpeg","filesize":11032,"url":"https:\/\/media.benalmadena-property.com\/2026\/04\/WhatsApp-Image-2026-03-12-at-15.54.39-1-300x169.jpeg"},"large":{"file":"WhatsApp-Image-2026-03-12-at-15.54.39-1-1024x576.jpeg","width":1024,"height":576,"mime-type":"image\/jpeg","filesize":99904,"url":"https:\/\/media.benalmadena-property.com\/2026\/04\/WhatsApp-Image-2026-03-12-at-15.54.39-1-1024x576.jpeg"},"thumbnail":{"file":"WhatsApp-Image-2026-03-12-at-15.54.39-1-150x150.jpeg","width":150,"height":150,"mime-type":"image\/jpeg","filesize":5681,"url":"https:\/\/media.benalmadena-property.com\/2026\/04\/WhatsApp-Image-2026-03-12-at-15.54.39-1-150x150.jpeg"},"medium_large":{"file":"WhatsApp-Image-2026-03-12-at-15.54.39-1-768x432.jpeg","width":768,"height":432,"mime-type":"image\/jpeg","filesize":58417,"url":"https:\/\/media.benalmadena-property.com\/2026\/04\/WhatsApp-Image-2026-03-12-at-15.54.39-1-768x432.jpeg"},"post-thumbnail":{"file":"WhatsApp-Image-2026-03-12-at-15.54.39-1-150x84.jpeg","width":150,"height":84,"mime-type":"image\/jpeg","filesize":3522,"url":"https:\/\/media.benalmadena-property.com\/2026\/04\/WhatsApp-Image-2026-03-12-at-15.54.39-1-150x84.jpeg"},"modern-property-child-slider":{"file":"WhatsApp-Image-2026-03-12-at-15.54.39-1-680x510.jpeg","width":680,"height":510,"mime-type":"image\/jpeg","filesize":64674,"url":"https:\/\/media.benalmadena-property.com\/2026\/04\/WhatsApp-Image-2026-03-12-at-15.54.39-1-680x510.jpeg"},"property-thumb-image":{"file":"WhatsApp-Image-2026-03-12-at-15.54.39-1-488x326.jpeg","width":488,"height":326,"mime-type":"image\/jpeg","filesize":30944,"url":"https:\/\/media.benalmadena-property.com\/2026\/04\/WhatsApp-Image-2026-03-12-at-15.54.39-1-488x326.jpeg"},"property-detail-video-image":{"file":"WhatsApp-Image-2026-03-12-at-15.54.39-1-818x417.jpeg","width":818,"height":417,"mime-type":"image\/jpeg","filesize":60587,"url":"https:\/\/media.benalmadena-property.com\/2026\/04\/WhatsApp-Image-2026-03-12-at-15.54.39-1-818x417.jpeg"},"agent-image":{"file":"WhatsApp-Image-2026-03-12-at-15.54.39-1-210x210.jpeg","width":210,"height":210,"mime-type":"image\/jpeg","filesize":10379,"url":"https:\/\/media.benalmadena-property.com\/2026\/04\/WhatsApp-Image-2026-03-12-at-15.54.39-1-210x210.jpeg"},"partners-logo":{"file":"WhatsApp-Image-2026-03-12-at-15.54.39-1-600x720.jpeg","width":600,"height":720,"mime-type":"image\/jpeg","filesize":92546,"url":"https:\/\/media.benalmadena-property.com\/2026\/04\/WhatsApp-Image-2026-03-12-at-15.54.39-1-600x720.jpeg"},"gallery-two-column-image":{"file":"WhatsApp-Image-2026-03-12-at-15.54.39-1-536x269.jpeg","width":536,"height":269,"mime-type":"image\/jpeg","filesize":27167,"url":"https:\/\/media.benalmadena-property.com\/2026\/04\/WhatsApp-Image-2026-03-12-at-15.54.39-1-536x269.jpeg"},"property-detail-slider-image-two":{"file":"WhatsApp-Image-2026-03-12-at-15.54.39-1-1170x648.jpeg","width":1170,"height":648,"mime-type":"image\/jpeg","filesize":127306,"url":"https:\/\/media.benalmadena-property.com\/2026\/04\/WhatsApp-Image-2026-03-12-at-15.54.39-1-1170x648.jpeg"},"property-detail-slider-thumb":{"file":"WhatsApp-Image-2026-03-12-at-15.54.39-1-82x60.jpeg","width":82,"height":60,"mime-type":"image\/jpeg","filesize":1787,"url":"https:\/\/media.benalmadena-property.com\/2026\/04\/WhatsApp-Image-2026-03-12-at-15.54.39-1-82x60.jpeg"}},"image_meta":{"aperture":"0","credit":"","camera":"","caption":"","created_timestamp":"0","copyright":"","focal_length":"0","iso":"0","shutter_speed":"0","title":"","orientation":"0","keywords":[]},"ID":"18702","name":"WhatsApp-Image-2026-03-12-at-15.54.39-1.jpeg","path":"\/var\/www\/vhosts\/benalmadena-property.com\/httpdocs\/wp-content\/uploads\/2026\/04\/WhatsApp-Image-2026-03-12-at-15.54.39-1.jpeg","url":"https:\/\/media.benalmadena-property.com\/2026\/04\/WhatsApp-Image-2026-03-12-at-15.54.39-1-150x150.jpeg","full_url":"https:\/\/media.benalmadena-property.com\/2026\/04\/WhatsApp-Image-2026-03-12-at-15.54.39-1.jpeg","title":"WhatsApp Image 2026-03-12 at 15.54.39 (1)","caption":"","description":"","alt":"","srcset":"https:\/\/media.benalmadena-property.com\/2026\/04\/WhatsApp-Image-2026-03-12-at-15.54.39-1-150x150.jpeg 150w, https:\/\/media.benalmadena-property.com\/2026\/04\/WhatsApp-Image-2026-03-12-at-15.54.39-1-210x210.jpeg 210w"},{"width":150,"height":150,"file":"2026\/04\/WhatsApp-Image-2026-03-12-at-15.54.39-2.jpeg","filesize":123447,"sizes":{"medium":{"file":"WhatsApp-Image-2026-03-12-at-15.54.39-2-300x169.jpeg","width":300,"height":169,"mime-type":"image\/jpeg","filesize":10195,"url":"https:\/\/media.benalmadena-property.com\/2026\/04\/WhatsApp-Image-2026-03-12-at-15.54.39-2-300x169.jpeg"},"large":{"file":"WhatsApp-Image-2026-03-12-at-15.54.39-2-1024x576.jpeg","width":1024,"height":576,"mime-type":"image\/jpeg","filesize":93684,"url":"https:\/\/media.benalmadena-property.com\/2026\/04\/WhatsApp-Image-2026-03-12-at-15.54.39-2-1024x576.jpeg"},"thumbnail":{"file":"WhatsApp-Image-2026-03-12-at-15.54.39-2-150x150.jpeg","width":150,"height":150,"mime-type":"image\/jpeg","filesize":5818,"url":"https:\/\/media.benalmadena-property.com\/2026\/04\/WhatsApp-Image-2026-03-12-at-15.54.39-2-150x150.jpeg"},"medium_large":{"file":"WhatsApp-Image-2026-03-12-at-15.54.39-2-768x432.jpeg","width":768,"height":432,"mime-type":"image\/jpeg","filesize":55100,"url":"https:\/\/media.benalmadena-property.com\/2026\/04\/WhatsApp-Image-2026-03-12-at-15.54.39-2-768x432.jpeg"},"post-thumbnail":{"file":"WhatsApp-Image-2026-03-12-at-15.54.39-2-150x84.jpeg","width":150,"height":84,"mime-type":"image\/jpeg","filesize":3275,"url":"https:\/\/media.benalmadena-property.com\/2026\/04\/WhatsApp-Image-2026-03-12-at-15.54.39-2-150x84.jpeg"},"modern-property-child-slider":{"file":"WhatsApp-Image-2026-03-12-at-15.54.39-2-680x510.jpeg","width":680,"height":510,"mime-type":"image\/jpeg","filesize":63089,"url":"https:\/\/media.benalmadena-property.com\/2026\/04\/WhatsApp-Image-2026-03-12-at-15.54.39-2-680x510.jpeg"},"property-thumb-image":{"file":"WhatsApp-Image-2026-03-12-at-15.54.39-2-488x326.jpeg","width":488,"height":326,"mime-type":"image\/jpeg","filesize":30068,"url":"https:\/\/media.benalmadena-property.com\/2026\/04\/WhatsApp-Image-2026-03-12-at-15.54.39-2-488x326.jpeg"},"property-detail-video-image":{"file":"WhatsApp-Image-2026-03-12-at-15.54.39-2-818x417.jpeg","width":818,"height":417,"mime-type":"image\/jpeg","filesize":57515,"url":"https:\/\/media.benalmadena-property.com\/2026\/04\/WhatsApp-Image-2026-03-12-at-15.54.39-2-818x417.jpeg"},"agent-image":{"file":"WhatsApp-Image-2026-03-12-at-15.54.39-2-210x210.jpeg","width":210,"height":210,"mime-type":"image\/jpeg","filesize":10570,"url":"https:\/\/media.benalmadena-property.com\/2026\/04\/WhatsApp-Image-2026-03-12-at-15.54.39-2-210x210.jpeg"},"partners-logo":{"file":"WhatsApp-Image-2026-03-12-at-15.54.39-2-600x720.jpeg","width":600,"height":720,"mime-type":"image\/jpeg","filesize":90175,"url":"https:\/\/media.benalmadena-property.com\/2026\/04\/WhatsApp-Image-2026-03-12-at-15.54.39-2-600x720.jpeg"},"gallery-two-column-image":{"file":"WhatsApp-Image-2026-03-12-at-15.54.39-2-536x269.jpeg","width":536,"height":269,"mime-type":"image\/jpeg","filesize":25821,"url":"https:\/\/media.benalmadena-property.com\/2026\/04\/WhatsApp-Image-2026-03-12-at-15.54.39-2-536x269.jpeg"},"property-detail-slider-image-two":{"file":"WhatsApp-Image-2026-03-12-at-15.54.39-2-1170x648.jpeg","width":1170,"height":648,"mime-type":"image\/jpeg","filesize":118430,"url":"https:\/\/media.benalmadena-property.com\/2026\/04\/WhatsApp-Image-2026-03-12-at-15.54.39-2-1170x648.jpeg"},"property-detail-slider-thumb":{"file":"WhatsApp-Image-2026-03-12-at-15.54.39-2-82x60.jpeg","width":82,"height":60,"mime-type":"image\/jpeg","filesize":1693,"url":"https:\/\/media.benalmadena-property.com\/2026\/04\/WhatsApp-Image-2026-03-12-at-15.54.39-2-82x60.jpeg"}},"image_meta":{"aperture":"0","credit":"","camera":"","caption":"","created_timestamp":"0","copyright":"","focal_length":"0","iso":"0","shutter_speed":"0","title":"","orientation":"0","keywords":[]},"ID":"18705","name":"WhatsApp-Image-2026-03-12-at-15.54.39-2.jpeg","path":"\/var\/www\/vhosts\/benalmadena-property.com\/httpdocs\/wp-content\/uploads\/2026\/04\/WhatsApp-Image-2026-03-12-at-15.54.39-2.jpeg","url":"https:\/\/media.benalmadena-property.com\/2026\/04\/WhatsApp-Image-2026-03-12-at-15.54.39-2-150x150.jpeg","full_url":"https:\/\/media.benalmadena-property.com\/2026\/04\/WhatsApp-Image-2026-03-12-at-15.54.39-2.jpeg","title":"WhatsApp Image 2026-03-12 at 15.54.39 (2)","caption":"","description":"","alt":"","srcset":"https:\/\/media.benalmadena-property.com\/2026\/04\/WhatsApp-Image-2026-03-12-at-15.54.39-2-150x150.jpeg 150w, https:\/\/media.benalmadena-property.com\/2026\/04\/WhatsApp-Image-2026-03-12-at-15.54.39-2-210x210.jpeg 210w"},{"width":150,"height":150,"file":"2026\/04\/WhatsApp-Image-2026-03-12-at-15.54.43-5.jpeg","filesize":149308,"sizes":{"medium":{"file":"WhatsApp-Image-2026-03-12-at-15.54.43-5-300x169.jpeg","width":300,"height":169,"mime-type":"image\/jpeg","filesize":12670,"url":"https:\/\/media.benalmadena-property.com\/2026\/04\/WhatsApp-Image-2026-03-12-at-15.54.43-5-300x169.jpeg"},"large":{"file":"WhatsApp-Image-2026-03-12-at-15.54.43-5-1024x576.jpeg","width":1024,"height":576,"mime-type":"image\/jpeg","filesize":102144,"url":"https:\/\/media.benalmadena-property.com\/2026\/04\/WhatsApp-Image-2026-03-12-at-15.54.43-5-1024x576.jpeg"},"thumbnail":{"file":"WhatsApp-Image-2026-03-12-at-15.54.43-5-150x150.jpeg","width":150,"height":150,"mime-type":"image\/jpeg","filesize":6055,"url":"https:\/\/media.benalmadena-property.com\/2026\/04\/WhatsApp-Image-2026-03-12-at-15.54.43-5-150x150.jpeg"},"medium_large":{"file":"WhatsApp-Image-2026-03-12-at-15.54.43-5-768x432.jpeg","width":768,"height":432,"mime-type":"image\/jpeg","filesize":63172,"url":"https:\/\/media.benalmadena-property.com\/2026\/04\/WhatsApp-Image-2026-03-12-at-15.54.43-5-768x432.jpeg"},"post-thumbnail":{"file":"WhatsApp-Image-2026-03-12-at-15.54.43-5-150x84.jpeg","width":150,"height":84,"mime-type":"image\/jpeg","filesize":3967,"url":"https:\/\/media.benalmadena-property.com\/2026\/04\/WhatsApp-Image-2026-03-12-at-15.54.43-5-150x84.jpeg"},"modern-property-child-slider":{"file":"WhatsApp-Image-2026-03-12-at-15.54.43-5-680x510.jpeg","width":680,"height":510,"mime-type":"image\/jpeg","filesize":64979,"url":"https:\/\/media.benalmadena-property.com\/2026\/04\/WhatsApp-Image-2026-03-12-at-15.54.43-5-680x510.jpeg"},"property-thumb-image":{"file":"WhatsApp-Image-2026-03-12-at-15.54.43-5-488x326.jpeg","width":488,"height":326,"mime-type":"image\/jpeg","filesize":33392,"url":"https:\/\/media.benalmadena-property.com\/2026\/04\/WhatsApp-Image-2026-03-12-at-15.54.43-5-488x326.jpeg"},"property-detail-video-image":{"file":"WhatsApp-Image-2026-03-12-at-15.54.43-5-818x417.jpeg","width":818,"height":417,"mime-type":"image\/jpeg","filesize":66078,"url":"https:\/\/media.benalmadena-property.com\/2026\/04\/WhatsApp-Image-2026-03-12-at-15.54.43-5-818x417.jpeg"},"agent-image":{"file":"WhatsApp-Image-2026-03-12-at-15.54.43-5-210x210.jpeg","width":210,"height":210,"mime-type":"image\/jpeg","filesize":10875,"url":"https:\/\/media.benalmadena-property.com\/2026\/04\/WhatsApp-Image-2026-03-12-at-15.54.43-5-210x210.jpeg"},"partners-logo":{"file":"WhatsApp-Image-2026-03-12-at-15.54.43-5-600x720.jpeg","width":600,"height":720,"mime-type":"image\/jpeg","filesize":87463,"url":"https:\/\/media.benalmadena-property.com\/2026\/04\/WhatsApp-Image-2026-03-12-at-15.54.43-5-600x720.jpeg"},"gallery-two-column-image":{"file":"WhatsApp-Image-2026-03-12-at-15.54.43-5-536x269.jpeg","width":536,"height":269,"mime-type":"image\/jpeg","filesize":31382,"url":"https:\/\/media.benalmadena-property.com\/2026\/04\/WhatsApp-Image-2026-03-12-at-15.54.43-5-536x269.jpeg"},"property-detail-slider-image-two":{"file":"WhatsApp-Image-2026-03-12-at-15.54.43-5-1170x648.jpeg","width":1170,"height":648,"mime-type":"image\/jpeg","filesize":127299,"url":"https:\/\/media.benalmadena-property.com\/2026\/04\/WhatsApp-Image-2026-03-12-at-15.54.43-5-1170x648.jpeg"},"property-detail-slider-thumb":{"file":"WhatsApp-Image-2026-03-12-at-15.54.43-5-82x60.jpeg","width":82,"height":60,"mime-type":"image\/jpeg","filesize":1889,"url":"https:\/\/media.benalmadena-property.com\/2026\/04\/WhatsApp-Image-2026-03-12-at-15.54.43-5-82x60.jpeg"}},"image_meta":{"aperture":"0","credit":"","camera":"","caption":"","created_timestamp":"0","copyright":"","focal_length":"0","iso":"0","shutter_speed":"0","title":"","orientation":"0","keywords":[]},"ID":"18753","name":"WhatsApp-Image-2026-03-12-at-15.54.43-5.jpeg","path":"\/var\/www\/vhosts\/benalmadena-property.com\/httpdocs\/wp-content\/uploads\/2026\/04\/WhatsApp-Image-2026-03-12-at-15.54.43-5.jpeg","url":"https:\/\/media.benalmadena-property.com\/2026\/04\/WhatsApp-Image-2026-03-12-at-15.54.43-5-150x150.jpeg","full_url":"https:\/\/media.benalmadena-property.com\/2026\/04\/WhatsApp-Image-2026-03-12-at-15.54.43-5.jpeg","title":"WhatsApp Image 2026-03-12 at 15.54.43 (5)","caption":"","description":"","alt":"","srcset":"https:\/\/media.benalmadena-property.com\/2026\/04\/WhatsApp-Image-2026-03-12-at-15.54.43-5-150x150.jpeg 150w, https:\/\/media.benalmadena-property.com\/2026\/04\/WhatsApp-Image-2026-03-12-at-15.54.43-5-210x210.jpeg 210w"},{"width":150,"height":150,"file":"2026\/04\/WhatsApp-Image-2026-03-12-at-15.54.43-1.jpeg","filesize":155985,"sizes":{"medium":{"file":"WhatsApp-Image-2026-03-12-at-15.54.43-1-300x169.jpeg","width":300,"height":169,"mime-type":"image\/jpeg","filesize":10372,"url":"https:\/\/media.benalmadena-property.com\/2026\/04\/WhatsApp-Image-2026-03-12-at-15.54.43-1-300x169.jpeg"},"large":{"file":"WhatsApp-Image-2026-03-12-at-15.54.43-1-1024x576.jpeg","width":1024,"height":576,"mime-type":"image\/jpeg","filesize":97052,"url":"https:\/\/media.benalmadena-property.com\/2026\/04\/WhatsApp-Image-2026-03-12-at-15.54.43-1-1024x576.jpeg"},"thumbnail":{"file":"WhatsApp-Image-2026-03-12-at-15.54.43-1-150x150.jpeg","width":150,"height":150,"mime-type":"image\/jpeg","filesize":5077,"url":"https:\/\/media.benalmadena-property.com\/2026\/04\/WhatsApp-Image-2026-03-12-at-15.54.43-1-150x150.jpeg"},"medium_large":{"file":"WhatsApp-Image-2026-03-12-at-15.54.43-1-768x432.jpeg","width":768,"height":432,"mime-type":"image\/jpeg","filesize":55530,"url":"https:\/\/media.benalmadena-property.com\/2026\/04\/WhatsApp-Image-2026-03-12-at-15.54.43-1-768x432.jpeg"},"post-thumbnail":{"file":"WhatsApp-Image-2026-03-12-at-15.54.43-1-150x84.jpeg","width":150,"height":84,"mime-type":"image\/jpeg","filesize":3428,"url":"https:\/\/media.benalmadena-property.com\/2026\/04\/WhatsApp-Image-2026-03-12-at-15.54.43-1-150x84.jpeg"},"modern-property-child-slider":{"file":"WhatsApp-Image-2026-03-12-at-15.54.43-1-680x510.jpeg","width":680,"height":510,"mime-type":"image\/jpeg","filesize":60692,"url":"https:\/\/media.benalmadena-property.com\/2026\/04\/WhatsApp-Image-2026-03-12-at-15.54.43-1-680x510.jpeg"},"property-thumb-image":{"file":"WhatsApp-Image-2026-03-12-at-15.54.43-1-488x326.jpeg","width":488,"height":326,"mime-type":"image\/jpeg","filesize":28987,"url":"https:\/\/media.benalmadena-property.com\/2026\/04\/WhatsApp-Image-2026-03-12-at-15.54.43-1-488x326.jpeg"},"property-detail-video-image":{"file":"WhatsApp-Image-2026-03-12-at-15.54.43-1-818x417.jpeg","width":818,"height":417,"mime-type":"image\/jpeg","filesize":57741,"url":"https:\/\/media.benalmadena-property.com\/2026\/04\/WhatsApp-Image-2026-03-12-at-15.54.43-1-818x417.jpeg"},"agent-image":{"file":"WhatsApp-Image-2026-03-12-at-15.54.43-1-210x210.jpeg","width":210,"height":210,"mime-type":"image\/jpeg","filesize":9223,"url":"https:\/\/media.benalmadena-property.com\/2026\/04\/WhatsApp-Image-2026-03-12-at-15.54.43-1-210x210.jpeg"},"partners-logo":{"file":"WhatsApp-Image-2026-03-12-at-15.54.43-1-600x720.jpeg","width":600,"height":720,"mime-type":"image\/jpeg","filesize":87181,"url":"https:\/\/media.benalmadena-property.com\/2026\/04\/WhatsApp-Image-2026-03-12-at-15.54.43-1-600x720.jpeg"},"gallery-two-column-image":{"file":"WhatsApp-Image-2026-03-12-at-15.54.43-1-536x269.jpeg","width":536,"height":269,"mime-type":"image\/jpeg","filesize":25437,"url":"https:\/\/media.benalmadena-property.com\/2026\/04\/WhatsApp-Image-2026-03-12-at-15.54.43-1-536x269.jpeg"},"property-detail-slider-image-two":{"file":"WhatsApp-Image-2026-03-12-at-15.54.43-1-1170x648.jpeg","width":1170,"height":648,"mime-type":"image\/jpeg","filesize":126068,"url":"https:\/\/media.benalmadena-property.com\/2026\/04\/WhatsApp-Image-2026-03-12-at-15.54.43-1-1170x648.jpeg"},"property-detail-slider-thumb":{"file":"WhatsApp-Image-2026-03-12-at-15.54.43-1-82x60.jpeg","width":82,"height":60,"mime-type":"image\/jpeg","filesize":1770,"url":"https:\/\/media.benalmadena-property.com\/2026\/04\/WhatsApp-Image-2026-03-12-at-15.54.43-1-82x60.jpeg"}},"image_meta":{"aperture":"0","credit":"","camera":"","caption":"","created_timestamp":"0","copyright":"","focal_length":"0","iso":"0","shutter_speed":"0","title":"","orientation":"0","keywords":[]},"ID":"18741","name":"WhatsApp-Image-2026-03-12-at-15.54.43-1.jpeg","path":"\/var\/www\/vhosts\/benalmadena-property.com\/httpdocs\/wp-content\/uploads\/2026\/04\/WhatsApp-Image-2026-03-12-at-15.54.43-1.jpeg","url":"https:\/\/media.benalmadena-property.com\/2026\/04\/WhatsApp-Image-2026-03-12-at-15.54.43-1-150x150.jpeg","full_url":"https:\/\/media.benalmadena-property.com\/2026\/04\/WhatsApp-Image-2026-03-12-at-15.54.43-1.jpeg","title":"WhatsApp Image 2026-03-12 at 15.54.43 (1)","caption":"","description":"","alt":"","srcset":"https:\/\/media.benalmadena-property.com\/2026\/04\/WhatsApp-Image-2026-03-12-at-15.54.43-1-150x150.jpeg 150w, https:\/\/media.benalmadena-property.com\/2026\/04\/WhatsApp-Image-2026-03-12-at-15.54.43-1-210x210.jpeg 210w"},{"width":150,"height":150,"file":"2026\/04\/WhatsApp-Image-2026-03-12-at-15.54.43-6.jpeg","filesize":190058,"sizes":{"medium":{"file":"WhatsApp-Image-2026-03-12-at-15.54.43-6-300x169.jpeg","width":300,"height":169,"mime-type":"image\/jpeg","filesize":10576,"url":"https:\/\/media.benalmadena-property.com\/2026\/04\/WhatsApp-Image-2026-03-12-at-15.54.43-6-300x169.jpeg"},"large":{"file":"WhatsApp-Image-2026-03-12-at-15.54.43-6-1024x576.jpeg","width":1024,"height":576,"mime-type":"image\/jpeg","filesize":84336,"url":"https:\/\/media.benalmadena-property.com\/2026\/04\/WhatsApp-Image-2026-03-12-at-15.54.43-6-1024x576.jpeg"},"thumbnail":{"file":"WhatsApp-Image-2026-03-12-at-15.54.43-6-150x150.jpeg","width":150,"height":150,"mime-type":"image\/jpeg","filesize":5606,"url":"https:\/\/media.benalmadena-property.com\/2026\/04\/WhatsApp-Image-2026-03-12-at-15.54.43-6-150x150.jpeg"},"medium_large":{"file":"WhatsApp-Image-2026-03-12-at-15.54.43-6-768x432.jpeg","width":768,"height":432,"mime-type":"image\/jpeg","filesize":50652,"url":"https:\/\/media.benalmadena-property.com\/2026\/04\/WhatsApp-Image-2026-03-12-at-15.54.43-6-768x432.jpeg"},"1536x1536":{"file":"WhatsApp-Image-2026-03-12-at-15.54.43-6-1536x864.jpeg","width":1536,"height":864,"mime-type":"image\/jpeg","filesize":170522,"url":"https:\/\/media.benalmadena-property.com\/2026\/04\/WhatsApp-Image-2026-03-12-at-15.54.43-6-1536x864.jpeg"},"post-thumbnail":{"file":"WhatsApp-Image-2026-03-12-at-15.54.43-6-150x84.jpeg","width":150,"height":84,"mime-type":"image\/jpeg","filesize":3565,"url":"https:\/\/media.benalmadena-property.com\/2026\/04\/WhatsApp-Image-2026-03-12-at-15.54.43-6-150x84.jpeg"},"modern-property-child-slider":{"file":"WhatsApp-Image-2026-03-12-at-15.54.43-6-680x510.jpeg","width":680,"height":510,"mime-type":"image\/jpeg","filesize":56633,"url":"https:\/\/media.benalmadena-property.com\/2026\/04\/WhatsApp-Image-2026-03-12-at-15.54.43-6-680x510.jpeg"},"property-thumb-image":{"file":"WhatsApp-Image-2026-03-12-at-15.54.43-6-488x326.jpeg","width":488,"height":326,"mime-type":"image\/jpeg","filesize":27871,"url":"https:\/\/media.benalmadena-property.com\/2026\/04\/WhatsApp-Image-2026-03-12-at-15.54.43-6-488x326.jpeg"},"property-detail-video-image":{"file":"WhatsApp-Image-2026-03-12-at-15.54.43-6-818x417.jpeg","width":818,"height":417,"mime-type":"image\/jpeg","filesize":51688,"url":"https:\/\/media.benalmadena-property.com\/2026\/04\/WhatsApp-Image-2026-03-12-at-15.54.43-6-818x417.jpeg"},"agent-image":{"file":"WhatsApp-Image-2026-03-12-at-15.54.43-6-210x210.jpeg","width":210,"height":210,"mime-type":"image\/jpeg","filesize":9866,"url":"https:\/\/media.benalmadena-property.com\/2026\/04\/WhatsApp-Image-2026-03-12-at-15.54.43-6-210x210.jpeg"},"partners-logo":{"file":"WhatsApp-Image-2026-03-12-at-15.54.43-6-600x900.jpeg","width":600,"height":900,"mime-type":"image\/jpeg","filesize":97948,"url":"https:\/\/media.benalmadena-property.com\/2026\/04\/WhatsApp-Image-2026-03-12-at-15.54.43-6-600x900.jpeg"},"gallery-two-column-image":{"file":"WhatsApp-Image-2026-03-12-at-15.54.43-6-536x269.jpeg","width":536,"height":269,"mime-type":"image\/jpeg","filesize":24195,"url":"https:\/\/media.benalmadena-property.com\/2026\/04\/WhatsApp-Image-2026-03-12-at-15.54.43-6-536x269.jpeg"},"property-detail-slider-image-two":{"file":"WhatsApp-Image-2026-03-12-at-15.54.43-6-1170x648.jpeg","width":1170,"height":648,"mime-type":"image\/jpeg","filesize":105718,"url":"https:\/\/media.benalmadena-property.com\/2026\/04\/WhatsApp-Image-2026-03-12-at-15.54.43-6-1170x648.jpeg"},"property-detail-slider-thumb":{"file":"WhatsApp-Image-2026-03-12-at-15.54.43-6-82x60.jpeg","width":82,"height":60,"mime-type":"image\/jpeg","filesize":1870,"url":"https:\/\/media.benalmadena-property.com\/2026\/04\/WhatsApp-Image-2026-03-12-at-15.54.43-6-82x60.jpeg"}},"image_meta":{"aperture":"0","credit":"","camera":"","caption":"","created_timestamp":"0","copyright":"","focal_length":"0","iso":"0","shutter_speed":"0","title":"","orientation":"0","keywords":[]},"ID":"18756","name":"WhatsApp-Image-2026-03-12-at-15.54.43-6.jpeg","path":"\/var\/www\/vhosts\/benalmadena-property.com\/httpdocs\/wp-content\/uploads\/2026\/04\/WhatsApp-Image-2026-03-12-at-15.54.43-6.jpeg","url":"https:\/\/media.benalmadena-property.com\/2026\/04\/WhatsApp-Image-2026-03-12-at-15.54.43-6-150x150.jpeg","full_url":"https:\/\/media.benalmadena-property.com\/2026\/04\/WhatsApp-Image-2026-03-12-at-15.54.43-6.jpeg","title":"WhatsApp Image 2026-03-12 at 15.54.43 (6)","caption":"","description":"","alt":"","srcset":"https:\/\/media.benalmadena-property.com\/2026\/04\/WhatsApp-Image-2026-03-12-at-15.54.43-6-150x150.jpeg 150w, https:\/\/media.benalmadena-property.com\/2026\/04\/WhatsApp-Image-2026-03-12-at-15.54.43-6-210x210.jpeg 210w"},{"width":150,"height":150,"file":"2026\/04\/WhatsApp-Image-2026-03-12-at-15.54.41-3.jpeg","filesize":142095,"sizes":{"medium":{"file":"WhatsApp-Image-2026-03-12-at-15.54.41-3-300x169.jpeg","width":300,"height":169,"mime-type":"image\/jpeg","filesize":13757,"url":"https:\/\/media.benalmadena-property.com\/2026\/04\/WhatsApp-Image-2026-03-12-at-15.54.41-3-300x169.jpeg"},"large":{"file":"WhatsApp-Image-2026-03-12-at-15.54.41-3-1024x576.jpeg","width":1024,"height":576,"mime-type":"image\/jpeg","filesize":107428,"url":"https:\/\/media.benalmadena-property.com\/2026\/04\/WhatsApp-Image-2026-03-12-at-15.54.41-3-1024x576.jpeg"},"thumbnail":{"file":"WhatsApp-Image-2026-03-12-at-15.54.41-3-150x150.jpeg","width":150,"height":150,"mime-type":"image\/jpeg","filesize":7007,"url":"https:\/\/media.benalmadena-property.com\/2026\/04\/WhatsApp-Image-2026-03-12-at-15.54.41-3-150x150.jpeg"},"medium_large":{"file":"WhatsApp-Image-2026-03-12-at-15.54.41-3-768x432.jpeg","width":768,"height":432,"mime-type":"image\/jpeg","filesize":65804,"url":"https:\/\/media.benalmadena-property.com\/2026\/04\/WhatsApp-Image-2026-03-12-at-15.54.41-3-768x432.jpeg"},"post-thumbnail":{"file":"WhatsApp-Image-2026-03-12-at-15.54.41-3-150x84.jpeg","width":150,"height":84,"mime-type":"image\/jpeg","filesize":4445,"url":"https:\/\/media.benalmadena-property.com\/2026\/04\/WhatsApp-Image-2026-03-12-at-15.54.41-3-150x84.jpeg"},"modern-property-child-slider":{"file":"WhatsApp-Image-2026-03-12-at-15.54.41-3-680x510.jpeg","width":680,"height":510,"mime-type":"image\/jpeg","filesize":66074,"url":"https:\/\/media.benalmadena-property.com\/2026\/04\/WhatsApp-Image-2026-03-12-at-15.54.41-3-680x510.jpeg"},"property-thumb-image":{"file":"WhatsApp-Image-2026-03-12-at-15.54.41-3-488x326.jpeg","width":488,"height":326,"mime-type":"image\/jpeg","filesize":33689,"url":"https:\/\/media.benalmadena-property.com\/2026\/04\/WhatsApp-Image-2026-03-12-at-15.54.41-3-488x326.jpeg"},"property-detail-video-image":{"file":"WhatsApp-Image-2026-03-12-at-15.54.41-3-818x417.jpeg","width":818,"height":417,"mime-type":"image\/jpeg","filesize":68270,"url":"https:\/\/media.benalmadena-property.com\/2026\/04\/WhatsApp-Image-2026-03-12-at-15.54.41-3-818x417.jpeg"},"agent-image":{"file":"WhatsApp-Image-2026-03-12-at-15.54.41-3-210x210.jpeg","width":210,"height":210,"mime-type":"image\/jpeg","filesize":12339,"url":"https:\/\/media.benalmadena-property.com\/2026\/04\/WhatsApp-Image-2026-03-12-at-15.54.41-3-210x210.jpeg"},"partners-logo":{"file":"WhatsApp-Image-2026-03-12-at-15.54.41-3-600x720.jpeg","width":600,"height":720,"mime-type":"image\/jpeg","filesize":95204,"url":"https:\/\/media.benalmadena-property.com\/2026\/04\/WhatsApp-Image-2026-03-12-at-15.54.41-3-600x720.jpeg"},"gallery-two-column-image":{"file":"WhatsApp-Image-2026-03-12-at-15.54.41-3-536x269.jpeg","width":536,"height":269,"mime-type":"image\/jpeg","filesize":32297,"url":"https:\/\/media.benalmadena-property.com\/2026\/04\/WhatsApp-Image-2026-03-12-at-15.54.41-3-536x269.jpeg"},"property-detail-slider-image-two":{"file":"WhatsApp-Image-2026-03-12-at-15.54.41-3-1170x648.jpeg","width":1170,"height":648,"mime-type":"image\/jpeg","filesize":134362,"url":"https:\/\/media.benalmadena-property.com\/2026\/04\/WhatsApp-Image-2026-03-12-at-15.54.41-3-1170x648.jpeg"},"property-detail-slider-thumb":{"file":"WhatsApp-Image-2026-03-12-at-15.54.41-3-82x60.jpeg","width":82,"height":60,"mime-type":"image\/jpeg","filesize":2142,"url":"https:\/\/media.benalmadena-property.com\/2026\/04\/WhatsApp-Image-2026-03-12-at-15.54.41-3-82x60.jpeg"}},"image_meta":{"aperture":"0","credit":"","camera":"","caption":"","created_timestamp":"0","copyright":"","focal_length":"0","iso":"0","shutter_speed":"0","title":"","orientation":"0","keywords":[]},"ID":"18726","name":"WhatsApp-Image-2026-03-12-at-15.54.41-3.jpeg","path":"\/var\/www\/vhosts\/benalmadena-property.com\/httpdocs\/wp-content\/uploads\/2026\/04\/WhatsApp-Image-2026-03-12-at-15.54.41-3.jpeg","url":"https:\/\/media.benalmadena-property.com\/2026\/04\/WhatsApp-Image-2026-03-12-at-15.54.41-3-150x150.jpeg","full_url":"https:\/\/media.benalmadena-property.com\/2026\/04\/WhatsApp-Image-2026-03-12-at-15.54.41-3.jpeg","title":"WhatsApp Image 2026-03-12 at 15.54.41 (3)","caption":"","description":"","alt":"","srcset":"https:\/\/media.benalmadena-property.com\/2026\/04\/WhatsApp-Image-2026-03-12-at-15.54.41-3-150x150.jpeg 150w, https:\/\/media.benalmadena-property.com\/2026\/04\/WhatsApp-Image-2026-03-12-at-15.54.41-3-210x210.jpeg 210w"},{"width":150,"height":150,"file":"2026\/04\/WhatsApp-Image-2026-03-12-at-15.54.41.jpeg","filesize":138964,"sizes":{"medium":{"file":"WhatsApp-Image-2026-03-12-at-15.54.41-300x169.jpeg","width":300,"height":169,"mime-type":"image\/jpeg","filesize":11766,"url":"https:\/\/media.benalmadena-property.com\/2026\/04\/WhatsApp-Image-2026-03-12-at-15.54.41-300x169.jpeg"},"large":{"file":"WhatsApp-Image-2026-03-12-at-15.54.41-1024x576.jpeg","width":1024,"height":576,"mime-type":"image\/jpeg","filesize":103135,"url":"https:\/\/media.benalmadena-property.com\/2026\/04\/WhatsApp-Image-2026-03-12-at-15.54.41-1024x576.jpeg"},"thumbnail":{"file":"WhatsApp-Image-2026-03-12-at-15.54.41-150x150.jpeg","width":150,"height":150,"mime-type":"image\/jpeg","filesize":6278,"url":"https:\/\/media.benalmadena-property.com\/2026\/04\/WhatsApp-Image-2026-03-12-at-15.54.41-150x150.jpeg"},"medium_large":{"file":"WhatsApp-Image-2026-03-12-at-15.54.41-768x432.jpeg","width":768,"height":432,"mime-type":"image\/jpeg","filesize":61546,"url":"https:\/\/media.benalmadena-property.com\/2026\/04\/WhatsApp-Image-2026-03-12-at-15.54.41-768x432.jpeg"},"post-thumbnail":{"file":"WhatsApp-Image-2026-03-12-at-15.54.41-150x84.jpeg","width":150,"height":84,"mime-type":"image\/jpeg","filesize":3766,"url":"https:\/\/media.benalmadena-property.com\/2026\/04\/WhatsApp-Image-2026-03-12-at-15.54.41-150x84.jpeg"},"modern-property-child-slider":{"file":"WhatsApp-Image-2026-03-12-at-15.54.41-680x510.jpeg","width":680,"height":510,"mime-type":"image\/jpeg","filesize":63903,"url":"https:\/\/media.benalmadena-property.com\/2026\/04\/WhatsApp-Image-2026-03-12-at-15.54.41-680x510.jpeg"},"property-thumb-image":{"file":"WhatsApp-Image-2026-03-12-at-15.54.41-488x326.jpeg","width":488,"height":326,"mime-type":"image\/jpeg","filesize":31591,"url":"https:\/\/media.benalmadena-property.com\/2026\/04\/WhatsApp-Image-2026-03-12-at-15.54.41-488x326.jpeg"},"property-detail-video-image":{"file":"WhatsApp-Image-2026-03-12-at-15.54.41-818x417.jpeg","width":818,"height":417,"mime-type":"image\/jpeg","filesize":65285,"url":"https:\/\/media.benalmadena-property.com\/2026\/04\/WhatsApp-Image-2026-03-12-at-15.54.41-818x417.jpeg"},"agent-image":{"file":"WhatsApp-Image-2026-03-12-at-15.54.41-210x210.jpeg","width":210,"height":210,"mime-type":"image\/jpeg","filesize":11091,"url":"https:\/\/media.benalmadena-property.com\/2026\/04\/WhatsApp-Image-2026-03-12-at-15.54.41-210x210.jpeg"},"partners-logo":{"file":"WhatsApp-Image-2026-03-12-at-15.54.41-600x720.jpeg","width":600,"height":720,"mime-type":"image\/jpeg","filesize":88036,"url":"https:\/\/media.benalmadena-property.com\/2026\/04\/WhatsApp-Image-2026-03-12-at-15.54.41-600x720.jpeg"},"gallery-two-column-image":{"file":"WhatsApp-Image-2026-03-12-at-15.54.41-536x269.jpeg","width":536,"height":269,"mime-type":"image\/jpeg","filesize":29737,"url":"https:\/\/media.benalmadena-property.com\/2026\/04\/WhatsApp-Image-2026-03-12-at-15.54.41-536x269.jpeg"},"property-detail-slider-image-two":{"file":"WhatsApp-Image-2026-03-12-at-15.54.41-1170x648.jpeg","width":1170,"height":648,"mime-type":"image\/jpeg","filesize":130901,"url":"https:\/\/media.benalmadena-property.com\/2026\/04\/WhatsApp-Image-2026-03-12-at-15.54.41-1170x648.jpeg"},"property-detail-slider-thumb":{"file":"WhatsApp-Image-2026-03-12-at-15.54.41-82x60.jpeg","width":82,"height":60,"mime-type":"image\/jpeg","filesize":1919,"url":"https:\/\/media.benalmadena-property.com\/2026\/04\/WhatsApp-Image-2026-03-12-at-15.54.41-82x60.jpeg"}},"image_meta":{"aperture":"0","credit":"","camera":"","caption":"","created_timestamp":"0","copyright":"","focal_length":"0","iso":"0","shutter_speed":"0","title":"","orientation":"0","keywords":[]},"ID":"18729","name":"WhatsApp-Image-2026-03-12-at-15.54.41.jpeg","path":"\/var\/www\/vhosts\/benalmadena-property.com\/httpdocs\/wp-content\/uploads\/2026\/04\/WhatsApp-Image-2026-03-12-at-15.54.41.jpeg","url":"https:\/\/media.benalmadena-property.com\/2026\/04\/WhatsApp-Image-2026-03-12-at-15.54.41-150x150.jpeg","full_url":"https:\/\/media.benalmadena-property.com\/2026\/04\/WhatsApp-Image-2026-03-12-at-15.54.41.jpeg","title":"WhatsApp Image 2026-03-12 at 15.54.41","caption":"","description":"","alt":"","srcset":"https:\/\/media.benalmadena-property.com\/2026\/04\/WhatsApp-Image-2026-03-12-at-15.54.41-150x150.jpeg 150w, https:\/\/media.benalmadena-property.com\/2026\/04\/WhatsApp-Image-2026-03-12-at-15.54.41-210x210.jpeg 210w"},{"width":150,"height":150,"file":"2026\/04\/WhatsApp-Image-2026-03-12-at-15.54.42-1.jpeg","filesize":190702,"sizes":{"medium":{"file":"WhatsApp-Image-2026-03-12-at-15.54.42-1-300x169.jpeg","width":300,"height":169,"mime-type":"image\/jpeg","filesize":14810,"url":"https:\/\/media.benalmadena-property.com\/2026\/04\/WhatsApp-Image-2026-03-12-at-15.54.42-1-300x169.jpeg"},"large":{"file":"WhatsApp-Image-2026-03-12-at-15.54.42-1-1024x576.jpeg","width":1024,"height":576,"mime-type":"image\/jpeg","filesize":125045,"url":"https:\/\/media.benalmadena-property.com\/2026\/04\/WhatsApp-Image-2026-03-12-at-15.54.42-1-1024x576.jpeg"},"thumbnail":{"file":"WhatsApp-Image-2026-03-12-at-15.54.42-1-150x150.jpeg","width":150,"height":150,"mime-type":"image\/jpeg","filesize":7466,"url":"https:\/\/media.benalmadena-property.com\/2026\/04\/WhatsApp-Image-2026-03-12-at-15.54.42-1-150x150.jpeg"},"medium_large":{"file":"WhatsApp-Image-2026-03-12-at-15.54.42-1-768x432.jpeg","width":768,"height":432,"mime-type":"image\/jpeg","filesize":75592,"url":"https:\/\/media.benalmadena-property.com\/2026\/04\/WhatsApp-Image-2026-03-12-at-15.54.42-1-768x432.jpeg"},"post-thumbnail":{"file":"WhatsApp-Image-2026-03-12-at-15.54.42-1-150x84.jpeg","width":150,"height":84,"mime-type":"image\/jpeg","filesize":4650,"url":"https:\/\/media.benalmadena-property.com\/2026\/04\/WhatsApp-Image-2026-03-12-at-15.54.42-1-150x84.jpeg"},"modern-property-child-slider":{"file":"WhatsApp-Image-2026-03-12-at-15.54.42-1-680x510.jpeg","width":680,"height":510,"mime-type":"image\/jpeg","filesize":82948,"url":"https:\/\/media.benalmadena-property.com\/2026\/04\/WhatsApp-Image-2026-03-12-at-15.54.42-1-680x510.jpeg"},"property-thumb-image":{"file":"WhatsApp-Image-2026-03-12-at-15.54.42-1-488x326.jpeg","width":488,"height":326,"mime-type":"image\/jpeg","filesize":40641,"url":"https:\/\/media.benalmadena-property.com\/2026\/04\/WhatsApp-Image-2026-03-12-at-15.54.42-1-488x326.jpeg"},"property-detail-video-image":{"file":"WhatsApp-Image-2026-03-12-at-15.54.42-1-818x417.jpeg","width":818,"height":417,"mime-type":"image\/jpeg","filesize":78835,"url":"https:\/\/media.benalmadena-property.com\/2026\/04\/WhatsApp-Image-2026-03-12-at-15.54.42-1-818x417.jpeg"},"agent-image":{"file":"WhatsApp-Image-2026-03-12-at-15.54.42-1-210x210.jpeg","width":210,"height":210,"mime-type":"image\/jpeg","filesize":13389,"url":"https:\/\/media.benalmadena-property.com\/2026\/04\/WhatsApp-Image-2026-03-12-at-15.54.42-1-210x210.jpeg"},"partners-logo":{"file":"WhatsApp-Image-2026-03-12-at-15.54.42-1-600x720.jpeg","width":600,"height":720,"mime-type":"image\/jpeg","filesize":109903,"url":"https:\/\/media.benalmadena-property.com\/2026\/04\/WhatsApp-Image-2026-03-12-at-15.54.42-1-600x720.jpeg"},"gallery-two-column-image":{"file":"WhatsApp-Image-2026-03-12-at-15.54.42-1-536x269.jpeg","width":536,"height":269,"mime-type":"image\/jpeg","filesize":36536,"url":"https:\/\/media.benalmadena-property.com\/2026\/04\/WhatsApp-Image-2026-03-12-at-15.54.42-1-536x269.jpeg"},"property-detail-slider-image-two":{"file":"WhatsApp-Image-2026-03-12-at-15.54.42-1-1170x648.jpeg","width":1170,"height":648,"mime-type":"image\/jpeg","filesize":157094,"url":"https:\/\/media.benalmadena-property.com\/2026\/04\/WhatsApp-Image-2026-03-12-at-15.54.42-1-1170x648.jpeg"},"property-detail-slider-thumb":{"file":"WhatsApp-Image-2026-03-12-at-15.54.42-1-82x60.jpeg","width":82,"height":60,"mime-type":"image\/jpeg","filesize":2322,"url":"https:\/\/media.benalmadena-property.com\/2026\/04\/WhatsApp-Image-2026-03-12-at-15.54.42-1-82x60.jpeg"}},"image_meta":{"aperture":"0","credit":"","camera":"","caption":"","created_timestamp":"0","copyright":"","focal_length":"0","iso":"0","shutter_speed":"0","title":"","orientation":"0","keywords":[]},"ID":"18732","name":"WhatsApp-Image-2026-03-12-at-15.54.42-1.jpeg","path":"\/var\/www\/vhosts\/benalmadena-property.com\/httpdocs\/wp-content\/uploads\/2026\/04\/WhatsApp-Image-2026-03-12-at-15.54.42-1.jpeg","url":"https:\/\/media.benalmadena-property.com\/2026\/04\/WhatsApp-Image-2026-03-12-at-15.54.42-1-150x150.jpeg","full_url":"https:\/\/media.benalmadena-property.com\/2026\/04\/WhatsApp-Image-2026-03-12-at-15.54.42-1.jpeg","title":"WhatsApp Image 2026-03-12 at 15.54.42 (1)","caption":"","description":"","alt":"","srcset":"https:\/\/media.benalmadena-property.com\/2026\/04\/WhatsApp-Image-2026-03-12-at-15.54.42-1-150x150.jpeg 150w, https:\/\/media.benalmadena-property.com\/2026\/04\/WhatsApp-Image-2026-03-12-at-15.54.42-1-210x210.jpeg 210w"},{"width":150,"height":150,"file":"2026\/04\/WhatsApp-Image-2026-03-12-at-15.54.44-1.jpeg","filesize":396406,"sizes":{"medium":{"file":"WhatsApp-Image-2026-03-12-at-15.54.44-1-300x169.jpeg","width":300,"height":169,"mime-type":"image\/jpeg","filesize":14177,"url":"https:\/\/media.benalmadena-property.com\/2026\/04\/WhatsApp-Image-2026-03-12-at-15.54.44-1-300x169.jpeg"},"large":{"file":"WhatsApp-Image-2026-03-12-at-15.54.44-1-1024x576.jpeg","width":1024,"height":576,"mime-type":"image\/jpeg","filesize":150913,"url":"https:\/\/media.benalmadena-property.com\/2026\/04\/WhatsApp-Image-2026-03-12-at-15.54.44-1-1024x576.jpeg"},"thumbnail":{"file":"WhatsApp-Image-2026-03-12-at-15.54.44-1-150x150.jpeg","width":150,"height":150,"mime-type":"image\/jpeg","filesize":6532,"url":"https:\/\/media.benalmadena-property.com\/2026\/04\/WhatsApp-Image-2026-03-12-at-15.54.44-1-150x150.jpeg"},"medium_large":{"file":"WhatsApp-Image-2026-03-12-at-15.54.44-1-768x432.jpeg","width":768,"height":432,"mime-type":"image\/jpeg","filesize":83660,"url":"https:\/\/media.benalmadena-property.com\/2026\/04\/WhatsApp-Image-2026-03-12-at-15.54.44-1-768x432.jpeg"},"1536x1536":{"file":"WhatsApp-Image-2026-03-12-at-15.54.44-1-1536x864.jpeg","width":1536,"height":864,"mime-type":"image\/jpeg","filesize":342053,"url":"https:\/\/media.benalmadena-property.com\/2026\/04\/WhatsApp-Image-2026-03-12-at-15.54.44-1-1536x864.jpeg"},"post-thumbnail":{"file":"WhatsApp-Image-2026-03-12-at-15.54.44-1-150x84.jpeg","width":150,"height":84,"mime-type":"image\/jpeg","filesize":4182,"url":"https:\/\/media.benalmadena-property.com\/2026\/04\/WhatsApp-Image-2026-03-12-at-15.54.44-1-150x84.jpeg"},"modern-property-child-slider":{"file":"WhatsApp-Image-2026-03-12-at-15.54.44-1-680x510.jpeg","width":680,"height":510,"mime-type":"image\/jpeg","filesize":90225,"url":"https:\/\/media.benalmadena-property.com\/2026\/04\/WhatsApp-Image-2026-03-12-at-15.54.44-1-680x510.jpeg"},"property-thumb-image":{"file":"WhatsApp-Image-2026-03-12-at-15.54.44-1-488x326.jpeg","width":488,"height":326,"mime-type":"image\/jpeg","filesize":40860,"url":"https:\/\/media.benalmadena-property.com\/2026\/04\/WhatsApp-Image-2026-03-12-at-15.54.44-1-488x326.jpeg"},"property-detail-video-image":{"file":"WhatsApp-Image-2026-03-12-at-15.54.44-1-818x417.jpeg","width":818,"height":417,"mime-type":"image\/jpeg","filesize":87034,"url":"https:\/\/media.benalmadena-property.com\/2026\/04\/WhatsApp-Image-2026-03-12-at-15.54.44-1-818x417.jpeg"},"agent-image":{"file":"WhatsApp-Image-2026-03-12-at-15.54.44-1-210x210.jpeg","width":210,"height":210,"mime-type":"image\/jpeg","filesize":12325,"url":"https:\/\/media.benalmadena-property.com\/2026\/04\/WhatsApp-Image-2026-03-12-at-15.54.44-1-210x210.jpeg"},"partners-logo":{"file":"WhatsApp-Image-2026-03-12-at-15.54.44-1-600x900.jpeg","width":600,"height":900,"mime-type":"image\/jpeg","filesize":184528,"url":"https:\/\/media.benalmadena-property.com\/2026\/04\/WhatsApp-Image-2026-03-12-at-15.54.44-1-600x900.jpeg"},"gallery-two-column-image":{"file":"WhatsApp-Image-2026-03-12-at-15.54.44-1-536x269.jpeg","width":536,"height":269,"mime-type":"image\/jpeg","filesize":36809,"url":"https:\/\/media.benalmadena-property.com\/2026\/04\/WhatsApp-Image-2026-03-12-at-15.54.44-1-536x269.jpeg"},"property-detail-slider-image-two":{"file":"WhatsApp-Image-2026-03-12-at-15.54.44-1-1170x648.jpeg","width":1170,"height":648,"mime-type":"image\/jpeg","filesize":195710,"url":"https:\/\/media.benalmadena-property.com\/2026\/04\/WhatsApp-Image-2026-03-12-at-15.54.44-1-1170x648.jpeg"},"property-detail-slider-thumb":{"file":"WhatsApp-Image-2026-03-12-at-15.54.44-1-82x60.jpeg","width":82,"height":60,"mime-type":"image\/jpeg","filesize":1939,"url":"https:\/\/media.benalmadena-property.com\/2026\/04\/WhatsApp-Image-2026-03-12-at-15.54.44-1-82x60.jpeg"}},"image_meta":{"aperture":"0","credit":"","camera":"","caption":"","created_timestamp":"0","copyright":"","focal_length":"0","iso":"0","shutter_speed":"0","title":"","orientation":"0","keywords":[]},"ID":"18768","name":"WhatsApp-Image-2026-03-12-at-15.54.44-1.jpeg","path":"\/var\/www\/vhosts\/benalmadena-property.com\/httpdocs\/wp-content\/uploads\/2026\/04\/WhatsApp-Image-2026-03-12-at-15.54.44-1.jpeg","url":"https:\/\/media.benalmadena-property.com\/2026\/04\/WhatsApp-Image-2026-03-12-at-15.54.44-1-150x150.jpeg","full_url":"https:\/\/media.benalmadena-property.com\/2026\/04\/WhatsApp-Image-2026-03-12-at-15.54.44-1.jpeg","title":"WhatsApp Image 2026-03-12 at 15.54.44 (1)","caption":"","description":"","alt":"","srcset":"https:\/\/media.benalmadena-property.com\/2026\/04\/WhatsApp-Image-2026-03-12-at-15.54.44-1-150x150.jpeg 150w, https:\/\/media.benalmadena-property.com\/2026\/04\/WhatsApp-Image-2026-03-12-at-15.54.44-1-210x210.jpeg 210w"},{"width":150,"height":150,"file":"2026\/04\/WhatsApp-Image-2026-03-12-at-15.54.42.jpeg","filesize":193653,"sizes":{"medium":{"file":"WhatsApp-Image-2026-03-12-at-15.54.42-300x169.jpeg","width":300,"height":169,"mime-type":"image\/jpeg","filesize":16393,"url":"https:\/\/media.benalmadena-property.com\/2026\/04\/WhatsApp-Image-2026-03-12-at-15.54.42-300x169.jpeg"},"large":{"file":"WhatsApp-Image-2026-03-12-at-15.54.42-1024x576.jpeg","width":1024,"height":576,"mime-type":"image\/jpeg","filesize":130653,"url":"https:\/\/media.benalmadena-property.com\/2026\/04\/WhatsApp-Image-2026-03-12-at-15.54.42-1024x576.jpeg"},"thumbnail":{"file":"WhatsApp-Image-2026-03-12-at-15.54.42-150x150.jpeg","width":150,"height":150,"mime-type":"image\/jpeg","filesize":7260,"url":"https:\/\/media.benalmadena-property.com\/2026\/04\/WhatsApp-Image-2026-03-12-at-15.54.42-150x150.jpeg"},"medium_large":{"file":"WhatsApp-Image-2026-03-12-at-15.54.42-768x432.jpeg","width":768,"height":432,"mime-type":"image\/jpeg","filesize":80984,"url":"https:\/\/media.benalmadena-property.com\/2026\/04\/WhatsApp-Image-2026-03-12-at-15.54.42-768x432.jpeg"},"post-thumbnail":{"file":"WhatsApp-Image-2026-03-12-at-15.54.42-150x84.jpeg","width":150,"height":84,"mime-type":"image\/jpeg","filesize":5145,"url":"https:\/\/media.benalmadena-property.com\/2026\/04\/WhatsApp-Image-2026-03-12-at-15.54.42-150x84.jpeg"},"modern-property-child-slider":{"file":"WhatsApp-Image-2026-03-12-at-15.54.42-680x510.jpeg","width":680,"height":510,"mime-type":"image\/jpeg","filesize":79988,"url":"https:\/\/media.benalmadena-property.com\/2026\/04\/WhatsApp-Image-2026-03-12-at-15.54.42-680x510.jpeg"},"property-thumb-image":{"file":"WhatsApp-Image-2026-03-12-at-15.54.42-488x326.jpeg","width":488,"height":326,"mime-type":"image\/jpeg","filesize":41950,"url":"https:\/\/media.benalmadena-property.com\/2026\/04\/WhatsApp-Image-2026-03-12-at-15.54.42-488x326.jpeg"},"property-detail-video-image":{"file":"WhatsApp-Image-2026-03-12-at-15.54.42-818x417.jpeg","width":818,"height":417,"mime-type":"image\/jpeg","filesize":84805,"url":"https:\/\/media.benalmadena-property.com\/2026\/04\/WhatsApp-Image-2026-03-12-at-15.54.42-818x417.jpeg"},"agent-image":{"file":"WhatsApp-Image-2026-03-12-at-15.54.42-210x210.jpeg","width":210,"height":210,"mime-type":"image\/jpeg","filesize":12821,"url":"https:\/\/media.benalmadena-property.com\/2026\/04\/WhatsApp-Image-2026-03-12-at-15.54.42-210x210.jpeg"},"partners-logo":{"file":"WhatsApp-Image-2026-03-12-at-15.54.42-600x720.jpeg","width":600,"height":720,"mime-type":"image\/jpeg","filesize":95658,"url":"https:\/\/media.benalmadena-property.com\/2026\/04\/WhatsApp-Image-2026-03-12-at-15.54.42-600x720.jpeg"},"gallery-two-column-image":{"file":"WhatsApp-Image-2026-03-12-at-15.54.42-536x269.jpeg","width":536,"height":269,"mime-type":"image\/jpeg","filesize":40117,"url":"https:\/\/media.benalmadena-property.com\/2026\/04\/WhatsApp-Image-2026-03-12-at-15.54.42-536x269.jpeg"},"property-detail-slider-image-two":{"file":"WhatsApp-Image-2026-03-12-at-15.54.42-1170x648.jpeg","width":1170,"height":648,"mime-type":"image\/jpeg","filesize":163506,"url":"https:\/\/media.benalmadena-property.com\/2026\/04\/WhatsApp-Image-2026-03-12-at-15.54.42-1170x648.jpeg"},"property-detail-slider-thumb":{"file":"WhatsApp-Image-2026-03-12-at-15.54.42-82x60.jpeg","width":82,"height":60,"mime-type":"image\/jpeg","filesize":2369,"url":"https:\/\/media.benalmadena-property.com\/2026\/04\/WhatsApp-Image-2026-03-12-at-15.54.42-82x60.jpeg"}},"image_meta":{"aperture":"0","credit":"","camera":"","caption":"","created_timestamp":"0","copyright":"","focal_length":"0","iso":"0","shutter_speed":"0","title":"","orientation":"0","keywords":[]},"ID":"18738","name":"WhatsApp-Image-2026-03-12-at-15.54.42.jpeg","path":"\/var\/www\/vhosts\/benalmadena-property.com\/httpdocs\/wp-content\/uploads\/2026\/04\/WhatsApp-Image-2026-03-12-at-15.54.42.jpeg","url":"https:\/\/media.benalmadena-property.com\/2026\/04\/WhatsApp-Image-2026-03-12-at-15.54.42-150x150.jpeg","full_url":"https:\/\/media.benalmadena-property.com\/2026\/04\/WhatsApp-Image-2026-03-12-at-15.54.42.jpeg","title":"WhatsApp Image 2026-03-12 at 15.54.42","caption":"","description":"","alt":"","srcset":"https:\/\/media.benalmadena-property.com\/2026\/04\/WhatsApp-Image-2026-03-12-at-15.54.42-150x150.jpeg 150w, https:\/\/media.benalmadena-property.com\/2026\/04\/WhatsApp-Image-2026-03-12-at-15.54.42-210x210.jpeg 210w"},{"width":150,"height":150,"file":"2026\/04\/WhatsApp-Image-2026-03-12-at-15.54.44.jpeg","filesize":285555,"sizes":{"medium":{"file":"WhatsApp-Image-2026-03-12-at-15.54.44-300x169.jpeg","width":300,"height":169,"mime-type":"image\/jpeg","filesize":15402,"url":"https:\/\/media.benalmadena-property.com\/2026\/04\/WhatsApp-Image-2026-03-12-at-15.54.44-300x169.jpeg"},"large":{"file":"WhatsApp-Image-2026-03-12-at-15.54.44-1024x576.jpeg","width":1024,"height":576,"mime-type":"image\/jpeg","filesize":124153,"url":"https:\/\/media.benalmadena-property.com\/2026\/04\/WhatsApp-Image-2026-03-12-at-15.54.44-1024x576.jpeg"},"thumbnail":{"file":"WhatsApp-Image-2026-03-12-at-15.54.44-150x150.jpeg","width":150,"height":150,"mime-type":"image\/jpeg","filesize":7158,"url":"https:\/\/media.benalmadena-property.com\/2026\/04\/WhatsApp-Image-2026-03-12-at-15.54.44-150x150.jpeg"},"medium_large":{"file":"WhatsApp-Image-2026-03-12-at-15.54.44-768x432.jpeg","width":768,"height":432,"mime-type":"image\/jpeg","filesize":74503,"url":"https:\/\/media.benalmadena-property.com\/2026\/04\/WhatsApp-Image-2026-03-12-at-15.54.44-768x432.jpeg"},"1536x1536":{"file":"WhatsApp-Image-2026-03-12-at-15.54.44-1536x864.jpeg","width":1536,"height":864,"mime-type":"image\/jpeg","filesize":254658,"url":"https:\/\/media.benalmadena-property.com\/2026\/04\/WhatsApp-Image-2026-03-12-at-15.54.44-1536x864.jpeg"},"post-thumbnail":{"file":"WhatsApp-Image-2026-03-12-at-15.54.44-150x84.jpeg","width":150,"height":84,"mime-type":"image\/jpeg","filesize":4889,"url":"https:\/\/media.benalmadena-property.com\/2026\/04\/WhatsApp-Image-2026-03-12-at-15.54.44-150x84.jpeg"},"modern-property-child-slider":{"file":"WhatsApp-Image-2026-03-12-at-15.54.44-680x510.jpeg","width":680,"height":510,"mime-type":"image\/jpeg","filesize":76039,"url":"https:\/\/media.benalmadena-property.com\/2026\/04\/WhatsApp-Image-2026-03-12-at-15.54.44-680x510.jpeg"},"property-thumb-image":{"file":"WhatsApp-Image-2026-03-12-at-15.54.44-488x326.jpeg","width":488,"height":326,"mime-type":"image\/jpeg","filesize":39107,"url":"https:\/\/media.benalmadena-property.com\/2026\/04\/WhatsApp-Image-2026-03-12-at-15.54.44-488x326.jpeg"},"property-detail-video-image":{"file":"WhatsApp-Image-2026-03-12-at-15.54.44-818x417.jpeg","width":818,"height":417,"mime-type":"image\/jpeg","filesize":78793,"url":"https:\/\/media.benalmadena-property.com\/2026\/04\/WhatsApp-Image-2026-03-12-at-15.54.44-818x417.jpeg"},"agent-image":{"file":"WhatsApp-Image-2026-03-12-at-15.54.44-210x210.jpeg","width":210,"height":210,"mime-type":"image\/jpeg","filesize":12555,"url":"https:\/\/media.benalmadena-property.com\/2026\/04\/WhatsApp-Image-2026-03-12-at-15.54.44-210x210.jpeg"},"partners-logo":{"file":"WhatsApp-Image-2026-03-12-at-15.54.44-600x900.jpeg","width":600,"height":900,"mime-type":"image\/jpeg","filesize":119698,"url":"https:\/\/media.benalmadena-property.com\/2026\/04\/WhatsApp-Image-2026-03-12-at-15.54.44-600x900.jpeg"},"gallery-two-column-image":{"file":"WhatsApp-Image-2026-03-12-at-15.54.44-536x269.jpeg","width":536,"height":269,"mime-type":"image\/jpeg","filesize":37691,"url":"https:\/\/media.benalmadena-property.com\/2026\/04\/WhatsApp-Image-2026-03-12-at-15.54.44-536x269.jpeg"},"property-detail-slider-image-two":{"file":"WhatsApp-Image-2026-03-12-at-15.54.44-1170x648.jpeg","width":1170,"height":648,"mime-type":"image\/jpeg","filesize":156141,"url":"https:\/\/media.benalmadena-property.com\/2026\/04\/WhatsApp-Image-2026-03-12-at-15.54.44-1170x648.jpeg"},"property-detail-slider-thumb":{"file":"WhatsApp-Image-2026-03-12-at-15.54.44-82x60.jpeg","width":82,"height":60,"mime-type":"image\/jpeg","filesize":2360,"url":"https:\/\/media.benalmadena-property.com\/2026\/04\/WhatsApp-Image-2026-03-12-at-15.54.44-82x60.jpeg"}},"image_meta":{"aperture":"0","credit":"","camera":"","caption":"","created_timestamp":"0","copyright":"","focal_length":"0","iso":"0","shutter_speed":"0","title":"","orientation":"0","keywords":[]},"ID":"18771","name":"WhatsApp-Image-2026-03-12-at-15.54.44.jpeg","path":"\/var\/www\/vhosts\/benalmadena-property.com\/httpdocs\/wp-content\/uploads\/2026\/04\/WhatsApp-Image-2026-03-12-at-15.54.44.jpeg","url":"https:\/\/media.benalmadena-property.com\/2026\/04\/WhatsApp-Image-2026-03-12-at-15.54.44-150x150.jpeg","full_url":"https:\/\/media.benalmadena-property.com\/2026\/04\/WhatsApp-Image-2026-03-12-at-15.54.44.jpeg","title":"WhatsApp Image 2026-03-12 at 15.54.44","caption":"","description":"","alt":"","srcset":"https:\/\/media.benalmadena-property.com\/2026\/04\/WhatsApp-Image-2026-03-12-at-15.54.44-150x150.jpeg 150w, https:\/\/media.benalmadena-property.com\/2026\/04\/WhatsApp-Image-2026-03-12-at-15.54.44-210x210.jpeg 210w"},{"width":150,"height":150,"file":"2026\/04\/P1010523.jpg","filesize":169984,"sizes":{"medium":{"file":"P1010523-300x225.jpg","width":300,"height":225,"mime-type":"image\/jpeg","filesize":50991,"url":"https:\/\/media.benalmadena-property.com\/2026\/04\/P1010523-300x225.jpg"},"thumbnail":{"file":"P1010523-150x150.jpg","width":150,"height":150,"mime-type":"image\/jpeg","filesize":39944,"url":"https:\/\/media.benalmadena-property.com\/2026\/04\/P1010523-150x150.jpg"},"post-thumbnail":{"file":"P1010523-150x113.jpg","width":150,"height":113,"mime-type":"image\/jpeg","filesize":39002,"url":"https:\/\/media.benalmadena-property.com\/2026\/04\/P1010523-150x113.jpg"},"property-thumb-image":{"file":"P1010523-488x326.jpg","width":488,"height":326,"mime-type":"image\/jpeg","filesize":68768,"url":"https:\/\/media.benalmadena-property.com\/2026\/04\/P1010523-488x326.jpg"},"property-detail-video-image":{"file":"P1010523-640x417.jpg","width":640,"height":417,"mime-type":"image\/jpeg","filesize":93608,"url":"https:\/\/media.benalmadena-property.com\/2026\/04\/P1010523-640x417.jpg"},"agent-image":{"file":"P1010523-210x210.jpg","width":210,"height":210,"mime-type":"image\/jpeg","filesize":45107,"url":"https:\/\/media.benalmadena-property.com\/2026\/04\/P1010523-210x210.jpg"},"partners-logo":{"file":"P1010523-600x480.jpg","width":600,"height":480,"mime-type":"image\/jpeg","filesize":97468,"url":"https:\/\/media.benalmadena-property.com\/2026\/04\/P1010523-600x480.jpg"},"gallery-two-column-image":{"file":"P1010523-536x269.jpg","width":536,"height":269,"mime-type":"image\/jpeg","filesize":65259,"url":"https:\/\/media.benalmadena-property.com\/2026\/04\/P1010523-536x269.jpg"},"property-detail-slider-thumb":{"file":"P1010523-82x60.jpg","width":82,"height":60,"mime-type":"image\/jpeg","filesize":35483,"url":"https:\/\/media.benalmadena-property.com\/2026\/04\/P1010523-82x60.jpg"}},"image_meta":{"aperture":"5.8","credit":"","camera":"DMC-SZ3","caption":"","created_timestamp":"1402674093","copyright":"","focal_length":"26.9","iso":"100","shutter_speed":"0.0025","title":"","orientation":"1","keywords":[]},"ID":"18774","name":"P1010523.jpg","path":"\/var\/www\/vhosts\/benalmadena-property.com\/httpdocs\/wp-content\/uploads\/2026\/04\/P1010523.jpg","url":"https:\/\/media.benalmadena-property.com\/2026\/04\/P1010523-150x150.jpg","full_url":"https:\/\/media.benalmadena-property.com\/2026\/04\/P1010523.jpg","title":"P1010523","caption":"","description":"","alt":"","srcset":"https:\/\/media.benalmadena-property.com\/2026\/04\/P1010523-150x150.jpg 150w, https:\/\/media.benalmadena-property.com\/2026\/04\/P1010523-210x210.jpg 210w"},{"width":150,"height":150,"file":"2026\/04\/2018-09-19-10.33.27.jpg","filesize":159232,"sizes":{"medium":{"file":"2018-09-19-10.33.27-300x225.jpg","width":300,"height":225,"mime-type":"image\/jpeg","filesize":49461,"url":"https:\/\/media.benalmadena-property.com\/2026\/04\/2018-09-19-10.33.27-300x225.jpg"},"thumbnail":{"file":"2018-09-19-10.33.27-150x150.jpg","width":150,"height":150,"mime-type":"image\/jpeg","filesize":38973,"url":"https:\/\/media.benalmadena-property.com\/2026\/04\/2018-09-19-10.33.27-150x150.jpg"},"post-thumbnail":{"file":"2018-09-19-10.33.27-150x113.jpg","width":150,"height":113,"mime-type":"image\/jpeg","filesize":38102,"url":"https:\/\/media.benalmadena-property.com\/2026\/04\/2018-09-19-10.33.27-150x113.jpg"},"property-thumb-image":{"file":"2018-09-19-10.33.27-488x326.jpg","width":488,"height":326,"mime-type":"image\/jpeg","filesize":68100,"url":"https:\/\/media.benalmadena-property.com\/2026\/04\/2018-09-19-10.33.27-488x326.jpg"},"property-detail-video-image":{"file":"2018-09-19-10.33.27-640x417.jpg","width":640,"height":417,"mime-type":"image\/jpeg","filesize":98843,"url":"https:\/\/media.benalmadena-property.com\/2026\/04\/2018-09-19-10.33.27-640x417.jpg"},"agent-image":{"file":"2018-09-19-10.33.27-210x210.jpg","width":210,"height":210,"mime-type":"image\/jpeg","filesize":43813,"url":"https:\/\/media.benalmadena-property.com\/2026\/04\/2018-09-19-10.33.27-210x210.jpg"},"partners-logo":{"file":"2018-09-19-10.33.27-600x480.jpg","width":600,"height":480,"mime-type":"image\/jpeg","filesize":105028,"url":"https:\/\/media.benalmadena-property.com\/2026\/04\/2018-09-19-10.33.27-600x480.jpg"},"gallery-two-column-image":{"file":"2018-09-19-10.33.27-536x269.jpg","width":536,"height":269,"mime-type":"image\/jpeg","filesize":63297,"url":"https:\/\/media.benalmadena-property.com\/2026\/04\/2018-09-19-10.33.27-536x269.jpg"},"property-detail-slider-thumb":{"file":"2018-09-19-10.33.27-82x60.jpg","width":82,"height":60,"mime-type":"image\/jpeg","filesize":35183,"url":"https:\/\/media.benalmadena-property.com\/2026\/04\/2018-09-19-10.33.27-82x60.jpg"}},"image_meta":{"aperture":"3.1","credit":"","camera":"DMC-SZ3","caption":"","created_timestamp":"1537353207","copyright":"","focal_length":"4.5","iso":"160","shutter_speed":"0.00125","title":"","orientation":"1","keywords":[]},"ID":"18777","name":"2018-09-19-10.33.27.jpg","path":"\/var\/www\/vhosts\/benalmadena-property.com\/httpdocs\/wp-content\/uploads\/2026\/04\/2018-09-19-10.33.27.jpg","url":"https:\/\/media.benalmadena-property.com\/2026\/04\/2018-09-19-10.33.27-150x150.jpg","full_url":"https:\/\/media.benalmadena-property.com\/2026\/04\/2018-09-19-10.33.27.jpg","title":"2018-09-19 10.33.27","caption":"","description":"","alt":"","srcset":"https:\/\/media.benalmadena-property.com\/2026\/04\/2018-09-19-10.33.27-150x150.jpg 150w, https:\/\/media.benalmadena-property.com\/2026\/04\/2018-09-19-10.33.27-210x210.jpg 210w"},{"width":150,"height":150,"file":"2026\/04\/P1000399.jpg","filesize":2570752,"sizes":{"medium":{"file":"P1000399-300x225.jpg","width":300,"height":225,"mime-type":"image\/jpeg","filesize":49601,"url":"https:\/\/media.benalmadena-property.com\/2026\/04\/P1000399-300x225.jpg"},"large":{"file":"P1000399-1024x768.jpg","width":1024,"height":768,"mime-type":"image\/jpeg","filesize":181577,"url":"https:\/\/media.benalmadena-property.com\/2026\/04\/P1000399-1024x768.jpg"},"thumbnail":{"file":"P1000399-150x150.jpg","width":150,"height":150,"mime-type":"image\/jpeg","filesize":39325,"url":"https:\/\/media.benalmadena-property.com\/2026\/04\/P1000399-150x150.jpg"},"medium_large":{"file":"P1000399-768x576.jpg","width":768,"height":576,"mime-type":"image\/jpeg","filesize":121675,"url":"https:\/\/media.benalmadena-property.com\/2026\/04\/P1000399-768x576.jpg"},"1536x1536":{"file":"P1000399-1536x1152.jpg","width":1536,"height":1152,"mime-type":"image\/jpeg","filesize":349146,"url":"https:\/\/media.benalmadena-property.com\/2026\/04\/P1000399-1536x1152.jpg"},"post-thumbnail":{"file":"P1000399-150x113.jpg","width":150,"height":113,"mime-type":"image\/jpeg","filesize":38214,"url":"https:\/\/media.benalmadena-property.com\/2026\/04\/P1000399-150x113.jpg"},"modern-property-child-slider":{"file":"P1000399-680x510.jpg","width":680,"height":510,"mime-type":"image\/jpeg","filesize":104420,"url":"https:\/\/media.benalmadena-property.com\/2026\/04\/P1000399-680x510.jpg"},"property-thumb-image":{"file":"P1000399-488x326.jpg","width":488,"height":326,"mime-type":"image\/jpeg","filesize":67571,"url":"https:\/\/media.benalmadena-property.com\/2026\/04\/P1000399-488x326.jpg"},"property-detail-video-image":{"file":"P1000399-818x417.jpg","width":818,"height":417,"mime-type":"image\/jpeg","filesize":102645,"url":"https:\/\/media.benalmadena-property.com\/2026\/04\/P1000399-818x417.jpg"},"agent-image":{"file":"P1000399-210x210.jpg","width":210,"height":210,"mime-type":"image\/jpeg","filesize":44488,"url":"https:\/\/media.benalmadena-property.com\/2026\/04\/P1000399-210x210.jpg"},"partners-logo":{"file":"P1000399-600x1536.jpg","width":600,"height":1536,"mime-type":"image\/jpeg","filesize":251909,"url":"https:\/\/media.benalmadena-property.com\/2026\/04\/P1000399-600x1536.jpg"},"gallery-two-column-image":{"file":"P1000399-536x269.jpg","width":536,"height":269,"mime-type":"image\/jpeg","filesize":64646,"url":"https:\/\/media.benalmadena-property.com\/2026\/04\/P1000399-536x269.jpg"},"property-detail-slider-image-two":{"file":"P1000399-1170x648.jpg","width":1170,"height":648,"mime-type":"image\/jpeg","filesize":177191,"url":"https:\/\/media.benalmadena-property.com\/2026\/04\/P1000399-1170x648.jpg"},"property-detail-slider-thumb":{"file":"P1000399-82x60.jpg","width":82,"height":60,"mime-type":"image\/jpeg","filesize":35156,"url":"https:\/\/media.benalmadena-property.com\/2026\/04\/P1000399-82x60.jpg"}},"image_meta":{"aperture":"3.1","credit":"","camera":"DMC-SZ3","caption":"","created_timestamp":"1381943711","copyright":"","focal_length":"4.5","iso":"100","shutter_speed":"0.002","title":"","orientation":"1","keywords":[]},"ID":"18780","name":"P1000399.jpg","path":"\/var\/www\/vhosts\/benalmadena-property.com\/httpdocs\/wp-content\/uploads\/2026\/04\/P1000399.jpg","url":"https:\/\/media.benalmadena-property.com\/2026\/04\/P1000399-150x150.jpg","full_url":"https:\/\/media.benalmadena-property.com\/2026\/04\/P1000399.jpg","title":"P1000399","caption":"","description":"","alt":"","srcset":"https:\/\/media.benalmadena-property.com\/2026\/04\/P1000399-150x150.jpg 150w, https:\/\/media.benalmadena-property.com\/2026\/04\/P1000399-210x210.jpg 210w"}],"REAL_HOMES_change_gallery_slider_type":"","REAL_HOMES_gallery_slider_type":"thumb-on-right","inspiry_floor_plans":[],"inspiry_video_group":[],"REAL_HOMES_360_virtual_tour":"","REAL_HOMES_tour_video_url":"","REAL_HOMES_tour_video_image":[],"REAL_HOMES_agent_display_option":"none","REAL_HOMES_agents":[],"REAL_HOMES_energy_class":"","REAL_HOMES_energy_performance":"","REAL_HOMES_epc_current_rating":"","REAL_HOMES_epc_potential_rating":"","REAL_HOMES_sticky":"","inspiry_property_label":"","inspiry_property_label_color":"","inspiry_property_tax":"","inspiry_additional_fee":"","REAL_HOMES_attachments":[],"inspiry_property_owner_name":"","inspiry_property_owner_contact":"","inspiry_property_owner_address":"","REAL_HOMES_property_private_note":"","inspiry_message_to_reviewer":"","REAL_HOMES_add_in_slider":"No","REAL_HOMES_slider_image":[],"REAL_HOMES_page_banner_image":[],"REAL_HOMES_pims_id":"","REAL_HOMES_property_rented":""},"_links":{"self":[{"href":"https:\/\/www.benalmadena-property.com\/es\/wp-json\/wp\/v2\/property\/18787","targetHints":{"allow":["GET"]}}],"collection":[{"href":"https:\/\/www.benalmadena-property.com\/es\/wp-json\/wp\/v2\/property"}],"about":[{"href":"https:\/\/www.benalmadena-property.com\/es\/wp-json\/wp\/v2\/types\/property"}],"author":[{"embeddable":true,"href":"https:\/\/www.benalmadena-property.com\/es\/wp-json\/wp\/v2\/users\/2"}],"replies":[{"embeddable":true,"href":"https:\/\/www.benalmadena-property.com\/es\/wp-json\/wp\/v2\/comments?post=18787"}],"version-history":[{"count":0,"href":"https:\/\/www.benalmadena-property.com\/es\/wp-json\/wp\/v2\/property\/18787\/revisions"}],"wp:featuredmedia":[{"embeddable":true,"href":"https:\/\/www.benalmadena-property.com\/es\/wp-json\/wp\/v2\/media\/18765"}],"wp:attachment":[{"href":"https:\/\/www.benalmadena-property.com\/es\/wp-json\/wp\/v2\/media?parent=18787"}],"wp:term":[{"taxonomy":"property-feature","embeddable":true,"href":"https:\/\/www.benalmadena-property.com\/es\/wp-json\/wp\/v2\/property-feature?post=18787"},{"taxonomy":"property-type","embeddable":true,"href":"https:\/\/www.benalmadena-property.com\/es\/wp-json\/wp\/v2\/property-type?post=18787"},{"taxonomy":"property-city","embeddable":true,"href":"https:\/\/www.benalmadena-property.com\/es\/wp-json\/wp\/v2\/property-location?post=18787"},{"taxonomy":"property-status","embeddable":true,"href":"https:\/\/www.benalmadena-property.com\/es\/wp-json\/wp\/v2\/property-status?post=18787"}],"curies":[{"name":"wp","href":"https:\/\/api.w.org\/{rel}","templated":true}]}}