{"id":4633,"date":"2019-11-13T00:00:00","date_gmt":"2019-11-13T00:00:00","guid":{"rendered":"http:\/\/gapp.system24tech.com\/property\/holiday-one-bedroom-apartment-jupiter-benalmadena-vftma20511\/"},"modified":"2025-11-24T13:01:37","modified_gmt":"2025-11-24T12:01:37","slug":"holiday-one-bedroom-apartment-jupiter-benalmadena-vftma20511","status":"publish","type":"property","link":"https:\/\/www.benalmadena-property.com\/es\/property\/holiday-one-bedroom-apartment-jupiter-benalmadena-vftma20511\/","title":{"rendered":"VUT\/MA\/20511 Apartamento vacacional de un dormitorio: J\u00fapiter, Benalm\u00e1dena. Ref: HJ518"},"content":{"rendered":"<p>Precioso apartamento en esquina de un dormitorio en 5o piso con sol de tarde. Terraza orientada al suroeste con fant\u00e1sticas vistas al mar, a la monta\u00f1a y a la piscina.<br \/>El apartamento ha sido completamente reformado \u2013 nuevos pisos, cocina y ba\u00f1o con ba\u00f1era y ducha de techo<br \/>Habitaci\u00f3n amplia y luminosa con sof\u00e1 cama y TV HD .<br \/>Los apartamentos Jupiter disponen de recepci\u00f3n las 24 horas, donde se pueden alquilar cajas fuertes por un coste adicional..<br \/>Puedes disfrutar de la gran piscina con toboganes, abiertos desde junio a septiembre y otras dos piscinas peque\u00f1as abiertas todo el a\u00f1o, con zona ajardinada muy amplio.<br \/>Un paseo de veinte minutos le llevar\u00e1n a casi todas las atracciones que Benalm\u00e1dena tiene para ofrecer: Tivoli World, Parque de la Paloma, Telef\u00e9rico y la playa, un poco m\u00e1s hasta el Puerto Marina.<br \/>Supermercados, bares, restaurantes y lugares de entretenimiento a 3 minutos a pie, y la plaza 24 horas est\u00e1 a poca distancia para los amantes de la vida nocturna.<br \/>La recepci\u00f3n ofrece WiFi y caja fuerte por un suplemento.<\/p>\r\n<p>Dormitorio: Cama doble<br \/>Sala de estar: sof\u00e1 cama doble<br \/>Aire acondicionado<\/p>\r\n<p>Clasificaci\u00f3n: Premium<br \/>\r\n<p><strong>NO SE PERMITE FUMAR NI MASCOTAS<\/strong><\/p>\r\n\r\n<p>&nbsp;<\/p>\r\n\r\n\r\n<strong>LICENCIA TURISTICA: ESFCTU0000290350001781570000000000000000VFT\/MA\/205119<\/strong>","protected":false},"excerpt":{"rendered":"<p>Precioso apartamento en esquina de un dormitorio en 5o piso con sol de tarde. Terraza orientada al suroeste con fant\u00e1sticas vistas al mar, a la monta\u00f1a y a la piscina.El apartamento ha sido completamente reformado \u2013 nuevos pisos, cocina y ba\u00f1o con ba\u00f1era y ducha de techoHabitaci\u00f3n amplia y luminosa con sof\u00e1 cama y TV&#8230;<\/p>\n","protected":false},"author":1,"featured_media":8343,"parent":0,"menu_order":0,"comment_status":"closed","ping_status":"closed","template":"","property-feature":[523,497,505,501,506,516,515,215,503,509,508,219],"property-type":[221],"property-location":[223,538,443],"property-status":[224],"class_list":["post-4633","property","type-property","status-publish","has-post-thumbnail","hentry","property-feature-cocina-amueblada","property-feature-estado-del-aire","property-feature-hervidor","property-feature-lavadora","property-feature-microondas","property-feature-mini-horno","property-feature-nevera","property-feature-parking-es","property-feature-piscina","property-feature-plancha-y-tablero","property-feature-tostadora","property-feature-tv-es","property-type-apartmento","property-city-benalmadena-costa-benalmadena-arroyo-de-la-mielcosta-del-sol-es","property-city-benalmadena-costa-costa-del-sol-es","property-city-costa-del-sol-es","property-status-alquileres-vacacionales"],"property_meta":{"REAL_HOMES_property_price":"490","REAL_HOMES_property_old_price":"","REAL_HOMES_property_price_prefix":"","REAL_HOMES_property_price_postfix":"Semanal","REAL_HOMES_property_size":"","REAL_HOMES_property_size_postfix":"Sqm","REAL_HOMES_property_lot_size":"","REAL_HOMES_property_lot_size_postfix":"","REAL_HOMES_property_bedrooms":"1","REAL_HOMES_property_bathrooms":"1","REAL_HOMES_property_garage":"","REAL_HOMES_property_id":"HJ518","REAL_HOMES_property_year_built":"","REAL_HOMES_featured":"1","REAL_HOMES_additional_details_list":[],"REAL_HOMES_property_location":{"latitude":"36.5967799","longitude":"-4.5276083","zoom":"14"},"REAL_HOMES_property_address":"Av. Gamonal, 29630 Benalm\u00e1dena, M\u00e1laga, Espa\u00f1a","REAL_HOMES_property_map":"0","REAL_HOMES_property_images":[{"width":150,"height":150,"file":"2020\/02\/P1050861.jpg","sizes":{"medium":{"file":"P1050861-300x225.jpg","width":300,"height":225,"mime-type":"image\/jpeg","url":"https:\/\/media.benalmadena-property.com\/2020\/02\/P1050861-300x225.jpg"},"thumbnail":{"file":"P1050861-150x150.jpg","width":150,"height":150,"mime-type":"image\/jpeg","url":"https:\/\/media.benalmadena-property.com\/2020\/02\/P1050861-150x150.jpg"},"post-thumbnail":{"file":"P1050861-150x113.jpg","width":150,"height":113,"mime-type":"image\/jpeg","url":"https:\/\/media.benalmadena-property.com\/2020\/02\/P1050861-150x113.jpg"},"property-thumb-image":{"file":"P1050861-488x326.jpg","width":488,"height":326,"mime-type":"image\/jpeg","url":"https:\/\/media.benalmadena-property.com\/2020\/02\/P1050861-488x326.jpg"},"property-detail-video-image":{"file":"P1050861-640x417.jpg","width":640,"height":417,"mime-type":"image\/jpeg","url":"https:\/\/media.benalmadena-property.com\/2020\/02\/P1050861-640x417.jpg"},"agent-image":{"file":"P1050861-210x210.jpg","width":210,"height":210,"mime-type":"image\/jpeg","url":"https:\/\/media.benalmadena-property.com\/2020\/02\/P1050861-210x210.jpg"},"partners-logo":{"file":"P1050861-600x480.jpg","width":600,"height":480,"mime-type":"image\/jpeg","url":"https:\/\/media.benalmadena-property.com\/2020\/02\/P1050861-600x480.jpg"},"post-featured-image":{"file":"P1050861-640x455.jpg","width":640,"height":455,"mime-type":"image\/jpeg","url":"https:\/\/media.benalmadena-property.com\/2020\/02\/P1050861-640x455.jpg"},"gallery-two-column-image":{"file":"P1050861-536x269.jpg","width":536,"height":269,"mime-type":"image\/jpeg","url":"https:\/\/media.benalmadena-property.com\/2020\/02\/P1050861-536x269.jpg"},"property-detail-slider-thumb":{"file":"P1050861-82x60.jpg","width":82,"height":60,"mime-type":"image\/jpeg","url":"https:\/\/media.benalmadena-property.com\/2020\/02\/P1050861-82x60.jpg"},"grid-view-image":{"file":"P1050861-492x324.jpg","width":492,"height":324,"mime-type":"image\/jpeg","url":"https:\/\/media.benalmadena-property.com\/2020\/02\/P1050861-492x324.jpg"}},"image_meta":{"aperture":"3.3","credit":"","camera":"DMC-SZ3","caption":"","created_timestamp":"1574959869","copyright":"","focal_length":"4.9","iso":"100","shutter_speed":"0.0025","title":"","orientation":"1","keywords":[]},"ID":"4015","name":"P1050861.jpg","path":"\/var\/www\/vhosts\/benalmadena-property.com\/httpdocs\/wp-content\/uploads\/2020\/02\/P1050861.jpg","url":"https:\/\/media.benalmadena-property.com\/2020\/02\/P1050861-150x150.jpg","full_url":"https:\/\/media.benalmadena-property.com\/2020\/02\/P1050861.jpg","title":"P1050861","caption":"","description":"","alt":"","srcset":"https:\/\/media.benalmadena-property.com\/2020\/02\/P1050861-150x150.jpg 150w, https:\/\/media.benalmadena-property.com\/2020\/02\/P1050861-210x210.jpg 210w"},{"width":150,"height":150,"file":"2019\/11\/76bee2f5-bdf2-452f-9248-034c697a893e.jpg","filesize":124676,"sizes":{"medium":{"file":"76bee2f5-bdf2-452f-9248-034c697a893e-300x225.jpg","width":300,"height":225,"mime-type":"image\/jpeg","filesize":13066,"url":"https:\/\/media.benalmadena-property.com\/2019\/11\/76bee2f5-bdf2-452f-9248-034c697a893e-300x225.jpg"},"large":{"file":"76bee2f5-bdf2-452f-9248-034c697a893e-1024x768.jpg","width":1024,"height":768,"mime-type":"image\/jpeg","filesize":108508,"url":"https:\/\/media.benalmadena-property.com\/2019\/11\/76bee2f5-bdf2-452f-9248-034c697a893e-1024x768.jpg"},"thumbnail":{"file":"76bee2f5-bdf2-452f-9248-034c697a893e-150x150.jpg","width":150,"height":150,"mime-type":"image\/jpeg","filesize":5424,"url":"https:\/\/media.benalmadena-property.com\/2019\/11\/76bee2f5-bdf2-452f-9248-034c697a893e-150x150.jpg"},"medium_large":{"file":"76bee2f5-bdf2-452f-9248-034c697a893e-768x576.jpg","width":768,"height":576,"mime-type":"image\/jpeg","filesize":66623,"url":"https:\/\/media.benalmadena-property.com\/2019\/11\/76bee2f5-bdf2-452f-9248-034c697a893e-768x576.jpg"},"post-thumbnail":{"file":"76bee2f5-bdf2-452f-9248-034c697a893e-150x112.jpg","width":150,"height":112,"mime-type":"image\/jpeg","filesize":4085,"url":"https:\/\/media.benalmadena-property.com\/2019\/11\/76bee2f5-bdf2-452f-9248-034c697a893e-150x112.jpg"},"modern-property-child-slider":{"file":"76bee2f5-bdf2-452f-9248-034c697a893e-680x510.jpg","width":680,"height":510,"mime-type":"image\/jpeg","filesize":53826,"url":"https:\/\/media.benalmadena-property.com\/2019\/11\/76bee2f5-bdf2-452f-9248-034c697a893e-680x510.jpg"},"property-thumb-image":{"file":"76bee2f5-bdf2-452f-9248-034c697a893e-488x326.jpg","width":488,"height":326,"mime-type":"image\/jpeg","filesize":27674,"url":"https:\/\/media.benalmadena-property.com\/2019\/11\/76bee2f5-bdf2-452f-9248-034c697a893e-488x326.jpg"},"property-detail-video-image":{"file":"76bee2f5-bdf2-452f-9248-034c697a893e-818x417.jpg","width":818,"height":417,"mime-type":"image\/jpeg","filesize":57589,"url":"https:\/\/media.benalmadena-property.com\/2019\/11\/76bee2f5-bdf2-452f-9248-034c697a893e-818x417.jpg"},"agent-image":{"file":"76bee2f5-bdf2-452f-9248-034c697a893e-210x210.jpg","width":210,"height":210,"mime-type":"image\/jpeg","filesize":9618,"url":"https:\/\/media.benalmadena-property.com\/2019\/11\/76bee2f5-bdf2-452f-9248-034c697a893e-210x210.jpg"},"partners-logo":{"file":"76bee2f5-bdf2-452f-9248-034c697a893e-600x896.jpg","width":600,"height":896,"mime-type":"image\/jpeg","filesize":79636,"url":"https:\/\/media.benalmadena-property.com\/2019\/11\/76bee2f5-bdf2-452f-9248-034c697a893e-600x896.jpg"},"gallery-two-column-image":{"file":"76bee2f5-bdf2-452f-9248-034c697a893e-536x269.jpg","width":536,"height":269,"mime-type":"image\/jpeg","filesize":26944,"url":"https:\/\/media.benalmadena-property.com\/2019\/11\/76bee2f5-bdf2-452f-9248-034c697a893e-536x269.jpg"},"property-detail-slider-image-two":{"file":"76bee2f5-bdf2-452f-9248-034c697a893e-1170x648.jpg","width":1170,"height":648,"mime-type":"image\/jpeg","filesize":109279,"url":"https:\/\/media.benalmadena-property.com\/2019\/11\/76bee2f5-bdf2-452f-9248-034c697a893e-1170x648.jpg"},"property-detail-slider-thumb":{"file":"76bee2f5-bdf2-452f-9248-034c697a893e-82x60.jpg","width":82,"height":60,"mime-type":"image\/jpeg","filesize":1704,"url":"https:\/\/media.benalmadena-property.com\/2019\/11\/76bee2f5-bdf2-452f-9248-034c697a893e-82x60.jpg"}},"image_meta":{"aperture":"0","credit":"","camera":"","caption":"","created_timestamp":"0","copyright":"","focal_length":"0","iso":"0","shutter_speed":"0","title":"","orientation":"0","keywords":[]},"ID":"18607","name":"76bee2f5-bdf2-452f-9248-034c697a893e.jpg","path":"\/var\/www\/vhosts\/benalmadena-property.com\/httpdocs\/wp-content\/uploads\/2019\/11\/76bee2f5-bdf2-452f-9248-034c697a893e.jpg","url":"https:\/\/media.benalmadena-property.com\/2019\/11\/76bee2f5-bdf2-452f-9248-034c697a893e-150x150.jpg","full_url":"https:\/\/media.benalmadena-property.com\/2019\/11\/76bee2f5-bdf2-452f-9248-034c697a893e.jpg","title":"76bee2f5-bdf2-452f-9248-034c697a893e","caption":"","description":"","alt":"","srcset":"https:\/\/media.benalmadena-property.com\/2019\/11\/76bee2f5-bdf2-452f-9248-034c697a893e-150x150.jpg 150w, https:\/\/media.benalmadena-property.com\/2019\/11\/76bee2f5-bdf2-452f-9248-034c697a893e-210x210.jpg 210w"},{"width":150,"height":150,"file":"2019\/11\/66fa4957-afd6-4e14-8013-5c12de666749.jpg","filesize":85642,"sizes":{"medium":{"file":"66fa4957-afd6-4e14-8013-5c12de666749-225x300.jpg","width":225,"height":300,"mime-type":"image\/jpeg","filesize":10034,"url":"https:\/\/media.benalmadena-property.com\/2019\/11\/66fa4957-afd6-4e14-8013-5c12de666749-225x300.jpg"},"large":{"file":"66fa4957-afd6-4e14-8013-5c12de666749-768x1024.jpg","width":768,"height":1024,"mime-type":"image\/jpeg","filesize":77046,"url":"https:\/\/media.benalmadena-property.com\/2019\/11\/66fa4957-afd6-4e14-8013-5c12de666749-768x1024.jpg"},"thumbnail":{"file":"66fa4957-afd6-4e14-8013-5c12de666749-150x150.jpg","width":150,"height":150,"mime-type":"image\/jpeg","filesize":4531,"url":"https:\/\/media.benalmadena-property.com\/2019\/11\/66fa4957-afd6-4e14-8013-5c12de666749-150x150.jpg"},"medium_large":{"file":"66fa4957-afd6-4e14-8013-5c12de666749-768x1024.jpg","width":768,"height":1024,"mime-type":"image\/jpeg","filesize":77046,"url":"https:\/\/media.benalmadena-property.com\/2019\/11\/66fa4957-afd6-4e14-8013-5c12de666749-768x1024.jpg"},"post-thumbnail":{"file":"66fa4957-afd6-4e14-8013-5c12de666749-112x150.jpg","width":112,"height":150,"mime-type":"image\/jpeg","filesize":3253,"url":"https:\/\/media.benalmadena-property.com\/2019\/11\/66fa4957-afd6-4e14-8013-5c12de666749-112x150.jpg"},"modern-property-child-slider":{"file":"66fa4957-afd6-4e14-8013-5c12de666749-680x510.jpg","width":680,"height":510,"mime-type":"image\/jpeg","filesize":42009,"url":"https:\/\/media.benalmadena-property.com\/2019\/11\/66fa4957-afd6-4e14-8013-5c12de666749-680x510.jpg"},"property-thumb-image":{"file":"66fa4957-afd6-4e14-8013-5c12de666749-488x326.jpg","width":488,"height":326,"mime-type":"image\/jpeg","filesize":22123,"url":"https:\/\/media.benalmadena-property.com\/2019\/11\/66fa4957-afd6-4e14-8013-5c12de666749-488x326.jpg"},"property-detail-video-image":{"file":"66fa4957-afd6-4e14-8013-5c12de666749-818x417.jpg","width":818,"height":417,"mime-type":"image\/jpeg","filesize":41342,"url":"https:\/\/media.benalmadena-property.com\/2019\/11\/66fa4957-afd6-4e14-8013-5c12de666749-818x417.jpg"},"agent-image":{"file":"66fa4957-afd6-4e14-8013-5c12de666749-210x210.jpg","width":210,"height":210,"mime-type":"image\/jpeg","filesize":7707,"url":"https:\/\/media.benalmadena-property.com\/2019\/11\/66fa4957-afd6-4e14-8013-5c12de666749-210x210.jpg"},"partners-logo":{"file":"66fa4957-afd6-4e14-8013-5c12de666749-600x1195.jpg","width":600,"height":1195,"mime-type":"image\/jpeg","filesize":78350,"url":"https:\/\/media.benalmadena-property.com\/2019\/11\/66fa4957-afd6-4e14-8013-5c12de666749-600x1195.jpg"},"gallery-two-column-image":{"file":"66fa4957-afd6-4e14-8013-5c12de666749-536x269.jpg","width":536,"height":269,"mime-type":"image\/jpeg","filesize":20768,"url":"https:\/\/media.benalmadena-property.com\/2019\/11\/66fa4957-afd6-4e14-8013-5c12de666749-536x269.jpg"},"property-detail-slider-image-two":{"file":"66fa4957-afd6-4e14-8013-5c12de666749-896x648.jpg","width":896,"height":648,"mime-type":"image\/jpeg","filesize":66253,"url":"https:\/\/media.benalmadena-property.com\/2019\/11\/66fa4957-afd6-4e14-8013-5c12de666749-896x648.jpg"},"property-detail-slider-thumb":{"file":"66fa4957-afd6-4e14-8013-5c12de666749-82x60.jpg","width":82,"height":60,"mime-type":"image\/jpeg","filesize":1634,"url":"https:\/\/media.benalmadena-property.com\/2019\/11\/66fa4957-afd6-4e14-8013-5c12de666749-82x60.jpg"}},"image_meta":{"aperture":"0","credit":"","camera":"","caption":"","created_timestamp":"0","copyright":"","focal_length":"0","iso":"0","shutter_speed":"0","title":"","orientation":"0","keywords":[]},"ID":"18604","name":"66fa4957-afd6-4e14-8013-5c12de666749.jpg","path":"\/var\/www\/vhosts\/benalmadena-property.com\/httpdocs\/wp-content\/uploads\/2019\/11\/66fa4957-afd6-4e14-8013-5c12de666749.jpg","url":"https:\/\/media.benalmadena-property.com\/2019\/11\/66fa4957-afd6-4e14-8013-5c12de666749-150x150.jpg","full_url":"https:\/\/media.benalmadena-property.com\/2019\/11\/66fa4957-afd6-4e14-8013-5c12de666749.jpg","title":"66fa4957-afd6-4e14-8013-5c12de666749","caption":"","description":"","alt":"","srcset":"https:\/\/media.benalmadena-property.com\/2019\/11\/66fa4957-afd6-4e14-8013-5c12de666749-150x150.jpg 150w, https:\/\/media.benalmadena-property.com\/2019\/11\/66fa4957-afd6-4e14-8013-5c12de666749-210x210.jpg 210w"},{"width":150,"height":150,"file":"2019\/11\/08d2580b-17ad-46ef-83e1-43ca4bbce439.jpg","filesize":97751,"sizes":{"medium":{"file":"08d2580b-17ad-46ef-83e1-43ca4bbce439-300x225.jpg","width":300,"height":225,"mime-type":"image\/jpeg","filesize":11585,"url":"https:\/\/media.benalmadena-property.com\/2019\/11\/08d2580b-17ad-46ef-83e1-43ca4bbce439-300x225.jpg"},"large":{"file":"08d2580b-17ad-46ef-83e1-43ca4bbce439-1024x768.jpg","width":1024,"height":768,"mime-type":"image\/jpeg","filesize":87406,"url":"https:\/\/media.benalmadena-property.com\/2019\/11\/08d2580b-17ad-46ef-83e1-43ca4bbce439-1024x768.jpg"},"thumbnail":{"file":"08d2580b-17ad-46ef-83e1-43ca4bbce439-150x150.jpg","width":150,"height":150,"mime-type":"image\/jpeg","filesize":4532,"url":"https:\/\/media.benalmadena-property.com\/2019\/11\/08d2580b-17ad-46ef-83e1-43ca4bbce439-150x150.jpg"},"medium_large":{"file":"08d2580b-17ad-46ef-83e1-43ca4bbce439-768x576.jpg","width":768,"height":576,"mime-type":"image\/jpeg","filesize":54574,"url":"https:\/\/media.benalmadena-property.com\/2019\/11\/08d2580b-17ad-46ef-83e1-43ca4bbce439-768x576.jpg"},"post-thumbnail":{"file":"08d2580b-17ad-46ef-83e1-43ca4bbce439-150x112.jpg","width":150,"height":112,"mime-type":"image\/jpeg","filesize":3817,"url":"https:\/\/media.benalmadena-property.com\/2019\/11\/08d2580b-17ad-46ef-83e1-43ca4bbce439-150x112.jpg"},"modern-property-child-slider":{"file":"08d2580b-17ad-46ef-83e1-43ca4bbce439-680x510.jpg","width":680,"height":510,"mime-type":"image\/jpeg","filesize":44624,"url":"https:\/\/media.benalmadena-property.com\/2019\/11\/08d2580b-17ad-46ef-83e1-43ca4bbce439-680x510.jpg"},"property-thumb-image":{"file":"08d2580b-17ad-46ef-83e1-43ca4bbce439-488x326.jpg","width":488,"height":326,"mime-type":"image\/jpeg","filesize":23616,"url":"https:\/\/media.benalmadena-property.com\/2019\/11\/08d2580b-17ad-46ef-83e1-43ca4bbce439-488x326.jpg"},"property-detail-video-image":{"file":"08d2580b-17ad-46ef-83e1-43ca4bbce439-818x417.jpg","width":818,"height":417,"mime-type":"image\/jpeg","filesize":46461,"url":"https:\/\/media.benalmadena-property.com\/2019\/11\/08d2580b-17ad-46ef-83e1-43ca4bbce439-818x417.jpg"},"agent-image":{"file":"08d2580b-17ad-46ef-83e1-43ca4bbce439-210x210.jpg","width":210,"height":210,"mime-type":"image\/jpeg","filesize":7706,"url":"https:\/\/media.benalmadena-property.com\/2019\/11\/08d2580b-17ad-46ef-83e1-43ca4bbce439-210x210.jpg"},"partners-logo":{"file":"08d2580b-17ad-46ef-83e1-43ca4bbce439-600x896.jpg","width":600,"height":896,"mime-type":"image\/jpeg","filesize":56938,"url":"https:\/\/media.benalmadena-property.com\/2019\/11\/08d2580b-17ad-46ef-83e1-43ca4bbce439-600x896.jpg"},"gallery-two-column-image":{"file":"08d2580b-17ad-46ef-83e1-43ca4bbce439-536x269.jpg","width":536,"height":269,"mime-type":"image\/jpeg","filesize":22372,"url":"https:\/\/media.benalmadena-property.com\/2019\/11\/08d2580b-17ad-46ef-83e1-43ca4bbce439-536x269.jpg"},"property-detail-slider-image-two":{"file":"08d2580b-17ad-46ef-83e1-43ca4bbce439-1170x648.jpg","width":1170,"height":648,"mime-type":"image\/jpeg","filesize":87066,"url":"https:\/\/media.benalmadena-property.com\/2019\/11\/08d2580b-17ad-46ef-83e1-43ca4bbce439-1170x648.jpg"},"property-detail-slider-thumb":{"file":"08d2580b-17ad-46ef-83e1-43ca4bbce439-82x60.jpg","width":82,"height":60,"mime-type":"image\/jpeg","filesize":1716,"url":"https:\/\/media.benalmadena-property.com\/2019\/11\/08d2580b-17ad-46ef-83e1-43ca4bbce439-82x60.jpg"}},"image_meta":{"aperture":"0","credit":"","camera":"","caption":"","created_timestamp":"0","copyright":"","focal_length":"0","iso":"0","shutter_speed":"0","title":"","orientation":"0","keywords":[]},"ID":"18601","name":"08d2580b-17ad-46ef-83e1-43ca4bbce439.jpg","path":"\/var\/www\/vhosts\/benalmadena-property.com\/httpdocs\/wp-content\/uploads\/2019\/11\/08d2580b-17ad-46ef-83e1-43ca4bbce439.jpg","url":"https:\/\/media.benalmadena-property.com\/2019\/11\/08d2580b-17ad-46ef-83e1-43ca4bbce439-150x150.jpg","full_url":"https:\/\/media.benalmadena-property.com\/2019\/11\/08d2580b-17ad-46ef-83e1-43ca4bbce439.jpg","title":"08d2580b-17ad-46ef-83e1-43ca4bbce439","caption":"","description":"","alt":"","srcset":"https:\/\/media.benalmadena-property.com\/2019\/11\/08d2580b-17ad-46ef-83e1-43ca4bbce439-150x150.jpg 150w, https:\/\/media.benalmadena-property.com\/2019\/11\/08d2580b-17ad-46ef-83e1-43ca4bbce439-210x210.jpg 210w"},{"width":150,"height":150,"file":"2019\/11\/3c3fd2ec-e4f6-47f7-b117-feaef3daf742.jpg","filesize":156346,"sizes":{"medium":{"file":"3c3fd2ec-e4f6-47f7-b117-feaef3daf742-300x225.jpg","width":300,"height":225,"mime-type":"image\/jpeg","filesize":18011,"url":"https:\/\/media.benalmadena-property.com\/2019\/11\/3c3fd2ec-e4f6-47f7-b117-feaef3daf742-300x225.jpg"},"large":{"file":"3c3fd2ec-e4f6-47f7-b117-feaef3daf742-1024x768.jpg","width":1024,"height":768,"mime-type":"image\/jpeg","filesize":137233,"url":"https:\/\/media.benalmadena-property.com\/2019\/11\/3c3fd2ec-e4f6-47f7-b117-feaef3daf742-1024x768.jpg"},"thumbnail":{"file":"3c3fd2ec-e4f6-47f7-b117-feaef3daf742-150x150.jpg","width":150,"height":150,"mime-type":"image\/jpeg","filesize":6926,"url":"https:\/\/media.benalmadena-property.com\/2019\/11\/3c3fd2ec-e4f6-47f7-b117-feaef3daf742-150x150.jpg"},"medium_large":{"file":"3c3fd2ec-e4f6-47f7-b117-feaef3daf742-768x576.jpg","width":768,"height":576,"mime-type":"image\/jpeg","filesize":86087,"url":"https:\/\/media.benalmadena-property.com\/2019\/11\/3c3fd2ec-e4f6-47f7-b117-feaef3daf742-768x576.jpg"},"post-thumbnail":{"file":"3c3fd2ec-e4f6-47f7-b117-feaef3daf742-150x112.jpg","width":150,"height":112,"mime-type":"image\/jpeg","filesize":5485,"url":"https:\/\/media.benalmadena-property.com\/2019\/11\/3c3fd2ec-e4f6-47f7-b117-feaef3daf742-150x112.jpg"},"modern-property-child-slider":{"file":"3c3fd2ec-e4f6-47f7-b117-feaef3daf742-680x510.jpg","width":680,"height":510,"mime-type":"image\/jpeg","filesize":70638,"url":"https:\/\/media.benalmadena-property.com\/2019\/11\/3c3fd2ec-e4f6-47f7-b117-feaef3daf742-680x510.jpg"},"property-thumb-image":{"file":"3c3fd2ec-e4f6-47f7-b117-feaef3daf742-488x326.jpg","width":488,"height":326,"mime-type":"image\/jpeg","filesize":37752,"url":"https:\/\/media.benalmadena-property.com\/2019\/11\/3c3fd2ec-e4f6-47f7-b117-feaef3daf742-488x326.jpg"},"property-detail-video-image":{"file":"3c3fd2ec-e4f6-47f7-b117-feaef3daf742-818x417.jpg","width":818,"height":417,"mime-type":"image\/jpeg","filesize":79117,"url":"https:\/\/media.benalmadena-property.com\/2019\/11\/3c3fd2ec-e4f6-47f7-b117-feaef3daf742-818x417.jpg"},"agent-image":{"file":"3c3fd2ec-e4f6-47f7-b117-feaef3daf742-210x210.jpg","width":210,"height":210,"mime-type":"image\/jpeg","filesize":12317,"url":"https:\/\/media.benalmadena-property.com\/2019\/11\/3c3fd2ec-e4f6-47f7-b117-feaef3daf742-210x210.jpg"},"partners-logo":{"file":"3c3fd2ec-e4f6-47f7-b117-feaef3daf742-600x896.jpg","width":600,"height":896,"mime-type":"image\/jpeg","filesize":89692,"url":"https:\/\/media.benalmadena-property.com\/2019\/11\/3c3fd2ec-e4f6-47f7-b117-feaef3daf742-600x896.jpg"},"gallery-two-column-image":{"file":"3c3fd2ec-e4f6-47f7-b117-feaef3daf742-536x269.jpg","width":536,"height":269,"mime-type":"image\/jpeg","filesize":37812,"url":"https:\/\/media.benalmadena-property.com\/2019\/11\/3c3fd2ec-e4f6-47f7-b117-feaef3daf742-536x269.jpg"},"property-detail-slider-image-two":{"file":"3c3fd2ec-e4f6-47f7-b117-feaef3daf742-1170x648.jpg","width":1170,"height":648,"mime-type":"image\/jpeg","filesize":146222,"url":"https:\/\/media.benalmadena-property.com\/2019\/11\/3c3fd2ec-e4f6-47f7-b117-feaef3daf742-1170x648.jpg"},"property-detail-slider-thumb":{"file":"3c3fd2ec-e4f6-47f7-b117-feaef3daf742-82x60.jpg","width":82,"height":60,"mime-type":"image\/jpeg","filesize":2216,"url":"https:\/\/media.benalmadena-property.com\/2019\/11\/3c3fd2ec-e4f6-47f7-b117-feaef3daf742-82x60.jpg"}},"image_meta":{"aperture":"0","credit":"","camera":"","caption":"","created_timestamp":"0","copyright":"","focal_length":"0","iso":"0","shutter_speed":"0","title":"","orientation":"0","keywords":[]},"ID":"18595","name":"3c3fd2ec-e4f6-47f7-b117-feaef3daf742.jpg","path":"\/var\/www\/vhosts\/benalmadena-property.com\/httpdocs\/wp-content\/uploads\/2019\/11\/3c3fd2ec-e4f6-47f7-b117-feaef3daf742.jpg","url":"https:\/\/media.benalmadena-property.com\/2019\/11\/3c3fd2ec-e4f6-47f7-b117-feaef3daf742-150x150.jpg","full_url":"https:\/\/media.benalmadena-property.com\/2019\/11\/3c3fd2ec-e4f6-47f7-b117-feaef3daf742.jpg","title":"3c3fd2ec-e4f6-47f7-b117-feaef3daf742","caption":"","description":"","alt":"","srcset":"https:\/\/media.benalmadena-property.com\/2019\/11\/3c3fd2ec-e4f6-47f7-b117-feaef3daf742-150x150.jpg 150w, https:\/\/media.benalmadena-property.com\/2019\/11\/3c3fd2ec-e4f6-47f7-b117-feaef3daf742-210x210.jpg 210w"},{"width":150,"height":150,"file":"2025\/02\/4.jpg","filesize":438141,"sizes":{"medium":{"file":"4-300x225.jpg","width":300,"height":225,"mime-type":"image\/jpeg","filesize":24331,"url":"https:\/\/media.benalmadena-property.com\/2025\/02\/4-300x225.jpg"},"large":{"file":"4-1024x768.jpg","width":1024,"height":768,"mime-type":"image\/jpeg","filesize":149296,"url":"https:\/\/media.benalmadena-property.com\/2025\/02\/4-1024x768.jpg"},"thumbnail":{"file":"4-150x150.jpg","width":150,"height":150,"mime-type":"image\/jpeg","filesize":9211,"url":"https:\/\/media.benalmadena-property.com\/2025\/02\/4-150x150.jpg"},"medium_large":{"file":"4-768x576.jpg","width":768,"height":576,"mime-type":"image\/jpeg","filesize":99046,"url":"https:\/\/media.benalmadena-property.com\/2025\/02\/4-768x576.jpg"},"1536x1536":{"file":"4-1536x1152.jpg","width":1536,"height":1152,"mime-type":"image\/jpeg","filesize":263848,"url":"https:\/\/media.benalmadena-property.com\/2025\/02\/4-1536x1152.jpg"},"post-thumbnail":{"file":"4-150x113.jpg","width":150,"height":113,"mime-type":"image\/jpeg","filesize":7589,"url":"https:\/\/media.benalmadena-property.com\/2025\/02\/4-150x113.jpg"},"modern-property-child-slider":{"file":"4-680x510.jpg","width":680,"height":510,"mime-type":"image\/jpeg","filesize":84222,"url":"https:\/\/media.benalmadena-property.com\/2025\/02\/4-680x510.jpg"},"property-thumb-image":{"file":"4-488x326.jpg","width":488,"height":326,"mime-type":"image\/jpeg","filesize":46948,"url":"https:\/\/media.benalmadena-property.com\/2025\/02\/4-488x326.jpg"},"property-detail-video-image":{"file":"4-818x417.jpg","width":818,"height":417,"mime-type":"image\/jpeg","filesize":75332,"url":"https:\/\/media.benalmadena-property.com\/2025\/02\/4-818x417.jpg"},"agent-image":{"file":"4-210x210.jpg","width":210,"height":210,"mime-type":"image\/jpeg","filesize":16412,"url":"https:\/\/media.benalmadena-property.com\/2025\/02\/4-210x210.jpg"},"partners-logo":{"file":"4-600x1440.jpg","width":600,"height":1440,"mime-type":"image\/jpeg","filesize":119835,"url":"https:\/\/media.benalmadena-property.com\/2025\/02\/4-600x1440.jpg"},"gallery-two-column-image":{"file":"4-536x269.jpg","width":536,"height":269,"mime-type":"image\/jpeg","filesize":40166,"url":"https:\/\/media.benalmadena-property.com\/2025\/02\/4-536x269.jpg"},"property-detail-slider-image-two":{"file":"4-1170x648.jpg","width":1170,"height":648,"mime-type":"image\/jpeg","filesize":135743,"url":"https:\/\/media.benalmadena-property.com\/2025\/02\/4-1170x648.jpg"},"property-detail-slider-thumb":{"file":"4-82x60.jpg","width":82,"height":60,"mime-type":"image\/jpeg","filesize":2782,"url":"https:\/\/media.benalmadena-property.com\/2025\/02\/4-82x60.jpg"}},"image_meta":{"aperture":"0","credit":"","camera":"","caption":"","created_timestamp":"0","copyright":"","focal_length":"0","iso":"0","shutter_speed":"0","title":"","orientation":"0","keywords":[]},"ID":"15621","name":"4.jpg","path":"\/var\/www\/vhosts\/benalmadena-property.com\/httpdocs\/wp-content\/uploads\/2025\/02\/4.jpg","url":"https:\/\/media.benalmadena-property.com\/2025\/02\/4-150x150.jpg","full_url":"https:\/\/media.benalmadena-property.com\/2025\/02\/4.jpg","title":"4","caption":"","description":"","alt":"","srcset":"https:\/\/media.benalmadena-property.com\/2025\/02\/4-150x150.jpg 150w, https:\/\/media.benalmadena-property.com\/2025\/02\/4-210x210.jpg 210w"},{"width":150,"height":150,"file":"2025\/02\/18.jpg","filesize":92292,"sizes":{"medium":{"file":"18-300x198.jpg","width":300,"height":198,"mime-type":"image\/jpeg","filesize":15838,"url":"https:\/\/media.benalmadena-property.com\/2025\/02\/18-300x198.jpg"},"thumbnail":{"file":"18-150x150.jpg","width":150,"height":150,"mime-type":"image\/jpeg","filesize":7358,"url":"https:\/\/media.benalmadena-property.com\/2025\/02\/18-150x150.jpg"},"post-thumbnail":{"file":"18-150x99.jpg","width":150,"height":99,"mime-type":"image\/jpeg","filesize":6030,"url":"https:\/\/media.benalmadena-property.com\/2025\/02\/18-150x99.jpg"},"modern-property-child-slider":{"file":"18-680x476.jpg","width":680,"height":476,"mime-type":"image\/jpeg","filesize":62861,"url":"https:\/\/media.benalmadena-property.com\/2025\/02\/18-680x476.jpg"},"property-thumb-image":{"file":"18-488x326.jpg","width":488,"height":326,"mime-type":"image\/jpeg","filesize":33563,"url":"https:\/\/media.benalmadena-property.com\/2025\/02\/18-488x326.jpg"},"property-detail-video-image":{"file":"18-720x417.jpg","width":720,"height":417,"mime-type":"image\/jpeg","filesize":61577,"url":"https:\/\/media.benalmadena-property.com\/2025\/02\/18-720x417.jpg"},"agent-image":{"file":"18-210x210.jpg","width":210,"height":210,"mime-type":"image\/jpeg","filesize":11932,"url":"https:\/\/media.benalmadena-property.com\/2025\/02\/18-210x210.jpg"},"partners-logo":{"file":"18-600x476.jpg","width":600,"height":476,"mime-type":"image\/jpeg","filesize":54373,"url":"https:\/\/media.benalmadena-property.com\/2025\/02\/18-600x476.jpg"},"gallery-two-column-image":{"file":"18-536x269.jpg","width":536,"height":269,"mime-type":"image\/jpeg","filesize":32475,"url":"https:\/\/media.benalmadena-property.com\/2025\/02\/18-536x269.jpg"},"property-detail-slider-thumb":{"file":"18-82x60.jpg","width":82,"height":60,"mime-type":"image\/jpeg","filesize":3359,"url":"https:\/\/media.benalmadena-property.com\/2025\/02\/18-82x60.jpg"}},"image_meta":{"aperture":"0","credit":"","camera":"","caption":"","created_timestamp":"1700797694","copyright":"","focal_length":"0","iso":"0","shutter_speed":"0","title":"","orientation":"0","keywords":[]},"ID":"15663","name":"18.jpg","path":"\/var\/www\/vhosts\/benalmadena-property.com\/httpdocs\/wp-content\/uploads\/2025\/02\/18.jpg","url":"https:\/\/media.benalmadena-property.com\/2025\/02\/18-150x150.jpg","full_url":"https:\/\/media.benalmadena-property.com\/2025\/02\/18.jpg","title":"18","caption":"","description":"","alt":"","srcset":"https:\/\/media.benalmadena-property.com\/2025\/02\/18-150x150.jpg 150w, https:\/\/media.benalmadena-property.com\/2025\/02\/18-210x210.jpg 210w"},{"width":150,"height":150,"file":"2025\/02\/16.jpg","filesize":208693,"sizes":{"medium":{"file":"16-223x300.jpg","width":223,"height":300,"mime-type":"image\/jpeg","filesize":17788,"url":"https:\/\/media.benalmadena-property.com\/2025\/02\/16-223x300.jpg"},"thumbnail":{"file":"16-150x150.jpg","width":150,"height":150,"mime-type":"image\/jpeg","filesize":7730,"url":"https:\/\/media.benalmadena-property.com\/2025\/02\/16-150x150.jpg"},"post-thumbnail":{"file":"16-111x150.jpg","width":111,"height":150,"mime-type":"image\/jpeg","filesize":6213,"url":"https:\/\/media.benalmadena-property.com\/2025\/02\/16-111x150.jpg"},"modern-property-child-slider":{"file":"16-680x510.jpg","width":680,"height":510,"mime-type":"image\/jpeg","filesize":51858,"url":"https:\/\/media.benalmadena-property.com\/2025\/02\/16-680x510.jpg"},"property-thumb-image":{"file":"16-488x326.jpg","width":488,"height":326,"mime-type":"image\/jpeg","filesize":25585,"url":"https:\/\/media.benalmadena-property.com\/2025\/02\/16-488x326.jpg"},"property-detail-video-image":{"file":"16-720x417.jpg","width":720,"height":417,"mime-type":"image\/jpeg","filesize":35932,"url":"https:\/\/media.benalmadena-property.com\/2025\/02\/16-720x417.jpg"},"agent-image":{"file":"16-210x210.jpg","width":210,"height":210,"mime-type":"image\/jpeg","filesize":12785,"url":"https:\/\/media.benalmadena-property.com\/2025\/02\/16-210x210.jpg"},"partners-logo":{"file":"16-600x969.jpg","width":600,"height":969,"mime-type":"image\/jpeg","filesize":101038,"url":"https:\/\/media.benalmadena-property.com\/2025\/02\/16-600x969.jpg"},"gallery-two-column-image":{"file":"16-536x269.jpg","width":536,"height":269,"mime-type":"image\/jpeg","filesize":16461,"url":"https:\/\/media.benalmadena-property.com\/2025\/02\/16-536x269.jpg"},"property-detail-slider-image-two":{"file":"16-720x648.jpg","width":720,"height":648,"mime-type":"image\/jpeg","filesize":79513,"url":"https:\/\/media.benalmadena-property.com\/2025\/02\/16-720x648.jpg"},"property-detail-slider-thumb":{"file":"16-82x60.jpg","width":82,"height":60,"mime-type":"image\/jpeg","filesize":2923,"url":"https:\/\/media.benalmadena-property.com\/2025\/02\/16-82x60.jpg"}},"image_meta":{"aperture":"0","credit":"","camera":"","caption":"","created_timestamp":"0","copyright":"","focal_length":"0","iso":"0","shutter_speed":"0","title":"","orientation":"1","keywords":[]},"ID":"15657","name":"16.jpg","path":"\/var\/www\/vhosts\/benalmadena-property.com\/httpdocs\/wp-content\/uploads\/2025\/02\/16.jpg","url":"https:\/\/media.benalmadena-property.com\/2025\/02\/16-150x150.jpg","full_url":"https:\/\/media.benalmadena-property.com\/2025\/02\/16.jpg","title":"16","caption":"","description":"","alt":"","srcset":"https:\/\/media.benalmadena-property.com\/2025\/02\/16-150x150.jpg 150w, https:\/\/media.benalmadena-property.com\/2025\/02\/16-210x210.jpg 210w"},{"width":150,"height":150,"file":"2025\/02\/15.jpg","filesize":409923,"sizes":{"medium":{"file":"15-300x225.jpg","width":300,"height":225,"mime-type":"image\/jpeg","filesize":20064,"url":"https:\/\/media.benalmadena-property.com\/2025\/02\/15-300x225.jpg"},"large":{"file":"15-1024x768.jpg","width":1024,"height":768,"mime-type":"image\/jpeg","filesize":136860,"url":"https:\/\/media.benalmadena-property.com\/2025\/02\/15-1024x768.jpg"},"thumbnail":{"file":"15-150x150.jpg","width":150,"height":150,"mime-type":"image\/jpeg","filesize":7435,"url":"https:\/\/media.benalmadena-property.com\/2025\/02\/15-150x150.jpg"},"medium_large":{"file":"15-768x576.jpg","width":768,"height":576,"mime-type":"image\/jpeg","filesize":89442,"url":"https:\/\/media.benalmadena-property.com\/2025\/02\/15-768x576.jpg"},"1536x1536":{"file":"15-1536x1152.jpg","width":1536,"height":1152,"mime-type":"image\/jpeg","filesize":244413,"url":"https:\/\/media.benalmadena-property.com\/2025\/02\/15-1536x1152.jpg"},"post-thumbnail":{"file":"15-150x113.jpg","width":150,"height":113,"mime-type":"image\/jpeg","filesize":6196,"url":"https:\/\/media.benalmadena-property.com\/2025\/02\/15-150x113.jpg"},"modern-property-child-slider":{"file":"15-680x510.jpg","width":680,"height":510,"mime-type":"image\/jpeg","filesize":75023,"url":"https:\/\/media.benalmadena-property.com\/2025\/02\/15-680x510.jpg"},"property-thumb-image":{"file":"15-488x326.jpg","width":488,"height":326,"mime-type":"image\/jpeg","filesize":41048,"url":"https:\/\/media.benalmadena-property.com\/2025\/02\/15-488x326.jpg"},"property-detail-video-image":{"file":"15-818x417.jpg","width":818,"height":417,"mime-type":"image\/jpeg","filesize":79296,"url":"https:\/\/media.benalmadena-property.com\/2025\/02\/15-818x417.jpg"},"agent-image":{"file":"15-210x210.jpg","width":210,"height":210,"mime-type":"image\/jpeg","filesize":13496,"url":"https:\/\/media.benalmadena-property.com\/2025\/02\/15-210x210.jpg"},"partners-logo":{"file":"15-600x1440.jpg","width":600,"height":1440,"mime-type":"image\/jpeg","filesize":104531,"url":"https:\/\/media.benalmadena-property.com\/2025\/02\/15-600x1440.jpg"},"gallery-two-column-image":{"file":"15-536x269.jpg","width":536,"height":269,"mime-type":"image\/jpeg","filesize":40915,"url":"https:\/\/media.benalmadena-property.com\/2025\/02\/15-536x269.jpg"},"property-detail-slider-image-two":{"file":"15-1170x648.jpg","width":1170,"height":648,"mime-type":"image\/jpeg","filesize":138029,"url":"https:\/\/media.benalmadena-property.com\/2025\/02\/15-1170x648.jpg"},"property-detail-slider-thumb":{"file":"15-82x60.jpg","width":82,"height":60,"mime-type":"image\/jpeg","filesize":2290,"url":"https:\/\/media.benalmadena-property.com\/2025\/02\/15-82x60.jpg"}},"image_meta":{"aperture":"0","credit":"","camera":"","caption":"","created_timestamp":"0","copyright":"","focal_length":"0","iso":"0","shutter_speed":"0","title":"","orientation":"0","keywords":[]},"ID":"15654","name":"15.jpg","path":"\/var\/www\/vhosts\/benalmadena-property.com\/httpdocs\/wp-content\/uploads\/2025\/02\/15.jpg","url":"https:\/\/media.benalmadena-property.com\/2025\/02\/15-150x150.jpg","full_url":"https:\/\/media.benalmadena-property.com\/2025\/02\/15.jpg","title":"15","caption":"","description":"","alt":"","srcset":"https:\/\/media.benalmadena-property.com\/2025\/02\/15-150x150.jpg 150w, https:\/\/media.benalmadena-property.com\/2025\/02\/15-210x210.jpg 210w"},{"width":150,"height":150,"file":"2025\/02\/29.jpg","filesize":233096,"sizes":{"medium":{"file":"29-300x173.jpg","width":300,"height":173,"mime-type":"image\/jpeg","filesize":10756,"url":"https:\/\/media.benalmadena-property.com\/2025\/02\/29-300x173.jpg"},"large":{"file":"29-1024x591.jpg","width":1024,"height":591,"mime-type":"image\/jpeg","filesize":93943,"url":"https:\/\/media.benalmadena-property.com\/2025\/02\/29-1024x591.jpg"},"thumbnail":{"file":"29-150x150.jpg","width":150,"height":150,"mime-type":"image\/jpeg","filesize":5266,"url":"https:\/\/media.benalmadena-property.com\/2025\/02\/29-150x150.jpg"},"medium_large":{"file":"29-768x443.jpg","width":768,"height":443,"mime-type":"image\/jpeg","filesize":56651,"url":"https:\/\/media.benalmadena-property.com\/2025\/02\/29-768x443.jpg"},"1536x1536":{"file":"29-1536x887.jpg","width":1536,"height":887,"mime-type":"image\/jpeg","filesize":189305,"url":"https:\/\/media.benalmadena-property.com\/2025\/02\/29-1536x887.jpg"},"post-thumbnail":{"file":"29-150x87.jpg","width":150,"height":87,"mime-type":"image\/jpeg","filesize":3482,"url":"https:\/\/media.benalmadena-property.com\/2025\/02\/29-150x87.jpg"},"modern-property-child-slider":{"file":"29-680x510.jpg","width":680,"height":510,"mime-type":"image\/jpeg","filesize":58103,"url":"https:\/\/media.benalmadena-property.com\/2025\/02\/29-680x510.jpg"},"property-thumb-image":{"file":"29-488x326.jpg","width":488,"height":326,"mime-type":"image\/jpeg","filesize":28747,"url":"https:\/\/media.benalmadena-property.com\/2025\/02\/29-488x326.jpg"},"property-detail-video-image":{"file":"29-818x417.jpg","width":818,"height":417,"mime-type":"image\/jpeg","filesize":53088,"url":"https:\/\/media.benalmadena-property.com\/2025\/02\/29-818x417.jpg"},"agent-image":{"file":"29-210x210.jpg","width":210,"height":210,"mime-type":"image\/jpeg","filesize":9542,"url":"https:\/\/media.benalmadena-property.com\/2025\/02\/29-210x210.jpg"},"partners-logo":{"file":"29-600x1080.jpg","width":600,"height":1080,"mime-type":"image\/jpeg","filesize":98634,"url":"https:\/\/media.benalmadena-property.com\/2025\/02\/29-600x1080.jpg"},"gallery-two-column-image":{"file":"29-536x269.jpg","width":536,"height":269,"mime-type":"image\/jpeg","filesize":24518,"url":"https:\/\/media.benalmadena-property.com\/2025\/02\/29-536x269.jpg"},"property-detail-slider-image-two":{"file":"29-1170x648.jpg","width":1170,"height":648,"mime-type":"image\/jpeg","filesize":111932,"url":"https:\/\/media.benalmadena-property.com\/2025\/02\/29-1170x648.jpg"},"property-detail-slider-thumb":{"file":"29-82x60.jpg","width":82,"height":60,"mime-type":"image\/jpeg","filesize":1835,"url":"https:\/\/media.benalmadena-property.com\/2025\/02\/29-82x60.jpg"}},"image_meta":{"aperture":"0","credit":"","camera":"","caption":"","created_timestamp":"0","copyright":"","focal_length":"0","iso":"0","shutter_speed":"0","title":"","orientation":"0","keywords":[]},"ID":"15696","name":"29.jpg","path":"\/var\/www\/vhosts\/benalmadena-property.com\/httpdocs\/wp-content\/uploads\/2025\/02\/29.jpg","url":"https:\/\/media.benalmadena-property.com\/2025\/02\/29-150x150.jpg","full_url":"https:\/\/media.benalmadena-property.com\/2025\/02\/29.jpg","title":"29","caption":"","description":"","alt":"","srcset":"https:\/\/media.benalmadena-property.com\/2025\/02\/29-150x150.jpg 150w, https:\/\/media.benalmadena-property.com\/2025\/02\/29-210x210.jpg 210w"}],"REAL_HOMES_change_gallery_slider_type":"0","REAL_HOMES_gallery_slider_type":"thumb-on-right","inspiry_floor_plans":[],"inspiry_video_group":[],"REAL_HOMES_360_virtual_tour":"","REAL_HOMES_tour_video_url":"","REAL_HOMES_tour_video_image":[],"REAL_HOMES_agent_display_option":"agent_info","REAL_HOMES_agents":[],"REAL_HOMES_energy_class":"none","REAL_HOMES_energy_performance":"","REAL_HOMES_epc_current_rating":"","REAL_HOMES_epc_potential_rating":"","REAL_HOMES_sticky":"0","inspiry_property_label":"","inspiry_property_label_color":"","inspiry_property_tax":"","inspiry_additional_fee":"","REAL_HOMES_attachments":[],"inspiry_property_owner_name":"","inspiry_property_owner_contact":"","inspiry_property_owner_address":"","REAL_HOMES_property_private_note":"","inspiry_message_to_reviewer":"","REAL_HOMES_add_in_slider":"","REAL_HOMES_slider_image":[],"REAL_HOMES_page_banner_image":[],"REAL_HOMES_pims_id":"1J518","REAL_HOMES_property_rented":"0"},"_links":{"self":[{"href":"https:\/\/www.benalmadena-property.com\/es\/wp-json\/wp\/v2\/property\/4633","targetHints":{"allow":["GET"]}}],"collection":[{"href":"https:\/\/www.benalmadena-property.com\/es\/wp-json\/wp\/v2\/property"}],"about":[{"href":"https:\/\/www.benalmadena-property.com\/es\/wp-json\/wp\/v2\/types\/property"}],"author":[{"embeddable":true,"href":"https:\/\/www.benalmadena-property.com\/es\/wp-json\/wp\/v2\/users\/1"}],"replies":[{"embeddable":true,"href":"https:\/\/www.benalmadena-property.com\/es\/wp-json\/wp\/v2\/comments?post=4633"}],"version-history":[{"count":26,"href":"https:\/\/www.benalmadena-property.com\/es\/wp-json\/wp\/v2\/property\/4633\/revisions"}],"predecessor-version":[{"id":18147,"href":"https:\/\/www.benalmadena-property.com\/es\/wp-json\/wp\/v2\/property\/4633\/revisions\/18147"}],"wp:featuredmedia":[{"embeddable":true,"href":"https:\/\/www.benalmadena-property.com\/es\/wp-json\/wp\/v2\/media\/8343"}],"wp:attachment":[{"href":"https:\/\/www.benalmadena-property.com\/es\/wp-json\/wp\/v2\/media?parent=4633"}],"wp:term":[{"taxonomy":"property-feature","embeddable":true,"href":"https:\/\/www.benalmadena-property.com\/es\/wp-json\/wp\/v2\/property-feature?post=4633"},{"taxonomy":"property-type","embeddable":true,"href":"https:\/\/www.benalmadena-property.com\/es\/wp-json\/wp\/v2\/property-type?post=4633"},{"taxonomy":"property-city","embeddable":true,"href":"https:\/\/www.benalmadena-property.com\/es\/wp-json\/wp\/v2\/property-location?post=4633"},{"taxonomy":"property-status","embeddable":true,"href":"https:\/\/www.benalmadena-property.com\/es\/wp-json\/wp\/v2\/property-status?post=4633"}],"curies":[{"name":"wp","href":"https:\/\/api.w.org\/{rel}","templated":true}]}}