{"id":4863,"date":"2013-10-25T00:00:00","date_gmt":"2013-10-24T23:00:00","guid":{"rendered":"http:\/\/gapp.system24tech.com\/property\/studio-jupiter\/"},"modified":"2025-11-24T11:22:29","modified_gmt":"2025-11-24T10:22:29","slug":"studio-jupiter","status":"publish","type":"property","link":"https:\/\/www.benalmadena-property.com\/es\/property\/studio-jupiter\/","title":{"rendered":"VUT\/MA\/01203 Estudio vacacional: J\u00fapiter &#8211; Benalm\u00e1dena. Ref: HJ419"},"content":{"rendered":"<p>Situado en el complejo J\u00fapiter, este apartamento estudio se encuentra en la 4a planta y tiene hermosas vistas sobre la piscina, los jardines, el mar y las monta\u00f1as!<br \/>\nEl estudio ofrece nevera \/ congelador grande, microondas y vitrocer\u00e1mica; Cuarto de ba\u00f1o con ducha; lavadora y TV HD.<br \/>\nEl complejo Jupiter\/Minerva est\u00e1 disponible las 24 horas. Las cajas de seguridad se pueden obtener por un cargo diario, semanal o mensual.<br \/>\nGran jard\u00edn y piscina con toboganes, generalmente abierto de junio a septiembre, con socorristas.<br \/>\nPiscina m\u00e1s peque\u00f1a y piscina infantil abierta todo el a\u00f1o.<br \/>\nUbicaci\u00f3n c\u00e9ntrica: Tivoli World, Marina Puerto Deportivo, Parque Paloma, Telef\u00e9ricos, Selwo Marina, Sea Life Centre, Estaci\u00f3n de Tren, Playa y Centro de la ciudad a 5 a 20 minutos a pie.<br \/>\nParque acu\u00e1tico y parque de cocodrilos a 10 minutos en autob\u00fas o taxi.<\/p>\n<p>Sala de estar 2 Sof\u00e1 s cama doble<br \/>\nAire acondicionado<br \/>\nWIFI incluido para todas las reservas semanales<\/p>\n<p>Clasificaci\u00f3n: Premium<\/p>\n<p><strong>NO SE PERMITE FUMAR NI MASCOTAS<\/strong><\/p>\n<p><strong>LICENCIA TURISTICA: ESFCTU0000290350001774570000000000000000VUT\/MA\/012030<\/strong><\/p>\n","protected":false},"excerpt":{"rendered":"<p>Situado en el complejo J\u00fapiter, este apartamento estudio se encuentra en la 4a planta y tiene hermosas vistas sobre la piscina, los jardines, el mar y las monta\u00f1as! El estudio ofrece nevera \/ congelador grande, microondas y vitrocer\u00e1mica; Cuarto de ba\u00f1o con ducha; lavadora y TV HD. El complejo Jupiter\/Minerva est\u00e1 disponible las 24 horas&#8230;.<\/p>\n","protected":false},"author":1,"featured_media":16108,"parent":0,"menu_order":0,"comment_status":"closed","ping_status":"closed","template":"","property-feature":[517,499,497,505,501,506,215,503,511,509,502,508,219,519,507,504],"property-type":[228],"property-location":[246],"property-status":[224],"class_list":["post-4863","property","type-property","status-publish","has-post-thumbnail","hentry","property-feature-acceso-a-internet","property-feature-aficionados","property-feature-estado-del-aire","property-feature-hervidor","property-feature-lavadora","property-feature-microondas","property-feature-parking-es","property-feature-piscina","property-feature-placa-completa","property-feature-plancha-y-tablero","property-feature-terraza","property-feature-tostadora","property-feature-tv-es","property-feature-vistas-a-la-montana","property-feature-vistas-a-la-piscina","property-feature-vistas-al-mar","property-type-apartamento-studio-es","property-city-benalmadena-costa-es","property-status-alquileres-vacacionales"],"property_meta":{"REAL_HOMES_property_price":"390","REAL_HOMES_property_old_price":"","REAL_HOMES_property_price_prefix":"Desde","REAL_HOMES_property_price_postfix":"Por semana","REAL_HOMES_property_size":"","REAL_HOMES_property_size_postfix":"Sqm","REAL_HOMES_property_lot_size":"","REAL_HOMES_property_lot_size_postfix":"","REAL_HOMES_property_bedrooms":"","REAL_HOMES_property_bathrooms":"1","REAL_HOMES_property_garage":"","REAL_HOMES_property_id":"HJ419","REAL_HOMES_property_year_built":"","REAL_HOMES_featured":"0","REAL_HOMES_additional_details_list":[],"REAL_HOMES_property_location":{"latitude":"36.5959555","longitude":"-4.5260332","zoom":"14"},"REAL_HOMES_property_address":"Avenida Gamonal, 12, 29630 Benalm\u00e1dena, M\u00e1laga, Espa\u00f1a","REAL_HOMES_property_map":"0","REAL_HOMES_property_images":[{"width":150,"height":150,"file":"2013\/10\/P1060868.jpg","filesize":169472,"sizes":{"medium":{"file":"P1060868-300x225.jpg","width":300,"height":225,"mime-type":"image\/jpeg","filesize":44174,"url":"https:\/\/media.benalmadena-property.com\/2013\/10\/P1060868-300x225.jpg"},"thumbnail":{"file":"P1060868-150x150.jpg","width":150,"height":150,"mime-type":"image\/jpeg","filesize":37681,"url":"https:\/\/media.benalmadena-property.com\/2013\/10\/P1060868-150x150.jpg"},"post-thumbnail":{"file":"P1060868-150x113.jpg","width":150,"height":113,"mime-type":"image\/jpeg","filesize":37249,"url":"https:\/\/media.benalmadena-property.com\/2013\/10\/P1060868-150x113.jpg"},"property-thumb-image":{"file":"P1060868-488x326.jpg","width":488,"height":326,"mime-type":"image\/jpeg","filesize":54126,"url":"https:\/\/media.benalmadena-property.com\/2013\/10\/P1060868-488x326.jpg"},"property-detail-video-image":{"file":"P1060868-640x417.jpg","width":640,"height":417,"mime-type":"image\/jpeg","filesize":66798,"url":"https:\/\/media.benalmadena-property.com\/2013\/10\/P1060868-640x417.jpg"},"agent-image":{"file":"P1060868-210x210.jpg","width":210,"height":210,"mime-type":"image\/jpeg","filesize":40651,"url":"https:\/\/media.benalmadena-property.com\/2013\/10\/P1060868-210x210.jpg"},"partners-logo":{"file":"P1060868-600x480.jpg","width":600,"height":480,"mime-type":"image\/jpeg","filesize":68241,"url":"https:\/\/media.benalmadena-property.com\/2013\/10\/P1060868-600x480.jpg"},"gallery-two-column-image":{"file":"P1060868-536x269.jpg","width":536,"height":269,"mime-type":"image\/jpeg","filesize":52257,"url":"https:\/\/media.benalmadena-property.com\/2013\/10\/P1060868-536x269.jpg"},"property-detail-slider-thumb":{"file":"P1060868-82x60.jpg","width":82,"height":60,"mime-type":"image\/jpeg","filesize":35029,"url":"https:\/\/media.benalmadena-property.com\/2013\/10\/P1060868-82x60.jpg"}},"image_meta":{"aperture":"3.1","credit":"","camera":"DMC-SZ3","caption":"","created_timestamp":"1668692520","copyright":"","focal_length":"4.5","iso":"125","shutter_speed":"0.016666666666667","title":"","orientation":"1","keywords":[]},"ID":"11371","name":"P1060868.jpg","path":"\/var\/www\/vhosts\/benalmadena-property.com\/httpdocs\/wp-content\/uploads\/2013\/10\/P1060868.jpg","url":"https:\/\/media.benalmadena-property.com\/2013\/10\/P1060868-150x150.jpg","full_url":"https:\/\/media.benalmadena-property.com\/2013\/10\/P1060868.jpg","title":"P1060868","caption":"","description":"","alt":"","srcset":"https:\/\/media.benalmadena-property.com\/2013\/10\/P1060868-150x150.jpg 150w, https:\/\/media.benalmadena-property.com\/2013\/10\/P1060868-210x210.jpg 210w"},{"width":150,"height":150,"file":"2013\/10\/P1060873.jpg","filesize":154112,"sizes":{"medium":{"file":"P1060873-300x225.jpg","width":300,"height":225,"mime-type":"image\/jpeg","filesize":42915,"url":"https:\/\/media.benalmadena-property.com\/2013\/10\/P1060873-300x225.jpg"},"thumbnail":{"file":"P1060873-150x150.jpg","width":150,"height":150,"mime-type":"image\/jpeg","filesize":37132,"url":"https:\/\/media.benalmadena-property.com\/2013\/10\/P1060873-150x150.jpg"},"post-thumbnail":{"file":"P1060873-150x113.jpg","width":150,"height":113,"mime-type":"image\/jpeg","filesize":36884,"url":"https:\/\/media.benalmadena-property.com\/2013\/10\/P1060873-150x113.jpg"},"property-thumb-image":{"file":"P1060873-488x326.jpg","width":488,"height":326,"mime-type":"image\/jpeg","filesize":51776,"url":"https:\/\/media.benalmadena-property.com\/2013\/10\/P1060873-488x326.jpg"},"property-detail-video-image":{"file":"P1060873-640x417.jpg","width":640,"height":417,"mime-type":"image\/jpeg","filesize":64287,"url":"https:\/\/media.benalmadena-property.com\/2013\/10\/P1060873-640x417.jpg"},"agent-image":{"file":"P1060873-210x210.jpg","width":210,"height":210,"mime-type":"image\/jpeg","filesize":39679,"url":"https:\/\/media.benalmadena-property.com\/2013\/10\/P1060873-210x210.jpg"},"partners-logo":{"file":"P1060873-600x480.jpg","width":600,"height":480,"mime-type":"image\/jpeg","filesize":65912,"url":"https:\/\/media.benalmadena-property.com\/2013\/10\/P1060873-600x480.jpg"},"gallery-two-column-image":{"file":"P1060873-536x269.jpg","width":536,"height":269,"mime-type":"image\/jpeg","filesize":49282,"url":"https:\/\/media.benalmadena-property.com\/2013\/10\/P1060873-536x269.jpg"},"property-detail-slider-thumb":{"file":"P1060873-82x60.jpg","width":82,"height":60,"mime-type":"image\/jpeg","filesize":34858,"url":"https:\/\/media.benalmadena-property.com\/2013\/10\/P1060873-82x60.jpg"}},"image_meta":{"aperture":"3.1","credit":"","camera":"DMC-SZ3","caption":"","created_timestamp":"1668692686","copyright":"","focal_length":"4.5","iso":"320","shutter_speed":"0.016666666666667","title":"","orientation":"1","keywords":[]},"ID":"11386","name":"P1060873.jpg","path":"\/var\/www\/vhosts\/benalmadena-property.com\/httpdocs\/wp-content\/uploads\/2013\/10\/P1060873.jpg","url":"https:\/\/media.benalmadena-property.com\/2013\/10\/P1060873-150x150.jpg","full_url":"https:\/\/media.benalmadena-property.com\/2013\/10\/P1060873.jpg","title":"P1060873","caption":"","description":"","alt":"","srcset":"https:\/\/media.benalmadena-property.com\/2013\/10\/P1060873-150x150.jpg 150w, https:\/\/media.benalmadena-property.com\/2013\/10\/P1060873-210x210.jpg 210w"},{"width":150,"height":150,"file":"2013\/10\/P1060877.jpg","filesize":167936,"sizes":{"medium":{"file":"P1060877-300x225.jpg","width":300,"height":225,"mime-type":"image\/jpeg","filesize":53518,"url":"https:\/\/media.benalmadena-property.com\/2013\/10\/P1060877-300x225.jpg"},"thumbnail":{"file":"P1060877-150x150.jpg","width":150,"height":150,"mime-type":"image\/jpeg","filesize":41269,"url":"https:\/\/media.benalmadena-property.com\/2013\/10\/P1060877-150x150.jpg"},"post-thumbnail":{"file":"P1060877-150x113.jpg","width":150,"height":113,"mime-type":"image\/jpeg","filesize":39699,"url":"https:\/\/media.benalmadena-property.com\/2013\/10\/P1060877-150x113.jpg"},"property-thumb-image":{"file":"P1060877-488x326.jpg","width":488,"height":326,"mime-type":"image\/jpeg","filesize":75504,"url":"https:\/\/media.benalmadena-property.com\/2013\/10\/P1060877-488x326.jpg"},"property-detail-video-image":{"file":"P1060877-640x417.jpg","width":640,"height":417,"mime-type":"image\/jpeg","filesize":109909,"url":"https:\/\/media.benalmadena-property.com\/2013\/10\/P1060877-640x417.jpg"},"agent-image":{"file":"P1060877-210x210.jpg","width":210,"height":210,"mime-type":"image\/jpeg","filesize":47623,"url":"https:\/\/media.benalmadena-property.com\/2013\/10\/P1060877-210x210.jpg"},"partners-logo":{"file":"P1060877-600x480.jpg","width":600,"height":480,"mime-type":"image\/jpeg","filesize":112969,"url":"https:\/\/media.benalmadena-property.com\/2013\/10\/P1060877-600x480.jpg"},"gallery-two-column-image":{"file":"P1060877-536x269.jpg","width":536,"height":269,"mime-type":"image\/jpeg","filesize":72094,"url":"https:\/\/media.benalmadena-property.com\/2013\/10\/P1060877-536x269.jpg"},"property-detail-slider-thumb":{"file":"P1060877-82x60.jpg","width":82,"height":60,"mime-type":"image\/jpeg","filesize":35780,"url":"https:\/\/media.benalmadena-property.com\/2013\/10\/P1060877-82x60.jpg"}},"image_meta":{"aperture":"3.1","credit":"","camera":"DMC-SZ3","caption":"","created_timestamp":"1668692762","copyright":"","focal_length":"4.5","iso":"100","shutter_speed":"0.001","title":"","orientation":"1","keywords":[]},"ID":"11392","name":"P1060877.jpg","path":"\/var\/www\/vhosts\/benalmadena-property.com\/httpdocs\/wp-content\/uploads\/2013\/10\/P1060877.jpg","url":"https:\/\/media.benalmadena-property.com\/2013\/10\/P1060877-150x150.jpg","full_url":"https:\/\/media.benalmadena-property.com\/2013\/10\/P1060877.jpg","title":"P1060877","caption":"","description":"","alt":"","srcset":"https:\/\/media.benalmadena-property.com\/2013\/10\/P1060877-150x150.jpg 150w, https:\/\/media.benalmadena-property.com\/2013\/10\/P1060877-210x210.jpg 210w"},{"width":150,"height":150,"file":"2020\/02\/2017-06-22-11.13.59.jpg","sizes":{"medium":{"file":"2017-06-22-11.13.59-300x225.jpg","width":300,"height":225,"mime-type":"image\/jpeg","url":"https:\/\/media.benalmadena-property.com\/2020\/02\/2017-06-22-11.13.59-300x225.jpg"},"thumbnail":{"file":"2017-06-22-11.13.59-150x150.jpg","width":150,"height":150,"mime-type":"image\/jpeg","url":"https:\/\/media.benalmadena-property.com\/2020\/02\/2017-06-22-11.13.59-150x150.jpg"},"post-thumbnail":{"file":"2017-06-22-11.13.59-150x113.jpg","width":150,"height":113,"mime-type":"image\/jpeg","url":"https:\/\/media.benalmadena-property.com\/2020\/02\/2017-06-22-11.13.59-150x113.jpg"},"property-thumb-image":{"file":"2017-06-22-11.13.59-488x326.jpg","width":488,"height":326,"mime-type":"image\/jpeg","url":"https:\/\/media.benalmadena-property.com\/2020\/02\/2017-06-22-11.13.59-488x326.jpg"},"property-detail-video-image":{"file":"2017-06-22-11.13.59-640x417.jpg","width":640,"height":417,"mime-type":"image\/jpeg","url":"https:\/\/media.benalmadena-property.com\/2020\/02\/2017-06-22-11.13.59-640x417.jpg"},"agent-image":{"file":"2017-06-22-11.13.59-210x210.jpg","width":210,"height":210,"mime-type":"image\/jpeg","url":"https:\/\/media.benalmadena-property.com\/2020\/02\/2017-06-22-11.13.59-210x210.jpg"},"partners-logo":{"file":"2017-06-22-11.13.59-600x480.jpg","width":600,"height":480,"mime-type":"image\/jpeg","url":"https:\/\/media.benalmadena-property.com\/2020\/02\/2017-06-22-11.13.59-600x480.jpg"},"post-featured-image":{"file":"2017-06-22-11.13.59-640x455.jpg","width":640,"height":455,"mime-type":"image\/jpeg","url":"https:\/\/media.benalmadena-property.com\/2020\/02\/2017-06-22-11.13.59-640x455.jpg"},"gallery-two-column-image":{"file":"2017-06-22-11.13.59-536x269.jpg","width":536,"height":269,"mime-type":"image\/jpeg","url":"https:\/\/media.benalmadena-property.com\/2020\/02\/2017-06-22-11.13.59-536x269.jpg"},"property-detail-slider-thumb":{"file":"2017-06-22-11.13.59-82x60.jpg","width":82,"height":60,"mime-type":"image\/jpeg","url":"https:\/\/media.benalmadena-property.com\/2020\/02\/2017-06-22-11.13.59-82x60.jpg"},"grid-view-image":{"file":"2017-06-22-11.13.59-492x324.jpg","width":492,"height":324,"mime-type":"image\/jpeg","url":"https:\/\/media.benalmadena-property.com\/2020\/02\/2017-06-22-11.13.59-492x324.jpg"}},"image_meta":{"aperture":"9","credit":"","camera":"DMC-SZ3","caption":"","created_timestamp":"1498130039","copyright":"","focal_length":"4.5","iso":"100","shutter_speed":"0.00625","title":"","orientation":"1","keywords":[]},"ID":"1627","name":"2017-06-22-11.13.59.jpg","path":"\/var\/www\/vhosts\/benalmadena-property.com\/httpdocs\/wp-content\/uploads\/2020\/02\/2017-06-22-11.13.59.jpg","url":"https:\/\/media.benalmadena-property.com\/2020\/02\/2017-06-22-11.13.59-150x150.jpg","full_url":"https:\/\/media.benalmadena-property.com\/2020\/02\/2017-06-22-11.13.59.jpg","title":"2017-06-22-11.13.59","caption":"","description":"","alt":"","srcset":"https:\/\/media.benalmadena-property.com\/2020\/02\/2017-06-22-11.13.59-150x150.jpg 150w, https:\/\/media.benalmadena-property.com\/2020\/02\/2017-06-22-11.13.59-210x210.jpg 210w"},{"width":150,"height":150,"file":"2022\/09\/Jupiter-215-Delloca-24-scaled.jpg","filesize":866500,"sizes":{"medium":{"file":"Jupiter-215-Delloca-24-300x200.jpg","width":300,"height":200,"mime-type":"image\/jpeg","filesize":40504,"url":"https:\/\/media.benalmadena-property.com\/2022\/09\/Jupiter-215-Delloca-24-300x200.jpg"},"large":{"file":"Jupiter-215-Delloca-24-1024x683.jpg","width":1024,"height":683,"mime-type":"image\/jpeg","filesize":184924,"url":"https:\/\/media.benalmadena-property.com\/2022\/09\/Jupiter-215-Delloca-24-1024x683.jpg"},"thumbnail":{"file":"Jupiter-215-Delloca-24-150x150.jpg","width":150,"height":150,"mime-type":"image\/jpeg","filesize":30773,"url":"https:\/\/media.benalmadena-property.com\/2022\/09\/Jupiter-215-Delloca-24-150x150.jpg"},"medium_large":{"file":"Jupiter-215-Delloca-24-768x513.jpg","width":768,"height":513,"mime-type":"image\/jpeg","filesize":118853,"url":"https:\/\/media.benalmadena-property.com\/2022\/09\/Jupiter-215-Delloca-24-768x513.jpg"},"1536x1536":{"file":"Jupiter-215-Delloca-24-1536x1025.jpg","width":1536,"height":1025,"mime-type":"image\/jpeg","filesize":363966,"url":"https:\/\/media.benalmadena-property.com\/2022\/09\/Jupiter-215-Delloca-24-1536x1025.jpg"},"2048x2048":{"file":"Jupiter-215-Delloca-24-2048x1367.jpg","width":2048,"height":1367,"mime-type":"image\/jpeg","filesize":593275,"url":"https:\/\/media.benalmadena-property.com\/2022\/09\/Jupiter-215-Delloca-24-2048x1367.jpg"},"post-thumbnail":{"file":"Jupiter-215-Delloca-24-150x100.jpg","width":150,"height":100,"mime-type":"image\/jpeg","filesize":28904,"url":"https:\/\/media.benalmadena-property.com\/2022\/09\/Jupiter-215-Delloca-24-150x100.jpg"},"modern-property-child-slider":{"file":"Jupiter-215-Delloca-24-680x510.jpg","width":680,"height":510,"mime-type":"image\/jpeg","filesize":107005,"url":"https:\/\/media.benalmadena-property.com\/2022\/09\/Jupiter-215-Delloca-24-680x510.jpg"},"property-thumb-image":{"file":"Jupiter-215-Delloca-24-488x326.jpg","width":488,"height":326,"mime-type":"image\/jpeg","filesize":64659,"url":"https:\/\/media.benalmadena-property.com\/2022\/09\/Jupiter-215-Delloca-24-488x326.jpg"},"property-detail-video-image":{"file":"Jupiter-215-Delloca-24-818x417.jpg","width":818,"height":417,"mime-type":"image\/jpeg","filesize":116422,"url":"https:\/\/media.benalmadena-property.com\/2022\/09\/Jupiter-215-Delloca-24-818x417.jpg"},"agent-image":{"file":"Jupiter-215-Delloca-24-210x210.jpg","width":210,"height":210,"mime-type":"image\/jpeg","filesize":36511,"url":"https:\/\/media.benalmadena-property.com\/2022\/09\/Jupiter-215-Delloca-24-210x210.jpg"},"partners-logo":{"file":"Jupiter-215-Delloca-24-600x1950.jpg","width":600,"height":1950,"mime-type":"image\/jpeg","filesize":183120,"url":"https:\/\/media.benalmadena-property.com\/2022\/09\/Jupiter-215-Delloca-24-600x1950.jpg"},"gallery-two-column-image":{"file":"Jupiter-215-Delloca-24-536x269.jpg","width":536,"height":269,"mime-type":"image\/jpeg","filesize":65423,"url":"https:\/\/media.benalmadena-property.com\/2022\/09\/Jupiter-215-Delloca-24-536x269.jpg"},"property-detail-slider-image-two":{"file":"Jupiter-215-Delloca-24-1170x648.jpg","width":1170,"height":648,"mime-type":"image\/jpeg","filesize":210402,"url":"https:\/\/media.benalmadena-property.com\/2022\/09\/Jupiter-215-Delloca-24-1170x648.jpg"},"property-detail-slider-thumb":{"file":"Jupiter-215-Delloca-24-82x60.jpg","width":82,"height":60,"mime-type":"image\/jpeg","filesize":25971,"url":"https:\/\/media.benalmadena-property.com\/2022\/09\/Jupiter-215-Delloca-24-82x60.jpg"}},"image_meta":{"aperture":"8","credit":"Gonzalo J Bustos. Puerta6","camera":"NIKON D810","caption":"","created_timestamp":"1658110946","copyright":"\u00a9 Gonzalo Bustos","focal_length":"18","iso":"250","shutter_speed":"0.000625","title":"","orientation":"1","keywords":[]},"original_image":"Jupiter-215-Delloca-24.jpg","ID":"11103","name":"Jupiter-215-Delloca-24-scaled.jpg","path":"\/var\/www\/vhosts\/benalmadena-property.com\/httpdocs\/wp-content\/uploads\/2022\/09\/Jupiter-215-Delloca-24-scaled.jpg","url":"https:\/\/media.benalmadena-property.com\/2022\/09\/Jupiter-215-Delloca-24-150x150.jpg","full_url":"https:\/\/media.benalmadena-property.com\/2022\/09\/Jupiter-215-Delloca-24-scaled.jpg","title":"Jupiter 215 Delloca-24","caption":"","description":"","alt":"","srcset":"https:\/\/media.benalmadena-property.com\/2022\/09\/Jupiter-215-Delloca-24-150x150.jpg 150w, https:\/\/media.benalmadena-property.com\/2022\/09\/Jupiter-215-Delloca-24-210x210.jpg 210w"},{"width":150,"height":150,"file":"2016\/04\/220621_DDS_30.jpg","sizes":{"medium":{"file":"220621_DDS_30-300x200.jpg","width":300,"height":200,"mime-type":"image\/jpeg","url":"https:\/\/media.benalmadena-property.com\/2016\/04\/220621_DDS_30-300x200.jpg"},"thumbnail":{"file":"220621_DDS_30-150x150.jpg","width":150,"height":150,"mime-type":"image\/jpeg","url":"https:\/\/media.benalmadena-property.com\/2016\/04\/220621_DDS_30-150x150.jpg"},"medium_large":{"file":"220621_DDS_30-768x512.jpg","width":768,"height":512,"mime-type":"image\/jpeg","url":"https:\/\/media.benalmadena-property.com\/2016\/04\/220621_DDS_30-768x512.jpg"},"post-thumbnail":{"file":"220621_DDS_30-150x100.jpg","width":150,"height":100,"mime-type":"image\/jpeg","url":"https:\/\/media.benalmadena-property.com\/2016\/04\/220621_DDS_30-150x100.jpg"},"modern-property-child-slider":{"file":"220621_DDS_30-680x510.jpg","width":680,"height":510,"mime-type":"image\/jpeg","url":"https:\/\/media.benalmadena-property.com\/2016\/04\/220621_DDS_30-680x510.jpg"},"property-thumb-image":{"file":"220621_DDS_30-488x326.jpg","width":488,"height":326,"mime-type":"image\/jpeg","url":"https:\/\/media.benalmadena-property.com\/2016\/04\/220621_DDS_30-488x326.jpg"},"property-detail-video-image":{"file":"220621_DDS_30-818x417.jpg","width":818,"height":417,"mime-type":"image\/jpeg","url":"https:\/\/media.benalmadena-property.com\/2016\/04\/220621_DDS_30-818x417.jpg"},"agent-image":{"file":"220621_DDS_30-210x210.jpg","width":210,"height":210,"mime-type":"image\/jpeg","url":"https:\/\/media.benalmadena-property.com\/2016\/04\/220621_DDS_30-210x210.jpg"},"partners-logo":{"file":"220621_DDS_30-600x680.jpg","width":600,"height":680,"mime-type":"image\/jpeg","url":"https:\/\/media.benalmadena-property.com\/2016\/04\/220621_DDS_30-600x680.jpg"},"gallery-two-column-image":{"file":"220621_DDS_30-536x269.jpg","width":536,"height":269,"mime-type":"image\/jpeg","url":"https:\/\/media.benalmadena-property.com\/2016\/04\/220621_DDS_30-536x269.jpg"},"property-detail-slider-image-two":{"file":"220621_DDS_30-1020x648.jpg","width":1020,"height":648,"mime-type":"image\/jpeg","url":"https:\/\/media.benalmadena-property.com\/2016\/04\/220621_DDS_30-1020x648.jpg"},"property-detail-slider-thumb":{"file":"220621_DDS_30-82x60.jpg","width":82,"height":60,"mime-type":"image\/jpeg","url":"https:\/\/media.benalmadena-property.com\/2016\/04\/220621_DDS_30-82x60.jpg"}},"image_meta":{"aperture":"7.1","credit":"","camera":"ILCE-7M3","caption":"","created_timestamp":"1624363234","copyright":"@danieldisabatino","focal_length":"70","iso":"100","shutter_speed":"0.0015625","title":"","orientation":"0","keywords":[]},"ID":"9901","name":"220621_DDS_30.jpg","path":"\/var\/www\/vhosts\/benalmadena-property.com\/httpdocs\/wp-content\/uploads\/2016\/04\/220621_DDS_30.jpg","url":"https:\/\/media.benalmadena-property.com\/2016\/04\/220621_DDS_30-150x150.jpg","full_url":"https:\/\/media.benalmadena-property.com\/2016\/04\/220621_DDS_30.jpg","title":"220621_DDS_30","caption":"","description":"","alt":"","srcset":"https:\/\/media.benalmadena-property.com\/2016\/04\/220621_DDS_30-150x150.jpg 150w, https:\/\/media.benalmadena-property.com\/2016\/04\/220621_DDS_30-210x210.jpg 210w"},{"width":150,"height":150,"file":"2016\/04\/220621_DDS_26.jpg","sizes":{"medium":{"file":"220621_DDS_26-300x200.jpg","width":300,"height":200,"mime-type":"image\/jpeg","url":"https:\/\/media.benalmadena-property.com\/2016\/04\/220621_DDS_26-300x200.jpg"},"thumbnail":{"file":"220621_DDS_26-150x150.jpg","width":150,"height":150,"mime-type":"image\/jpeg","url":"https:\/\/media.benalmadena-property.com\/2016\/04\/220621_DDS_26-150x150.jpg"},"medium_large":{"file":"220621_DDS_26-768x512.jpg","width":768,"height":512,"mime-type":"image\/jpeg","url":"https:\/\/media.benalmadena-property.com\/2016\/04\/220621_DDS_26-768x512.jpg"},"post-thumbnail":{"file":"220621_DDS_26-150x100.jpg","width":150,"height":100,"mime-type":"image\/jpeg","url":"https:\/\/media.benalmadena-property.com\/2016\/04\/220621_DDS_26-150x100.jpg"},"modern-property-child-slider":{"file":"220621_DDS_26-680x510.jpg","width":680,"height":510,"mime-type":"image\/jpeg","url":"https:\/\/media.benalmadena-property.com\/2016\/04\/220621_DDS_26-680x510.jpg"},"property-thumb-image":{"file":"220621_DDS_26-488x326.jpg","width":488,"height":326,"mime-type":"image\/jpeg","url":"https:\/\/media.benalmadena-property.com\/2016\/04\/220621_DDS_26-488x326.jpg"},"property-detail-video-image":{"file":"220621_DDS_26-818x417.jpg","width":818,"height":417,"mime-type":"image\/jpeg","url":"https:\/\/media.benalmadena-property.com\/2016\/04\/220621_DDS_26-818x417.jpg"},"agent-image":{"file":"220621_DDS_26-210x210.jpg","width":210,"height":210,"mime-type":"image\/jpeg","url":"https:\/\/media.benalmadena-property.com\/2016\/04\/220621_DDS_26-210x210.jpg"},"partners-logo":{"file":"220621_DDS_26-600x680.jpg","width":600,"height":680,"mime-type":"image\/jpeg","url":"https:\/\/media.benalmadena-property.com\/2016\/04\/220621_DDS_26-600x680.jpg"},"gallery-two-column-image":{"file":"220621_DDS_26-536x269.jpg","width":536,"height":269,"mime-type":"image\/jpeg","url":"https:\/\/media.benalmadena-property.com\/2016\/04\/220621_DDS_26-536x269.jpg"},"property-detail-slider-image-two":{"file":"220621_DDS_26-1020x648.jpg","width":1020,"height":648,"mime-type":"image\/jpeg","url":"https:\/\/media.benalmadena-property.com\/2016\/04\/220621_DDS_26-1020x648.jpg"},"property-detail-slider-thumb":{"file":"220621_DDS_26-82x60.jpg","width":82,"height":60,"mime-type":"image\/jpeg","url":"https:\/\/media.benalmadena-property.com\/2016\/04\/220621_DDS_26-82x60.jpg"}},"image_meta":{"aperture":"7.1","credit":"","camera":"ILCE-7M3","caption":"","created_timestamp":"1624363009","copyright":"@danieldisabatino","focal_length":"24","iso":"100","shutter_speed":"0.0025","title":"","orientation":"0","keywords":[]},"ID":"9898","name":"220621_DDS_26.jpg","path":"\/var\/www\/vhosts\/benalmadena-property.com\/httpdocs\/wp-content\/uploads\/2016\/04\/220621_DDS_26.jpg","url":"https:\/\/media.benalmadena-property.com\/2016\/04\/220621_DDS_26-150x150.jpg","full_url":"https:\/\/media.benalmadena-property.com\/2016\/04\/220621_DDS_26.jpg","title":"220621_DDS_26","caption":"","description":"","alt":"","srcset":"https:\/\/media.benalmadena-property.com\/2016\/04\/220621_DDS_26-150x150.jpg 150w, https:\/\/media.benalmadena-property.com\/2016\/04\/220621_DDS_26-210x210.jpg 210w"},{"width":150,"height":150,"file":"2016\/04\/220621_DDS_35.jpg","sizes":{"medium":{"file":"220621_DDS_35-300x200.jpg","width":300,"height":200,"mime-type":"image\/jpeg","url":"https:\/\/media.benalmadena-property.com\/2016\/04\/220621_DDS_35-300x200.jpg"},"thumbnail":{"file":"220621_DDS_35-150x150.jpg","width":150,"height":150,"mime-type":"image\/jpeg","url":"https:\/\/media.benalmadena-property.com\/2016\/04\/220621_DDS_35-150x150.jpg"},"medium_large":{"file":"220621_DDS_35-768x512.jpg","width":768,"height":512,"mime-type":"image\/jpeg","url":"https:\/\/media.benalmadena-property.com\/2016\/04\/220621_DDS_35-768x512.jpg"},"post-thumbnail":{"file":"220621_DDS_35-150x100.jpg","width":150,"height":100,"mime-type":"image\/jpeg","url":"https:\/\/media.benalmadena-property.com\/2016\/04\/220621_DDS_35-150x100.jpg"},"modern-property-child-slider":{"file":"220621_DDS_35-680x510.jpg","width":680,"height":510,"mime-type":"image\/jpeg","url":"https:\/\/media.benalmadena-property.com\/2016\/04\/220621_DDS_35-680x510.jpg"},"property-thumb-image":{"file":"220621_DDS_35-488x326.jpg","width":488,"height":326,"mime-type":"image\/jpeg","url":"https:\/\/media.benalmadena-property.com\/2016\/04\/220621_DDS_35-488x326.jpg"},"property-detail-video-image":{"file":"220621_DDS_35-818x417.jpg","width":818,"height":417,"mime-type":"image\/jpeg","url":"https:\/\/media.benalmadena-property.com\/2016\/04\/220621_DDS_35-818x417.jpg"},"agent-image":{"file":"220621_DDS_35-210x210.jpg","width":210,"height":210,"mime-type":"image\/jpeg","url":"https:\/\/media.benalmadena-property.com\/2016\/04\/220621_DDS_35-210x210.jpg"},"partners-logo":{"file":"220621_DDS_35-600x680.jpg","width":600,"height":680,"mime-type":"image\/jpeg","url":"https:\/\/media.benalmadena-property.com\/2016\/04\/220621_DDS_35-600x680.jpg"},"gallery-two-column-image":{"file":"220621_DDS_35-536x269.jpg","width":536,"height":269,"mime-type":"image\/jpeg","url":"https:\/\/media.benalmadena-property.com\/2016\/04\/220621_DDS_35-536x269.jpg"},"property-detail-slider-image-two":{"file":"220621_DDS_35-1020x648.jpg","width":1020,"height":648,"mime-type":"image\/jpeg","url":"https:\/\/media.benalmadena-property.com\/2016\/04\/220621_DDS_35-1020x648.jpg"},"property-detail-slider-thumb":{"file":"220621_DDS_35-82x60.jpg","width":82,"height":60,"mime-type":"image\/jpeg","url":"https:\/\/media.benalmadena-property.com\/2016\/04\/220621_DDS_35-82x60.jpg"}},"image_meta":{"aperture":"7.1","credit":"","camera":"ILCE-7M3","caption":"","created_timestamp":"1624366729","copyright":"@danieldisabatino","focal_length":"14","iso":"100","shutter_speed":"0.0015625","title":"","orientation":"0","keywords":[]},"ID":"9913","name":"220621_DDS_35.jpg","path":"\/var\/www\/vhosts\/benalmadena-property.com\/httpdocs\/wp-content\/uploads\/2016\/04\/220621_DDS_35.jpg","url":"https:\/\/media.benalmadena-property.com\/2016\/04\/220621_DDS_35-150x150.jpg","full_url":"https:\/\/media.benalmadena-property.com\/2016\/04\/220621_DDS_35.jpg","title":"220621_DDS_35","caption":"","description":"","alt":"","srcset":"https:\/\/media.benalmadena-property.com\/2016\/04\/220621_DDS_35-150x150.jpg 150w, https:\/\/media.benalmadena-property.com\/2016\/04\/220621_DDS_35-210x210.jpg 210w"},{"width":150,"height":150,"file":"2016\/04\/220621_DDS_34-1.jpg","sizes":{"medium":{"file":"220621_DDS_34-1-300x200.jpg","width":300,"height":200,"mime-type":"image\/jpeg","url":"https:\/\/media.benalmadena-property.com\/2016\/04\/220621_DDS_34-1-300x200.jpg"},"thumbnail":{"file":"220621_DDS_34-1-150x150.jpg","width":150,"height":150,"mime-type":"image\/jpeg","url":"https:\/\/media.benalmadena-property.com\/2016\/04\/220621_DDS_34-1-150x150.jpg"},"medium_large":{"file":"220621_DDS_34-1-768x512.jpg","width":768,"height":512,"mime-type":"image\/jpeg","url":"https:\/\/media.benalmadena-property.com\/2016\/04\/220621_DDS_34-1-768x512.jpg"},"post-thumbnail":{"file":"220621_DDS_34-1-150x100.jpg","width":150,"height":100,"mime-type":"image\/jpeg","url":"https:\/\/media.benalmadena-property.com\/2016\/04\/220621_DDS_34-1-150x100.jpg"},"modern-property-child-slider":{"file":"220621_DDS_34-1-680x510.jpg","width":680,"height":510,"mime-type":"image\/jpeg","url":"https:\/\/media.benalmadena-property.com\/2016\/04\/220621_DDS_34-1-680x510.jpg"},"property-thumb-image":{"file":"220621_DDS_34-1-488x326.jpg","width":488,"height":326,"mime-type":"image\/jpeg","url":"https:\/\/media.benalmadena-property.com\/2016\/04\/220621_DDS_34-1-488x326.jpg"},"property-detail-video-image":{"file":"220621_DDS_34-1-818x417.jpg","width":818,"height":417,"mime-type":"image\/jpeg","url":"https:\/\/media.benalmadena-property.com\/2016\/04\/220621_DDS_34-1-818x417.jpg"},"agent-image":{"file":"220621_DDS_34-1-210x210.jpg","width":210,"height":210,"mime-type":"image\/jpeg","url":"https:\/\/media.benalmadena-property.com\/2016\/04\/220621_DDS_34-1-210x210.jpg"},"partners-logo":{"file":"220621_DDS_34-1-600x680.jpg","width":600,"height":680,"mime-type":"image\/jpeg","url":"https:\/\/media.benalmadena-property.com\/2016\/04\/220621_DDS_34-1-600x680.jpg"},"gallery-two-column-image":{"file":"220621_DDS_34-1-536x269.jpg","width":536,"height":269,"mime-type":"image\/jpeg","url":"https:\/\/media.benalmadena-property.com\/2016\/04\/220621_DDS_34-1-536x269.jpg"},"property-detail-slider-image-two":{"file":"220621_DDS_34-1-1020x648.jpg","width":1020,"height":648,"mime-type":"image\/jpeg","url":"https:\/\/media.benalmadena-property.com\/2016\/04\/220621_DDS_34-1-1020x648.jpg"},"property-detail-slider-thumb":{"file":"220621_DDS_34-1-82x60.jpg","width":82,"height":60,"mime-type":"image\/jpeg","url":"https:\/\/media.benalmadena-property.com\/2016\/04\/220621_DDS_34-1-82x60.jpg"}},"image_meta":{"aperture":"7.1","credit":"","camera":"ILCE-7M3","caption":"","created_timestamp":"1624366488","copyright":"@danieldisabatino","focal_length":"14","iso":"100","shutter_speed":"0.002","title":"","orientation":"0","keywords":[]},"ID":"9904","name":"220621_DDS_34-1.jpg","path":"\/var\/www\/vhosts\/benalmadena-property.com\/httpdocs\/wp-content\/uploads\/2016\/04\/220621_DDS_34-1.jpg","url":"https:\/\/media.benalmadena-property.com\/2016\/04\/220621_DDS_34-1-150x150.jpg","full_url":"https:\/\/media.benalmadena-property.com\/2016\/04\/220621_DDS_34-1.jpg","title":"220621_DDS_34 (1)","caption":"","description":"","alt":"","srcset":"https:\/\/media.benalmadena-property.com\/2016\/04\/220621_DDS_34-1-150x150.jpg 150w, https:\/\/media.benalmadena-property.com\/2016\/04\/220621_DDS_34-1-210x210.jpg 210w"},{"width":150,"height":150,"file":"2013\/10\/P1060872.jpg","filesize":161792,"sizes":{"medium":{"file":"P1060872-300x225.jpg","width":300,"height":225,"mime-type":"image\/jpeg","filesize":43099,"url":"https:\/\/media.benalmadena-property.com\/2013\/10\/P1060872-300x225.jpg"},"thumbnail":{"file":"P1060872-150x150.jpg","width":150,"height":150,"mime-type":"image\/jpeg","filesize":37443,"url":"https:\/\/media.benalmadena-property.com\/2013\/10\/P1060872-150x150.jpg"},"post-thumbnail":{"file":"P1060872-150x113.jpg","width":150,"height":113,"mime-type":"image\/jpeg","filesize":36980,"url":"https:\/\/media.benalmadena-property.com\/2013\/10\/P1060872-150x113.jpg"},"property-thumb-image":{"file":"P1060872-488x326.jpg","width":488,"height":326,"mime-type":"image\/jpeg","filesize":50978,"url":"https:\/\/media.benalmadena-property.com\/2013\/10\/P1060872-488x326.jpg"},"property-detail-video-image":{"file":"P1060872-640x417.jpg","width":640,"height":417,"mime-type":"image\/jpeg","filesize":61766,"url":"https:\/\/media.benalmadena-property.com\/2013\/10\/P1060872-640x417.jpg"},"agent-image":{"file":"P1060872-210x210.jpg","width":210,"height":210,"mime-type":"image\/jpeg","filesize":40027,"url":"https:\/\/media.benalmadena-property.com\/2013\/10\/P1060872-210x210.jpg"},"partners-logo":{"file":"P1060872-600x480.jpg","width":600,"height":480,"mime-type":"image\/jpeg","filesize":64234,"url":"https:\/\/media.benalmadena-property.com\/2013\/10\/P1060872-600x480.jpg"},"gallery-two-column-image":{"file":"P1060872-536x269.jpg","width":536,"height":269,"mime-type":"image\/jpeg","filesize":48768,"url":"https:\/\/media.benalmadena-property.com\/2013\/10\/P1060872-536x269.jpg"},"property-detail-slider-thumb":{"file":"P1060872-82x60.jpg","width":82,"height":60,"mime-type":"image\/jpeg","filesize":34938,"url":"https:\/\/media.benalmadena-property.com\/2013\/10\/P1060872-82x60.jpg"}},"image_meta":{"aperture":"3.1","credit":"","camera":"DMC-SZ3","caption":"","created_timestamp":"1668692652","copyright":"","focal_length":"4.5","iso":"125","shutter_speed":"0.016666666666667","title":"","orientation":"1","keywords":[]},"ID":"11383","name":"P1060872.jpg","path":"\/var\/www\/vhosts\/benalmadena-property.com\/httpdocs\/wp-content\/uploads\/2013\/10\/P1060872.jpg","url":"https:\/\/media.benalmadena-property.com\/2013\/10\/P1060872-150x150.jpg","full_url":"https:\/\/media.benalmadena-property.com\/2013\/10\/P1060872.jpg","title":"P1060872","caption":"","description":"","alt":"","srcset":"https:\/\/media.benalmadena-property.com\/2013\/10\/P1060872-150x150.jpg 150w, https:\/\/media.benalmadena-property.com\/2013\/10\/P1060872-210x210.jpg 210w"},{"width":150,"height":150,"file":"2013\/10\/P1060874.jpg","filesize":156160,"sizes":{"medium":{"file":"P1060874-300x225.jpg","width":300,"height":225,"mime-type":"image\/jpeg","filesize":44594,"url":"https:\/\/media.benalmadena-property.com\/2013\/10\/P1060874-300x225.jpg"},"thumbnail":{"file":"P1060874-150x150.jpg","width":150,"height":150,"mime-type":"image\/jpeg","filesize":37917,"url":"https:\/\/media.benalmadena-property.com\/2013\/10\/P1060874-150x150.jpg"},"post-thumbnail":{"file":"P1060874-150x113.jpg","width":150,"height":113,"mime-type":"image\/jpeg","filesize":37258,"url":"https:\/\/media.benalmadena-property.com\/2013\/10\/P1060874-150x113.jpg"},"property-thumb-image":{"file":"P1060874-488x326.jpg","width":488,"height":326,"mime-type":"image\/jpeg","filesize":55436,"url":"https:\/\/media.benalmadena-property.com\/2013\/10\/P1060874-488x326.jpg"},"property-detail-video-image":{"file":"P1060874-640x417.jpg","width":640,"height":417,"mime-type":"image\/jpeg","filesize":70350,"url":"https:\/\/media.benalmadena-property.com\/2013\/10\/P1060874-640x417.jpg"},"agent-image":{"file":"P1060874-210x210.jpg","width":210,"height":210,"mime-type":"image\/jpeg","filesize":41122,"url":"https:\/\/media.benalmadena-property.com\/2013\/10\/P1060874-210x210.jpg"},"partners-logo":{"file":"P1060874-600x480.jpg","width":600,"height":480,"mime-type":"image\/jpeg","filesize":72519,"url":"https:\/\/media.benalmadena-property.com\/2013\/10\/P1060874-600x480.jpg"},"gallery-two-column-image":{"file":"P1060874-536x269.jpg","width":536,"height":269,"mime-type":"image\/jpeg","filesize":52502,"url":"https:\/\/media.benalmadena-property.com\/2013\/10\/P1060874-536x269.jpg"},"property-detail-slider-thumb":{"file":"P1060874-82x60.jpg","width":82,"height":60,"mime-type":"image\/jpeg","filesize":34940,"url":"https:\/\/media.benalmadena-property.com\/2013\/10\/P1060874-82x60.jpg"}},"image_meta":{"aperture":"3.1","credit":"","camera":"DMC-SZ3","caption":"","created_timestamp":"1668692714","copyright":"","focal_length":"4.5","iso":"400","shutter_speed":"0.016666666666667","title":"","orientation":"1","keywords":[]},"ID":"11389","name":"P1060874.jpg","path":"\/var\/www\/vhosts\/benalmadena-property.com\/httpdocs\/wp-content\/uploads\/2013\/10\/P1060874.jpg","url":"https:\/\/media.benalmadena-property.com\/2013\/10\/P1060874-150x150.jpg","full_url":"https:\/\/media.benalmadena-property.com\/2013\/10\/P1060874.jpg","title":"P1060874","caption":"","description":"","alt":"","srcset":"https:\/\/media.benalmadena-property.com\/2013\/10\/P1060874-150x150.jpg 150w, https:\/\/media.benalmadena-property.com\/2013\/10\/P1060874-210x210.jpg 210w"},{"width":150,"height":150,"file":"2013\/10\/2f2943ef-60cb-48cd-a32f-0440a7d60dbd.jpg","filesize":214061,"sizes":{"medium":{"file":"2f2943ef-60cb-48cd-a32f-0440a7d60dbd-225x300.jpg","width":225,"height":300,"mime-type":"image\/jpeg","filesize":9927,"url":"https:\/\/media.benalmadena-property.com\/2013\/10\/2f2943ef-60cb-48cd-a32f-0440a7d60dbd-225x300.jpg"},"large":{"file":"2f2943ef-60cb-48cd-a32f-0440a7d60dbd-768x1024.jpg","width":768,"height":1024,"mime-type":"image\/jpeg","filesize":73951,"url":"https:\/\/media.benalmadena-property.com\/2013\/10\/2f2943ef-60cb-48cd-a32f-0440a7d60dbd-768x1024.jpg"},"thumbnail":{"file":"2f2943ef-60cb-48cd-a32f-0440a7d60dbd-150x150.jpg","width":150,"height":150,"mime-type":"image\/jpeg","filesize":4400,"url":"https:\/\/media.benalmadena-property.com\/2013\/10\/2f2943ef-60cb-48cd-a32f-0440a7d60dbd-150x150.jpg"},"medium_large":{"file":"2f2943ef-60cb-48cd-a32f-0440a7d60dbd-768x1024.jpg","width":768,"height":1024,"mime-type":"image\/jpeg","filesize":73951,"url":"https:\/\/media.benalmadena-property.com\/2013\/10\/2f2943ef-60cb-48cd-a32f-0440a7d60dbd-768x1024.jpg"},"1536x1536":{"file":"2f2943ef-60cb-48cd-a32f-0440a7d60dbd-1152x1536.jpg","width":1152,"height":1536,"mime-type":"image\/jpeg","filesize":152372,"url":"https:\/\/media.benalmadena-property.com\/2013\/10\/2f2943ef-60cb-48cd-a32f-0440a7d60dbd-1152x1536.jpg"},"post-thumbnail":{"file":"2f2943ef-60cb-48cd-a32f-0440a7d60dbd-113x150.jpg","width":113,"height":150,"mime-type":"image\/jpeg","filesize":3494,"url":"https:\/\/media.benalmadena-property.com\/2013\/10\/2f2943ef-60cb-48cd-a32f-0440a7d60dbd-113x150.jpg"},"modern-property-child-slider":{"file":"2f2943ef-60cb-48cd-a32f-0440a7d60dbd-680x510.jpg","width":680,"height":510,"mime-type":"image\/jpeg","filesize":40117,"url":"https:\/\/media.benalmadena-property.com\/2013\/10\/2f2943ef-60cb-48cd-a32f-0440a7d60dbd-680x510.jpg"},"property-thumb-image":{"file":"2f2943ef-60cb-48cd-a32f-0440a7d60dbd-488x326.jpg","width":488,"height":326,"mime-type":"image\/jpeg","filesize":20912,"url":"https:\/\/media.benalmadena-property.com\/2013\/10\/2f2943ef-60cb-48cd-a32f-0440a7d60dbd-488x326.jpg"},"property-detail-video-image":{"file":"2f2943ef-60cb-48cd-a32f-0440a7d60dbd-818x417.jpg","width":818,"height":417,"mime-type":"image\/jpeg","filesize":40106,"url":"https:\/\/media.benalmadena-property.com\/2013\/10\/2f2943ef-60cb-48cd-a32f-0440a7d60dbd-818x417.jpg"},"agent-image":{"file":"2f2943ef-60cb-48cd-a32f-0440a7d60dbd-210x210.jpg","width":210,"height":210,"mime-type":"image\/jpeg","filesize":7532,"url":"https:\/\/media.benalmadena-property.com\/2013\/10\/2f2943ef-60cb-48cd-a32f-0440a7d60dbd-210x210.jpg"},"partners-logo":{"file":"2f2943ef-60cb-48cd-a32f-0440a7d60dbd-600x2048.jpg","width":600,"height":2048,"mime-type":"image\/jpeg","filesize":115602,"url":"https:\/\/media.benalmadena-property.com\/2013\/10\/2f2943ef-60cb-48cd-a32f-0440a7d60dbd-600x2048.jpg"},"gallery-two-column-image":{"file":"2f2943ef-60cb-48cd-a32f-0440a7d60dbd-536x269.jpg","width":536,"height":269,"mime-type":"image\/jpeg","filesize":18813,"url":"https:\/\/media.benalmadena-property.com\/2013\/10\/2f2943ef-60cb-48cd-a32f-0440a7d60dbd-536x269.jpg"},"property-detail-slider-image-two":{"file":"2f2943ef-60cb-48cd-a32f-0440a7d60dbd-1170x648.jpg","width":1170,"height":648,"mime-type":"image\/jpeg","filesize":80847,"url":"https:\/\/media.benalmadena-property.com\/2013\/10\/2f2943ef-60cb-48cd-a32f-0440a7d60dbd-1170x648.jpg"},"property-detail-slider-thumb":{"file":"2f2943ef-60cb-48cd-a32f-0440a7d60dbd-82x60.jpg","width":82,"height":60,"mime-type":"image\/jpeg","filesize":1565,"url":"https:\/\/media.benalmadena-property.com\/2013\/10\/2f2943ef-60cb-48cd-a32f-0440a7d60dbd-82x60.jpg"}},"image_meta":{"aperture":"0","credit":"","camera":"","caption":"","created_timestamp":"0","copyright":"","focal_length":"0","iso":"0","shutter_speed":"0","title":"","orientation":"0","keywords":[]},"ID":"16088","name":"2f2943ef-60cb-48cd-a32f-0440a7d60dbd.jpg","path":"\/var\/www\/vhosts\/benalmadena-property.com\/httpdocs\/wp-content\/uploads\/2013\/10\/2f2943ef-60cb-48cd-a32f-0440a7d60dbd.jpg","url":"https:\/\/media.benalmadena-property.com\/2013\/10\/2f2943ef-60cb-48cd-a32f-0440a7d60dbd-150x150.jpg","full_url":"https:\/\/media.benalmadena-property.com\/2013\/10\/2f2943ef-60cb-48cd-a32f-0440a7d60dbd.jpg","title":"2f2943ef-60cb-48cd-a32f-0440a7d60dbd","caption":"","description":"","alt":"","srcset":"https:\/\/media.benalmadena-property.com\/2013\/10\/2f2943ef-60cb-48cd-a32f-0440a7d60dbd-150x150.jpg 150w, https:\/\/media.benalmadena-property.com\/2013\/10\/2f2943ef-60cb-48cd-a32f-0440a7d60dbd-210x210.jpg 210w"},{"width":150,"height":150,"file":"2013\/10\/daea1369-0cfd-4eb6-8388-edb97b34e8a0.jpg","filesize":217326,"sizes":{"medium":{"file":"daea1369-0cfd-4eb6-8388-edb97b34e8a0-225x300.jpg","width":225,"height":300,"mime-type":"image\/jpeg","filesize":9356,"url":"https:\/\/media.benalmadena-property.com\/2013\/10\/daea1369-0cfd-4eb6-8388-edb97b34e8a0-225x300.jpg"},"large":{"file":"daea1369-0cfd-4eb6-8388-edb97b34e8a0-768x1024.jpg","width":768,"height":1024,"mime-type":"image\/jpeg","filesize":73173,"url":"https:\/\/media.benalmadena-property.com\/2013\/10\/daea1369-0cfd-4eb6-8388-edb97b34e8a0-768x1024.jpg"},"thumbnail":{"file":"daea1369-0cfd-4eb6-8388-edb97b34e8a0-150x150.jpg","width":150,"height":150,"mime-type":"image\/jpeg","filesize":3979,"url":"https:\/\/media.benalmadena-property.com\/2013\/10\/daea1369-0cfd-4eb6-8388-edb97b34e8a0-150x150.jpg"},"medium_large":{"file":"daea1369-0cfd-4eb6-8388-edb97b34e8a0-768x1024.jpg","width":768,"height":1024,"mime-type":"image\/jpeg","filesize":73173,"url":"https:\/\/media.benalmadena-property.com\/2013\/10\/daea1369-0cfd-4eb6-8388-edb97b34e8a0-768x1024.jpg"},"1536x1536":{"file":"daea1369-0cfd-4eb6-8388-edb97b34e8a0-1152x1536.jpg","width":1152,"height":1536,"mime-type":"image\/jpeg","filesize":152542,"url":"https:\/\/media.benalmadena-property.com\/2013\/10\/daea1369-0cfd-4eb6-8388-edb97b34e8a0-1152x1536.jpg"},"post-thumbnail":{"file":"daea1369-0cfd-4eb6-8388-edb97b34e8a0-113x150.jpg","width":113,"height":150,"mime-type":"image\/jpeg","filesize":3159,"url":"https:\/\/media.benalmadena-property.com\/2013\/10\/daea1369-0cfd-4eb6-8388-edb97b34e8a0-113x150.jpg"},"modern-property-child-slider":{"file":"daea1369-0cfd-4eb6-8388-edb97b34e8a0-680x510.jpg","width":680,"height":510,"mime-type":"image\/jpeg","filesize":39611,"url":"https:\/\/media.benalmadena-property.com\/2013\/10\/daea1369-0cfd-4eb6-8388-edb97b34e8a0-680x510.jpg"},"property-thumb-image":{"file":"daea1369-0cfd-4eb6-8388-edb97b34e8a0-488x326.jpg","width":488,"height":326,"mime-type":"image\/jpeg","filesize":20794,"url":"https:\/\/media.benalmadena-property.com\/2013\/10\/daea1369-0cfd-4eb6-8388-edb97b34e8a0-488x326.jpg"},"property-detail-video-image":{"file":"daea1369-0cfd-4eb6-8388-edb97b34e8a0-818x417.jpg","width":818,"height":417,"mime-type":"image\/jpeg","filesize":43608,"url":"https:\/\/media.benalmadena-property.com\/2013\/10\/daea1369-0cfd-4eb6-8388-edb97b34e8a0-818x417.jpg"},"agent-image":{"file":"daea1369-0cfd-4eb6-8388-edb97b34e8a0-210x210.jpg","width":210,"height":210,"mime-type":"image\/jpeg","filesize":6923,"url":"https:\/\/media.benalmadena-property.com\/2013\/10\/daea1369-0cfd-4eb6-8388-edb97b34e8a0-210x210.jpg"},"partners-logo":{"file":"daea1369-0cfd-4eb6-8388-edb97b34e8a0-600x2048.jpg","width":600,"height":2048,"mime-type":"image\/jpeg","filesize":113589,"url":"https:\/\/media.benalmadena-property.com\/2013\/10\/daea1369-0cfd-4eb6-8388-edb97b34e8a0-600x2048.jpg"},"gallery-two-column-image":{"file":"daea1369-0cfd-4eb6-8388-edb97b34e8a0-536x269.jpg","width":536,"height":269,"mime-type":"image\/jpeg","filesize":20237,"url":"https:\/\/media.benalmadena-property.com\/2013\/10\/daea1369-0cfd-4eb6-8388-edb97b34e8a0-536x269.jpg"},"property-detail-slider-image-two":{"file":"daea1369-0cfd-4eb6-8388-edb97b34e8a0-1170x648.jpg","width":1170,"height":648,"mime-type":"image\/jpeg","filesize":87668,"url":"https:\/\/media.benalmadena-property.com\/2013\/10\/daea1369-0cfd-4eb6-8388-edb97b34e8a0-1170x648.jpg"},"property-detail-slider-thumb":{"file":"daea1369-0cfd-4eb6-8388-edb97b34e8a0-82x60.jpg","width":82,"height":60,"mime-type":"image\/jpeg","filesize":1384,"url":"https:\/\/media.benalmadena-property.com\/2013\/10\/daea1369-0cfd-4eb6-8388-edb97b34e8a0-82x60.jpg"}},"image_meta":{"aperture":"0","credit":"","camera":"","caption":"","created_timestamp":"0","copyright":"","focal_length":"0","iso":"0","shutter_speed":"0","title":"","orientation":"0","keywords":[]},"ID":"16115","name":"daea1369-0cfd-4eb6-8388-edb97b34e8a0.jpg","path":"\/var\/www\/vhosts\/benalmadena-property.com\/httpdocs\/wp-content\/uploads\/2013\/10\/daea1369-0cfd-4eb6-8388-edb97b34e8a0.jpg","url":"https:\/\/media.benalmadena-property.com\/2013\/10\/daea1369-0cfd-4eb6-8388-edb97b34e8a0-150x150.jpg","full_url":"https:\/\/media.benalmadena-property.com\/2013\/10\/daea1369-0cfd-4eb6-8388-edb97b34e8a0.jpg","title":"daea1369-0cfd-4eb6-8388-edb97b34e8a0","caption":"","description":"","alt":"","srcset":"https:\/\/media.benalmadena-property.com\/2013\/10\/daea1369-0cfd-4eb6-8388-edb97b34e8a0-150x150.jpg 150w, https:\/\/media.benalmadena-property.com\/2013\/10\/daea1369-0cfd-4eb6-8388-edb97b34e8a0-210x210.jpg 210w"},{"width":150,"height":150,"file":"2013\/10\/b29d7772-15de-4676-9479-f80367b63c8f.jpg","filesize":181569,"sizes":{"medium":{"file":"b29d7772-15de-4676-9479-f80367b63c8f-300x225.jpg","width":300,"height":225,"mime-type":"image\/jpeg","filesize":9312,"url":"https:\/\/media.benalmadena-property.com\/2013\/10\/b29d7772-15de-4676-9479-f80367b63c8f-300x225.jpg"},"large":{"file":"b29d7772-15de-4676-9479-f80367b63c8f-1024x768.jpg","width":1024,"height":768,"mime-type":"image\/jpeg","filesize":65460,"url":"https:\/\/media.benalmadena-property.com\/2013\/10\/b29d7772-15de-4676-9479-f80367b63c8f-1024x768.jpg"},"thumbnail":{"file":"b29d7772-15de-4676-9479-f80367b63c8f-150x150.jpg","width":150,"height":150,"mime-type":"image\/jpeg","filesize":4151,"url":"https:\/\/media.benalmadena-property.com\/2013\/10\/b29d7772-15de-4676-9479-f80367b63c8f-150x150.jpg"},"medium_large":{"file":"b29d7772-15de-4676-9479-f80367b63c8f-768x576.jpg","width":768,"height":576,"mime-type":"image\/jpeg","filesize":41001,"url":"https:\/\/media.benalmadena-property.com\/2013\/10\/b29d7772-15de-4676-9479-f80367b63c8f-768x576.jpg"},"1536x1536":{"file":"b29d7772-15de-4676-9479-f80367b63c8f-1536x1152.jpg","width":1536,"height":1152,"mime-type":"image\/jpeg","filesize":131907,"url":"https:\/\/media.benalmadena-property.com\/2013\/10\/b29d7772-15de-4676-9479-f80367b63c8f-1536x1152.jpg"},"post-thumbnail":{"file":"b29d7772-15de-4676-9479-f80367b63c8f-150x113.jpg","width":150,"height":113,"mime-type":"image\/jpeg","filesize":3322,"url":"https:\/\/media.benalmadena-property.com\/2013\/10\/b29d7772-15de-4676-9479-f80367b63c8f-150x113.jpg"},"modern-property-child-slider":{"file":"b29d7772-15de-4676-9479-f80367b63c8f-680x510.jpg","width":680,"height":510,"mime-type":"image\/jpeg","filesize":33528,"url":"https:\/\/media.benalmadena-property.com\/2013\/10\/b29d7772-15de-4676-9479-f80367b63c8f-680x510.jpg"},"property-thumb-image":{"file":"b29d7772-15de-4676-9479-f80367b63c8f-488x326.jpg","width":488,"height":326,"mime-type":"image\/jpeg","filesize":18129,"url":"https:\/\/media.benalmadena-property.com\/2013\/10\/b29d7772-15de-4676-9479-f80367b63c8f-488x326.jpg"},"property-detail-video-image":{"file":"b29d7772-15de-4676-9479-f80367b63c8f-818x417.jpg","width":818,"height":417,"mime-type":"image\/jpeg","filesize":33715,"url":"https:\/\/media.benalmadena-property.com\/2013\/10\/b29d7772-15de-4676-9479-f80367b63c8f-818x417.jpg"},"agent-image":{"file":"b29d7772-15de-4676-9479-f80367b63c8f-210x210.jpg","width":210,"height":210,"mime-type":"image\/jpeg","filesize":7122,"url":"https:\/\/media.benalmadena-property.com\/2013\/10\/b29d7772-15de-4676-9479-f80367b63c8f-210x210.jpg"},"partners-logo":{"file":"b29d7772-15de-4676-9479-f80367b63c8f-600x1536.jpg","width":600,"height":1536,"mime-type":"image\/jpeg","filesize":80115,"url":"https:\/\/media.benalmadena-property.com\/2013\/10\/b29d7772-15de-4676-9479-f80367b63c8f-600x1536.jpg"},"gallery-two-column-image":{"file":"b29d7772-15de-4676-9479-f80367b63c8f-536x269.jpg","width":536,"height":269,"mime-type":"image\/jpeg","filesize":16383,"url":"https:\/\/media.benalmadena-property.com\/2013\/10\/b29d7772-15de-4676-9479-f80367b63c8f-536x269.jpg"},"property-detail-slider-image-two":{"file":"b29d7772-15de-4676-9479-f80367b63c8f-1170x648.jpg","width":1170,"height":648,"mime-type":"image\/jpeg","filesize":66944,"url":"https:\/\/media.benalmadena-property.com\/2013\/10\/b29d7772-15de-4676-9479-f80367b63c8f-1170x648.jpg"},"property-detail-slider-thumb":{"file":"b29d7772-15de-4676-9479-f80367b63c8f-82x60.jpg","width":82,"height":60,"mime-type":"image\/jpeg","filesize":1470,"url":"https:\/\/media.benalmadena-property.com\/2013\/10\/b29d7772-15de-4676-9479-f80367b63c8f-82x60.jpg"}},"image_meta":{"aperture":"0","credit":"","camera":"","caption":"","created_timestamp":"0","copyright":"","focal_length":"0","iso":"0","shutter_speed":"0","title":"","orientation":"0","keywords":[]},"ID":"16112","name":"b29d7772-15de-4676-9479-f80367b63c8f.jpg","path":"\/var\/www\/vhosts\/benalmadena-property.com\/httpdocs\/wp-content\/uploads\/2013\/10\/b29d7772-15de-4676-9479-f80367b63c8f.jpg","url":"https:\/\/media.benalmadena-property.com\/2013\/10\/b29d7772-15de-4676-9479-f80367b63c8f-150x150.jpg","full_url":"https:\/\/media.benalmadena-property.com\/2013\/10\/b29d7772-15de-4676-9479-f80367b63c8f.jpg","title":"b29d7772-15de-4676-9479-f80367b63c8f","caption":"","description":"","alt":"","srcset":"https:\/\/media.benalmadena-property.com\/2013\/10\/b29d7772-15de-4676-9479-f80367b63c8f-150x150.jpg 150w, https:\/\/media.benalmadena-property.com\/2013\/10\/b29d7772-15de-4676-9479-f80367b63c8f-210x210.jpg 210w"},{"width":150,"height":150,"file":"2013\/10\/73396689-6b71-4745-8dbc-785f687cbaa0.jpg","filesize":253932,"sizes":{"medium":{"file":"73396689-6b71-4745-8dbc-785f687cbaa0-300x225.jpg","width":300,"height":225,"mime-type":"image\/jpeg","filesize":12971,"url":"https:\/\/media.benalmadena-property.com\/2013\/10\/73396689-6b71-4745-8dbc-785f687cbaa0-300x225.jpg"},"large":{"file":"73396689-6b71-4745-8dbc-785f687cbaa0-1024x768.jpg","width":1024,"height":768,"mime-type":"image\/jpeg","filesize":96235,"url":"https:\/\/media.benalmadena-property.com\/2013\/10\/73396689-6b71-4745-8dbc-785f687cbaa0-1024x768.jpg"},"thumbnail":{"file":"73396689-6b71-4745-8dbc-785f687cbaa0-150x150.jpg","width":150,"height":150,"mime-type":"image\/jpeg","filesize":5055,"url":"https:\/\/media.benalmadena-property.com\/2013\/10\/73396689-6b71-4745-8dbc-785f687cbaa0-150x150.jpg"},"medium_large":{"file":"73396689-6b71-4745-8dbc-785f687cbaa0-768x576.jpg","width":768,"height":576,"mime-type":"image\/jpeg","filesize":60421,"url":"https:\/\/media.benalmadena-property.com\/2013\/10\/73396689-6b71-4745-8dbc-785f687cbaa0-768x576.jpg"},"1536x1536":{"file":"73396689-6b71-4745-8dbc-785f687cbaa0-1536x1152.jpg","width":1536,"height":1152,"mime-type":"image\/jpeg","filesize":187127,"url":"https:\/\/media.benalmadena-property.com\/2013\/10\/73396689-6b71-4745-8dbc-785f687cbaa0-1536x1152.jpg"},"post-thumbnail":{"file":"73396689-6b71-4745-8dbc-785f687cbaa0-150x113.jpg","width":150,"height":113,"mime-type":"image\/jpeg","filesize":4235,"url":"https:\/\/media.benalmadena-property.com\/2013\/10\/73396689-6b71-4745-8dbc-785f687cbaa0-150x113.jpg"},"modern-property-child-slider":{"file":"73396689-6b71-4745-8dbc-785f687cbaa0-680x510.jpg","width":680,"height":510,"mime-type":"image\/jpeg","filesize":49505,"url":"https:\/\/media.benalmadena-property.com\/2013\/10\/73396689-6b71-4745-8dbc-785f687cbaa0-680x510.jpg"},"property-thumb-image":{"file":"73396689-6b71-4745-8dbc-785f687cbaa0-488x326.jpg","width":488,"height":326,"mime-type":"image\/jpeg","filesize":26243,"url":"https:\/\/media.benalmadena-property.com\/2013\/10\/73396689-6b71-4745-8dbc-785f687cbaa0-488x326.jpg"},"property-detail-video-image":{"file":"73396689-6b71-4745-8dbc-785f687cbaa0-818x417.jpg","width":818,"height":417,"mime-type":"image\/jpeg","filesize":48360,"url":"https:\/\/media.benalmadena-property.com\/2013\/10\/73396689-6b71-4745-8dbc-785f687cbaa0-818x417.jpg"},"agent-image":{"file":"73396689-6b71-4745-8dbc-785f687cbaa0-210x210.jpg","width":210,"height":210,"mime-type":"image\/jpeg","filesize":9025,"url":"https:\/\/media.benalmadena-property.com\/2013\/10\/73396689-6b71-4745-8dbc-785f687cbaa0-210x210.jpg"},"partners-logo":{"file":"73396689-6b71-4745-8dbc-785f687cbaa0-600x1536.jpg","width":600,"height":1536,"mime-type":"image\/jpeg","filesize":106101,"url":"https:\/\/media.benalmadena-property.com\/2013\/10\/73396689-6b71-4745-8dbc-785f687cbaa0-600x1536.jpg"},"gallery-two-column-image":{"file":"73396689-6b71-4745-8dbc-785f687cbaa0-536x269.jpg","width":536,"height":269,"mime-type":"image\/jpeg","filesize":23363,"url":"https:\/\/media.benalmadena-property.com\/2013\/10\/73396689-6b71-4745-8dbc-785f687cbaa0-536x269.jpg"},"property-detail-slider-image-two":{"file":"73396689-6b71-4745-8dbc-785f687cbaa0-1170x648.jpg","width":1170,"height":648,"mime-type":"image\/jpeg","filesize":93907,"url":"https:\/\/media.benalmadena-property.com\/2013\/10\/73396689-6b71-4745-8dbc-785f687cbaa0-1170x648.jpg"},"property-detail-slider-thumb":{"file":"73396689-6b71-4745-8dbc-785f687cbaa0-82x60.jpg","width":82,"height":60,"mime-type":"image\/jpeg","filesize":1704,"url":"https:\/\/media.benalmadena-property.com\/2013\/10\/73396689-6b71-4745-8dbc-785f687cbaa0-82x60.jpg"}},"image_meta":{"aperture":"0","credit":"","camera":"","caption":"","created_timestamp":"0","copyright":"","focal_length":"0","iso":"0","shutter_speed":"0","title":"","orientation":"0","keywords":[]},"ID":"16109","name":"73396689-6b71-4745-8dbc-785f687cbaa0.jpg","path":"\/var\/www\/vhosts\/benalmadena-property.com\/httpdocs\/wp-content\/uploads\/2013\/10\/73396689-6b71-4745-8dbc-785f687cbaa0.jpg","url":"https:\/\/media.benalmadena-property.com\/2013\/10\/73396689-6b71-4745-8dbc-785f687cbaa0-150x150.jpg","full_url":"https:\/\/media.benalmadena-property.com\/2013\/10\/73396689-6b71-4745-8dbc-785f687cbaa0.jpg","title":"73396689-6b71-4745-8dbc-785f687cbaa0","caption":"","description":"","alt":"","srcset":"https:\/\/media.benalmadena-property.com\/2013\/10\/73396689-6b71-4745-8dbc-785f687cbaa0-150x150.jpg 150w, https:\/\/media.benalmadena-property.com\/2013\/10\/73396689-6b71-4745-8dbc-785f687cbaa0-210x210.jpg 210w"},{"width":150,"height":150,"file":"2013\/10\/9224120d-5b35-40e9-abf0-6a42dc7f9c4e.jpg","filesize":213568,"sizes":{"medium":{"file":"9224120d-5b35-40e9-abf0-6a42dc7f9c4e-300x225.jpg","width":300,"height":225,"mime-type":"image\/jpeg","filesize":9721,"url":"https:\/\/media.benalmadena-property.com\/2013\/10\/9224120d-5b35-40e9-abf0-6a42dc7f9c4e-300x225.jpg"},"large":{"file":"9224120d-5b35-40e9-abf0-6a42dc7f9c4e-1024x768.jpg","width":1024,"height":768,"mime-type":"image\/jpeg","filesize":73349,"url":"https:\/\/media.benalmadena-property.com\/2013\/10\/9224120d-5b35-40e9-abf0-6a42dc7f9c4e-1024x768.jpg"},"thumbnail":{"file":"9224120d-5b35-40e9-abf0-6a42dc7f9c4e-150x150.jpg","width":150,"height":150,"mime-type":"image\/jpeg","filesize":4273,"url":"https:\/\/media.benalmadena-property.com\/2013\/10\/9224120d-5b35-40e9-abf0-6a42dc7f9c4e-150x150.jpg"},"medium_large":{"file":"9224120d-5b35-40e9-abf0-6a42dc7f9c4e-768x576.jpg","width":768,"height":576,"mime-type":"image\/jpeg","filesize":45211,"url":"https:\/\/media.benalmadena-property.com\/2013\/10\/9224120d-5b35-40e9-abf0-6a42dc7f9c4e-768x576.jpg"},"1536x1536":{"file":"9224120d-5b35-40e9-abf0-6a42dc7f9c4e-1536x1152.jpg","width":1536,"height":1152,"mime-type":"image\/jpeg","filesize":151468,"url":"https:\/\/media.benalmadena-property.com\/2013\/10\/9224120d-5b35-40e9-abf0-6a42dc7f9c4e-1536x1152.jpg"},"post-thumbnail":{"file":"9224120d-5b35-40e9-abf0-6a42dc7f9c4e-150x113.jpg","width":150,"height":113,"mime-type":"image\/jpeg","filesize":3341,"url":"https:\/\/media.benalmadena-property.com\/2013\/10\/9224120d-5b35-40e9-abf0-6a42dc7f9c4e-150x113.jpg"},"modern-property-child-slider":{"file":"9224120d-5b35-40e9-abf0-6a42dc7f9c4e-680x510.jpg","width":680,"height":510,"mime-type":"image\/jpeg","filesize":36769,"url":"https:\/\/media.benalmadena-property.com\/2013\/10\/9224120d-5b35-40e9-abf0-6a42dc7f9c4e-680x510.jpg"},"property-thumb-image":{"file":"9224120d-5b35-40e9-abf0-6a42dc7f9c4e-488x326.jpg","width":488,"height":326,"mime-type":"image\/jpeg","filesize":19518,"url":"https:\/\/media.benalmadena-property.com\/2013\/10\/9224120d-5b35-40e9-abf0-6a42dc7f9c4e-488x326.jpg"},"property-detail-video-image":{"file":"9224120d-5b35-40e9-abf0-6a42dc7f9c4e-818x417.jpg","width":818,"height":417,"mime-type":"image\/jpeg","filesize":39310,"url":"https:\/\/media.benalmadena-property.com\/2013\/10\/9224120d-5b35-40e9-abf0-6a42dc7f9c4e-818x417.jpg"},"agent-image":{"file":"9224120d-5b35-40e9-abf0-6a42dc7f9c4e-210x210.jpg","width":210,"height":210,"mime-type":"image\/jpeg","filesize":7529,"url":"https:\/\/media.benalmadena-property.com\/2013\/10\/9224120d-5b35-40e9-abf0-6a42dc7f9c4e-210x210.jpg"},"partners-logo":{"file":"9224120d-5b35-40e9-abf0-6a42dc7f9c4e-600x1536.jpg","width":600,"height":1536,"mime-type":"image\/jpeg","filesize":109258,"url":"https:\/\/media.benalmadena-property.com\/2013\/10\/9224120d-5b35-40e9-abf0-6a42dc7f9c4e-600x1536.jpg"},"gallery-two-column-image":{"file":"9224120d-5b35-40e9-abf0-6a42dc7f9c4e-536x269.jpg","width":536,"height":269,"mime-type":"image\/jpeg","filesize":18956,"url":"https:\/\/media.benalmadena-property.com\/2013\/10\/9224120d-5b35-40e9-abf0-6a42dc7f9c4e-536x269.jpg"},"property-detail-slider-image-two":{"file":"9224120d-5b35-40e9-abf0-6a42dc7f9c4e-1170x648.jpg","width":1170,"height":648,"mime-type":"image\/jpeg","filesize":76848,"url":"https:\/\/media.benalmadena-property.com\/2013\/10\/9224120d-5b35-40e9-abf0-6a42dc7f9c4e-1170x648.jpg"},"property-detail-slider-thumb":{"file":"9224120d-5b35-40e9-abf0-6a42dc7f9c4e-82x60.jpg","width":82,"height":60,"mime-type":"image\/jpeg","filesize":1428,"url":"https:\/\/media.benalmadena-property.com\/2013\/10\/9224120d-5b35-40e9-abf0-6a42dc7f9c4e-82x60.jpg"}},"image_meta":{"aperture":"0","credit":"","camera":"","caption":"","created_timestamp":"0","copyright":"","focal_length":"0","iso":"0","shutter_speed":"0","title":"","orientation":"0","keywords":[]},"ID":"16106","name":"9224120d-5b35-40e9-abf0-6a42dc7f9c4e.jpg","path":"\/var\/www\/vhosts\/benalmadena-property.com\/httpdocs\/wp-content\/uploads\/2013\/10\/9224120d-5b35-40e9-abf0-6a42dc7f9c4e.jpg","url":"https:\/\/media.benalmadena-property.com\/2013\/10\/9224120d-5b35-40e9-abf0-6a42dc7f9c4e-150x150.jpg","full_url":"https:\/\/media.benalmadena-property.com\/2013\/10\/9224120d-5b35-40e9-abf0-6a42dc7f9c4e.jpg","title":"9224120d-5b35-40e9-abf0-6a42dc7f9c4e","caption":"","description":"","alt":"","srcset":"https:\/\/media.benalmadena-property.com\/2013\/10\/9224120d-5b35-40e9-abf0-6a42dc7f9c4e-150x150.jpg 150w, https:\/\/media.benalmadena-property.com\/2013\/10\/9224120d-5b35-40e9-abf0-6a42dc7f9c4e-210x210.jpg 210w"},{"width":150,"height":150,"file":"2013\/10\/9125135e-daf5-40f9-8044-733e0354b3b6.jpg","filesize":231762,"sizes":{"medium":{"file":"9125135e-daf5-40f9-8044-733e0354b3b6-300x225.jpg","width":300,"height":225,"mime-type":"image\/jpeg","filesize":10584,"url":"https:\/\/media.benalmadena-property.com\/2013\/10\/9125135e-daf5-40f9-8044-733e0354b3b6-300x225.jpg"},"large":{"file":"9125135e-daf5-40f9-8044-733e0354b3b6-1024x768.jpg","width":1024,"height":768,"mime-type":"image\/jpeg","filesize":80861,"url":"https:\/\/media.benalmadena-property.com\/2013\/10\/9125135e-daf5-40f9-8044-733e0354b3b6-1024x768.jpg"},"thumbnail":{"file":"9125135e-daf5-40f9-8044-733e0354b3b6-150x150.jpg","width":150,"height":150,"mime-type":"image\/jpeg","filesize":4403,"url":"https:\/\/media.benalmadena-property.com\/2013\/10\/9125135e-daf5-40f9-8044-733e0354b3b6-150x150.jpg"},"medium_large":{"file":"9125135e-daf5-40f9-8044-733e0354b3b6-768x576.jpg","width":768,"height":576,"mime-type":"image\/jpeg","filesize":49651,"url":"https:\/\/media.benalmadena-property.com\/2013\/10\/9125135e-daf5-40f9-8044-733e0354b3b6-768x576.jpg"},"1536x1536":{"file":"9125135e-daf5-40f9-8044-733e0354b3b6-1536x1152.jpg","width":1536,"height":1152,"mime-type":"image\/jpeg","filesize":165220,"url":"https:\/\/media.benalmadena-property.com\/2013\/10\/9125135e-daf5-40f9-8044-733e0354b3b6-1536x1152.jpg"},"post-thumbnail":{"file":"9125135e-daf5-40f9-8044-733e0354b3b6-150x113.jpg","width":150,"height":113,"mime-type":"image\/jpeg","filesize":3664,"url":"https:\/\/media.benalmadena-property.com\/2013\/10\/9125135e-daf5-40f9-8044-733e0354b3b6-150x113.jpg"},"modern-property-child-slider":{"file":"9125135e-daf5-40f9-8044-733e0354b3b6-680x510.jpg","width":680,"height":510,"mime-type":"image\/jpeg","filesize":40741,"url":"https:\/\/media.benalmadena-property.com\/2013\/10\/9125135e-daf5-40f9-8044-733e0354b3b6-680x510.jpg"},"property-thumb-image":{"file":"9125135e-daf5-40f9-8044-733e0354b3b6-488x326.jpg","width":488,"height":326,"mime-type":"image\/jpeg","filesize":21643,"url":"https:\/\/media.benalmadena-property.com\/2013\/10\/9125135e-daf5-40f9-8044-733e0354b3b6-488x326.jpg"},"property-detail-video-image":{"file":"9125135e-daf5-40f9-8044-733e0354b3b6-818x417.jpg","width":818,"height":417,"mime-type":"image\/jpeg","filesize":43798,"url":"https:\/\/media.benalmadena-property.com\/2013\/10\/9125135e-daf5-40f9-8044-733e0354b3b6-818x417.jpg"},"agent-image":{"file":"9125135e-daf5-40f9-8044-733e0354b3b6-210x210.jpg","width":210,"height":210,"mime-type":"image\/jpeg","filesize":7669,"url":"https:\/\/media.benalmadena-property.com\/2013\/10\/9125135e-daf5-40f9-8044-733e0354b3b6-210x210.jpg"},"partners-logo":{"file":"9125135e-daf5-40f9-8044-733e0354b3b6-600x1536.jpg","width":600,"height":1536,"mime-type":"image\/jpeg","filesize":110771,"url":"https:\/\/media.benalmadena-property.com\/2013\/10\/9125135e-daf5-40f9-8044-733e0354b3b6-600x1536.jpg"},"gallery-two-column-image":{"file":"9125135e-daf5-40f9-8044-733e0354b3b6-536x269.jpg","width":536,"height":269,"mime-type":"image\/jpeg","filesize":21085,"url":"https:\/\/media.benalmadena-property.com\/2013\/10\/9125135e-daf5-40f9-8044-733e0354b3b6-536x269.jpg"},"property-detail-slider-image-two":{"file":"9125135e-daf5-40f9-8044-733e0354b3b6-1170x648.jpg","width":1170,"height":648,"mime-type":"image\/jpeg","filesize":84006,"url":"https:\/\/media.benalmadena-property.com\/2013\/10\/9125135e-daf5-40f9-8044-733e0354b3b6-1170x648.jpg"},"property-detail-slider-thumb":{"file":"9125135e-daf5-40f9-8044-733e0354b3b6-82x60.jpg","width":82,"height":60,"mime-type":"image\/jpeg","filesize":1542,"url":"https:\/\/media.benalmadena-property.com\/2013\/10\/9125135e-daf5-40f9-8044-733e0354b3b6-82x60.jpg"}},"image_meta":{"aperture":"0","credit":"","camera":"","caption":"","created_timestamp":"0","copyright":"","focal_length":"0","iso":"0","shutter_speed":"0","title":"","orientation":"0","keywords":[]},"ID":"16103","name":"9125135e-daf5-40f9-8044-733e0354b3b6.jpg","path":"\/var\/www\/vhosts\/benalmadena-property.com\/httpdocs\/wp-content\/uploads\/2013\/10\/9125135e-daf5-40f9-8044-733e0354b3b6.jpg","url":"https:\/\/media.benalmadena-property.com\/2013\/10\/9125135e-daf5-40f9-8044-733e0354b3b6-150x150.jpg","full_url":"https:\/\/media.benalmadena-property.com\/2013\/10\/9125135e-daf5-40f9-8044-733e0354b3b6.jpg","title":"9125135e-daf5-40f9-8044-733e0354b3b6","caption":"","description":"","alt":"","srcset":"https:\/\/media.benalmadena-property.com\/2013\/10\/9125135e-daf5-40f9-8044-733e0354b3b6-150x150.jpg 150w, https:\/\/media.benalmadena-property.com\/2013\/10\/9125135e-daf5-40f9-8044-733e0354b3b6-210x210.jpg 210w"},{"width":150,"height":150,"file":"2013\/10\/409486b5-0bf4-4fcd-9b0c-bc27ae9820bf.jpg","filesize":181569,"sizes":{"medium":{"file":"409486b5-0bf4-4fcd-9b0c-bc27ae9820bf-300x225.jpg","width":300,"height":225,"mime-type":"image\/jpeg","filesize":9312,"url":"https:\/\/media.benalmadena-property.com\/2013\/10\/409486b5-0bf4-4fcd-9b0c-bc27ae9820bf-300x225.jpg"},"large":{"file":"409486b5-0bf4-4fcd-9b0c-bc27ae9820bf-1024x768.jpg","width":1024,"height":768,"mime-type":"image\/jpeg","filesize":65460,"url":"https:\/\/media.benalmadena-property.com\/2013\/10\/409486b5-0bf4-4fcd-9b0c-bc27ae9820bf-1024x768.jpg"},"thumbnail":{"file":"409486b5-0bf4-4fcd-9b0c-bc27ae9820bf-150x150.jpg","width":150,"height":150,"mime-type":"image\/jpeg","filesize":4151,"url":"https:\/\/media.benalmadena-property.com\/2013\/10\/409486b5-0bf4-4fcd-9b0c-bc27ae9820bf-150x150.jpg"},"medium_large":{"file":"409486b5-0bf4-4fcd-9b0c-bc27ae9820bf-768x576.jpg","width":768,"height":576,"mime-type":"image\/jpeg","filesize":41001,"url":"https:\/\/media.benalmadena-property.com\/2013\/10\/409486b5-0bf4-4fcd-9b0c-bc27ae9820bf-768x576.jpg"},"1536x1536":{"file":"409486b5-0bf4-4fcd-9b0c-bc27ae9820bf-1536x1152.jpg","width":1536,"height":1152,"mime-type":"image\/jpeg","filesize":131907,"url":"https:\/\/media.benalmadena-property.com\/2013\/10\/409486b5-0bf4-4fcd-9b0c-bc27ae9820bf-1536x1152.jpg"},"post-thumbnail":{"file":"409486b5-0bf4-4fcd-9b0c-bc27ae9820bf-150x113.jpg","width":150,"height":113,"mime-type":"image\/jpeg","filesize":3322,"url":"https:\/\/media.benalmadena-property.com\/2013\/10\/409486b5-0bf4-4fcd-9b0c-bc27ae9820bf-150x113.jpg"},"modern-property-child-slider":{"file":"409486b5-0bf4-4fcd-9b0c-bc27ae9820bf-680x510.jpg","width":680,"height":510,"mime-type":"image\/jpeg","filesize":33528,"url":"https:\/\/media.benalmadena-property.com\/2013\/10\/409486b5-0bf4-4fcd-9b0c-bc27ae9820bf-680x510.jpg"},"property-thumb-image":{"file":"409486b5-0bf4-4fcd-9b0c-bc27ae9820bf-488x326.jpg","width":488,"height":326,"mime-type":"image\/jpeg","filesize":18129,"url":"https:\/\/media.benalmadena-property.com\/2013\/10\/409486b5-0bf4-4fcd-9b0c-bc27ae9820bf-488x326.jpg"},"property-detail-video-image":{"file":"409486b5-0bf4-4fcd-9b0c-bc27ae9820bf-818x417.jpg","width":818,"height":417,"mime-type":"image\/jpeg","filesize":33715,"url":"https:\/\/media.benalmadena-property.com\/2013\/10\/409486b5-0bf4-4fcd-9b0c-bc27ae9820bf-818x417.jpg"},"agent-image":{"file":"409486b5-0bf4-4fcd-9b0c-bc27ae9820bf-210x210.jpg","width":210,"height":210,"mime-type":"image\/jpeg","filesize":7122,"url":"https:\/\/media.benalmadena-property.com\/2013\/10\/409486b5-0bf4-4fcd-9b0c-bc27ae9820bf-210x210.jpg"},"partners-logo":{"file":"409486b5-0bf4-4fcd-9b0c-bc27ae9820bf-600x1536.jpg","width":600,"height":1536,"mime-type":"image\/jpeg","filesize":80115,"url":"https:\/\/media.benalmadena-property.com\/2013\/10\/409486b5-0bf4-4fcd-9b0c-bc27ae9820bf-600x1536.jpg"},"gallery-two-column-image":{"file":"409486b5-0bf4-4fcd-9b0c-bc27ae9820bf-536x269.jpg","width":536,"height":269,"mime-type":"image\/jpeg","filesize":16383,"url":"https:\/\/media.benalmadena-property.com\/2013\/10\/409486b5-0bf4-4fcd-9b0c-bc27ae9820bf-536x269.jpg"},"property-detail-slider-image-two":{"file":"409486b5-0bf4-4fcd-9b0c-bc27ae9820bf-1170x648.jpg","width":1170,"height":648,"mime-type":"image\/jpeg","filesize":66944,"url":"https:\/\/media.benalmadena-property.com\/2013\/10\/409486b5-0bf4-4fcd-9b0c-bc27ae9820bf-1170x648.jpg"},"property-detail-slider-thumb":{"file":"409486b5-0bf4-4fcd-9b0c-bc27ae9820bf-82x60.jpg","width":82,"height":60,"mime-type":"image\/jpeg","filesize":1470,"url":"https:\/\/media.benalmadena-property.com\/2013\/10\/409486b5-0bf4-4fcd-9b0c-bc27ae9820bf-82x60.jpg"}},"image_meta":{"aperture":"0","credit":"","camera":"","caption":"","created_timestamp":"0","copyright":"","focal_length":"0","iso":"0","shutter_speed":"0","title":"","orientation":"0","keywords":[]},"ID":"16100","name":"409486b5-0bf4-4fcd-9b0c-bc27ae9820bf.jpg","path":"\/var\/www\/vhosts\/benalmadena-property.com\/httpdocs\/wp-content\/uploads\/2013\/10\/409486b5-0bf4-4fcd-9b0c-bc27ae9820bf.jpg","url":"https:\/\/media.benalmadena-property.com\/2013\/10\/409486b5-0bf4-4fcd-9b0c-bc27ae9820bf-150x150.jpg","full_url":"https:\/\/media.benalmadena-property.com\/2013\/10\/409486b5-0bf4-4fcd-9b0c-bc27ae9820bf.jpg","title":"409486b5-0bf4-4fcd-9b0c-bc27ae9820bf","caption":"","description":"","alt":"","srcset":"https:\/\/media.benalmadena-property.com\/2013\/10\/409486b5-0bf4-4fcd-9b0c-bc27ae9820bf-150x150.jpg 150w, https:\/\/media.benalmadena-property.com\/2013\/10\/409486b5-0bf4-4fcd-9b0c-bc27ae9820bf-210x210.jpg 210w"},{"width":150,"height":150,"file":"2013\/10\/87bd4f93-f8aa-47b0-a741-2b3208b2ad34.jpg","filesize":199849,"sizes":{"medium":{"file":"87bd4f93-f8aa-47b0-a741-2b3208b2ad34-225x300.jpg","width":225,"height":300,"mime-type":"image\/jpeg","filesize":10748,"url":"https:\/\/media.benalmadena-property.com\/2013\/10\/87bd4f93-f8aa-47b0-a741-2b3208b2ad34-225x300.jpg"},"large":{"file":"87bd4f93-f8aa-47b0-a741-2b3208b2ad34-768x1024.jpg","width":768,"height":1024,"mime-type":"image\/jpeg","filesize":74692,"url":"https:\/\/media.benalmadena-property.com\/2013\/10\/87bd4f93-f8aa-47b0-a741-2b3208b2ad34-768x1024.jpg"},"thumbnail":{"file":"87bd4f93-f8aa-47b0-a741-2b3208b2ad34-150x150.jpg","width":150,"height":150,"mime-type":"image\/jpeg","filesize":4691,"url":"https:\/\/media.benalmadena-property.com\/2013\/10\/87bd4f93-f8aa-47b0-a741-2b3208b2ad34-150x150.jpg"},"medium_large":{"file":"87bd4f93-f8aa-47b0-a741-2b3208b2ad34-768x1024.jpg","width":768,"height":1024,"mime-type":"image\/jpeg","filesize":74692,"url":"https:\/\/media.benalmadena-property.com\/2013\/10\/87bd4f93-f8aa-47b0-a741-2b3208b2ad34-768x1024.jpg"},"1536x1536":{"file":"87bd4f93-f8aa-47b0-a741-2b3208b2ad34-1152x1536.jpg","width":1152,"height":1536,"mime-type":"image\/jpeg","filesize":146456,"url":"https:\/\/media.benalmadena-property.com\/2013\/10\/87bd4f93-f8aa-47b0-a741-2b3208b2ad34-1152x1536.jpg"},"post-thumbnail":{"file":"87bd4f93-f8aa-47b0-a741-2b3208b2ad34-113x150.jpg","width":113,"height":150,"mime-type":"image\/jpeg","filesize":3704,"url":"https:\/\/media.benalmadena-property.com\/2013\/10\/87bd4f93-f8aa-47b0-a741-2b3208b2ad34-113x150.jpg"},"modern-property-child-slider":{"file":"87bd4f93-f8aa-47b0-a741-2b3208b2ad34-680x510.jpg","width":680,"height":510,"mime-type":"image\/jpeg","filesize":40604,"url":"https:\/\/media.benalmadena-property.com\/2013\/10\/87bd4f93-f8aa-47b0-a741-2b3208b2ad34-680x510.jpg"},"property-thumb-image":{"file":"87bd4f93-f8aa-47b0-a741-2b3208b2ad34-488x326.jpg","width":488,"height":326,"mime-type":"image\/jpeg","filesize":21681,"url":"https:\/\/media.benalmadena-property.com\/2013\/10\/87bd4f93-f8aa-47b0-a741-2b3208b2ad34-488x326.jpg"},"property-detail-video-image":{"file":"87bd4f93-f8aa-47b0-a741-2b3208b2ad34-818x417.jpg","width":818,"height":417,"mime-type":"image\/jpeg","filesize":39850,"url":"https:\/\/media.benalmadena-property.com\/2013\/10\/87bd4f93-f8aa-47b0-a741-2b3208b2ad34-818x417.jpg"},"agent-image":{"file":"87bd4f93-f8aa-47b0-a741-2b3208b2ad34-210x210.jpg","width":210,"height":210,"mime-type":"image\/jpeg","filesize":8000,"url":"https:\/\/media.benalmadena-property.com\/2013\/10\/87bd4f93-f8aa-47b0-a741-2b3208b2ad34-210x210.jpg"},"partners-logo":{"file":"87bd4f93-f8aa-47b0-a741-2b3208b2ad34-600x2048.jpg","width":600,"height":2048,"mime-type":"image\/jpeg","filesize":108775,"url":"https:\/\/media.benalmadena-property.com\/2013\/10\/87bd4f93-f8aa-47b0-a741-2b3208b2ad34-600x2048.jpg"},"gallery-two-column-image":{"file":"87bd4f93-f8aa-47b0-a741-2b3208b2ad34-536x269.jpg","width":536,"height":269,"mime-type":"image\/jpeg","filesize":19577,"url":"https:\/\/media.benalmadena-property.com\/2013\/10\/87bd4f93-f8aa-47b0-a741-2b3208b2ad34-536x269.jpg"},"property-detail-slider-image-two":{"file":"87bd4f93-f8aa-47b0-a741-2b3208b2ad34-1170x648.jpg","width":1170,"height":648,"mime-type":"image\/jpeg","filesize":77177,"url":"https:\/\/media.benalmadena-property.com\/2013\/10\/87bd4f93-f8aa-47b0-a741-2b3208b2ad34-1170x648.jpg"},"property-detail-slider-thumb":{"file":"87bd4f93-f8aa-47b0-a741-2b3208b2ad34-82x60.jpg","width":82,"height":60,"mime-type":"image\/jpeg","filesize":1612,"url":"https:\/\/media.benalmadena-property.com\/2013\/10\/87bd4f93-f8aa-47b0-a741-2b3208b2ad34-82x60.jpg"}},"image_meta":{"aperture":"0","credit":"","camera":"","caption":"","created_timestamp":"0","copyright":"","focal_length":"0","iso":"0","shutter_speed":"0","title":"","orientation":"0","keywords":[]},"ID":"16097","name":"87bd4f93-f8aa-47b0-a741-2b3208b2ad34.jpg","path":"\/var\/www\/vhosts\/benalmadena-property.com\/httpdocs\/wp-content\/uploads\/2013\/10\/87bd4f93-f8aa-47b0-a741-2b3208b2ad34.jpg","url":"https:\/\/media.benalmadena-property.com\/2013\/10\/87bd4f93-f8aa-47b0-a741-2b3208b2ad34-150x150.jpg","full_url":"https:\/\/media.benalmadena-property.com\/2013\/10\/87bd4f93-f8aa-47b0-a741-2b3208b2ad34.jpg","title":"87bd4f93-f8aa-47b0-a741-2b3208b2ad34","caption":"","description":"","alt":"","srcset":"https:\/\/media.benalmadena-property.com\/2013\/10\/87bd4f93-f8aa-47b0-a741-2b3208b2ad34-150x150.jpg 150w, https:\/\/media.benalmadena-property.com\/2013\/10\/87bd4f93-f8aa-47b0-a741-2b3208b2ad34-210x210.jpg 210w"},{"width":150,"height":150,"file":"2013\/10\/84b3a46b-2922-470b-9172-76f884b44a1b.jpg","filesize":199849,"sizes":{"medium":{"file":"84b3a46b-2922-470b-9172-76f884b44a1b-225x300.jpg","width":225,"height":300,"mime-type":"image\/jpeg","filesize":10748,"url":"https:\/\/media.benalmadena-property.com\/2013\/10\/84b3a46b-2922-470b-9172-76f884b44a1b-225x300.jpg"},"large":{"file":"84b3a46b-2922-470b-9172-76f884b44a1b-768x1024.jpg","width":768,"height":1024,"mime-type":"image\/jpeg","filesize":74692,"url":"https:\/\/media.benalmadena-property.com\/2013\/10\/84b3a46b-2922-470b-9172-76f884b44a1b-768x1024.jpg"},"thumbnail":{"file":"84b3a46b-2922-470b-9172-76f884b44a1b-150x150.jpg","width":150,"height":150,"mime-type":"image\/jpeg","filesize":4691,"url":"https:\/\/media.benalmadena-property.com\/2013\/10\/84b3a46b-2922-470b-9172-76f884b44a1b-150x150.jpg"},"medium_large":{"file":"84b3a46b-2922-470b-9172-76f884b44a1b-768x1024.jpg","width":768,"height":1024,"mime-type":"image\/jpeg","filesize":74692,"url":"https:\/\/media.benalmadena-property.com\/2013\/10\/84b3a46b-2922-470b-9172-76f884b44a1b-768x1024.jpg"},"1536x1536":{"file":"84b3a46b-2922-470b-9172-76f884b44a1b-1152x1536.jpg","width":1152,"height":1536,"mime-type":"image\/jpeg","filesize":146456,"url":"https:\/\/media.benalmadena-property.com\/2013\/10\/84b3a46b-2922-470b-9172-76f884b44a1b-1152x1536.jpg"},"post-thumbnail":{"file":"84b3a46b-2922-470b-9172-76f884b44a1b-113x150.jpg","width":113,"height":150,"mime-type":"image\/jpeg","filesize":3704,"url":"https:\/\/media.benalmadena-property.com\/2013\/10\/84b3a46b-2922-470b-9172-76f884b44a1b-113x150.jpg"},"modern-property-child-slider":{"file":"84b3a46b-2922-470b-9172-76f884b44a1b-680x510.jpg","width":680,"height":510,"mime-type":"image\/jpeg","filesize":40604,"url":"https:\/\/media.benalmadena-property.com\/2013\/10\/84b3a46b-2922-470b-9172-76f884b44a1b-680x510.jpg"},"property-thumb-image":{"file":"84b3a46b-2922-470b-9172-76f884b44a1b-488x326.jpg","width":488,"height":326,"mime-type":"image\/jpeg","filesize":21681,"url":"https:\/\/media.benalmadena-property.com\/2013\/10\/84b3a46b-2922-470b-9172-76f884b44a1b-488x326.jpg"},"property-detail-video-image":{"file":"84b3a46b-2922-470b-9172-76f884b44a1b-818x417.jpg","width":818,"height":417,"mime-type":"image\/jpeg","filesize":39850,"url":"https:\/\/media.benalmadena-property.com\/2013\/10\/84b3a46b-2922-470b-9172-76f884b44a1b-818x417.jpg"},"agent-image":{"file":"84b3a46b-2922-470b-9172-76f884b44a1b-210x210.jpg","width":210,"height":210,"mime-type":"image\/jpeg","filesize":8000,"url":"https:\/\/media.benalmadena-property.com\/2013\/10\/84b3a46b-2922-470b-9172-76f884b44a1b-210x210.jpg"},"partners-logo":{"file":"84b3a46b-2922-470b-9172-76f884b44a1b-600x2048.jpg","width":600,"height":2048,"mime-type":"image\/jpeg","filesize":108775,"url":"https:\/\/media.benalmadena-property.com\/2013\/10\/84b3a46b-2922-470b-9172-76f884b44a1b-600x2048.jpg"},"gallery-two-column-image":{"file":"84b3a46b-2922-470b-9172-76f884b44a1b-536x269.jpg","width":536,"height":269,"mime-type":"image\/jpeg","filesize":19577,"url":"https:\/\/media.benalmadena-property.com\/2013\/10\/84b3a46b-2922-470b-9172-76f884b44a1b-536x269.jpg"},"property-detail-slider-image-two":{"file":"84b3a46b-2922-470b-9172-76f884b44a1b-1170x648.jpg","width":1170,"height":648,"mime-type":"image\/jpeg","filesize":77177,"url":"https:\/\/media.benalmadena-property.com\/2013\/10\/84b3a46b-2922-470b-9172-76f884b44a1b-1170x648.jpg"},"property-detail-slider-thumb":{"file":"84b3a46b-2922-470b-9172-76f884b44a1b-82x60.jpg","width":82,"height":60,"mime-type":"image\/jpeg","filesize":1612,"url":"https:\/\/media.benalmadena-property.com\/2013\/10\/84b3a46b-2922-470b-9172-76f884b44a1b-82x60.jpg"}},"image_meta":{"aperture":"0","credit":"","camera":"","caption":"","created_timestamp":"0","copyright":"","focal_length":"0","iso":"0","shutter_speed":"0","title":"","orientation":"0","keywords":[]},"ID":"16094","name":"84b3a46b-2922-470b-9172-76f884b44a1b.jpg","path":"\/var\/www\/vhosts\/benalmadena-property.com\/httpdocs\/wp-content\/uploads\/2013\/10\/84b3a46b-2922-470b-9172-76f884b44a1b.jpg","url":"https:\/\/media.benalmadena-property.com\/2013\/10\/84b3a46b-2922-470b-9172-76f884b44a1b-150x150.jpg","full_url":"https:\/\/media.benalmadena-property.com\/2013\/10\/84b3a46b-2922-470b-9172-76f884b44a1b.jpg","title":"84b3a46b-2922-470b-9172-76f884b44a1b","caption":"","description":"","alt":"","srcset":"https:\/\/media.benalmadena-property.com\/2013\/10\/84b3a46b-2922-470b-9172-76f884b44a1b-150x150.jpg 150w, https:\/\/media.benalmadena-property.com\/2013\/10\/84b3a46b-2922-470b-9172-76f884b44a1b-210x210.jpg 210w"},{"width":150,"height":150,"file":"2013\/10\/23afdf03-0881-4904-8f60-315a02de947d.jpg","filesize":181569,"sizes":{"medium":{"file":"23afdf03-0881-4904-8f60-315a02de947d-300x225.jpg","width":300,"height":225,"mime-type":"image\/jpeg","filesize":9312,"url":"https:\/\/media.benalmadena-property.com\/2013\/10\/23afdf03-0881-4904-8f60-315a02de947d-300x225.jpg"},"large":{"file":"23afdf03-0881-4904-8f60-315a02de947d-1024x768.jpg","width":1024,"height":768,"mime-type":"image\/jpeg","filesize":65460,"url":"https:\/\/media.benalmadena-property.com\/2013\/10\/23afdf03-0881-4904-8f60-315a02de947d-1024x768.jpg"},"thumbnail":{"file":"23afdf03-0881-4904-8f60-315a02de947d-150x150.jpg","width":150,"height":150,"mime-type":"image\/jpeg","filesize":4151,"url":"https:\/\/media.benalmadena-property.com\/2013\/10\/23afdf03-0881-4904-8f60-315a02de947d-150x150.jpg"},"medium_large":{"file":"23afdf03-0881-4904-8f60-315a02de947d-768x576.jpg","width":768,"height":576,"mime-type":"image\/jpeg","filesize":41001,"url":"https:\/\/media.benalmadena-property.com\/2013\/10\/23afdf03-0881-4904-8f60-315a02de947d-768x576.jpg"},"1536x1536":{"file":"23afdf03-0881-4904-8f60-315a02de947d-1536x1152.jpg","width":1536,"height":1152,"mime-type":"image\/jpeg","filesize":131907,"url":"https:\/\/media.benalmadena-property.com\/2013\/10\/23afdf03-0881-4904-8f60-315a02de947d-1536x1152.jpg"},"post-thumbnail":{"file":"23afdf03-0881-4904-8f60-315a02de947d-150x113.jpg","width":150,"height":113,"mime-type":"image\/jpeg","filesize":3322,"url":"https:\/\/media.benalmadena-property.com\/2013\/10\/23afdf03-0881-4904-8f60-315a02de947d-150x113.jpg"},"modern-property-child-slider":{"file":"23afdf03-0881-4904-8f60-315a02de947d-680x510.jpg","width":680,"height":510,"mime-type":"image\/jpeg","filesize":33528,"url":"https:\/\/media.benalmadena-property.com\/2013\/10\/23afdf03-0881-4904-8f60-315a02de947d-680x510.jpg"},"property-thumb-image":{"file":"23afdf03-0881-4904-8f60-315a02de947d-488x326.jpg","width":488,"height":326,"mime-type":"image\/jpeg","filesize":18129,"url":"https:\/\/media.benalmadena-property.com\/2013\/10\/23afdf03-0881-4904-8f60-315a02de947d-488x326.jpg"},"property-detail-video-image":{"file":"23afdf03-0881-4904-8f60-315a02de947d-818x417.jpg","width":818,"height":417,"mime-type":"image\/jpeg","filesize":33715,"url":"https:\/\/media.benalmadena-property.com\/2013\/10\/23afdf03-0881-4904-8f60-315a02de947d-818x417.jpg"},"agent-image":{"file":"23afdf03-0881-4904-8f60-315a02de947d-210x210.jpg","width":210,"height":210,"mime-type":"image\/jpeg","filesize":7122,"url":"https:\/\/media.benalmadena-property.com\/2013\/10\/23afdf03-0881-4904-8f60-315a02de947d-210x210.jpg"},"partners-logo":{"file":"23afdf03-0881-4904-8f60-315a02de947d-600x1536.jpg","width":600,"height":1536,"mime-type":"image\/jpeg","filesize":80115,"url":"https:\/\/media.benalmadena-property.com\/2013\/10\/23afdf03-0881-4904-8f60-315a02de947d-600x1536.jpg"},"gallery-two-column-image":{"file":"23afdf03-0881-4904-8f60-315a02de947d-536x269.jpg","width":536,"height":269,"mime-type":"image\/jpeg","filesize":16383,"url":"https:\/\/media.benalmadena-property.com\/2013\/10\/23afdf03-0881-4904-8f60-315a02de947d-536x269.jpg"},"property-detail-slider-image-two":{"file":"23afdf03-0881-4904-8f60-315a02de947d-1170x648.jpg","width":1170,"height":648,"mime-type":"image\/jpeg","filesize":66944,"url":"https:\/\/media.benalmadena-property.com\/2013\/10\/23afdf03-0881-4904-8f60-315a02de947d-1170x648.jpg"},"property-detail-slider-thumb":{"file":"23afdf03-0881-4904-8f60-315a02de947d-82x60.jpg","width":82,"height":60,"mime-type":"image\/jpeg","filesize":1470,"url":"https:\/\/media.benalmadena-property.com\/2013\/10\/23afdf03-0881-4904-8f60-315a02de947d-82x60.jpg"}},"image_meta":{"aperture":"0","credit":"","camera":"","caption":"","created_timestamp":"0","copyright":"","focal_length":"0","iso":"0","shutter_speed":"0","title":"","orientation":"0","keywords":[]},"ID":"16091","name":"23afdf03-0881-4904-8f60-315a02de947d.jpg","path":"\/var\/www\/vhosts\/benalmadena-property.com\/httpdocs\/wp-content\/uploads\/2013\/10\/23afdf03-0881-4904-8f60-315a02de947d.jpg","url":"https:\/\/media.benalmadena-property.com\/2013\/10\/23afdf03-0881-4904-8f60-315a02de947d-150x150.jpg","full_url":"https:\/\/media.benalmadena-property.com\/2013\/10\/23afdf03-0881-4904-8f60-315a02de947d.jpg","title":"23afdf03-0881-4904-8f60-315a02de947d","caption":"","description":"","alt":"","srcset":"https:\/\/media.benalmadena-property.com\/2013\/10\/23afdf03-0881-4904-8f60-315a02de947d-150x150.jpg 150w, https:\/\/media.benalmadena-property.com\/2013\/10\/23afdf03-0881-4904-8f60-315a02de947d-210x210.jpg 210w"}],"REAL_HOMES_change_gallery_slider_type":"0","REAL_HOMES_gallery_slider_type":"thumb-on-right","inspiry_floor_plans":[],"inspiry_video_group":[],"REAL_HOMES_360_virtual_tour":"","REAL_HOMES_tour_video_url":"","REAL_HOMES_tour_video_image":[],"REAL_HOMES_agent_display_option":"agent_info","REAL_HOMES_agents":[],"REAL_HOMES_energy_class":"none","REAL_HOMES_energy_performance":"","REAL_HOMES_epc_current_rating":"","REAL_HOMES_epc_potential_rating":"","REAL_HOMES_sticky":"0","inspiry_property_label":"","inspiry_property_label_color":"","inspiry_property_tax":"","inspiry_additional_fee":"","REAL_HOMES_attachments":[],"inspiry_property_owner_name":"","inspiry_property_owner_contact":"","inspiry_property_owner_address":"","REAL_HOMES_property_private_note":"","inspiry_message_to_reviewer":"","REAL_HOMES_add_in_slider":"","REAL_HOMES_slider_image":[],"REAL_HOMES_page_banner_image":[],"REAL_HOMES_pims_id":"0J419","REAL_HOMES_property_rented":"0"},"_links":{"self":[{"href":"https:\/\/www.benalmadena-property.com\/es\/wp-json\/wp\/v2\/property\/4863","targetHints":{"allow":["GET"]}}],"collection":[{"href":"https:\/\/www.benalmadena-property.com\/es\/wp-json\/wp\/v2\/property"}],"about":[{"href":"https:\/\/www.benalmadena-property.com\/es\/wp-json\/wp\/v2\/types\/property"}],"author":[{"embeddable":true,"href":"https:\/\/www.benalmadena-property.com\/es\/wp-json\/wp\/v2\/users\/1"}],"replies":[{"embeddable":true,"href":"https:\/\/www.benalmadena-property.com\/es\/wp-json\/wp\/v2\/comments?post=4863"}],"version-history":[{"count":14,"href":"https:\/\/www.benalmadena-property.com\/es\/wp-json\/wp\/v2\/property\/4863\/revisions"}],"predecessor-version":[{"id":18131,"href":"https:\/\/www.benalmadena-property.com\/es\/wp-json\/wp\/v2\/property\/4863\/revisions\/18131"}],"wp:featuredmedia":[{"embeddable":true,"href":"https:\/\/www.benalmadena-property.com\/es\/wp-json\/wp\/v2\/media\/16108"}],"wp:attachment":[{"href":"https:\/\/www.benalmadena-property.com\/es\/wp-json\/wp\/v2\/media?parent=4863"}],"wp:term":[{"taxonomy":"property-feature","embeddable":true,"href":"https:\/\/www.benalmadena-property.com\/es\/wp-json\/wp\/v2\/property-feature?post=4863"},{"taxonomy":"property-type","embeddable":true,"href":"https:\/\/www.benalmadena-property.com\/es\/wp-json\/wp\/v2\/property-type?post=4863"},{"taxonomy":"property-city","embeddable":true,"href":"https:\/\/www.benalmadena-property.com\/es\/wp-json\/wp\/v2\/property-location?post=4863"},{"taxonomy":"property-status","embeddable":true,"href":"https:\/\/www.benalmadena-property.com\/es\/wp-json\/wp\/v2\/property-status?post=4863"}],"curies":[{"name":"wp","href":"https:\/\/api.w.org\/{rel}","templated":true}]}}