{"id":4893,"date":"2013-10-04T00:00:00","date_gmt":"2013-10-03T23:00:00","guid":{"rendered":"http:\/\/gapp.system24tech.com\/property\/one-bedroom-apartment-jupiter\/"},"modified":"2025-12-01T13:21:15","modified_gmt":"2025-12-01T12:21:15","slug":"one-bedroom-apartment-jupiter","status":"publish","type":"property","link":"https:\/\/www.benalmadena-property.com\/es\/property\/one-bedroom-apartment-jupiter\/","title":{"rendered":"VUT\/MA\/04930 Estudio en alquiler vacacional en J\u00fapiter &#8211; Benalm\u00e1dena. Ref: HJ1008"},"content":{"rendered":"<p>Amplio estudio totalmente renovado ubicado en la decima planta en el complejo Jupiter.<br \/>\nGran terraza de esquina con espectaculares vistas sobre el mar, monta\u00f1a, las piscinas y jardines. \u00a1Beneficios del sol todo el d\u00eda!<br \/>\nEl salon es amplio y ofrece sof\u00e1 cama doble, lo que significa que este estudio solo tiene capacidad para 2 personas unicamente. Persianas el\u00e9ctricas, TV, aire acondicionado y WIFI (grauito para estancias semanales).<br \/>\nCocina totalmente equipada con electrodom\u00e9sticos modernos y ba\u00f1o con plato de ducha.<br \/>\nEl complejo Jupiter\/Minerva ofrece recepci\u00f3n 24 horas.<br \/>\nTiendas, supermercados, bares y restaurantes muy cerca. El centro de la ciudad y la playa a s\u00f3lo 10 minutos a pie, y la estaci\u00f3n de tren a s\u00f3lo 15 minutos a pie.<br \/>\nWIFI est\u00e1 incluido en todos los alquileres semanales y disponible como complemento para las reservas mensuales de invierno.<\/p>\n<p>Zona de estar: Sof\u00e1 cama doble<br \/>\nAire acondicionado<br \/>\nClasificaci\u00f3n: Premium<\/p>\n<p><strong>NO SE PERMITE FUMAR NI MASCOTAS<\/strong><\/p>\n<p><a title=\"Jupiter Minerva Apartments\" href=\"https:\/\/www.benalmadena-property.com\/es\/jupiter-minerva-apartamentos\/\">Ver Jupiter y Minerva Galer\u00eda de fotos AQUI<\/a><\/p>\n<p><strong>LICENCIA TURISTICA: ESFCTU0000290350001810340000000000000000VFT\/MA\/049308 <\/strong><\/p>\n","protected":false},"excerpt":{"rendered":"<p>Amplio estudio totalmente renovado ubicado en la decima planta en el complejo Jupiter. Gran terraza de esquina con espectaculares vistas sobre el mar, monta\u00f1a, las piscinas y jardines. \u00a1Beneficios del sol todo el d\u00eda! El salon es amplio y ofrece sof\u00e1 cama doble, lo que significa que este estudio solo tiene capacidad para 2 personas&#8230;<\/p>\n","protected":false},"author":1,"featured_media":13299,"parent":0,"menu_order":0,"comment_status":"closed","ping_status":"closed","template":"","property-feature":[499,497,505,501,506,378,503,511,509,502,508,219,504],"property-type":[228],"property-location":[246,443],"property-status":[224],"class_list":["post-4893","property","type-property","status-publish","has-post-thumbnail","hentry","property-feature-aficionados","property-feature-estado-del-aire","property-feature-hervidor","property-feature-lavadora","property-feature-microondas","property-feature-persianas-electricas","property-feature-piscina","property-feature-placa-completa","property-feature-plancha-y-tablero","property-feature-terraza","property-feature-tostadora","property-feature-tv-es","property-feature-vistas-al-mar","property-type-apartamento-studio-es","property-city-benalmadena-costa-es","property-city-costa-del-sol-es","property-status-alquileres-vacacionales"],"property_meta":{"REAL_HOMES_property_price":"390","REAL_HOMES_property_old_price":"","REAL_HOMES_property_price_prefix":"De","REAL_HOMES_property_price_postfix":"Por semana","REAL_HOMES_property_size":"","REAL_HOMES_property_size_postfix":"Sqm","REAL_HOMES_property_lot_size":"","REAL_HOMES_property_lot_size_postfix":"","REAL_HOMES_property_bedrooms":"0","REAL_HOMES_property_bathrooms":"1","REAL_HOMES_property_garage":"","REAL_HOMES_property_id":"HJ1008","REAL_HOMES_property_year_built":"","REAL_HOMES_featured":"0","REAL_HOMES_additional_details_list":[],"REAL_HOMES_property_location":{"latitude":"36.5952883","longitude":"-4.525518","zoom":"14"},"REAL_HOMES_property_address":"Avenida Gamonal, 12, 29630 Benalm\u00e1dena, M\u00e1laga, Espa\u00f1a","REAL_HOMES_property_map":"0","REAL_HOMES_property_images":[{"width":150,"height":150,"file":"2020\/02\/2018-03-07-12.12.24.jpg","sizes":{"medium":{"file":"2018-03-07-12.12.24-300x225.jpg","width":300,"height":225,"mime-type":"image\/jpeg","url":"https:\/\/media.benalmadena-property.com\/2020\/02\/2018-03-07-12.12.24-300x225.jpg"},"thumbnail":{"file":"2018-03-07-12.12.24-150x150.jpg","width":150,"height":150,"mime-type":"image\/jpeg","url":"https:\/\/media.benalmadena-property.com\/2020\/02\/2018-03-07-12.12.24-150x150.jpg"},"post-thumbnail":{"file":"2018-03-07-12.12.24-150x113.jpg","width":150,"height":113,"mime-type":"image\/jpeg","url":"https:\/\/media.benalmadena-property.com\/2020\/02\/2018-03-07-12.12.24-150x113.jpg"},"property-thumb-image":{"file":"2018-03-07-12.12.24-488x326.jpg","width":488,"height":326,"mime-type":"image\/jpeg","url":"https:\/\/media.benalmadena-property.com\/2020\/02\/2018-03-07-12.12.24-488x326.jpg"},"property-detail-video-image":{"file":"2018-03-07-12.12.24-640x417.jpg","width":640,"height":417,"mime-type":"image\/jpeg","url":"https:\/\/media.benalmadena-property.com\/2020\/02\/2018-03-07-12.12.24-640x417.jpg"},"agent-image":{"file":"2018-03-07-12.12.24-210x210.jpg","width":210,"height":210,"mime-type":"image\/jpeg","url":"https:\/\/media.benalmadena-property.com\/2020\/02\/2018-03-07-12.12.24-210x210.jpg"},"partners-logo":{"file":"2018-03-07-12.12.24-600x480.jpg","width":600,"height":480,"mime-type":"image\/jpeg","url":"https:\/\/media.benalmadena-property.com\/2020\/02\/2018-03-07-12.12.24-600x480.jpg"},"post-featured-image":{"file":"2018-03-07-12.12.24-640x455.jpg","width":640,"height":455,"mime-type":"image\/jpeg","url":"https:\/\/media.benalmadena-property.com\/2020\/02\/2018-03-07-12.12.24-640x455.jpg"},"gallery-two-column-image":{"file":"2018-03-07-12.12.24-536x269.jpg","width":536,"height":269,"mime-type":"image\/jpeg","url":"https:\/\/media.benalmadena-property.com\/2020\/02\/2018-03-07-12.12.24-536x269.jpg"},"property-detail-slider-thumb":{"file":"2018-03-07-12.12.24-82x60.jpg","width":82,"height":60,"mime-type":"image\/jpeg","url":"https:\/\/media.benalmadena-property.com\/2020\/02\/2018-03-07-12.12.24-82x60.jpg"},"grid-view-image":{"file":"2018-03-07-12.12.24-492x324.jpg","width":492,"height":324,"mime-type":"image\/jpeg","url":"https:\/\/media.benalmadena-property.com\/2020\/02\/2018-03-07-12.12.24-492x324.jpg"}},"image_meta":{"aperture":"9","credit":"","camera":"DMC-SZ3","caption":"","created_timestamp":"1520424744","copyright":"","focal_length":"4.5","iso":"100","shutter_speed":"0.004","title":"","orientation":"1","keywords":[]},"ID":"1321","name":"2018-03-07-12.12.24.jpg","path":"\/var\/www\/vhosts\/benalmadena-property.com\/httpdocs\/wp-content\/uploads\/2020\/02\/2018-03-07-12.12.24.jpg","url":"https:\/\/media.benalmadena-property.com\/2020\/02\/2018-03-07-12.12.24-150x150.jpg","full_url":"https:\/\/media.benalmadena-property.com\/2020\/02\/2018-03-07-12.12.24.jpg","title":"2018-03-07-12.12.24","caption":"","description":"","alt":"","srcset":"https:\/\/media.benalmadena-property.com\/2020\/02\/2018-03-07-12.12.24-150x150.jpg 150w, https:\/\/media.benalmadena-property.com\/2020\/02\/2018-03-07-12.12.24-210x210.jpg 210w"},{"width":150,"height":150,"file":"2013\/10\/P1070103.jpg","filesize":170496,"sizes":{"medium":{"file":"P1070103-300x225.jpg","width":300,"height":225,"mime-type":"image\/jpeg","filesize":43214,"url":"https:\/\/media.benalmadena-property.com\/2013\/10\/P1070103-300x225.jpg"},"thumbnail":{"file":"P1070103-150x150.jpg","width":150,"height":150,"mime-type":"image\/jpeg","filesize":37376,"url":"https:\/\/media.benalmadena-property.com\/2013\/10\/P1070103-150x150.jpg"},"post-thumbnail":{"file":"P1070103-150x113.jpg","width":150,"height":113,"mime-type":"image\/jpeg","filesize":36906,"url":"https:\/\/media.benalmadena-property.com\/2013\/10\/P1070103-150x113.jpg"},"property-thumb-image":{"file":"P1070103-488x326.jpg","width":488,"height":326,"mime-type":"image\/jpeg","filesize":53136,"url":"https:\/\/media.benalmadena-property.com\/2013\/10\/P1070103-488x326.jpg"},"property-detail-video-image":{"file":"P1070103-640x417.jpg","width":640,"height":417,"mime-type":"image\/jpeg","filesize":66310,"url":"https:\/\/media.benalmadena-property.com\/2013\/10\/P1070103-640x417.jpg"},"agent-image":{"file":"P1070103-210x210.jpg","width":210,"height":210,"mime-type":"image\/jpeg","filesize":40021,"url":"https:\/\/media.benalmadena-property.com\/2013\/10\/P1070103-210x210.jpg"},"partners-logo":{"file":"P1070103-600x480.jpg","width":600,"height":480,"mime-type":"image\/jpeg","filesize":67596,"url":"https:\/\/media.benalmadena-property.com\/2013\/10\/P1070103-600x480.jpg"},"gallery-two-column-image":{"file":"P1070103-536x269.jpg","width":536,"height":269,"mime-type":"image\/jpeg","filesize":52773,"url":"https:\/\/media.benalmadena-property.com\/2013\/10\/P1070103-536x269.jpg"},"property-detail-slider-thumb":{"file":"P1070103-82x60.jpg","width":82,"height":60,"mime-type":"image\/jpeg","filesize":34823,"url":"https:\/\/media.benalmadena-property.com\/2013\/10\/P1070103-82x60.jpg"}},"image_meta":{"aperture":"3.1","credit":"","camera":"DMC-SZ3","caption":"","created_timestamp":"1694778270","copyright":"","focal_length":"4.5","iso":"100","shutter_speed":"0.00625","title":"","orientation":"1","keywords":[]},"ID":"13299","name":"P1070103.jpg","path":"\/var\/www\/vhosts\/benalmadena-property.com\/httpdocs\/wp-content\/uploads\/2013\/10\/P1070103.jpg","url":"https:\/\/media.benalmadena-property.com\/2013\/10\/P1070103-150x150.jpg","full_url":"https:\/\/media.benalmadena-property.com\/2013\/10\/P1070103.jpg","title":"P1070103","caption":"","description":"","alt":"","srcset":"https:\/\/media.benalmadena-property.com\/2013\/10\/P1070103-150x150.jpg 150w, https:\/\/media.benalmadena-property.com\/2013\/10\/P1070103-210x210.jpg 210w"},{"width":150,"height":150,"file":"2013\/10\/P1070104.jpg","filesize":171520,"sizes":{"medium":{"file":"P1070104-300x225.jpg","width":300,"height":225,"mime-type":"image\/jpeg","filesize":43827,"url":"https:\/\/media.benalmadena-property.com\/2013\/10\/P1070104-300x225.jpg"},"thumbnail":{"file":"P1070104-150x150.jpg","width":150,"height":150,"mime-type":"image\/jpeg","filesize":37726,"url":"https:\/\/media.benalmadena-property.com\/2013\/10\/P1070104-150x150.jpg"},"post-thumbnail":{"file":"P1070104-150x113.jpg","width":150,"height":113,"mime-type":"image\/jpeg","filesize":37013,"url":"https:\/\/media.benalmadena-property.com\/2013\/10\/P1070104-150x113.jpg"},"property-thumb-image":{"file":"P1070104-488x326.jpg","width":488,"height":326,"mime-type":"image\/jpeg","filesize":53755,"url":"https:\/\/media.benalmadena-property.com\/2013\/10\/P1070104-488x326.jpg"},"property-detail-video-image":{"file":"P1070104-640x417.jpg","width":640,"height":417,"mime-type":"image\/jpeg","filesize":67245,"url":"https:\/\/media.benalmadena-property.com\/2013\/10\/P1070104-640x417.jpg"},"agent-image":{"file":"P1070104-210x210.jpg","width":210,"height":210,"mime-type":"image\/jpeg","filesize":40924,"url":"https:\/\/media.benalmadena-property.com\/2013\/10\/P1070104-210x210.jpg"},"partners-logo":{"file":"P1070104-600x480.jpg","width":600,"height":480,"mime-type":"image\/jpeg","filesize":69445,"url":"https:\/\/media.benalmadena-property.com\/2013\/10\/P1070104-600x480.jpg"},"gallery-two-column-image":{"file":"P1070104-536x269.jpg","width":536,"height":269,"mime-type":"image\/jpeg","filesize":51429,"url":"https:\/\/media.benalmadena-property.com\/2013\/10\/P1070104-536x269.jpg"},"property-detail-slider-thumb":{"file":"P1070104-82x60.jpg","width":82,"height":60,"mime-type":"image\/jpeg","filesize":34900,"url":"https:\/\/media.benalmadena-property.com\/2013\/10\/P1070104-82x60.jpg"}},"image_meta":{"aperture":"3.1","credit":"","camera":"DMC-SZ3","caption":"","created_timestamp":"1694778291","copyright":"","focal_length":"4.5","iso":"125","shutter_speed":"0.016666666666667","title":"","orientation":"1","keywords":[]},"ID":"13302","name":"P1070104.jpg","path":"\/var\/www\/vhosts\/benalmadena-property.com\/httpdocs\/wp-content\/uploads\/2013\/10\/P1070104.jpg","url":"https:\/\/media.benalmadena-property.com\/2013\/10\/P1070104-150x150.jpg","full_url":"https:\/\/media.benalmadena-property.com\/2013\/10\/P1070104.jpg","title":"P1070104","caption":"","description":"","alt":"","srcset":"https:\/\/media.benalmadena-property.com\/2013\/10\/P1070104-150x150.jpg 150w, https:\/\/media.benalmadena-property.com\/2013\/10\/P1070104-210x210.jpg 210w"},{"width":150,"height":150,"file":"2013\/10\/P1070105.jpg","filesize":179712,"sizes":{"medium":{"file":"P1070105-300x225.jpg","width":300,"height":225,"mime-type":"image\/jpeg","filesize":42549,"url":"https:\/\/media.benalmadena-property.com\/2013\/10\/P1070105-300x225.jpg"},"thumbnail":{"file":"P1070105-150x150.jpg","width":150,"height":150,"mime-type":"image\/jpeg","filesize":37282,"url":"https:\/\/media.benalmadena-property.com\/2013\/10\/P1070105-150x150.jpg"},"post-thumbnail":{"file":"P1070105-150x113.jpg","width":150,"height":113,"mime-type":"image\/jpeg","filesize":36762,"url":"https:\/\/media.benalmadena-property.com\/2013\/10\/P1070105-150x113.jpg"},"property-thumb-image":{"file":"P1070105-488x326.jpg","width":488,"height":326,"mime-type":"image\/jpeg","filesize":50988,"url":"https:\/\/media.benalmadena-property.com\/2013\/10\/P1070105-488x326.jpg"},"property-detail-video-image":{"file":"P1070105-640x417.jpg","width":640,"height":417,"mime-type":"image\/jpeg","filesize":62189,"url":"https:\/\/media.benalmadena-property.com\/2013\/10\/P1070105-640x417.jpg"},"agent-image":{"file":"P1070105-210x210.jpg","width":210,"height":210,"mime-type":"image\/jpeg","filesize":39990,"url":"https:\/\/media.benalmadena-property.com\/2013\/10\/P1070105-210x210.jpg"},"partners-logo":{"file":"P1070105-600x480.jpg","width":600,"height":480,"mime-type":"image\/jpeg","filesize":63983,"url":"https:\/\/media.benalmadena-property.com\/2013\/10\/P1070105-600x480.jpg"},"gallery-two-column-image":{"file":"P1070105-536x269.jpg","width":536,"height":269,"mime-type":"image\/jpeg","filesize":49346,"url":"https:\/\/media.benalmadena-property.com\/2013\/10\/P1070105-536x269.jpg"},"property-detail-slider-thumb":{"file":"P1070105-82x60.jpg","width":82,"height":60,"mime-type":"image\/jpeg","filesize":34853,"url":"https:\/\/media.benalmadena-property.com\/2013\/10\/P1070105-82x60.jpg"}},"image_meta":{"aperture":"3.1","credit":"","camera":"DMC-SZ3","caption":"","created_timestamp":"1694778303","copyright":"","focal_length":"4.5","iso":"100","shutter_speed":"0.016666666666667","title":"","orientation":"1","keywords":[]},"ID":"13305","name":"P1070105.jpg","path":"\/var\/www\/vhosts\/benalmadena-property.com\/httpdocs\/wp-content\/uploads\/2013\/10\/P1070105.jpg","url":"https:\/\/media.benalmadena-property.com\/2013\/10\/P1070105-150x150.jpg","full_url":"https:\/\/media.benalmadena-property.com\/2013\/10\/P1070105.jpg","title":"P1070105","caption":"","description":"","alt":"","srcset":"https:\/\/media.benalmadena-property.com\/2013\/10\/P1070105-150x150.jpg 150w, https:\/\/media.benalmadena-property.com\/2013\/10\/P1070105-210x210.jpg 210w"},{"width":150,"height":150,"file":"2013\/10\/P1070106.jpg","filesize":173056,"sizes":{"medium":{"file":"P1070106-300x225.jpg","width":300,"height":225,"mime-type":"image\/jpeg","filesize":43188,"url":"https:\/\/media.benalmadena-property.com\/2013\/10\/P1070106-300x225.jpg"},"thumbnail":{"file":"P1070106-150x150.jpg","width":150,"height":150,"mime-type":"image\/jpeg","filesize":37421,"url":"https:\/\/media.benalmadena-property.com\/2013\/10\/P1070106-150x150.jpg"},"post-thumbnail":{"file":"P1070106-150x113.jpg","width":150,"height":113,"mime-type":"image\/jpeg","filesize":36864,"url":"https:\/\/media.benalmadena-property.com\/2013\/10\/P1070106-150x113.jpg"},"property-thumb-image":{"file":"P1070106-488x326.jpg","width":488,"height":326,"mime-type":"image\/jpeg","filesize":52901,"url":"https:\/\/media.benalmadena-property.com\/2013\/10\/P1070106-488x326.jpg"},"property-detail-video-image":{"file":"P1070106-640x417.jpg","width":640,"height":417,"mime-type":"image\/jpeg","filesize":66568,"url":"https:\/\/media.benalmadena-property.com\/2013\/10\/P1070106-640x417.jpg"},"agent-image":{"file":"P1070106-210x210.jpg","width":210,"height":210,"mime-type":"image\/jpeg","filesize":40239,"url":"https:\/\/media.benalmadena-property.com\/2013\/10\/P1070106-210x210.jpg"},"partners-logo":{"file":"P1070106-600x480.jpg","width":600,"height":480,"mime-type":"image\/jpeg","filesize":68101,"url":"https:\/\/media.benalmadena-property.com\/2013\/10\/P1070106-600x480.jpg"},"gallery-two-column-image":{"file":"P1070106-536x269.jpg","width":536,"height":269,"mime-type":"image\/jpeg","filesize":51922,"url":"https:\/\/media.benalmadena-property.com\/2013\/10\/P1070106-536x269.jpg"},"property-detail-slider-thumb":{"file":"P1070106-82x60.jpg","width":82,"height":60,"mime-type":"image\/jpeg","filesize":34871,"url":"https:\/\/media.benalmadena-property.com\/2013\/10\/P1070106-82x60.jpg"}},"image_meta":{"aperture":"3.1","credit":"","camera":"DMC-SZ3","caption":"","created_timestamp":"1694778317","copyright":"","focal_length":"4.5","iso":"200","shutter_speed":"0.016666666666667","title":"","orientation":"1","keywords":[]},"ID":"13308","name":"P1070106.jpg","path":"\/var\/www\/vhosts\/benalmadena-property.com\/httpdocs\/wp-content\/uploads\/2013\/10\/P1070106.jpg","url":"https:\/\/media.benalmadena-property.com\/2013\/10\/P1070106-150x150.jpg","full_url":"https:\/\/media.benalmadena-property.com\/2013\/10\/P1070106.jpg","title":"P1070106","caption":"","description":"","alt":"","srcset":"https:\/\/media.benalmadena-property.com\/2013\/10\/P1070106-150x150.jpg 150w, https:\/\/media.benalmadena-property.com\/2013\/10\/P1070106-210x210.jpg 210w"},{"width":150,"height":150,"file":"2013\/10\/P1070107.jpg","filesize":171008,"sizes":{"medium":{"file":"P1070107-300x225.jpg","width":300,"height":225,"mime-type":"image\/jpeg","filesize":43577,"url":"https:\/\/media.benalmadena-property.com\/2013\/10\/P1070107-300x225.jpg"},"thumbnail":{"file":"P1070107-150x150.jpg","width":150,"height":150,"mime-type":"image\/jpeg","filesize":37644,"url":"https:\/\/media.benalmadena-property.com\/2013\/10\/P1070107-150x150.jpg"},"post-thumbnail":{"file":"P1070107-150x113.jpg","width":150,"height":113,"mime-type":"image\/jpeg","filesize":36949,"url":"https:\/\/media.benalmadena-property.com\/2013\/10\/P1070107-150x113.jpg"},"property-thumb-image":{"file":"P1070107-488x326.jpg","width":488,"height":326,"mime-type":"image\/jpeg","filesize":53507,"url":"https:\/\/media.benalmadena-property.com\/2013\/10\/P1070107-488x326.jpg"},"property-detail-video-image":{"file":"P1070107-640x417.jpg","width":640,"height":417,"mime-type":"image\/jpeg","filesize":67580,"url":"https:\/\/media.benalmadena-property.com\/2013\/10\/P1070107-640x417.jpg"},"agent-image":{"file":"P1070107-210x210.jpg","width":210,"height":210,"mime-type":"image\/jpeg","filesize":40747,"url":"https:\/\/media.benalmadena-property.com\/2013\/10\/P1070107-210x210.jpg"},"partners-logo":{"file":"P1070107-600x480.jpg","width":600,"height":480,"mime-type":"image\/jpeg","filesize":69953,"url":"https:\/\/media.benalmadena-property.com\/2013\/10\/P1070107-600x480.jpg"},"gallery-two-column-image":{"file":"P1070107-536x269.jpg","width":536,"height":269,"mime-type":"image\/jpeg","filesize":51888,"url":"https:\/\/media.benalmadena-property.com\/2013\/10\/P1070107-536x269.jpg"},"property-detail-slider-thumb":{"file":"P1070107-82x60.jpg","width":82,"height":60,"mime-type":"image\/jpeg","filesize":34906,"url":"https:\/\/media.benalmadena-property.com\/2013\/10\/P1070107-82x60.jpg"}},"image_meta":{"aperture":"3.1","credit":"","camera":"DMC-SZ3","caption":"","created_timestamp":"1694778333","copyright":"","focal_length":"4.5","iso":"125","shutter_speed":"0.016666666666667","title":"","orientation":"1","keywords":[]},"ID":"13311","name":"P1070107.jpg","path":"\/var\/www\/vhosts\/benalmadena-property.com\/httpdocs\/wp-content\/uploads\/2013\/10\/P1070107.jpg","url":"https:\/\/media.benalmadena-property.com\/2013\/10\/P1070107-150x150.jpg","full_url":"https:\/\/media.benalmadena-property.com\/2013\/10\/P1070107.jpg","title":"P1070107","caption":"","description":"","alt":"","srcset":"https:\/\/media.benalmadena-property.com\/2013\/10\/P1070107-150x150.jpg 150w, https:\/\/media.benalmadena-property.com\/2013\/10\/P1070107-210x210.jpg 210w"},{"width":150,"height":150,"file":"2013\/10\/P1070108.jpg","filesize":178688,"sizes":{"medium":{"file":"P1070108-300x225.jpg","width":300,"height":225,"mime-type":"image\/jpeg","filesize":42378,"url":"https:\/\/media.benalmadena-property.com\/2013\/10\/P1070108-300x225.jpg"},"thumbnail":{"file":"P1070108-150x150.jpg","width":150,"height":150,"mime-type":"image\/jpeg","filesize":37138,"url":"https:\/\/media.benalmadena-property.com\/2013\/10\/P1070108-150x150.jpg"},"post-thumbnail":{"file":"P1070108-150x113.jpg","width":150,"height":113,"mime-type":"image\/jpeg","filesize":36629,"url":"https:\/\/media.benalmadena-property.com\/2013\/10\/P1070108-150x113.jpg"},"property-thumb-image":{"file":"P1070108-488x326.jpg","width":488,"height":326,"mime-type":"image\/jpeg","filesize":50684,"url":"https:\/\/media.benalmadena-property.com\/2013\/10\/P1070108-488x326.jpg"},"property-detail-video-image":{"file":"P1070108-640x417.jpg","width":640,"height":417,"mime-type":"image\/jpeg","filesize":61819,"url":"https:\/\/media.benalmadena-property.com\/2013\/10\/P1070108-640x417.jpg"},"agent-image":{"file":"P1070108-210x210.jpg","width":210,"height":210,"mime-type":"image\/jpeg","filesize":39724,"url":"https:\/\/media.benalmadena-property.com\/2013\/10\/P1070108-210x210.jpg"},"partners-logo":{"file":"P1070108-600x480.jpg","width":600,"height":480,"mime-type":"image\/jpeg","filesize":63901,"url":"https:\/\/media.benalmadena-property.com\/2013\/10\/P1070108-600x480.jpg"},"gallery-two-column-image":{"file":"P1070108-536x269.jpg","width":536,"height":269,"mime-type":"image\/jpeg","filesize":48898,"url":"https:\/\/media.benalmadena-property.com\/2013\/10\/P1070108-536x269.jpg"},"property-detail-slider-thumb":{"file":"P1070108-82x60.jpg","width":82,"height":60,"mime-type":"image\/jpeg","filesize":34786,"url":"https:\/\/media.benalmadena-property.com\/2013\/10\/P1070108-82x60.jpg"}},"image_meta":{"aperture":"3.1","credit":"","camera":"DMC-SZ3","caption":"","created_timestamp":"1694778349","copyright":"","focal_length":"4.5","iso":"100","shutter_speed":"0.016666666666667","title":"","orientation":"1","keywords":[]},"ID":"13314","name":"P1070108.jpg","path":"\/var\/www\/vhosts\/benalmadena-property.com\/httpdocs\/wp-content\/uploads\/2013\/10\/P1070108.jpg","url":"https:\/\/media.benalmadena-property.com\/2013\/10\/P1070108-150x150.jpg","full_url":"https:\/\/media.benalmadena-property.com\/2013\/10\/P1070108.jpg","title":"P1070108","caption":"","description":"","alt":"","srcset":"https:\/\/media.benalmadena-property.com\/2013\/10\/P1070108-150x150.jpg 150w, https:\/\/media.benalmadena-property.com\/2013\/10\/P1070108-210x210.jpg 210w"},{"width":150,"height":150,"file":"2013\/10\/P1070109.jpg","filesize":171520,"sizes":{"medium":{"file":"P1070109-300x225.jpg","width":300,"height":225,"mime-type":"image\/jpeg","filesize":44373,"url":"https:\/\/media.benalmadena-property.com\/2013\/10\/P1070109-300x225.jpg"},"thumbnail":{"file":"P1070109-150x150.jpg","width":150,"height":150,"mime-type":"image\/jpeg","filesize":37628,"url":"https:\/\/media.benalmadena-property.com\/2013\/10\/P1070109-150x150.jpg"},"post-thumbnail":{"file":"P1070109-150x113.jpg","width":150,"height":113,"mime-type":"image\/jpeg","filesize":37089,"url":"https:\/\/media.benalmadena-property.com\/2013\/10\/P1070109-150x113.jpg"},"property-thumb-image":{"file":"P1070109-488x326.jpg","width":488,"height":326,"mime-type":"image\/jpeg","filesize":54969,"url":"https:\/\/media.benalmadena-property.com\/2013\/10\/P1070109-488x326.jpg"},"property-detail-video-image":{"file":"P1070109-640x417.jpg","width":640,"height":417,"mime-type":"image\/jpeg","filesize":69334,"url":"https:\/\/media.benalmadena-property.com\/2013\/10\/P1070109-640x417.jpg"},"agent-image":{"file":"P1070109-210x210.jpg","width":210,"height":210,"mime-type":"image\/jpeg","filesize":40668,"url":"https:\/\/media.benalmadena-property.com\/2013\/10\/P1070109-210x210.jpg"},"partners-logo":{"file":"P1070109-600x480.jpg","width":600,"height":480,"mime-type":"image\/jpeg","filesize":71157,"url":"https:\/\/media.benalmadena-property.com\/2013\/10\/P1070109-600x480.jpg"},"gallery-two-column-image":{"file":"P1070109-536x269.jpg","width":536,"height":269,"mime-type":"image\/jpeg","filesize":52422,"url":"https:\/\/media.benalmadena-property.com\/2013\/10\/P1070109-536x269.jpg"},"property-detail-slider-thumb":{"file":"P1070109-82x60.jpg","width":82,"height":60,"mime-type":"image\/jpeg","filesize":34914,"url":"https:\/\/media.benalmadena-property.com\/2013\/10\/P1070109-82x60.jpg"}},"image_meta":{"aperture":"3.1","credit":"","camera":"DMC-SZ3","caption":"","created_timestamp":"1694778412","copyright":"","focal_length":"4.5","iso":"125","shutter_speed":"0.016666666666667","title":"","orientation":"1","keywords":[]},"ID":"13317","name":"P1070109.jpg","path":"\/var\/www\/vhosts\/benalmadena-property.com\/httpdocs\/wp-content\/uploads\/2013\/10\/P1070109.jpg","url":"https:\/\/media.benalmadena-property.com\/2013\/10\/P1070109-150x150.jpg","full_url":"https:\/\/media.benalmadena-property.com\/2013\/10\/P1070109.jpg","title":"P1070109","caption":"","description":"","alt":"","srcset":"https:\/\/media.benalmadena-property.com\/2013\/10\/P1070109-150x150.jpg 150w, https:\/\/media.benalmadena-property.com\/2013\/10\/P1070109-210x210.jpg 210w"},{"width":150,"height":150,"file":"2013\/10\/P1070110.jpg","filesize":175104,"sizes":{"medium":{"file":"P1070110-300x225.jpg","width":300,"height":225,"mime-type":"image\/jpeg","filesize":49681,"url":"https:\/\/media.benalmadena-property.com\/2013\/10\/P1070110-300x225.jpg"},"thumbnail":{"file":"P1070110-150x150.jpg","width":150,"height":150,"mime-type":"image\/jpeg","filesize":39510,"url":"https:\/\/media.benalmadena-property.com\/2013\/10\/P1070110-150x150.jpg"},"post-thumbnail":{"file":"P1070110-150x113.jpg","width":150,"height":113,"mime-type":"image\/jpeg","filesize":38447,"url":"https:\/\/media.benalmadena-property.com\/2013\/10\/P1070110-150x113.jpg"},"property-thumb-image":{"file":"P1070110-488x326.jpg","width":488,"height":326,"mime-type":"image\/jpeg","filesize":66471,"url":"https:\/\/media.benalmadena-property.com\/2013\/10\/P1070110-488x326.jpg"},"property-detail-video-image":{"file":"P1070110-640x417.jpg","width":640,"height":417,"mime-type":"image\/jpeg","filesize":90072,"url":"https:\/\/media.benalmadena-property.com\/2013\/10\/P1070110-640x417.jpg"},"agent-image":{"file":"P1070110-210x210.jpg","width":210,"height":210,"mime-type":"image\/jpeg","filesize":44428,"url":"https:\/\/media.benalmadena-property.com\/2013\/10\/P1070110-210x210.jpg"},"partners-logo":{"file":"P1070110-600x480.jpg","width":600,"height":480,"mime-type":"image\/jpeg","filesize":93041,"url":"https:\/\/media.benalmadena-property.com\/2013\/10\/P1070110-600x480.jpg"},"gallery-two-column-image":{"file":"P1070110-536x269.jpg","width":536,"height":269,"mime-type":"image\/jpeg","filesize":64484,"url":"https:\/\/media.benalmadena-property.com\/2013\/10\/P1070110-536x269.jpg"},"property-detail-slider-thumb":{"file":"P1070110-82x60.jpg","width":82,"height":60,"mime-type":"image\/jpeg","filesize":35284,"url":"https:\/\/media.benalmadena-property.com\/2013\/10\/P1070110-82x60.jpg"}},"image_meta":{"aperture":"9","credit":"","camera":"DMC-SZ3","caption":"","created_timestamp":"1694778456","copyright":"","focal_length":"4.5","iso":"100","shutter_speed":"0.005","title":"","orientation":"1","keywords":[]},"ID":"13320","name":"P1070110.jpg","path":"\/var\/www\/vhosts\/benalmadena-property.com\/httpdocs\/wp-content\/uploads\/2013\/10\/P1070110.jpg","url":"https:\/\/media.benalmadena-property.com\/2013\/10\/P1070110-150x150.jpg","full_url":"https:\/\/media.benalmadena-property.com\/2013\/10\/P1070110.jpg","title":"P1070110","caption":"","description":"","alt":"","srcset":"https:\/\/media.benalmadena-property.com\/2013\/10\/P1070110-150x150.jpg 150w, https:\/\/media.benalmadena-property.com\/2013\/10\/P1070110-210x210.jpg 210w"},{"width":150,"height":150,"file":"2013\/10\/P1070111.jpg","filesize":165376,"sizes":{"medium":{"file":"P1070111-300x225.jpg","width":300,"height":225,"mime-type":"image\/jpeg","filesize":47371,"url":"https:\/\/media.benalmadena-property.com\/2013\/10\/P1070111-300x225.jpg"},"thumbnail":{"file":"P1070111-150x150.jpg","width":150,"height":150,"mime-type":"image\/jpeg","filesize":38825,"url":"https:\/\/media.benalmadena-property.com\/2013\/10\/P1070111-150x150.jpg"},"post-thumbnail":{"file":"P1070111-150x113.jpg","width":150,"height":113,"mime-type":"image\/jpeg","filesize":37827,"url":"https:\/\/media.benalmadena-property.com\/2013\/10\/P1070111-150x113.jpg"},"property-thumb-image":{"file":"P1070111-488x326.jpg","width":488,"height":326,"mime-type":"image\/jpeg","filesize":61691,"url":"https:\/\/media.benalmadena-property.com\/2013\/10\/P1070111-488x326.jpg"},"property-detail-video-image":{"file":"P1070111-640x417.jpg","width":640,"height":417,"mime-type":"image\/jpeg","filesize":81917,"url":"https:\/\/media.benalmadena-property.com\/2013\/10\/P1070111-640x417.jpg"},"agent-image":{"file":"P1070111-210x210.jpg","width":210,"height":210,"mime-type":"image\/jpeg","filesize":43058,"url":"https:\/\/media.benalmadena-property.com\/2013\/10\/P1070111-210x210.jpg"},"partners-logo":{"file":"P1070111-600x480.jpg","width":600,"height":480,"mime-type":"image\/jpeg","filesize":84580,"url":"https:\/\/media.benalmadena-property.com\/2013\/10\/P1070111-600x480.jpg"},"gallery-two-column-image":{"file":"P1070111-536x269.jpg","width":536,"height":269,"mime-type":"image\/jpeg","filesize":59337,"url":"https:\/\/media.benalmadena-property.com\/2013\/10\/P1070111-536x269.jpg"},"property-detail-slider-thumb":{"file":"P1070111-82x60.jpg","width":82,"height":60,"mime-type":"image\/jpeg","filesize":35075,"url":"https:\/\/media.benalmadena-property.com\/2013\/10\/P1070111-82x60.jpg"}},"image_meta":{"aperture":"9","credit":"","camera":"DMC-SZ3","caption":"","created_timestamp":"1694778465","copyright":"","focal_length":"4.5","iso":"100","shutter_speed":"0.004","title":"","orientation":"1","keywords":[]},"ID":"13323","name":"P1070111.jpg","path":"\/var\/www\/vhosts\/benalmadena-property.com\/httpdocs\/wp-content\/uploads\/2013\/10\/P1070111.jpg","url":"https:\/\/media.benalmadena-property.com\/2013\/10\/P1070111-150x150.jpg","full_url":"https:\/\/media.benalmadena-property.com\/2013\/10\/P1070111.jpg","title":"P1070111","caption":"","description":"","alt":"","srcset":"https:\/\/media.benalmadena-property.com\/2013\/10\/P1070111-150x150.jpg 150w, https:\/\/media.benalmadena-property.com\/2013\/10\/P1070111-210x210.jpg 210w"},{"width":150,"height":150,"file":"2013\/10\/P1070112.jpg","filesize":173568,"sizes":{"medium":{"file":"P1070112-300x225.jpg","width":300,"height":225,"mime-type":"image\/jpeg","filesize":51916,"url":"https:\/\/media.benalmadena-property.com\/2013\/10\/P1070112-300x225.jpg"},"thumbnail":{"file":"P1070112-150x150.jpg","width":150,"height":150,"mime-type":"image\/jpeg","filesize":40450,"url":"https:\/\/media.benalmadena-property.com\/2013\/10\/P1070112-150x150.jpg"},"post-thumbnail":{"file":"P1070112-150x113.jpg","width":150,"height":113,"mime-type":"image\/jpeg","filesize":39113,"url":"https:\/\/media.benalmadena-property.com\/2013\/10\/P1070112-150x113.jpg"},"property-thumb-image":{"file":"P1070112-488x326.jpg","width":488,"height":326,"mime-type":"image\/jpeg","filesize":72208,"url":"https:\/\/media.benalmadena-property.com\/2013\/10\/P1070112-488x326.jpg"},"property-detail-video-image":{"file":"P1070112-640x417.jpg","width":640,"height":417,"mime-type":"image\/jpeg","filesize":100341,"url":"https:\/\/media.benalmadena-property.com\/2013\/10\/P1070112-640x417.jpg"},"agent-image":{"file":"P1070112-210x210.jpg","width":210,"height":210,"mime-type":"image\/jpeg","filesize":46116,"url":"https:\/\/media.benalmadena-property.com\/2013\/10\/P1070112-210x210.jpg"},"partners-logo":{"file":"P1070112-600x480.jpg","width":600,"height":480,"mime-type":"image\/jpeg","filesize":101527,"url":"https:\/\/media.benalmadena-property.com\/2013\/10\/P1070112-600x480.jpg"},"gallery-two-column-image":{"file":"P1070112-536x269.jpg","width":536,"height":269,"mime-type":"image\/jpeg","filesize":71073,"url":"https:\/\/media.benalmadena-property.com\/2013\/10\/P1070112-536x269.jpg"},"property-detail-slider-thumb":{"file":"P1070112-82x60.jpg","width":82,"height":60,"mime-type":"image\/jpeg","filesize":35457,"url":"https:\/\/media.benalmadena-property.com\/2013\/10\/P1070112-82x60.jpg"}},"image_meta":{"aperture":"9","credit":"","camera":"DMC-SZ3","caption":"","created_timestamp":"1694778476","copyright":"","focal_length":"4.5","iso":"100","shutter_speed":"0.005","title":"","orientation":"1","keywords":[]},"ID":"13326","name":"P1070112.jpg","path":"\/var\/www\/vhosts\/benalmadena-property.com\/httpdocs\/wp-content\/uploads\/2013\/10\/P1070112.jpg","url":"https:\/\/media.benalmadena-property.com\/2013\/10\/P1070112-150x150.jpg","full_url":"https:\/\/media.benalmadena-property.com\/2013\/10\/P1070112.jpg","title":"P1070112","caption":"","description":"","alt":"","srcset":"https:\/\/media.benalmadena-property.com\/2013\/10\/P1070112-150x150.jpg 150w, https:\/\/media.benalmadena-property.com\/2013\/10\/P1070112-210x210.jpg 210w"},{"width":150,"height":150,"file":"2022\/09\/Jupiter-215-Delloca-24-scaled.jpg","filesize":866500,"sizes":{"medium":{"file":"Jupiter-215-Delloca-24-300x200.jpg","width":300,"height":200,"mime-type":"image\/jpeg","filesize":40504,"url":"https:\/\/media.benalmadena-property.com\/2022\/09\/Jupiter-215-Delloca-24-300x200.jpg"},"large":{"file":"Jupiter-215-Delloca-24-1024x683.jpg","width":1024,"height":683,"mime-type":"image\/jpeg","filesize":184924,"url":"https:\/\/media.benalmadena-property.com\/2022\/09\/Jupiter-215-Delloca-24-1024x683.jpg"},"thumbnail":{"file":"Jupiter-215-Delloca-24-150x150.jpg","width":150,"height":150,"mime-type":"image\/jpeg","filesize":30773,"url":"https:\/\/media.benalmadena-property.com\/2022\/09\/Jupiter-215-Delloca-24-150x150.jpg"},"medium_large":{"file":"Jupiter-215-Delloca-24-768x513.jpg","width":768,"height":513,"mime-type":"image\/jpeg","filesize":118853,"url":"https:\/\/media.benalmadena-property.com\/2022\/09\/Jupiter-215-Delloca-24-768x513.jpg"},"1536x1536":{"file":"Jupiter-215-Delloca-24-1536x1025.jpg","width":1536,"height":1025,"mime-type":"image\/jpeg","filesize":363966,"url":"https:\/\/media.benalmadena-property.com\/2022\/09\/Jupiter-215-Delloca-24-1536x1025.jpg"},"2048x2048":{"file":"Jupiter-215-Delloca-24-2048x1367.jpg","width":2048,"height":1367,"mime-type":"image\/jpeg","filesize":593275,"url":"https:\/\/media.benalmadena-property.com\/2022\/09\/Jupiter-215-Delloca-24-2048x1367.jpg"},"post-thumbnail":{"file":"Jupiter-215-Delloca-24-150x100.jpg","width":150,"height":100,"mime-type":"image\/jpeg","filesize":28904,"url":"https:\/\/media.benalmadena-property.com\/2022\/09\/Jupiter-215-Delloca-24-150x100.jpg"},"modern-property-child-slider":{"file":"Jupiter-215-Delloca-24-680x510.jpg","width":680,"height":510,"mime-type":"image\/jpeg","filesize":107005,"url":"https:\/\/media.benalmadena-property.com\/2022\/09\/Jupiter-215-Delloca-24-680x510.jpg"},"property-thumb-image":{"file":"Jupiter-215-Delloca-24-488x326.jpg","width":488,"height":326,"mime-type":"image\/jpeg","filesize":64659,"url":"https:\/\/media.benalmadena-property.com\/2022\/09\/Jupiter-215-Delloca-24-488x326.jpg"},"property-detail-video-image":{"file":"Jupiter-215-Delloca-24-818x417.jpg","width":818,"height":417,"mime-type":"image\/jpeg","filesize":116422,"url":"https:\/\/media.benalmadena-property.com\/2022\/09\/Jupiter-215-Delloca-24-818x417.jpg"},"agent-image":{"file":"Jupiter-215-Delloca-24-210x210.jpg","width":210,"height":210,"mime-type":"image\/jpeg","filesize":36511,"url":"https:\/\/media.benalmadena-property.com\/2022\/09\/Jupiter-215-Delloca-24-210x210.jpg"},"partners-logo":{"file":"Jupiter-215-Delloca-24-600x1950.jpg","width":600,"height":1950,"mime-type":"image\/jpeg","filesize":183120,"url":"https:\/\/media.benalmadena-property.com\/2022\/09\/Jupiter-215-Delloca-24-600x1950.jpg"},"gallery-two-column-image":{"file":"Jupiter-215-Delloca-24-536x269.jpg","width":536,"height":269,"mime-type":"image\/jpeg","filesize":65423,"url":"https:\/\/media.benalmadena-property.com\/2022\/09\/Jupiter-215-Delloca-24-536x269.jpg"},"property-detail-slider-image-two":{"file":"Jupiter-215-Delloca-24-1170x648.jpg","width":1170,"height":648,"mime-type":"image\/jpeg","filesize":210402,"url":"https:\/\/media.benalmadena-property.com\/2022\/09\/Jupiter-215-Delloca-24-1170x648.jpg"},"property-detail-slider-thumb":{"file":"Jupiter-215-Delloca-24-82x60.jpg","width":82,"height":60,"mime-type":"image\/jpeg","filesize":25971,"url":"https:\/\/media.benalmadena-property.com\/2022\/09\/Jupiter-215-Delloca-24-82x60.jpg"}},"image_meta":{"aperture":"8","credit":"Gonzalo J Bustos. Puerta6","camera":"NIKON D810","caption":"","created_timestamp":"1658110946","copyright":"\u00a9 Gonzalo Bustos","focal_length":"18","iso":"250","shutter_speed":"0.000625","title":"","orientation":"1","keywords":[]},"original_image":"Jupiter-215-Delloca-24.jpg","ID":"11103","name":"Jupiter-215-Delloca-24-scaled.jpg","path":"\/var\/www\/vhosts\/benalmadena-property.com\/httpdocs\/wp-content\/uploads\/2022\/09\/Jupiter-215-Delloca-24-scaled.jpg","url":"https:\/\/media.benalmadena-property.com\/2022\/09\/Jupiter-215-Delloca-24-150x150.jpg","full_url":"https:\/\/media.benalmadena-property.com\/2022\/09\/Jupiter-215-Delloca-24-scaled.jpg","title":"Jupiter 215 Delloca-24","caption":"","description":"","alt":"","srcset":"https:\/\/media.benalmadena-property.com\/2022\/09\/Jupiter-215-Delloca-24-150x150.jpg 150w, https:\/\/media.benalmadena-property.com\/2022\/09\/Jupiter-215-Delloca-24-210x210.jpg 210w"},{"width":150,"height":150,"file":"2016\/04\/220621_DDS_26.jpg","sizes":{"medium":{"file":"220621_DDS_26-300x200.jpg","width":300,"height":200,"mime-type":"image\/jpeg","url":"https:\/\/media.benalmadena-property.com\/2016\/04\/220621_DDS_26-300x200.jpg"},"thumbnail":{"file":"220621_DDS_26-150x150.jpg","width":150,"height":150,"mime-type":"image\/jpeg","url":"https:\/\/media.benalmadena-property.com\/2016\/04\/220621_DDS_26-150x150.jpg"},"medium_large":{"file":"220621_DDS_26-768x512.jpg","width":768,"height":512,"mime-type":"image\/jpeg","url":"https:\/\/media.benalmadena-property.com\/2016\/04\/220621_DDS_26-768x512.jpg"},"post-thumbnail":{"file":"220621_DDS_26-150x100.jpg","width":150,"height":100,"mime-type":"image\/jpeg","url":"https:\/\/media.benalmadena-property.com\/2016\/04\/220621_DDS_26-150x100.jpg"},"modern-property-child-slider":{"file":"220621_DDS_26-680x510.jpg","width":680,"height":510,"mime-type":"image\/jpeg","url":"https:\/\/media.benalmadena-property.com\/2016\/04\/220621_DDS_26-680x510.jpg"},"property-thumb-image":{"file":"220621_DDS_26-488x326.jpg","width":488,"height":326,"mime-type":"image\/jpeg","url":"https:\/\/media.benalmadena-property.com\/2016\/04\/220621_DDS_26-488x326.jpg"},"property-detail-video-image":{"file":"220621_DDS_26-818x417.jpg","width":818,"height":417,"mime-type":"image\/jpeg","url":"https:\/\/media.benalmadena-property.com\/2016\/04\/220621_DDS_26-818x417.jpg"},"agent-image":{"file":"220621_DDS_26-210x210.jpg","width":210,"height":210,"mime-type":"image\/jpeg","url":"https:\/\/media.benalmadena-property.com\/2016\/04\/220621_DDS_26-210x210.jpg"},"partners-logo":{"file":"220621_DDS_26-600x680.jpg","width":600,"height":680,"mime-type":"image\/jpeg","url":"https:\/\/media.benalmadena-property.com\/2016\/04\/220621_DDS_26-600x680.jpg"},"gallery-two-column-image":{"file":"220621_DDS_26-536x269.jpg","width":536,"height":269,"mime-type":"image\/jpeg","url":"https:\/\/media.benalmadena-property.com\/2016\/04\/220621_DDS_26-536x269.jpg"},"property-detail-slider-image-two":{"file":"220621_DDS_26-1020x648.jpg","width":1020,"height":648,"mime-type":"image\/jpeg","url":"https:\/\/media.benalmadena-property.com\/2016\/04\/220621_DDS_26-1020x648.jpg"},"property-detail-slider-thumb":{"file":"220621_DDS_26-82x60.jpg","width":82,"height":60,"mime-type":"image\/jpeg","url":"https:\/\/media.benalmadena-property.com\/2016\/04\/220621_DDS_26-82x60.jpg"}},"image_meta":{"aperture":"7.1","credit":"","camera":"ILCE-7M3","caption":"","created_timestamp":"1624363009","copyright":"@danieldisabatino","focal_length":"24","iso":"100","shutter_speed":"0.0025","title":"","orientation":"0","keywords":[]},"ID":"9898","name":"220621_DDS_26.jpg","path":"\/var\/www\/vhosts\/benalmadena-property.com\/httpdocs\/wp-content\/uploads\/2016\/04\/220621_DDS_26.jpg","url":"https:\/\/media.benalmadena-property.com\/2016\/04\/220621_DDS_26-150x150.jpg","full_url":"https:\/\/media.benalmadena-property.com\/2016\/04\/220621_DDS_26.jpg","title":"220621_DDS_26","caption":"","description":"","alt":"","srcset":"https:\/\/media.benalmadena-property.com\/2016\/04\/220621_DDS_26-150x150.jpg 150w, https:\/\/media.benalmadena-property.com\/2016\/04\/220621_DDS_26-210x210.jpg 210w"},{"width":150,"height":150,"file":"2016\/04\/220621_DDS_30.jpg","sizes":{"medium":{"file":"220621_DDS_30-300x200.jpg","width":300,"height":200,"mime-type":"image\/jpeg","url":"https:\/\/media.benalmadena-property.com\/2016\/04\/220621_DDS_30-300x200.jpg"},"thumbnail":{"file":"220621_DDS_30-150x150.jpg","width":150,"height":150,"mime-type":"image\/jpeg","url":"https:\/\/media.benalmadena-property.com\/2016\/04\/220621_DDS_30-150x150.jpg"},"medium_large":{"file":"220621_DDS_30-768x512.jpg","width":768,"height":512,"mime-type":"image\/jpeg","url":"https:\/\/media.benalmadena-property.com\/2016\/04\/220621_DDS_30-768x512.jpg"},"post-thumbnail":{"file":"220621_DDS_30-150x100.jpg","width":150,"height":100,"mime-type":"image\/jpeg","url":"https:\/\/media.benalmadena-property.com\/2016\/04\/220621_DDS_30-150x100.jpg"},"modern-property-child-slider":{"file":"220621_DDS_30-680x510.jpg","width":680,"height":510,"mime-type":"image\/jpeg","url":"https:\/\/media.benalmadena-property.com\/2016\/04\/220621_DDS_30-680x510.jpg"},"property-thumb-image":{"file":"220621_DDS_30-488x326.jpg","width":488,"height":326,"mime-type":"image\/jpeg","url":"https:\/\/media.benalmadena-property.com\/2016\/04\/220621_DDS_30-488x326.jpg"},"property-detail-video-image":{"file":"220621_DDS_30-818x417.jpg","width":818,"height":417,"mime-type":"image\/jpeg","url":"https:\/\/media.benalmadena-property.com\/2016\/04\/220621_DDS_30-818x417.jpg"},"agent-image":{"file":"220621_DDS_30-210x210.jpg","width":210,"height":210,"mime-type":"image\/jpeg","url":"https:\/\/media.benalmadena-property.com\/2016\/04\/220621_DDS_30-210x210.jpg"},"partners-logo":{"file":"220621_DDS_30-600x680.jpg","width":600,"height":680,"mime-type":"image\/jpeg","url":"https:\/\/media.benalmadena-property.com\/2016\/04\/220621_DDS_30-600x680.jpg"},"gallery-two-column-image":{"file":"220621_DDS_30-536x269.jpg","width":536,"height":269,"mime-type":"image\/jpeg","url":"https:\/\/media.benalmadena-property.com\/2016\/04\/220621_DDS_30-536x269.jpg"},"property-detail-slider-image-two":{"file":"220621_DDS_30-1020x648.jpg","width":1020,"height":648,"mime-type":"image\/jpeg","url":"https:\/\/media.benalmadena-property.com\/2016\/04\/220621_DDS_30-1020x648.jpg"},"property-detail-slider-thumb":{"file":"220621_DDS_30-82x60.jpg","width":82,"height":60,"mime-type":"image\/jpeg","url":"https:\/\/media.benalmadena-property.com\/2016\/04\/220621_DDS_30-82x60.jpg"}},"image_meta":{"aperture":"7.1","credit":"","camera":"ILCE-7M3","caption":"","created_timestamp":"1624363234","copyright":"@danieldisabatino","focal_length":"70","iso":"100","shutter_speed":"0.0015625","title":"","orientation":"0","keywords":[]},"ID":"9901","name":"220621_DDS_30.jpg","path":"\/var\/www\/vhosts\/benalmadena-property.com\/httpdocs\/wp-content\/uploads\/2016\/04\/220621_DDS_30.jpg","url":"https:\/\/media.benalmadena-property.com\/2016\/04\/220621_DDS_30-150x150.jpg","full_url":"https:\/\/media.benalmadena-property.com\/2016\/04\/220621_DDS_30.jpg","title":"220621_DDS_30","caption":"","description":"","alt":"","srcset":"https:\/\/media.benalmadena-property.com\/2016\/04\/220621_DDS_30-150x150.jpg 150w, https:\/\/media.benalmadena-property.com\/2016\/04\/220621_DDS_30-210x210.jpg 210w"},{"width":150,"height":150,"file":"2016\/04\/220621_DDS_35-1.jpg","sizes":{"medium":{"file":"220621_DDS_35-1-300x200.jpg","width":300,"height":200,"mime-type":"image\/jpeg","url":"https:\/\/media.benalmadena-property.com\/2016\/04\/220621_DDS_35-1-300x200.jpg"},"thumbnail":{"file":"220621_DDS_35-1-150x150.jpg","width":150,"height":150,"mime-type":"image\/jpeg","url":"https:\/\/media.benalmadena-property.com\/2016\/04\/220621_DDS_35-1-150x150.jpg"},"medium_large":{"file":"220621_DDS_35-1-768x512.jpg","width":768,"height":512,"mime-type":"image\/jpeg","url":"https:\/\/media.benalmadena-property.com\/2016\/04\/220621_DDS_35-1-768x512.jpg"},"post-thumbnail":{"file":"220621_DDS_35-1-150x100.jpg","width":150,"height":100,"mime-type":"image\/jpeg","url":"https:\/\/media.benalmadena-property.com\/2016\/04\/220621_DDS_35-1-150x100.jpg"},"modern-property-child-slider":{"file":"220621_DDS_35-1-680x510.jpg","width":680,"height":510,"mime-type":"image\/jpeg","url":"https:\/\/media.benalmadena-property.com\/2016\/04\/220621_DDS_35-1-680x510.jpg"},"property-thumb-image":{"file":"220621_DDS_35-1-488x326.jpg","width":488,"height":326,"mime-type":"image\/jpeg","url":"https:\/\/media.benalmadena-property.com\/2016\/04\/220621_DDS_35-1-488x326.jpg"},"property-detail-video-image":{"file":"220621_DDS_35-1-818x417.jpg","width":818,"height":417,"mime-type":"image\/jpeg","url":"https:\/\/media.benalmadena-property.com\/2016\/04\/220621_DDS_35-1-818x417.jpg"},"agent-image":{"file":"220621_DDS_35-1-210x210.jpg","width":210,"height":210,"mime-type":"image\/jpeg","url":"https:\/\/media.benalmadena-property.com\/2016\/04\/220621_DDS_35-1-210x210.jpg"},"partners-logo":{"file":"220621_DDS_35-1-600x680.jpg","width":600,"height":680,"mime-type":"image\/jpeg","url":"https:\/\/media.benalmadena-property.com\/2016\/04\/220621_DDS_35-1-600x680.jpg"},"gallery-two-column-image":{"file":"220621_DDS_35-1-536x269.jpg","width":536,"height":269,"mime-type":"image\/jpeg","url":"https:\/\/media.benalmadena-property.com\/2016\/04\/220621_DDS_35-1-536x269.jpg"},"property-detail-slider-image-two":{"file":"220621_DDS_35-1-1020x648.jpg","width":1020,"height":648,"mime-type":"image\/jpeg","url":"https:\/\/media.benalmadena-property.com\/2016\/04\/220621_DDS_35-1-1020x648.jpg"},"property-detail-slider-thumb":{"file":"220621_DDS_35-1-82x60.jpg","width":82,"height":60,"mime-type":"image\/jpeg","url":"https:\/\/media.benalmadena-property.com\/2016\/04\/220621_DDS_35-1-82x60.jpg"}},"image_meta":{"aperture":"7.1","credit":"","camera":"ILCE-7M3","caption":"","created_timestamp":"1624366729","copyright":"@danieldisabatino","focal_length":"14","iso":"100","shutter_speed":"0.0015625","title":"","orientation":"0","keywords":[]},"ID":"9910","name":"220621_DDS_35-1.jpg","path":"\/var\/www\/vhosts\/benalmadena-property.com\/httpdocs\/wp-content\/uploads\/2016\/04\/220621_DDS_35-1.jpg","url":"https:\/\/media.benalmadena-property.com\/2016\/04\/220621_DDS_35-1-150x150.jpg","full_url":"https:\/\/media.benalmadena-property.com\/2016\/04\/220621_DDS_35-1.jpg","title":"220621_DDS_35 (1)","caption":"","description":"","alt":"","srcset":"https:\/\/media.benalmadena-property.com\/2016\/04\/220621_DDS_35-1-150x150.jpg 150w, https:\/\/media.benalmadena-property.com\/2016\/04\/220621_DDS_35-1-210x210.jpg 210w"},{"width":150,"height":150,"file":"2016\/04\/220621_DDS_34.jpg","sizes":{"medium":{"file":"220621_DDS_34-300x200.jpg","width":300,"height":200,"mime-type":"image\/jpeg","url":"https:\/\/media.benalmadena-property.com\/2016\/04\/220621_DDS_34-300x200.jpg"},"thumbnail":{"file":"220621_DDS_34-150x150.jpg","width":150,"height":150,"mime-type":"image\/jpeg","url":"https:\/\/media.benalmadena-property.com\/2016\/04\/220621_DDS_34-150x150.jpg"},"medium_large":{"file":"220621_DDS_34-768x512.jpg","width":768,"height":512,"mime-type":"image\/jpeg","url":"https:\/\/media.benalmadena-property.com\/2016\/04\/220621_DDS_34-768x512.jpg"},"post-thumbnail":{"file":"220621_DDS_34-150x100.jpg","width":150,"height":100,"mime-type":"image\/jpeg","url":"https:\/\/media.benalmadena-property.com\/2016\/04\/220621_DDS_34-150x100.jpg"},"modern-property-child-slider":{"file":"220621_DDS_34-680x510.jpg","width":680,"height":510,"mime-type":"image\/jpeg","url":"https:\/\/media.benalmadena-property.com\/2016\/04\/220621_DDS_34-680x510.jpg"},"property-thumb-image":{"file":"220621_DDS_34-488x326.jpg","width":488,"height":326,"mime-type":"image\/jpeg","url":"https:\/\/media.benalmadena-property.com\/2016\/04\/220621_DDS_34-488x326.jpg"},"property-detail-video-image":{"file":"220621_DDS_34-818x417.jpg","width":818,"height":417,"mime-type":"image\/jpeg","url":"https:\/\/media.benalmadena-property.com\/2016\/04\/220621_DDS_34-818x417.jpg"},"agent-image":{"file":"220621_DDS_34-210x210.jpg","width":210,"height":210,"mime-type":"image\/jpeg","url":"https:\/\/media.benalmadena-property.com\/2016\/04\/220621_DDS_34-210x210.jpg"},"partners-logo":{"file":"220621_DDS_34-600x680.jpg","width":600,"height":680,"mime-type":"image\/jpeg","url":"https:\/\/media.benalmadena-property.com\/2016\/04\/220621_DDS_34-600x680.jpg"},"gallery-two-column-image":{"file":"220621_DDS_34-536x269.jpg","width":536,"height":269,"mime-type":"image\/jpeg","url":"https:\/\/media.benalmadena-property.com\/2016\/04\/220621_DDS_34-536x269.jpg"},"property-detail-slider-image-two":{"file":"220621_DDS_34-1020x648.jpg","width":1020,"height":648,"mime-type":"image\/jpeg","url":"https:\/\/media.benalmadena-property.com\/2016\/04\/220621_DDS_34-1020x648.jpg"},"property-detail-slider-thumb":{"file":"220621_DDS_34-82x60.jpg","width":82,"height":60,"mime-type":"image\/jpeg","url":"https:\/\/media.benalmadena-property.com\/2016\/04\/220621_DDS_34-82x60.jpg"}},"image_meta":{"aperture":"7.1","credit":"","camera":"ILCE-7M3","caption":"","created_timestamp":"1624366488","copyright":"@danieldisabatino","focal_length":"14","iso":"100","shutter_speed":"0.002","title":"","orientation":"0","keywords":[]},"ID":"9907","name":"220621_DDS_34.jpg","path":"\/var\/www\/vhosts\/benalmadena-property.com\/httpdocs\/wp-content\/uploads\/2016\/04\/220621_DDS_34.jpg","url":"https:\/\/media.benalmadena-property.com\/2016\/04\/220621_DDS_34-150x150.jpg","full_url":"https:\/\/media.benalmadena-property.com\/2016\/04\/220621_DDS_34.jpg","title":"220621_DDS_34","caption":"","description":"","alt":"","srcset":"https:\/\/media.benalmadena-property.com\/2016\/04\/220621_DDS_34-150x150.jpg 150w, https:\/\/media.benalmadena-property.com\/2016\/04\/220621_DDS_34-210x210.jpg 210w"}],"REAL_HOMES_change_gallery_slider_type":"0","REAL_HOMES_gallery_slider_type":"thumb-on-right","inspiry_floor_plans":[],"inspiry_video_group":[],"REAL_HOMES_360_virtual_tour":"","REAL_HOMES_tour_video_url":"","REAL_HOMES_tour_video_image":[],"REAL_HOMES_agent_display_option":"agent_info","REAL_HOMES_agents":[],"REAL_HOMES_energy_class":"none","REAL_HOMES_energy_performance":"","REAL_HOMES_epc_current_rating":"","REAL_HOMES_epc_potential_rating":"","REAL_HOMES_sticky":"0","inspiry_property_label":"","inspiry_property_label_color":"","inspiry_property_tax":"","inspiry_additional_fee":"","REAL_HOMES_attachments":[],"inspiry_property_owner_name":"","inspiry_property_owner_contact":"","inspiry_property_owner_address":"","REAL_HOMES_property_private_note":"","inspiry_message_to_reviewer":"","REAL_HOMES_add_in_slider":"","REAL_HOMES_slider_image":[],"REAL_HOMES_page_banner_image":[],"REAL_HOMES_pims_id":"1J100","REAL_HOMES_property_rented":"0"},"_links":{"self":[{"href":"https:\/\/www.benalmadena-property.com\/es\/wp-json\/wp\/v2\/property\/4893","targetHints":{"allow":["GET"]}}],"collection":[{"href":"https:\/\/www.benalmadena-property.com\/es\/wp-json\/wp\/v2\/property"}],"about":[{"href":"https:\/\/www.benalmadena-property.com\/es\/wp-json\/wp\/v2\/types\/property"}],"author":[{"embeddable":true,"href":"https:\/\/www.benalmadena-property.com\/es\/wp-json\/wp\/v2\/users\/1"}],"replies":[{"embeddable":true,"href":"https:\/\/www.benalmadena-property.com\/es\/wp-json\/wp\/v2\/comments?post=4893"}],"version-history":[{"count":13,"href":"https:\/\/www.benalmadena-property.com\/es\/wp-json\/wp\/v2\/property\/4893\/revisions"}],"predecessor-version":[{"id":18215,"href":"https:\/\/www.benalmadena-property.com\/es\/wp-json\/wp\/v2\/property\/4893\/revisions\/18215"}],"wp:featuredmedia":[{"embeddable":true,"href":"https:\/\/www.benalmadena-property.com\/es\/wp-json\/wp\/v2\/media\/13299"}],"wp:attachment":[{"href":"https:\/\/www.benalmadena-property.com\/es\/wp-json\/wp\/v2\/media?parent=4893"}],"wp:term":[{"taxonomy":"property-feature","embeddable":true,"href":"https:\/\/www.benalmadena-property.com\/es\/wp-json\/wp\/v2\/property-feature?post=4893"},{"taxonomy":"property-type","embeddable":true,"href":"https:\/\/www.benalmadena-property.com\/es\/wp-json\/wp\/v2\/property-type?post=4893"},{"taxonomy":"property-city","embeddable":true,"href":"https:\/\/www.benalmadena-property.com\/es\/wp-json\/wp\/v2\/property-location?post=4893"},{"taxonomy":"property-status","embeddable":true,"href":"https:\/\/www.benalmadena-property.com\/es\/wp-json\/wp\/v2\/property-status?post=4893"}],"curies":[{"name":"wp","href":"https:\/\/api.w.org\/{rel}","templated":true}]}}