{"id":8033,"date":"2021-03-10T11:20:55","date_gmt":"2021-03-10T10:20:55","guid":{"rendered":"https:\/\/www.benalmadena-property.com\/property\/apartamento-con-1-dormitorio-jupiter-benalmadena-ctc-2016072083\/"},"modified":"2025-11-24T16:47:09","modified_gmt":"2025-11-24T15:47:09","slug":"apartamento-con-1-dormitorio-jupiter-benalmadena-ctc-2016072083","status":"publish","type":"property","link":"https:\/\/www.benalmadena-property.com\/es\/property\/apartamento-con-1-dormitorio-jupiter-benalmadena-ctc-2016072083\/","title":{"rendered":"VUT\/MA\/46009 Apartamento vacacional de un dormitorio: J\u00fapiter, Benalm\u00e1dena. Ref: HJ709"},"content":{"rendered":"\r\n<p>Encantador apartamento de esquina ubicado en la 7\u00aa planta con orientacion sur\/suroeste.<br \/>Gran terraza de esquina con vistas fan\u00e1ticas al mar, a la monta\u00f1a y a la costa.<br \/>Apartamento reformado <br \/>La zona de sal\u00f3n cuenta con sof\u00e1 cama doble, TV HD y aire acondicionado en todas las instalaciones.<br \/>Cocina equipada con nevera\/congelador grande, horno, microondas, placa de 2 anillos y lavavajillas peque\u00f1o.<br \/>Los apartamentos Jupiter disponen de recepci\u00f3n las 24 horas, donde se pueden alquilar cajas fuertes por un coste adicional..<br \/>Gran piscina con toboganes abierto de junio a septiembre, y 2 piscinas m\u00e1s peque\u00f1as abiertas durante todo el a\u00f1o entre jardines grandes y bien cuidados.<br \/>Veinte minutos a pie le llevar\u00e1 a casi todas las atracciones que Benalm\u00e1dena tiene para ofrecer: Parque de la Paloma, Telef\u00e9rico y el famoso puerto de Puerto Marina. La playa est\u00e1 a solo 10 minutos a pie. <br \/>Bares, restaurantes y lugares de entretenimiento muy cerca.<br \/><br \/>Dormitorio: Cama de matrimonio<br \/>Zona de sal\u00f3n: Sof\u00e1 Cama<br \/>Aire acondicionado<br \/>Clasificaci\u00f3n: Premium +<br \r\n\r\n\r\n\r\n<p><strong>NO SE PERMITE FUMAR NI MASCOTAS<\/strong><\/p>\r\n\r\n\r\n<strong>LICENCIA TURISTICA: ESFCTU0000290350001800680000000000000000VUT\/MA\/460093 <\/strong>","protected":false},"excerpt":{"rendered":"<p>Encantador apartamento de esquina ubicado en la 7\u00aa planta con orientacion sur\/suroeste.Gran terraza de esquina con vistas fan\u00e1ticas al mar, a la monta\u00f1a y a la costa.Apartamento reformado La zona de sal\u00f3n cuenta con sof\u00e1 cama doble, TV HD y aire acondicionado en todas las instalaciones.Cocina equipada con nevera\/congelador grande, horno, microondas, placa de 2&#8230;<\/p>\n","protected":false},"author":2,"featured_media":8959,"parent":0,"menu_order":0,"comment_status":"open","ping_status":"closed","template":"","property-feature":[514,517,535,532,505,373,501,530,506,526,528,509,502,508,219,504],"property-type":[221],"property-location":[308,444,453,223,538,443],"property-status":[224],"class_list":["post-8033","property","type-property","status-publish","has-post-thumbnail","hentry","property-feature-2-placas-de-anillo","property-feature-acceso-a-internet","property-feature-acceso-wifi","property-feature-aire-acondicionado","property-feature-hervidor","property-feature-horno","property-feature-lavadora","property-feature-lavavajillas","property-feature-microondas","property-feature-nevera-congelador","property-feature-piscinas","property-feature-plancha-y-tablero","property-feature-terraza","property-feature-tostadora","property-feature-tv-es","property-feature-vistas-al-mar","property-type-apartmento","property-city-arroyo-de-la-miel-es","property-city-benalmadena-es","property-city-benalmadena-es-2","property-city-benalmadena-costa-benalmadena-arroyo-de-la-mielcosta-del-sol-es","property-city-benalmadena-costa-costa-del-sol-es","property-city-costa-del-sol-es","property-status-alquileres-vacacionales"],"property_meta":{"REAL_HOMES_property_price":"515","REAL_HOMES_property_old_price":"","REAL_HOMES_property_price_prefix":"","REAL_HOMES_property_price_postfix":"","REAL_HOMES_property_size":"","REAL_HOMES_property_size_postfix":"","REAL_HOMES_property_lot_size":"","REAL_HOMES_property_lot_size_postfix":"","REAL_HOMES_property_bedrooms":"1","REAL_HOMES_property_bathrooms":"1","REAL_HOMES_property_garage":"","REAL_HOMES_property_id":"HJ709","REAL_HOMES_property_year_built":"","REAL_HOMES_featured":"1","REAL_HOMES_additional_details_list":[],"REAL_HOMES_property_location":{"latitude":"36.600957646177","longitude":"-4.5249053808862","zoom":"11"},"REAL_HOMES_property_address":"Edificio J\u00fapiter , Av de Gamonal, 12, 29630 Benalm\u00e1dena, M\u00e1laga, Espa\u00f1a","REAL_HOMES_property_map":"","REAL_HOMES_property_images":[{"width":150,"height":150,"file":"2021\/03\/220621_DDS_06.jpg","sizes":{"medium":{"file":"220621_DDS_06-300x200.jpg","width":300,"height":200,"mime-type":"image\/jpeg","url":"https:\/\/media.benalmadena-property.com\/2021\/03\/220621_DDS_06-300x200.jpg"},"thumbnail":{"file":"220621_DDS_06-150x150.jpg","width":150,"height":150,"mime-type":"image\/jpeg","url":"https:\/\/media.benalmadena-property.com\/2021\/03\/220621_DDS_06-150x150.jpg"},"medium_large":{"file":"220621_DDS_06-768x512.jpg","width":768,"height":512,"mime-type":"image\/jpeg","url":"https:\/\/media.benalmadena-property.com\/2021\/03\/220621_DDS_06-768x512.jpg"},"post-thumbnail":{"file":"220621_DDS_06-150x100.jpg","width":150,"height":100,"mime-type":"image\/jpeg","url":"https:\/\/media.benalmadena-property.com\/2021\/03\/220621_DDS_06-150x100.jpg"},"modern-property-child-slider":{"file":"220621_DDS_06-680x510.jpg","width":680,"height":510,"mime-type":"image\/jpeg","url":"https:\/\/media.benalmadena-property.com\/2021\/03\/220621_DDS_06-680x510.jpg"},"property-thumb-image":{"file":"220621_DDS_06-488x326.jpg","width":488,"height":326,"mime-type":"image\/jpeg","url":"https:\/\/media.benalmadena-property.com\/2021\/03\/220621_DDS_06-488x326.jpg"},"property-detail-video-image":{"file":"220621_DDS_06-818x417.jpg","width":818,"height":417,"mime-type":"image\/jpeg","url":"https:\/\/media.benalmadena-property.com\/2021\/03\/220621_DDS_06-818x417.jpg"},"agent-image":{"file":"220621_DDS_06-210x210.jpg","width":210,"height":210,"mime-type":"image\/jpeg","url":"https:\/\/media.benalmadena-property.com\/2021\/03\/220621_DDS_06-210x210.jpg"},"partners-logo":{"file":"220621_DDS_06-600x680.jpg","width":600,"height":680,"mime-type":"image\/jpeg","url":"https:\/\/media.benalmadena-property.com\/2021\/03\/220621_DDS_06-600x680.jpg"},"gallery-two-column-image":{"file":"220621_DDS_06-536x269.jpg","width":536,"height":269,"mime-type":"image\/jpeg","url":"https:\/\/media.benalmadena-property.com\/2021\/03\/220621_DDS_06-536x269.jpg"},"property-detail-slider-image-two":{"file":"220621_DDS_06-1020x648.jpg","width":1020,"height":648,"mime-type":"image\/jpeg","url":"https:\/\/media.benalmadena-property.com\/2021\/03\/220621_DDS_06-1020x648.jpg"},"property-detail-slider-thumb":{"file":"220621_DDS_06-82x60.jpg","width":82,"height":60,"mime-type":"image\/jpeg","url":"https:\/\/media.benalmadena-property.com\/2021\/03\/220621_DDS_06-82x60.jpg"}},"image_meta":{"aperture":"7.1","credit":"","camera":"ILCE-7M3","caption":"","created_timestamp":"1624357381","copyright":"@danieldisabatino","focal_length":"14","iso":"200","shutter_speed":"0.0005","title":"","orientation":"0","keywords":[]},"ID":"8959","name":"220621_DDS_06.jpg","path":"\/var\/www\/vhosts\/benalmadena-property.com\/httpdocs\/wp-content\/uploads\/2021\/03\/220621_DDS_06.jpg","url":"https:\/\/media.benalmadena-property.com\/2021\/03\/220621_DDS_06-150x150.jpg","full_url":"https:\/\/media.benalmadena-property.com\/2021\/03\/220621_DDS_06.jpg","title":"220621_DDS_06","caption":"","description":"","alt":"","srcset":"https:\/\/media.benalmadena-property.com\/2021\/03\/220621_DDS_06-150x150.jpg 150w, https:\/\/media.benalmadena-property.com\/2021\/03\/220621_DDS_06-210x210.jpg 210w"},{"width":150,"height":150,"file":"2021\/03\/220621_DDS_12.jpg","sizes":{"medium":{"file":"220621_DDS_12-300x200.jpg","width":300,"height":200,"mime-type":"image\/jpeg","url":"https:\/\/media.benalmadena-property.com\/2021\/03\/220621_DDS_12-300x200.jpg"},"thumbnail":{"file":"220621_DDS_12-150x150.jpg","width":150,"height":150,"mime-type":"image\/jpeg","url":"https:\/\/media.benalmadena-property.com\/2021\/03\/220621_DDS_12-150x150.jpg"},"medium_large":{"file":"220621_DDS_12-768x512.jpg","width":768,"height":512,"mime-type":"image\/jpeg","url":"https:\/\/media.benalmadena-property.com\/2021\/03\/220621_DDS_12-768x512.jpg"},"post-thumbnail":{"file":"220621_DDS_12-150x100.jpg","width":150,"height":100,"mime-type":"image\/jpeg","url":"https:\/\/media.benalmadena-property.com\/2021\/03\/220621_DDS_12-150x100.jpg"},"modern-property-child-slider":{"file":"220621_DDS_12-680x510.jpg","width":680,"height":510,"mime-type":"image\/jpeg","url":"https:\/\/media.benalmadena-property.com\/2021\/03\/220621_DDS_12-680x510.jpg"},"property-thumb-image":{"file":"220621_DDS_12-488x326.jpg","width":488,"height":326,"mime-type":"image\/jpeg","url":"https:\/\/media.benalmadena-property.com\/2021\/03\/220621_DDS_12-488x326.jpg"},"property-detail-video-image":{"file":"220621_DDS_12-818x417.jpg","width":818,"height":417,"mime-type":"image\/jpeg","url":"https:\/\/media.benalmadena-property.com\/2021\/03\/220621_DDS_12-818x417.jpg"},"agent-image":{"file":"220621_DDS_12-210x210.jpg","width":210,"height":210,"mime-type":"image\/jpeg","url":"https:\/\/media.benalmadena-property.com\/2021\/03\/220621_DDS_12-210x210.jpg"},"partners-logo":{"file":"220621_DDS_12-600x680.jpg","width":600,"height":680,"mime-type":"image\/jpeg","url":"https:\/\/media.benalmadena-property.com\/2021\/03\/220621_DDS_12-600x680.jpg"},"gallery-two-column-image":{"file":"220621_DDS_12-536x269.jpg","width":536,"height":269,"mime-type":"image\/jpeg","url":"https:\/\/media.benalmadena-property.com\/2021\/03\/220621_DDS_12-536x269.jpg"},"property-detail-slider-image-two":{"file":"220621_DDS_12-1020x648.jpg","width":1020,"height":648,"mime-type":"image\/jpeg","url":"https:\/\/media.benalmadena-property.com\/2021\/03\/220621_DDS_12-1020x648.jpg"},"property-detail-slider-thumb":{"file":"220621_DDS_12-82x60.jpg","width":82,"height":60,"mime-type":"image\/jpeg","url":"https:\/\/media.benalmadena-property.com\/2021\/03\/220621_DDS_12-82x60.jpg"}},"image_meta":{"aperture":"7.1","credit":"","camera":"ILCE-7M3","caption":"","created_timestamp":"1624357570","copyright":"@danieldisabatino","focal_length":"14","iso":"200","shutter_speed":"0.025","title":"","orientation":"0","keywords":[]},"ID":"8977","name":"220621_DDS_12.jpg","path":"\/var\/www\/vhosts\/benalmadena-property.com\/httpdocs\/wp-content\/uploads\/2021\/03\/220621_DDS_12.jpg","url":"https:\/\/media.benalmadena-property.com\/2021\/03\/220621_DDS_12-150x150.jpg","full_url":"https:\/\/media.benalmadena-property.com\/2021\/03\/220621_DDS_12.jpg","title":"220621_DDS_12","caption":"","description":"","alt":"","srcset":"https:\/\/media.benalmadena-property.com\/2021\/03\/220621_DDS_12-150x150.jpg 150w, https:\/\/media.benalmadena-property.com\/2021\/03\/220621_DDS_12-210x210.jpg 210w"},{"width":150,"height":150,"file":"2021\/03\/220621_DDS_13.jpg","sizes":{"medium":{"file":"220621_DDS_13-300x200.jpg","width":300,"height":200,"mime-type":"image\/jpeg","url":"https:\/\/media.benalmadena-property.com\/2021\/03\/220621_DDS_13-300x200.jpg"},"thumbnail":{"file":"220621_DDS_13-150x150.jpg","width":150,"height":150,"mime-type":"image\/jpeg","url":"https:\/\/media.benalmadena-property.com\/2021\/03\/220621_DDS_13-150x150.jpg"},"medium_large":{"file":"220621_DDS_13-768x512.jpg","width":768,"height":512,"mime-type":"image\/jpeg","url":"https:\/\/media.benalmadena-property.com\/2021\/03\/220621_DDS_13-768x512.jpg"},"post-thumbnail":{"file":"220621_DDS_13-150x100.jpg","width":150,"height":100,"mime-type":"image\/jpeg","url":"https:\/\/media.benalmadena-property.com\/2021\/03\/220621_DDS_13-150x100.jpg"},"modern-property-child-slider":{"file":"220621_DDS_13-680x510.jpg","width":680,"height":510,"mime-type":"image\/jpeg","url":"https:\/\/media.benalmadena-property.com\/2021\/03\/220621_DDS_13-680x510.jpg"},"property-thumb-image":{"file":"220621_DDS_13-488x326.jpg","width":488,"height":326,"mime-type":"image\/jpeg","url":"https:\/\/media.benalmadena-property.com\/2021\/03\/220621_DDS_13-488x326.jpg"},"property-detail-video-image":{"file":"220621_DDS_13-818x417.jpg","width":818,"height":417,"mime-type":"image\/jpeg","url":"https:\/\/media.benalmadena-property.com\/2021\/03\/220621_DDS_13-818x417.jpg"},"agent-image":{"file":"220621_DDS_13-210x210.jpg","width":210,"height":210,"mime-type":"image\/jpeg","url":"https:\/\/media.benalmadena-property.com\/2021\/03\/220621_DDS_13-210x210.jpg"},"partners-logo":{"file":"220621_DDS_13-600x680.jpg","width":600,"height":680,"mime-type":"image\/jpeg","url":"https:\/\/media.benalmadena-property.com\/2021\/03\/220621_DDS_13-600x680.jpg"},"gallery-two-column-image":{"file":"220621_DDS_13-536x269.jpg","width":536,"height":269,"mime-type":"image\/jpeg","url":"https:\/\/media.benalmadena-property.com\/2021\/03\/220621_DDS_13-536x269.jpg"},"property-detail-slider-image-two":{"file":"220621_DDS_13-1020x648.jpg","width":1020,"height":648,"mime-type":"image\/jpeg","url":"https:\/\/media.benalmadena-property.com\/2021\/03\/220621_DDS_13-1020x648.jpg"},"property-detail-slider-thumb":{"file":"220621_DDS_13-82x60.jpg","width":82,"height":60,"mime-type":"image\/jpeg","url":"https:\/\/media.benalmadena-property.com\/2021\/03\/220621_DDS_13-82x60.jpg"}},"image_meta":{"aperture":"7.1","credit":"","camera":"ILCE-7M3","caption":"","created_timestamp":"1624357627","copyright":"@danieldisabatino","focal_length":"14","iso":"200","shutter_speed":"0.001","title":"","orientation":"0","keywords":[]},"ID":"8980","name":"220621_DDS_13.jpg","path":"\/var\/www\/vhosts\/benalmadena-property.com\/httpdocs\/wp-content\/uploads\/2021\/03\/220621_DDS_13.jpg","url":"https:\/\/media.benalmadena-property.com\/2021\/03\/220621_DDS_13-150x150.jpg","full_url":"https:\/\/media.benalmadena-property.com\/2021\/03\/220621_DDS_13.jpg","title":"220621_DDS_13","caption":"","description":"","alt":"","srcset":"https:\/\/media.benalmadena-property.com\/2021\/03\/220621_DDS_13-150x150.jpg 150w, https:\/\/media.benalmadena-property.com\/2021\/03\/220621_DDS_13-210x210.jpg 210w"},{"width":150,"height":150,"file":"2021\/03\/220621_DDS_11.jpg","sizes":{"medium":{"file":"220621_DDS_11-300x200.jpg","width":300,"height":200,"mime-type":"image\/jpeg","url":"https:\/\/media.benalmadena-property.com\/2021\/03\/220621_DDS_11-300x200.jpg"},"thumbnail":{"file":"220621_DDS_11-150x150.jpg","width":150,"height":150,"mime-type":"image\/jpeg","url":"https:\/\/media.benalmadena-property.com\/2021\/03\/220621_DDS_11-150x150.jpg"},"medium_large":{"file":"220621_DDS_11-768x512.jpg","width":768,"height":512,"mime-type":"image\/jpeg","url":"https:\/\/media.benalmadena-property.com\/2021\/03\/220621_DDS_11-768x512.jpg"},"post-thumbnail":{"file":"220621_DDS_11-150x100.jpg","width":150,"height":100,"mime-type":"image\/jpeg","url":"https:\/\/media.benalmadena-property.com\/2021\/03\/220621_DDS_11-150x100.jpg"},"modern-property-child-slider":{"file":"220621_DDS_11-680x510.jpg","width":680,"height":510,"mime-type":"image\/jpeg","url":"https:\/\/media.benalmadena-property.com\/2021\/03\/220621_DDS_11-680x510.jpg"},"property-thumb-image":{"file":"220621_DDS_11-488x326.jpg","width":488,"height":326,"mime-type":"image\/jpeg","url":"https:\/\/media.benalmadena-property.com\/2021\/03\/220621_DDS_11-488x326.jpg"},"property-detail-video-image":{"file":"220621_DDS_11-818x417.jpg","width":818,"height":417,"mime-type":"image\/jpeg","url":"https:\/\/media.benalmadena-property.com\/2021\/03\/220621_DDS_11-818x417.jpg"},"agent-image":{"file":"220621_DDS_11-210x210.jpg","width":210,"height":210,"mime-type":"image\/jpeg","url":"https:\/\/media.benalmadena-property.com\/2021\/03\/220621_DDS_11-210x210.jpg"},"partners-logo":{"file":"220621_DDS_11-600x680.jpg","width":600,"height":680,"mime-type":"image\/jpeg","url":"https:\/\/media.benalmadena-property.com\/2021\/03\/220621_DDS_11-600x680.jpg"},"gallery-two-column-image":{"file":"220621_DDS_11-536x269.jpg","width":536,"height":269,"mime-type":"image\/jpeg","url":"https:\/\/media.benalmadena-property.com\/2021\/03\/220621_DDS_11-536x269.jpg"},"property-detail-slider-image-two":{"file":"220621_DDS_11-1020x648.jpg","width":1020,"height":648,"mime-type":"image\/jpeg","url":"https:\/\/media.benalmadena-property.com\/2021\/03\/220621_DDS_11-1020x648.jpg"},"property-detail-slider-thumb":{"file":"220621_DDS_11-82x60.jpg","width":82,"height":60,"mime-type":"image\/jpeg","url":"https:\/\/media.benalmadena-property.com\/2021\/03\/220621_DDS_11-82x60.jpg"}},"image_meta":{"aperture":"7.1","credit":"","camera":"ILCE-7M3","caption":"","created_timestamp":"1624357503","copyright":"@danieldisabatino","focal_length":"14","iso":"200","shutter_speed":"0.00125","title":"","orientation":"0","keywords":[]},"ID":"8974","name":"220621_DDS_11.jpg","path":"\/var\/www\/vhosts\/benalmadena-property.com\/httpdocs\/wp-content\/uploads\/2021\/03\/220621_DDS_11.jpg","url":"https:\/\/media.benalmadena-property.com\/2021\/03\/220621_DDS_11-150x150.jpg","full_url":"https:\/\/media.benalmadena-property.com\/2021\/03\/220621_DDS_11.jpg","title":"220621_DDS_11","caption":"","description":"","alt":"","srcset":"https:\/\/media.benalmadena-property.com\/2021\/03\/220621_DDS_11-150x150.jpg 150w, https:\/\/media.benalmadena-property.com\/2021\/03\/220621_DDS_11-210x210.jpg 210w"},{"width":150,"height":150,"file":"2021\/03\/220621_DDS_14.jpg","sizes":{"medium":{"file":"220621_DDS_14-300x200.jpg","width":300,"height":200,"mime-type":"image\/jpeg","url":"https:\/\/media.benalmadena-property.com\/2021\/03\/220621_DDS_14-300x200.jpg"},"thumbnail":{"file":"220621_DDS_14-150x150.jpg","width":150,"height":150,"mime-type":"image\/jpeg","url":"https:\/\/media.benalmadena-property.com\/2021\/03\/220621_DDS_14-150x150.jpg"},"medium_large":{"file":"220621_DDS_14-768x512.jpg","width":768,"height":512,"mime-type":"image\/jpeg","url":"https:\/\/media.benalmadena-property.com\/2021\/03\/220621_DDS_14-768x512.jpg"},"post-thumbnail":{"file":"220621_DDS_14-150x100.jpg","width":150,"height":100,"mime-type":"image\/jpeg","url":"https:\/\/media.benalmadena-property.com\/2021\/03\/220621_DDS_14-150x100.jpg"},"modern-property-child-slider":{"file":"220621_DDS_14-680x510.jpg","width":680,"height":510,"mime-type":"image\/jpeg","url":"https:\/\/media.benalmadena-property.com\/2021\/03\/220621_DDS_14-680x510.jpg"},"property-thumb-image":{"file":"220621_DDS_14-488x326.jpg","width":488,"height":326,"mime-type":"image\/jpeg","url":"https:\/\/media.benalmadena-property.com\/2021\/03\/220621_DDS_14-488x326.jpg"},"property-detail-video-image":{"file":"220621_DDS_14-818x417.jpg","width":818,"height":417,"mime-type":"image\/jpeg","url":"https:\/\/media.benalmadena-property.com\/2021\/03\/220621_DDS_14-818x417.jpg"},"agent-image":{"file":"220621_DDS_14-210x210.jpg","width":210,"height":210,"mime-type":"image\/jpeg","url":"https:\/\/media.benalmadena-property.com\/2021\/03\/220621_DDS_14-210x210.jpg"},"partners-logo":{"file":"220621_DDS_14-600x680.jpg","width":600,"height":680,"mime-type":"image\/jpeg","url":"https:\/\/media.benalmadena-property.com\/2021\/03\/220621_DDS_14-600x680.jpg"},"gallery-two-column-image":{"file":"220621_DDS_14-536x269.jpg","width":536,"height":269,"mime-type":"image\/jpeg","url":"https:\/\/media.benalmadena-property.com\/2021\/03\/220621_DDS_14-536x269.jpg"},"property-detail-slider-image-two":{"file":"220621_DDS_14-1020x648.jpg","width":1020,"height":648,"mime-type":"image\/jpeg","url":"https:\/\/media.benalmadena-property.com\/2021\/03\/220621_DDS_14-1020x648.jpg"},"property-detail-slider-thumb":{"file":"220621_DDS_14-82x60.jpg","width":82,"height":60,"mime-type":"image\/jpeg","url":"https:\/\/media.benalmadena-property.com\/2021\/03\/220621_DDS_14-82x60.jpg"}},"image_meta":{"aperture":"7.1","credit":"","camera":"ILCE-7M3","caption":"","created_timestamp":"1624357688","copyright":"@danieldisabatino","focal_length":"14","iso":"200","shutter_speed":"0.00125","title":"","orientation":"0","keywords":[]},"ID":"8983","name":"220621_DDS_14.jpg","path":"\/var\/www\/vhosts\/benalmadena-property.com\/httpdocs\/wp-content\/uploads\/2021\/03\/220621_DDS_14.jpg","url":"https:\/\/media.benalmadena-property.com\/2021\/03\/220621_DDS_14-150x150.jpg","full_url":"https:\/\/media.benalmadena-property.com\/2021\/03\/220621_DDS_14.jpg","title":"220621_DDS_14","caption":"","description":"","alt":"","srcset":"https:\/\/media.benalmadena-property.com\/2021\/03\/220621_DDS_14-150x150.jpg 150w, https:\/\/media.benalmadena-property.com\/2021\/03\/220621_DDS_14-210x210.jpg 210w"},{"width":150,"height":150,"file":"2021\/03\/220621_DDS_18.jpg","sizes":{"medium":{"file":"220621_DDS_18-300x200.jpg","width":300,"height":200,"mime-type":"image\/jpeg","url":"https:\/\/media.benalmadena-property.com\/2021\/03\/220621_DDS_18-300x200.jpg"},"thumbnail":{"file":"220621_DDS_18-150x150.jpg","width":150,"height":150,"mime-type":"image\/jpeg","url":"https:\/\/media.benalmadena-property.com\/2021\/03\/220621_DDS_18-150x150.jpg"},"medium_large":{"file":"220621_DDS_18-768x512.jpg","width":768,"height":512,"mime-type":"image\/jpeg","url":"https:\/\/media.benalmadena-property.com\/2021\/03\/220621_DDS_18-768x512.jpg"},"post-thumbnail":{"file":"220621_DDS_18-150x100.jpg","width":150,"height":100,"mime-type":"image\/jpeg","url":"https:\/\/media.benalmadena-property.com\/2021\/03\/220621_DDS_18-150x100.jpg"},"modern-property-child-slider":{"file":"220621_DDS_18-680x510.jpg","width":680,"height":510,"mime-type":"image\/jpeg","url":"https:\/\/media.benalmadena-property.com\/2021\/03\/220621_DDS_18-680x510.jpg"},"property-thumb-image":{"file":"220621_DDS_18-488x326.jpg","width":488,"height":326,"mime-type":"image\/jpeg","url":"https:\/\/media.benalmadena-property.com\/2021\/03\/220621_DDS_18-488x326.jpg"},"property-detail-video-image":{"file":"220621_DDS_18-818x417.jpg","width":818,"height":417,"mime-type":"image\/jpeg","url":"https:\/\/media.benalmadena-property.com\/2021\/03\/220621_DDS_18-818x417.jpg"},"agent-image":{"file":"220621_DDS_18-210x210.jpg","width":210,"height":210,"mime-type":"image\/jpeg","url":"https:\/\/media.benalmadena-property.com\/2021\/03\/220621_DDS_18-210x210.jpg"},"partners-logo":{"file":"220621_DDS_18-600x680.jpg","width":600,"height":680,"mime-type":"image\/jpeg","url":"https:\/\/media.benalmadena-property.com\/2021\/03\/220621_DDS_18-600x680.jpg"},"gallery-two-column-image":{"file":"220621_DDS_18-536x269.jpg","width":536,"height":269,"mime-type":"image\/jpeg","url":"https:\/\/media.benalmadena-property.com\/2021\/03\/220621_DDS_18-536x269.jpg"},"property-detail-slider-image-two":{"file":"220621_DDS_18-1020x648.jpg","width":1020,"height":648,"mime-type":"image\/jpeg","url":"https:\/\/media.benalmadena-property.com\/2021\/03\/220621_DDS_18-1020x648.jpg"},"property-detail-slider-thumb":{"file":"220621_DDS_18-82x60.jpg","width":82,"height":60,"mime-type":"image\/jpeg","url":"https:\/\/media.benalmadena-property.com\/2021\/03\/220621_DDS_18-82x60.jpg"}},"image_meta":{"aperture":"7.1","credit":"","camera":"ILCE-7M3","caption":"","created_timestamp":"1624358118","copyright":"@danieldisabatino","focal_length":"14","iso":"200","shutter_speed":"0.0008","title":"","orientation":"0","keywords":[]},"ID":"8992","name":"220621_DDS_18.jpg","path":"\/var\/www\/vhosts\/benalmadena-property.com\/httpdocs\/wp-content\/uploads\/2021\/03\/220621_DDS_18.jpg","url":"https:\/\/media.benalmadena-property.com\/2021\/03\/220621_DDS_18-150x150.jpg","full_url":"https:\/\/media.benalmadena-property.com\/2021\/03\/220621_DDS_18.jpg","title":"220621_DDS_18","caption":"","description":"","alt":"","srcset":"https:\/\/media.benalmadena-property.com\/2021\/03\/220621_DDS_18-150x150.jpg 150w, https:\/\/media.benalmadena-property.com\/2021\/03\/220621_DDS_18-210x210.jpg 210w"},{"width":150,"height":150,"file":"2021\/03\/220621_DDS_19.jpg","sizes":{"medium":{"file":"220621_DDS_19-300x200.jpg","width":300,"height":200,"mime-type":"image\/jpeg","url":"https:\/\/media.benalmadena-property.com\/2021\/03\/220621_DDS_19-300x200.jpg"},"thumbnail":{"file":"220621_DDS_19-150x150.jpg","width":150,"height":150,"mime-type":"image\/jpeg","url":"https:\/\/media.benalmadena-property.com\/2021\/03\/220621_DDS_19-150x150.jpg"},"medium_large":{"file":"220621_DDS_19-768x512.jpg","width":768,"height":512,"mime-type":"image\/jpeg","url":"https:\/\/media.benalmadena-property.com\/2021\/03\/220621_DDS_19-768x512.jpg"},"post-thumbnail":{"file":"220621_DDS_19-150x100.jpg","width":150,"height":100,"mime-type":"image\/jpeg","url":"https:\/\/media.benalmadena-property.com\/2021\/03\/220621_DDS_19-150x100.jpg"},"modern-property-child-slider":{"file":"220621_DDS_19-680x510.jpg","width":680,"height":510,"mime-type":"image\/jpeg","url":"https:\/\/media.benalmadena-property.com\/2021\/03\/220621_DDS_19-680x510.jpg"},"property-thumb-image":{"file":"220621_DDS_19-488x326.jpg","width":488,"height":326,"mime-type":"image\/jpeg","url":"https:\/\/media.benalmadena-property.com\/2021\/03\/220621_DDS_19-488x326.jpg"},"property-detail-video-image":{"file":"220621_DDS_19-818x417.jpg","width":818,"height":417,"mime-type":"image\/jpeg","url":"https:\/\/media.benalmadena-property.com\/2021\/03\/220621_DDS_19-818x417.jpg"},"agent-image":{"file":"220621_DDS_19-210x210.jpg","width":210,"height":210,"mime-type":"image\/jpeg","url":"https:\/\/media.benalmadena-property.com\/2021\/03\/220621_DDS_19-210x210.jpg"},"partners-logo":{"file":"220621_DDS_19-600x680.jpg","width":600,"height":680,"mime-type":"image\/jpeg","url":"https:\/\/media.benalmadena-property.com\/2021\/03\/220621_DDS_19-600x680.jpg"},"gallery-two-column-image":{"file":"220621_DDS_19-536x269.jpg","width":536,"height":269,"mime-type":"image\/jpeg","url":"https:\/\/media.benalmadena-property.com\/2021\/03\/220621_DDS_19-536x269.jpg"},"property-detail-slider-image-two":{"file":"220621_DDS_19-1020x648.jpg","width":1020,"height":648,"mime-type":"image\/jpeg","url":"https:\/\/media.benalmadena-property.com\/2021\/03\/220621_DDS_19-1020x648.jpg"},"property-detail-slider-thumb":{"file":"220621_DDS_19-82x60.jpg","width":82,"height":60,"mime-type":"image\/jpeg","url":"https:\/\/media.benalmadena-property.com\/2021\/03\/220621_DDS_19-82x60.jpg"}},"image_meta":{"aperture":"7.1","credit":"","camera":"ILCE-7M3","caption":"","created_timestamp":"1624358157","copyright":"@danieldisabatino","focal_length":"14","iso":"200","shutter_speed":"0.05","title":"","orientation":"0","keywords":[]},"ID":"8995","name":"220621_DDS_19.jpg","path":"\/var\/www\/vhosts\/benalmadena-property.com\/httpdocs\/wp-content\/uploads\/2021\/03\/220621_DDS_19.jpg","url":"https:\/\/media.benalmadena-property.com\/2021\/03\/220621_DDS_19-150x150.jpg","full_url":"https:\/\/media.benalmadena-property.com\/2021\/03\/220621_DDS_19.jpg","title":"220621_DDS_19","caption":"","description":"","alt":"","srcset":"https:\/\/media.benalmadena-property.com\/2021\/03\/220621_DDS_19-150x150.jpg 150w, https:\/\/media.benalmadena-property.com\/2021\/03\/220621_DDS_19-210x210.jpg 210w"},{"width":150,"height":150,"file":"2021\/03\/220621_DDS_17.jpg","sizes":{"medium":{"file":"220621_DDS_17-300x200.jpg","width":300,"height":200,"mime-type":"image\/jpeg","url":"https:\/\/media.benalmadena-property.com\/2021\/03\/220621_DDS_17-300x200.jpg"},"thumbnail":{"file":"220621_DDS_17-150x150.jpg","width":150,"height":150,"mime-type":"image\/jpeg","url":"https:\/\/media.benalmadena-property.com\/2021\/03\/220621_DDS_17-150x150.jpg"},"medium_large":{"file":"220621_DDS_17-768x512.jpg","width":768,"height":512,"mime-type":"image\/jpeg","url":"https:\/\/media.benalmadena-property.com\/2021\/03\/220621_DDS_17-768x512.jpg"},"post-thumbnail":{"file":"220621_DDS_17-150x100.jpg","width":150,"height":100,"mime-type":"image\/jpeg","url":"https:\/\/media.benalmadena-property.com\/2021\/03\/220621_DDS_17-150x100.jpg"},"modern-property-child-slider":{"file":"220621_DDS_17-680x510.jpg","width":680,"height":510,"mime-type":"image\/jpeg","url":"https:\/\/media.benalmadena-property.com\/2021\/03\/220621_DDS_17-680x510.jpg"},"property-thumb-image":{"file":"220621_DDS_17-488x326.jpg","width":488,"height":326,"mime-type":"image\/jpeg","url":"https:\/\/media.benalmadena-property.com\/2021\/03\/220621_DDS_17-488x326.jpg"},"property-detail-video-image":{"file":"220621_DDS_17-818x417.jpg","width":818,"height":417,"mime-type":"image\/jpeg","url":"https:\/\/media.benalmadena-property.com\/2021\/03\/220621_DDS_17-818x417.jpg"},"agent-image":{"file":"220621_DDS_17-210x210.jpg","width":210,"height":210,"mime-type":"image\/jpeg","url":"https:\/\/media.benalmadena-property.com\/2021\/03\/220621_DDS_17-210x210.jpg"},"partners-logo":{"file":"220621_DDS_17-600x680.jpg","width":600,"height":680,"mime-type":"image\/jpeg","url":"https:\/\/media.benalmadena-property.com\/2021\/03\/220621_DDS_17-600x680.jpg"},"gallery-two-column-image":{"file":"220621_DDS_17-536x269.jpg","width":536,"height":269,"mime-type":"image\/jpeg","url":"https:\/\/media.benalmadena-property.com\/2021\/03\/220621_DDS_17-536x269.jpg"},"property-detail-slider-image-two":{"file":"220621_DDS_17-1020x648.jpg","width":1020,"height":648,"mime-type":"image\/jpeg","url":"https:\/\/media.benalmadena-property.com\/2021\/03\/220621_DDS_17-1020x648.jpg"},"property-detail-slider-thumb":{"file":"220621_DDS_17-82x60.jpg","width":82,"height":60,"mime-type":"image\/jpeg","url":"https:\/\/media.benalmadena-property.com\/2021\/03\/220621_DDS_17-82x60.jpg"}},"image_meta":{"aperture":"7.1","credit":"","camera":"ILCE-7M3","caption":"","created_timestamp":"1624357938","copyright":"@danieldisabatino","focal_length":"14","iso":"200","shutter_speed":"0.076923076923077","title":"","orientation":"0","keywords":[]},"ID":"8989","name":"220621_DDS_17.jpg","path":"\/var\/www\/vhosts\/benalmadena-property.com\/httpdocs\/wp-content\/uploads\/2021\/03\/220621_DDS_17.jpg","url":"https:\/\/media.benalmadena-property.com\/2021\/03\/220621_DDS_17-150x150.jpg","full_url":"https:\/\/media.benalmadena-property.com\/2021\/03\/220621_DDS_17.jpg","title":"220621_DDS_17","caption":"","description":"","alt":"","srcset":"https:\/\/media.benalmadena-property.com\/2021\/03\/220621_DDS_17-150x150.jpg 150w, https:\/\/media.benalmadena-property.com\/2021\/03\/220621_DDS_17-210x210.jpg 210w"},{"width":150,"height":150,"file":"2021\/03\/220621_DDS_16.jpg","sizes":{"medium":{"file":"220621_DDS_16-300x200.jpg","width":300,"height":200,"mime-type":"image\/jpeg","url":"https:\/\/media.benalmadena-property.com\/2021\/03\/220621_DDS_16-300x200.jpg"},"thumbnail":{"file":"220621_DDS_16-150x150.jpg","width":150,"height":150,"mime-type":"image\/jpeg","url":"https:\/\/media.benalmadena-property.com\/2021\/03\/220621_DDS_16-150x150.jpg"},"medium_large":{"file":"220621_DDS_16-768x512.jpg","width":768,"height":512,"mime-type":"image\/jpeg","url":"https:\/\/media.benalmadena-property.com\/2021\/03\/220621_DDS_16-768x512.jpg"},"post-thumbnail":{"file":"220621_DDS_16-150x100.jpg","width":150,"height":100,"mime-type":"image\/jpeg","url":"https:\/\/media.benalmadena-property.com\/2021\/03\/220621_DDS_16-150x100.jpg"},"modern-property-child-slider":{"file":"220621_DDS_16-680x510.jpg","width":680,"height":510,"mime-type":"image\/jpeg","url":"https:\/\/media.benalmadena-property.com\/2021\/03\/220621_DDS_16-680x510.jpg"},"property-thumb-image":{"file":"220621_DDS_16-488x326.jpg","width":488,"height":326,"mime-type":"image\/jpeg","url":"https:\/\/media.benalmadena-property.com\/2021\/03\/220621_DDS_16-488x326.jpg"},"property-detail-video-image":{"file":"220621_DDS_16-818x417.jpg","width":818,"height":417,"mime-type":"image\/jpeg","url":"https:\/\/media.benalmadena-property.com\/2021\/03\/220621_DDS_16-818x417.jpg"},"agent-image":{"file":"220621_DDS_16-210x210.jpg","width":210,"height":210,"mime-type":"image\/jpeg","url":"https:\/\/media.benalmadena-property.com\/2021\/03\/220621_DDS_16-210x210.jpg"},"partners-logo":{"file":"220621_DDS_16-600x680.jpg","width":600,"height":680,"mime-type":"image\/jpeg","url":"https:\/\/media.benalmadena-property.com\/2021\/03\/220621_DDS_16-600x680.jpg"},"gallery-two-column-image":{"file":"220621_DDS_16-536x269.jpg","width":536,"height":269,"mime-type":"image\/jpeg","url":"https:\/\/media.benalmadena-property.com\/2021\/03\/220621_DDS_16-536x269.jpg"},"property-detail-slider-image-two":{"file":"220621_DDS_16-1020x648.jpg","width":1020,"height":648,"mime-type":"image\/jpeg","url":"https:\/\/media.benalmadena-property.com\/2021\/03\/220621_DDS_16-1020x648.jpg"},"property-detail-slider-thumb":{"file":"220621_DDS_16-82x60.jpg","width":82,"height":60,"mime-type":"image\/jpeg","url":"https:\/\/media.benalmadena-property.com\/2021\/03\/220621_DDS_16-82x60.jpg"}},"image_meta":{"aperture":"7.1","credit":"","camera":"ILCE-7M3","caption":"","created_timestamp":"1624357856","copyright":"@danieldisabatino","focal_length":"14","iso":"200","shutter_speed":"0.002","title":"","orientation":"0","keywords":[]},"ID":"8986","name":"220621_DDS_16.jpg","path":"\/var\/www\/vhosts\/benalmadena-property.com\/httpdocs\/wp-content\/uploads\/2021\/03\/220621_DDS_16.jpg","url":"https:\/\/media.benalmadena-property.com\/2021\/03\/220621_DDS_16-150x150.jpg","full_url":"https:\/\/media.benalmadena-property.com\/2021\/03\/220621_DDS_16.jpg","title":"220621_DDS_16","caption":"","description":"","alt":"","srcset":"https:\/\/media.benalmadena-property.com\/2021\/03\/220621_DDS_16-150x150.jpg 150w, https:\/\/media.benalmadena-property.com\/2021\/03\/220621_DDS_16-210x210.jpg 210w"},{"width":150,"height":150,"file":"2021\/03\/220621_DDS_07.jpg","sizes":{"medium":{"file":"220621_DDS_07-300x200.jpg","width":300,"height":200,"mime-type":"image\/jpeg","url":"https:\/\/media.benalmadena-property.com\/2021\/03\/220621_DDS_07-300x200.jpg"},"thumbnail":{"file":"220621_DDS_07-150x150.jpg","width":150,"height":150,"mime-type":"image\/jpeg","url":"https:\/\/media.benalmadena-property.com\/2021\/03\/220621_DDS_07-150x150.jpg"},"medium_large":{"file":"220621_DDS_07-768x512.jpg","width":768,"height":512,"mime-type":"image\/jpeg","url":"https:\/\/media.benalmadena-property.com\/2021\/03\/220621_DDS_07-768x512.jpg"},"post-thumbnail":{"file":"220621_DDS_07-150x100.jpg","width":150,"height":100,"mime-type":"image\/jpeg","url":"https:\/\/media.benalmadena-property.com\/2021\/03\/220621_DDS_07-150x100.jpg"},"modern-property-child-slider":{"file":"220621_DDS_07-680x510.jpg","width":680,"height":510,"mime-type":"image\/jpeg","url":"https:\/\/media.benalmadena-property.com\/2021\/03\/220621_DDS_07-680x510.jpg"},"property-thumb-image":{"file":"220621_DDS_07-488x326.jpg","width":488,"height":326,"mime-type":"image\/jpeg","url":"https:\/\/media.benalmadena-property.com\/2021\/03\/220621_DDS_07-488x326.jpg"},"property-detail-video-image":{"file":"220621_DDS_07-818x417.jpg","width":818,"height":417,"mime-type":"image\/jpeg","url":"https:\/\/media.benalmadena-property.com\/2021\/03\/220621_DDS_07-818x417.jpg"},"agent-image":{"file":"220621_DDS_07-210x210.jpg","width":210,"height":210,"mime-type":"image\/jpeg","url":"https:\/\/media.benalmadena-property.com\/2021\/03\/220621_DDS_07-210x210.jpg"},"partners-logo":{"file":"220621_DDS_07-600x680.jpg","width":600,"height":680,"mime-type":"image\/jpeg","url":"https:\/\/media.benalmadena-property.com\/2021\/03\/220621_DDS_07-600x680.jpg"},"gallery-two-column-image":{"file":"220621_DDS_07-536x269.jpg","width":536,"height":269,"mime-type":"image\/jpeg","url":"https:\/\/media.benalmadena-property.com\/2021\/03\/220621_DDS_07-536x269.jpg"},"property-detail-slider-image-two":{"file":"220621_DDS_07-1020x648.jpg","width":1020,"height":648,"mime-type":"image\/jpeg","url":"https:\/\/media.benalmadena-property.com\/2021\/03\/220621_DDS_07-1020x648.jpg"},"property-detail-slider-thumb":{"file":"220621_DDS_07-82x60.jpg","width":82,"height":60,"mime-type":"image\/jpeg","url":"https:\/\/media.benalmadena-property.com\/2021\/03\/220621_DDS_07-82x60.jpg"}},"image_meta":{"aperture":"7.1","credit":"","camera":"ILCE-7M3","caption":"","created_timestamp":"1624358241","copyright":"@danieldisabatino","focal_length":"14","iso":"200","shutter_speed":"0.001","title":"","orientation":"0","keywords":[]},"ID":"8962","name":"220621_DDS_07.jpg","path":"\/var\/www\/vhosts\/benalmadena-property.com\/httpdocs\/wp-content\/uploads\/2021\/03\/220621_DDS_07.jpg","url":"https:\/\/media.benalmadena-property.com\/2021\/03\/220621_DDS_07-150x150.jpg","full_url":"https:\/\/media.benalmadena-property.com\/2021\/03\/220621_DDS_07.jpg","title":"220621_DDS_07","caption":"","description":"","alt":"","srcset":"https:\/\/media.benalmadena-property.com\/2021\/03\/220621_DDS_07-150x150.jpg 150w, https:\/\/media.benalmadena-property.com\/2021\/03\/220621_DDS_07-210x210.jpg 210w"},{"width":150,"height":150,"file":"2021\/03\/220621_DDS_10.jpg","sizes":{"medium":{"file":"220621_DDS_10-300x200.jpg","width":300,"height":200,"mime-type":"image\/jpeg","url":"https:\/\/media.benalmadena-property.com\/2021\/03\/220621_DDS_10-300x200.jpg"},"thumbnail":{"file":"220621_DDS_10-150x150.jpg","width":150,"height":150,"mime-type":"image\/jpeg","url":"https:\/\/media.benalmadena-property.com\/2021\/03\/220621_DDS_10-150x150.jpg"},"medium_large":{"file":"220621_DDS_10-768x512.jpg","width":768,"height":512,"mime-type":"image\/jpeg","url":"https:\/\/media.benalmadena-property.com\/2021\/03\/220621_DDS_10-768x512.jpg"},"post-thumbnail":{"file":"220621_DDS_10-150x100.jpg","width":150,"height":100,"mime-type":"image\/jpeg","url":"https:\/\/media.benalmadena-property.com\/2021\/03\/220621_DDS_10-150x100.jpg"},"modern-property-child-slider":{"file":"220621_DDS_10-680x510.jpg","width":680,"height":510,"mime-type":"image\/jpeg","url":"https:\/\/media.benalmadena-property.com\/2021\/03\/220621_DDS_10-680x510.jpg"},"property-thumb-image":{"file":"220621_DDS_10-488x326.jpg","width":488,"height":326,"mime-type":"image\/jpeg","url":"https:\/\/media.benalmadena-property.com\/2021\/03\/220621_DDS_10-488x326.jpg"},"property-detail-video-image":{"file":"220621_DDS_10-818x417.jpg","width":818,"height":417,"mime-type":"image\/jpeg","url":"https:\/\/media.benalmadena-property.com\/2021\/03\/220621_DDS_10-818x417.jpg"},"agent-image":{"file":"220621_DDS_10-210x210.jpg","width":210,"height":210,"mime-type":"image\/jpeg","url":"https:\/\/media.benalmadena-property.com\/2021\/03\/220621_DDS_10-210x210.jpg"},"partners-logo":{"file":"220621_DDS_10-600x680.jpg","width":600,"height":680,"mime-type":"image\/jpeg","url":"https:\/\/media.benalmadena-property.com\/2021\/03\/220621_DDS_10-600x680.jpg"},"gallery-two-column-image":{"file":"220621_DDS_10-536x269.jpg","width":536,"height":269,"mime-type":"image\/jpeg","url":"https:\/\/media.benalmadena-property.com\/2021\/03\/220621_DDS_10-536x269.jpg"},"property-detail-slider-image-two":{"file":"220621_DDS_10-1020x648.jpg","width":1020,"height":648,"mime-type":"image\/jpeg","url":"https:\/\/media.benalmadena-property.com\/2021\/03\/220621_DDS_10-1020x648.jpg"},"property-detail-slider-thumb":{"file":"220621_DDS_10-82x60.jpg","width":82,"height":60,"mime-type":"image\/jpeg","url":"https:\/\/media.benalmadena-property.com\/2021\/03\/220621_DDS_10-82x60.jpg"}},"image_meta":{"aperture":"7.1","credit":"","camera":"ILCE-7M3","caption":"","created_timestamp":"1624358572","copyright":"@danieldisabatino","focal_length":"14","iso":"200","shutter_speed":"0.001","title":"","orientation":"0","keywords":[]},"ID":"8971","name":"220621_DDS_10.jpg","path":"\/var\/www\/vhosts\/benalmadena-property.com\/httpdocs\/wp-content\/uploads\/2021\/03\/220621_DDS_10.jpg","url":"https:\/\/media.benalmadena-property.com\/2021\/03\/220621_DDS_10-150x150.jpg","full_url":"https:\/\/media.benalmadena-property.com\/2021\/03\/220621_DDS_10.jpg","title":"220621_DDS_10","caption":"","description":"","alt":"","srcset":"https:\/\/media.benalmadena-property.com\/2021\/03\/220621_DDS_10-150x150.jpg 150w, https:\/\/media.benalmadena-property.com\/2021\/03\/220621_DDS_10-210x210.jpg 210w"},{"width":150,"height":150,"file":"2021\/03\/220621_DDS_09.jpg","sizes":{"medium":{"file":"220621_DDS_09-300x200.jpg","width":300,"height":200,"mime-type":"image\/jpeg","url":"https:\/\/media.benalmadena-property.com\/2021\/03\/220621_DDS_09-300x200.jpg"},"thumbnail":{"file":"220621_DDS_09-150x150.jpg","width":150,"height":150,"mime-type":"image\/jpeg","url":"https:\/\/media.benalmadena-property.com\/2021\/03\/220621_DDS_09-150x150.jpg"},"medium_large":{"file":"220621_DDS_09-768x512.jpg","width":768,"height":512,"mime-type":"image\/jpeg","url":"https:\/\/media.benalmadena-property.com\/2021\/03\/220621_DDS_09-768x512.jpg"},"post-thumbnail":{"file":"220621_DDS_09-150x100.jpg","width":150,"height":100,"mime-type":"image\/jpeg","url":"https:\/\/media.benalmadena-property.com\/2021\/03\/220621_DDS_09-150x100.jpg"},"modern-property-child-slider":{"file":"220621_DDS_09-680x510.jpg","width":680,"height":510,"mime-type":"image\/jpeg","url":"https:\/\/media.benalmadena-property.com\/2021\/03\/220621_DDS_09-680x510.jpg"},"property-thumb-image":{"file":"220621_DDS_09-488x326.jpg","width":488,"height":326,"mime-type":"image\/jpeg","url":"https:\/\/media.benalmadena-property.com\/2021\/03\/220621_DDS_09-488x326.jpg"},"property-detail-video-image":{"file":"220621_DDS_09-818x417.jpg","width":818,"height":417,"mime-type":"image\/jpeg","url":"https:\/\/media.benalmadena-property.com\/2021\/03\/220621_DDS_09-818x417.jpg"},"agent-image":{"file":"220621_DDS_09-210x210.jpg","width":210,"height":210,"mime-type":"image\/jpeg","url":"https:\/\/media.benalmadena-property.com\/2021\/03\/220621_DDS_09-210x210.jpg"},"partners-logo":{"file":"220621_DDS_09-600x680.jpg","width":600,"height":680,"mime-type":"image\/jpeg","url":"https:\/\/media.benalmadena-property.com\/2021\/03\/220621_DDS_09-600x680.jpg"},"gallery-two-column-image":{"file":"220621_DDS_09-536x269.jpg","width":536,"height":269,"mime-type":"image\/jpeg","url":"https:\/\/media.benalmadena-property.com\/2021\/03\/220621_DDS_09-536x269.jpg"},"property-detail-slider-image-two":{"file":"220621_DDS_09-1020x648.jpg","width":1020,"height":648,"mime-type":"image\/jpeg","url":"https:\/\/media.benalmadena-property.com\/2021\/03\/220621_DDS_09-1020x648.jpg"},"property-detail-slider-thumb":{"file":"220621_DDS_09-82x60.jpg","width":82,"height":60,"mime-type":"image\/jpeg","url":"https:\/\/media.benalmadena-property.com\/2021\/03\/220621_DDS_09-82x60.jpg"}},"image_meta":{"aperture":"7.1","credit":"","camera":"ILCE-7M3","caption":"","created_timestamp":"1624358560","copyright":"@danieldisabatino","focal_length":"14","iso":"200","shutter_speed":"0.001","title":"","orientation":"0","keywords":[]},"ID":"8968","name":"220621_DDS_09.jpg","path":"\/var\/www\/vhosts\/benalmadena-property.com\/httpdocs\/wp-content\/uploads\/2021\/03\/220621_DDS_09.jpg","url":"https:\/\/media.benalmadena-property.com\/2021\/03\/220621_DDS_09-150x150.jpg","full_url":"https:\/\/media.benalmadena-property.com\/2021\/03\/220621_DDS_09.jpg","title":"220621_DDS_09","caption":"","description":"","alt":"","srcset":"https:\/\/media.benalmadena-property.com\/2021\/03\/220621_DDS_09-150x150.jpg 150w, https:\/\/media.benalmadena-property.com\/2021\/03\/220621_DDS_09-210x210.jpg 210w"},{"width":150,"height":150,"file":"2021\/03\/220621_DDS_08.jpg","sizes":{"medium":{"file":"220621_DDS_08-300x200.jpg","width":300,"height":200,"mime-type":"image\/jpeg","url":"https:\/\/media.benalmadena-property.com\/2021\/03\/220621_DDS_08-300x200.jpg"},"thumbnail":{"file":"220621_DDS_08-150x150.jpg","width":150,"height":150,"mime-type":"image\/jpeg","url":"https:\/\/media.benalmadena-property.com\/2021\/03\/220621_DDS_08-150x150.jpg"},"medium_large":{"file":"220621_DDS_08-768x512.jpg","width":768,"height":512,"mime-type":"image\/jpeg","url":"https:\/\/media.benalmadena-property.com\/2021\/03\/220621_DDS_08-768x512.jpg"},"post-thumbnail":{"file":"220621_DDS_08-150x100.jpg","width":150,"height":100,"mime-type":"image\/jpeg","url":"https:\/\/media.benalmadena-property.com\/2021\/03\/220621_DDS_08-150x100.jpg"},"modern-property-child-slider":{"file":"220621_DDS_08-680x510.jpg","width":680,"height":510,"mime-type":"image\/jpeg","url":"https:\/\/media.benalmadena-property.com\/2021\/03\/220621_DDS_08-680x510.jpg"},"property-thumb-image":{"file":"220621_DDS_08-488x326.jpg","width":488,"height":326,"mime-type":"image\/jpeg","url":"https:\/\/media.benalmadena-property.com\/2021\/03\/220621_DDS_08-488x326.jpg"},"property-detail-video-image":{"file":"220621_DDS_08-818x417.jpg","width":818,"height":417,"mime-type":"image\/jpeg","url":"https:\/\/media.benalmadena-property.com\/2021\/03\/220621_DDS_08-818x417.jpg"},"agent-image":{"file":"220621_DDS_08-210x210.jpg","width":210,"height":210,"mime-type":"image\/jpeg","url":"https:\/\/media.benalmadena-property.com\/2021\/03\/220621_DDS_08-210x210.jpg"},"partners-logo":{"file":"220621_DDS_08-600x680.jpg","width":600,"height":680,"mime-type":"image\/jpeg","url":"https:\/\/media.benalmadena-property.com\/2021\/03\/220621_DDS_08-600x680.jpg"},"gallery-two-column-image":{"file":"220621_DDS_08-536x269.jpg","width":536,"height":269,"mime-type":"image\/jpeg","url":"https:\/\/media.benalmadena-property.com\/2021\/03\/220621_DDS_08-536x269.jpg"},"property-detail-slider-image-two":{"file":"220621_DDS_08-1020x648.jpg","width":1020,"height":648,"mime-type":"image\/jpeg","url":"https:\/\/media.benalmadena-property.com\/2021\/03\/220621_DDS_08-1020x648.jpg"},"property-detail-slider-thumb":{"file":"220621_DDS_08-82x60.jpg","width":82,"height":60,"mime-type":"image\/jpeg","url":"https:\/\/media.benalmadena-property.com\/2021\/03\/220621_DDS_08-82x60.jpg"}},"image_meta":{"aperture":"7.1","credit":"","camera":"ILCE-7M3","caption":"","created_timestamp":"1624358467","copyright":"@danieldisabatino","focal_length":"14","iso":"200","shutter_speed":"0.001","title":"","orientation":"0","keywords":[]},"ID":"8965","name":"220621_DDS_08.jpg","path":"\/var\/www\/vhosts\/benalmadena-property.com\/httpdocs\/wp-content\/uploads\/2021\/03\/220621_DDS_08.jpg","url":"https:\/\/media.benalmadena-property.com\/2021\/03\/220621_DDS_08-150x150.jpg","full_url":"https:\/\/media.benalmadena-property.com\/2021\/03\/220621_DDS_08.jpg","title":"220621_DDS_08","caption":"","description":"","alt":"","srcset":"https:\/\/media.benalmadena-property.com\/2021\/03\/220621_DDS_08-150x150.jpg 150w, https:\/\/media.benalmadena-property.com\/2021\/03\/220621_DDS_08-210x210.jpg 210w"},{"width":150,"height":150,"file":"2020\/03\/Jupiter-Minerva.jpg","sizes":{"medium":{"file":"Jupiter-Minerva-300x224.jpg","width":300,"height":224,"mime-type":"image\/jpeg","url":"https:\/\/media.benalmadena-property.com\/2020\/03\/Jupiter-Minerva-300x224.jpg"},"thumbnail":{"file":"Jupiter-Minerva-150x150.jpg","width":150,"height":150,"mime-type":"image\/jpeg","url":"https:\/\/media.benalmadena-property.com\/2020\/03\/Jupiter-Minerva-150x150.jpg"},"post-thumbnail":{"file":"Jupiter-Minerva-150x112.jpg","width":150,"height":112,"mime-type":"image\/jpeg","url":"https:\/\/media.benalmadena-property.com\/2020\/03\/Jupiter-Minerva-150x112.jpg"},"property-thumb-image":{"file":"Jupiter-Minerva-488x326.jpg","width":488,"height":326,"mime-type":"image\/jpeg","url":"https:\/\/media.benalmadena-property.com\/2020\/03\/Jupiter-Minerva-488x326.jpg"},"property-detail-video-image":{"file":"Jupiter-Minerva-566x417.jpg","width":566,"height":417,"mime-type":"image\/jpeg","url":"https:\/\/media.benalmadena-property.com\/2020\/03\/Jupiter-Minerva-566x417.jpg"},"agent-image":{"file":"Jupiter-Minerva-210x210.jpg","width":210,"height":210,"mime-type":"image\/jpeg","url":"https:\/\/media.benalmadena-property.com\/2020\/03\/Jupiter-Minerva-210x210.jpg"},"gallery-two-column-image":{"file":"Jupiter-Minerva-536x269.jpg","width":536,"height":269,"mime-type":"image\/jpeg","url":"https:\/\/media.benalmadena-property.com\/2020\/03\/Jupiter-Minerva-536x269.jpg"},"property-detail-slider-thumb":{"file":"Jupiter-Minerva-82x60.jpg","width":82,"height":60,"mime-type":"image\/jpeg","url":"https:\/\/media.benalmadena-property.com\/2020\/03\/Jupiter-Minerva-82x60.jpg"},"grid-view-image":{"file":"Jupiter-Minerva-492x324.jpg","width":492,"height":324,"mime-type":"image\/jpeg","url":"https:\/\/media.benalmadena-property.com\/2020\/03\/Jupiter-Minerva-492x324.jpg"}},"image_meta":{"aperture":"0","credit":"","camera":"","caption":"","created_timestamp":"0","copyright":"","focal_length":"0","iso":"0","shutter_speed":"0","title":"","orientation":"0","keywords":[]},"ID":"4569","name":"Jupiter-Minerva.jpg","path":"\/var\/www\/vhosts\/benalmadena-property.com\/httpdocs\/wp-content\/uploads\/2020\/03\/Jupiter-Minerva.jpg","url":"https:\/\/media.benalmadena-property.com\/2020\/03\/Jupiter-Minerva-150x150.jpg","full_url":"https:\/\/media.benalmadena-property.com\/2020\/03\/Jupiter-Minerva.jpg","title":"Jupiter-Minerva","caption":"","description":"","alt":"","srcset":"https:\/\/media.benalmadena-property.com\/2020\/03\/Jupiter-Minerva-150x150.jpg 150w, https:\/\/media.benalmadena-property.com\/2020\/03\/Jupiter-Minerva-210x210.jpg 210w"},{"width":150,"height":150,"file":"2020\/05\/Jupiter2.jpg","sizes":{"medium":{"file":"Jupiter2-300x164.jpg","width":300,"height":164,"mime-type":"image\/jpeg","url":"https:\/\/media.benalmadena-property.com\/2020\/05\/Jupiter2-300x164.jpg"},"thumbnail":{"file":"Jupiter2-150x150.jpg","width":150,"height":150,"mime-type":"image\/jpeg","url":"https:\/\/media.benalmadena-property.com\/2020\/05\/Jupiter2-150x150.jpg"},"medium_large":{"file":"Jupiter2-768x421.jpg","width":768,"height":421,"mime-type":"image\/jpeg","url":"https:\/\/media.benalmadena-property.com\/2020\/05\/Jupiter2-768x421.jpg"},"post-thumbnail":{"file":"Jupiter2-150x82.jpg","width":150,"height":82,"mime-type":"image\/jpeg","url":"https:\/\/media.benalmadena-property.com\/2020\/05\/Jupiter2-150x82.jpg"},"property-thumb-image":{"file":"Jupiter2-488x326.jpg","width":488,"height":326,"mime-type":"image\/jpeg","url":"https:\/\/media.benalmadena-property.com\/2020\/05\/Jupiter2-488x326.jpg"},"property-detail-video-image":{"file":"Jupiter2-818x417.jpg","width":818,"height":417,"mime-type":"image\/jpeg","url":"https:\/\/media.benalmadena-property.com\/2020\/05\/Jupiter2-818x417.jpg"},"agent-image":{"file":"Jupiter2-210x210.jpg","width":210,"height":210,"mime-type":"image\/jpeg","url":"https:\/\/media.benalmadena-property.com\/2020\/05\/Jupiter2-210x210.jpg"},"partners-logo":{"file":"Jupiter2-600x460.jpg","width":600,"height":460,"mime-type":"image\/jpeg","url":"https:\/\/media.benalmadena-property.com\/2020\/05\/Jupiter2-600x460.jpg"},"grid-view-image":{"file":"Jupiter2-492x324.jpg","width":492,"height":324,"mime-type":"image\/jpeg","url":"https:\/\/media.benalmadena-property.com\/2020\/05\/Jupiter2-492x324.jpg"},"property-listing-image":{"file":"Jupiter2-400x300.jpg","width":400,"height":300,"mime-type":"image\/jpeg","url":"https:\/\/media.benalmadena-property.com\/2020\/05\/Jupiter2-400x300.jpg"},"post-featured-image":{"file":"Jupiter2-840x455.jpg","width":840,"height":455,"mime-type":"image\/jpeg","url":"https:\/\/media.benalmadena-property.com\/2020\/05\/Jupiter2-840x455.jpg"},"gallery-two-column-image":{"file":"Jupiter2-536x269.jpg","width":536,"height":269,"mime-type":"image\/jpeg","url":"https:\/\/media.benalmadena-property.com\/2020\/05\/Jupiter2-536x269.jpg"},"property-detail-slider-thumb":{"file":"Jupiter2-82x60.jpg","width":82,"height":60,"mime-type":"image\/jpeg","url":"https:\/\/media.benalmadena-property.com\/2020\/05\/Jupiter2-82x60.jpg"}},"image_meta":{"aperture":"0","credit":"","camera":"","caption":"","created_timestamp":"0","copyright":"","focal_length":"0","iso":"0","shutter_speed":"0","title":"","orientation":"0","keywords":[]},"ID":"6005","name":"Jupiter2.jpg","path":"\/var\/www\/vhosts\/benalmadena-property.com\/httpdocs\/wp-content\/uploads\/2020\/05\/Jupiter2.jpg","url":"https:\/\/media.benalmadena-property.com\/2020\/05\/Jupiter2-150x150.jpg","full_url":"https:\/\/media.benalmadena-property.com\/2020\/05\/Jupiter2.jpg","title":"Jupiter2","caption":"","description":"","alt":"","srcset":"https:\/\/media.benalmadena-property.com\/2020\/05\/Jupiter2-150x150.jpg 150w, https:\/\/media.benalmadena-property.com\/2020\/05\/Jupiter2-210x210.jpg 210w"},{"width":150,"height":150,"file":"2020\/03\/Jupiter-15-Featured-2.jpg","sizes":{"medium":{"file":"Jupiter-15-Featured-2-300x184.jpg","width":300,"height":184,"mime-type":"image\/jpeg","url":"https:\/\/media.benalmadena-property.com\/2020\/03\/Jupiter-15-Featured-2-300x184.jpg"},"thumbnail":{"file":"Jupiter-15-Featured-2-150x150.jpg","width":150,"height":150,"mime-type":"image\/jpeg","url":"https:\/\/media.benalmadena-property.com\/2020\/03\/Jupiter-15-Featured-2-150x150.jpg"},"medium_large":{"file":"Jupiter-15-Featured-2-768x472.jpg","width":768,"height":472,"mime-type":"image\/jpeg","url":"https:\/\/media.benalmadena-property.com\/2020\/03\/Jupiter-15-Featured-2-768x472.jpg"},"post-thumbnail":{"file":"Jupiter-15-Featured-2-150x92.jpg","width":150,"height":92,"mime-type":"image\/jpeg","url":"https:\/\/media.benalmadena-property.com\/2020\/03\/Jupiter-15-Featured-2-150x92.jpg"},"property-thumb-image":{"file":"Jupiter-15-Featured-2-488x326.jpg","width":488,"height":326,"mime-type":"image\/jpeg","url":"https:\/\/media.benalmadena-property.com\/2020\/03\/Jupiter-15-Featured-2-488x326.jpg"},"property-detail-video-image":{"file":"Jupiter-15-Featured-2-801x417.jpg","width":801,"height":417,"mime-type":"image\/jpeg","url":"https:\/\/media.benalmadena-property.com\/2020\/03\/Jupiter-15-Featured-2-801x417.jpg"},"agent-image":{"file":"Jupiter-15-Featured-2-210x210.jpg","width":210,"height":210,"mime-type":"image\/jpeg","url":"https:\/\/media.benalmadena-property.com\/2020\/03\/Jupiter-15-Featured-2-210x210.jpg"},"partners-logo":{"file":"Jupiter-15-Featured-2-600x492.jpg","width":600,"height":492,"mime-type":"image\/jpeg","url":"https:\/\/media.benalmadena-property.com\/2020\/03\/Jupiter-15-Featured-2-600x492.jpg"},"post-featured-image":{"file":"Jupiter-15-Featured-2-801x455.jpg","width":801,"height":455,"mime-type":"image\/jpeg","url":"https:\/\/media.benalmadena-property.com\/2020\/03\/Jupiter-15-Featured-2-801x455.jpg"},"gallery-two-column-image":{"file":"Jupiter-15-Featured-2-536x269.jpg","width":536,"height":269,"mime-type":"image\/jpeg","url":"https:\/\/media.benalmadena-property.com\/2020\/03\/Jupiter-15-Featured-2-536x269.jpg"},"property-detail-slider-thumb":{"file":"Jupiter-15-Featured-2-82x60.jpg","width":82,"height":60,"mime-type":"image\/jpeg","url":"https:\/\/media.benalmadena-property.com\/2020\/03\/Jupiter-15-Featured-2-82x60.jpg"},"grid-view-image":{"file":"Jupiter-15-Featured-2-492x324.jpg","width":492,"height":324,"mime-type":"image\/jpeg","url":"https:\/\/media.benalmadena-property.com\/2020\/03\/Jupiter-15-Featured-2-492x324.jpg"}},"image_meta":{"aperture":"0","credit":"","camera":"","caption":"","created_timestamp":"0","copyright":"","focal_length":"0","iso":"0","shutter_speed":"0","title":"","orientation":"0","keywords":[]},"ID":"4568","name":"Jupiter-15-Featured-2.jpg","path":"\/var\/www\/vhosts\/benalmadena-property.com\/httpdocs\/wp-content\/uploads\/2020\/03\/Jupiter-15-Featured-2.jpg","url":"https:\/\/media.benalmadena-property.com\/2020\/03\/Jupiter-15-Featured-2-150x150.jpg","full_url":"https:\/\/media.benalmadena-property.com\/2020\/03\/Jupiter-15-Featured-2.jpg","title":"Jupiter-15-Featured-2","caption":"","description":"","alt":"","srcset":"https:\/\/media.benalmadena-property.com\/2020\/03\/Jupiter-15-Featured-2-150x150.jpg 150w, https:\/\/media.benalmadena-property.com\/2020\/03\/Jupiter-15-Featured-2-210x210.jpg 210w"},{"width":150,"height":150,"file":"2021\/03\/200521_DDS_02.jpg","sizes":{"medium":{"file":"200521_DDS_02-300x200.jpg","width":300,"height":200,"mime-type":"image\/jpeg","url":"https:\/\/media.benalmadena-property.com\/2021\/03\/200521_DDS_02-300x200.jpg"},"thumbnail":{"file":"200521_DDS_02-150x150.jpg","width":150,"height":150,"mime-type":"image\/jpeg","url":"https:\/\/media.benalmadena-property.com\/2021\/03\/200521_DDS_02-150x150.jpg"},"medium_large":{"file":"200521_DDS_02-768x512.jpg","width":768,"height":512,"mime-type":"image\/jpeg","url":"https:\/\/media.benalmadena-property.com\/2021\/03\/200521_DDS_02-768x512.jpg"},"post-thumbnail":{"file":"200521_DDS_02-150x100.jpg","width":150,"height":100,"mime-type":"image\/jpeg","url":"https:\/\/media.benalmadena-property.com\/2021\/03\/200521_DDS_02-150x100.jpg"},"modern-property-child-slider":{"file":"200521_DDS_02-680x510.jpg","width":680,"height":510,"mime-type":"image\/jpeg","url":"https:\/\/media.benalmadena-property.com\/2021\/03\/200521_DDS_02-680x510.jpg"},"property-thumb-image":{"file":"200521_DDS_02-488x326.jpg","width":488,"height":326,"mime-type":"image\/jpeg","url":"https:\/\/media.benalmadena-property.com\/2021\/03\/200521_DDS_02-488x326.jpg"},"property-detail-video-image":{"file":"200521_DDS_02-818x417.jpg","width":818,"height":417,"mime-type":"image\/jpeg","url":"https:\/\/media.benalmadena-property.com\/2021\/03\/200521_DDS_02-818x417.jpg"},"agent-image":{"file":"200521_DDS_02-210x210.jpg","width":210,"height":210,"mime-type":"image\/jpeg","url":"https:\/\/media.benalmadena-property.com\/2021\/03\/200521_DDS_02-210x210.jpg"},"partners-logo":{"file":"200521_DDS_02-600x680.jpg","width":600,"height":680,"mime-type":"image\/jpeg","url":"https:\/\/media.benalmadena-property.com\/2021\/03\/200521_DDS_02-600x680.jpg"},"gallery-two-column-image":{"file":"200521_DDS_02-536x269.jpg","width":536,"height":269,"mime-type":"image\/jpeg","url":"https:\/\/media.benalmadena-property.com\/2021\/03\/200521_DDS_02-536x269.jpg"},"property-detail-slider-image-two":{"file":"200521_DDS_02-1020x648.jpg","width":1020,"height":648,"mime-type":"image\/jpeg","url":"https:\/\/media.benalmadena-property.com\/2021\/03\/200521_DDS_02-1020x648.jpg"},"property-detail-slider-thumb":{"file":"200521_DDS_02-82x60.jpg","width":82,"height":60,"mime-type":"image\/jpeg","url":"https:\/\/media.benalmadena-property.com\/2021\/03\/200521_DDS_02-82x60.jpg"}},"image_meta":{"aperture":"7.1","credit":"","camera":"ILCE-7M3","caption":"","created_timestamp":"1621507726","copyright":"@danieldisabatino","focal_length":"14","iso":"200","shutter_speed":"0.076923076923077","title":"","orientation":"0","keywords":[]},"ID":"8956","name":"200521_DDS_02.jpg","path":"\/var\/www\/vhosts\/benalmadena-property.com\/httpdocs\/wp-content\/uploads\/2021\/03\/200521_DDS_02.jpg","url":"https:\/\/media.benalmadena-property.com\/2021\/03\/200521_DDS_02-150x150.jpg","full_url":"https:\/\/media.benalmadena-property.com\/2021\/03\/200521_DDS_02.jpg","title":"200521_DDS_02","caption":"","description":"","alt":"","srcset":"https:\/\/media.benalmadena-property.com\/2021\/03\/200521_DDS_02-150x150.jpg 150w, https:\/\/media.benalmadena-property.com\/2021\/03\/200521_DDS_02-210x210.jpg 210w"}],"REAL_HOMES_change_gallery_slider_type":"0","REAL_HOMES_gallery_slider_type":"thumb-on-right","inspiry_floor_plans":[],"inspiry_video_group":[],"REAL_HOMES_360_virtual_tour":"","REAL_HOMES_tour_video_url":"","REAL_HOMES_tour_video_image":[],"REAL_HOMES_agent_display_option":"none","REAL_HOMES_agents":[],"REAL_HOMES_energy_class":"none","REAL_HOMES_energy_performance":"","REAL_HOMES_epc_current_rating":"","REAL_HOMES_epc_potential_rating":"","REAL_HOMES_sticky":"0","inspiry_property_label":"","inspiry_property_label_color":"","inspiry_property_tax":"","inspiry_additional_fee":"","REAL_HOMES_attachments":[],"inspiry_property_owner_name":"","inspiry_property_owner_contact":"","inspiry_property_owner_address":"","REAL_HOMES_property_private_note":"","inspiry_message_to_reviewer":"","REAL_HOMES_add_in_slider":"","REAL_HOMES_slider_image":[],"REAL_HOMES_page_banner_image":[],"REAL_HOMES_pims_id":"1J709","REAL_HOMES_property_rented":""},"_links":{"self":[{"href":"https:\/\/www.benalmadena-property.com\/es\/wp-json\/wp\/v2\/property\/8033","targetHints":{"allow":["GET"]}}],"collection":[{"href":"https:\/\/www.benalmadena-property.com\/es\/wp-json\/wp\/v2\/property"}],"about":[{"href":"https:\/\/www.benalmadena-property.com\/es\/wp-json\/wp\/v2\/types\/property"}],"author":[{"embeddable":true,"href":"https:\/\/www.benalmadena-property.com\/es\/wp-json\/wp\/v2\/users\/2"}],"replies":[{"embeddable":true,"href":"https:\/\/www.benalmadena-property.com\/es\/wp-json\/wp\/v2\/comments?post=8033"}],"version-history":[{"count":23,"href":"https:\/\/www.benalmadena-property.com\/es\/wp-json\/wp\/v2\/property\/8033\/revisions"}],"predecessor-version":[{"id":18190,"href":"https:\/\/www.benalmadena-property.com\/es\/wp-json\/wp\/v2\/property\/8033\/revisions\/18190"}],"wp:featuredmedia":[{"embeddable":true,"href":"https:\/\/www.benalmadena-property.com\/es\/wp-json\/wp\/v2\/media\/8959"}],"wp:attachment":[{"href":"https:\/\/www.benalmadena-property.com\/es\/wp-json\/wp\/v2\/media?parent=8033"}],"wp:term":[{"taxonomy":"property-feature","embeddable":true,"href":"https:\/\/www.benalmadena-property.com\/es\/wp-json\/wp\/v2\/property-feature?post=8033"},{"taxonomy":"property-type","embeddable":true,"href":"https:\/\/www.benalmadena-property.com\/es\/wp-json\/wp\/v2\/property-type?post=8033"},{"taxonomy":"property-city","embeddable":true,"href":"https:\/\/www.benalmadena-property.com\/es\/wp-json\/wp\/v2\/property-location?post=8033"},{"taxonomy":"property-status","embeddable":true,"href":"https:\/\/www.benalmadena-property.com\/es\/wp-json\/wp\/v2\/property-status?post=8033"}],"curies":[{"name":"wp","href":"https:\/\/api.w.org\/{rel}","templated":true}]}}