{"id":6380,"date":"2020-07-07T09:51:57","date_gmt":"2020-07-07T07:51:57","guid":{"rendered":"https:\/\/www.benalmadena-property.com\/avis-important-sur-covide-19-nous-sommes-ouverts\/"},"modified":"2020-07-07T09:51:58","modified_gmt":"2020-07-07T07:51:58","slug":"avis-important-sur-covide-19-nous-sommes-ouverts","status":"publish","type":"page","link":"https:\/\/www.benalmadena-property.com\/fr\/avis-important-sur-covide-19-nous-sommes-ouverts\/","title":{"rendered":"Avis important sur Covide-19 &#8211; Nous sommes ouverts"},"content":{"rendered":"<p>Nos bureaux sont ouverts au public, sur des heures r\u00e9duites. Nos horaires sont : du lundi au vendredi de 10h \u00e0 14h.<\/p>\n<p>Sinon, n\u2019h\u00e9sitez pas \u00e0 nous contacter comme suit:<br \/>\n<strong>SANDY<\/strong> \u2013 pour les locations \u00e0 long terme et les demandes de vente : <a href=\"mailto:info@gapp-properties.com\">info@gapp-properties.com<\/a> | T\u00e9l. : 0034 691819902<\/p>\n<p><strong>SAMANTHA<\/strong> \u2013 pour les locations de courte dur\u00e9e\/vacances et les s\u00e9jours <a href=\"mailto:rentals@gapp-properties.com\">d\u2019hiver<\/a> : rentals@gapp-properties.com | T\u00e9l. : 0034 692110888<\/p>\n<h3><strong>Plus d\u2019informations<\/strong><\/h3>\n<h4><strong>\u00ab adravirus: Que pouvez-vous et ne pouvez pas faire pendant l\u2019\u00e9tat d\u2019alerte de l\u2019Espagne?<\/strong><\/h4>\n<p>L\u2019Espagne est en lockdown. Tout sauf les supermarch\u00e9s et les pharmacies est ferm\u00e9 et \u00e0 partir de lundi les gens ne seront pas autoris\u00e9s \u00e0 quitter leur domicile, sauf pour obtenir des fournitures ou pour des raisons exceptionnelles.<\/p>\n<p>A partir de 8h lundi, de nouvelles mesures strictes seront impos\u00e9es pour garder les Espagnols chez eux et pr\u00e9venir la propagation du coronavirus.<\/p>\n<p>Le gouvernement a choisi de retarder ces mesures jusqu\u2019apr\u00e8s la fin de semaine pour permettre aux gens de retourner \u00e0 leur lieu de r\u00e9sidence et de se pr\u00e9parer \u00e0 la d\u00e9tention.<\/p>\n<p>On s\u2019attend \u00e0 ce que tout le monde reste chez lui et la police aura le pouvoir d\u2019arr\u00eater et d\u2019interroger les personnes trouv\u00e9es \u00e0 l\u2019ext\u00e9rieur et dans les v\u00e9hicules qui empruntent les routes publiques.<\/p>\n<p>Et pourtant, les transports publics ne seront pas ferm\u00e9s, bien qu\u2019ils seront r\u00e9duits de cinquante pour cent, sans doute parce qu\u2019ils constituent toujours le seul moyen de se d\u00e9placer pour les travailleurs cl\u00e9s.<\/p>\n<h4><strong>Les gens ne seront autoris\u00e9s dans les rues et \u00e0 circuler dans des voitures particuli\u00e8res que dans les circonstances suivantes :<\/strong><\/h4>\n<p>Pour acheter des produits essentiels dans les supermarch\u00e9s ou les pharmacies Tout va fermer sauf pour les magasins d\u2019alimentation et les pharmacies de sorte que vous serez autoris\u00e9 \u00e0 quitter la maison que pour visiter ces \u00e9tablissements pour acheter des produits essentiels. Des mesures strictes seront mises en place dans les magasins pour pr\u00e9venir l\u2019encombrement et faire en sorte que les consommateurs et les employ\u00e9s restent \u00e0 au moins un m\u00e8tre l\u2019un de l\u2019autre pour r\u00e9duire le risque de contagion.<\/p>\n<p><strong>Pour aller travailler<br \/>\n<\/strong>Les entreprises ont re\u00e7u l\u2019ordre d\u2019ordonner \u00e0 leurs employ\u00e9s de travailler \u00e0 domicile lorsque c\u2019est possible, mais il y a \u00e9videmment des emplois qui sont essentiels, comme ceux qui travaillent dans les soins de sant\u00e9 ou les soins aux personnes \u00e2g\u00e9es ou si vous \u00eates employ\u00e9 dans l\u2019un de ces endroits qui sont n\u00e9cessaires pour \u00eatre maintenu ouvert, tels que les transports publics, les supermarch\u00e9s ou les pharmacies.<\/p>\n<p>Pour retourner \u00e0 votre lieu de r\u00e9sidence principal Si, pour une raison quelconque, vous n\u2019\u00eates pas \u00e0 votre domicile lorsque l\u2019\u00e9tat d\u2019alerte commence officiellement, vous n\u2019aurez pas \u00e0 rester o\u00f9 vous \u00eates, mais sera autoris\u00e9 \u00e0 retourner \u00e0 votre r\u00e9sidence principale.<\/p>\n<p>Pour rendre visite \u00e0 des parents dans le besoin ou \u00e0 des personnes vuln\u00e9rables Si vous \u00eates responsable d\u2019une personne qui peut vivre seule et avoir besoin d\u2019aide, soit parce qu\u2019elles sont \u00e2g\u00e9es, handicap\u00e9es ou consid\u00e9r\u00e9es comme vuln\u00e9rables d\u2019une mani\u00e8re ou d\u2019une autre, vous serez autoris\u00e9 \u00e0 leur rendre visite et \u00e0 leur apporter des fournitures.<\/p>\n<p><strong>Pour consulter le<br \/>\n m\u00e9decin ou l\u2019h\u00f4pital<\/strong> La recherche d\u2019un traitement m\u00e9dical est une raison valable de quitter la maison, mais le t\u00e9l\u00e9phone \u00e0 l\u2019avance pour v\u00e9rifier le rendez-vous se passe toujours que le traitement non essentiel dans les h\u00f4pitaux a dans la plupart des cas \u00e9t\u00e9 report\u00e9e. Ne quittez pas la maison pour aller \u00e0 l\u2019h\u00f4pital si vous avez des sympt\u00f4mes du coronavirus, mais restez \u00e0 la maison en quarantaine et si les sympt\u00f4mes deviennent graves, puis contactez votre hotline r\u00e9gionale.<\/p>\n<p><strong>Visiter les<br \/>\n institutions financi\u00e8res<\/strong> Nous supposons qu\u2019il s\u2019agit de visiter un point de tr\u00e9sorerie et de prendre de l\u2019argent parce que les banques de la rue haute ne sera pas ouvrir leurs portes et de fonctionner comme d\u2019habitude.<\/p>\n<p>En raison d\u2019un cas de force majeure ou de n\u00e9cessit\u00e9 et pour mener des activit\u00e9s non pr\u00e9cis\u00e9es qui peuvent \u00eatre justifi\u00e9es comme raison valable Aucune autre information n\u2019a encore \u00e9t\u00e9 donn\u00e9e quant \u00e0 ce qui, au-del\u00e0 de ces activit\u00e9s ci-dessus, pourrait \u00eatre consid\u00e9r\u00e9e comme une \u00ab orce de forc \u00bb ou une \u00ab aison valid \u00bb.<\/p>\n<p><strong>Puis-je socialiser avec mes amis?<br \/>\n<\/strong>Euh non, le fait est que les gens ont besoin de rester \u00e0 la maison et socialement distance pour essayer de ralentir la propagation de COVID-19.<\/p>\n<p>Tous les bars, restaurants, espaces culturels ont \u00e9t\u00e9 ferm\u00e9s \u00e0 travers l\u2019Espagne et vous serez arr\u00eat\u00e9 si vous \u00eates rep\u00e9r\u00e9 assis dans un parc bavarder avec des amis. Le message est tr\u00e8s clairement \u00abRestez \u00e0 la maison et restez isol\u00e9s\u00bb.<\/p>\n<p><strong>Combien de temps cela va-t-il durer ?<br \/>\n<\/strong>L\u2019\u00e9tat d\u2019alerte sera en place pendant 15 jours mais pourrait \u00eatre prolong\u00e9 avec l\u2019autorisation du parlement espagnol.<\/p>\n<p><strong>Devrais-je stocker?<br \/>\n<\/strong>Dans les zones o\u00f9 les supermarch\u00e9s ont \u00e9t\u00e9 submerg\u00e9s par les gens et ont vu les \u00e9tag\u00e8res vid\u00e9es comme l\u2019achat de panique mis en, comme Madrid, la police ont \u00e9t\u00e9 appel\u00e9s \u00e0 limiter le nombre d\u2019entrer dans le supermarch\u00e9 et d\u2019emp\u00eacher l\u2019achat en vrac de biens essentiels.<\/p>\n<p>Les autorit\u00e9s insistent sur le fait qu\u2019il n\u2019est pas n\u00e9cessaire de stocker au-del\u00e0 de l\u2019achat suffisant pour durer le m\u00e9nage pendant une semaine \u00e0 la fois, parce que les fournitures ne sont pas menac\u00e9es.<\/p>\n<p><strong>La police s\u2019arr\u00eate et l\u2019arm\u00e9e en attente<br \/>\n <\/strong> Il mentionne \u00e9galement que toutes les forces de police espagnoles auront le pouvoir d\u2019arr\u00eater les v\u00e9hicules sur la voie publique pour v\u00e9rifier leur but d\u2019\u00eatre l\u00e0 et ajoute que les conducteurs seront en mesure de faire le plein dans les stations-service.<\/p>\n<p>Le d\u00e9cret ajoute que l\u2019arm\u00e9e peut \u00eatre r\u00e9dig\u00e9e si n\u00e9cessaire.<\/p>\n<p><strong>Si je suis en vacances en Espagne puis-je rentrer chez moi?<br \/>\n<\/strong>L\u2019\u00e9tat d\u2019alerte ne signifie pas que les fronti\u00e8res de l\u2019Espagne seront automatiquement ferm\u00e9es, mais s\u2019attendent \u00e0 une foule d\u2019annulations de la part des compagnies a\u00e9riennes que le nombre de passagers diminue consid\u00e9rablement.<\/p>\n<p>Les compagnies de vacances telles que Jet2 ont annul\u00e9 toutes les vacances en Espagne \u00e0 partir du samedi, mais si vous \u00eates d\u00e9j\u00e0 en Espagne en vacances s\u2019attendre \u00e0 des dispositions \u00e0 prendre pour votre retour. Vous devrez contacter votre compagnie a\u00e9rienne ou votre compagnie de vacances et savoir quelles dispositions seront prises.<\/p>\n<p>Attendez-vous \u00e0 des perturbations.<\/p>\n<p><strong>Je peux aller me promener dans le parc ?<br \/>\n<\/strong>La r\u00e9ponse courte est non. Les aires de jeux pour enfants ont \u00e9t\u00e9 boucl\u00e9es et on dit aux gens de ne pas aller \u00e0 l\u2019ext\u00e9rieur des parcs.<\/p>\n<p>Mais on s\u2019attend \u00e0 ce que ceux qui ont des chiens soient autoris\u00e9s \u00e0 les promener s\u2019ils maintiennent des r\u00e8gles sociales de base de distanciation telles que le maintien d\u2019une distance de s\u00e9curit\u00e9 entre les autres promeneurs de chiens.<\/p>\n","protected":false},"excerpt":{"rendered":"<p>Nos bureaux sont ouverts au public, sur des heures r\u00e9duites. Nos horaires sont : du lundi au vendredi de 10h \u00e0 14h. Sinon, n\u2019h\u00e9sitez pas \u00e0 nous contacter comme suit: SANDY \u2013 pour les locations \u00e0 long terme et les demandes de vente : info@gapp-properties.com | T\u00e9l. : 0034 691819902 SAMANTHA \u2013 pour les locations&#8230;<\/p>\n","protected":false},"author":1,"featured_media":0,"parent":0,"menu_order":0,"comment_status":"closed","ping_status":"closed","template":"","meta":{"_exactmetrics_skip_tracking":false,"_exactmetrics_sitenote_active":false,"_exactmetrics_sitenote_note":"","_exactmetrics_sitenote_category":0,"_uf_show_specific_survey":0,"_uf_disable_surveys":false,"footnotes":""},"class_list":["post-6380","page","type-page","status-publish","hentry"],"_links":{"self":[{"href":"https:\/\/www.benalmadena-property.com\/fr\/wp-json\/wp\/v2\/pages\/6380","targetHints":{"allow":["GET"]}}],"collection":[{"href":"https:\/\/www.benalmadena-property.com\/fr\/wp-json\/wp\/v2\/pages"}],"about":[{"href":"https:\/\/www.benalmadena-property.com\/fr\/wp-json\/wp\/v2\/types\/page"}],"author":[{"embeddable":true,"href":"https:\/\/www.benalmadena-property.com\/fr\/wp-json\/wp\/v2\/users\/1"}],"replies":[{"embeddable":true,"href":"https:\/\/www.benalmadena-property.com\/fr\/wp-json\/wp\/v2\/comments?post=6380"}],"version-history":[{"count":1,"href":"https:\/\/www.benalmadena-property.com\/fr\/wp-json\/wp\/v2\/pages\/6380\/revisions"}],"predecessor-version":[{"id":6381,"href":"https:\/\/www.benalmadena-property.com\/fr\/wp-json\/wp\/v2\/pages\/6380\/revisions\/6381"}],"wp:attachment":[{"href":"https:\/\/www.benalmadena-property.com\/fr\/wp-json\/wp\/v2\/media?parent=6380"}],"curies":[{"name":"wp","href":"https:\/\/api.w.org\/{rel}","templated":true}]}}