{"id":10792,"date":"2022-07-13T18:05:11","date_gmt":"2022-07-13T16:05:11","guid":{"rendered":"https:\/\/www.benalmadena-property.com\/property\/studio-de-vacances-jupiter-vft-ma-55069\/"},"modified":"2025-11-21T16:41:42","modified_gmt":"2025-11-21T15:41:42","slug":"studio-de-vacances-jupiter-vft-ma-55069","status":"publish","type":"property","link":"https:\/\/www.benalmadena-property.com\/fr\/property\/studio-de-vacances-jupiter-vft-ma-55069\/","title":{"rendered":"VUT\/MA\/55069 Studio de vacances, Jupiter. Ref: HJ136"},"content":{"rendered":"<p>Charmant studio au 1er \u00e9tage \u00e0 Jupiter disponible pour des locations de vacances \u00e0 court terme.<br \/>\nR\u00e9nov\u00e9 et joliment pr\u00e9sent\u00e9, il dispose d\u2019une cuisine enti\u00e8rement \u00e9quip\u00e9e avec petit r\u00e9frig\u00e9rateur + glaci\u00e8re, micro-ondes et 2 plaques de cuisson.<br \/>\nSalle de bain spacieuse et bien \u00e9quip\u00e9e avec douche \u00e0 l\u2019italienne.<br \/>\nLe salon \/ chambre est climatis\u00e9 et dispose d\u2019une t\u00e9l\u00e9vision HD de bonne taille offrant de cha\u00eenes de t\u00e9l\u00e9vision en frances.<br \/>\nLe studio offre deux lits simples et il y a une possibilit\u00e9 d\u2019ajouter un lit Z suppl\u00e9mentaire pour un enfant.<br \/>\nOrient\u00e9 sud-est avec le soleil du matin, il est lumineux et a\u00e9r\u00e9 avec vue sur la fontaine, la place et la mer.<\/p>\n<p>Le complexe Jupiter b\u00e9n\u00e9ficie \u00e9galement d\u2019une r\u00e9ception ouverte 24h\/24, de beaux jardins avec grande piscine avec toboggans* et d\u2019un emplacement central \u00e0 proximit\u00e9 des commerces, restaurants et bars.<br \/>\nLa grande piscine avec toboggans est ouverte 2 semaines \u00e0 P\u00e2ques et du 1er juin au 30 septembre seulement. Plus petite piscine et piscine pour enfants ouverte toute l\u2019ann\u00e9e, tout comme les jardins.<br \/>\nLa plage est \u00e0 un maximum de 10 minutes \u00e0 pied, la gare \u00e0 15 minutes.<br \/>\nDes coffres-forts sont \u00e9galement disponibles moyennant des frais suppl\u00e9mentaires \u00e0 la r\u00e9ception principale.<\/p>\n<p>Coin salon: 2 lits simples<br \/>\nClimatisation incluse<br \/>\nWIFI inclus sur toutes les r\u00e9servations hebdomadaires<\/p>\n<p>Note: Premium<\/p>\n<p><strong>PAS DE TABAGISME ET PAS D\u2019ANIMAL DE COMPAGNIE<\/strong><strong>S AUTORIS\u00c9<\/strong><\/p>\n<p><strong>LICENCE TOURISTIQUE: ESFCTU0000290350001754220000000000000000VUT\/MA\/550693 <\/strong><\/p>\n","protected":false},"excerpt":{"rendered":"<p>Charmant studio au 1er \u00e9tage \u00e0 Jupiter disponible pour des locations de vacances \u00e0 court terme. R\u00e9nov\u00e9 et joliment pr\u00e9sent\u00e9, il dispose d\u2019une cuisine enti\u00e8rement \u00e9quip\u00e9e avec petit r\u00e9frig\u00e9rateur + glaci\u00e8re, micro-ondes et 2 plaques de cuisson. Salle de bain spacieuse et bien \u00e9quip\u00e9e avec douche \u00e0 l\u2019italienne. Le salon \/ chambre est climatis\u00e9 et&#8230;<\/p>\n","protected":false},"author":2,"featured_media":10761,"parent":0,"menu_order":0,"comment_status":"open","ping_status":"closed","template":"","property-feature":[482,468,487,460,470,478,455,469,359,491,480,471,462,234],"property-type":[226],"property-location":[309,449,446,445],"property-status":[207],"class_list":["post-10792","property","type-property","status-publish","has-post-thumbnail","hentry","property-feature-2-plaques-danneau","property-feature-bouilloire","property-feature-climatisees","property-feature-cuisine-equipee","property-feature-fer-conseil","property-feature-grille-pain","property-feature-machine-a-laver","property-feature-micro-ondes","property-feature-piscine-communautaire-et-jardin","property-feature-piscines","property-feature-refrigerateur","property-feature-terrasse","property-feature-tv-fr","property-feature-wifi-fr","property-type-studio-fr","property-city-arroyo-de-la-miel-fr","property-city-arroyo-de-la-miel-costa-del-sol","property-city-benalmadena-fr","property-city-costa-del-sol-fr","property-status-holiday-lets-fr"],"property_meta":{"REAL_HOMES_property_price":"390","REAL_HOMES_property_old_price":"","REAL_HOMES_property_price_prefix":"","REAL_HOMES_property_price_postfix":"Par semaine","REAL_HOMES_property_size":"","REAL_HOMES_property_size_postfix":"","REAL_HOMES_property_lot_size":"","REAL_HOMES_property_lot_size_postfix":"","REAL_HOMES_property_bedrooms":"","REAL_HOMES_property_bathrooms":"","REAL_HOMES_property_garage":"","REAL_HOMES_property_id":"HJ136","REAL_HOMES_property_year_built":"","REAL_HOMES_featured":"1","REAL_HOMES_additional_details_list":[],"REAL_HOMES_property_location":{"latitude":"36.59549023","longitude":"-4.52666491","zoom":"14"},"REAL_HOMES_property_address":"Edificio Jupiter 8, Av de Gamonal, s\/n, 29630 Benalm\u00e0dena, Malaga, Espagne","REAL_HOMES_property_map":"","REAL_HOMES_property_images":[{"width":150,"height":150,"file":"2022\/07\/P1060793.jpg","filesize":151040,"sizes":{"medium":{"file":"P1060793-300x225.jpg","width":300,"height":225,"mime-type":"image\/jpeg","filesize":43337,"url":"https:\/\/media.benalmadena-property.com\/2022\/07\/P1060793-300x225.jpg"},"thumbnail":{"file":"P1060793-150x150.jpg","width":150,"height":150,"mime-type":"image\/jpeg","filesize":37292,"url":"https:\/\/media.benalmadena-property.com\/2022\/07\/P1060793-150x150.jpg"},"post-thumbnail":{"file":"P1060793-150x113.jpg","width":150,"height":113,"mime-type":"image\/jpeg","filesize":36942,"url":"https:\/\/media.benalmadena-property.com\/2022\/07\/P1060793-150x113.jpg"},"property-thumb-image":{"file":"P1060793-488x326.jpg","width":488,"height":326,"mime-type":"image\/jpeg","filesize":53114,"url":"https:\/\/media.benalmadena-property.com\/2022\/07\/P1060793-488x326.jpg"},"property-detail-video-image":{"file":"P1060793-640x417.jpg","width":640,"height":417,"mime-type":"image\/jpeg","filesize":66213,"url":"https:\/\/media.benalmadena-property.com\/2022\/07\/P1060793-640x417.jpg"},"agent-image":{"file":"P1060793-210x210.jpg","width":210,"height":210,"mime-type":"image\/jpeg","filesize":40005,"url":"https:\/\/media.benalmadena-property.com\/2022\/07\/P1060793-210x210.jpg"},"partners-logo":{"file":"P1060793-600x480.jpg","width":600,"height":480,"mime-type":"image\/jpeg","filesize":67220,"url":"https:\/\/media.benalmadena-property.com\/2022\/07\/P1060793-600x480.jpg"},"gallery-two-column-image":{"file":"P1060793-536x269.jpg","width":536,"height":269,"mime-type":"image\/jpeg","filesize":51548,"url":"https:\/\/media.benalmadena-property.com\/2022\/07\/P1060793-536x269.jpg"},"property-detail-slider-thumb":{"file":"P1060793-82x60.jpg","width":82,"height":60,"mime-type":"image\/jpeg","filesize":34911,"url":"https:\/\/media.benalmadena-property.com\/2022\/07\/P1060793-82x60.jpg"}},"image_meta":{"aperture":"3.1","credit":"","camera":"DMC-SZ3","caption":"","created_timestamp":"1657728793","copyright":"","focal_length":"4.5","iso":"250","shutter_speed":"0.016666666666667","title":"","orientation":"1","keywords":[]},"ID":"10752","name":"P1060793.jpg","path":"\/var\/www\/vhosts\/benalmadena-property.com\/httpdocs\/wp-content\/uploads\/2022\/07\/P1060793.jpg","url":"https:\/\/media.benalmadena-property.com\/2022\/07\/P1060793-150x150.jpg","full_url":"https:\/\/media.benalmadena-property.com\/2022\/07\/P1060793.jpg","title":"P1060793","caption":"","description":"","alt":"","srcset":"https:\/\/media.benalmadena-property.com\/2022\/07\/P1060793-150x150.jpg 150w, https:\/\/media.benalmadena-property.com\/2022\/07\/P1060793-210x210.jpg 210w"},{"width":150,"height":150,"file":"2022\/07\/P1060794.jpg","filesize":174080,"sizes":{"medium":{"file":"P1060794-300x225.jpg","width":300,"height":225,"mime-type":"image\/jpeg","filesize":41143,"url":"https:\/\/media.benalmadena-property.com\/2022\/07\/P1060794-300x225.jpg"},"thumbnail":{"file":"P1060794-150x150.jpg","width":150,"height":150,"mime-type":"image\/jpeg","filesize":36632,"url":"https:\/\/media.benalmadena-property.com\/2022\/07\/P1060794-150x150.jpg"},"post-thumbnail":{"file":"P1060794-150x113.jpg","width":150,"height":113,"mime-type":"image\/jpeg","filesize":36207,"url":"https:\/\/media.benalmadena-property.com\/2022\/07\/P1060794-150x113.jpg"},"property-thumb-image":{"file":"P1060794-488x326.jpg","width":488,"height":326,"mime-type":"image\/jpeg","filesize":48641,"url":"https:\/\/media.benalmadena-property.com\/2022\/07\/P1060794-488x326.jpg"},"property-detail-video-image":{"file":"P1060794-640x417.jpg","width":640,"height":417,"mime-type":"image\/jpeg","filesize":59864,"url":"https:\/\/media.benalmadena-property.com\/2022\/07\/P1060794-640x417.jpg"},"agent-image":{"file":"P1060794-210x210.jpg","width":210,"height":210,"mime-type":"image\/jpeg","filesize":38868,"url":"https:\/\/media.benalmadena-property.com\/2022\/07\/P1060794-210x210.jpg"},"partners-logo":{"file":"P1060794-600x480.jpg","width":600,"height":480,"mime-type":"image\/jpeg","filesize":61002,"url":"https:\/\/media.benalmadena-property.com\/2022\/07\/P1060794-600x480.jpg"},"gallery-two-column-image":{"file":"P1060794-536x269.jpg","width":536,"height":269,"mime-type":"image\/jpeg","filesize":46924,"url":"https:\/\/media.benalmadena-property.com\/2022\/07\/P1060794-536x269.jpg"},"property-detail-slider-thumb":{"file":"P1060794-82x60.jpg","width":82,"height":60,"mime-type":"image\/jpeg","filesize":34623,"url":"https:\/\/media.benalmadena-property.com\/2022\/07\/P1060794-82x60.jpg"}},"image_meta":{"aperture":"3.1","credit":"","camera":"DMC-SZ3","caption":"","created_timestamp":"1657728802","copyright":"","focal_length":"4.5","iso":"320","shutter_speed":"0.016666666666667","title":"","orientation":"1","keywords":[]},"ID":"10755","name":"P1060794.jpg","path":"\/var\/www\/vhosts\/benalmadena-property.com\/httpdocs\/wp-content\/uploads\/2022\/07\/P1060794.jpg","url":"https:\/\/media.benalmadena-property.com\/2022\/07\/P1060794-150x150.jpg","full_url":"https:\/\/media.benalmadena-property.com\/2022\/07\/P1060794.jpg","title":"P1060794","caption":"","description":"","alt":"","srcset":"https:\/\/media.benalmadena-property.com\/2022\/07\/P1060794-150x150.jpg 150w, https:\/\/media.benalmadena-property.com\/2022\/07\/P1060794-210x210.jpg 210w"},{"width":150,"height":150,"file":"2022\/07\/P1060795.jpg","filesize":151040,"sizes":{"medium":{"file":"P1060795-300x225.jpg","width":300,"height":225,"mime-type":"image\/jpeg","filesize":42901,"url":"https:\/\/media.benalmadena-property.com\/2022\/07\/P1060795-300x225.jpg"},"thumbnail":{"file":"P1060795-150x150.jpg","width":150,"height":150,"mime-type":"image\/jpeg","filesize":37363,"url":"https:\/\/media.benalmadena-property.com\/2022\/07\/P1060795-150x150.jpg"},"post-thumbnail":{"file":"P1060795-150x113.jpg","width":150,"height":113,"mime-type":"image\/jpeg","filesize":36829,"url":"https:\/\/media.benalmadena-property.com\/2022\/07\/P1060795-150x113.jpg"},"property-thumb-image":{"file":"P1060795-488x326.jpg","width":488,"height":326,"mime-type":"image\/jpeg","filesize":52396,"url":"https:\/\/media.benalmadena-property.com\/2022\/07\/P1060795-488x326.jpg"},"property-detail-video-image":{"file":"P1060795-640x417.jpg","width":640,"height":417,"mime-type":"image\/jpeg","filesize":65371,"url":"https:\/\/media.benalmadena-property.com\/2022\/07\/P1060795-640x417.jpg"},"agent-image":{"file":"P1060795-210x210.jpg","width":210,"height":210,"mime-type":"image\/jpeg","filesize":40018,"url":"https:\/\/media.benalmadena-property.com\/2022\/07\/P1060795-210x210.jpg"},"partners-logo":{"file":"P1060795-600x480.jpg","width":600,"height":480,"mime-type":"image\/jpeg","filesize":66779,"url":"https:\/\/media.benalmadena-property.com\/2022\/07\/P1060795-600x480.jpg"},"gallery-two-column-image":{"file":"P1060795-536x269.jpg","width":536,"height":269,"mime-type":"image\/jpeg","filesize":51080,"url":"https:\/\/media.benalmadena-property.com\/2022\/07\/P1060795-536x269.jpg"},"property-detail-slider-thumb":{"file":"P1060795-82x60.jpg","width":82,"height":60,"mime-type":"image\/jpeg","filesize":34871,"url":"https:\/\/media.benalmadena-property.com\/2022\/07\/P1060795-82x60.jpg"}},"image_meta":{"aperture":"3.1","credit":"","camera":"DMC-SZ3","caption":"","created_timestamp":"1657728815","copyright":"","focal_length":"4.5","iso":"320","shutter_speed":"0.016666666666667","title":"","orientation":"1","keywords":[]},"ID":"10758","name":"P1060795.jpg","path":"\/var\/www\/vhosts\/benalmadena-property.com\/httpdocs\/wp-content\/uploads\/2022\/07\/P1060795.jpg","url":"https:\/\/media.benalmadena-property.com\/2022\/07\/P1060795-150x150.jpg","full_url":"https:\/\/media.benalmadena-property.com\/2022\/07\/P1060795.jpg","title":"P1060795","caption":"","description":"","alt":"","srcset":"https:\/\/media.benalmadena-property.com\/2022\/07\/P1060795-150x150.jpg 150w, https:\/\/media.benalmadena-property.com\/2022\/07\/P1060795-210x210.jpg 210w"},{"width":150,"height":150,"file":"2022\/07\/P1060796.jpg","filesize":147968,"sizes":{"medium":{"file":"P1060796-300x225.jpg","width":300,"height":225,"mime-type":"image\/jpeg","filesize":42105,"url":"https:\/\/media.benalmadena-property.com\/2022\/07\/P1060796-300x225.jpg"},"thumbnail":{"file":"P1060796-150x150.jpg","width":150,"height":150,"mime-type":"image\/jpeg","filesize":37090,"url":"https:\/\/media.benalmadena-property.com\/2022\/07\/P1060796-150x150.jpg"},"post-thumbnail":{"file":"P1060796-150x113.jpg","width":150,"height":113,"mime-type":"image\/jpeg","filesize":36528,"url":"https:\/\/media.benalmadena-property.com\/2022\/07\/P1060796-150x113.jpg"},"property-thumb-image":{"file":"P1060796-488x326.jpg","width":488,"height":326,"mime-type":"image\/jpeg","filesize":50508,"url":"https:\/\/media.benalmadena-property.com\/2022\/07\/P1060796-488x326.jpg"},"property-detail-video-image":{"file":"P1060796-640x417.jpg","width":640,"height":417,"mime-type":"image\/jpeg","filesize":62176,"url":"https:\/\/media.benalmadena-property.com\/2022\/07\/P1060796-640x417.jpg"},"agent-image":{"file":"P1060796-210x210.jpg","width":210,"height":210,"mime-type":"image\/jpeg","filesize":39560,"url":"https:\/\/media.benalmadena-property.com\/2022\/07\/P1060796-210x210.jpg"},"partners-logo":{"file":"P1060796-600x480.jpg","width":600,"height":480,"mime-type":"image\/jpeg","filesize":63059,"url":"https:\/\/media.benalmadena-property.com\/2022\/07\/P1060796-600x480.jpg"},"gallery-two-column-image":{"file":"P1060796-536x269.jpg","width":536,"height":269,"mime-type":"image\/jpeg","filesize":49197,"url":"https:\/\/media.benalmadena-property.com\/2022\/07\/P1060796-536x269.jpg"},"property-detail-slider-thumb":{"file":"P1060796-82x60.jpg","width":82,"height":60,"mime-type":"image\/jpeg","filesize":34752,"url":"https:\/\/media.benalmadena-property.com\/2022\/07\/P1060796-82x60.jpg"}},"image_meta":{"aperture":"3.1","credit":"","camera":"DMC-SZ3","caption":"","created_timestamp":"1657728828","copyright":"","focal_length":"4.5","iso":"320","shutter_speed":"0.016666666666667","title":"","orientation":"1","keywords":[]},"ID":"10761","name":"P1060796.jpg","path":"\/var\/www\/vhosts\/benalmadena-property.com\/httpdocs\/wp-content\/uploads\/2022\/07\/P1060796.jpg","url":"https:\/\/media.benalmadena-property.com\/2022\/07\/P1060796-150x150.jpg","full_url":"https:\/\/media.benalmadena-property.com\/2022\/07\/P1060796.jpg","title":"P1060796","caption":"","description":"","alt":"","srcset":"https:\/\/media.benalmadena-property.com\/2022\/07\/P1060796-150x150.jpg 150w, https:\/\/media.benalmadena-property.com\/2022\/07\/P1060796-210x210.jpg 210w"},{"width":150,"height":150,"file":"2022\/07\/P1060797.jpg","filesize":154112,"sizes":{"medium":{"file":"P1060797-300x225.jpg","width":300,"height":225,"mime-type":"image\/jpeg","filesize":43514,"url":"https:\/\/media.benalmadena-property.com\/2022\/07\/P1060797-300x225.jpg"},"thumbnail":{"file":"P1060797-150x150.jpg","width":150,"height":150,"mime-type":"image\/jpeg","filesize":37559,"url":"https:\/\/media.benalmadena-property.com\/2022\/07\/P1060797-150x150.jpg"},"post-thumbnail":{"file":"P1060797-150x113.jpg","width":150,"height":113,"mime-type":"image\/jpeg","filesize":37013,"url":"https:\/\/media.benalmadena-property.com\/2022\/07\/P1060797-150x113.jpg"},"property-thumb-image":{"file":"P1060797-488x326.jpg","width":488,"height":326,"mime-type":"image\/jpeg","filesize":53393,"url":"https:\/\/media.benalmadena-property.com\/2022\/07\/P1060797-488x326.jpg"},"property-detail-video-image":{"file":"P1060797-640x417.jpg","width":640,"height":417,"mime-type":"image\/jpeg","filesize":67341,"url":"https:\/\/media.benalmadena-property.com\/2022\/07\/P1060797-640x417.jpg"},"agent-image":{"file":"P1060797-210x210.jpg","width":210,"height":210,"mime-type":"image\/jpeg","filesize":40543,"url":"https:\/\/media.benalmadena-property.com\/2022\/07\/P1060797-210x210.jpg"},"partners-logo":{"file":"P1060797-600x480.jpg","width":600,"height":480,"mime-type":"image\/jpeg","filesize":68304,"url":"https:\/\/media.benalmadena-property.com\/2022\/07\/P1060797-600x480.jpg"},"gallery-two-column-image":{"file":"P1060797-536x269.jpg","width":536,"height":269,"mime-type":"image\/jpeg","filesize":52531,"url":"https:\/\/media.benalmadena-property.com\/2022\/07\/P1060797-536x269.jpg"},"property-detail-slider-thumb":{"file":"P1060797-82x60.jpg","width":82,"height":60,"mime-type":"image\/jpeg","filesize":34947,"url":"https:\/\/media.benalmadena-property.com\/2022\/07\/P1060797-82x60.jpg"}},"image_meta":{"aperture":"3.1","credit":"","camera":"DMC-SZ3","caption":"","created_timestamp":"1657728840","copyright":"","focal_length":"4.5","iso":"400","shutter_speed":"0.016666666666667","title":"","orientation":"1","keywords":[]},"ID":"10764","name":"P1060797.jpg","path":"\/var\/www\/vhosts\/benalmadena-property.com\/httpdocs\/wp-content\/uploads\/2022\/07\/P1060797.jpg","url":"https:\/\/media.benalmadena-property.com\/2022\/07\/P1060797-150x150.jpg","full_url":"https:\/\/media.benalmadena-property.com\/2022\/07\/P1060797.jpg","title":"P1060797","caption":"","description":"","alt":"","srcset":"https:\/\/media.benalmadena-property.com\/2022\/07\/P1060797-150x150.jpg 150w, https:\/\/media.benalmadena-property.com\/2022\/07\/P1060797-210x210.jpg 210w"},{"width":150,"height":150,"file":"2022\/07\/P1060798.jpg","filesize":155136,"sizes":{"medium":{"file":"P1060798-300x225.jpg","width":300,"height":225,"mime-type":"image\/jpeg","filesize":43521,"url":"https:\/\/media.benalmadena-property.com\/2022\/07\/P1060798-300x225.jpg"},"thumbnail":{"file":"P1060798-150x150.jpg","width":150,"height":150,"mime-type":"image\/jpeg","filesize":37646,"url":"https:\/\/media.benalmadena-property.com\/2022\/07\/P1060798-150x150.jpg"},"post-thumbnail":{"file":"P1060798-150x113.jpg","width":150,"height":113,"mime-type":"image\/jpeg","filesize":36847,"url":"https:\/\/media.benalmadena-property.com\/2022\/07\/P1060798-150x113.jpg"},"property-thumb-image":{"file":"P1060798-488x326.jpg","width":488,"height":326,"mime-type":"image\/jpeg","filesize":53378,"url":"https:\/\/media.benalmadena-property.com\/2022\/07\/P1060798-488x326.jpg"},"property-detail-video-image":{"file":"P1060798-640x417.jpg","width":640,"height":417,"mime-type":"image\/jpeg","filesize":67576,"url":"https:\/\/media.benalmadena-property.com\/2022\/07\/P1060798-640x417.jpg"},"agent-image":{"file":"P1060798-210x210.jpg","width":210,"height":210,"mime-type":"image\/jpeg","filesize":40698,"url":"https:\/\/media.benalmadena-property.com\/2022\/07\/P1060798-210x210.jpg"},"partners-logo":{"file":"P1060798-600x480.jpg","width":600,"height":480,"mime-type":"image\/jpeg","filesize":70067,"url":"https:\/\/media.benalmadena-property.com\/2022\/07\/P1060798-600x480.jpg"},"gallery-two-column-image":{"file":"P1060798-536x269.jpg","width":536,"height":269,"mime-type":"image\/jpeg","filesize":51063,"url":"https:\/\/media.benalmadena-property.com\/2022\/07\/P1060798-536x269.jpg"},"property-detail-slider-thumb":{"file":"P1060798-82x60.jpg","width":82,"height":60,"mime-type":"image\/jpeg","filesize":34825,"url":"https:\/\/media.benalmadena-property.com\/2022\/07\/P1060798-82x60.jpg"}},"image_meta":{"aperture":"3.1","credit":"","camera":"DMC-SZ3","caption":"","created_timestamp":"1657728846","copyright":"","focal_length":"4.5","iso":"400","shutter_speed":"0.016666666666667","title":"","orientation":"1","keywords":[]},"ID":"10767","name":"P1060798.jpg","path":"\/var\/www\/vhosts\/benalmadena-property.com\/httpdocs\/wp-content\/uploads\/2022\/07\/P1060798.jpg","url":"https:\/\/media.benalmadena-property.com\/2022\/07\/P1060798-150x150.jpg","full_url":"https:\/\/media.benalmadena-property.com\/2022\/07\/P1060798.jpg","title":"P1060798","caption":"","description":"","alt":"","srcset":"https:\/\/media.benalmadena-property.com\/2022\/07\/P1060798-150x150.jpg 150w, https:\/\/media.benalmadena-property.com\/2022\/07\/P1060798-210x210.jpg 210w"},{"width":150,"height":150,"file":"2022\/07\/P1060799.jpg","filesize":150016,"sizes":{"medium":{"file":"P1060799-300x225.jpg","width":300,"height":225,"mime-type":"image\/jpeg","filesize":43262,"url":"https:\/\/media.benalmadena-property.com\/2022\/07\/P1060799-300x225.jpg"},"thumbnail":{"file":"P1060799-150x150.jpg","width":150,"height":150,"mime-type":"image\/jpeg","filesize":37269,"url":"https:\/\/media.benalmadena-property.com\/2022\/07\/P1060799-150x150.jpg"},"post-thumbnail":{"file":"P1060799-150x113.jpg","width":150,"height":113,"mime-type":"image\/jpeg","filesize":36762,"url":"https:\/\/media.benalmadena-property.com\/2022\/07\/P1060799-150x113.jpg"},"property-thumb-image":{"file":"P1060799-488x326.jpg","width":488,"height":326,"mime-type":"image\/jpeg","filesize":53204,"url":"https:\/\/media.benalmadena-property.com\/2022\/07\/P1060799-488x326.jpg"},"property-detail-video-image":{"file":"P1060799-640x417.jpg","width":640,"height":417,"mime-type":"image\/jpeg","filesize":68523,"url":"https:\/\/media.benalmadena-property.com\/2022\/07\/P1060799-640x417.jpg"},"agent-image":{"file":"P1060799-210x210.jpg","width":210,"height":210,"mime-type":"image\/jpeg","filesize":40205,"url":"https:\/\/media.benalmadena-property.com\/2022\/07\/P1060799-210x210.jpg"},"partners-logo":{"file":"P1060799-600x480.jpg","width":600,"height":480,"mime-type":"image\/jpeg","filesize":70828,"url":"https:\/\/media.benalmadena-property.com\/2022\/07\/P1060799-600x480.jpg"},"gallery-two-column-image":{"file":"P1060799-536x269.jpg","width":536,"height":269,"mime-type":"image\/jpeg","filesize":51644,"url":"https:\/\/media.benalmadena-property.com\/2022\/07\/P1060799-536x269.jpg"},"property-detail-slider-thumb":{"file":"P1060799-82x60.jpg","width":82,"height":60,"mime-type":"image\/jpeg","filesize":34861,"url":"https:\/\/media.benalmadena-property.com\/2022\/07\/P1060799-82x60.jpg"}},"image_meta":{"aperture":"3.1","credit":"","camera":"DMC-SZ3","caption":"","created_timestamp":"1657728856","copyright":"","focal_length":"4.5","iso":"400","shutter_speed":"0.016666666666667","title":"","orientation":"1","keywords":[]},"ID":"10770","name":"P1060799.jpg","path":"\/var\/www\/vhosts\/benalmadena-property.com\/httpdocs\/wp-content\/uploads\/2022\/07\/P1060799.jpg","url":"https:\/\/media.benalmadena-property.com\/2022\/07\/P1060799-150x150.jpg","full_url":"https:\/\/media.benalmadena-property.com\/2022\/07\/P1060799.jpg","title":"P1060799","caption":"","description":"","alt":"","srcset":"https:\/\/media.benalmadena-property.com\/2022\/07\/P1060799-150x150.jpg 150w, https:\/\/media.benalmadena-property.com\/2022\/07\/P1060799-210x210.jpg 210w"},{"width":150,"height":150,"file":"2022\/07\/P1060800.jpg","filesize":159232,"sizes":{"medium":{"file":"P1060800-300x225.jpg","width":300,"height":225,"mime-type":"image\/jpeg","filesize":45854,"url":"https:\/\/media.benalmadena-property.com\/2022\/07\/P1060800-300x225.jpg"},"thumbnail":{"file":"P1060800-150x150.jpg","width":150,"height":150,"mime-type":"image\/jpeg","filesize":38044,"url":"https:\/\/media.benalmadena-property.com\/2022\/07\/P1060800-150x150.jpg"},"post-thumbnail":{"file":"P1060800-150x113.jpg","width":150,"height":113,"mime-type":"image\/jpeg","filesize":37536,"url":"https:\/\/media.benalmadena-property.com\/2022\/07\/P1060800-150x113.jpg"},"property-thumb-image":{"file":"P1060800-488x326.jpg","width":488,"height":326,"mime-type":"image\/jpeg","filesize":58375,"url":"https:\/\/media.benalmadena-property.com\/2022\/07\/P1060800-488x326.jpg"},"property-detail-video-image":{"file":"P1060800-640x417.jpg","width":640,"height":417,"mime-type":"image\/jpeg","filesize":75735,"url":"https:\/\/media.benalmadena-property.com\/2022\/07\/P1060800-640x417.jpg"},"agent-image":{"file":"P1060800-210x210.jpg","width":210,"height":210,"mime-type":"image\/jpeg","filesize":41574,"url":"https:\/\/media.benalmadena-property.com\/2022\/07\/P1060800-210x210.jpg"},"partners-logo":{"file":"P1060800-600x480.jpg","width":600,"height":480,"mime-type":"image\/jpeg","filesize":79147,"url":"https:\/\/media.benalmadena-property.com\/2022\/07\/P1060800-600x480.jpg"},"gallery-two-column-image":{"file":"P1060800-536x269.jpg","width":536,"height":269,"mime-type":"image\/jpeg","filesize":56063,"url":"https:\/\/media.benalmadena-property.com\/2022\/07\/P1060800-536x269.jpg"},"property-detail-slider-thumb":{"file":"P1060800-82x60.jpg","width":82,"height":60,"mime-type":"image\/jpeg","filesize":35028,"url":"https:\/\/media.benalmadena-property.com\/2022\/07\/P1060800-82x60.jpg"}},"image_meta":{"aperture":"3.1","credit":"","camera":"DMC-SZ3","caption":"","created_timestamp":"1657728868","copyright":"","focal_length":"4.5","iso":"400","shutter_speed":"0.016666666666667","title":"","orientation":"1","keywords":[]},"ID":"10773","name":"P1060800.jpg","path":"\/var\/www\/vhosts\/benalmadena-property.com\/httpdocs\/wp-content\/uploads\/2022\/07\/P1060800.jpg","url":"https:\/\/media.benalmadena-property.com\/2022\/07\/P1060800-150x150.jpg","full_url":"https:\/\/media.benalmadena-property.com\/2022\/07\/P1060800.jpg","title":"P1060800","caption":"","description":"","alt":"","srcset":"https:\/\/media.benalmadena-property.com\/2022\/07\/P1060800-150x150.jpg 150w, https:\/\/media.benalmadena-property.com\/2022\/07\/P1060800-210x210.jpg 210w"},{"width":150,"height":150,"file":"2022\/07\/P1060801.jpg","filesize":157184,"sizes":{"medium":{"file":"P1060801-300x225.jpg","width":300,"height":225,"mime-type":"image\/jpeg","filesize":45616,"url":"https:\/\/media.benalmadena-property.com\/2022\/07\/P1060801-300x225.jpg"},"thumbnail":{"file":"P1060801-150x150.jpg","width":150,"height":150,"mime-type":"image\/jpeg","filesize":38276,"url":"https:\/\/media.benalmadena-property.com\/2022\/07\/P1060801-150x150.jpg"},"post-thumbnail":{"file":"P1060801-150x113.jpg","width":150,"height":113,"mime-type":"image\/jpeg","filesize":37556,"url":"https:\/\/media.benalmadena-property.com\/2022\/07\/P1060801-150x113.jpg"},"property-thumb-image":{"file":"P1060801-488x326.jpg","width":488,"height":326,"mime-type":"image\/jpeg","filesize":57866,"url":"https:\/\/media.benalmadena-property.com\/2022\/07\/P1060801-488x326.jpg"},"property-detail-video-image":{"file":"P1060801-640x417.jpg","width":640,"height":417,"mime-type":"image\/jpeg","filesize":74757,"url":"https:\/\/media.benalmadena-property.com\/2022\/07\/P1060801-640x417.jpg"},"agent-image":{"file":"P1060801-210x210.jpg","width":210,"height":210,"mime-type":"image\/jpeg","filesize":42068,"url":"https:\/\/media.benalmadena-property.com\/2022\/07\/P1060801-210x210.jpg"},"partners-logo":{"file":"P1060801-600x480.jpg","width":600,"height":480,"mime-type":"image\/jpeg","filesize":77084,"url":"https:\/\/media.benalmadena-property.com\/2022\/07\/P1060801-600x480.jpg"},"gallery-two-column-image":{"file":"P1060801-536x269.jpg","width":536,"height":269,"mime-type":"image\/jpeg","filesize":55949,"url":"https:\/\/media.benalmadena-property.com\/2022\/07\/P1060801-536x269.jpg"},"property-detail-slider-thumb":{"file":"P1060801-82x60.jpg","width":82,"height":60,"mime-type":"image\/jpeg","filesize":35085,"url":"https:\/\/media.benalmadena-property.com\/2022\/07\/P1060801-82x60.jpg"}},"image_meta":{"aperture":"3.1","credit":"","camera":"DMC-SZ3","caption":"","created_timestamp":"1657728880","copyright":"","focal_length":"4.5","iso":"400","shutter_speed":"0.016666666666667","title":"","orientation":"1","keywords":[]},"ID":"10776","name":"P1060801.jpg","path":"\/var\/www\/vhosts\/benalmadena-property.com\/httpdocs\/wp-content\/uploads\/2022\/07\/P1060801.jpg","url":"https:\/\/media.benalmadena-property.com\/2022\/07\/P1060801-150x150.jpg","full_url":"https:\/\/media.benalmadena-property.com\/2022\/07\/P1060801.jpg","title":"P1060801","caption":"","description":"","alt":"","srcset":"https:\/\/media.benalmadena-property.com\/2022\/07\/P1060801-150x150.jpg 150w, https:\/\/media.benalmadena-property.com\/2022\/07\/P1060801-210x210.jpg 210w"},{"width":150,"height":150,"file":"2022\/07\/P1060802.jpg","filesize":150016,"sizes":{"medium":{"file":"P1060802-300x225.jpg","width":300,"height":225,"mime-type":"image\/jpeg","filesize":43925,"url":"https:\/\/media.benalmadena-property.com\/2022\/07\/P1060802-300x225.jpg"},"thumbnail":{"file":"P1060802-150x150.jpg","width":150,"height":150,"mime-type":"image\/jpeg","filesize":37495,"url":"https:\/\/media.benalmadena-property.com\/2022\/07\/P1060802-150x150.jpg"},"post-thumbnail":{"file":"P1060802-150x113.jpg","width":150,"height":113,"mime-type":"image\/jpeg","filesize":37118,"url":"https:\/\/media.benalmadena-property.com\/2022\/07\/P1060802-150x113.jpg"},"property-thumb-image":{"file":"P1060802-488x326.jpg","width":488,"height":326,"mime-type":"image\/jpeg","filesize":54260,"url":"https:\/\/media.benalmadena-property.com\/2022\/07\/P1060802-488x326.jpg"},"property-detail-video-image":{"file":"P1060802-640x417.jpg","width":640,"height":417,"mime-type":"image\/jpeg","filesize":69239,"url":"https:\/\/media.benalmadena-property.com\/2022\/07\/P1060802-640x417.jpg"},"agent-image":{"file":"P1060802-210x210.jpg","width":210,"height":210,"mime-type":"image\/jpeg","filesize":40330,"url":"https:\/\/media.benalmadena-property.com\/2022\/07\/P1060802-210x210.jpg"},"partners-logo":{"file":"P1060802-600x480.jpg","width":600,"height":480,"mime-type":"image\/jpeg","filesize":71144,"url":"https:\/\/media.benalmadena-property.com\/2022\/07\/P1060802-600x480.jpg"},"gallery-two-column-image":{"file":"P1060802-536x269.jpg","width":536,"height":269,"mime-type":"image\/jpeg","filesize":52207,"url":"https:\/\/media.benalmadena-property.com\/2022\/07\/P1060802-536x269.jpg"},"property-detail-slider-thumb":{"file":"P1060802-82x60.jpg","width":82,"height":60,"mime-type":"image\/jpeg","filesize":34958,"url":"https:\/\/media.benalmadena-property.com\/2022\/07\/P1060802-82x60.jpg"}},"image_meta":{"aperture":"3.1","credit":"","camera":"DMC-SZ3","caption":"","created_timestamp":"1657728893","copyright":"","focal_length":"4.5","iso":"400","shutter_speed":"0.016666666666667","title":"","orientation":"1","keywords":[]},"ID":"10779","name":"P1060802.jpg","path":"\/var\/www\/vhosts\/benalmadena-property.com\/httpdocs\/wp-content\/uploads\/2022\/07\/P1060802.jpg","url":"https:\/\/media.benalmadena-property.com\/2022\/07\/P1060802-150x150.jpg","full_url":"https:\/\/media.benalmadena-property.com\/2022\/07\/P1060802.jpg","title":"P1060802","caption":"","description":"","alt":"","srcset":"https:\/\/media.benalmadena-property.com\/2022\/07\/P1060802-150x150.jpg 150w, https:\/\/media.benalmadena-property.com\/2022\/07\/P1060802-210x210.jpg 210w"},{"width":150,"height":150,"file":"2022\/07\/P1060803.jpg","filesize":175616,"sizes":{"medium":{"file":"P1060803-300x225.jpg","width":300,"height":225,"mime-type":"image\/jpeg","filesize":50598,"url":"https:\/\/media.benalmadena-property.com\/2022\/07\/P1060803-300x225.jpg"},"thumbnail":{"file":"P1060803-150x150.jpg","width":150,"height":150,"mime-type":"image\/jpeg","filesize":40512,"url":"https:\/\/media.benalmadena-property.com\/2022\/07\/P1060803-150x150.jpg"},"post-thumbnail":{"file":"P1060803-150x113.jpg","width":150,"height":113,"mime-type":"image\/jpeg","filesize":39003,"url":"https:\/\/media.benalmadena-property.com\/2022\/07\/P1060803-150x113.jpg"},"property-thumb-image":{"file":"P1060803-488x326.jpg","width":488,"height":326,"mime-type":"image\/jpeg","filesize":67893,"url":"https:\/\/media.benalmadena-property.com\/2022\/07\/P1060803-488x326.jpg"},"property-detail-video-image":{"file":"P1060803-640x417.jpg","width":640,"height":417,"mime-type":"image\/jpeg","filesize":92475,"url":"https:\/\/media.benalmadena-property.com\/2022\/07\/P1060803-640x417.jpg"},"agent-image":{"file":"P1060803-210x210.jpg","width":210,"height":210,"mime-type":"image\/jpeg","filesize":46117,"url":"https:\/\/media.benalmadena-property.com\/2022\/07\/P1060803-210x210.jpg"},"partners-logo":{"file":"P1060803-600x480.jpg","width":600,"height":480,"mime-type":"image\/jpeg","filesize":95820,"url":"https:\/\/media.benalmadena-property.com\/2022\/07\/P1060803-600x480.jpg"},"gallery-two-column-image":{"file":"P1060803-536x269.jpg","width":536,"height":269,"mime-type":"image\/jpeg","filesize":64766,"url":"https:\/\/media.benalmadena-property.com\/2022\/07\/P1060803-536x269.jpg"},"property-detail-slider-thumb":{"file":"P1060803-82x60.jpg","width":82,"height":60,"mime-type":"image\/jpeg","filesize":35500,"url":"https:\/\/media.benalmadena-property.com\/2022\/07\/P1060803-82x60.jpg"}},"image_meta":{"aperture":"3.1","credit":"","camera":"DMC-SZ3","caption":"","created_timestamp":"1657728914","copyright":"","focal_length":"4.5","iso":"100","shutter_speed":"0.0015625","title":"","orientation":"1","keywords":[]},"ID":"10782","name":"P1060803.jpg","path":"\/var\/www\/vhosts\/benalmadena-property.com\/httpdocs\/wp-content\/uploads\/2022\/07\/P1060803.jpg","url":"https:\/\/media.benalmadena-property.com\/2022\/07\/P1060803-150x150.jpg","full_url":"https:\/\/media.benalmadena-property.com\/2022\/07\/P1060803.jpg","title":"P1060803","caption":"","description":"","alt":"","srcset":"https:\/\/media.benalmadena-property.com\/2022\/07\/P1060803-150x150.jpg 150w, https:\/\/media.benalmadena-property.com\/2022\/07\/P1060803-210x210.jpg 210w"},{"width":150,"height":150,"file":"2022\/07\/P1060804.jpg","filesize":165376,"sizes":{"medium":{"file":"P1060804-300x225.jpg","width":300,"height":225,"mime-type":"image\/jpeg","filesize":53789,"url":"https:\/\/media.benalmadena-property.com\/2022\/07\/P1060804-300x225.jpg"},"thumbnail":{"file":"P1060804-150x150.jpg","width":150,"height":150,"mime-type":"image\/jpeg","filesize":40930,"url":"https:\/\/media.benalmadena-property.com\/2022\/07\/P1060804-150x150.jpg"},"post-thumbnail":{"file":"P1060804-150x113.jpg","width":150,"height":113,"mime-type":"image\/jpeg","filesize":39634,"url":"https:\/\/media.benalmadena-property.com\/2022\/07\/P1060804-150x113.jpg"},"property-thumb-image":{"file":"P1060804-488x326.jpg","width":488,"height":326,"mime-type":"image\/jpeg","filesize":76729,"url":"https:\/\/media.benalmadena-property.com\/2022\/07\/P1060804-488x326.jpg"},"property-detail-video-image":{"file":"P1060804-640x417.jpg","width":640,"height":417,"mime-type":"image\/jpeg","filesize":110783,"url":"https:\/\/media.benalmadena-property.com\/2022\/07\/P1060804-640x417.jpg"},"agent-image":{"file":"P1060804-210x210.jpg","width":210,"height":210,"mime-type":"image\/jpeg","filesize":47038,"url":"https:\/\/media.benalmadena-property.com\/2022\/07\/P1060804-210x210.jpg"},"partners-logo":{"file":"P1060804-600x480.jpg","width":600,"height":480,"mime-type":"image\/jpeg","filesize":111698,"url":"https:\/\/media.benalmadena-property.com\/2022\/07\/P1060804-600x480.jpg"},"gallery-two-column-image":{"file":"P1060804-536x269.jpg","width":536,"height":269,"mime-type":"image\/jpeg","filesize":76626,"url":"https:\/\/media.benalmadena-property.com\/2022\/07\/P1060804-536x269.jpg"},"property-detail-slider-thumb":{"file":"P1060804-82x60.jpg","width":82,"height":60,"mime-type":"image\/jpeg","filesize":35701,"url":"https:\/\/media.benalmadena-property.com\/2022\/07\/P1060804-82x60.jpg"}},"image_meta":{"aperture":"3.1","credit":"","camera":"DMC-SZ3","caption":"","created_timestamp":"1657728926","copyright":"","focal_length":"4.5","iso":"100","shutter_speed":"0.00076923076923077","title":"","orientation":"1","keywords":[]},"ID":"10785","name":"P1060804.jpg","path":"\/var\/www\/vhosts\/benalmadena-property.com\/httpdocs\/wp-content\/uploads\/2022\/07\/P1060804.jpg","url":"https:\/\/media.benalmadena-property.com\/2022\/07\/P1060804-150x150.jpg","full_url":"https:\/\/media.benalmadena-property.com\/2022\/07\/P1060804.jpg","title":"P1060804","caption":"","description":"","alt":"","srcset":"https:\/\/media.benalmadena-property.com\/2022\/07\/P1060804-150x150.jpg 150w, https:\/\/media.benalmadena-property.com\/2022\/07\/P1060804-210x210.jpg 210w"},{"width":150,"height":150,"file":"2022\/07\/P1060805.jpg","filesize":166400,"sizes":{"medium":{"file":"P1060805-300x225.jpg","width":300,"height":225,"mime-type":"image\/jpeg","filesize":52335,"url":"https:\/\/media.benalmadena-property.com\/2022\/07\/P1060805-300x225.jpg"},"thumbnail":{"file":"P1060805-150x150.jpg","width":150,"height":150,"mime-type":"image\/jpeg","filesize":40411,"url":"https:\/\/media.benalmadena-property.com\/2022\/07\/P1060805-150x150.jpg"},"post-thumbnail":{"file":"P1060805-150x113.jpg","width":150,"height":113,"mime-type":"image\/jpeg","filesize":39188,"url":"https:\/\/media.benalmadena-property.com\/2022\/07\/P1060805-150x113.jpg"},"property-thumb-image":{"file":"P1060805-488x326.jpg","width":488,"height":326,"mime-type":"image\/jpeg","filesize":74381,"url":"https:\/\/media.benalmadena-property.com\/2022\/07\/P1060805-488x326.jpg"},"property-detail-video-image":{"file":"P1060805-640x417.jpg","width":640,"height":417,"mime-type":"image\/jpeg","filesize":107553,"url":"https:\/\/media.benalmadena-property.com\/2022\/07\/P1060805-640x417.jpg"},"agent-image":{"file":"P1060805-210x210.jpg","width":210,"height":210,"mime-type":"image\/jpeg","filesize":46185,"url":"https:\/\/media.benalmadena-property.com\/2022\/07\/P1060805-210x210.jpg"},"partners-logo":{"file":"P1060805-600x480.jpg","width":600,"height":480,"mime-type":"image\/jpeg","filesize":107061,"url":"https:\/\/media.benalmadena-property.com\/2022\/07\/P1060805-600x480.jpg"},"gallery-two-column-image":{"file":"P1060805-536x269.jpg","width":536,"height":269,"mime-type":"image\/jpeg","filesize":73818,"url":"https:\/\/media.benalmadena-property.com\/2022\/07\/P1060805-536x269.jpg"},"property-detail-slider-thumb":{"file":"P1060805-82x60.jpg","width":82,"height":60,"mime-type":"image\/jpeg","filesize":35548,"url":"https:\/\/media.benalmadena-property.com\/2022\/07\/P1060805-82x60.jpg"}},"image_meta":{"aperture":"3.1","credit":"","camera":"DMC-SZ3","caption":"","created_timestamp":"1657728934","copyright":"","focal_length":"4.5","iso":"100","shutter_speed":"0.0015625","title":"","orientation":"1","keywords":[]},"ID":"10788","name":"P1060805.jpg","path":"\/var\/www\/vhosts\/benalmadena-property.com\/httpdocs\/wp-content\/uploads\/2022\/07\/P1060805.jpg","url":"https:\/\/media.benalmadena-property.com\/2022\/07\/P1060805-150x150.jpg","full_url":"https:\/\/media.benalmadena-property.com\/2022\/07\/P1060805.jpg","title":"P1060805","caption":"","description":"","alt":"","srcset":"https:\/\/media.benalmadena-property.com\/2022\/07\/P1060805-150x150.jpg 150w, https:\/\/media.benalmadena-property.com\/2022\/07\/P1060805-210x210.jpg 210w"},{"width":150,"height":150,"file":"2016\/04\/220621_DDS_26.jpg","sizes":{"medium":{"file":"220621_DDS_26-300x200.jpg","width":300,"height":200,"mime-type":"image\/jpeg","url":"https:\/\/media.benalmadena-property.com\/2016\/04\/220621_DDS_26-300x200.jpg"},"thumbnail":{"file":"220621_DDS_26-150x150.jpg","width":150,"height":150,"mime-type":"image\/jpeg","url":"https:\/\/media.benalmadena-property.com\/2016\/04\/220621_DDS_26-150x150.jpg"},"medium_large":{"file":"220621_DDS_26-768x512.jpg","width":768,"height":512,"mime-type":"image\/jpeg","url":"https:\/\/media.benalmadena-property.com\/2016\/04\/220621_DDS_26-768x512.jpg"},"post-thumbnail":{"file":"220621_DDS_26-150x100.jpg","width":150,"height":100,"mime-type":"image\/jpeg","url":"https:\/\/media.benalmadena-property.com\/2016\/04\/220621_DDS_26-150x100.jpg"},"modern-property-child-slider":{"file":"220621_DDS_26-680x510.jpg","width":680,"height":510,"mime-type":"image\/jpeg","url":"https:\/\/media.benalmadena-property.com\/2016\/04\/220621_DDS_26-680x510.jpg"},"property-thumb-image":{"file":"220621_DDS_26-488x326.jpg","width":488,"height":326,"mime-type":"image\/jpeg","url":"https:\/\/media.benalmadena-property.com\/2016\/04\/220621_DDS_26-488x326.jpg"},"property-detail-video-image":{"file":"220621_DDS_26-818x417.jpg","width":818,"height":417,"mime-type":"image\/jpeg","url":"https:\/\/media.benalmadena-property.com\/2016\/04\/220621_DDS_26-818x417.jpg"},"agent-image":{"file":"220621_DDS_26-210x210.jpg","width":210,"height":210,"mime-type":"image\/jpeg","url":"https:\/\/media.benalmadena-property.com\/2016\/04\/220621_DDS_26-210x210.jpg"},"partners-logo":{"file":"220621_DDS_26-600x680.jpg","width":600,"height":680,"mime-type":"image\/jpeg","url":"https:\/\/media.benalmadena-property.com\/2016\/04\/220621_DDS_26-600x680.jpg"},"gallery-two-column-image":{"file":"220621_DDS_26-536x269.jpg","width":536,"height":269,"mime-type":"image\/jpeg","url":"https:\/\/media.benalmadena-property.com\/2016\/04\/220621_DDS_26-536x269.jpg"},"property-detail-slider-image-two":{"file":"220621_DDS_26-1020x648.jpg","width":1020,"height":648,"mime-type":"image\/jpeg","url":"https:\/\/media.benalmadena-property.com\/2016\/04\/220621_DDS_26-1020x648.jpg"},"property-detail-slider-thumb":{"file":"220621_DDS_26-82x60.jpg","width":82,"height":60,"mime-type":"image\/jpeg","url":"https:\/\/media.benalmadena-property.com\/2016\/04\/220621_DDS_26-82x60.jpg"}},"image_meta":{"aperture":"7.1","credit":"","camera":"ILCE-7M3","caption":"","created_timestamp":"1624363009","copyright":"@danieldisabatino","focal_length":"24","iso":"100","shutter_speed":"0.0025","title":"","orientation":"0","keywords":[]},"ID":"9898","name":"220621_DDS_26.jpg","path":"\/var\/www\/vhosts\/benalmadena-property.com\/httpdocs\/wp-content\/uploads\/2016\/04\/220621_DDS_26.jpg","url":"https:\/\/media.benalmadena-property.com\/2016\/04\/220621_DDS_26-150x150.jpg","full_url":"https:\/\/media.benalmadena-property.com\/2016\/04\/220621_DDS_26.jpg","title":"220621_DDS_26","caption":"","description":"","alt":"","srcset":"https:\/\/media.benalmadena-property.com\/2016\/04\/220621_DDS_26-150x150.jpg 150w, https:\/\/media.benalmadena-property.com\/2016\/04\/220621_DDS_26-210x210.jpg 210w"},{"width":150,"height":150,"file":"2016\/04\/220621_DDS_35-1.jpg","sizes":{"medium":{"file":"220621_DDS_35-1-300x200.jpg","width":300,"height":200,"mime-type":"image\/jpeg","url":"https:\/\/media.benalmadena-property.com\/2016\/04\/220621_DDS_35-1-300x200.jpg"},"thumbnail":{"file":"220621_DDS_35-1-150x150.jpg","width":150,"height":150,"mime-type":"image\/jpeg","url":"https:\/\/media.benalmadena-property.com\/2016\/04\/220621_DDS_35-1-150x150.jpg"},"medium_large":{"file":"220621_DDS_35-1-768x512.jpg","width":768,"height":512,"mime-type":"image\/jpeg","url":"https:\/\/media.benalmadena-property.com\/2016\/04\/220621_DDS_35-1-768x512.jpg"},"post-thumbnail":{"file":"220621_DDS_35-1-150x100.jpg","width":150,"height":100,"mime-type":"image\/jpeg","url":"https:\/\/media.benalmadena-property.com\/2016\/04\/220621_DDS_35-1-150x100.jpg"},"modern-property-child-slider":{"file":"220621_DDS_35-1-680x510.jpg","width":680,"height":510,"mime-type":"image\/jpeg","url":"https:\/\/media.benalmadena-property.com\/2016\/04\/220621_DDS_35-1-680x510.jpg"},"property-thumb-image":{"file":"220621_DDS_35-1-488x326.jpg","width":488,"height":326,"mime-type":"image\/jpeg","url":"https:\/\/media.benalmadena-property.com\/2016\/04\/220621_DDS_35-1-488x326.jpg"},"property-detail-video-image":{"file":"220621_DDS_35-1-818x417.jpg","width":818,"height":417,"mime-type":"image\/jpeg","url":"https:\/\/media.benalmadena-property.com\/2016\/04\/220621_DDS_35-1-818x417.jpg"},"agent-image":{"file":"220621_DDS_35-1-210x210.jpg","width":210,"height":210,"mime-type":"image\/jpeg","url":"https:\/\/media.benalmadena-property.com\/2016\/04\/220621_DDS_35-1-210x210.jpg"},"partners-logo":{"file":"220621_DDS_35-1-600x680.jpg","width":600,"height":680,"mime-type":"image\/jpeg","url":"https:\/\/media.benalmadena-property.com\/2016\/04\/220621_DDS_35-1-600x680.jpg"},"gallery-two-column-image":{"file":"220621_DDS_35-1-536x269.jpg","width":536,"height":269,"mime-type":"image\/jpeg","url":"https:\/\/media.benalmadena-property.com\/2016\/04\/220621_DDS_35-1-536x269.jpg"},"property-detail-slider-image-two":{"file":"220621_DDS_35-1-1020x648.jpg","width":1020,"height":648,"mime-type":"image\/jpeg","url":"https:\/\/media.benalmadena-property.com\/2016\/04\/220621_DDS_35-1-1020x648.jpg"},"property-detail-slider-thumb":{"file":"220621_DDS_35-1-82x60.jpg","width":82,"height":60,"mime-type":"image\/jpeg","url":"https:\/\/media.benalmadena-property.com\/2016\/04\/220621_DDS_35-1-82x60.jpg"}},"image_meta":{"aperture":"7.1","credit":"","camera":"ILCE-7M3","caption":"","created_timestamp":"1624366729","copyright":"@danieldisabatino","focal_length":"14","iso":"100","shutter_speed":"0.0015625","title":"","orientation":"0","keywords":[]},"ID":"9910","name":"220621_DDS_35-1.jpg","path":"\/var\/www\/vhosts\/benalmadena-property.com\/httpdocs\/wp-content\/uploads\/2016\/04\/220621_DDS_35-1.jpg","url":"https:\/\/media.benalmadena-property.com\/2016\/04\/220621_DDS_35-1-150x150.jpg","full_url":"https:\/\/media.benalmadena-property.com\/2016\/04\/220621_DDS_35-1.jpg","title":"220621_DDS_35 (1)","caption":"","description":"","alt":"","srcset":"https:\/\/media.benalmadena-property.com\/2016\/04\/220621_DDS_35-1-150x150.jpg 150w, https:\/\/media.benalmadena-property.com\/2016\/04\/220621_DDS_35-1-210x210.jpg 210w"},{"width":150,"height":150,"file":"2016\/04\/220621_DDS_30.jpg","sizes":{"medium":{"file":"220621_DDS_30-300x200.jpg","width":300,"height":200,"mime-type":"image\/jpeg","url":"https:\/\/media.benalmadena-property.com\/2016\/04\/220621_DDS_30-300x200.jpg"},"thumbnail":{"file":"220621_DDS_30-150x150.jpg","width":150,"height":150,"mime-type":"image\/jpeg","url":"https:\/\/media.benalmadena-property.com\/2016\/04\/220621_DDS_30-150x150.jpg"},"medium_large":{"file":"220621_DDS_30-768x512.jpg","width":768,"height":512,"mime-type":"image\/jpeg","url":"https:\/\/media.benalmadena-property.com\/2016\/04\/220621_DDS_30-768x512.jpg"},"post-thumbnail":{"file":"220621_DDS_30-150x100.jpg","width":150,"height":100,"mime-type":"image\/jpeg","url":"https:\/\/media.benalmadena-property.com\/2016\/04\/220621_DDS_30-150x100.jpg"},"modern-property-child-slider":{"file":"220621_DDS_30-680x510.jpg","width":680,"height":510,"mime-type":"image\/jpeg","url":"https:\/\/media.benalmadena-property.com\/2016\/04\/220621_DDS_30-680x510.jpg"},"property-thumb-image":{"file":"220621_DDS_30-488x326.jpg","width":488,"height":326,"mime-type":"image\/jpeg","url":"https:\/\/media.benalmadena-property.com\/2016\/04\/220621_DDS_30-488x326.jpg"},"property-detail-video-image":{"file":"220621_DDS_30-818x417.jpg","width":818,"height":417,"mime-type":"image\/jpeg","url":"https:\/\/media.benalmadena-property.com\/2016\/04\/220621_DDS_30-818x417.jpg"},"agent-image":{"file":"220621_DDS_30-210x210.jpg","width":210,"height":210,"mime-type":"image\/jpeg","url":"https:\/\/media.benalmadena-property.com\/2016\/04\/220621_DDS_30-210x210.jpg"},"partners-logo":{"file":"220621_DDS_30-600x680.jpg","width":600,"height":680,"mime-type":"image\/jpeg","url":"https:\/\/media.benalmadena-property.com\/2016\/04\/220621_DDS_30-600x680.jpg"},"gallery-two-column-image":{"file":"220621_DDS_30-536x269.jpg","width":536,"height":269,"mime-type":"image\/jpeg","url":"https:\/\/media.benalmadena-property.com\/2016\/04\/220621_DDS_30-536x269.jpg"},"property-detail-slider-image-two":{"file":"220621_DDS_30-1020x648.jpg","width":1020,"height":648,"mime-type":"image\/jpeg","url":"https:\/\/media.benalmadena-property.com\/2016\/04\/220621_DDS_30-1020x648.jpg"},"property-detail-slider-thumb":{"file":"220621_DDS_30-82x60.jpg","width":82,"height":60,"mime-type":"image\/jpeg","url":"https:\/\/media.benalmadena-property.com\/2016\/04\/220621_DDS_30-82x60.jpg"}},"image_meta":{"aperture":"7.1","credit":"","camera":"ILCE-7M3","caption":"","created_timestamp":"1624363234","copyright":"@danieldisabatino","focal_length":"70","iso":"100","shutter_speed":"0.0015625","title":"","orientation":"0","keywords":[]},"ID":"9901","name":"220621_DDS_30.jpg","path":"\/var\/www\/vhosts\/benalmadena-property.com\/httpdocs\/wp-content\/uploads\/2016\/04\/220621_DDS_30.jpg","url":"https:\/\/media.benalmadena-property.com\/2016\/04\/220621_DDS_30-150x150.jpg","full_url":"https:\/\/media.benalmadena-property.com\/2016\/04\/220621_DDS_30.jpg","title":"220621_DDS_30","caption":"","description":"","alt":"","srcset":"https:\/\/media.benalmadena-property.com\/2016\/04\/220621_DDS_30-150x150.jpg 150w, https:\/\/media.benalmadena-property.com\/2016\/04\/220621_DDS_30-210x210.jpg 210w"},{"width":150,"height":150,"file":"2016\/04\/220621_DDS_34-1.jpg","sizes":{"medium":{"file":"220621_DDS_34-1-300x200.jpg","width":300,"height":200,"mime-type":"image\/jpeg","url":"https:\/\/media.benalmadena-property.com\/2016\/04\/220621_DDS_34-1-300x200.jpg"},"thumbnail":{"file":"220621_DDS_34-1-150x150.jpg","width":150,"height":150,"mime-type":"image\/jpeg","url":"https:\/\/media.benalmadena-property.com\/2016\/04\/220621_DDS_34-1-150x150.jpg"},"medium_large":{"file":"220621_DDS_34-1-768x512.jpg","width":768,"height":512,"mime-type":"image\/jpeg","url":"https:\/\/media.benalmadena-property.com\/2016\/04\/220621_DDS_34-1-768x512.jpg"},"post-thumbnail":{"file":"220621_DDS_34-1-150x100.jpg","width":150,"height":100,"mime-type":"image\/jpeg","url":"https:\/\/media.benalmadena-property.com\/2016\/04\/220621_DDS_34-1-150x100.jpg"},"modern-property-child-slider":{"file":"220621_DDS_34-1-680x510.jpg","width":680,"height":510,"mime-type":"image\/jpeg","url":"https:\/\/media.benalmadena-property.com\/2016\/04\/220621_DDS_34-1-680x510.jpg"},"property-thumb-image":{"file":"220621_DDS_34-1-488x326.jpg","width":488,"height":326,"mime-type":"image\/jpeg","url":"https:\/\/media.benalmadena-property.com\/2016\/04\/220621_DDS_34-1-488x326.jpg"},"property-detail-video-image":{"file":"220621_DDS_34-1-818x417.jpg","width":818,"height":417,"mime-type":"image\/jpeg","url":"https:\/\/media.benalmadena-property.com\/2016\/04\/220621_DDS_34-1-818x417.jpg"},"agent-image":{"file":"220621_DDS_34-1-210x210.jpg","width":210,"height":210,"mime-type":"image\/jpeg","url":"https:\/\/media.benalmadena-property.com\/2016\/04\/220621_DDS_34-1-210x210.jpg"},"partners-logo":{"file":"220621_DDS_34-1-600x680.jpg","width":600,"height":680,"mime-type":"image\/jpeg","url":"https:\/\/media.benalmadena-property.com\/2016\/04\/220621_DDS_34-1-600x680.jpg"},"gallery-two-column-image":{"file":"220621_DDS_34-1-536x269.jpg","width":536,"height":269,"mime-type":"image\/jpeg","url":"https:\/\/media.benalmadena-property.com\/2016\/04\/220621_DDS_34-1-536x269.jpg"},"property-detail-slider-image-two":{"file":"220621_DDS_34-1-1020x648.jpg","width":1020,"height":648,"mime-type":"image\/jpeg","url":"https:\/\/media.benalmadena-property.com\/2016\/04\/220621_DDS_34-1-1020x648.jpg"},"property-detail-slider-thumb":{"file":"220621_DDS_34-1-82x60.jpg","width":82,"height":60,"mime-type":"image\/jpeg","url":"https:\/\/media.benalmadena-property.com\/2016\/04\/220621_DDS_34-1-82x60.jpg"}},"image_meta":{"aperture":"7.1","credit":"","camera":"ILCE-7M3","caption":"","created_timestamp":"1624366488","copyright":"@danieldisabatino","focal_length":"14","iso":"100","shutter_speed":"0.002","title":"","orientation":"0","keywords":[]},"ID":"9904","name":"220621_DDS_34-1.jpg","path":"\/var\/www\/vhosts\/benalmadena-property.com\/httpdocs\/wp-content\/uploads\/2016\/04\/220621_DDS_34-1.jpg","url":"https:\/\/media.benalmadena-property.com\/2016\/04\/220621_DDS_34-1-150x150.jpg","full_url":"https:\/\/media.benalmadena-property.com\/2016\/04\/220621_DDS_34-1.jpg","title":"220621_DDS_34 (1)","caption":"","description":"","alt":"","srcset":"https:\/\/media.benalmadena-property.com\/2016\/04\/220621_DDS_34-1-150x150.jpg 150w, https:\/\/media.benalmadena-property.com\/2016\/04\/220621_DDS_34-1-210x210.jpg 210w"}],"REAL_HOMES_change_gallery_slider_type":"0","REAL_HOMES_gallery_slider_type":"thumb-on-right","inspiry_floor_plans":[],"inspiry_video_group":[],"REAL_HOMES_360_virtual_tour":"","REAL_HOMES_tour_video_url":"","REAL_HOMES_tour_video_image":[],"REAL_HOMES_agent_display_option":"none","REAL_HOMES_agents":[],"REAL_HOMES_energy_class":"none","REAL_HOMES_energy_performance":"","REAL_HOMES_epc_current_rating":"","REAL_HOMES_epc_potential_rating":"","REAL_HOMES_sticky":"0","inspiry_property_label":"","inspiry_property_label_color":"","inspiry_property_tax":"","inspiry_additional_fee":"","REAL_HOMES_attachments":[],"inspiry_property_owner_name":"","inspiry_property_owner_contact":"","inspiry_property_owner_address":"","REAL_HOMES_property_private_note":"","inspiry_message_to_reviewer":"","REAL_HOMES_add_in_slider":"no","REAL_HOMES_slider_image":[],"REAL_HOMES_page_banner_image":[],"REAL_HOMES_pims_id":"0J136","REAL_HOMES_property_rented":""},"_links":{"self":[{"href":"https:\/\/www.benalmadena-property.com\/fr\/wp-json\/wp\/v2\/property\/10792","targetHints":{"allow":["GET"]}}],"collection":[{"href":"https:\/\/www.benalmadena-property.com\/fr\/wp-json\/wp\/v2\/property"}],"about":[{"href":"https:\/\/www.benalmadena-property.com\/fr\/wp-json\/wp\/v2\/types\/property"}],"author":[{"embeddable":true,"href":"https:\/\/www.benalmadena-property.com\/fr\/wp-json\/wp\/v2\/users\/2"}],"replies":[{"embeddable":true,"href":"https:\/\/www.benalmadena-property.com\/fr\/wp-json\/wp\/v2\/comments?post=10792"}],"version-history":[{"count":9,"href":"https:\/\/www.benalmadena-property.com\/fr\/wp-json\/wp\/v2\/property\/10792\/revisions"}],"predecessor-version":[{"id":18112,"href":"https:\/\/www.benalmadena-property.com\/fr\/wp-json\/wp\/v2\/property\/10792\/revisions\/18112"}],"wp:featuredmedia":[{"embeddable":true,"href":"https:\/\/www.benalmadena-property.com\/fr\/wp-json\/wp\/v2\/media\/10761"}],"wp:attachment":[{"href":"https:\/\/www.benalmadena-property.com\/fr\/wp-json\/wp\/v2\/media?parent=10792"}],"wp:term":[{"taxonomy":"property-feature","embeddable":true,"href":"https:\/\/www.benalmadena-property.com\/fr\/wp-json\/wp\/v2\/property-feature?post=10792"},{"taxonomy":"property-type","embeddable":true,"href":"https:\/\/www.benalmadena-property.com\/fr\/wp-json\/wp\/v2\/property-type?post=10792"},{"taxonomy":"property-city","embeddable":true,"href":"https:\/\/www.benalmadena-property.com\/fr\/wp-json\/wp\/v2\/property-location?post=10792"},{"taxonomy":"property-status","embeddable":true,"href":"https:\/\/www.benalmadena-property.com\/fr\/wp-json\/wp\/v2\/property-status?post=10792"}],"curies":[{"name":"wp","href":"https:\/\/api.w.org\/{rel}","templated":true}]}}