{"id":14294,"date":"2024-07-24T17:49:35","date_gmt":"2024-07-24T15:49:35","guid":{"rendered":"https:\/\/www.benalmadena-property.com\/property\/appartement-studio-suite-vacances-jupiter-vut-ma-83619\/"},"modified":"2025-11-21T12:48:09","modified_gmt":"2025-11-21T11:48:09","slug":"appartement-studio-suite-vacances-jupiter-vut-ma-83619","status":"publish","type":"property","link":"https:\/\/www.benalmadena-property.com\/fr\/property\/appartement-studio-suite-vacances-jupiter-vut-ma-83619\/","title":{"rendered":"VUT\/MA\/83619 Appartement Studio Suite Vacances, J\u00fapiter. Ref: HJ000"},"content":{"rendered":"<p>Charmant studio au rez-de-chauss\u00e9e \u00e0 Jupiter, disponible pour des locations de vacances \u00e0 court terme.<br \/>\nEnti\u00e8rement r\u00e9nov\u00e9 et joliment pr\u00e9sent\u00e9, il dispose d\u2019une cuisine \u00e9quip\u00e9e avec un grand r\u00e9frig\u00e9rateur\/cong\u00e9lateur, un micro-ondes, une plaque \u00e9lectrique 3 feux et un lave-vaisselle.<br \/>\nGrande salle de bain r\u00e9nov\u00e9e avec douche \u00e0 l\u2019italienne, s\u00e8che-cheveux et machine \u00e0 laver.<\/p>\n<p>Le spacieux salon\/chambre est climatis\u00e9 et dispose d\u2019une t\u00e9l\u00e9vision HD offrant diverses cha\u00eenes de t\u00e9l\u00e9vision francais, d\u2019un lit double et d\u2019un canap\u00e9-lit double et d\u2019une connexion Wi-Fi.<br \/>\nOrient\u00e9 sud-ouest avec le soleil de l\u2019apr\u00e8s-midi, il est lumineux et a\u00e9r\u00e9 et dispose d\u2019une belle grande terrasse ext\u00e9rieure avec vue directe sur les jardins et les piscines.<\/p>\n<p>Le complexe Jupiter b\u00e9n\u00e9ficie \u00e9galement d\u2019une r\u00e9ception ouverte 24h\/24, de beaux jardins avec grande piscine avec toboggans* et d\u2019un emplacement central \u00e0 proximit\u00e9 des commerces, restaurants et bars.<br \/>\n*La grande piscine avec toboggans est g\u00e9n\u00e9ralement ouverte 2 semaines \u00e0 P\u00e2ques puis du 1er juin au 30 septembre uniquement. (Sous r\u00e9serve de la communaut\u00e9 des propri\u00e9taires).<br \/>\nPlus petite piscine et piscine pour enfants ouverte toute l\u2019ann\u00e9e, tout comme les jardins.<\/p>\n<p>La plage est \u00e0 seulement 5 \u00e0 10 minutes \u00e0 pied, la gare \u00e0 15 minutes.<br \/>\nDes coffres-forts sont disponibles moyennant des frais suppl\u00e9mentaires \u00e0 la r\u00e9ception principale.<\/p>\n<p>Coin salon\u00a0: Lit double + Canap\u00e9-lit double<\/p>\n<p>Climatisation et WIFI inclus.<\/p>\n<p>Rating\u00a0: Premium +<\/p>\n<p><strong>PAS DE TABAGISME ET PAS D\u2019ANIMAL DE COMPAGNIE<\/strong><strong>S AUTORIS\u00c9<\/strong><\/p>\n<p><strong>LICENCE TOURISTIQUE: ESFCTU0000290350001740670000000000000000VUT\/MA\/836192<\/strong><\/p>\n","protected":false},"excerpt":{"rendered":"<p>Charmant studio au rez-de-chauss\u00e9e \u00e0 Jupiter, disponible pour des locations de vacances \u00e0 court terme. Enti\u00e8rement r\u00e9nov\u00e9 et joliment pr\u00e9sent\u00e9, il dispose d\u2019une cuisine \u00e9quip\u00e9e avec un grand r\u00e9frig\u00e9rateur\/cong\u00e9lateur, un micro-ondes, une plaque \u00e9lectrique 3 feux et un lave-vaisselle. Grande salle de bain r\u00e9nov\u00e9e avec douche \u00e0 l\u2019italienne, s\u00e8che-cheveux et machine \u00e0 laver. Le spacieux&#8230;<\/p>\n","protected":false},"author":2,"featured_media":14288,"parent":0,"menu_order":0,"comment_status":"open","ping_status":"closed","template":"","property-feature":[496,468,490,487,460,485,470,459,478,467,455,551,469,359,491,550,466,375,462,234],"property-type":[226],"property-location":[309,449,450,446,206,537,445],"property-status":[207],"class_list":["post-14294","property","type-property","status-publish","has-post-thumbnail","hentry","property-feature-3-4-hob-fr","property-feature-bouilloire","property-feature-cafetiere","property-feature-climatisees","property-feature-cuisine-equipee","property-feature-douche-fermee-moderne","property-feature-fer-conseil","property-feature-grande-terrasse","property-feature-grille-pain","property-feature-lave-vaisselle","property-feature-machine-a-laver","property-feature-melangeur-daliments","property-feature-micro-ondes","property-feature-piscine-communautaire-et-jardin","property-feature-piscines","property-feature-presse-agrumes-frais","property-feature-refrigerateur-congelateur","property-feature-seche-cheveux","property-feature-tv-fr","property-feature-wifi-fr","property-type-studio-fr","property-city-arroyo-de-la-miel-fr","property-city-arroyo-de-la-miel-costa-del-sol","property-city-benalmadena-fr-2","property-city-benalmadena-fr","property-city-benalmadena-costa-benalmadena-arroyo-de-la-mielcosta-del-sol-fr","property-city-benalmadena-costa-costa-del-sol","property-city-costa-del-sol-fr","property-status-holiday-lets-fr"],"property_meta":{"REAL_HOMES_property_price":"420","REAL_HOMES_property_old_price":"","REAL_HOMES_property_price_prefix":"De","REAL_HOMES_property_price_postfix":"HEBDOMADAIRE","REAL_HOMES_property_size":"40","REAL_HOMES_property_size_postfix":"m2","REAL_HOMES_property_lot_size":"","REAL_HOMES_property_lot_size_postfix":"","REAL_HOMES_property_bedrooms":"0","REAL_HOMES_property_bathrooms":"1","REAL_HOMES_property_garage":"","REAL_HOMES_property_id":"HJ000","REAL_HOMES_property_year_built":"","REAL_HOMES_featured":"","REAL_HOMES_additional_details_list":[],"REAL_HOMES_property_location":{"latitude":"36.5959606","longitude":"-4.5260258","zoom":"14"},"REAL_HOMES_property_address":"Av. Gamonal, 12, 29630 Benalm\u00e0dena, Malaga, Espagne","REAL_HOMES_property_map":"","REAL_HOMES_property_images":[{"width":150,"height":150,"file":"2024\/07\/P1070241.jpg","filesize":147968,"sizes":{"medium":{"file":"P1070241-300x225.jpg","width":300,"height":225,"mime-type":"image\/jpeg","filesize":41938,"url":"https:\/\/media.benalmadena-property.com\/2024\/07\/P1070241-300x225.jpg"},"thumbnail":{"file":"P1070241-150x150.jpg","width":150,"height":150,"mime-type":"image\/jpeg","filesize":37063,"url":"https:\/\/media.benalmadena-property.com\/2024\/07\/P1070241-150x150.jpg"},"post-thumbnail":{"file":"P1070241-150x113.jpg","width":150,"height":113,"mime-type":"image\/jpeg","filesize":36440,"url":"https:\/\/media.benalmadena-property.com\/2024\/07\/P1070241-150x113.jpg"},"property-thumb-image":{"file":"P1070241-488x326.jpg","width":488,"height":326,"mime-type":"image\/jpeg","filesize":49789,"url":"https:\/\/media.benalmadena-property.com\/2024\/07\/P1070241-488x326.jpg"},"property-detail-video-image":{"file":"P1070241-640x417.jpg","width":640,"height":417,"mime-type":"image\/jpeg","filesize":61267,"url":"https:\/\/media.benalmadena-property.com\/2024\/07\/P1070241-640x417.jpg"},"agent-image":{"file":"P1070241-210x210.jpg","width":210,"height":210,"mime-type":"image\/jpeg","filesize":39660,"url":"https:\/\/media.benalmadena-property.com\/2024\/07\/P1070241-210x210.jpg"},"partners-logo":{"file":"P1070241-600x480.jpg","width":600,"height":480,"mime-type":"image\/jpeg","filesize":64167,"url":"https:\/\/media.benalmadena-property.com\/2024\/07\/P1070241-600x480.jpg"},"gallery-two-column-image":{"file":"P1070241-536x269.jpg","width":536,"height":269,"mime-type":"image\/jpeg","filesize":46726,"url":"https:\/\/media.benalmadena-property.com\/2024\/07\/P1070241-536x269.jpg"},"property-detail-slider-thumb":{"file":"P1070241-82x60.jpg","width":82,"height":60,"mime-type":"image\/jpeg","filesize":34723,"url":"https:\/\/media.benalmadena-property.com\/2024\/07\/P1070241-82x60.jpg"}},"image_meta":{"aperture":"3.1","credit":"","camera":"DMC-SZ3","caption":"","created_timestamp":"1721828745","copyright":"","focal_length":"4.5","iso":"320","shutter_speed":"0.016666666666667","title":"","orientation":"1","keywords":[]},"ID":"14270","name":"P1070241.jpg","path":"\/var\/www\/vhosts\/benalmadena-property.com\/httpdocs\/wp-content\/uploads\/2024\/07\/P1070241.jpg","url":"https:\/\/media.benalmadena-property.com\/2024\/07\/P1070241-150x150.jpg","full_url":"https:\/\/media.benalmadena-property.com\/2024\/07\/P1070241.jpg","title":"P1070241","caption":"","description":"","alt":"","srcset":"https:\/\/media.benalmadena-property.com\/2024\/07\/P1070241-150x150.jpg 150w, https:\/\/media.benalmadena-property.com\/2024\/07\/P1070241-210x210.jpg 210w"},{"width":150,"height":150,"file":"2024\/07\/P1070242.jpg","filesize":174592,"sizes":{"medium":{"file":"P1070242-300x225.jpg","width":300,"height":225,"mime-type":"image\/jpeg","filesize":43376,"url":"https:\/\/media.benalmadena-property.com\/2024\/07\/P1070242-300x225.jpg"},"thumbnail":{"file":"P1070242-150x150.jpg","width":150,"height":150,"mime-type":"image\/jpeg","filesize":37037,"url":"https:\/\/media.benalmadena-property.com\/2024\/07\/P1070242-150x150.jpg"},"post-thumbnail":{"file":"P1070242-150x113.jpg","width":150,"height":113,"mime-type":"image\/jpeg","filesize":36990,"url":"https:\/\/media.benalmadena-property.com\/2024\/07\/P1070242-150x113.jpg"},"property-thumb-image":{"file":"P1070242-488x326.jpg","width":488,"height":326,"mime-type":"image\/jpeg","filesize":52909,"url":"https:\/\/media.benalmadena-property.com\/2024\/07\/P1070242-488x326.jpg"},"property-detail-video-image":{"file":"P1070242-640x417.jpg","width":640,"height":417,"mime-type":"image\/jpeg","filesize":66310,"url":"https:\/\/media.benalmadena-property.com\/2024\/07\/P1070242-640x417.jpg"},"agent-image":{"file":"P1070242-210x210.jpg","width":210,"height":210,"mime-type":"image\/jpeg","filesize":39409,"url":"https:\/\/media.benalmadena-property.com\/2024\/07\/P1070242-210x210.jpg"},"partners-logo":{"file":"P1070242-600x480.jpg","width":600,"height":480,"mime-type":"image\/jpeg","filesize":65910,"url":"https:\/\/media.benalmadena-property.com\/2024\/07\/P1070242-600x480.jpg"},"gallery-two-column-image":{"file":"P1070242-536x269.jpg","width":536,"height":269,"mime-type":"image\/jpeg","filesize":52532,"url":"https:\/\/media.benalmadena-property.com\/2024\/07\/P1070242-536x269.jpg"},"property-detail-slider-thumb":{"file":"P1070242-82x60.jpg","width":82,"height":60,"mime-type":"image\/jpeg","filesize":34965,"url":"https:\/\/media.benalmadena-property.com\/2024\/07\/P1070242-82x60.jpg"}},"image_meta":{"aperture":"3.1","credit":"","camera":"DMC-SZ3","caption":"","created_timestamp":"1721828754","copyright":"","focal_length":"4.5","iso":"250","shutter_speed":"0.016666666666667","title":"","orientation":"1","keywords":[]},"ID":"14273","name":"P1070242.jpg","path":"\/var\/www\/vhosts\/benalmadena-property.com\/httpdocs\/wp-content\/uploads\/2024\/07\/P1070242.jpg","url":"https:\/\/media.benalmadena-property.com\/2024\/07\/P1070242-150x150.jpg","full_url":"https:\/\/media.benalmadena-property.com\/2024\/07\/P1070242.jpg","title":"P1070242","caption":"","description":"","alt":"","srcset":"https:\/\/media.benalmadena-property.com\/2024\/07\/P1070242-150x150.jpg 150w, https:\/\/media.benalmadena-property.com\/2024\/07\/P1070242-210x210.jpg 210w"},{"width":150,"height":150,"file":"2024\/07\/P1070243.jpg","filesize":173056,"sizes":{"medium":{"file":"P1070243-300x225.jpg","width":300,"height":225,"mime-type":"image\/jpeg","filesize":42306,"url":"https:\/\/media.benalmadena-property.com\/2024\/07\/P1070243-300x225.jpg"},"thumbnail":{"file":"P1070243-150x150.jpg","width":150,"height":150,"mime-type":"image\/jpeg","filesize":36968,"url":"https:\/\/media.benalmadena-property.com\/2024\/07\/P1070243-150x150.jpg"},"post-thumbnail":{"file":"P1070243-150x113.jpg","width":150,"height":113,"mime-type":"image\/jpeg","filesize":36678,"url":"https:\/\/media.benalmadena-property.com\/2024\/07\/P1070243-150x113.jpg"},"property-thumb-image":{"file":"P1070243-488x326.jpg","width":488,"height":326,"mime-type":"image\/jpeg","filesize":51169,"url":"https:\/\/media.benalmadena-property.com\/2024\/07\/P1070243-488x326.jpg"},"property-detail-video-image":{"file":"P1070243-640x417.jpg","width":640,"height":417,"mime-type":"image\/jpeg","filesize":63236,"url":"https:\/\/media.benalmadena-property.com\/2024\/07\/P1070243-640x417.jpg"},"agent-image":{"file":"P1070243-210x210.jpg","width":210,"height":210,"mime-type":"image\/jpeg","filesize":39366,"url":"https:\/\/media.benalmadena-property.com\/2024\/07\/P1070243-210x210.jpg"},"partners-logo":{"file":"P1070243-600x480.jpg","width":600,"height":480,"mime-type":"image\/jpeg","filesize":62690,"url":"https:\/\/media.benalmadena-property.com\/2024\/07\/P1070243-600x480.jpg"},"gallery-two-column-image":{"file":"P1070243-536x269.jpg","width":536,"height":269,"mime-type":"image\/jpeg","filesize":50992,"url":"https:\/\/media.benalmadena-property.com\/2024\/07\/P1070243-536x269.jpg"},"property-detail-slider-thumb":{"file":"P1070243-82x60.jpg","width":82,"height":60,"mime-type":"image\/jpeg","filesize":34807,"url":"https:\/\/media.benalmadena-property.com\/2024\/07\/P1070243-82x60.jpg"}},"image_meta":{"aperture":"3.1","credit":"","camera":"DMC-SZ3","caption":"","created_timestamp":"1721828768","copyright":"","focal_length":"4.5","iso":"400","shutter_speed":"0.016666666666667","title":"","orientation":"1","keywords":[]},"ID":"14276","name":"P1070243.jpg","path":"\/var\/www\/vhosts\/benalmadena-property.com\/httpdocs\/wp-content\/uploads\/2024\/07\/P1070243.jpg","url":"https:\/\/media.benalmadena-property.com\/2024\/07\/P1070243-150x150.jpg","full_url":"https:\/\/media.benalmadena-property.com\/2024\/07\/P1070243.jpg","title":"P1070243","caption":"","description":"","alt":"","srcset":"https:\/\/media.benalmadena-property.com\/2024\/07\/P1070243-150x150.jpg 150w, https:\/\/media.benalmadena-property.com\/2024\/07\/P1070243-210x210.jpg 210w"},{"width":150,"height":150,"file":"2024\/07\/P1070244.jpg","filesize":157696,"sizes":{"medium":{"file":"P1070244-300x225.jpg","width":300,"height":225,"mime-type":"image\/jpeg","filesize":45758,"url":"https:\/\/media.benalmadena-property.com\/2024\/07\/P1070244-300x225.jpg"},"thumbnail":{"file":"P1070244-150x150.jpg","width":150,"height":150,"mime-type":"image\/jpeg","filesize":38310,"url":"https:\/\/media.benalmadena-property.com\/2024\/07\/P1070244-150x150.jpg"},"post-thumbnail":{"file":"P1070244-150x113.jpg","width":150,"height":113,"mime-type":"image\/jpeg","filesize":37415,"url":"https:\/\/media.benalmadena-property.com\/2024\/07\/P1070244-150x113.jpg"},"property-thumb-image":{"file":"P1070244-488x326.jpg","width":488,"height":326,"mime-type":"image\/jpeg","filesize":58415,"url":"https:\/\/media.benalmadena-property.com\/2024\/07\/P1070244-488x326.jpg"},"property-detail-video-image":{"file":"P1070244-640x417.jpg","width":640,"height":417,"mime-type":"image\/jpeg","filesize":77293,"url":"https:\/\/media.benalmadena-property.com\/2024\/07\/P1070244-640x417.jpg"},"agent-image":{"file":"P1070244-210x210.jpg","width":210,"height":210,"mime-type":"image\/jpeg","filesize":42201,"url":"https:\/\/media.benalmadena-property.com\/2024\/07\/P1070244-210x210.jpg"},"partners-logo":{"file":"P1070244-600x480.jpg","width":600,"height":480,"mime-type":"image\/jpeg","filesize":81225,"url":"https:\/\/media.benalmadena-property.com\/2024\/07\/P1070244-600x480.jpg"},"gallery-two-column-image":{"file":"P1070244-536x269.jpg","width":536,"height":269,"mime-type":"image\/jpeg","filesize":55402,"url":"https:\/\/media.benalmadena-property.com\/2024\/07\/P1070244-536x269.jpg"},"property-detail-slider-thumb":{"file":"P1070244-82x60.jpg","width":82,"height":60,"mime-type":"image\/jpeg","filesize":34988,"url":"https:\/\/media.benalmadena-property.com\/2024\/07\/P1070244-82x60.jpg"}},"image_meta":{"aperture":"3.1","credit":"","camera":"DMC-SZ3","caption":"","created_timestamp":"1721828783","copyright":"","focal_length":"4.5","iso":"250","shutter_speed":"0.016666666666667","title":"","orientation":"1","keywords":[]},"ID":"14279","name":"P1070244.jpg","path":"\/var\/www\/vhosts\/benalmadena-property.com\/httpdocs\/wp-content\/uploads\/2024\/07\/P1070244.jpg","url":"https:\/\/media.benalmadena-property.com\/2024\/07\/P1070244-150x150.jpg","full_url":"https:\/\/media.benalmadena-property.com\/2024\/07\/P1070244.jpg","title":"P1070244","caption":"","description":"","alt":"","srcset":"https:\/\/media.benalmadena-property.com\/2024\/07\/P1070244-150x150.jpg 150w, https:\/\/media.benalmadena-property.com\/2024\/07\/P1070244-210x210.jpg 210w"},{"width":150,"height":150,"file":"2024\/07\/P1070245.jpg","filesize":153088,"sizes":{"medium":{"file":"P1070245-300x225.jpg","width":300,"height":225,"mime-type":"image\/jpeg","filesize":46293,"url":"https:\/\/media.benalmadena-property.com\/2024\/07\/P1070245-300x225.jpg"},"thumbnail":{"file":"P1070245-150x150.jpg","width":150,"height":150,"mime-type":"image\/jpeg","filesize":38267,"url":"https:\/\/media.benalmadena-property.com\/2024\/07\/P1070245-150x150.jpg"},"post-thumbnail":{"file":"P1070245-150x113.jpg","width":150,"height":113,"mime-type":"image\/jpeg","filesize":37473,"url":"https:\/\/media.benalmadena-property.com\/2024\/07\/P1070245-150x113.jpg"},"property-thumb-image":{"file":"P1070245-488x326.jpg","width":488,"height":326,"mime-type":"image\/jpeg","filesize":61132,"url":"https:\/\/media.benalmadena-property.com\/2024\/07\/P1070245-488x326.jpg"},"property-detail-video-image":{"file":"P1070245-640x417.jpg","width":640,"height":417,"mime-type":"image\/jpeg","filesize":82768,"url":"https:\/\/media.benalmadena-property.com\/2024\/07\/P1070245-640x417.jpg"},"agent-image":{"file":"P1070245-210x210.jpg","width":210,"height":210,"mime-type":"image\/jpeg","filesize":42033,"url":"https:\/\/media.benalmadena-property.com\/2024\/07\/P1070245-210x210.jpg"},"partners-logo":{"file":"P1070245-600x480.jpg","width":600,"height":480,"mime-type":"image\/jpeg","filesize":84114,"url":"https:\/\/media.benalmadena-property.com\/2024\/07\/P1070245-600x480.jpg"},"gallery-two-column-image":{"file":"P1070245-536x269.jpg","width":536,"height":269,"mime-type":"image\/jpeg","filesize":58878,"url":"https:\/\/media.benalmadena-property.com\/2024\/07\/P1070245-536x269.jpg"},"property-detail-slider-thumb":{"file":"P1070245-82x60.jpg","width":82,"height":60,"mime-type":"image\/jpeg","filesize":35017,"url":"https:\/\/media.benalmadena-property.com\/2024\/07\/P1070245-82x60.jpg"}},"image_meta":{"aperture":"3.1","credit":"","camera":"DMC-SZ3","caption":"","created_timestamp":"1721828793","copyright":"","focal_length":"4.5","iso":"400","shutter_speed":"0.016666666666667","title":"","orientation":"1","keywords":[]},"ID":"14282","name":"P1070245.jpg","path":"\/var\/www\/vhosts\/benalmadena-property.com\/httpdocs\/wp-content\/uploads\/2024\/07\/P1070245.jpg","url":"https:\/\/media.benalmadena-property.com\/2024\/07\/P1070245-150x150.jpg","full_url":"https:\/\/media.benalmadena-property.com\/2024\/07\/P1070245.jpg","title":"P1070245","caption":"","description":"","alt":"","srcset":"https:\/\/media.benalmadena-property.com\/2024\/07\/P1070245-150x150.jpg 150w, https:\/\/media.benalmadena-property.com\/2024\/07\/P1070245-210x210.jpg 210w"},{"width":150,"height":150,"file":"2024\/07\/P1070246.jpg","filesize":174592,"sizes":{"medium":{"file":"P1070246-300x225.jpg","width":300,"height":225,"mime-type":"image\/jpeg","filesize":42644,"url":"https:\/\/media.benalmadena-property.com\/2024\/07\/P1070246-300x225.jpg"},"thumbnail":{"file":"P1070246-150x150.jpg","width":150,"height":150,"mime-type":"image\/jpeg","filesize":36973,"url":"https:\/\/media.benalmadena-property.com\/2024\/07\/P1070246-150x150.jpg"},"post-thumbnail":{"file":"P1070246-150x113.jpg","width":150,"height":113,"mime-type":"image\/jpeg","filesize":36537,"url":"https:\/\/media.benalmadena-property.com\/2024\/07\/P1070246-150x113.jpg"},"property-thumb-image":{"file":"P1070246-488x326.jpg","width":488,"height":326,"mime-type":"image\/jpeg","filesize":51105,"url":"https:\/\/media.benalmadena-property.com\/2024\/07\/P1070246-488x326.jpg"},"property-detail-video-image":{"file":"P1070246-640x417.jpg","width":640,"height":417,"mime-type":"image\/jpeg","filesize":62800,"url":"https:\/\/media.benalmadena-property.com\/2024\/07\/P1070246-640x417.jpg"},"agent-image":{"file":"P1070246-210x210.jpg","width":210,"height":210,"mime-type":"image\/jpeg","filesize":39436,"url":"https:\/\/media.benalmadena-property.com\/2024\/07\/P1070246-210x210.jpg"},"partners-logo":{"file":"P1070246-600x480.jpg","width":600,"height":480,"mime-type":"image\/jpeg","filesize":64876,"url":"https:\/\/media.benalmadena-property.com\/2024\/07\/P1070246-600x480.jpg"},"gallery-two-column-image":{"file":"P1070246-536x269.jpg","width":536,"height":269,"mime-type":"image\/jpeg","filesize":48248,"url":"https:\/\/media.benalmadena-property.com\/2024\/07\/P1070246-536x269.jpg"},"property-detail-slider-thumb":{"file":"P1070246-82x60.jpg","width":82,"height":60,"mime-type":"image\/jpeg","filesize":34724,"url":"https:\/\/media.benalmadena-property.com\/2024\/07\/P1070246-82x60.jpg"}},"image_meta":{"aperture":"3.1","credit":"","camera":"DMC-SZ3","caption":"","created_timestamp":"1721828814","copyright":"","focal_length":"4.5","iso":"200","shutter_speed":"0.016666666666667","title":"","orientation":"1","keywords":[]},"ID":"14285","name":"P1070246.jpg","path":"\/var\/www\/vhosts\/benalmadena-property.com\/httpdocs\/wp-content\/uploads\/2024\/07\/P1070246.jpg","url":"https:\/\/media.benalmadena-property.com\/2024\/07\/P1070246-150x150.jpg","full_url":"https:\/\/media.benalmadena-property.com\/2024\/07\/P1070246.jpg","title":"P1070246","caption":"","description":"","alt":"","srcset":"https:\/\/media.benalmadena-property.com\/2024\/07\/P1070246-150x150.jpg 150w, https:\/\/media.benalmadena-property.com\/2024\/07\/P1070246-210x210.jpg 210w"},{"width":150,"height":150,"file":"2024\/07\/P1070230.jpg","filesize":154624,"sizes":{"medium":{"file":"P1070230-300x225.jpg","width":300,"height":225,"mime-type":"image\/jpeg","filesize":44489,"url":"https:\/\/media.benalmadena-property.com\/2024\/07\/P1070230-300x225.jpg"},"thumbnail":{"file":"P1070230-150x150.jpg","width":150,"height":150,"mime-type":"image\/jpeg","filesize":37615,"url":"https:\/\/media.benalmadena-property.com\/2024\/07\/P1070230-150x150.jpg"},"post-thumbnail":{"file":"P1070230-150x113.jpg","width":150,"height":113,"mime-type":"image\/jpeg","filesize":37212,"url":"https:\/\/media.benalmadena-property.com\/2024\/07\/P1070230-150x113.jpg"},"property-thumb-image":{"file":"P1070230-488x326.jpg","width":488,"height":326,"mime-type":"image\/jpeg","filesize":55326,"url":"https:\/\/media.benalmadena-property.com\/2024\/07\/P1070230-488x326.jpg"},"property-detail-video-image":{"file":"P1070230-640x417.jpg","width":640,"height":417,"mime-type":"image\/jpeg","filesize":70605,"url":"https:\/\/media.benalmadena-property.com\/2024\/07\/P1070230-640x417.jpg"},"agent-image":{"file":"P1070230-210x210.jpg","width":210,"height":210,"mime-type":"image\/jpeg","filesize":40654,"url":"https:\/\/media.benalmadena-property.com\/2024\/07\/P1070230-210x210.jpg"},"partners-logo":{"file":"P1070230-600x480.jpg","width":600,"height":480,"mime-type":"image\/jpeg","filesize":71521,"url":"https:\/\/media.benalmadena-property.com\/2024\/07\/P1070230-600x480.jpg"},"gallery-two-column-image":{"file":"P1070230-536x269.jpg","width":536,"height":269,"mime-type":"image\/jpeg","filesize":53512,"url":"https:\/\/media.benalmadena-property.com\/2024\/07\/P1070230-536x269.jpg"},"property-detail-slider-thumb":{"file":"P1070230-82x60.jpg","width":82,"height":60,"mime-type":"image\/jpeg","filesize":34952,"url":"https:\/\/media.benalmadena-property.com\/2024\/07\/P1070230-82x60.jpg"}},"image_meta":{"aperture":"3.1","credit":"","camera":"DMC-SZ3","caption":"","created_timestamp":"1719236206","copyright":"","focal_length":"4.5","iso":"400","shutter_speed":"0.016666666666667","title":"","orientation":"1","keywords":[]},"ID":"14288","name":"P1070230.jpg","path":"\/var\/www\/vhosts\/benalmadena-property.com\/httpdocs\/wp-content\/uploads\/2024\/07\/P1070230.jpg","url":"https:\/\/media.benalmadena-property.com\/2024\/07\/P1070230-150x150.jpg","full_url":"https:\/\/media.benalmadena-property.com\/2024\/07\/P1070230.jpg","title":"P1070230","caption":"","description":"","alt":"","srcset":"https:\/\/media.benalmadena-property.com\/2024\/07\/P1070230-150x150.jpg 150w, https:\/\/media.benalmadena-property.com\/2024\/07\/P1070230-210x210.jpg 210w"},{"width":150,"height":150,"file":"2024\/07\/P1070238.jpg","filesize":171008,"sizes":{"medium":{"file":"P1070238-300x225.jpg","width":300,"height":225,"mime-type":"image\/jpeg","filesize":54327,"url":"https:\/\/media.benalmadena-property.com\/2024\/07\/P1070238-300x225.jpg"},"thumbnail":{"file":"P1070238-150x150.jpg","width":150,"height":150,"mime-type":"image\/jpeg","filesize":41376,"url":"https:\/\/media.benalmadena-property.com\/2024\/07\/P1070238-150x150.jpg"},"post-thumbnail":{"file":"P1070238-150x113.jpg","width":150,"height":113,"mime-type":"image\/jpeg","filesize":39515,"url":"https:\/\/media.benalmadena-property.com\/2024\/07\/P1070238-150x113.jpg"},"property-thumb-image":{"file":"P1070238-488x326.jpg","width":488,"height":326,"mime-type":"image\/jpeg","filesize":79385,"url":"https:\/\/media.benalmadena-property.com\/2024\/07\/P1070238-488x326.jpg"},"property-detail-video-image":{"file":"P1070238-640x417.jpg","width":640,"height":417,"mime-type":"image\/jpeg","filesize":121173,"url":"https:\/\/media.benalmadena-property.com\/2024\/07\/P1070238-640x417.jpg"},"agent-image":{"file":"P1070238-210x210.jpg","width":210,"height":210,"mime-type":"image\/jpeg","filesize":48277,"url":"https:\/\/media.benalmadena-property.com\/2024\/07\/P1070238-210x210.jpg"},"partners-logo":{"file":"P1070238-600x480.jpg","width":600,"height":480,"mime-type":"image\/jpeg","filesize":124736,"url":"https:\/\/media.benalmadena-property.com\/2024\/07\/P1070238-600x480.jpg"},"gallery-two-column-image":{"file":"P1070238-536x269.jpg","width":536,"height":269,"mime-type":"image\/jpeg","filesize":78703,"url":"https:\/\/media.benalmadena-property.com\/2024\/07\/P1070238-536x269.jpg"},"property-detail-slider-thumb":{"file":"P1070238-82x60.jpg","width":82,"height":60,"mime-type":"image\/jpeg","filesize":35578,"url":"https:\/\/media.benalmadena-property.com\/2024\/07\/P1070238-82x60.jpg"}},"image_meta":{"aperture":"3.1","credit":"","camera":"DMC-SZ3","caption":"","created_timestamp":"1719236374","copyright":"","focal_length":"4.5","iso":"100","shutter_speed":"0.0025","title":"","orientation":"1","keywords":[]},"ID":"14261","name":"P1070238.jpg","path":"\/var\/www\/vhosts\/benalmadena-property.com\/httpdocs\/wp-content\/uploads\/2024\/07\/P1070238.jpg","url":"https:\/\/media.benalmadena-property.com\/2024\/07\/P1070238-150x150.jpg","full_url":"https:\/\/media.benalmadena-property.com\/2024\/07\/P1070238.jpg","title":"P1070238","caption":"","description":"","alt":"","srcset":"https:\/\/media.benalmadena-property.com\/2024\/07\/P1070238-150x150.jpg 150w, https:\/\/media.benalmadena-property.com\/2024\/07\/P1070238-210x210.jpg 210w"},{"width":150,"height":150,"file":"2024\/07\/P1070239.jpg","filesize":162304,"sizes":{"medium":{"file":"P1070239-300x225.jpg","width":300,"height":225,"mime-type":"image\/jpeg","filesize":49266,"url":"https:\/\/media.benalmadena-property.com\/2024\/07\/P1070239-300x225.jpg"},"thumbnail":{"file":"P1070239-150x150.jpg","width":150,"height":150,"mime-type":"image\/jpeg","filesize":39391,"url":"https:\/\/media.benalmadena-property.com\/2024\/07\/P1070239-150x150.jpg"},"post-thumbnail":{"file":"P1070239-150x113.jpg","width":150,"height":113,"mime-type":"image\/jpeg","filesize":38237,"url":"https:\/\/media.benalmadena-property.com\/2024\/07\/P1070239-150x113.jpg"},"property-thumb-image":{"file":"P1070239-488x326.jpg","width":488,"height":326,"mime-type":"image\/jpeg","filesize":66757,"url":"https:\/\/media.benalmadena-property.com\/2024\/07\/P1070239-488x326.jpg"},"property-detail-video-image":{"file":"P1070239-640x417.jpg","width":640,"height":417,"mime-type":"image\/jpeg","filesize":95374,"url":"https:\/\/media.benalmadena-property.com\/2024\/07\/P1070239-640x417.jpg"},"agent-image":{"file":"P1070239-210x210.jpg","width":210,"height":210,"mime-type":"image\/jpeg","filesize":44376,"url":"https:\/\/media.benalmadena-property.com\/2024\/07\/P1070239-210x210.jpg"},"partners-logo":{"file":"P1070239-600x480.jpg","width":600,"height":480,"mime-type":"image\/jpeg","filesize":102945,"url":"https:\/\/media.benalmadena-property.com\/2024\/07\/P1070239-600x480.jpg"},"gallery-two-column-image":{"file":"P1070239-536x269.jpg","width":536,"height":269,"mime-type":"image\/jpeg","filesize":62268,"url":"https:\/\/media.benalmadena-property.com\/2024\/07\/P1070239-536x269.jpg"},"property-detail-slider-thumb":{"file":"P1070239-82x60.jpg","width":82,"height":60,"mime-type":"image\/jpeg","filesize":35235,"url":"https:\/\/media.benalmadena-property.com\/2024\/07\/P1070239-82x60.jpg"}},"image_meta":{"aperture":"3.1","credit":"","camera":"DMC-SZ3","caption":"","created_timestamp":"1721828685","copyright":"","focal_length":"4.5","iso":"100","shutter_speed":"0.0125","title":"","orientation":"1","keywords":[]},"ID":"14264","name":"P1070239.jpg","path":"\/var\/www\/vhosts\/benalmadena-property.com\/httpdocs\/wp-content\/uploads\/2024\/07\/P1070239.jpg","url":"https:\/\/media.benalmadena-property.com\/2024\/07\/P1070239-150x150.jpg","full_url":"https:\/\/media.benalmadena-property.com\/2024\/07\/P1070239.jpg","title":"P1070239","caption":"","description":"","alt":"","srcset":"https:\/\/media.benalmadena-property.com\/2024\/07\/P1070239-150x150.jpg 150w, https:\/\/media.benalmadena-property.com\/2024\/07\/P1070239-210x210.jpg 210w"},{"width":150,"height":150,"file":"2024\/07\/P1070240.jpg","filesize":164352,"sizes":{"medium":{"file":"P1070240-300x225.jpg","width":300,"height":225,"mime-type":"image\/jpeg","filesize":51678,"url":"https:\/\/media.benalmadena-property.com\/2024\/07\/P1070240-300x225.jpg"},"thumbnail":{"file":"P1070240-150x150.jpg","width":150,"height":150,"mime-type":"image\/jpeg","filesize":40379,"url":"https:\/\/media.benalmadena-property.com\/2024\/07\/P1070240-150x150.jpg"},"post-thumbnail":{"file":"P1070240-150x113.jpg","width":150,"height":113,"mime-type":"image\/jpeg","filesize":38840,"url":"https:\/\/media.benalmadena-property.com\/2024\/07\/P1070240-150x113.jpg"},"property-thumb-image":{"file":"P1070240-488x326.jpg","width":488,"height":326,"mime-type":"image\/jpeg","filesize":72277,"url":"https:\/\/media.benalmadena-property.com\/2024\/07\/P1070240-488x326.jpg"},"property-detail-video-image":{"file":"P1070240-640x417.jpg","width":640,"height":417,"mime-type":"image\/jpeg","filesize":106202,"url":"https:\/\/media.benalmadena-property.com\/2024\/07\/P1070240-640x417.jpg"},"agent-image":{"file":"P1070240-210x210.jpg","width":210,"height":210,"mime-type":"image\/jpeg","filesize":46104,"url":"https:\/\/media.benalmadena-property.com\/2024\/07\/P1070240-210x210.jpg"},"partners-logo":{"file":"P1070240-600x480.jpg","width":600,"height":480,"mime-type":"image\/jpeg","filesize":112603,"url":"https:\/\/media.benalmadena-property.com\/2024\/07\/P1070240-600x480.jpg"},"gallery-two-column-image":{"file":"P1070240-536x269.jpg","width":536,"height":269,"mime-type":"image\/jpeg","filesize":67113,"url":"https:\/\/media.benalmadena-property.com\/2024\/07\/P1070240-536x269.jpg"},"property-detail-slider-thumb":{"file":"P1070240-82x60.jpg","width":82,"height":60,"mime-type":"image\/jpeg","filesize":35443,"url":"https:\/\/media.benalmadena-property.com\/2024\/07\/P1070240-82x60.jpg"}},"image_meta":{"aperture":"3.1","credit":"","camera":"DMC-SZ3","caption":"","created_timestamp":"1721828696","copyright":"","focal_length":"4.5","iso":"100","shutter_speed":"0.00625","title":"","orientation":"1","keywords":[]},"ID":"14267","name":"P1070240.jpg","path":"\/var\/www\/vhosts\/benalmadena-property.com\/httpdocs\/wp-content\/uploads\/2024\/07\/P1070240.jpg","url":"https:\/\/media.benalmadena-property.com\/2024\/07\/P1070240-150x150.jpg","full_url":"https:\/\/media.benalmadena-property.com\/2024\/07\/P1070240.jpg","title":"P1070240","caption":"","description":"","alt":"","srcset":"https:\/\/media.benalmadena-property.com\/2024\/07\/P1070240-150x150.jpg 150w, https:\/\/media.benalmadena-property.com\/2024\/07\/P1070240-210x210.jpg 210w"},{"width":150,"height":150,"file":"2016\/04\/220621_DDS_35-1.jpg","sizes":{"medium":{"file":"220621_DDS_35-1-300x200.jpg","width":300,"height":200,"mime-type":"image\/jpeg","url":"https:\/\/media.benalmadena-property.com\/2016\/04\/220621_DDS_35-1-300x200.jpg"},"thumbnail":{"file":"220621_DDS_35-1-150x150.jpg","width":150,"height":150,"mime-type":"image\/jpeg","url":"https:\/\/media.benalmadena-property.com\/2016\/04\/220621_DDS_35-1-150x150.jpg"},"medium_large":{"file":"220621_DDS_35-1-768x512.jpg","width":768,"height":512,"mime-type":"image\/jpeg","url":"https:\/\/media.benalmadena-property.com\/2016\/04\/220621_DDS_35-1-768x512.jpg"},"post-thumbnail":{"file":"220621_DDS_35-1-150x100.jpg","width":150,"height":100,"mime-type":"image\/jpeg","url":"https:\/\/media.benalmadena-property.com\/2016\/04\/220621_DDS_35-1-150x100.jpg"},"modern-property-child-slider":{"file":"220621_DDS_35-1-680x510.jpg","width":680,"height":510,"mime-type":"image\/jpeg","url":"https:\/\/media.benalmadena-property.com\/2016\/04\/220621_DDS_35-1-680x510.jpg"},"property-thumb-image":{"file":"220621_DDS_35-1-488x326.jpg","width":488,"height":326,"mime-type":"image\/jpeg","url":"https:\/\/media.benalmadena-property.com\/2016\/04\/220621_DDS_35-1-488x326.jpg"},"property-detail-video-image":{"file":"220621_DDS_35-1-818x417.jpg","width":818,"height":417,"mime-type":"image\/jpeg","url":"https:\/\/media.benalmadena-property.com\/2016\/04\/220621_DDS_35-1-818x417.jpg"},"agent-image":{"file":"220621_DDS_35-1-210x210.jpg","width":210,"height":210,"mime-type":"image\/jpeg","url":"https:\/\/media.benalmadena-property.com\/2016\/04\/220621_DDS_35-1-210x210.jpg"},"partners-logo":{"file":"220621_DDS_35-1-600x680.jpg","width":600,"height":680,"mime-type":"image\/jpeg","url":"https:\/\/media.benalmadena-property.com\/2016\/04\/220621_DDS_35-1-600x680.jpg"},"gallery-two-column-image":{"file":"220621_DDS_35-1-536x269.jpg","width":536,"height":269,"mime-type":"image\/jpeg","url":"https:\/\/media.benalmadena-property.com\/2016\/04\/220621_DDS_35-1-536x269.jpg"},"property-detail-slider-image-two":{"file":"220621_DDS_35-1-1020x648.jpg","width":1020,"height":648,"mime-type":"image\/jpeg","url":"https:\/\/media.benalmadena-property.com\/2016\/04\/220621_DDS_35-1-1020x648.jpg"},"property-detail-slider-thumb":{"file":"220621_DDS_35-1-82x60.jpg","width":82,"height":60,"mime-type":"image\/jpeg","url":"https:\/\/media.benalmadena-property.com\/2016\/04\/220621_DDS_35-1-82x60.jpg"}},"image_meta":{"aperture":"7.1","credit":"","camera":"ILCE-7M3","caption":"","created_timestamp":"1624366729","copyright":"@danieldisabatino","focal_length":"14","iso":"100","shutter_speed":"0.0015625","title":"","orientation":"0","keywords":[]},"ID":"9910","name":"220621_DDS_35-1.jpg","path":"\/var\/www\/vhosts\/benalmadena-property.com\/httpdocs\/wp-content\/uploads\/2016\/04\/220621_DDS_35-1.jpg","url":"https:\/\/media.benalmadena-property.com\/2016\/04\/220621_DDS_35-1-150x150.jpg","full_url":"https:\/\/media.benalmadena-property.com\/2016\/04\/220621_DDS_35-1.jpg","title":"220621_DDS_35 (1)","caption":"","description":"","alt":"","srcset":"https:\/\/media.benalmadena-property.com\/2016\/04\/220621_DDS_35-1-150x150.jpg 150w, https:\/\/media.benalmadena-property.com\/2016\/04\/220621_DDS_35-1-210x210.jpg 210w"},{"width":150,"height":150,"file":"2022\/09\/Jupiter-215-Delloca-24-scaled.jpg","filesize":866500,"sizes":{"medium":{"file":"Jupiter-215-Delloca-24-300x200.jpg","width":300,"height":200,"mime-type":"image\/jpeg","filesize":40504,"url":"https:\/\/media.benalmadena-property.com\/2022\/09\/Jupiter-215-Delloca-24-300x200.jpg"},"large":{"file":"Jupiter-215-Delloca-24-1024x683.jpg","width":1024,"height":683,"mime-type":"image\/jpeg","filesize":184924,"url":"https:\/\/media.benalmadena-property.com\/2022\/09\/Jupiter-215-Delloca-24-1024x683.jpg"},"thumbnail":{"file":"Jupiter-215-Delloca-24-150x150.jpg","width":150,"height":150,"mime-type":"image\/jpeg","filesize":30773,"url":"https:\/\/media.benalmadena-property.com\/2022\/09\/Jupiter-215-Delloca-24-150x150.jpg"},"medium_large":{"file":"Jupiter-215-Delloca-24-768x513.jpg","width":768,"height":513,"mime-type":"image\/jpeg","filesize":118853,"url":"https:\/\/media.benalmadena-property.com\/2022\/09\/Jupiter-215-Delloca-24-768x513.jpg"},"1536x1536":{"file":"Jupiter-215-Delloca-24-1536x1025.jpg","width":1536,"height":1025,"mime-type":"image\/jpeg","filesize":363966,"url":"https:\/\/media.benalmadena-property.com\/2022\/09\/Jupiter-215-Delloca-24-1536x1025.jpg"},"2048x2048":{"file":"Jupiter-215-Delloca-24-2048x1367.jpg","width":2048,"height":1367,"mime-type":"image\/jpeg","filesize":593275,"url":"https:\/\/media.benalmadena-property.com\/2022\/09\/Jupiter-215-Delloca-24-2048x1367.jpg"},"post-thumbnail":{"file":"Jupiter-215-Delloca-24-150x100.jpg","width":150,"height":100,"mime-type":"image\/jpeg","filesize":28904,"url":"https:\/\/media.benalmadena-property.com\/2022\/09\/Jupiter-215-Delloca-24-150x100.jpg"},"modern-property-child-slider":{"file":"Jupiter-215-Delloca-24-680x510.jpg","width":680,"height":510,"mime-type":"image\/jpeg","filesize":107005,"url":"https:\/\/media.benalmadena-property.com\/2022\/09\/Jupiter-215-Delloca-24-680x510.jpg"},"property-thumb-image":{"file":"Jupiter-215-Delloca-24-488x326.jpg","width":488,"height":326,"mime-type":"image\/jpeg","filesize":64659,"url":"https:\/\/media.benalmadena-property.com\/2022\/09\/Jupiter-215-Delloca-24-488x326.jpg"},"property-detail-video-image":{"file":"Jupiter-215-Delloca-24-818x417.jpg","width":818,"height":417,"mime-type":"image\/jpeg","filesize":116422,"url":"https:\/\/media.benalmadena-property.com\/2022\/09\/Jupiter-215-Delloca-24-818x417.jpg"},"agent-image":{"file":"Jupiter-215-Delloca-24-210x210.jpg","width":210,"height":210,"mime-type":"image\/jpeg","filesize":36511,"url":"https:\/\/media.benalmadena-property.com\/2022\/09\/Jupiter-215-Delloca-24-210x210.jpg"},"partners-logo":{"file":"Jupiter-215-Delloca-24-600x1950.jpg","width":600,"height":1950,"mime-type":"image\/jpeg","filesize":183120,"url":"https:\/\/media.benalmadena-property.com\/2022\/09\/Jupiter-215-Delloca-24-600x1950.jpg"},"gallery-two-column-image":{"file":"Jupiter-215-Delloca-24-536x269.jpg","width":536,"height":269,"mime-type":"image\/jpeg","filesize":65423,"url":"https:\/\/media.benalmadena-property.com\/2022\/09\/Jupiter-215-Delloca-24-536x269.jpg"},"property-detail-slider-image-two":{"file":"Jupiter-215-Delloca-24-1170x648.jpg","width":1170,"height":648,"mime-type":"image\/jpeg","filesize":210402,"url":"https:\/\/media.benalmadena-property.com\/2022\/09\/Jupiter-215-Delloca-24-1170x648.jpg"},"property-detail-slider-thumb":{"file":"Jupiter-215-Delloca-24-82x60.jpg","width":82,"height":60,"mime-type":"image\/jpeg","filesize":25971,"url":"https:\/\/media.benalmadena-property.com\/2022\/09\/Jupiter-215-Delloca-24-82x60.jpg"}},"image_meta":{"aperture":"8","credit":"Gonzalo J Bustos. Puerta6","camera":"NIKON D810","caption":"","created_timestamp":"1658110946","copyright":"\u00a9 Gonzalo Bustos","focal_length":"18","iso":"250","shutter_speed":"0.000625","title":"","orientation":"1","keywords":[]},"original_image":"Jupiter-215-Delloca-24.jpg","ID":"11103","name":"Jupiter-215-Delloca-24-scaled.jpg","path":"\/var\/www\/vhosts\/benalmadena-property.com\/httpdocs\/wp-content\/uploads\/2022\/09\/Jupiter-215-Delloca-24-scaled.jpg","url":"https:\/\/media.benalmadena-property.com\/2022\/09\/Jupiter-215-Delloca-24-150x150.jpg","full_url":"https:\/\/media.benalmadena-property.com\/2022\/09\/Jupiter-215-Delloca-24-scaled.jpg","title":"Jupiter 215 Delloca-24","caption":"","description":"","alt":"","srcset":"https:\/\/media.benalmadena-property.com\/2022\/09\/Jupiter-215-Delloca-24-150x150.jpg 150w, https:\/\/media.benalmadena-property.com\/2022\/09\/Jupiter-215-Delloca-24-210x210.jpg 210w"},{"width":150,"height":150,"file":"2016\/04\/220621_DDS_34-1.jpg","sizes":{"medium":{"file":"220621_DDS_34-1-300x200.jpg","width":300,"height":200,"mime-type":"image\/jpeg","url":"https:\/\/media.benalmadena-property.com\/2016\/04\/220621_DDS_34-1-300x200.jpg"},"thumbnail":{"file":"220621_DDS_34-1-150x150.jpg","width":150,"height":150,"mime-type":"image\/jpeg","url":"https:\/\/media.benalmadena-property.com\/2016\/04\/220621_DDS_34-1-150x150.jpg"},"medium_large":{"file":"220621_DDS_34-1-768x512.jpg","width":768,"height":512,"mime-type":"image\/jpeg","url":"https:\/\/media.benalmadena-property.com\/2016\/04\/220621_DDS_34-1-768x512.jpg"},"post-thumbnail":{"file":"220621_DDS_34-1-150x100.jpg","width":150,"height":100,"mime-type":"image\/jpeg","url":"https:\/\/media.benalmadena-property.com\/2016\/04\/220621_DDS_34-1-150x100.jpg"},"modern-property-child-slider":{"file":"220621_DDS_34-1-680x510.jpg","width":680,"height":510,"mime-type":"image\/jpeg","url":"https:\/\/media.benalmadena-property.com\/2016\/04\/220621_DDS_34-1-680x510.jpg"},"property-thumb-image":{"file":"220621_DDS_34-1-488x326.jpg","width":488,"height":326,"mime-type":"image\/jpeg","url":"https:\/\/media.benalmadena-property.com\/2016\/04\/220621_DDS_34-1-488x326.jpg"},"property-detail-video-image":{"file":"220621_DDS_34-1-818x417.jpg","width":818,"height":417,"mime-type":"image\/jpeg","url":"https:\/\/media.benalmadena-property.com\/2016\/04\/220621_DDS_34-1-818x417.jpg"},"agent-image":{"file":"220621_DDS_34-1-210x210.jpg","width":210,"height":210,"mime-type":"image\/jpeg","url":"https:\/\/media.benalmadena-property.com\/2016\/04\/220621_DDS_34-1-210x210.jpg"},"partners-logo":{"file":"220621_DDS_34-1-600x680.jpg","width":600,"height":680,"mime-type":"image\/jpeg","url":"https:\/\/media.benalmadena-property.com\/2016\/04\/220621_DDS_34-1-600x680.jpg"},"gallery-two-column-image":{"file":"220621_DDS_34-1-536x269.jpg","width":536,"height":269,"mime-type":"image\/jpeg","url":"https:\/\/media.benalmadena-property.com\/2016\/04\/220621_DDS_34-1-536x269.jpg"},"property-detail-slider-image-two":{"file":"220621_DDS_34-1-1020x648.jpg","width":1020,"height":648,"mime-type":"image\/jpeg","url":"https:\/\/media.benalmadena-property.com\/2016\/04\/220621_DDS_34-1-1020x648.jpg"},"property-detail-slider-thumb":{"file":"220621_DDS_34-1-82x60.jpg","width":82,"height":60,"mime-type":"image\/jpeg","url":"https:\/\/media.benalmadena-property.com\/2016\/04\/220621_DDS_34-1-82x60.jpg"}},"image_meta":{"aperture":"7.1","credit":"","camera":"ILCE-7M3","caption":"","created_timestamp":"1624366488","copyright":"@danieldisabatino","focal_length":"14","iso":"100","shutter_speed":"0.002","title":"","orientation":"0","keywords":[]},"ID":"9904","name":"220621_DDS_34-1.jpg","path":"\/var\/www\/vhosts\/benalmadena-property.com\/httpdocs\/wp-content\/uploads\/2016\/04\/220621_DDS_34-1.jpg","url":"https:\/\/media.benalmadena-property.com\/2016\/04\/220621_DDS_34-1-150x150.jpg","full_url":"https:\/\/media.benalmadena-property.com\/2016\/04\/220621_DDS_34-1.jpg","title":"220621_DDS_34 (1)","caption":"","description":"","alt":"","srcset":"https:\/\/media.benalmadena-property.com\/2016\/04\/220621_DDS_34-1-150x150.jpg 150w, https:\/\/media.benalmadena-property.com\/2016\/04\/220621_DDS_34-1-210x210.jpg 210w"},{"width":150,"height":150,"file":"2016\/04\/220621_DDS_30.jpg","sizes":{"medium":{"file":"220621_DDS_30-300x200.jpg","width":300,"height":200,"mime-type":"image\/jpeg","url":"https:\/\/media.benalmadena-property.com\/2016\/04\/220621_DDS_30-300x200.jpg"},"thumbnail":{"file":"220621_DDS_30-150x150.jpg","width":150,"height":150,"mime-type":"image\/jpeg","url":"https:\/\/media.benalmadena-property.com\/2016\/04\/220621_DDS_30-150x150.jpg"},"medium_large":{"file":"220621_DDS_30-768x512.jpg","width":768,"height":512,"mime-type":"image\/jpeg","url":"https:\/\/media.benalmadena-property.com\/2016\/04\/220621_DDS_30-768x512.jpg"},"post-thumbnail":{"file":"220621_DDS_30-150x100.jpg","width":150,"height":100,"mime-type":"image\/jpeg","url":"https:\/\/media.benalmadena-property.com\/2016\/04\/220621_DDS_30-150x100.jpg"},"modern-property-child-slider":{"file":"220621_DDS_30-680x510.jpg","width":680,"height":510,"mime-type":"image\/jpeg","url":"https:\/\/media.benalmadena-property.com\/2016\/04\/220621_DDS_30-680x510.jpg"},"property-thumb-image":{"file":"220621_DDS_30-488x326.jpg","width":488,"height":326,"mime-type":"image\/jpeg","url":"https:\/\/media.benalmadena-property.com\/2016\/04\/220621_DDS_30-488x326.jpg"},"property-detail-video-image":{"file":"220621_DDS_30-818x417.jpg","width":818,"height":417,"mime-type":"image\/jpeg","url":"https:\/\/media.benalmadena-property.com\/2016\/04\/220621_DDS_30-818x417.jpg"},"agent-image":{"file":"220621_DDS_30-210x210.jpg","width":210,"height":210,"mime-type":"image\/jpeg","url":"https:\/\/media.benalmadena-property.com\/2016\/04\/220621_DDS_30-210x210.jpg"},"partners-logo":{"file":"220621_DDS_30-600x680.jpg","width":600,"height":680,"mime-type":"image\/jpeg","url":"https:\/\/media.benalmadena-property.com\/2016\/04\/220621_DDS_30-600x680.jpg"},"gallery-two-column-image":{"file":"220621_DDS_30-536x269.jpg","width":536,"height":269,"mime-type":"image\/jpeg","url":"https:\/\/media.benalmadena-property.com\/2016\/04\/220621_DDS_30-536x269.jpg"},"property-detail-slider-image-two":{"file":"220621_DDS_30-1020x648.jpg","width":1020,"height":648,"mime-type":"image\/jpeg","url":"https:\/\/media.benalmadena-property.com\/2016\/04\/220621_DDS_30-1020x648.jpg"},"property-detail-slider-thumb":{"file":"220621_DDS_30-82x60.jpg","width":82,"height":60,"mime-type":"image\/jpeg","url":"https:\/\/media.benalmadena-property.com\/2016\/04\/220621_DDS_30-82x60.jpg"}},"image_meta":{"aperture":"7.1","credit":"","camera":"ILCE-7M3","caption":"","created_timestamp":"1624363234","copyright":"@danieldisabatino","focal_length":"70","iso":"100","shutter_speed":"0.0015625","title":"","orientation":"0","keywords":[]},"ID":"9901","name":"220621_DDS_30.jpg","path":"\/var\/www\/vhosts\/benalmadena-property.com\/httpdocs\/wp-content\/uploads\/2016\/04\/220621_DDS_30.jpg","url":"https:\/\/media.benalmadena-property.com\/2016\/04\/220621_DDS_30-150x150.jpg","full_url":"https:\/\/media.benalmadena-property.com\/2016\/04\/220621_DDS_30.jpg","title":"220621_DDS_30","caption":"","description":"","alt":"","srcset":"https:\/\/media.benalmadena-property.com\/2016\/04\/220621_DDS_30-150x150.jpg 150w, https:\/\/media.benalmadena-property.com\/2016\/04\/220621_DDS_30-210x210.jpg 210w"},{"width":150,"height":150,"file":"2016\/04\/220621_DDS_26.jpg","sizes":{"medium":{"file":"220621_DDS_26-300x200.jpg","width":300,"height":200,"mime-type":"image\/jpeg","url":"https:\/\/media.benalmadena-property.com\/2016\/04\/220621_DDS_26-300x200.jpg"},"thumbnail":{"file":"220621_DDS_26-150x150.jpg","width":150,"height":150,"mime-type":"image\/jpeg","url":"https:\/\/media.benalmadena-property.com\/2016\/04\/220621_DDS_26-150x150.jpg"},"medium_large":{"file":"220621_DDS_26-768x512.jpg","width":768,"height":512,"mime-type":"image\/jpeg","url":"https:\/\/media.benalmadena-property.com\/2016\/04\/220621_DDS_26-768x512.jpg"},"post-thumbnail":{"file":"220621_DDS_26-150x100.jpg","width":150,"height":100,"mime-type":"image\/jpeg","url":"https:\/\/media.benalmadena-property.com\/2016\/04\/220621_DDS_26-150x100.jpg"},"modern-property-child-slider":{"file":"220621_DDS_26-680x510.jpg","width":680,"height":510,"mime-type":"image\/jpeg","url":"https:\/\/media.benalmadena-property.com\/2016\/04\/220621_DDS_26-680x510.jpg"},"property-thumb-image":{"file":"220621_DDS_26-488x326.jpg","width":488,"height":326,"mime-type":"image\/jpeg","url":"https:\/\/media.benalmadena-property.com\/2016\/04\/220621_DDS_26-488x326.jpg"},"property-detail-video-image":{"file":"220621_DDS_26-818x417.jpg","width":818,"height":417,"mime-type":"image\/jpeg","url":"https:\/\/media.benalmadena-property.com\/2016\/04\/220621_DDS_26-818x417.jpg"},"agent-image":{"file":"220621_DDS_26-210x210.jpg","width":210,"height":210,"mime-type":"image\/jpeg","url":"https:\/\/media.benalmadena-property.com\/2016\/04\/220621_DDS_26-210x210.jpg"},"partners-logo":{"file":"220621_DDS_26-600x680.jpg","width":600,"height":680,"mime-type":"image\/jpeg","url":"https:\/\/media.benalmadena-property.com\/2016\/04\/220621_DDS_26-600x680.jpg"},"gallery-two-column-image":{"file":"220621_DDS_26-536x269.jpg","width":536,"height":269,"mime-type":"image\/jpeg","url":"https:\/\/media.benalmadena-property.com\/2016\/04\/220621_DDS_26-536x269.jpg"},"property-detail-slider-image-two":{"file":"220621_DDS_26-1020x648.jpg","width":1020,"height":648,"mime-type":"image\/jpeg","url":"https:\/\/media.benalmadena-property.com\/2016\/04\/220621_DDS_26-1020x648.jpg"},"property-detail-slider-thumb":{"file":"220621_DDS_26-82x60.jpg","width":82,"height":60,"mime-type":"image\/jpeg","url":"https:\/\/media.benalmadena-property.com\/2016\/04\/220621_DDS_26-82x60.jpg"}},"image_meta":{"aperture":"7.1","credit":"","camera":"ILCE-7M3","caption":"","created_timestamp":"1624363009","copyright":"@danieldisabatino","focal_length":"24","iso":"100","shutter_speed":"0.0025","title":"","orientation":"0","keywords":[]},"ID":"9898","name":"220621_DDS_26.jpg","path":"\/var\/www\/vhosts\/benalmadena-property.com\/httpdocs\/wp-content\/uploads\/2016\/04\/220621_DDS_26.jpg","url":"https:\/\/media.benalmadena-property.com\/2016\/04\/220621_DDS_26-150x150.jpg","full_url":"https:\/\/media.benalmadena-property.com\/2016\/04\/220621_DDS_26.jpg","title":"220621_DDS_26","caption":"","description":"","alt":"","srcset":"https:\/\/media.benalmadena-property.com\/2016\/04\/220621_DDS_26-150x150.jpg 150w, https:\/\/media.benalmadena-property.com\/2016\/04\/220621_DDS_26-210x210.jpg 210w"}],"REAL_HOMES_change_gallery_slider_type":"0","REAL_HOMES_gallery_slider_type":"thumb-on-right","inspiry_floor_plans":[],"inspiry_video_group":[],"REAL_HOMES_360_virtual_tour":"","REAL_HOMES_tour_video_url":"","REAL_HOMES_tour_video_image":[],"REAL_HOMES_agent_display_option":"none","REAL_HOMES_agents":[],"REAL_HOMES_energy_class":"none","REAL_HOMES_energy_performance":"","REAL_HOMES_epc_current_rating":"","REAL_HOMES_epc_potential_rating":"","REAL_HOMES_sticky":"0","inspiry_property_label":"","inspiry_property_label_color":"","inspiry_property_tax":"","inspiry_additional_fee":"","REAL_HOMES_attachments":[],"inspiry_property_owner_name":"","inspiry_property_owner_contact":"","inspiry_property_owner_address":"","REAL_HOMES_property_private_note":"","inspiry_message_to_reviewer":"","REAL_HOMES_add_in_slider":"no","REAL_HOMES_slider_image":[],"REAL_HOMES_page_banner_image":[],"REAL_HOMES_pims_id":"0J000","REAL_HOMES_property_rented":""},"_links":{"self":[{"href":"https:\/\/www.benalmadena-property.com\/fr\/wp-json\/wp\/v2\/property\/14294","targetHints":{"allow":["GET"]}}],"collection":[{"href":"https:\/\/www.benalmadena-property.com\/fr\/wp-json\/wp\/v2\/property"}],"about":[{"href":"https:\/\/www.benalmadena-property.com\/fr\/wp-json\/wp\/v2\/types\/property"}],"author":[{"embeddable":true,"href":"https:\/\/www.benalmadena-property.com\/fr\/wp-json\/wp\/v2\/users\/2"}],"replies":[{"embeddable":true,"href":"https:\/\/www.benalmadena-property.com\/fr\/wp-json\/wp\/v2\/comments?post=14294"}],"version-history":[{"count":8,"href":"https:\/\/www.benalmadena-property.com\/fr\/wp-json\/wp\/v2\/property\/14294\/revisions"}],"predecessor-version":[{"id":18078,"href":"https:\/\/www.benalmadena-property.com\/fr\/wp-json\/wp\/v2\/property\/14294\/revisions\/18078"}],"wp:featuredmedia":[{"embeddable":true,"href":"https:\/\/www.benalmadena-property.com\/fr\/wp-json\/wp\/v2\/media\/14288"}],"wp:attachment":[{"href":"https:\/\/www.benalmadena-property.com\/fr\/wp-json\/wp\/v2\/media?parent=14294"}],"wp:term":[{"taxonomy":"property-feature","embeddable":true,"href":"https:\/\/www.benalmadena-property.com\/fr\/wp-json\/wp\/v2\/property-feature?post=14294"},{"taxonomy":"property-type","embeddable":true,"href":"https:\/\/www.benalmadena-property.com\/fr\/wp-json\/wp\/v2\/property-type?post=14294"},{"taxonomy":"property-city","embeddable":true,"href":"https:\/\/www.benalmadena-property.com\/fr\/wp-json\/wp\/v2\/property-location?post=14294"},{"taxonomy":"property-status","embeddable":true,"href":"https:\/\/www.benalmadena-property.com\/fr\/wp-json\/wp\/v2\/property-status?post=14294"}],"curies":[{"name":"wp","href":"https:\/\/api.w.org\/{rel}","templated":true}]}}