{"id":15705,"date":"2025-02-12T13:28:33","date_gmt":"2025-02-12T12:28:33","guid":{"rendered":"https:\/\/www.benalmadena-property.com\/property\/vut-ma-20477-studio-appartement-minerva-ref-hm420\/"},"modified":"2025-11-20T13:23:15","modified_gmt":"2025-11-20T12:23:15","slug":"vut-ma-20477-studio-appartement-minerva-ref-hm420","status":"publish","type":"property","link":"https:\/\/www.benalmadena-property.com\/fr\/property\/vut-ma-20477-studio-appartement-minerva-ref-hm420\/","title":{"rendered":"Studio Appartement, MINERVA R\u00e9f : HM420"},"content":{"rendered":"<p>Studio \u00e0<br \/>\nBenalmadena avec vue sur la mer, r\u00e9cemment r\u00e9nov\u00e9, avec une atmosph\u00e8re chaleureuse et accueillante, id\u00e9al pour profiter en couple.<br \/>\nOrientation sud-ouest, avec soleil l\u2019apr\u00e8s-midi.<br \/>\nEnti\u00e8rement \u00e9quip\u00e9 avec tout ce dont vous avez besoin, il dispose \u00e9galement de piscines et de grands jardins pour passer d\u2019agr\u00e9ables vacances en profitant de belles vues et couchers de soleil sur la mer depuis la terrasse.<br \/>\nLa plage la plus proche se trouve \u00e0 seulement 8 minutes \u00e0 pied de l\u2019h\u00e9bergement.<br \/>\nProche des restaurants, bars, pubs, supermarch\u00e9s et toutes sortes de magasins, arr\u00eat de bus et gare.<br \/>\nL\u2019espace :<br \/>\n Il dispose d\u2019une chambre int\u00e9gr\u00e9e au salon, d\u2019une Smart TV avec 50 cha\u00eenes en plusieurs langues ; cuisine enti\u00e8rement \u00e9quip\u00e9e, salle de bain avec douche \u00e0 l\u2019italienne. Les serviettes et le linge de lit sont fournis.<br \/>\nClimatisation (chaud\/froid) et Wifi fibre haut d\u00e9bit inclus.<br \/>\nLe b\u00e2timent Minerva est situ\u00e9 \u00e0 seulement 8 minutes \u00e0 pied de la plage de Santa Ana. La plage de Malapesquera est \u00e0 15 min. Le port de plaisance, Puerto Marina \u00e0 2 km. L\u2019a\u00e9roport le plus proche (a\u00e9roport de Malaga) est \u00e0 10 km de l\u2019h\u00e9bergement.<br \/>\nLieux d\u2019int\u00e9r\u00eat tels que le ch\u00e2teau de Bil Bil, le ch\u00e2teau de Colomares, Puerto de la Paloma, le t\u00e9l\u00e9ph\u00e9rique de Benalmadena Services et<br \/>\nespaces communs<br \/>\nr\u00e9ception 24h\/24 7j\/7<br \/>\nLe complexe dispose de grands jardins et de grandes piscines avec toboggans.<br \/>\nParking gratuit dans et autour de l\u2019espace commun sous r\u00e9serve de disponibilit\u00e9<br \/>\nEmplacement de l\u2019appartement Edificio Minerva, Benalmadena, Andalousie, Espagne<\/p>\n<p>\u00c0 propos de l\u2019h\u00f4te<br \/>\nNous vous souhaitons la bienvenue et vous souhaitons un s\u00e9jour agr\u00e9able que nous consid\u00e9rons comme notre deuxi\u00e8me maison&nbsp;; non seulement parce que nous l\u2019occupons lorsque cela est possible, mais aussi en raison de l\u2019amour et du d\u00e9vouement que nous avons mis dans sa r\u00e9alisation et en prenant soin de chaque d\u00e9tail.<\/p>\n<p>IL EST INTERDIT DE FUMER OU D\u2019AUTORISER LES ANIMAUX DOMESTIQUES<\/p>\n<p><strong>LICENCE TOURISTIQUE: ESFCTU0000290350001608790000000000000000VFT\/MA\/204770<\/strong><\/p>\n","protected":false},"excerpt":{"rendered":"<p>Studio \u00e0 Benalmadena avec vue sur la mer, r\u00e9cemment r\u00e9nov\u00e9, avec une atmosph\u00e8re chaleureuse et accueillante, id\u00e9al pour profiter en couple. Orientation sud-ouest, avec soleil l\u2019apr\u00e8s-midi. Enti\u00e8rement \u00e9quip\u00e9 avec tout ce dont vous avez besoin, il dispose \u00e9galement de piscines et de grands jardins pour passer d\u2019agr\u00e9ables vacances en profitant de belles vues et couchers&#8230;<\/p>\n","protected":false},"author":2,"featured_media":15608,"parent":0,"menu_order":0,"comment_status":"open","ping_status":"closed","template":"","property-feature":[482,493,468,490,487,460,485,470,478,455,551,469,359,397,550,466,375,471,462,473,457,481,458,234],"property-type":[226],"property-location":[309,449,450,552,446,206,537,445],"property-status":[207],"class_list":["post-15705","property","type-property","status-publish","has-post-thumbnail","hentry","property-feature-2-plaques-danneau","property-feature-acces-wifi","property-feature-bouilloire","property-feature-cafetiere","property-feature-climatisees","property-feature-cuisine-equipee","property-feature-douche-fermee-moderne","property-feature-fer-conseil","property-feature-grille-pain","property-feature-machine-a-laver","property-feature-melangeur-daliments","property-feature-micro-ondes","property-feature-piscine-communautaire-et-jardin","property-feature-piscine-pour-enfants","property-feature-presse-agrumes-frais","property-feature-refrigerateur-congelateur","property-feature-seche-cheveux","property-feature-terrasse","property-feature-tv-fr","property-feature-vue-de-jardin","property-feature-vue-sur-la-mer","property-feature-vue-sur-la-montagne","property-feature-vue-sur-la-piscine","property-feature-wifi-fr","property-type-studio-fr","property-city-arroyo-de-la-miel-fr","property-city-arroyo-de-la-miel-costa-del-sol","property-city-benalmadena-fr-2","property-city-benalmadena-fr-3","property-city-benalmadena-fr","property-city-benalmadena-costa-benalmadena-arroyo-de-la-mielcosta-del-sol-fr","property-city-benalmadena-costa-costa-del-sol","property-city-costa-del-sol-fr","property-status-holiday-lets-fr"],"property_meta":{"REAL_HOMES_property_price":"350","REAL_HOMES_property_old_price":"","REAL_HOMES_property_price_prefix":"","REAL_HOMES_property_price_postfix":"Hebdomadaire","REAL_HOMES_property_size":"31","REAL_HOMES_property_size_postfix":"m\u00e8tres carr\u00e9s","REAL_HOMES_property_lot_size":"","REAL_HOMES_property_lot_size_postfix":"","REAL_HOMES_property_bedrooms":"0","REAL_HOMES_property_bathrooms":"1","REAL_HOMES_property_garage":"","REAL_HOMES_property_id":"HM420","REAL_HOMES_property_year_built":"","REAL_HOMES_featured":"","REAL_HOMES_additional_details_list":[],"REAL_HOMES_property_location":{"latitude":"36.59549023","longitude":"-4.52666491","zoom":"14"},"REAL_HOMES_property_address":"Edificio Minerva, Av de Gamonal, 10 29630 Benalmadena, M\u00e1laga, Espagne","REAL_HOMES_property_map":"","REAL_HOMES_property_images":[{"width":150,"height":150,"file":"2025\/02\/0-PORTADA.jpg","filesize":363946,"sizes":{"medium":{"file":"0-PORTADA-300x225.jpg","width":300,"height":225,"mime-type":"image\/jpeg","filesize":20087,"url":"https:\/\/media.benalmadena-property.com\/2025\/02\/0-PORTADA-300x225.jpg"},"large":{"file":"0-PORTADA-1024x768.jpg","width":1024,"height":768,"mime-type":"image\/jpeg","filesize":128723,"url":"https:\/\/media.benalmadena-property.com\/2025\/02\/0-PORTADA-1024x768.jpg"},"thumbnail":{"file":"0-PORTADA-150x150.jpg","width":150,"height":150,"mime-type":"image\/jpeg","filesize":7689,"url":"https:\/\/media.benalmadena-property.com\/2025\/02\/0-PORTADA-150x150.jpg"},"medium_large":{"file":"0-PORTADA-768x576.jpg","width":768,"height":576,"mime-type":"image\/jpeg","filesize":84838,"url":"https:\/\/media.benalmadena-property.com\/2025\/02\/0-PORTADA-768x576.jpg"},"1536x1536":{"file":"0-PORTADA-1536x1152.jpg","width":1536,"height":1152,"mime-type":"image\/jpeg","filesize":227471,"url":"https:\/\/media.benalmadena-property.com\/2025\/02\/0-PORTADA-1536x1152.jpg"},"post-thumbnail":{"file":"0-PORTADA-150x113.jpg","width":150,"height":113,"mime-type":"image\/jpeg","filesize":6312,"url":"https:\/\/media.benalmadena-property.com\/2025\/02\/0-PORTADA-150x113.jpg"},"modern-property-child-slider":{"file":"0-PORTADA-680x510.jpg","width":680,"height":510,"mime-type":"image\/jpeg","filesize":71882,"url":"https:\/\/media.benalmadena-property.com\/2025\/02\/0-PORTADA-680x510.jpg"},"property-thumb-image":{"file":"0-PORTADA-488x326.jpg","width":488,"height":326,"mime-type":"image\/jpeg","filesize":40196,"url":"https:\/\/media.benalmadena-property.com\/2025\/02\/0-PORTADA-488x326.jpg"},"property-detail-video-image":{"file":"0-PORTADA-818x417.jpg","width":818,"height":417,"mime-type":"image\/jpeg","filesize":71467,"url":"https:\/\/media.benalmadena-property.com\/2025\/02\/0-PORTADA-818x417.jpg"},"agent-image":{"file":"0-PORTADA-210x210.jpg","width":210,"height":210,"mime-type":"image\/jpeg","filesize":13707,"url":"https:\/\/media.benalmadena-property.com\/2025\/02\/0-PORTADA-210x210.jpg"},"partners-logo":{"file":"0-PORTADA-600x1440.jpg","width":600,"height":1440,"mime-type":"image\/jpeg","filesize":104462,"url":"https:\/\/media.benalmadena-property.com\/2025\/02\/0-PORTADA-600x1440.jpg"},"gallery-two-column-image":{"file":"0-PORTADA-536x269.jpg","width":536,"height":269,"mime-type":"image\/jpeg","filesize":37520,"url":"https:\/\/media.benalmadena-property.com\/2025\/02\/0-PORTADA-536x269.jpg"},"property-detail-slider-image-two":{"file":"0-PORTADA-1170x648.jpg","width":1170,"height":648,"mime-type":"image\/jpeg","filesize":126010,"url":"https:\/\/media.benalmadena-property.com\/2025\/02\/0-PORTADA-1170x648.jpg"},"property-detail-slider-thumb":{"file":"0-PORTADA-82x60.jpg","width":82,"height":60,"mime-type":"image\/jpeg","filesize":2376,"url":"https:\/\/media.benalmadena-property.com\/2025\/02\/0-PORTADA-82x60.jpg"}},"image_meta":{"aperture":"0","credit":"","camera":"","caption":"","created_timestamp":"0","copyright":"","focal_length":"0","iso":"0","shutter_speed":"0","title":"","orientation":"0","keywords":[]},"ID":"15608","name":"0-PORTADA.jpg","path":"\/var\/www\/vhosts\/benalmadena-property.com\/httpdocs\/wp-content\/uploads\/2025\/02\/0-PORTADA.jpg","url":"https:\/\/media.benalmadena-property.com\/2025\/02\/0-PORTADA-150x150.jpg","full_url":"https:\/\/media.benalmadena-property.com\/2025\/02\/0-PORTADA.jpg","title":"0 - PORTADA","caption":"","description":"","alt":"","srcset":"https:\/\/media.benalmadena-property.com\/2025\/02\/0-PORTADA-150x150.jpg 150w, https:\/\/media.benalmadena-property.com\/2025\/02\/0-PORTADA-210x210.jpg 210w"},{"width":150,"height":150,"file":"2025\/02\/1-scaled.jpg","filesize":457564,"sizes":{"medium":{"file":"1-300x225.jpg","width":300,"height":225,"mime-type":"image\/jpeg","filesize":14908,"url":"https:\/\/media.benalmadena-property.com\/2025\/02\/1-300x225.jpg"},"large":{"file":"1-1024x768.jpg","width":1024,"height":768,"mime-type":"image\/jpeg","filesize":95141,"url":"https:\/\/media.benalmadena-property.com\/2025\/02\/1-1024x768.jpg"},"thumbnail":{"file":"1-150x150.jpg","width":150,"height":150,"mime-type":"image\/jpeg","filesize":6938,"url":"https:\/\/media.benalmadena-property.com\/2025\/02\/1-150x150.jpg"},"medium_large":{"file":"1-768x576.jpg","width":768,"height":576,"mime-type":"image\/jpeg","filesize":59834,"url":"https:\/\/media.benalmadena-property.com\/2025\/02\/1-768x576.jpg"},"1536x1536":{"file":"1-1536x1152.jpg","width":1536,"height":1152,"mime-type":"image\/jpeg","filesize":186067,"url":"https:\/\/media.benalmadena-property.com\/2025\/02\/1-1536x1152.jpg"},"2048x2048":{"file":"1-2048x1536.jpg","width":2048,"height":1536,"mime-type":"image\/jpeg","filesize":301608,"url":"https:\/\/media.benalmadena-property.com\/2025\/02\/1-2048x1536.jpg"},"post-thumbnail":{"file":"1-150x113.jpg","width":150,"height":113,"mime-type":"image\/jpeg","filesize":6416,"url":"https:\/\/media.benalmadena-property.com\/2025\/02\/1-150x113.jpg"},"modern-property-child-slider":{"file":"1-680x510.jpg","width":680,"height":510,"mime-type":"image\/jpeg","filesize":49216,"url":"https:\/\/media.benalmadena-property.com\/2025\/02\/1-680x510.jpg"},"property-thumb-image":{"file":"1-488x326.jpg","width":488,"height":326,"mime-type":"image\/jpeg","filesize":27083,"url":"https:\/\/media.benalmadena-property.com\/2025\/02\/1-488x326.jpg"},"property-detail-video-image":{"file":"1-818x417.jpg","width":818,"height":417,"mime-type":"image\/jpeg","filesize":48567,"url":"https:\/\/media.benalmadena-property.com\/2025\/02\/1-818x417.jpg"},"agent-image":{"file":"1-210x210.jpg","width":210,"height":210,"mime-type":"image\/jpeg","filesize":10580,"url":"https:\/\/media.benalmadena-property.com\/2025\/02\/1-210x210.jpg"},"partners-logo":{"file":"1-600x3096.jpg","width":600,"height":3096,"mime-type":"image\/jpeg","filesize":186814,"url":"https:\/\/media.benalmadena-property.com\/2025\/02\/1-600x3096.jpg"},"gallery-two-column-image":{"file":"1-536x269.jpg","width":536,"height":269,"mime-type":"image\/jpeg","filesize":25167,"url":"https:\/\/media.benalmadena-property.com\/2025\/02\/1-536x269.jpg"},"property-detail-slider-image-two":{"file":"1-1170x648.jpg","width":1170,"height":648,"mime-type":"image\/jpeg","filesize":91505,"url":"https:\/\/media.benalmadena-property.com\/2025\/02\/1-1170x648.jpg"},"property-detail-slider-thumb":{"file":"1-82x60.jpg","width":82,"height":60,"mime-type":"image\/jpeg","filesize":3555,"url":"https:\/\/media.benalmadena-property.com\/2025\/02\/1-82x60.jpg"}},"image_meta":{"aperture":"0","credit":"","camera":"SM-A105FN","caption":"","created_timestamp":"1705775544","copyright":"","focal_length":"0","iso":"250","shutter_speed":"0","title":"","orientation":"0","keywords":[]},"original_image":"1.jpg","ID":"15611","name":"1-scaled.jpg","path":"\/var\/www\/vhosts\/benalmadena-property.com\/httpdocs\/wp-content\/uploads\/2025\/02\/1-scaled.jpg","url":"https:\/\/media.benalmadena-property.com\/2025\/02\/1-150x150.jpg","full_url":"https:\/\/media.benalmadena-property.com\/2025\/02\/1-scaled.jpg","title":"1","caption":"","description":"","alt":"","srcset":"https:\/\/media.benalmadena-property.com\/2025\/02\/1-150x150.jpg 150w, https:\/\/media.benalmadena-property.com\/2025\/02\/1-210x210.jpg 210w"},{"width":150,"height":150,"file":"2025\/02\/7.jpg","filesize":156150,"sizes":{"medium":{"file":"7-300x214.jpg","width":300,"height":214,"mime-type":"image\/jpeg","filesize":10372,"url":"https:\/\/media.benalmadena-property.com\/2025\/02\/7-300x214.jpg"},"large":{"file":"7-1024x730.jpg","width":1024,"height":730,"mime-type":"image\/jpeg","filesize":59588,"url":"https:\/\/media.benalmadena-property.com\/2025\/02\/7-1024x730.jpg"},"thumbnail":{"file":"7-150x150.jpg","width":150,"height":150,"mime-type":"image\/jpeg","filesize":4818,"url":"https:\/\/media.benalmadena-property.com\/2025\/02\/7-150x150.jpg"},"medium_large":{"file":"7-768x548.jpg","width":768,"height":548,"mime-type":"image\/jpeg","filesize":39517,"url":"https:\/\/media.benalmadena-property.com\/2025\/02\/7-768x548.jpg"},"1536x1536":{"file":"7-1536x1096.jpg","width":1536,"height":1096,"mime-type":"image\/jpeg","filesize":103664,"url":"https:\/\/media.benalmadena-property.com\/2025\/02\/7-1536x1096.jpg"},"post-thumbnail":{"file":"7-150x107.jpg","width":150,"height":107,"mime-type":"image\/jpeg","filesize":3871,"url":"https:\/\/media.benalmadena-property.com\/2025\/02\/7-150x107.jpg"},"modern-property-child-slider":{"file":"7-680x510.jpg","width":680,"height":510,"mime-type":"image\/jpeg","filesize":34710,"url":"https:\/\/media.benalmadena-property.com\/2025\/02\/7-680x510.jpg"},"property-thumb-image":{"file":"7-488x326.jpg","width":488,"height":326,"mime-type":"image\/jpeg","filesize":19813,"url":"https:\/\/media.benalmadena-property.com\/2025\/02\/7-488x326.jpg"},"property-detail-video-image":{"file":"7-818x417.jpg","width":818,"height":417,"mime-type":"image\/jpeg","filesize":35439,"url":"https:\/\/media.benalmadena-property.com\/2025\/02\/7-818x417.jpg"},"agent-image":{"file":"7-210x210.jpg","width":210,"height":210,"mime-type":"image\/jpeg","filesize":7836,"url":"https:\/\/media.benalmadena-property.com\/2025\/02\/7-210x210.jpg"},"partners-logo":{"file":"7-600x1304.jpg","width":600,"height":1304,"mime-type":"image\/jpeg","filesize":46464,"url":"https:\/\/media.benalmadena-property.com\/2025\/02\/7-600x1304.jpg"},"gallery-two-column-image":{"file":"7-536x269.jpg","width":536,"height":269,"mime-type":"image\/jpeg","filesize":19205,"url":"https:\/\/media.benalmadena-property.com\/2025\/02\/7-536x269.jpg"},"property-detail-slider-image-two":{"file":"7-1170x648.jpg","width":1170,"height":648,"mime-type":"image\/jpeg","filesize":61174,"url":"https:\/\/media.benalmadena-property.com\/2025\/02\/7-1170x648.jpg"},"property-detail-slider-thumb":{"file":"7-82x60.jpg","width":82,"height":60,"mime-type":"image\/jpeg","filesize":1789,"url":"https:\/\/media.benalmadena-property.com\/2025\/02\/7-82x60.jpg"}},"image_meta":{"aperture":"0","credit":"","camera":"","caption":"","created_timestamp":"0","copyright":"","focal_length":"0","iso":"0","shutter_speed":"0","title":"","orientation":"0","keywords":[]},"ID":"15629","name":"7.jpg","path":"\/var\/www\/vhosts\/benalmadena-property.com\/httpdocs\/wp-content\/uploads\/2025\/02\/7.jpg","url":"https:\/\/media.benalmadena-property.com\/2025\/02\/7-150x150.jpg","full_url":"https:\/\/media.benalmadena-property.com\/2025\/02\/7.jpg","title":"7","caption":"","description":"","alt":"","srcset":"https:\/\/media.benalmadena-property.com\/2025\/02\/7-150x150.jpg 150w, https:\/\/media.benalmadena-property.com\/2025\/02\/7-210x210.jpg 210w"},{"width":150,"height":150,"file":"2025\/02\/2.jpg","filesize":540460,"sizes":{"medium":{"file":"2-300x235.jpg","width":300,"height":235,"mime-type":"image\/jpeg","filesize":15620,"url":"https:\/\/media.benalmadena-property.com\/2025\/02\/2-300x235.jpg"},"large":{"file":"2-1024x803.jpg","width":1024,"height":803,"mime-type":"image\/jpeg","filesize":125401,"url":"https:\/\/media.benalmadena-property.com\/2025\/02\/2-1024x803.jpg"},"thumbnail":{"file":"2-150x150.jpg","width":150,"height":150,"mime-type":"image\/jpeg","filesize":6738,"url":"https:\/\/media.benalmadena-property.com\/2025\/02\/2-150x150.jpg"},"medium_large":{"file":"2-768x602.jpg","width":768,"height":602,"mime-type":"image\/jpeg","filesize":75474,"url":"https:\/\/media.benalmadena-property.com\/2025\/02\/2-768x602.jpg"},"1536x1536":{"file":"2-1536x1204.jpg","width":1536,"height":1204,"mime-type":"image\/jpeg","filesize":248613,"url":"https:\/\/media.benalmadena-property.com\/2025\/02\/2-1536x1204.jpg"},"post-thumbnail":{"file":"2-150x118.jpg","width":150,"height":118,"mime-type":"image\/jpeg","filesize":5711,"url":"https:\/\/media.benalmadena-property.com\/2025\/02\/2-150x118.jpg"},"modern-property-child-slider":{"file":"2-680x510.jpg","width":680,"height":510,"mime-type":"image\/jpeg","filesize":58885,"url":"https:\/\/media.benalmadena-property.com\/2025\/02\/2-680x510.jpg"},"property-thumb-image":{"file":"2-488x326.jpg","width":488,"height":326,"mime-type":"image\/jpeg","filesize":30629,"url":"https:\/\/media.benalmadena-property.com\/2025\/02\/2-488x326.jpg"},"property-detail-video-image":{"file":"2-818x417.jpg","width":818,"height":417,"mime-type":"image\/jpeg","filesize":59813,"url":"https:\/\/media.benalmadena-property.com\/2025\/02\/2-818x417.jpg"},"agent-image":{"file":"2-210x210.jpg","width":210,"height":210,"mime-type":"image\/jpeg","filesize":11279,"url":"https:\/\/media.benalmadena-property.com\/2025\/02\/2-210x210.jpg"},"partners-logo":{"file":"2-600x1532.jpg","width":600,"height":1532,"mime-type":"image\/jpeg","filesize":118551,"url":"https:\/\/media.benalmadena-property.com\/2025\/02\/2-600x1532.jpg"},"gallery-two-column-image":{"file":"2-536x269.jpg","width":536,"height":269,"mime-type":"image\/jpeg","filesize":28387,"url":"https:\/\/media.benalmadena-property.com\/2025\/02\/2-536x269.jpg"},"property-detail-slider-image-two":{"file":"2-1170x648.jpg","width":1170,"height":648,"mime-type":"image\/jpeg","filesize":118107,"url":"https:\/\/media.benalmadena-property.com\/2025\/02\/2-1170x648.jpg"},"property-detail-slider-thumb":{"file":"2-82x60.jpg","width":82,"height":60,"mime-type":"image\/jpeg","filesize":2587,"url":"https:\/\/media.benalmadena-property.com\/2025\/02\/2-82x60.jpg"}},"image_meta":{"aperture":"0","credit":"","camera":"","caption":"","created_timestamp":"0","copyright":"","focal_length":"0","iso":"0","shutter_speed":"0","title":"","orientation":"0","keywords":[]},"ID":"15614","name":"2.jpg","path":"\/var\/www\/vhosts\/benalmadena-property.com\/httpdocs\/wp-content\/uploads\/2025\/02\/2.jpg","url":"https:\/\/media.benalmadena-property.com\/2025\/02\/2-150x150.jpg","full_url":"https:\/\/media.benalmadena-property.com\/2025\/02\/2.jpg","title":"2","caption":"","description":"","alt":"","srcset":"https:\/\/media.benalmadena-property.com\/2025\/02\/2-150x150.jpg 150w, https:\/\/media.benalmadena-property.com\/2025\/02\/2-210x210.jpg 210w"},{"width":150,"height":150,"file":"2025\/02\/6-scaled.jpg","filesize":331159,"sizes":{"medium":{"file":"6-225x300.jpg","width":225,"height":300,"mime-type":"image\/jpeg","filesize":10759,"url":"https:\/\/media.benalmadena-property.com\/2025\/02\/6-225x300.jpg"},"large":{"file":"6-768x1024.jpg","width":768,"height":1024,"mime-type":"image\/jpeg","filesize":66641,"url":"https:\/\/media.benalmadena-property.com\/2025\/02\/6-768x1024.jpg"},"thumbnail":{"file":"6-150x150.jpg","width":150,"height":150,"mime-type":"image\/jpeg","filesize":5775,"url":"https:\/\/media.benalmadena-property.com\/2025\/02\/6-150x150.jpg"},"medium_large":{"file":"6-768x1024.jpg","width":768,"height":1024,"mime-type":"image\/jpeg","filesize":66641,"url":"https:\/\/media.benalmadena-property.com\/2025\/02\/6-768x1024.jpg"},"1536x1536":{"file":"6-1152x1536.jpg","width":1152,"height":1536,"mime-type":"image\/jpeg","filesize":131305,"url":"https:\/\/media.benalmadena-property.com\/2025\/02\/6-1152x1536.jpg"},"2048x2048":{"file":"6-1536x2048.jpg","width":1536,"height":2048,"mime-type":"image\/jpeg","filesize":214069,"url":"https:\/\/media.benalmadena-property.com\/2025\/02\/6-1536x2048.jpg"},"post-thumbnail":{"file":"6-113x150.jpg","width":113,"height":150,"mime-type":"image\/jpeg","filesize":4919,"url":"https:\/\/media.benalmadena-property.com\/2025\/02\/6-113x150.jpg"},"modern-property-child-slider":{"file":"6-680x510.jpg","width":680,"height":510,"mime-type":"image\/jpeg","filesize":38529,"url":"https:\/\/media.benalmadena-property.com\/2025\/02\/6-680x510.jpg"},"property-thumb-image":{"file":"6-488x326.jpg","width":488,"height":326,"mime-type":"image\/jpeg","filesize":21492,"url":"https:\/\/media.benalmadena-property.com\/2025\/02\/6-488x326.jpg"},"property-detail-video-image":{"file":"6-818x417.jpg","width":818,"height":417,"mime-type":"image\/jpeg","filesize":41035,"url":"https:\/\/media.benalmadena-property.com\/2025\/02\/6-818x417.jpg"},"agent-image":{"file":"6-210x210.jpg","width":210,"height":210,"mime-type":"image\/jpeg","filesize":8622,"url":"https:\/\/media.benalmadena-property.com\/2025\/02\/6-210x210.jpg"},"partners-logo":{"file":"6-600x4096.jpg","width":600,"height":4096,"mime-type":"image\/jpeg","filesize":188770,"url":"https:\/\/media.benalmadena-property.com\/2025\/02\/6-600x4096.jpg"},"gallery-two-column-image":{"file":"6-536x269.jpg","width":536,"height":269,"mime-type":"image\/jpeg","filesize":20855,"url":"https:\/\/media.benalmadena-property.com\/2025\/02\/6-536x269.jpg"},"property-detail-slider-image-two":{"file":"6-1170x648.jpg","width":1170,"height":648,"mime-type":"image\/jpeg","filesize":76360,"url":"https:\/\/media.benalmadena-property.com\/2025\/02\/6-1170x648.jpg"},"property-detail-slider-thumb":{"file":"6-82x60.jpg","width":82,"height":60,"mime-type":"image\/jpeg","filesize":3191,"url":"https:\/\/media.benalmadena-property.com\/2025\/02\/6-82x60.jpg"}},"image_meta":{"aperture":"1.9","credit":"","camera":"SM-A105FN","caption":"","created_timestamp":"1705759642","copyright":"","focal_length":"3.6","iso":"80","shutter_speed":"0.02","title":"","orientation":"0","keywords":[]},"original_image":"6.jpg","ID":"15626","name":"6-scaled.jpg","path":"\/var\/www\/vhosts\/benalmadena-property.com\/httpdocs\/wp-content\/uploads\/2025\/02\/6-scaled.jpg","url":"https:\/\/media.benalmadena-property.com\/2025\/02\/6-150x150.jpg","full_url":"https:\/\/media.benalmadena-property.com\/2025\/02\/6-scaled.jpg","title":"6","caption":"","description":"","alt":"","srcset":"https:\/\/media.benalmadena-property.com\/2025\/02\/6-150x150.jpg 150w, https:\/\/media.benalmadena-property.com\/2025\/02\/6-210x210.jpg 210w"},{"width":150,"height":150,"file":"2025\/02\/10-scaled.jpg","filesize":440773,"sizes":{"medium":{"file":"10-300x225.jpg","width":300,"height":225,"mime-type":"image\/jpeg","filesize":14101,"url":"https:\/\/media.benalmadena-property.com\/2025\/02\/10-300x225.jpg"},"large":{"file":"10-1024x768.jpg","width":1024,"height":768,"mime-type":"image\/jpeg","filesize":92597,"url":"https:\/\/media.benalmadena-property.com\/2025\/02\/10-1024x768.jpg"},"thumbnail":{"file":"10-150x150.jpg","width":150,"height":150,"mime-type":"image\/jpeg","filesize":6669,"url":"https:\/\/media.benalmadena-property.com\/2025\/02\/10-150x150.jpg"},"medium_large":{"file":"10-768x576.jpg","width":768,"height":576,"mime-type":"image\/jpeg","filesize":58002,"url":"https:\/\/media.benalmadena-property.com\/2025\/02\/10-768x576.jpg"},"1536x1536":{"file":"10-1536x1152.jpg","width":1536,"height":1152,"mime-type":"image\/jpeg","filesize":181729,"url":"https:\/\/media.benalmadena-property.com\/2025\/02\/10-1536x1152.jpg"},"2048x2048":{"file":"10-2048x1536.jpg","width":2048,"height":1536,"mime-type":"image\/jpeg","filesize":295787,"url":"https:\/\/media.benalmadena-property.com\/2025\/02\/10-2048x1536.jpg"},"post-thumbnail":{"file":"10-150x113.jpg","width":150,"height":113,"mime-type":"image\/jpeg","filesize":6041,"url":"https:\/\/media.benalmadena-property.com\/2025\/02\/10-150x113.jpg"},"modern-property-child-slider":{"file":"10-680x510.jpg","width":680,"height":510,"mime-type":"image\/jpeg","filesize":47612,"url":"https:\/\/media.benalmadena-property.com\/2025\/02\/10-680x510.jpg"},"property-thumb-image":{"file":"10-488x326.jpg","width":488,"height":326,"mime-type":"image\/jpeg","filesize":26252,"url":"https:\/\/media.benalmadena-property.com\/2025\/02\/10-488x326.jpg"},"property-detail-video-image":{"file":"10-818x417.jpg","width":818,"height":417,"mime-type":"image\/jpeg","filesize":45853,"url":"https:\/\/media.benalmadena-property.com\/2025\/02\/10-818x417.jpg"},"agent-image":{"file":"10-210x210.jpg","width":210,"height":210,"mime-type":"image\/jpeg","filesize":10220,"url":"https:\/\/media.benalmadena-property.com\/2025\/02\/10-210x210.jpg"},"partners-logo":{"file":"10-600x3096.jpg","width":600,"height":3096,"mime-type":"image\/jpeg","filesize":189924,"url":"https:\/\/media.benalmadena-property.com\/2025\/02\/10-600x3096.jpg"},"gallery-two-column-image":{"file":"10-536x269.jpg","width":536,"height":269,"mime-type":"image\/jpeg","filesize":23759,"url":"https:\/\/media.benalmadena-property.com\/2025\/02\/10-536x269.jpg"},"property-detail-slider-image-two":{"file":"10-1170x648.jpg","width":1170,"height":648,"mime-type":"image\/jpeg","filesize":87089,"url":"https:\/\/media.benalmadena-property.com\/2025\/02\/10-1170x648.jpg"},"property-detail-slider-thumb":{"file":"10-82x60.jpg","width":82,"height":60,"mime-type":"image\/jpeg","filesize":3539,"url":"https:\/\/media.benalmadena-property.com\/2025\/02\/10-82x60.jpg"}},"image_meta":{"aperture":"1.9","credit":"","camera":"SM-A105FN","caption":"","created_timestamp":"1705776767","copyright":"","focal_length":"3.6","iso":"200","shutter_speed":"0.04","title":"","orientation":"0","keywords":[]},"original_image":"10.jpg","ID":"15638","name":"10-scaled.jpg","path":"\/var\/www\/vhosts\/benalmadena-property.com\/httpdocs\/wp-content\/uploads\/2025\/02\/10-scaled.jpg","url":"https:\/\/media.benalmadena-property.com\/2025\/02\/10-150x150.jpg","full_url":"https:\/\/media.benalmadena-property.com\/2025\/02\/10-scaled.jpg","title":"10","caption":"","description":"","alt":"","srcset":"https:\/\/media.benalmadena-property.com\/2025\/02\/10-150x150.jpg 150w, https:\/\/media.benalmadena-property.com\/2025\/02\/10-210x210.jpg 210w"},{"width":150,"height":150,"file":"2025\/02\/14.jpg","filesize":371298,"sizes":{"medium":{"file":"14-300x184.jpg","width":300,"height":184,"mime-type":"image\/jpeg","filesize":11901,"url":"https:\/\/media.benalmadena-property.com\/2025\/02\/14-300x184.jpg"},"large":{"file":"14-1024x628.jpg","width":1024,"height":628,"mime-type":"image\/jpeg","filesize":90178,"url":"https:\/\/media.benalmadena-property.com\/2025\/02\/14-1024x628.jpg"},"thumbnail":{"file":"14-150x150.jpg","width":150,"height":150,"mime-type":"image\/jpeg","filesize":5424,"url":"https:\/\/media.benalmadena-property.com\/2025\/02\/14-150x150.jpg"},"medium_large":{"file":"14-768x471.jpg","width":768,"height":471,"mime-type":"image\/jpeg","filesize":55729,"url":"https:\/\/media.benalmadena-property.com\/2025\/02\/14-768x471.jpg"},"1536x1536":{"file":"14-1536x942.jpg","width":1536,"height":942,"mime-type":"image\/jpeg","filesize":173614,"url":"https:\/\/media.benalmadena-property.com\/2025\/02\/14-1536x942.jpg"},"post-thumbnail":{"file":"14-150x92.jpg","width":150,"height":92,"mime-type":"image\/jpeg","filesize":3965,"url":"https:\/\/media.benalmadena-property.com\/2025\/02\/14-150x92.jpg"},"modern-property-child-slider":{"file":"14-680x510.jpg","width":680,"height":510,"mime-type":"image\/jpeg","filesize":52414,"url":"https:\/\/media.benalmadena-property.com\/2025\/02\/14-680x510.jpg"},"property-thumb-image":{"file":"14-488x326.jpg","width":488,"height":326,"mime-type":"image\/jpeg","filesize":27846,"url":"https:\/\/media.benalmadena-property.com\/2025\/02\/14-488x326.jpg"},"property-detail-video-image":{"file":"14-818x417.jpg","width":818,"height":417,"mime-type":"image\/jpeg","filesize":55344,"url":"https:\/\/media.benalmadena-property.com\/2025\/02\/14-818x417.jpg"},"agent-image":{"file":"14-210x210.jpg","width":210,"height":210,"mime-type":"image\/jpeg","filesize":9321,"url":"https:\/\/media.benalmadena-property.com\/2025\/02\/14-210x210.jpg"},"partners-logo":{"file":"14-600x1247.jpg","width":600,"height":1247,"mime-type":"image\/jpeg","filesize":89962,"url":"https:\/\/media.benalmadena-property.com\/2025\/02\/14-600x1247.jpg"},"gallery-two-column-image":{"file":"14-536x269.jpg","width":536,"height":269,"mime-type":"image\/jpeg","filesize":26688,"url":"https:\/\/media.benalmadena-property.com\/2025\/02\/14-536x269.jpg"},"property-detail-slider-image-two":{"file":"14-1170x648.jpg","width":1170,"height":648,"mime-type":"image\/jpeg","filesize":105211,"url":"https:\/\/media.benalmadena-property.com\/2025\/02\/14-1170x648.jpg"},"property-detail-slider-thumb":{"file":"14-82x60.jpg","width":82,"height":60,"mime-type":"image\/jpeg","filesize":1860,"url":"https:\/\/media.benalmadena-property.com\/2025\/02\/14-82x60.jpg"}},"image_meta":{"aperture":"0","credit":"","camera":"","caption":"","created_timestamp":"0","copyright":"","focal_length":"0","iso":"0","shutter_speed":"0","title":"","orientation":"0","keywords":[]},"ID":"15650","name":"14.jpg","path":"\/var\/www\/vhosts\/benalmadena-property.com\/httpdocs\/wp-content\/uploads\/2025\/02\/14.jpg","url":"https:\/\/media.benalmadena-property.com\/2025\/02\/14-150x150.jpg","full_url":"https:\/\/media.benalmadena-property.com\/2025\/02\/14.jpg","title":"14","caption":"","description":"","alt":"","srcset":"https:\/\/media.benalmadena-property.com\/2025\/02\/14-150x150.jpg 150w, https:\/\/media.benalmadena-property.com\/2025\/02\/14-210x210.jpg 210w"},{"width":150,"height":150,"file":"2025\/02\/23.jpg","filesize":273175,"sizes":{"medium":{"file":"23-300x172.jpg","width":300,"height":172,"mime-type":"image\/jpeg","filesize":9649,"url":"https:\/\/media.benalmadena-property.com\/2025\/02\/23-300x172.jpg"},"large":{"file":"23-1024x587.jpg","width":1024,"height":587,"mime-type":"image\/jpeg","filesize":63513,"url":"https:\/\/media.benalmadena-property.com\/2025\/02\/23-1024x587.jpg"},"thumbnail":{"file":"23-150x150.jpg","width":150,"height":150,"mime-type":"image\/jpeg","filesize":5164,"url":"https:\/\/media.benalmadena-property.com\/2025\/02\/23-150x150.jpg"},"medium_large":{"file":"23-768x440.jpg","width":768,"height":440,"mime-type":"image\/jpeg","filesize":41056,"url":"https:\/\/media.benalmadena-property.com\/2025\/02\/23-768x440.jpg"},"1536x1536":{"file":"23-1536x881.jpg","width":1536,"height":881,"mime-type":"image\/jpeg","filesize":124449,"url":"https:\/\/media.benalmadena-property.com\/2025\/02\/23-1536x881.jpg"},"post-thumbnail":{"file":"23-150x86.jpg","width":150,"height":86,"mime-type":"image\/jpeg","filesize":3551,"url":"https:\/\/media.benalmadena-property.com\/2025\/02\/23-150x86.jpg"},"modern-property-child-slider":{"file":"23-680x510.jpg","width":680,"height":510,"mime-type":"image\/jpeg","filesize":43089,"url":"https:\/\/media.benalmadena-property.com\/2025\/02\/23-680x510.jpg"},"property-thumb-image":{"file":"23-488x326.jpg","width":488,"height":326,"mime-type":"image\/jpeg","filesize":23316,"url":"https:\/\/media.benalmadena-property.com\/2025\/02\/23-488x326.jpg"},"property-detail-video-image":{"file":"23-818x417.jpg","width":818,"height":417,"mime-type":"image\/jpeg","filesize":42246,"url":"https:\/\/media.benalmadena-property.com\/2025\/02\/23-818x417.jpg"},"agent-image":{"file":"23-210x210.jpg","width":210,"height":210,"mime-type":"image\/jpeg","filesize":8788,"url":"https:\/\/media.benalmadena-property.com\/2025\/02\/23-210x210.jpg"},"partners-logo":{"file":"23-600x1174.jpg","width":600,"height":1174,"mime-type":"image\/jpeg","filesize":90981,"url":"https:\/\/media.benalmadena-property.com\/2025\/02\/23-600x1174.jpg"},"gallery-two-column-image":{"file":"23-536x269.jpg","width":536,"height":269,"mime-type":"image\/jpeg","filesize":21463,"url":"https:\/\/media.benalmadena-property.com\/2025\/02\/23-536x269.jpg"},"property-detail-slider-image-two":{"file":"23-1170x648.jpg","width":1170,"height":648,"mime-type":"image\/jpeg","filesize":78650,"url":"https:\/\/media.benalmadena-property.com\/2025\/02\/23-1170x648.jpg"},"property-detail-slider-thumb":{"file":"23-82x60.jpg","width":82,"height":60,"mime-type":"image\/jpeg","filesize":1845,"url":"https:\/\/media.benalmadena-property.com\/2025\/02\/23-82x60.jpg"}},"image_meta":{"aperture":"0","credit":"","camera":"","caption":"","created_timestamp":"0","copyright":"","focal_length":"0","iso":"0","shutter_speed":"0","title":"","orientation":"0","keywords":[]},"ID":"15677","name":"23.jpg","path":"\/var\/www\/vhosts\/benalmadena-property.com\/httpdocs\/wp-content\/uploads\/2025\/02\/23.jpg","url":"https:\/\/media.benalmadena-property.com\/2025\/02\/23-150x150.jpg","full_url":"https:\/\/media.benalmadena-property.com\/2025\/02\/23.jpg","title":"23","caption":"","description":"","alt":"","srcset":"https:\/\/media.benalmadena-property.com\/2025\/02\/23-150x150.jpg 150w, https:\/\/media.benalmadena-property.com\/2025\/02\/23-210x210.jpg 210w"},{"width":150,"height":150,"file":"2025\/02\/5.jpg","filesize":404600,"sizes":{"medium":{"file":"5-300x220.jpg","width":300,"height":220,"mime-type":"image\/jpeg","filesize":13447,"url":"https:\/\/media.benalmadena-property.com\/2025\/02\/5-300x220.jpg"},"large":{"file":"5-1024x751.jpg","width":1024,"height":751,"mime-type":"image\/jpeg","filesize":93280,"url":"https:\/\/media.benalmadena-property.com\/2025\/02\/5-1024x751.jpg"},"thumbnail":{"file":"5-150x150.jpg","width":150,"height":150,"mime-type":"image\/jpeg","filesize":6212,"url":"https:\/\/media.benalmadena-property.com\/2025\/02\/5-150x150.jpg"},"medium_large":{"file":"5-768x563.jpg","width":768,"height":563,"mime-type":"image\/jpeg","filesize":59598,"url":"https:\/\/media.benalmadena-property.com\/2025\/02\/5-768x563.jpg"},"1536x1536":{"file":"5-1536x1127.jpg","width":1536,"height":1127,"mime-type":"image\/jpeg","filesize":182331,"url":"https:\/\/media.benalmadena-property.com\/2025\/02\/5-1536x1127.jpg"},"post-thumbnail":{"file":"5-150x110.jpg","width":150,"height":110,"mime-type":"image\/jpeg","filesize":4962,"url":"https:\/\/media.benalmadena-property.com\/2025\/02\/5-150x110.jpg"},"modern-property-child-slider":{"file":"5-680x510.jpg","width":680,"height":510,"mime-type":"image\/jpeg","filesize":49637,"url":"https:\/\/media.benalmadena-property.com\/2025\/02\/5-680x510.jpg"},"property-thumb-image":{"file":"5-488x326.jpg","width":488,"height":326,"mime-type":"image\/jpeg","filesize":27062,"url":"https:\/\/media.benalmadena-property.com\/2025\/02\/5-488x326.jpg"},"property-detail-video-image":{"file":"5-818x417.jpg","width":818,"height":417,"mime-type":"image\/jpeg","filesize":50415,"url":"https:\/\/media.benalmadena-property.com\/2025\/02\/5-818x417.jpg"},"agent-image":{"file":"5-210x210.jpg","width":210,"height":210,"mime-type":"image\/jpeg","filesize":10273,"url":"https:\/\/media.benalmadena-property.com\/2025\/02\/5-210x210.jpg"},"partners-logo":{"file":"5-600x1502.jpg","width":600,"height":1502,"mime-type":"image\/jpeg","filesize":103682,"url":"https:\/\/media.benalmadena-property.com\/2025\/02\/5-600x1502.jpg"},"gallery-two-column-image":{"file":"5-536x269.jpg","width":536,"height":269,"mime-type":"image\/jpeg","filesize":24869,"url":"https:\/\/media.benalmadena-property.com\/2025\/02\/5-536x269.jpg"},"property-detail-slider-image-two":{"file":"5-1170x648.jpg","width":1170,"height":648,"mime-type":"image\/jpeg","filesize":97825,"url":"https:\/\/media.benalmadena-property.com\/2025\/02\/5-1170x648.jpg"},"property-detail-slider-thumb":{"file":"5-82x60.jpg","width":82,"height":60,"mime-type":"image\/jpeg","filesize":2502,"url":"https:\/\/media.benalmadena-property.com\/2025\/02\/5-82x60.jpg"}},"image_meta":{"aperture":"0","credit":"","camera":"","caption":"","created_timestamp":"0","copyright":"","focal_length":"0","iso":"0","shutter_speed":"0","title":"","orientation":"0","keywords":[]},"ID":"15623","name":"5.jpg","path":"\/var\/www\/vhosts\/benalmadena-property.com\/httpdocs\/wp-content\/uploads\/2025\/02\/5.jpg","url":"https:\/\/media.benalmadena-property.com\/2025\/02\/5-150x150.jpg","full_url":"https:\/\/media.benalmadena-property.com\/2025\/02\/5.jpg","title":"5","caption":"","description":"","alt":"","srcset":"https:\/\/media.benalmadena-property.com\/2025\/02\/5-150x150.jpg 150w, https:\/\/media.benalmadena-property.com\/2025\/02\/5-210x210.jpg 210w"},{"width":150,"height":150,"file":"2025\/02\/8-scaled.jpg","filesize":510714,"sizes":{"medium":{"file":"8-300x225.jpg","width":300,"height":225,"mime-type":"image\/jpeg","filesize":16109,"url":"https:\/\/media.benalmadena-property.com\/2025\/02\/8-300x225.jpg"},"large":{"file":"8-1024x768.jpg","width":1024,"height":768,"mime-type":"image\/jpeg","filesize":110896,"url":"https:\/\/media.benalmadena-property.com\/2025\/02\/8-1024x768.jpg"},"thumbnail":{"file":"8-150x150.jpg","width":150,"height":150,"mime-type":"image\/jpeg","filesize":7213,"url":"https:\/\/media.benalmadena-property.com\/2025\/02\/8-150x150.jpg"},"medium_large":{"file":"8-768x576.jpg","width":768,"height":576,"mime-type":"image\/jpeg","filesize":69555,"url":"https:\/\/media.benalmadena-property.com\/2025\/02\/8-768x576.jpg"},"1536x1536":{"file":"8-1536x1152.jpg","width":1536,"height":1152,"mime-type":"image\/jpeg","filesize":215843,"url":"https:\/\/media.benalmadena-property.com\/2025\/02\/8-1536x1152.jpg"},"2048x2048":{"file":"8-2048x1536.jpg","width":2048,"height":1536,"mime-type":"image\/jpeg","filesize":349412,"url":"https:\/\/media.benalmadena-property.com\/2025\/02\/8-2048x1536.jpg"},"post-thumbnail":{"file":"8-150x113.jpg","width":150,"height":113,"mime-type":"image\/jpeg","filesize":6493,"url":"https:\/\/media.benalmadena-property.com\/2025\/02\/8-150x113.jpg"},"modern-property-child-slider":{"file":"8-680x510.jpg","width":680,"height":510,"mime-type":"image\/jpeg","filesize":57271,"url":"https:\/\/media.benalmadena-property.com\/2025\/02\/8-680x510.jpg"},"property-thumb-image":{"file":"8-488x326.jpg","width":488,"height":326,"mime-type":"image\/jpeg","filesize":30558,"url":"https:\/\/media.benalmadena-property.com\/2025\/02\/8-488x326.jpg"},"property-detail-video-image":{"file":"8-818x417.jpg","width":818,"height":417,"mime-type":"image\/jpeg","filesize":51547,"url":"https:\/\/media.benalmadena-property.com\/2025\/02\/8-818x417.jpg"},"agent-image":{"file":"8-210x210.jpg","width":210,"height":210,"mime-type":"image\/jpeg","filesize":11040,"url":"https:\/\/media.benalmadena-property.com\/2025\/02\/8-210x210.jpg"},"partners-logo":{"file":"8-600x3096.jpg","width":600,"height":3096,"mime-type":"image\/jpeg","filesize":236333,"url":"https:\/\/media.benalmadena-property.com\/2025\/02\/8-600x3096.jpg"},"gallery-two-column-image":{"file":"8-536x269.jpg","width":536,"height":269,"mime-type":"image\/jpeg","filesize":26396,"url":"https:\/\/media.benalmadena-property.com\/2025\/02\/8-536x269.jpg"},"property-detail-slider-image-two":{"file":"8-1170x648.jpg","width":1170,"height":648,"mime-type":"image\/jpeg","filesize":99567,"url":"https:\/\/media.benalmadena-property.com\/2025\/02\/8-1170x648.jpg"},"property-detail-slider-thumb":{"file":"8-82x60.jpg","width":82,"height":60,"mime-type":"image\/jpeg","filesize":3698,"url":"https:\/\/media.benalmadena-property.com\/2025\/02\/8-82x60.jpg"}},"image_meta":{"aperture":"1.9","credit":"","camera":"SM-A105FN","caption":"","created_timestamp":"1706024276","copyright":"","focal_length":"3.6","iso":"80","shutter_speed":"0.016666666666667","title":"","orientation":"0","keywords":[]},"original_image":"8.jpg","ID":"15632","name":"8-scaled.jpg","path":"\/var\/www\/vhosts\/benalmadena-property.com\/httpdocs\/wp-content\/uploads\/2025\/02\/8-scaled.jpg","url":"https:\/\/media.benalmadena-property.com\/2025\/02\/8-150x150.jpg","full_url":"https:\/\/media.benalmadena-property.com\/2025\/02\/8-scaled.jpg","title":"8","caption":"","description":"","alt":"","srcset":"https:\/\/media.benalmadena-property.com\/2025\/02\/8-150x150.jpg 150w, https:\/\/media.benalmadena-property.com\/2025\/02\/8-210x210.jpg 210w"},{"width":150,"height":150,"file":"2025\/02\/12-scaled.jpg","filesize":394505,"sizes":{"medium":{"file":"12-300x225.jpg","width":300,"height":225,"mime-type":"image\/jpeg","filesize":13385,"url":"https:\/\/media.benalmadena-property.com\/2025\/02\/12-300x225.jpg"},"large":{"file":"12-1024x768.jpg","width":1024,"height":768,"mime-type":"image\/jpeg","filesize":87424,"url":"https:\/\/media.benalmadena-property.com\/2025\/02\/12-1024x768.jpg"},"thumbnail":{"file":"12-150x150.jpg","width":150,"height":150,"mime-type":"image\/jpeg","filesize":6474,"url":"https:\/\/media.benalmadena-property.com\/2025\/02\/12-150x150.jpg"},"medium_large":{"file":"12-768x576.jpg","width":768,"height":576,"mime-type":"image\/jpeg","filesize":54859,"url":"https:\/\/media.benalmadena-property.com\/2025\/02\/12-768x576.jpg"},"1536x1536":{"file":"12-1536x1152.jpg","width":1536,"height":1152,"mime-type":"image\/jpeg","filesize":169286,"url":"https:\/\/media.benalmadena-property.com\/2025\/02\/12-1536x1152.jpg"},"2048x2048":{"file":"12-2048x1536.jpg","width":2048,"height":1536,"mime-type":"image\/jpeg","filesize":272560,"url":"https:\/\/media.benalmadena-property.com\/2025\/02\/12-2048x1536.jpg"},"post-thumbnail":{"file":"12-150x113.jpg","width":150,"height":113,"mime-type":"image\/jpeg","filesize":5642,"url":"https:\/\/media.benalmadena-property.com\/2025\/02\/12-150x113.jpg"},"modern-property-child-slider":{"file":"12-680x510.jpg","width":680,"height":510,"mime-type":"image\/jpeg","filesize":45445,"url":"https:\/\/media.benalmadena-property.com\/2025\/02\/12-680x510.jpg"},"property-thumb-image":{"file":"12-488x326.jpg","width":488,"height":326,"mime-type":"image\/jpeg","filesize":24323,"url":"https:\/\/media.benalmadena-property.com\/2025\/02\/12-488x326.jpg"},"property-detail-video-image":{"file":"12-818x417.jpg","width":818,"height":417,"mime-type":"image\/jpeg","filesize":41739,"url":"https:\/\/media.benalmadena-property.com\/2025\/02\/12-818x417.jpg"},"agent-image":{"file":"12-210x210.jpg","width":210,"height":210,"mime-type":"image\/jpeg","filesize":9883,"url":"https:\/\/media.benalmadena-property.com\/2025\/02\/12-210x210.jpg"},"partners-logo":{"file":"12-600x3096.jpg","width":600,"height":3096,"mime-type":"image\/jpeg","filesize":152986,"url":"https:\/\/media.benalmadena-property.com\/2025\/02\/12-600x3096.jpg"},"gallery-two-column-image":{"file":"12-536x269.jpg","width":536,"height":269,"mime-type":"image\/jpeg","filesize":21810,"url":"https:\/\/media.benalmadena-property.com\/2025\/02\/12-536x269.jpg"},"property-detail-slider-image-two":{"file":"12-1170x648.jpg","width":1170,"height":648,"mime-type":"image\/jpeg","filesize":77610,"url":"https:\/\/media.benalmadena-property.com\/2025\/02\/12-1170x648.jpg"},"property-detail-slider-thumb":{"file":"12-82x60.jpg","width":82,"height":60,"mime-type":"image\/jpeg","filesize":3249,"url":"https:\/\/media.benalmadena-property.com\/2025\/02\/12-82x60.jpg"}},"image_meta":{"aperture":"0","credit":"","camera":"SM-A105FN","caption":"","created_timestamp":"1706024210","copyright":"","focal_length":"0","iso":"100","shutter_speed":"0","title":"","orientation":"0","keywords":[]},"original_image":"12.jpg","ID":"15644","name":"12-scaled.jpg","path":"\/var\/www\/vhosts\/benalmadena-property.com\/httpdocs\/wp-content\/uploads\/2025\/02\/12-scaled.jpg","url":"https:\/\/media.benalmadena-property.com\/2025\/02\/12-150x150.jpg","full_url":"https:\/\/media.benalmadena-property.com\/2025\/02\/12-scaled.jpg","title":"12","caption":"","description":"","alt":"","srcset":"https:\/\/media.benalmadena-property.com\/2025\/02\/12-150x150.jpg 150w, https:\/\/media.benalmadena-property.com\/2025\/02\/12-210x210.jpg 210w"},{"width":150,"height":150,"file":"2025\/02\/9.jpg","filesize":175420,"sizes":{"medium":{"file":"9-300x225.jpg","width":300,"height":225,"mime-type":"image\/jpeg","filesize":8455,"url":"https:\/\/media.benalmadena-property.com\/2025\/02\/9-300x225.jpg"},"large":{"file":"9-1024x768.jpg","width":1024,"height":768,"mime-type":"image\/jpeg","filesize":56428,"url":"https:\/\/media.benalmadena-property.com\/2025\/02\/9-1024x768.jpg"},"thumbnail":{"file":"9-150x150.jpg","width":150,"height":150,"mime-type":"image\/jpeg","filesize":3835,"url":"https:\/\/media.benalmadena-property.com\/2025\/02\/9-150x150.jpg"},"medium_large":{"file":"9-768x576.jpg","width":768,"height":576,"mime-type":"image\/jpeg","filesize":36735,"url":"https:\/\/media.benalmadena-property.com\/2025\/02\/9-768x576.jpg"},"1536x1536":{"file":"9-1536x1152.jpg","width":1536,"height":1152,"mime-type":"image\/jpeg","filesize":101362,"url":"https:\/\/media.benalmadena-property.com\/2025\/02\/9-1536x1152.jpg"},"post-thumbnail":{"file":"9-150x113.jpg","width":150,"height":113,"mime-type":"image\/jpeg","filesize":2830,"url":"https:\/\/media.benalmadena-property.com\/2025\/02\/9-150x113.jpg"},"modern-property-child-slider":{"file":"9-680x510.jpg","width":680,"height":510,"mime-type":"image\/jpeg","filesize":30916,"url":"https:\/\/media.benalmadena-property.com\/2025\/02\/9-680x510.jpg"},"property-thumb-image":{"file":"9-488x326.jpg","width":488,"height":326,"mime-type":"image\/jpeg","filesize":16519,"url":"https:\/\/media.benalmadena-property.com\/2025\/02\/9-488x326.jpg"},"property-detail-video-image":{"file":"9-818x417.jpg","width":818,"height":417,"mime-type":"image\/jpeg","filesize":27939,"url":"https:\/\/media.benalmadena-property.com\/2025\/02\/9-818x417.jpg"},"agent-image":{"file":"9-210x210.jpg","width":210,"height":210,"mime-type":"image\/jpeg","filesize":6573,"url":"https:\/\/media.benalmadena-property.com\/2025\/02\/9-210x210.jpg"},"partners-logo":{"file":"9-600x1440.jpg","width":600,"height":1440,"mime-type":"image\/jpeg","filesize":61054,"url":"https:\/\/media.benalmadena-property.com\/2025\/02\/9-600x1440.jpg"},"gallery-two-column-image":{"file":"9-536x269.jpg","width":536,"height":269,"mime-type":"image\/jpeg","filesize":14324,"url":"https:\/\/media.benalmadena-property.com\/2025\/02\/9-536x269.jpg"},"property-detail-slider-image-two":{"file":"9-1170x648.jpg","width":1170,"height":648,"mime-type":"image\/jpeg","filesize":50253,"url":"https:\/\/media.benalmadena-property.com\/2025\/02\/9-1170x648.jpg"},"property-detail-slider-thumb":{"file":"9-82x60.jpg","width":82,"height":60,"mime-type":"image\/jpeg","filesize":1219,"url":"https:\/\/media.benalmadena-property.com\/2025\/02\/9-82x60.jpg"}},"image_meta":{"aperture":"0","credit":"","camera":"","caption":"","created_timestamp":"0","copyright":"","focal_length":"0","iso":"0","shutter_speed":"0","title":"","orientation":"0","keywords":[]},"ID":"15635","name":"9.jpg","path":"\/var\/www\/vhosts\/benalmadena-property.com\/httpdocs\/wp-content\/uploads\/2025\/02\/9.jpg","url":"https:\/\/media.benalmadena-property.com\/2025\/02\/9-150x150.jpg","full_url":"https:\/\/media.benalmadena-property.com\/2025\/02\/9.jpg","title":"9","caption":"","description":"","alt":"","srcset":"https:\/\/media.benalmadena-property.com\/2025\/02\/9-150x150.jpg 150w, https:\/\/media.benalmadena-property.com\/2025\/02\/9-210x210.jpg 210w"},{"width":150,"height":150,"file":"2025\/02\/13.jpg","filesize":198921,"sizes":{"medium":{"file":"13-300x225.jpg","width":300,"height":225,"mime-type":"image\/jpeg","filesize":10483,"url":"https:\/\/media.benalmadena-property.com\/2025\/02\/13-300x225.jpg"},"large":{"file":"13-1024x768.jpg","width":1024,"height":768,"mime-type":"image\/jpeg","filesize":66372,"url":"https:\/\/media.benalmadena-property.com\/2025\/02\/13-1024x768.jpg"},"thumbnail":{"file":"13-150x150.jpg","width":150,"height":150,"mime-type":"image\/jpeg","filesize":4319,"url":"https:\/\/media.benalmadena-property.com\/2025\/02\/13-150x150.jpg"},"medium_large":{"file":"13-768x576.jpg","width":768,"height":576,"mime-type":"image\/jpeg","filesize":43723,"url":"https:\/\/media.benalmadena-property.com\/2025\/02\/13-768x576.jpg"},"1536x1536":{"file":"13-1536x1152.jpg","width":1536,"height":1152,"mime-type":"image\/jpeg","filesize":117577,"url":"https:\/\/media.benalmadena-property.com\/2025\/02\/13-1536x1152.jpg"},"post-thumbnail":{"file":"13-150x113.jpg","width":150,"height":113,"mime-type":"image\/jpeg","filesize":3736,"url":"https:\/\/media.benalmadena-property.com\/2025\/02\/13-150x113.jpg"},"modern-property-child-slider":{"file":"13-680x510.jpg","width":680,"height":510,"mime-type":"image\/jpeg","filesize":36789,"url":"https:\/\/media.benalmadena-property.com\/2025\/02\/13-680x510.jpg"},"property-thumb-image":{"file":"13-488x326.jpg","width":488,"height":326,"mime-type":"image\/jpeg","filesize":20758,"url":"https:\/\/media.benalmadena-property.com\/2025\/02\/13-488x326.jpg"},"property-detail-video-image":{"file":"13-818x417.jpg","width":818,"height":417,"mime-type":"image\/jpeg","filesize":36481,"url":"https:\/\/media.benalmadena-property.com\/2025\/02\/13-818x417.jpg"},"agent-image":{"file":"13-210x210.jpg","width":210,"height":210,"mime-type":"image\/jpeg","filesize":7320,"url":"https:\/\/media.benalmadena-property.com\/2025\/02\/13-210x210.jpg"},"partners-logo":{"file":"13-600x1440.jpg","width":600,"height":1440,"mime-type":"image\/jpeg","filesize":52026,"url":"https:\/\/media.benalmadena-property.com\/2025\/02\/13-600x1440.jpg"},"gallery-two-column-image":{"file":"13-536x269.jpg","width":536,"height":269,"mime-type":"image\/jpeg","filesize":19020,"url":"https:\/\/media.benalmadena-property.com\/2025\/02\/13-536x269.jpg"},"property-detail-slider-image-two":{"file":"13-1170x648.jpg","width":1170,"height":648,"mime-type":"image\/jpeg","filesize":64812,"url":"https:\/\/media.benalmadena-property.com\/2025\/02\/13-1170x648.jpg"},"property-detail-slider-thumb":{"file":"13-82x60.jpg","width":82,"height":60,"mime-type":"image\/jpeg","filesize":1652,"url":"https:\/\/media.benalmadena-property.com\/2025\/02\/13-82x60.jpg"}},"image_meta":{"aperture":"0","credit":"","camera":"","caption":"","created_timestamp":"0","copyright":"","focal_length":"0","iso":"0","shutter_speed":"0","title":"","orientation":"0","keywords":[]},"ID":"15647","name":"13.jpg","path":"\/var\/www\/vhosts\/benalmadena-property.com\/httpdocs\/wp-content\/uploads\/2025\/02\/13.jpg","url":"https:\/\/media.benalmadena-property.com\/2025\/02\/13-150x150.jpg","full_url":"https:\/\/media.benalmadena-property.com\/2025\/02\/13.jpg","title":"13","caption":"","description":"","alt":"","srcset":"https:\/\/media.benalmadena-property.com\/2025\/02\/13-150x150.jpg 150w, https:\/\/media.benalmadena-property.com\/2025\/02\/13-210x210.jpg 210w"},{"width":150,"height":150,"file":"2025\/02\/11-scaled.jpg","filesize":354691,"sizes":{"medium":{"file":"11-300x225.jpg","width":300,"height":225,"mime-type":"image\/jpeg","filesize":11767,"url":"https:\/\/media.benalmadena-property.com\/2025\/02\/11-300x225.jpg"},"large":{"file":"11-1024x768.jpg","width":1024,"height":768,"mime-type":"image\/jpeg","filesize":70603,"url":"https:\/\/media.benalmadena-property.com\/2025\/02\/11-1024x768.jpg"},"thumbnail":{"file":"11-150x150.jpg","width":150,"height":150,"mime-type":"image\/jpeg","filesize":5848,"url":"https:\/\/media.benalmadena-property.com\/2025\/02\/11-150x150.jpg"},"medium_large":{"file":"11-768x576.jpg","width":768,"height":576,"mime-type":"image\/jpeg","filesize":44498,"url":"https:\/\/media.benalmadena-property.com\/2025\/02\/11-768x576.jpg"},"1536x1536":{"file":"11-1536x1152.jpg","width":1536,"height":1152,"mime-type":"image\/jpeg","filesize":139382,"url":"https:\/\/media.benalmadena-property.com\/2025\/02\/11-1536x1152.jpg"},"2048x2048":{"file":"11-2048x1536.jpg","width":2048,"height":1536,"mime-type":"image\/jpeg","filesize":230976,"url":"https:\/\/media.benalmadena-property.com\/2025\/02\/11-2048x1536.jpg"},"post-thumbnail":{"file":"11-150x113.jpg","width":150,"height":113,"mime-type":"image\/jpeg","filesize":5391,"url":"https:\/\/media.benalmadena-property.com\/2025\/02\/11-150x113.jpg"},"modern-property-child-slider":{"file":"11-680x510.jpg","width":680,"height":510,"mime-type":"image\/jpeg","filesize":36960,"url":"https:\/\/media.benalmadena-property.com\/2025\/02\/11-680x510.jpg"},"property-thumb-image":{"file":"11-488x326.jpg","width":488,"height":326,"mime-type":"image\/jpeg","filesize":20737,"url":"https:\/\/media.benalmadena-property.com\/2025\/02\/11-488x326.jpg"},"property-detail-video-image":{"file":"11-818x417.jpg","width":818,"height":417,"mime-type":"image\/jpeg","filesize":37091,"url":"https:\/\/media.benalmadena-property.com\/2025\/02\/11-818x417.jpg"},"agent-image":{"file":"11-210x210.jpg","width":210,"height":210,"mime-type":"image\/jpeg","filesize":8538,"url":"https:\/\/media.benalmadena-property.com\/2025\/02\/11-210x210.jpg"},"partners-logo":{"file":"11-600x3096.jpg","width":600,"height":3096,"mime-type":"image\/jpeg","filesize":123290,"url":"https:\/\/media.benalmadena-property.com\/2025\/02\/11-600x3096.jpg"},"gallery-two-column-image":{"file":"11-536x269.jpg","width":536,"height":269,"mime-type":"image\/jpeg","filesize":19249,"url":"https:\/\/media.benalmadena-property.com\/2025\/02\/11-536x269.jpg"},"property-detail-slider-image-two":{"file":"11-1170x648.jpg","width":1170,"height":648,"mime-type":"image\/jpeg","filesize":70196,"url":"https:\/\/media.benalmadena-property.com\/2025\/02\/11-1170x648.jpg"},"property-detail-slider-thumb":{"file":"11-82x60.jpg","width":82,"height":60,"mime-type":"image\/jpeg","filesize":3368,"url":"https:\/\/media.benalmadena-property.com\/2025\/02\/11-82x60.jpg"}},"image_meta":{"aperture":"1.9","credit":"","camera":"SM-A105FN","caption":"","created_timestamp":"1705771875","copyright":"","focal_length":"3.6","iso":"200","shutter_speed":"0.02","title":"","orientation":"0","keywords":[]},"original_image":"11.jpg","ID":"15641","name":"11-scaled.jpg","path":"\/var\/www\/vhosts\/benalmadena-property.com\/httpdocs\/wp-content\/uploads\/2025\/02\/11-scaled.jpg","url":"https:\/\/media.benalmadena-property.com\/2025\/02\/11-150x150.jpg","full_url":"https:\/\/media.benalmadena-property.com\/2025\/02\/11-scaled.jpg","title":"11","caption":"","description":"","alt":"","srcset":"https:\/\/media.benalmadena-property.com\/2025\/02\/11-150x150.jpg 150w, https:\/\/media.benalmadena-property.com\/2025\/02\/11-210x210.jpg 210w"},{"width":150,"height":150,"file":"2025\/02\/3.jpg","filesize":383710,"sizes":{"medium":{"file":"3-300x225.jpg","width":300,"height":225,"mime-type":"image\/jpeg","filesize":20078,"url":"https:\/\/media.benalmadena-property.com\/2025\/02\/3-300x225.jpg"},"large":{"file":"3-1024x768.jpg","width":1024,"height":768,"mime-type":"image\/jpeg","filesize":129208,"url":"https:\/\/media.benalmadena-property.com\/2025\/02\/3-1024x768.jpg"},"thumbnail":{"file":"3-150x150.jpg","width":150,"height":150,"mime-type":"image\/jpeg","filesize":7655,"url":"https:\/\/media.benalmadena-property.com\/2025\/02\/3-150x150.jpg"},"medium_large":{"file":"3-768x576.jpg","width":768,"height":576,"mime-type":"image\/jpeg","filesize":84771,"url":"https:\/\/media.benalmadena-property.com\/2025\/02\/3-768x576.jpg"},"1536x1536":{"file":"3-1536x1152.jpg","width":1536,"height":1152,"mime-type":"image\/jpeg","filesize":229535,"url":"https:\/\/media.benalmadena-property.com\/2025\/02\/3-1536x1152.jpg"},"post-thumbnail":{"file":"3-150x113.jpg","width":150,"height":113,"mime-type":"image\/jpeg","filesize":6406,"url":"https:\/\/media.benalmadena-property.com\/2025\/02\/3-150x113.jpg"},"modern-property-child-slider":{"file":"3-680x510.jpg","width":680,"height":510,"mime-type":"image\/jpeg","filesize":71619,"url":"https:\/\/media.benalmadena-property.com\/2025\/02\/3-680x510.jpg"},"property-thumb-image":{"file":"3-488x326.jpg","width":488,"height":326,"mime-type":"image\/jpeg","filesize":39804,"url":"https:\/\/media.benalmadena-property.com\/2025\/02\/3-488x326.jpg"},"property-detail-video-image":{"file":"3-818x417.jpg","width":818,"height":417,"mime-type":"image\/jpeg","filesize":71962,"url":"https:\/\/media.benalmadena-property.com\/2025\/02\/3-818x417.jpg"},"agent-image":{"file":"3-210x210.jpg","width":210,"height":210,"mime-type":"image\/jpeg","filesize":13510,"url":"https:\/\/media.benalmadena-property.com\/2025\/02\/3-210x210.jpg"},"partners-logo":{"file":"3-600x1440.jpg","width":600,"height":1440,"mime-type":"image\/jpeg","filesize":93178,"url":"https:\/\/media.benalmadena-property.com\/2025\/02\/3-600x1440.jpg"},"gallery-two-column-image":{"file":"3-536x269.jpg","width":536,"height":269,"mime-type":"image\/jpeg","filesize":37691,"url":"https:\/\/media.benalmadena-property.com\/2025\/02\/3-536x269.jpg"},"property-detail-slider-image-two":{"file":"3-1170x648.jpg","width":1170,"height":648,"mime-type":"image\/jpeg","filesize":126752,"url":"https:\/\/media.benalmadena-property.com\/2025\/02\/3-1170x648.jpg"},"property-detail-slider-thumb":{"file":"3-82x60.jpg","width":82,"height":60,"mime-type":"image\/jpeg","filesize":2502,"url":"https:\/\/media.benalmadena-property.com\/2025\/02\/3-82x60.jpg"}},"image_meta":{"aperture":"0","credit":"","camera":"","caption":"","created_timestamp":"0","copyright":"","focal_length":"0","iso":"0","shutter_speed":"0","title":"","orientation":"0","keywords":[]},"ID":"15617","name":"3.jpg","path":"\/var\/www\/vhosts\/benalmadena-property.com\/httpdocs\/wp-content\/uploads\/2025\/02\/3.jpg","url":"https:\/\/media.benalmadena-property.com\/2025\/02\/3-150x150.jpg","full_url":"https:\/\/media.benalmadena-property.com\/2025\/02\/3.jpg","title":"3","caption":"","description":"","alt":"","srcset":"https:\/\/media.benalmadena-property.com\/2025\/02\/3-150x150.jpg 150w, https:\/\/media.benalmadena-property.com\/2025\/02\/3-210x210.jpg 210w"},{"width":150,"height":150,"file":"2025\/02\/16.jpg","filesize":208693,"sizes":{"medium":{"file":"16-223x300.jpg","width":223,"height":300,"mime-type":"image\/jpeg","filesize":17788,"url":"https:\/\/media.benalmadena-property.com\/2025\/02\/16-223x300.jpg"},"thumbnail":{"file":"16-150x150.jpg","width":150,"height":150,"mime-type":"image\/jpeg","filesize":7730,"url":"https:\/\/media.benalmadena-property.com\/2025\/02\/16-150x150.jpg"},"post-thumbnail":{"file":"16-111x150.jpg","width":111,"height":150,"mime-type":"image\/jpeg","filesize":6213,"url":"https:\/\/media.benalmadena-property.com\/2025\/02\/16-111x150.jpg"},"modern-property-child-slider":{"file":"16-680x510.jpg","width":680,"height":510,"mime-type":"image\/jpeg","filesize":51858,"url":"https:\/\/media.benalmadena-property.com\/2025\/02\/16-680x510.jpg"},"property-thumb-image":{"file":"16-488x326.jpg","width":488,"height":326,"mime-type":"image\/jpeg","filesize":25585,"url":"https:\/\/media.benalmadena-property.com\/2025\/02\/16-488x326.jpg"},"property-detail-video-image":{"file":"16-720x417.jpg","width":720,"height":417,"mime-type":"image\/jpeg","filesize":35932,"url":"https:\/\/media.benalmadena-property.com\/2025\/02\/16-720x417.jpg"},"agent-image":{"file":"16-210x210.jpg","width":210,"height":210,"mime-type":"image\/jpeg","filesize":12785,"url":"https:\/\/media.benalmadena-property.com\/2025\/02\/16-210x210.jpg"},"partners-logo":{"file":"16-600x969.jpg","width":600,"height":969,"mime-type":"image\/jpeg","filesize":101038,"url":"https:\/\/media.benalmadena-property.com\/2025\/02\/16-600x969.jpg"},"gallery-two-column-image":{"file":"16-536x269.jpg","width":536,"height":269,"mime-type":"image\/jpeg","filesize":16461,"url":"https:\/\/media.benalmadena-property.com\/2025\/02\/16-536x269.jpg"},"property-detail-slider-image-two":{"file":"16-720x648.jpg","width":720,"height":648,"mime-type":"image\/jpeg","filesize":79513,"url":"https:\/\/media.benalmadena-property.com\/2025\/02\/16-720x648.jpg"},"property-detail-slider-thumb":{"file":"16-82x60.jpg","width":82,"height":60,"mime-type":"image\/jpeg","filesize":2923,"url":"https:\/\/media.benalmadena-property.com\/2025\/02\/16-82x60.jpg"}},"image_meta":{"aperture":"0","credit":"","camera":"","caption":"","created_timestamp":"0","copyright":"","focal_length":"0","iso":"0","shutter_speed":"0","title":"","orientation":"1","keywords":[]},"ID":"15656","name":"16.jpg","path":"\/var\/www\/vhosts\/benalmadena-property.com\/httpdocs\/wp-content\/uploads\/2025\/02\/16.jpg","url":"https:\/\/media.benalmadena-property.com\/2025\/02\/16-150x150.jpg","full_url":"https:\/\/media.benalmadena-property.com\/2025\/02\/16.jpg","title":"16","caption":"","description":"","alt":"","srcset":"https:\/\/media.benalmadena-property.com\/2025\/02\/16-150x150.jpg 150w, https:\/\/media.benalmadena-property.com\/2025\/02\/16-210x210.jpg 210w"},{"width":150,"height":150,"file":"2025\/02\/17.jpg","filesize":154738,"sizes":{"medium":{"file":"17-300x178.jpg","width":300,"height":178,"mime-type":"image\/jpeg","filesize":15843,"url":"https:\/\/media.benalmadena-property.com\/2025\/02\/17-300x178.jpg"},"thumbnail":{"file":"17-150x150.jpg","width":150,"height":150,"mime-type":"image\/jpeg","filesize":7172,"url":"https:\/\/media.benalmadena-property.com\/2025\/02\/17-150x150.jpg"},"medium_large":{"file":"17-768x456.jpg","width":768,"height":456,"mime-type":"image\/jpeg","filesize":73087,"url":"https:\/\/media.benalmadena-property.com\/2025\/02\/17-768x456.jpg"},"post-thumbnail":{"file":"17-150x89.jpg","width":150,"height":89,"mime-type":"image\/jpeg","filesize":4784,"url":"https:\/\/media.benalmadena-property.com\/2025\/02\/17-150x89.jpg"},"modern-property-child-slider":{"file":"17-680x510.jpg","width":680,"height":510,"mime-type":"image\/jpeg","filesize":68742,"url":"https:\/\/media.benalmadena-property.com\/2025\/02\/17-680x510.jpg"},"property-thumb-image":{"file":"17-488x326.jpg","width":488,"height":326,"mime-type":"image\/jpeg","filesize":38355,"url":"https:\/\/media.benalmadena-property.com\/2025\/02\/17-488x326.jpg"},"property-detail-video-image":{"file":"17-818x417.jpg","width":818,"height":417,"mime-type":"image\/jpeg","filesize":74395,"url":"https:\/\/media.benalmadena-property.com\/2025\/02\/17-818x417.jpg"},"agent-image":{"file":"17-210x210.jpg","width":210,"height":210,"mime-type":"image\/jpeg","filesize":12870,"url":"https:\/\/media.benalmadena-property.com\/2025\/02\/17-210x210.jpg"},"partners-logo":{"file":"17-600x587.jpg","width":600,"height":587,"mime-type":"image\/jpeg","filesize":69440,"url":"https:\/\/media.benalmadena-property.com\/2025\/02\/17-600x587.jpg"},"gallery-two-column-image":{"file":"17-536x269.jpg","width":536,"height":269,"mime-type":"image\/jpeg","filesize":37811,"url":"https:\/\/media.benalmadena-property.com\/2025\/02\/17-536x269.jpg"},"property-detail-slider-thumb":{"file":"17-82x60.jpg","width":82,"height":60,"mime-type":"image\/jpeg","filesize":2120,"url":"https:\/\/media.benalmadena-property.com\/2025\/02\/17-82x60.jpg"}},"image_meta":{"aperture":"0","credit":"","camera":"","caption":"","created_timestamp":"0","copyright":"","focal_length":"0","iso":"0","shutter_speed":"0","title":"","orientation":"0","keywords":[]},"ID":"15659","name":"17.jpg","path":"\/var\/www\/vhosts\/benalmadena-property.com\/httpdocs\/wp-content\/uploads\/2025\/02\/17.jpg","url":"https:\/\/media.benalmadena-property.com\/2025\/02\/17-150x150.jpg","full_url":"https:\/\/media.benalmadena-property.com\/2025\/02\/17.jpg","title":"17","caption":"","description":"","alt":"","srcset":"https:\/\/media.benalmadena-property.com\/2025\/02\/17-150x150.jpg 150w, https:\/\/media.benalmadena-property.com\/2025\/02\/17-210x210.jpg 210w"},{"width":150,"height":150,"file":"2025\/02\/18.jpg","filesize":92292,"sizes":{"medium":{"file":"18-300x198.jpg","width":300,"height":198,"mime-type":"image\/jpeg","filesize":15838,"url":"https:\/\/media.benalmadena-property.com\/2025\/02\/18-300x198.jpg"},"thumbnail":{"file":"18-150x150.jpg","width":150,"height":150,"mime-type":"image\/jpeg","filesize":7358,"url":"https:\/\/media.benalmadena-property.com\/2025\/02\/18-150x150.jpg"},"post-thumbnail":{"file":"18-150x99.jpg","width":150,"height":99,"mime-type":"image\/jpeg","filesize":6030,"url":"https:\/\/media.benalmadena-property.com\/2025\/02\/18-150x99.jpg"},"modern-property-child-slider":{"file":"18-680x476.jpg","width":680,"height":476,"mime-type":"image\/jpeg","filesize":62861,"url":"https:\/\/media.benalmadena-property.com\/2025\/02\/18-680x476.jpg"},"property-thumb-image":{"file":"18-488x326.jpg","width":488,"height":326,"mime-type":"image\/jpeg","filesize":33563,"url":"https:\/\/media.benalmadena-property.com\/2025\/02\/18-488x326.jpg"},"property-detail-video-image":{"file":"18-720x417.jpg","width":720,"height":417,"mime-type":"image\/jpeg","filesize":61577,"url":"https:\/\/media.benalmadena-property.com\/2025\/02\/18-720x417.jpg"},"agent-image":{"file":"18-210x210.jpg","width":210,"height":210,"mime-type":"image\/jpeg","filesize":11932,"url":"https:\/\/media.benalmadena-property.com\/2025\/02\/18-210x210.jpg"},"partners-logo":{"file":"18-600x476.jpg","width":600,"height":476,"mime-type":"image\/jpeg","filesize":54373,"url":"https:\/\/media.benalmadena-property.com\/2025\/02\/18-600x476.jpg"},"gallery-two-column-image":{"file":"18-536x269.jpg","width":536,"height":269,"mime-type":"image\/jpeg","filesize":32475,"url":"https:\/\/media.benalmadena-property.com\/2025\/02\/18-536x269.jpg"},"property-detail-slider-thumb":{"file":"18-82x60.jpg","width":82,"height":60,"mime-type":"image\/jpeg","filesize":3359,"url":"https:\/\/media.benalmadena-property.com\/2025\/02\/18-82x60.jpg"}},"image_meta":{"aperture":"0","credit":"","camera":"","caption":"","created_timestamp":"1700797694","copyright":"","focal_length":"0","iso":"0","shutter_speed":"0","title":"","orientation":"0","keywords":[]},"ID":"15662","name":"18.jpg","path":"\/var\/www\/vhosts\/benalmadena-property.com\/httpdocs\/wp-content\/uploads\/2025\/02\/18.jpg","url":"https:\/\/media.benalmadena-property.com\/2025\/02\/18-150x150.jpg","full_url":"https:\/\/media.benalmadena-property.com\/2025\/02\/18.jpg","title":"18","caption":"","description":"","alt":"","srcset":"https:\/\/media.benalmadena-property.com\/2025\/02\/18-150x150.jpg 150w, https:\/\/media.benalmadena-property.com\/2025\/02\/18-210x210.jpg 210w"},{"width":150,"height":150,"file":"2025\/02\/25.jpg","filesize":398301,"sizes":{"medium":{"file":"25-300x225.jpg","width":300,"height":225,"mime-type":"image\/jpeg","filesize":21710,"url":"https:\/\/media.benalmadena-property.com\/2025\/02\/25-300x225.jpg"},"large":{"file":"25-1024x768.jpg","width":1024,"height":768,"mime-type":"image\/jpeg","filesize":191808,"url":"https:\/\/media.benalmadena-property.com\/2025\/02\/25-1024x768.jpg"},"thumbnail":{"file":"25-150x150.jpg","width":150,"height":150,"mime-type":"image\/jpeg","filesize":8104,"url":"https:\/\/media.benalmadena-property.com\/2025\/02\/25-150x150.jpg"},"medium_large":{"file":"25-768x576.jpg","width":768,"height":576,"mime-type":"image\/jpeg","filesize":114688,"url":"https:\/\/media.benalmadena-property.com\/2025\/02\/25-768x576.jpg"},"1536x1536":{"file":"25-1536x1152.jpg","width":1536,"height":1152,"mime-type":"image\/jpeg","filesize":384436,"url":"https:\/\/media.benalmadena-property.com\/2025\/02\/25-1536x1152.jpg"},"post-thumbnail":{"file":"25-150x113.jpg","width":150,"height":113,"mime-type":"image\/jpeg","filesize":6510,"url":"https:\/\/media.benalmadena-property.com\/2025\/02\/25-150x113.jpg"},"modern-property-child-slider":{"file":"25-680x510.jpg","width":680,"height":510,"mime-type":"image\/jpeg","filesize":92584,"url":"https:\/\/media.benalmadena-property.com\/2025\/02\/25-680x510.jpg"},"property-thumb-image":{"file":"25-488x326.jpg","width":488,"height":326,"mime-type":"image\/jpeg","filesize":46152,"url":"https:\/\/media.benalmadena-property.com\/2025\/02\/25-488x326.jpg"},"property-detail-video-image":{"file":"25-818x417.jpg","width":818,"height":417,"mime-type":"image\/jpeg","filesize":91897,"url":"https:\/\/media.benalmadena-property.com\/2025\/02\/25-818x417.jpg"},"agent-image":{"file":"25-210x210.jpg","width":210,"height":210,"mime-type":"image\/jpeg","filesize":14877,"url":"https:\/\/media.benalmadena-property.com\/2025\/02\/25-210x210.jpg"},"partners-logo":{"file":"25-600x1500.jpg","width":600,"height":1500,"mime-type":"image\/jpeg","filesize":221333,"url":"https:\/\/media.benalmadena-property.com\/2025\/02\/25-600x1500.jpg"},"gallery-two-column-image":{"file":"25-536x269.jpg","width":536,"height":269,"mime-type":"image\/jpeg","filesize":41809,"url":"https:\/\/media.benalmadena-property.com\/2025\/02\/25-536x269.jpg"},"property-detail-slider-image-two":{"file":"25-1170x648.jpg","width":1170,"height":648,"mime-type":"image\/jpeg","filesize":186763,"url":"https:\/\/media.benalmadena-property.com\/2025\/02\/25-1170x648.jpg"},"property-detail-slider-thumb":{"file":"25-82x60.jpg","width":82,"height":60,"mime-type":"image\/jpeg","filesize":2372,"url":"https:\/\/media.benalmadena-property.com\/2025\/02\/25-82x60.jpg"}},"image_meta":{"aperture":"0","credit":"","camera":"","caption":"","created_timestamp":"0","copyright":"","focal_length":"0","iso":"0","shutter_speed":"0","title":"","orientation":"0","keywords":[]},"ID":"15683","name":"25.jpg","path":"\/var\/www\/vhosts\/benalmadena-property.com\/httpdocs\/wp-content\/uploads\/2025\/02\/25.jpg","url":"https:\/\/media.benalmadena-property.com\/2025\/02\/25-150x150.jpg","full_url":"https:\/\/media.benalmadena-property.com\/2025\/02\/25.jpg","title":"25","caption":"","description":"","alt":"","srcset":"https:\/\/media.benalmadena-property.com\/2025\/02\/25-150x150.jpg 150w, https:\/\/media.benalmadena-property.com\/2025\/02\/25-210x210.jpg 210w"},{"width":150,"height":150,"file":"2025\/02\/15.jpg","filesize":409923,"sizes":{"medium":{"file":"15-300x225.jpg","width":300,"height":225,"mime-type":"image\/jpeg","filesize":20064,"url":"https:\/\/media.benalmadena-property.com\/2025\/02\/15-300x225.jpg"},"large":{"file":"15-1024x768.jpg","width":1024,"height":768,"mime-type":"image\/jpeg","filesize":136860,"url":"https:\/\/media.benalmadena-property.com\/2025\/02\/15-1024x768.jpg"},"thumbnail":{"file":"15-150x150.jpg","width":150,"height":150,"mime-type":"image\/jpeg","filesize":7435,"url":"https:\/\/media.benalmadena-property.com\/2025\/02\/15-150x150.jpg"},"medium_large":{"file":"15-768x576.jpg","width":768,"height":576,"mime-type":"image\/jpeg","filesize":89442,"url":"https:\/\/media.benalmadena-property.com\/2025\/02\/15-768x576.jpg"},"1536x1536":{"file":"15-1536x1152.jpg","width":1536,"height":1152,"mime-type":"image\/jpeg","filesize":244413,"url":"https:\/\/media.benalmadena-property.com\/2025\/02\/15-1536x1152.jpg"},"post-thumbnail":{"file":"15-150x113.jpg","width":150,"height":113,"mime-type":"image\/jpeg","filesize":6196,"url":"https:\/\/media.benalmadena-property.com\/2025\/02\/15-150x113.jpg"},"modern-property-child-slider":{"file":"15-680x510.jpg","width":680,"height":510,"mime-type":"image\/jpeg","filesize":75023,"url":"https:\/\/media.benalmadena-property.com\/2025\/02\/15-680x510.jpg"},"property-thumb-image":{"file":"15-488x326.jpg","width":488,"height":326,"mime-type":"image\/jpeg","filesize":41048,"url":"https:\/\/media.benalmadena-property.com\/2025\/02\/15-488x326.jpg"},"property-detail-video-image":{"file":"15-818x417.jpg","width":818,"height":417,"mime-type":"image\/jpeg","filesize":79296,"url":"https:\/\/media.benalmadena-property.com\/2025\/02\/15-818x417.jpg"},"agent-image":{"file":"15-210x210.jpg","width":210,"height":210,"mime-type":"image\/jpeg","filesize":13496,"url":"https:\/\/media.benalmadena-property.com\/2025\/02\/15-210x210.jpg"},"partners-logo":{"file":"15-600x1440.jpg","width":600,"height":1440,"mime-type":"image\/jpeg","filesize":104531,"url":"https:\/\/media.benalmadena-property.com\/2025\/02\/15-600x1440.jpg"},"gallery-two-column-image":{"file":"15-536x269.jpg","width":536,"height":269,"mime-type":"image\/jpeg","filesize":40915,"url":"https:\/\/media.benalmadena-property.com\/2025\/02\/15-536x269.jpg"},"property-detail-slider-image-two":{"file":"15-1170x648.jpg","width":1170,"height":648,"mime-type":"image\/jpeg","filesize":138029,"url":"https:\/\/media.benalmadena-property.com\/2025\/02\/15-1170x648.jpg"},"property-detail-slider-thumb":{"file":"15-82x60.jpg","width":82,"height":60,"mime-type":"image\/jpeg","filesize":2290,"url":"https:\/\/media.benalmadena-property.com\/2025\/02\/15-82x60.jpg"}},"image_meta":{"aperture":"0","credit":"","camera":"","caption":"","created_timestamp":"0","copyright":"","focal_length":"0","iso":"0","shutter_speed":"0","title":"","orientation":"0","keywords":[]},"ID":"15653","name":"15.jpg","path":"\/var\/www\/vhosts\/benalmadena-property.com\/httpdocs\/wp-content\/uploads\/2025\/02\/15.jpg","url":"https:\/\/media.benalmadena-property.com\/2025\/02\/15-150x150.jpg","full_url":"https:\/\/media.benalmadena-property.com\/2025\/02\/15.jpg","title":"15","caption":"","description":"","alt":"","srcset":"https:\/\/media.benalmadena-property.com\/2025\/02\/15-150x150.jpg 150w, https:\/\/media.benalmadena-property.com\/2025\/02\/15-210x210.jpg 210w"},{"width":150,"height":150,"file":"2025\/02\/21-scaled.jpg","filesize":325370,"sizes":{"medium":{"file":"21-300x218.jpg","width":300,"height":218,"mime-type":"image\/jpeg","filesize":10100,"url":"https:\/\/media.benalmadena-property.com\/2025\/02\/21-300x218.jpg"},"large":{"file":"21-1024x742.jpg","width":1024,"height":742,"mime-type":"image\/jpeg","filesize":62497,"url":"https:\/\/media.benalmadena-property.com\/2025\/02\/21-1024x742.jpg"},"thumbnail":{"file":"21-150x150.jpg","width":150,"height":150,"mime-type":"image\/jpeg","filesize":5189,"url":"https:\/\/media.benalmadena-property.com\/2025\/02\/21-150x150.jpg"},"medium_large":{"file":"21-768x557.jpg","width":768,"height":557,"mime-type":"image\/jpeg","filesize":39058,"url":"https:\/\/media.benalmadena-property.com\/2025\/02\/21-768x557.jpg"},"1536x1536":{"file":"21-1536x1114.jpg","width":1536,"height":1114,"mime-type":"image\/jpeg","filesize":125252,"url":"https:\/\/media.benalmadena-property.com\/2025\/02\/21-1536x1114.jpg"},"2048x2048":{"file":"21-2048x1485.jpg","width":2048,"height":1485,"mime-type":"image\/jpeg","filesize":211335,"url":"https:\/\/media.benalmadena-property.com\/2025\/02\/21-2048x1485.jpg"},"post-thumbnail":{"file":"21-150x109.jpg","width":150,"height":109,"mime-type":"image\/jpeg","filesize":4593,"url":"https:\/\/media.benalmadena-property.com\/2025\/02\/21-150x109.jpg"},"modern-property-child-slider":{"file":"21-680x510.jpg","width":680,"height":510,"mime-type":"image\/jpeg","filesize":32819,"url":"https:\/\/media.benalmadena-property.com\/2025\/02\/21-680x510.jpg"},"property-thumb-image":{"file":"21-488x326.jpg","width":488,"height":326,"mime-type":"image\/jpeg","filesize":18999,"url":"https:\/\/media.benalmadena-property.com\/2025\/02\/21-488x326.jpg"},"property-detail-video-image":{"file":"21-818x417.jpg","width":818,"height":417,"mime-type":"image\/jpeg","filesize":36435,"url":"https:\/\/media.benalmadena-property.com\/2025\/02\/21-818x417.jpg"},"agent-image":{"file":"21-210x210.jpg","width":210,"height":210,"mime-type":"image\/jpeg","filesize":7588,"url":"https:\/\/media.benalmadena-property.com\/2025\/02\/21-210x210.jpg"},"partners-logo":{"file":"21-600x2900.jpg","width":600,"height":2900,"mime-type":"image\/jpeg","filesize":134320,"url":"https:\/\/media.benalmadena-property.com\/2025\/02\/21-600x2900.jpg"},"gallery-two-column-image":{"file":"21-536x269.jpg","width":536,"height":269,"mime-type":"image\/jpeg","filesize":18893,"url":"https:\/\/media.benalmadena-property.com\/2025\/02\/21-536x269.jpg"},"property-detail-slider-image-two":{"file":"21-1170x648.jpg","width":1170,"height":648,"mime-type":"image\/jpeg","filesize":67251,"url":"https:\/\/media.benalmadena-property.com\/2025\/02\/21-1170x648.jpg"},"property-detail-slider-thumb":{"file":"21-82x60.jpg","width":82,"height":60,"mime-type":"image\/jpeg","filesize":2917,"url":"https:\/\/media.benalmadena-property.com\/2025\/02\/21-82x60.jpg"}},"image_meta":{"aperture":"0","credit":"","camera":"Redmi Note 8","caption":"","created_timestamp":"1706037397","copyright":"","focal_length":"0","iso":"1250","shutter_speed":"0","title":"","orientation":"0","keywords":[]},"original_image":"21.jpg","ID":"15671","name":"21-scaled.jpg","path":"\/var\/www\/vhosts\/benalmadena-property.com\/httpdocs\/wp-content\/uploads\/2025\/02\/21-scaled.jpg","url":"https:\/\/media.benalmadena-property.com\/2025\/02\/21-150x150.jpg","full_url":"https:\/\/media.benalmadena-property.com\/2025\/02\/21-scaled.jpg","title":"21","caption":"","description":"","alt":"","srcset":"https:\/\/media.benalmadena-property.com\/2025\/02\/21-150x150.jpg 150w, https:\/\/media.benalmadena-property.com\/2025\/02\/21-210x210.jpg 210w"},{"width":150,"height":150,"file":"2025\/02\/4.jpg","filesize":438141,"sizes":{"medium":{"file":"4-300x225.jpg","width":300,"height":225,"mime-type":"image\/jpeg","filesize":24331,"url":"https:\/\/media.benalmadena-property.com\/2025\/02\/4-300x225.jpg"},"large":{"file":"4-1024x768.jpg","width":1024,"height":768,"mime-type":"image\/jpeg","filesize":149296,"url":"https:\/\/media.benalmadena-property.com\/2025\/02\/4-1024x768.jpg"},"thumbnail":{"file":"4-150x150.jpg","width":150,"height":150,"mime-type":"image\/jpeg","filesize":9211,"url":"https:\/\/media.benalmadena-property.com\/2025\/02\/4-150x150.jpg"},"medium_large":{"file":"4-768x576.jpg","width":768,"height":576,"mime-type":"image\/jpeg","filesize":99046,"url":"https:\/\/media.benalmadena-property.com\/2025\/02\/4-768x576.jpg"},"1536x1536":{"file":"4-1536x1152.jpg","width":1536,"height":1152,"mime-type":"image\/jpeg","filesize":263848,"url":"https:\/\/media.benalmadena-property.com\/2025\/02\/4-1536x1152.jpg"},"post-thumbnail":{"file":"4-150x113.jpg","width":150,"height":113,"mime-type":"image\/jpeg","filesize":7589,"url":"https:\/\/media.benalmadena-property.com\/2025\/02\/4-150x113.jpg"},"modern-property-child-slider":{"file":"4-680x510.jpg","width":680,"height":510,"mime-type":"image\/jpeg","filesize":84222,"url":"https:\/\/media.benalmadena-property.com\/2025\/02\/4-680x510.jpg"},"property-thumb-image":{"file":"4-488x326.jpg","width":488,"height":326,"mime-type":"image\/jpeg","filesize":46948,"url":"https:\/\/media.benalmadena-property.com\/2025\/02\/4-488x326.jpg"},"property-detail-video-image":{"file":"4-818x417.jpg","width":818,"height":417,"mime-type":"image\/jpeg","filesize":75332,"url":"https:\/\/media.benalmadena-property.com\/2025\/02\/4-818x417.jpg"},"agent-image":{"file":"4-210x210.jpg","width":210,"height":210,"mime-type":"image\/jpeg","filesize":16412,"url":"https:\/\/media.benalmadena-property.com\/2025\/02\/4-210x210.jpg"},"partners-logo":{"file":"4-600x1440.jpg","width":600,"height":1440,"mime-type":"image\/jpeg","filesize":119835,"url":"https:\/\/media.benalmadena-property.com\/2025\/02\/4-600x1440.jpg"},"gallery-two-column-image":{"file":"4-536x269.jpg","width":536,"height":269,"mime-type":"image\/jpeg","filesize":40166,"url":"https:\/\/media.benalmadena-property.com\/2025\/02\/4-536x269.jpg"},"property-detail-slider-image-two":{"file":"4-1170x648.jpg","width":1170,"height":648,"mime-type":"image\/jpeg","filesize":135743,"url":"https:\/\/media.benalmadena-property.com\/2025\/02\/4-1170x648.jpg"},"property-detail-slider-thumb":{"file":"4-82x60.jpg","width":82,"height":60,"mime-type":"image\/jpeg","filesize":2782,"url":"https:\/\/media.benalmadena-property.com\/2025\/02\/4-82x60.jpg"}},"image_meta":{"aperture":"0","credit":"","camera":"","caption":"","created_timestamp":"0","copyright":"","focal_length":"0","iso":"0","shutter_speed":"0","title":"","orientation":"0","keywords":[]},"ID":"15620","name":"4.jpg","path":"\/var\/www\/vhosts\/benalmadena-property.com\/httpdocs\/wp-content\/uploads\/2025\/02\/4.jpg","url":"https:\/\/media.benalmadena-property.com\/2025\/02\/4-150x150.jpg","full_url":"https:\/\/media.benalmadena-property.com\/2025\/02\/4.jpg","title":"4","caption":"","description":"","alt":"","srcset":"https:\/\/media.benalmadena-property.com\/2025\/02\/4-150x150.jpg 150w, https:\/\/media.benalmadena-property.com\/2025\/02\/4-210x210.jpg 210w"},{"width":150,"height":150,"file":"2025\/02\/26-scaled.jpg","filesize":224095,"sizes":{"medium":{"file":"26-225x300.jpg","width":225,"height":300,"mime-type":"image\/jpeg","filesize":14661,"url":"https:\/\/media.benalmadena-property.com\/2025\/02\/26-225x300.jpg"},"large":{"file":"26-768x1024.jpg","width":768,"height":1024,"mime-type":"image\/jpeg","filesize":48253,"url":"https:\/\/media.benalmadena-property.com\/2025\/02\/26-768x1024.jpg"},"thumbnail":{"file":"26-150x150.jpg","width":150,"height":150,"mime-type":"image\/jpeg","filesize":12313,"url":"https:\/\/media.benalmadena-property.com\/2025\/02\/26-150x150.jpg"},"medium_large":{"file":"26-768x1024.jpg","width":768,"height":1024,"mime-type":"image\/jpeg","filesize":48253,"url":"https:\/\/media.benalmadena-property.com\/2025\/02\/26-768x1024.jpg"},"1536x1536":{"file":"26-1152x1536.jpg","width":1152,"height":1536,"mime-type":"image\/jpeg","filesize":95732,"url":"https:\/\/media.benalmadena-property.com\/2025\/02\/26-1152x1536.jpg"},"2048x2048":{"file":"26-1536x2048.jpg","width":1536,"height":2048,"mime-type":"image\/jpeg","filesize":155425,"url":"https:\/\/media.benalmadena-property.com\/2025\/02\/26-1536x2048.jpg"},"post-thumbnail":{"file":"26-113x150.jpg","width":113,"height":150,"mime-type":"image\/jpeg","filesize":11783,"url":"https:\/\/media.benalmadena-property.com\/2025\/02\/26-113x150.jpg"},"modern-property-child-slider":{"file":"26-680x510.jpg","width":680,"height":510,"mime-type":"image\/jpeg","filesize":33826,"url":"https:\/\/media.benalmadena-property.com\/2025\/02\/26-680x510.jpg"},"property-thumb-image":{"file":"26-488x326.jpg","width":488,"height":326,"mime-type":"image\/jpeg","filesize":22647,"url":"https:\/\/media.benalmadena-property.com\/2025\/02\/26-488x326.jpg"},"property-detail-video-image":{"file":"26-818x417.jpg","width":818,"height":417,"mime-type":"image\/jpeg","filesize":38852,"url":"https:\/\/media.benalmadena-property.com\/2025\/02\/26-818x417.jpg"},"agent-image":{"file":"26-210x210.jpg","width":210,"height":210,"mime-type":"image\/jpeg","filesize":13782,"url":"https:\/\/media.benalmadena-property.com\/2025\/02\/26-210x210.jpg"},"partners-logo":{"file":"26-600x4000.jpg","width":600,"height":4000,"mime-type":"image\/jpeg","filesize":104041,"url":"https:\/\/media.benalmadena-property.com\/2025\/02\/26-600x4000.jpg"},"gallery-two-column-image":{"file":"26-536x269.jpg","width":536,"height":269,"mime-type":"image\/jpeg","filesize":23146,"url":"https:\/\/media.benalmadena-property.com\/2025\/02\/26-536x269.jpg"},"property-detail-slider-image-two":{"file":"26-1170x648.jpg","width":1170,"height":648,"mime-type":"image\/jpeg","filesize":67400,"url":"https:\/\/media.benalmadena-property.com\/2025\/02\/26-1170x648.jpg"},"property-detail-slider-thumb":{"file":"26-82x60.jpg","width":82,"height":60,"mime-type":"image\/jpeg","filesize":11030,"url":"https:\/\/media.benalmadena-property.com\/2025\/02\/26-82x60.jpg"}},"image_meta":{"aperture":"1.79","credit":"","camera":"Redmi Note 8","caption":"","created_timestamp":"1704911544","copyright":"","focal_length":"4.74","iso":"100","shutter_speed":"0.0052631578947368","title":"","orientation":1,"keywords":[]},"original_image":"26.jpg","ID":"15686","name":"26-scaled.jpg","path":"\/var\/www\/vhosts\/benalmadena-property.com\/httpdocs\/wp-content\/uploads\/2025\/02\/26-scaled.jpg","url":"https:\/\/media.benalmadena-property.com\/2025\/02\/26-150x150.jpg","full_url":"https:\/\/media.benalmadena-property.com\/2025\/02\/26-scaled.jpg","title":"26","caption":"","description":"","alt":"","srcset":"https:\/\/media.benalmadena-property.com\/2025\/02\/26-150x150.jpg 150w, https:\/\/media.benalmadena-property.com\/2025\/02\/26-210x210.jpg 210w"},{"width":150,"height":150,"file":"2025\/02\/27.jpg","filesize":146310,"sizes":{"medium":{"file":"27-300x168.jpg","width":300,"height":168,"mime-type":"image\/jpeg","filesize":10252,"url":"https:\/\/media.benalmadena-property.com\/2025\/02\/27-300x168.jpg"},"large":{"file":"27-1024x575.jpg","width":1024,"height":575,"mime-type":"image\/jpeg","filesize":70285,"url":"https:\/\/media.benalmadena-property.com\/2025\/02\/27-1024x575.jpg"},"thumbnail":{"file":"27-150x150.jpg","width":150,"height":150,"mime-type":"image\/jpeg","filesize":5147,"url":"https:\/\/media.benalmadena-property.com\/2025\/02\/27-150x150.jpg"},"medium_large":{"file":"27-768x431.jpg","width":768,"height":431,"mime-type":"image\/jpeg","filesize":45794,"url":"https:\/\/media.benalmadena-property.com\/2025\/02\/27-768x431.jpg"},"1536x1536":{"file":"27-1536x862.jpg","width":1536,"height":862,"mime-type":"image\/jpeg","filesize":125557,"url":"https:\/\/media.benalmadena-property.com\/2025\/02\/27-1536x862.jpg"},"post-thumbnail":{"file":"27-150x84.jpg","width":150,"height":84,"mime-type":"image\/jpeg","filesize":3534,"url":"https:\/\/media.benalmadena-property.com\/2025\/02\/27-150x84.jpg"},"modern-property-child-slider":{"file":"27-680x510.jpg","width":680,"height":510,"mime-type":"image\/jpeg","filesize":44718,"url":"https:\/\/media.benalmadena-property.com\/2025\/02\/27-680x510.jpg"},"property-thumb-image":{"file":"27-488x326.jpg","width":488,"height":326,"mime-type":"image\/jpeg","filesize":25517,"url":"https:\/\/media.benalmadena-property.com\/2025\/02\/27-488x326.jpg"},"property-detail-video-image":{"file":"27-818x417.jpg","width":818,"height":417,"mime-type":"image\/jpeg","filesize":46982,"url":"https:\/\/media.benalmadena-property.com\/2025\/02\/27-818x417.jpg"},"agent-image":{"file":"27-210x210.jpg","width":210,"height":210,"mime-type":"image\/jpeg","filesize":8984,"url":"https:\/\/media.benalmadena-property.com\/2025\/02\/27-210x210.jpg"},"partners-logo":{"file":"27-600x1078.jpg","width":600,"height":1078,"mime-type":"image\/jpeg","filesize":55085,"url":"https:\/\/media.benalmadena-property.com\/2025\/02\/27-600x1078.jpg"},"gallery-two-column-image":{"file":"27-536x269.jpg","width":536,"height":269,"mime-type":"image\/jpeg","filesize":23942,"url":"https:\/\/media.benalmadena-property.com\/2025\/02\/27-536x269.jpg"},"property-detail-slider-image-two":{"file":"27-1170x648.jpg","width":1170,"height":648,"mime-type":"image\/jpeg","filesize":84260,"url":"https:\/\/media.benalmadena-property.com\/2025\/02\/27-1170x648.jpg"},"property-detail-slider-thumb":{"file":"27-82x60.jpg","width":82,"height":60,"mime-type":"image\/jpeg","filesize":1840,"url":"https:\/\/media.benalmadena-property.com\/2025\/02\/27-82x60.jpg"}},"image_meta":{"aperture":"0","credit":"","camera":"","caption":"","created_timestamp":"0","copyright":"","focal_length":"0","iso":"0","shutter_speed":"0","title":"","orientation":"0","keywords":[]},"ID":"15689","name":"27.jpg","path":"\/var\/www\/vhosts\/benalmadena-property.com\/httpdocs\/wp-content\/uploads\/2025\/02\/27.jpg","url":"https:\/\/media.benalmadena-property.com\/2025\/02\/27-150x150.jpg","full_url":"https:\/\/media.benalmadena-property.com\/2025\/02\/27.jpg","title":"27","caption":"","description":"","alt":"","srcset":"https:\/\/media.benalmadena-property.com\/2025\/02\/27-150x150.jpg 150w, https:\/\/media.benalmadena-property.com\/2025\/02\/27-210x210.jpg 210w"},{"width":150,"height":150,"file":"2025\/02\/28.jpg","filesize":162389,"sizes":{"medium":{"file":"28-300x191.jpg","width":300,"height":191,"mime-type":"image\/jpeg","filesize":10078,"url":"https:\/\/media.benalmadena-property.com\/2025\/02\/28-300x191.jpg"},"large":{"file":"28-1024x651.jpg","width":1024,"height":651,"mime-type":"image\/jpeg","filesize":84508,"url":"https:\/\/media.benalmadena-property.com\/2025\/02\/28-1024x651.jpg"},"thumbnail":{"file":"28-150x150.jpg","width":150,"height":150,"mime-type":"image\/jpeg","filesize":4347,"url":"https:\/\/media.benalmadena-property.com\/2025\/02\/28-150x150.jpg"},"medium_large":{"file":"28-768x488.jpg","width":768,"height":488,"mime-type":"image\/jpeg","filesize":52978,"url":"https:\/\/media.benalmadena-property.com\/2025\/02\/28-768x488.jpg"},"1536x1536":{"file":"28-1536x977.jpg","width":1536,"height":977,"mime-type":"image\/jpeg","filesize":159314,"url":"https:\/\/media.benalmadena-property.com\/2025\/02\/28-1536x977.jpg"},"post-thumbnail":{"file":"28-150x95.jpg","width":150,"height":95,"mime-type":"image\/jpeg","filesize":3230,"url":"https:\/\/media.benalmadena-property.com\/2025\/02\/28-150x95.jpg"},"modern-property-child-slider":{"file":"28-680x510.jpg","width":680,"height":510,"mime-type":"image\/jpeg","filesize":48196,"url":"https:\/\/media.benalmadena-property.com\/2025\/02\/28-680x510.jpg"},"property-thumb-image":{"file":"28-488x326.jpg","width":488,"height":326,"mime-type":"image\/jpeg","filesize":24633,"url":"https:\/\/media.benalmadena-property.com\/2025\/02\/28-488x326.jpg"},"property-detail-video-image":{"file":"28-818x417.jpg","width":818,"height":417,"mime-type":"image\/jpeg","filesize":51756,"url":"https:\/\/media.benalmadena-property.com\/2025\/02\/28-818x417.jpg"},"agent-image":{"file":"28-210x210.jpg","width":210,"height":210,"mime-type":"image\/jpeg","filesize":7829,"url":"https:\/\/media.benalmadena-property.com\/2025\/02\/28-210x210.jpg"},"partners-logo":{"file":"28-600x1080.jpg","width":600,"height":1080,"mime-type":"image\/jpeg","filesize":67572,"url":"https:\/\/media.benalmadena-property.com\/2025\/02\/28-600x1080.jpg"},"gallery-two-column-image":{"file":"28-536x269.jpg","width":536,"height":269,"mime-type":"image\/jpeg","filesize":24412,"url":"https:\/\/media.benalmadena-property.com\/2025\/02\/28-536x269.jpg"},"property-detail-slider-image-two":{"file":"28-1170x648.jpg","width":1170,"height":648,"mime-type":"image\/jpeg","filesize":96613,"url":"https:\/\/media.benalmadena-property.com\/2025\/02\/28-1170x648.jpg"},"property-detail-slider-thumb":{"file":"28-82x60.jpg","width":82,"height":60,"mime-type":"image\/jpeg","filesize":1545,"url":"https:\/\/media.benalmadena-property.com\/2025\/02\/28-82x60.jpg"}},"image_meta":{"aperture":"0","credit":"","camera":"","caption":"","created_timestamp":"0","copyright":"","focal_length":"0","iso":"0","shutter_speed":"0","title":"","orientation":"0","keywords":[]},"ID":"15692","name":"28.jpg","path":"\/var\/www\/vhosts\/benalmadena-property.com\/httpdocs\/wp-content\/uploads\/2025\/02\/28.jpg","url":"https:\/\/media.benalmadena-property.com\/2025\/02\/28-150x150.jpg","full_url":"https:\/\/media.benalmadena-property.com\/2025\/02\/28.jpg","title":"28","caption":"","description":"","alt":"","srcset":"https:\/\/media.benalmadena-property.com\/2025\/02\/28-150x150.jpg 150w, https:\/\/media.benalmadena-property.com\/2025\/02\/28-210x210.jpg 210w"},{"width":150,"height":150,"file":"2025\/02\/29.jpg","filesize":233096,"sizes":{"medium":{"file":"29-300x173.jpg","width":300,"height":173,"mime-type":"image\/jpeg","filesize":10756,"url":"https:\/\/media.benalmadena-property.com\/2025\/02\/29-300x173.jpg"},"large":{"file":"29-1024x591.jpg","width":1024,"height":591,"mime-type":"image\/jpeg","filesize":93943,"url":"https:\/\/media.benalmadena-property.com\/2025\/02\/29-1024x591.jpg"},"thumbnail":{"file":"29-150x150.jpg","width":150,"height":150,"mime-type":"image\/jpeg","filesize":5266,"url":"https:\/\/media.benalmadena-property.com\/2025\/02\/29-150x150.jpg"},"medium_large":{"file":"29-768x443.jpg","width":768,"height":443,"mime-type":"image\/jpeg","filesize":56651,"url":"https:\/\/media.benalmadena-property.com\/2025\/02\/29-768x443.jpg"},"1536x1536":{"file":"29-1536x887.jpg","width":1536,"height":887,"mime-type":"image\/jpeg","filesize":189305,"url":"https:\/\/media.benalmadena-property.com\/2025\/02\/29-1536x887.jpg"},"post-thumbnail":{"file":"29-150x87.jpg","width":150,"height":87,"mime-type":"image\/jpeg","filesize":3482,"url":"https:\/\/media.benalmadena-property.com\/2025\/02\/29-150x87.jpg"},"modern-property-child-slider":{"file":"29-680x510.jpg","width":680,"height":510,"mime-type":"image\/jpeg","filesize":58103,"url":"https:\/\/media.benalmadena-property.com\/2025\/02\/29-680x510.jpg"},"property-thumb-image":{"file":"29-488x326.jpg","width":488,"height":326,"mime-type":"image\/jpeg","filesize":28747,"url":"https:\/\/media.benalmadena-property.com\/2025\/02\/29-488x326.jpg"},"property-detail-video-image":{"file":"29-818x417.jpg","width":818,"height":417,"mime-type":"image\/jpeg","filesize":53088,"url":"https:\/\/media.benalmadena-property.com\/2025\/02\/29-818x417.jpg"},"agent-image":{"file":"29-210x210.jpg","width":210,"height":210,"mime-type":"image\/jpeg","filesize":9542,"url":"https:\/\/media.benalmadena-property.com\/2025\/02\/29-210x210.jpg"},"partners-logo":{"file":"29-600x1080.jpg","width":600,"height":1080,"mime-type":"image\/jpeg","filesize":98634,"url":"https:\/\/media.benalmadena-property.com\/2025\/02\/29-600x1080.jpg"},"gallery-two-column-image":{"file":"29-536x269.jpg","width":536,"height":269,"mime-type":"image\/jpeg","filesize":24518,"url":"https:\/\/media.benalmadena-property.com\/2025\/02\/29-536x269.jpg"},"property-detail-slider-image-two":{"file":"29-1170x648.jpg","width":1170,"height":648,"mime-type":"image\/jpeg","filesize":111932,"url":"https:\/\/media.benalmadena-property.com\/2025\/02\/29-1170x648.jpg"},"property-detail-slider-thumb":{"file":"29-82x60.jpg","width":82,"height":60,"mime-type":"image\/jpeg","filesize":1835,"url":"https:\/\/media.benalmadena-property.com\/2025\/02\/29-82x60.jpg"}},"image_meta":{"aperture":"0","credit":"","camera":"","caption":"","created_timestamp":"0","copyright":"","focal_length":"0","iso":"0","shutter_speed":"0","title":"","orientation":"0","keywords":[]},"ID":"15695","name":"29.jpg","path":"\/var\/www\/vhosts\/benalmadena-property.com\/httpdocs\/wp-content\/uploads\/2025\/02\/29.jpg","url":"https:\/\/media.benalmadena-property.com\/2025\/02\/29-150x150.jpg","full_url":"https:\/\/media.benalmadena-property.com\/2025\/02\/29.jpg","title":"29","caption":"","description":"","alt":"","srcset":"https:\/\/media.benalmadena-property.com\/2025\/02\/29-150x150.jpg 150w, https:\/\/media.benalmadena-property.com\/2025\/02\/29-210x210.jpg 210w"},{"width":150,"height":150,"file":"2025\/02\/30.jpg","filesize":324225,"sizes":{"medium":{"file":"30-300x204.jpg","width":300,"height":204,"mime-type":"image\/jpeg","filesize":13338,"url":"https:\/\/media.benalmadena-property.com\/2025\/02\/30-300x204.jpg"},"large":{"file":"30-1024x695.jpg","width":1024,"height":695,"mime-type":"image\/jpeg","filesize":143304,"url":"https:\/\/media.benalmadena-property.com\/2025\/02\/30-1024x695.jpg"},"thumbnail":{"file":"30-150x150.jpg","width":150,"height":150,"mime-type":"image\/jpeg","filesize":5237,"url":"https:\/\/media.benalmadena-property.com\/2025\/02\/30-150x150.jpg"},"medium_large":{"file":"30-768x521.jpg","width":768,"height":521,"mime-type":"image\/jpeg","filesize":80414,"url":"https:\/\/media.benalmadena-property.com\/2025\/02\/30-768x521.jpg"},"1536x1536":{"file":"30-1536x1043.jpg","width":1536,"height":1043,"mime-type":"image\/jpeg","filesize":318816,"url":"https:\/\/media.benalmadena-property.com\/2025\/02\/30-1536x1043.jpg"},"post-thumbnail":{"file":"30-150x102.jpg","width":150,"height":102,"mime-type":"image\/jpeg","filesize":3902,"url":"https:\/\/media.benalmadena-property.com\/2025\/02\/30-150x102.jpg"},"modern-property-child-slider":{"file":"30-680x510.jpg","width":680,"height":510,"mime-type":"image\/jpeg","filesize":69024,"url":"https:\/\/media.benalmadena-property.com\/2025\/02\/30-680x510.jpg"},"property-thumb-image":{"file":"30-488x326.jpg","width":488,"height":326,"mime-type":"image\/jpeg","filesize":32891,"url":"https:\/\/media.benalmadena-property.com\/2025\/02\/30-488x326.jpg"},"property-detail-video-image":{"file":"30-818x417.jpg","width":818,"height":417,"mime-type":"image\/jpeg","filesize":77153,"url":"https:\/\/media.benalmadena-property.com\/2025\/02\/30-818x417.jpg"},"agent-image":{"file":"30-210x210.jpg","width":210,"height":210,"mime-type":"image\/jpeg","filesize":9763,"url":"https:\/\/media.benalmadena-property.com\/2025\/02\/30-210x210.jpg"},"partners-logo":{"file":"30-600x1080.jpg","width":600,"height":1080,"mime-type":"image\/jpeg","filesize":144821,"url":"https:\/\/media.benalmadena-property.com\/2025\/02\/30-600x1080.jpg"},"gallery-two-column-image":{"file":"30-536x269.jpg","width":536,"height":269,"mime-type":"image\/jpeg","filesize":33299,"url":"https:\/\/media.benalmadena-property.com\/2025\/02\/30-536x269.jpg"},"property-detail-slider-image-two":{"file":"30-1170x648.jpg","width":1170,"height":648,"mime-type":"image\/jpeg","filesize":164325,"url":"https:\/\/media.benalmadena-property.com\/2025\/02\/30-1170x648.jpg"},"property-detail-slider-thumb":{"file":"30-82x60.jpg","width":82,"height":60,"mime-type":"image\/jpeg","filesize":1699,"url":"https:\/\/media.benalmadena-property.com\/2025\/02\/30-82x60.jpg"}},"image_meta":{"aperture":"0","credit":"","camera":"","caption":"","created_timestamp":"0","copyright":"","focal_length":"0","iso":"0","shutter_speed":"0","title":"","orientation":"0","keywords":[]},"ID":"15698","name":"30.jpg","path":"\/var\/www\/vhosts\/benalmadena-property.com\/httpdocs\/wp-content\/uploads\/2025\/02\/30.jpg","url":"https:\/\/media.benalmadena-property.com\/2025\/02\/30-150x150.jpg","full_url":"https:\/\/media.benalmadena-property.com\/2025\/02\/30.jpg","title":"30","caption":"","description":"","alt":"","srcset":"https:\/\/media.benalmadena-property.com\/2025\/02\/30-150x150.jpg 150w, https:\/\/media.benalmadena-property.com\/2025\/02\/30-210x210.jpg 210w"},{"width":150,"height":150,"file":"2025\/02\/31.jpg","filesize":238710,"sizes":{"medium":{"file":"31-300x225.jpg","width":300,"height":225,"mime-type":"image\/jpeg","filesize":12354,"url":"https:\/\/media.benalmadena-property.com\/2025\/02\/31-300x225.jpg"},"large":{"file":"31-1024x768.jpg","width":1024,"height":768,"mime-type":"image\/jpeg","filesize":77399,"url":"https:\/\/media.benalmadena-property.com\/2025\/02\/31-1024x768.jpg"},"thumbnail":{"file":"31-150x150.jpg","width":150,"height":150,"mime-type":"image\/jpeg","filesize":4549,"url":"https:\/\/media.benalmadena-property.com\/2025\/02\/31-150x150.jpg"},"medium_large":{"file":"31-768x576.jpg","width":768,"height":576,"mime-type":"image\/jpeg","filesize":50690,"url":"https:\/\/media.benalmadena-property.com\/2025\/02\/31-768x576.jpg"},"1536x1536":{"file":"31-1536x1152.jpg","width":1536,"height":1152,"mime-type":"image\/jpeg","filesize":138806,"url":"https:\/\/media.benalmadena-property.com\/2025\/02\/31-1536x1152.jpg"},"post-thumbnail":{"file":"31-150x113.jpg","width":150,"height":113,"mime-type":"image\/jpeg","filesize":4176,"url":"https:\/\/media.benalmadena-property.com\/2025\/02\/31-150x113.jpg"},"modern-property-child-slider":{"file":"31-680x510.jpg","width":680,"height":510,"mime-type":"image\/jpeg","filesize":42643,"url":"https:\/\/media.benalmadena-property.com\/2025\/02\/31-680x510.jpg"},"property-thumb-image":{"file":"31-488x326.jpg","width":488,"height":326,"mime-type":"image\/jpeg","filesize":24659,"url":"https:\/\/media.benalmadena-property.com\/2025\/02\/31-488x326.jpg"},"property-detail-video-image":{"file":"31-818x417.jpg","width":818,"height":417,"mime-type":"image\/jpeg","filesize":45734,"url":"https:\/\/media.benalmadena-property.com\/2025\/02\/31-818x417.jpg"},"agent-image":{"file":"31-210x210.jpg","width":210,"height":210,"mime-type":"image\/jpeg","filesize":7978,"url":"https:\/\/media.benalmadena-property.com\/2025\/02\/31-210x210.jpg"},"partners-logo":{"file":"31-600x1440.jpg","width":600,"height":1440,"mime-type":"image\/jpeg","filesize":56346,"url":"https:\/\/media.benalmadena-property.com\/2025\/02\/31-600x1440.jpg"},"gallery-two-column-image":{"file":"31-536x269.jpg","width":536,"height":269,"mime-type":"image\/jpeg","filesize":24277,"url":"https:\/\/media.benalmadena-property.com\/2025\/02\/31-536x269.jpg"},"property-detail-slider-image-two":{"file":"31-1170x648.jpg","width":1170,"height":648,"mime-type":"image\/jpeg","filesize":79875,"url":"https:\/\/media.benalmadena-property.com\/2025\/02\/31-1170x648.jpg"},"property-detail-slider-thumb":{"file":"31-82x60.jpg","width":82,"height":60,"mime-type":"image\/jpeg","filesize":1693,"url":"https:\/\/media.benalmadena-property.com\/2025\/02\/31-82x60.jpg"}},"image_meta":{"aperture":"0","credit":"","camera":"","caption":"","created_timestamp":"0","copyright":"","focal_length":"0","iso":"0","shutter_speed":"0","title":"","orientation":"0","keywords":[]},"ID":"15701","name":"31.jpg","path":"\/var\/www\/vhosts\/benalmadena-property.com\/httpdocs\/wp-content\/uploads\/2025\/02\/31.jpg","url":"https:\/\/media.benalmadena-property.com\/2025\/02\/31-150x150.jpg","full_url":"https:\/\/media.benalmadena-property.com\/2025\/02\/31.jpg","title":"31","caption":"","description":"","alt":"","srcset":"https:\/\/media.benalmadena-property.com\/2025\/02\/31-150x150.jpg 150w, https:\/\/media.benalmadena-property.com\/2025\/02\/31-210x210.jpg 210w"}],"REAL_HOMES_change_gallery_slider_type":"0","REAL_HOMES_gallery_slider_type":"thumb-on-right","inspiry_floor_plans":[],"inspiry_video_group":[],"REAL_HOMES_360_virtual_tour":"","REAL_HOMES_tour_video_url":"","REAL_HOMES_tour_video_image":[],"REAL_HOMES_agent_display_option":"none","REAL_HOMES_agents":[],"REAL_HOMES_energy_class":"none","REAL_HOMES_energy_performance":"","REAL_HOMES_epc_current_rating":"","REAL_HOMES_epc_potential_rating":"","REAL_HOMES_sticky":"0","inspiry_property_label":"","inspiry_property_label_color":"","inspiry_property_tax":"","inspiry_additional_fee":"","REAL_HOMES_attachments":[],"inspiry_property_owner_name":"","inspiry_property_owner_contact":"","inspiry_property_owner_address":"","REAL_HOMES_property_private_note":"","inspiry_message_to_reviewer":"","REAL_HOMES_add_in_slider":"","REAL_HOMES_slider_image":[],"REAL_HOMES_page_banner_image":[],"REAL_HOMES_pims_id":"0M420","REAL_HOMES_property_rented":""},"_links":{"self":[{"href":"https:\/\/www.benalmadena-property.com\/fr\/wp-json\/wp\/v2\/property\/15705","targetHints":{"allow":["GET"]}}],"collection":[{"href":"https:\/\/www.benalmadena-property.com\/fr\/wp-json\/wp\/v2\/property"}],"about":[{"href":"https:\/\/www.benalmadena-property.com\/fr\/wp-json\/wp\/v2\/types\/property"}],"author":[{"embeddable":true,"href":"https:\/\/www.benalmadena-property.com\/fr\/wp-json\/wp\/v2\/users\/2"}],"replies":[{"embeddable":true,"href":"https:\/\/www.benalmadena-property.com\/fr\/wp-json\/wp\/v2\/comments?post=15705"}],"version-history":[{"count":3,"href":"https:\/\/www.benalmadena-property.com\/fr\/wp-json\/wp\/v2\/property\/15705\/revisions"}],"predecessor-version":[{"id":18039,"href":"https:\/\/www.benalmadena-property.com\/fr\/wp-json\/wp\/v2\/property\/15705\/revisions\/18039"}],"wp:featuredmedia":[{"embeddable":true,"href":"https:\/\/www.benalmadena-property.com\/fr\/wp-json\/wp\/v2\/media\/15608"}],"wp:attachment":[{"href":"https:\/\/www.benalmadena-property.com\/fr\/wp-json\/wp\/v2\/media?parent=15705"}],"wp:term":[{"taxonomy":"property-feature","embeddable":true,"href":"https:\/\/www.benalmadena-property.com\/fr\/wp-json\/wp\/v2\/property-feature?post=15705"},{"taxonomy":"property-type","embeddable":true,"href":"https:\/\/www.benalmadena-property.com\/fr\/wp-json\/wp\/v2\/property-type?post=15705"},{"taxonomy":"property-city","embeddable":true,"href":"https:\/\/www.benalmadena-property.com\/fr\/wp-json\/wp\/v2\/property-location?post=15705"},{"taxonomy":"property-status","embeddable":true,"href":"https:\/\/www.benalmadena-property.com\/fr\/wp-json\/wp\/v2\/property-status?post=15705"}],"curies":[{"name":"wp","href":"https:\/\/api.w.org\/{rel}","templated":true}]}}