{"id":5314,"date":"2020-03-28T13:20:02","date_gmt":"2020-03-28T13:20:02","guid":{"rendered":"http:\/\/gapp.system24tech.com\/property\/vacances-appartement-a-deux-chambres-jupiter-benalmadena-vft-ma-37420\/"},"modified":"2025-11-24T15:30:02","modified_gmt":"2025-11-24T14:30:02","slug":"vacances-appartement-a-deux-chambres-jupiter-benalmadena-vft-ma-37420","status":"publish","type":"property","link":"https:\/\/www.benalmadena-property.com\/fr\/property\/vacances-appartement-a-deux-chambres-jupiter-benalmadena-vft-ma-37420\/","title":{"rendered":"VUT\/MA\/37420 Vacances, Appartement \u00e0 deux chambres: Jupiter &#8211; Benalm\u00e0dena. Ref: HJ631"},"content":{"rendered":"<p>Jupiter complexe avec r\u00e9ception 24 heures, Fantastic deux chambres, appartement d\u2019angle avec une vue imprenable sur la mer M\u00e9diterran\u00e9e, piscine et jardins.<br \/>\nEnti\u00e8rement climatis\u00e9 et une cuisine \u00e9quip\u00e9e ind\u00e9pendante avec four complet et 4 bagues de cuisson.<br \/>\nComme avec tous nos appartements Jupiter et Minerva, il a un emplacement central et est proche de toutes les attractions de la station.<br \/>\nWifi est disponible pour un co\u00fbt suppl\u00e9mentaire par le biais de la r\u00e9ception principale.<br \/>\nVue sur la piscine, les montagnes et la mer.<\/p>\n<p>Chambre 1: En suite avec 2 lits simples. Balcon priv\u00e9<br \/>\nChambre 2: Deux simples 2 Z &#8211; lits<br \/>\nSalon: Deux canap\u00e9s doubles<br \/>\nNote: Premium<\/p>\n<p><strong>PAS DE TABAGISME ET PAS D\u2019ANIMAUX DE COMPAGNIE AUTORIS\u00c9S<\/strong><\/p>\n<p><strong>LICENCE TOURISTIQUE: ESFCTU0000290350001791850000000000000000VUT\/MA\/374206 <\/strong><\/p>\n","protected":false},"excerpt":{"rendered":"<p>Jupiter complexe avec r\u00e9ception 24 heures, Fantastic deux chambres, appartement d\u2019angle avec une vue imprenable sur la mer M\u00e9diterran\u00e9e, piscine et jardins. Enti\u00e8rement climatis\u00e9 et une cuisine \u00e9quip\u00e9e ind\u00e9pendante avec four complet et 4 bagues de cuisson. Comme avec tous nos appartements Jupiter et Minerva, il a un emplacement central et est proche de toutes&#8230;<\/p>\n","protected":false},"author":1,"featured_media":1690,"parent":0,"menu_order":0,"comment_status":"closed","ping_status":"closed","template":"","property-feature":[477,468,490,487,460,486,470,463,478,455,469,198,456,375,471,457],"property-type":[204],"property-location":[244],"property-status":[207],"class_list":["post-5314","property","type-property","status-publish","has-post-thumbnail","hentry","property-feature-acces-internet","property-feature-bouilloire","property-feature-cafetiere","property-feature-climatisees","property-feature-cuisine-equipee","property-feature-fans-fr","property-feature-fer-conseil","property-feature-four-plaque-de-cuisson","property-feature-grille-pain","property-feature-machine-a-laver","property-feature-micro-ondes","property-feature-parking-fr","property-feature-piscine","property-feature-seche-cheveux","property-feature-terrasse","property-feature-vue-sur-la-mer","property-type-apartment-fr","property-city-benalmadena-costa-fr","property-status-holiday-lets-fr"],"property_meta":{"REAL_HOMES_property_price":"600","REAL_HOMES_property_old_price":"","REAL_HOMES_property_price_prefix":"","REAL_HOMES_property_price_postfix":"Par semaine","REAL_HOMES_property_size":"","REAL_HOMES_property_size_postfix":"M\u00b2","REAL_HOMES_property_lot_size":"","REAL_HOMES_property_lot_size_postfix":"","REAL_HOMES_property_bedrooms":"2","REAL_HOMES_property_bathrooms":"2","REAL_HOMES_property_garage":"","REAL_HOMES_property_id":"HJ631","REAL_HOMES_property_year_built":"","REAL_HOMES_featured":"0","REAL_HOMES_additional_details_list":[],"REAL_HOMES_property_location":{"latitude":"36.5952883","longitude":"-4.525518","zoom":"14"},"REAL_HOMES_property_address":"Calle Capricornio, 29 ans, 29630 Benalm\u00e0dena, Malaga, Espagne","REAL_HOMES_property_map":"","REAL_HOMES_property_images":[{"width":150,"height":150,"file":"2020\/02\/P1010130.jpg","sizes":{"medium":{"file":"P1010130-300x225.jpg","width":300,"height":225,"mime-type":"image\/jpeg","url":"https:\/\/media.benalmadena-property.com\/2020\/02\/P1010130-300x225.jpg"},"large":{"file":"P1010130-1024x768.jpg","width":1024,"height":768,"mime-type":"image\/jpeg","url":"https:\/\/media.benalmadena-property.com\/2020\/02\/P1010130-1024x768.jpg"},"thumbnail":{"file":"P1010130-150x150.jpg","width":150,"height":150,"mime-type":"image\/jpeg","url":"https:\/\/media.benalmadena-property.com\/2020\/02\/P1010130-150x150.jpg"},"medium_large":{"file":"P1010130-768x576.jpg","width":768,"height":576,"mime-type":"image\/jpeg","url":"https:\/\/media.benalmadena-property.com\/2020\/02\/P1010130-768x576.jpg"},"1536x1536":{"file":"P1010130-1536x1152.jpg","width":1536,"height":1152,"mime-type":"image\/jpeg","url":"https:\/\/media.benalmadena-property.com\/2020\/02\/P1010130-1536x1152.jpg"},"post-thumbnail":{"file":"P1010130-150x113.jpg","width":150,"height":113,"mime-type":"image\/jpeg","url":"https:\/\/media.benalmadena-property.com\/2020\/02\/P1010130-150x113.jpg"},"property-thumb-image":{"file":"P1010130-488x326.jpg","width":488,"height":326,"mime-type":"image\/jpeg","url":"https:\/\/media.benalmadena-property.com\/2020\/02\/P1010130-488x326.jpg"},"property-detail-video-image":{"file":"P1010130-818x417.jpg","width":818,"height":417,"mime-type":"image\/jpeg","url":"https:\/\/media.benalmadena-property.com\/2020\/02\/P1010130-818x417.jpg"},"agent-image":{"file":"P1010130-210x210.jpg","width":210,"height":210,"mime-type":"image\/jpeg","url":"https:\/\/media.benalmadena-property.com\/2020\/02\/P1010130-210x210.jpg"},"partners-logo":{"file":"P1010130-600x1536.jpg","width":600,"height":1536,"mime-type":"image\/jpeg","url":"https:\/\/media.benalmadena-property.com\/2020\/02\/P1010130-600x1536.jpg"},"post-featured-image":{"file":"P1010130-1170x455.jpg","width":1170,"height":455,"mime-type":"image\/jpeg","url":"https:\/\/media.benalmadena-property.com\/2020\/02\/P1010130-1170x455.jpg"},"gallery-two-column-image":{"file":"P1010130-536x269.jpg","width":536,"height":269,"mime-type":"image\/jpeg","url":"https:\/\/media.benalmadena-property.com\/2020\/02\/P1010130-536x269.jpg"},"property-detail-slider-image":{"file":"P1010130-1170x586.jpg","width":1170,"height":586,"mime-type":"image\/jpeg","url":"https:\/\/media.benalmadena-property.com\/2020\/02\/P1010130-1170x586.jpg"},"property-detail-slider-image-two":{"file":"P1010130-1170x648.jpg","width":1170,"height":648,"mime-type":"image\/jpeg","url":"https:\/\/media.benalmadena-property.com\/2020\/02\/P1010130-1170x648.jpg"},"property-detail-slider-thumb":{"file":"P1010130-82x60.jpg","width":82,"height":60,"mime-type":"image\/jpeg","url":"https:\/\/media.benalmadena-property.com\/2020\/02\/P1010130-82x60.jpg"},"grid-view-image":{"file":"P1010130-492x324.jpg","width":492,"height":324,"mime-type":"image\/jpeg","url":"https:\/\/media.benalmadena-property.com\/2020\/02\/P1010130-492x324.jpg"}},"image_meta":{"aperture":"9","credit":"","camera":"DMC-SZ3","caption":"","created_timestamp":"1394108536","copyright":"","focal_length":"4.5","iso":"100","shutter_speed":"0.004","title":"","orientation":"1","keywords":[]},"ID":"1692","name":"P1010130.jpg","path":"\/var\/www\/vhosts\/benalmadena-property.com\/httpdocs\/wp-content\/uploads\/2020\/02\/P1010130.jpg","url":"https:\/\/media.benalmadena-property.com\/2020\/02\/P1010130-150x150.jpg","full_url":"https:\/\/media.benalmadena-property.com\/2020\/02\/P1010130.jpg","title":"P1010130","caption":"","description":"","alt":"","srcset":"https:\/\/media.benalmadena-property.com\/2020\/02\/P1010130-150x150.jpg 150w, https:\/\/media.benalmadena-property.com\/2020\/02\/P1010130-210x210.jpg 210w"},{"width":150,"height":150,"file":"2013\/10\/P1060859.jpg","filesize":177664,"sizes":{"medium":{"file":"P1060859-300x225.jpg","width":300,"height":225,"mime-type":"image\/jpeg","filesize":44324,"url":"https:\/\/media.benalmadena-property.com\/2013\/10\/P1060859-300x225.jpg"},"thumbnail":{"file":"P1060859-150x150.jpg","width":150,"height":150,"mime-type":"image\/jpeg","filesize":37866,"url":"https:\/\/media.benalmadena-property.com\/2013\/10\/P1060859-150x150.jpg"},"post-thumbnail":{"file":"P1060859-150x113.jpg","width":150,"height":113,"mime-type":"image\/jpeg","filesize":37054,"url":"https:\/\/media.benalmadena-property.com\/2013\/10\/P1060859-150x113.jpg"},"property-thumb-image":{"file":"P1060859-488x326.jpg","width":488,"height":326,"mime-type":"image\/jpeg","filesize":56016,"url":"https:\/\/media.benalmadena-property.com\/2013\/10\/P1060859-488x326.jpg"},"property-detail-video-image":{"file":"P1060859-640x417.jpg","width":640,"height":417,"mime-type":"image\/jpeg","filesize":71771,"url":"https:\/\/media.benalmadena-property.com\/2013\/10\/P1060859-640x417.jpg"},"agent-image":{"file":"P1060859-210x210.jpg","width":210,"height":210,"mime-type":"image\/jpeg","filesize":41315,"url":"https:\/\/media.benalmadena-property.com\/2013\/10\/P1060859-210x210.jpg"},"partners-logo":{"file":"P1060859-600x480.jpg","width":600,"height":480,"mime-type":"image\/jpeg","filesize":73864,"url":"https:\/\/media.benalmadena-property.com\/2013\/10\/P1060859-600x480.jpg"},"gallery-two-column-image":{"file":"P1060859-536x269.jpg","width":536,"height":269,"mime-type":"image\/jpeg","filesize":55192,"url":"https:\/\/media.benalmadena-property.com\/2013\/10\/P1060859-536x269.jpg"},"property-detail-slider-thumb":{"file":"P1060859-82x60.jpg","width":82,"height":60,"mime-type":"image\/jpeg","filesize":34792,"url":"https:\/\/media.benalmadena-property.com\/2013\/10\/P1060859-82x60.jpg"}},"image_meta":{"aperture":"3.1","credit":"","camera":"DMC-SZ3","caption":"","created_timestamp":"1667818530","copyright":"","focal_length":"4.5","iso":"250","shutter_speed":"0.016666666666667","title":"","orientation":"1","keywords":[]},"ID":"11301","name":"P1060859.jpg","path":"\/var\/www\/vhosts\/benalmadena-property.com\/httpdocs\/wp-content\/uploads\/2013\/10\/P1060859.jpg","url":"https:\/\/media.benalmadena-property.com\/2013\/10\/P1060859-150x150.jpg","full_url":"https:\/\/media.benalmadena-property.com\/2013\/10\/P1060859.jpg","title":"P1060859","caption":"","description":"","alt":"","srcset":"https:\/\/media.benalmadena-property.com\/2013\/10\/P1060859-150x150.jpg 150w, https:\/\/media.benalmadena-property.com\/2013\/10\/P1060859-210x210.jpg 210w"},{"width":150,"height":150,"file":"2013\/10\/P1060862.jpg","filesize":175616,"sizes":{"medium":{"file":"P1060862-300x225.jpg","width":300,"height":225,"mime-type":"image\/jpeg","filesize":49603,"url":"https:\/\/media.benalmadena-property.com\/2013\/10\/P1060862-300x225.jpg"},"thumbnail":{"file":"P1060862-150x150.jpg","width":150,"height":150,"mime-type":"image\/jpeg","filesize":39681,"url":"https:\/\/media.benalmadena-property.com\/2013\/10\/P1060862-150x150.jpg"},"post-thumbnail":{"file":"P1060862-150x113.jpg","width":150,"height":113,"mime-type":"image\/jpeg","filesize":38450,"url":"https:\/\/media.benalmadena-property.com\/2013\/10\/P1060862-150x113.jpg"},"property-thumb-image":{"file":"P1060862-488x326.jpg","width":488,"height":326,"mime-type":"image\/jpeg","filesize":67495,"url":"https:\/\/media.benalmadena-property.com\/2013\/10\/P1060862-488x326.jpg"},"property-detail-video-image":{"file":"P1060862-640x417.jpg","width":640,"height":417,"mime-type":"image\/jpeg","filesize":92483,"url":"https:\/\/media.benalmadena-property.com\/2013\/10\/P1060862-640x417.jpg"},"agent-image":{"file":"P1060862-210x210.jpg","width":210,"height":210,"mime-type":"image\/jpeg","filesize":44808,"url":"https:\/\/media.benalmadena-property.com\/2013\/10\/P1060862-210x210.jpg"},"partners-logo":{"file":"P1060862-600x480.jpg","width":600,"height":480,"mime-type":"image\/jpeg","filesize":93967,"url":"https:\/\/media.benalmadena-property.com\/2013\/10\/P1060862-600x480.jpg"},"gallery-two-column-image":{"file":"P1060862-536x269.jpg","width":536,"height":269,"mime-type":"image\/jpeg","filesize":66861,"url":"https:\/\/media.benalmadena-property.com\/2013\/10\/P1060862-536x269.jpg"},"property-detail-slider-thumb":{"file":"P1060862-82x60.jpg","width":82,"height":60,"mime-type":"image\/jpeg","filesize":35269,"url":"https:\/\/media.benalmadena-property.com\/2013\/10\/P1060862-82x60.jpg"}},"image_meta":{"aperture":"3.1","credit":"","camera":"DMC-SZ3","caption":"","created_timestamp":"1667818561","copyright":"","focal_length":"4.5","iso":"100","shutter_speed":"0.001","title":"","orientation":"1","keywords":[]},"ID":"11310","name":"P1060862.jpg","path":"\/var\/www\/vhosts\/benalmadena-property.com\/httpdocs\/wp-content\/uploads\/2013\/10\/P1060862.jpg","url":"https:\/\/media.benalmadena-property.com\/2013\/10\/P1060862-150x150.jpg","full_url":"https:\/\/media.benalmadena-property.com\/2013\/10\/P1060862.jpg","title":"P1060862","caption":"","description":"","alt":"","srcset":"https:\/\/media.benalmadena-property.com\/2013\/10\/P1060862-150x150.jpg 150w, https:\/\/media.benalmadena-property.com\/2013\/10\/P1060862-210x210.jpg 210w"},{"width":150,"height":150,"file":"2013\/10\/P1060863.jpg","filesize":164864,"sizes":{"medium":{"file":"P1060863-300x225.jpg","width":300,"height":225,"mime-type":"image\/jpeg","filesize":51563,"url":"https:\/\/media.benalmadena-property.com\/2013\/10\/P1060863-300x225.jpg"},"thumbnail":{"file":"P1060863-150x150.jpg","width":150,"height":150,"mime-type":"image\/jpeg","filesize":40362,"url":"https:\/\/media.benalmadena-property.com\/2013\/10\/P1060863-150x150.jpg"},"post-thumbnail":{"file":"P1060863-150x113.jpg","width":150,"height":113,"mime-type":"image\/jpeg","filesize":39129,"url":"https:\/\/media.benalmadena-property.com\/2013\/10\/P1060863-150x113.jpg"},"property-thumb-image":{"file":"P1060863-488x326.jpg","width":488,"height":326,"mime-type":"image\/jpeg","filesize":72959,"url":"https:\/\/media.benalmadena-property.com\/2013\/10\/P1060863-488x326.jpg"},"property-detail-video-image":{"file":"P1060863-640x417.jpg","width":640,"height":417,"mime-type":"image\/jpeg","filesize":104821,"url":"https:\/\/media.benalmadena-property.com\/2013\/10\/P1060863-640x417.jpg"},"agent-image":{"file":"P1060863-210x210.jpg","width":210,"height":210,"mime-type":"image\/jpeg","filesize":45982,"url":"https:\/\/media.benalmadena-property.com\/2013\/10\/P1060863-210x210.jpg"},"partners-logo":{"file":"P1060863-600x480.jpg","width":600,"height":480,"mime-type":"image\/jpeg","filesize":105049,"url":"https:\/\/media.benalmadena-property.com\/2013\/10\/P1060863-600x480.jpg"},"gallery-two-column-image":{"file":"P1060863-536x269.jpg","width":536,"height":269,"mime-type":"image\/jpeg","filesize":73158,"url":"https:\/\/media.benalmadena-property.com\/2013\/10\/P1060863-536x269.jpg"},"property-detail-slider-thumb":{"file":"P1060863-82x60.jpg","width":82,"height":60,"mime-type":"image\/jpeg","filesize":35586,"url":"https:\/\/media.benalmadena-property.com\/2013\/10\/P1060863-82x60.jpg"}},"image_meta":{"aperture":"3.1","credit":"","camera":"DMC-SZ3","caption":"","created_timestamp":"1667818568","copyright":"","focal_length":"4.5","iso":"100","shutter_speed":"0.001","title":"","orientation":"1","keywords":[]},"ID":"11313","name":"P1060863.jpg","path":"\/var\/www\/vhosts\/benalmadena-property.com\/httpdocs\/wp-content\/uploads\/2013\/10\/P1060863.jpg","url":"https:\/\/media.benalmadena-property.com\/2013\/10\/P1060863-150x150.jpg","full_url":"https:\/\/media.benalmadena-property.com\/2013\/10\/P1060863.jpg","title":"P1060863","caption":"","description":"","alt":"","srcset":"https:\/\/media.benalmadena-property.com\/2013\/10\/P1060863-150x150.jpg 150w, https:\/\/media.benalmadena-property.com\/2013\/10\/P1060863-210x210.jpg 210w"},{"width":150,"height":150,"file":"2013\/10\/18036b82-723e-4724-93bf-2391671dffcf.jpg","filesize":147682,"sizes":{"medium":{"file":"18036b82-723e-4724-93bf-2391671dffcf-300x225.jpg","width":300,"height":225,"mime-type":"image\/jpeg","filesize":12195,"url":"https:\/\/media.benalmadena-property.com\/2013\/10\/18036b82-723e-4724-93bf-2391671dffcf-300x225.jpg"},"large":{"file":"18036b82-723e-4724-93bf-2391671dffcf-1024x768.jpg","width":1024,"height":768,"mime-type":"image\/jpeg","filesize":85443,"url":"https:\/\/media.benalmadena-property.com\/2013\/10\/18036b82-723e-4724-93bf-2391671dffcf-1024x768.jpg"},"thumbnail":{"file":"18036b82-723e-4724-93bf-2391671dffcf-150x150.jpg","width":150,"height":150,"mime-type":"image\/jpeg","filesize":5140,"url":"https:\/\/media.benalmadena-property.com\/2013\/10\/18036b82-723e-4724-93bf-2391671dffcf-150x150.jpg"},"medium_large":{"file":"18036b82-723e-4724-93bf-2391671dffcf-768x576.jpg","width":768,"height":576,"mime-type":"image\/jpeg","filesize":53876,"url":"https:\/\/media.benalmadena-property.com\/2013\/10\/18036b82-723e-4724-93bf-2391671dffcf-768x576.jpg"},"1536x1536":{"file":"18036b82-723e-4724-93bf-2391671dffcf-1536x1152.jpg","width":1536,"height":1152,"mime-type":"image\/jpeg","filesize":160149,"url":"https:\/\/media.benalmadena-property.com\/2013\/10\/18036b82-723e-4724-93bf-2391671dffcf-1536x1152.jpg"},"post-thumbnail":{"file":"18036b82-723e-4724-93bf-2391671dffcf-150x113.jpg","width":150,"height":113,"mime-type":"image\/jpeg","filesize":4334,"url":"https:\/\/media.benalmadena-property.com\/2013\/10\/18036b82-723e-4724-93bf-2391671dffcf-150x113.jpg"},"modern-property-child-slider":{"file":"18036b82-723e-4724-93bf-2391671dffcf-680x510.jpg","width":680,"height":510,"mime-type":"image\/jpeg","filesize":44385,"url":"https:\/\/media.benalmadena-property.com\/2013\/10\/18036b82-723e-4724-93bf-2391671dffcf-680x510.jpg"},"property-thumb-image":{"file":"18036b82-723e-4724-93bf-2391671dffcf-488x326.jpg","width":488,"height":326,"mime-type":"image\/jpeg","filesize":24346,"url":"https:\/\/media.benalmadena-property.com\/2013\/10\/18036b82-723e-4724-93bf-2391671dffcf-488x326.jpg"},"property-detail-video-image":{"file":"18036b82-723e-4724-93bf-2391671dffcf-818x417.jpg","width":818,"height":417,"mime-type":"image\/jpeg","filesize":47206,"url":"https:\/\/media.benalmadena-property.com\/2013\/10\/18036b82-723e-4724-93bf-2391671dffcf-818x417.jpg"},"agent-image":{"file":"18036b82-723e-4724-93bf-2391671dffcf-210x210.jpg","width":210,"height":210,"mime-type":"image\/jpeg","filesize":8585,"url":"https:\/\/media.benalmadena-property.com\/2013\/10\/18036b82-723e-4724-93bf-2391671dffcf-210x210.jpg"},"partners-logo":{"file":"18036b82-723e-4724-93bf-2391671dffcf-600x1200.jpg","width":600,"height":1200,"mime-type":"image\/jpeg","filesize":73497,"url":"https:\/\/media.benalmadena-property.com\/2013\/10\/18036b82-723e-4724-93bf-2391671dffcf-600x1200.jpg"},"gallery-two-column-image":{"file":"18036b82-723e-4724-93bf-2391671dffcf-536x269.jpg","width":536,"height":269,"mime-type":"image\/jpeg","filesize":23504,"url":"https:\/\/media.benalmadena-property.com\/2013\/10\/18036b82-723e-4724-93bf-2391671dffcf-536x269.jpg"},"property-detail-slider-image-two":{"file":"18036b82-723e-4724-93bf-2391671dffcf-1170x648.jpg","width":1170,"height":648,"mime-type":"image\/jpeg","filesize":87102,"url":"https:\/\/media.benalmadena-property.com\/2013\/10\/18036b82-723e-4724-93bf-2391671dffcf-1170x648.jpg"},"property-detail-slider-thumb":{"file":"18036b82-723e-4724-93bf-2391671dffcf-82x60.jpg","width":82,"height":60,"mime-type":"image\/jpeg","filesize":1880,"url":"https:\/\/media.benalmadena-property.com\/2013\/10\/18036b82-723e-4724-93bf-2391671dffcf-82x60.jpg"}},"image_meta":{"aperture":"0","credit":"","camera":"","caption":"","created_timestamp":"0","copyright":"","focal_length":"0","iso":"0","shutter_speed":"0","title":"","orientation":"0","keywords":[]},"ID":"18589","name":"18036b82-723e-4724-93bf-2391671dffcf.jpg","path":"\/var\/www\/vhosts\/benalmadena-property.com\/httpdocs\/wp-content\/uploads\/2013\/10\/18036b82-723e-4724-93bf-2391671dffcf.jpg","url":"https:\/\/media.benalmadena-property.com\/2013\/10\/18036b82-723e-4724-93bf-2391671dffcf-150x150.jpg","full_url":"https:\/\/media.benalmadena-property.com\/2013\/10\/18036b82-723e-4724-93bf-2391671dffcf.jpg","title":"18036b82-723e-4724-93bf-2391671dffcf","caption":"","description":"","alt":"","srcset":"https:\/\/media.benalmadena-property.com\/2013\/10\/18036b82-723e-4724-93bf-2391671dffcf-150x150.jpg 150w, https:\/\/media.benalmadena-property.com\/2013\/10\/18036b82-723e-4724-93bf-2391671dffcf-210x210.jpg 210w"},{"width":150,"height":150,"file":"2013\/10\/c2c66a04-5d6d-4cad-b7c7-e2a893bffda2.jpg","filesize":180261,"sizes":{"medium":{"file":"c2c66a04-5d6d-4cad-b7c7-e2a893bffda2-225x300.jpg","width":225,"height":300,"mime-type":"image\/jpeg","filesize":13582,"url":"https:\/\/media.benalmadena-property.com\/2013\/10\/c2c66a04-5d6d-4cad-b7c7-e2a893bffda2-225x300.jpg"},"large":{"file":"c2c66a04-5d6d-4cad-b7c7-e2a893bffda2-768x1024.jpg","width":768,"height":1024,"mime-type":"image\/jpeg","filesize":108126,"url":"https:\/\/media.benalmadena-property.com\/2013\/10\/c2c66a04-5d6d-4cad-b7c7-e2a893bffda2-768x1024.jpg"},"thumbnail":{"file":"c2c66a04-5d6d-4cad-b7c7-e2a893bffda2-150x150.jpg","width":150,"height":150,"mime-type":"image\/jpeg","filesize":5763,"url":"https:\/\/media.benalmadena-property.com\/2013\/10\/c2c66a04-5d6d-4cad-b7c7-e2a893bffda2-150x150.jpg"},"medium_large":{"file":"c2c66a04-5d6d-4cad-b7c7-e2a893bffda2-768x1024.jpg","width":768,"height":1024,"mime-type":"image\/jpeg","filesize":108126,"url":"https:\/\/media.benalmadena-property.com\/2013\/10\/c2c66a04-5d6d-4cad-b7c7-e2a893bffda2-768x1024.jpg"},"post-thumbnail":{"file":"c2c66a04-5d6d-4cad-b7c7-e2a893bffda2-113x150.jpg","width":113,"height":150,"mime-type":"image\/jpeg","filesize":4533,"url":"https:\/\/media.benalmadena-property.com\/2013\/10\/c2c66a04-5d6d-4cad-b7c7-e2a893bffda2-113x150.jpg"},"modern-property-child-slider":{"file":"c2c66a04-5d6d-4cad-b7c7-e2a893bffda2-680x510.jpg","width":680,"height":510,"mime-type":"image\/jpeg","filesize":56356,"url":"https:\/\/media.benalmadena-property.com\/2013\/10\/c2c66a04-5d6d-4cad-b7c7-e2a893bffda2-680x510.jpg"},"property-thumb-image":{"file":"c2c66a04-5d6d-4cad-b7c7-e2a893bffda2-488x326.jpg","width":488,"height":326,"mime-type":"image\/jpeg","filesize":29341,"url":"https:\/\/media.benalmadena-property.com\/2013\/10\/c2c66a04-5d6d-4cad-b7c7-e2a893bffda2-488x326.jpg"},"property-detail-video-image":{"file":"c2c66a04-5d6d-4cad-b7c7-e2a893bffda2-818x417.jpg","width":818,"height":417,"mime-type":"image\/jpeg","filesize":59167,"url":"https:\/\/media.benalmadena-property.com\/2013\/10\/c2c66a04-5d6d-4cad-b7c7-e2a893bffda2-818x417.jpg"},"agent-image":{"file":"c2c66a04-5d6d-4cad-b7c7-e2a893bffda2-210x210.jpg","width":210,"height":210,"mime-type":"image\/jpeg","filesize":10081,"url":"https:\/\/media.benalmadena-property.com\/2013\/10\/c2c66a04-5d6d-4cad-b7c7-e2a893bffda2-210x210.jpg"},"partners-logo":{"file":"c2c66a04-5d6d-4cad-b7c7-e2a893bffda2-600x1512.jpg","width":600,"height":1512,"mime-type":"image\/jpeg","filesize":118611,"url":"https:\/\/media.benalmadena-property.com\/2013\/10\/c2c66a04-5d6d-4cad-b7c7-e2a893bffda2-600x1512.jpg"},"gallery-two-column-image":{"file":"c2c66a04-5d6d-4cad-b7c7-e2a893bffda2-536x269.jpg","width":536,"height":269,"mime-type":"image\/jpeg","filesize":28157,"url":"https:\/\/media.benalmadena-property.com\/2013\/10\/c2c66a04-5d6d-4cad-b7c7-e2a893bffda2-536x269.jpg"},"property-detail-slider-image-two":{"file":"c2c66a04-5d6d-4cad-b7c7-e2a893bffda2-1134x648.jpg","width":1134,"height":648,"mime-type":"image\/jpeg","filesize":104481,"url":"https:\/\/media.benalmadena-property.com\/2013\/10\/c2c66a04-5d6d-4cad-b7c7-e2a893bffda2-1134x648.jpg"},"property-detail-slider-thumb":{"file":"c2c66a04-5d6d-4cad-b7c7-e2a893bffda2-82x60.jpg","width":82,"height":60,"mime-type":"image\/jpeg","filesize":1889,"url":"https:\/\/media.benalmadena-property.com\/2013\/10\/c2c66a04-5d6d-4cad-b7c7-e2a893bffda2-82x60.jpg"}},"image_meta":{"aperture":"0","credit":"","camera":"","caption":"","created_timestamp":"0","copyright":"","focal_length":"0","iso":"0","shutter_speed":"0","title":"","orientation":"0","keywords":[]},"ID":"18592","name":"c2c66a04-5d6d-4cad-b7c7-e2a893bffda2.jpg","path":"\/var\/www\/vhosts\/benalmadena-property.com\/httpdocs\/wp-content\/uploads\/2013\/10\/c2c66a04-5d6d-4cad-b7c7-e2a893bffda2.jpg","url":"https:\/\/media.benalmadena-property.com\/2013\/10\/c2c66a04-5d6d-4cad-b7c7-e2a893bffda2-150x150.jpg","full_url":"https:\/\/media.benalmadena-property.com\/2013\/10\/c2c66a04-5d6d-4cad-b7c7-e2a893bffda2.jpg","title":"c2c66a04-5d6d-4cad-b7c7-e2a893bffda2","caption":"","description":"","alt":"","srcset":"https:\/\/media.benalmadena-property.com\/2013\/10\/c2c66a04-5d6d-4cad-b7c7-e2a893bffda2-150x150.jpg 150w, https:\/\/media.benalmadena-property.com\/2013\/10\/c2c66a04-5d6d-4cad-b7c7-e2a893bffda2-210x210.jpg 210w"},{"width":150,"height":150,"file":"2013\/10\/0c4f3085-3510-42c2-b050-31f879f4b745.jpg","filesize":174598,"sizes":{"medium":{"file":"0c4f3085-3510-42c2-b050-31f879f4b745-300x225.jpg","width":300,"height":225,"mime-type":"image\/jpeg","filesize":13454,"url":"https:\/\/media.benalmadena-property.com\/2013\/10\/0c4f3085-3510-42c2-b050-31f879f4b745-300x225.jpg"},"large":{"file":"0c4f3085-3510-42c2-b050-31f879f4b745-1024x768.jpg","width":1024,"height":768,"mime-type":"image\/jpeg","filesize":98260,"url":"https:\/\/media.benalmadena-property.com\/2013\/10\/0c4f3085-3510-42c2-b050-31f879f4b745-1024x768.jpg"},"thumbnail":{"file":"0c4f3085-3510-42c2-b050-31f879f4b745-150x150.jpg","width":150,"height":150,"mime-type":"image\/jpeg","filesize":5611,"url":"https:\/\/media.benalmadena-property.com\/2013\/10\/0c4f3085-3510-42c2-b050-31f879f4b745-150x150.jpg"},"medium_large":{"file":"0c4f3085-3510-42c2-b050-31f879f4b745-768x576.jpg","width":768,"height":576,"mime-type":"image\/jpeg","filesize":61020,"url":"https:\/\/media.benalmadena-property.com\/2013\/10\/0c4f3085-3510-42c2-b050-31f879f4b745-768x576.jpg"},"1536x1536":{"file":"0c4f3085-3510-42c2-b050-31f879f4b745-1536x1152.jpg","width":1536,"height":1152,"mime-type":"image\/jpeg","filesize":186120,"url":"https:\/\/media.benalmadena-property.com\/2013\/10\/0c4f3085-3510-42c2-b050-31f879f4b745-1536x1152.jpg"},"post-thumbnail":{"file":"0c4f3085-3510-42c2-b050-31f879f4b745-150x113.jpg","width":150,"height":113,"mime-type":"image\/jpeg","filesize":4688,"url":"https:\/\/media.benalmadena-property.com\/2013\/10\/0c4f3085-3510-42c2-b050-31f879f4b745-150x113.jpg"},"modern-property-child-slider":{"file":"0c4f3085-3510-42c2-b050-31f879f4b745-680x510.jpg","width":680,"height":510,"mime-type":"image\/jpeg","filesize":50208,"url":"https:\/\/media.benalmadena-property.com\/2013\/10\/0c4f3085-3510-42c2-b050-31f879f4b745-680x510.jpg"},"property-thumb-image":{"file":"0c4f3085-3510-42c2-b050-31f879f4b745-488x326.jpg","width":488,"height":326,"mime-type":"image\/jpeg","filesize":26481,"url":"https:\/\/media.benalmadena-property.com\/2013\/10\/0c4f3085-3510-42c2-b050-31f879f4b745-488x326.jpg"},"property-detail-video-image":{"file":"0c4f3085-3510-42c2-b050-31f879f4b745-818x417.jpg","width":818,"height":417,"mime-type":"image\/jpeg","filesize":50252,"url":"https:\/\/media.benalmadena-property.com\/2013\/10\/0c4f3085-3510-42c2-b050-31f879f4b745-818x417.jpg"},"agent-image":{"file":"0c4f3085-3510-42c2-b050-31f879f4b745-210x210.jpg","width":210,"height":210,"mime-type":"image\/jpeg","filesize":9600,"url":"https:\/\/media.benalmadena-property.com\/2013\/10\/0c4f3085-3510-42c2-b050-31f879f4b745-210x210.jpg"},"partners-logo":{"file":"0c4f3085-3510-42c2-b050-31f879f4b745-600x1200.jpg","width":600,"height":1200,"mime-type":"image\/jpeg","filesize":92588,"url":"https:\/\/media.benalmadena-property.com\/2013\/10\/0c4f3085-3510-42c2-b050-31f879f4b745-600x1200.jpg"},"gallery-two-column-image":{"file":"0c4f3085-3510-42c2-b050-31f879f4b745-536x269.jpg","width":536,"height":269,"mime-type":"image\/jpeg","filesize":24614,"url":"https:\/\/media.benalmadena-property.com\/2013\/10\/0c4f3085-3510-42c2-b050-31f879f4b745-536x269.jpg"},"property-detail-slider-image-two":{"file":"0c4f3085-3510-42c2-b050-31f879f4b745-1170x648.jpg","width":1170,"height":648,"mime-type":"image\/jpeg","filesize":95575,"url":"https:\/\/media.benalmadena-property.com\/2013\/10\/0c4f3085-3510-42c2-b050-31f879f4b745-1170x648.jpg"},"property-detail-slider-thumb":{"file":"0c4f3085-3510-42c2-b050-31f879f4b745-82x60.jpg","width":82,"height":60,"mime-type":"image\/jpeg","filesize":1943,"url":"https:\/\/media.benalmadena-property.com\/2013\/10\/0c4f3085-3510-42c2-b050-31f879f4b745-82x60.jpg"}},"image_meta":{"aperture":"0","credit":"","camera":"","caption":"","created_timestamp":"0","copyright":"","focal_length":"0","iso":"0","shutter_speed":"0","title":"","orientation":"0","keywords":[]},"ID":"18571","name":"0c4f3085-3510-42c2-b050-31f879f4b745.jpg","path":"\/var\/www\/vhosts\/benalmadena-property.com\/httpdocs\/wp-content\/uploads\/2013\/10\/0c4f3085-3510-42c2-b050-31f879f4b745.jpg","url":"https:\/\/media.benalmadena-property.com\/2013\/10\/0c4f3085-3510-42c2-b050-31f879f4b745-150x150.jpg","full_url":"https:\/\/media.benalmadena-property.com\/2013\/10\/0c4f3085-3510-42c2-b050-31f879f4b745.jpg","title":"0c4f3085-3510-42c2-b050-31f879f4b745","caption":"","description":"","alt":"","srcset":"https:\/\/media.benalmadena-property.com\/2013\/10\/0c4f3085-3510-42c2-b050-31f879f4b745-150x150.jpg 150w, https:\/\/media.benalmadena-property.com\/2013\/10\/0c4f3085-3510-42c2-b050-31f879f4b745-210x210.jpg 210w"},{"width":150,"height":150,"file":"2013\/10\/5c6f6962-9d2d-4eee-8e76-08905f55bc28.jpg","filesize":143365,"sizes":{"medium":{"file":"5c6f6962-9d2d-4eee-8e76-08905f55bc28-225x300.jpg","width":225,"height":300,"mime-type":"image\/jpeg","filesize":12526,"url":"https:\/\/media.benalmadena-property.com\/2013\/10\/5c6f6962-9d2d-4eee-8e76-08905f55bc28-225x300.jpg"},"large":{"file":"5c6f6962-9d2d-4eee-8e76-08905f55bc28-768x1024.jpg","width":768,"height":1024,"mime-type":"image\/jpeg","filesize":84806,"url":"https:\/\/media.benalmadena-property.com\/2013\/10\/5c6f6962-9d2d-4eee-8e76-08905f55bc28-768x1024.jpg"},"thumbnail":{"file":"5c6f6962-9d2d-4eee-8e76-08905f55bc28-150x150.jpg","width":150,"height":150,"mime-type":"image\/jpeg","filesize":5713,"url":"https:\/\/media.benalmadena-property.com\/2013\/10\/5c6f6962-9d2d-4eee-8e76-08905f55bc28-150x150.jpg"},"medium_large":{"file":"5c6f6962-9d2d-4eee-8e76-08905f55bc28-768x1024.jpg","width":768,"height":1024,"mime-type":"image\/jpeg","filesize":84806,"url":"https:\/\/media.benalmadena-property.com\/2013\/10\/5c6f6962-9d2d-4eee-8e76-08905f55bc28-768x1024.jpg"},"1536x1536":{"file":"5c6f6962-9d2d-4eee-8e76-08905f55bc28-1152x1536.jpg","width":1152,"height":1536,"mime-type":"image\/jpeg","filesize":156491,"url":"https:\/\/media.benalmadena-property.com\/2013\/10\/5c6f6962-9d2d-4eee-8e76-08905f55bc28-1152x1536.jpg"},"post-thumbnail":{"file":"5c6f6962-9d2d-4eee-8e76-08905f55bc28-113x150.jpg","width":113,"height":150,"mime-type":"image\/jpeg","filesize":4469,"url":"https:\/\/media.benalmadena-property.com\/2013\/10\/5c6f6962-9d2d-4eee-8e76-08905f55bc28-113x150.jpg"},"modern-property-child-slider":{"file":"5c6f6962-9d2d-4eee-8e76-08905f55bc28-680x510.jpg","width":680,"height":510,"mime-type":"image\/jpeg","filesize":47408,"url":"https:\/\/media.benalmadena-property.com\/2013\/10\/5c6f6962-9d2d-4eee-8e76-08905f55bc28-680x510.jpg"},"property-thumb-image":{"file":"5c6f6962-9d2d-4eee-8e76-08905f55bc28-488x326.jpg","width":488,"height":326,"mime-type":"image\/jpeg","filesize":25859,"url":"https:\/\/media.benalmadena-property.com\/2013\/10\/5c6f6962-9d2d-4eee-8e76-08905f55bc28-488x326.jpg"},"property-detail-video-image":{"file":"5c6f6962-9d2d-4eee-8e76-08905f55bc28-818x417.jpg","width":818,"height":417,"mime-type":"image\/jpeg","filesize":46186,"url":"https:\/\/media.benalmadena-property.com\/2013\/10\/5c6f6962-9d2d-4eee-8e76-08905f55bc28-818x417.jpg"},"agent-image":{"file":"5c6f6962-9d2d-4eee-8e76-08905f55bc28-210x210.jpg","width":210,"height":210,"mime-type":"image\/jpeg","filesize":9539,"url":"https:\/\/media.benalmadena-property.com\/2013\/10\/5c6f6962-9d2d-4eee-8e76-08905f55bc28-210x210.jpg"},"partners-logo":{"file":"5c6f6962-9d2d-4eee-8e76-08905f55bc28-600x1600.jpg","width":600,"height":1600,"mime-type":"image\/jpeg","filesize":101999,"url":"https:\/\/media.benalmadena-property.com\/2013\/10\/5c6f6962-9d2d-4eee-8e76-08905f55bc28-600x1600.jpg"},"gallery-two-column-image":{"file":"5c6f6962-9d2d-4eee-8e76-08905f55bc28-536x269.jpg","width":536,"height":269,"mime-type":"image\/jpeg","filesize":23487,"url":"https:\/\/media.benalmadena-property.com\/2013\/10\/5c6f6962-9d2d-4eee-8e76-08905f55bc28-536x269.jpg"},"property-detail-slider-image-two":{"file":"5c6f6962-9d2d-4eee-8e76-08905f55bc28-1170x648.jpg","width":1170,"height":648,"mime-type":"image\/jpeg","filesize":84122,"url":"https:\/\/media.benalmadena-property.com\/2013\/10\/5c6f6962-9d2d-4eee-8e76-08905f55bc28-1170x648.jpg"},"property-detail-slider-thumb":{"file":"5c6f6962-9d2d-4eee-8e76-08905f55bc28-82x60.jpg","width":82,"height":60,"mime-type":"image\/jpeg","filesize":1985,"url":"https:\/\/media.benalmadena-property.com\/2013\/10\/5c6f6962-9d2d-4eee-8e76-08905f55bc28-82x60.jpg"}},"image_meta":{"aperture":"0","credit":"","camera":"","caption":"","created_timestamp":"0","copyright":"","focal_length":"0","iso":"0","shutter_speed":"0","title":"","orientation":"0","keywords":[]},"ID":"18574","name":"5c6f6962-9d2d-4eee-8e76-08905f55bc28.jpg","path":"\/var\/www\/vhosts\/benalmadena-property.com\/httpdocs\/wp-content\/uploads\/2013\/10\/5c6f6962-9d2d-4eee-8e76-08905f55bc28.jpg","url":"https:\/\/media.benalmadena-property.com\/2013\/10\/5c6f6962-9d2d-4eee-8e76-08905f55bc28-150x150.jpg","full_url":"https:\/\/media.benalmadena-property.com\/2013\/10\/5c6f6962-9d2d-4eee-8e76-08905f55bc28.jpg","title":"5c6f6962-9d2d-4eee-8e76-08905f55bc28","caption":"","description":"","alt":"","srcset":"https:\/\/media.benalmadena-property.com\/2013\/10\/5c6f6962-9d2d-4eee-8e76-08905f55bc28-150x150.jpg 150w, https:\/\/media.benalmadena-property.com\/2013\/10\/5c6f6962-9d2d-4eee-8e76-08905f55bc28-210x210.jpg 210w"},{"width":150,"height":150,"file":"2013\/10\/88a5ea2d-92b5-43bc-b508-bc7782a0a16a.jpg","filesize":153142,"sizes":{"medium":{"file":"88a5ea2d-92b5-43bc-b508-bc7782a0a16a-300x225.jpg","width":300,"height":225,"mime-type":"image\/jpeg","filesize":11999,"url":"https:\/\/media.benalmadena-property.com\/2013\/10\/88a5ea2d-92b5-43bc-b508-bc7782a0a16a-300x225.jpg"},"large":{"file":"88a5ea2d-92b5-43bc-b508-bc7782a0a16a-1024x768.jpg","width":1024,"height":768,"mime-type":"image\/jpeg","filesize":88195,"url":"https:\/\/media.benalmadena-property.com\/2013\/10\/88a5ea2d-92b5-43bc-b508-bc7782a0a16a-1024x768.jpg"},"thumbnail":{"file":"88a5ea2d-92b5-43bc-b508-bc7782a0a16a-150x150.jpg","width":150,"height":150,"mime-type":"image\/jpeg","filesize":5028,"url":"https:\/\/media.benalmadena-property.com\/2013\/10\/88a5ea2d-92b5-43bc-b508-bc7782a0a16a-150x150.jpg"},"medium_large":{"file":"88a5ea2d-92b5-43bc-b508-bc7782a0a16a-768x576.jpg","width":768,"height":576,"mime-type":"image\/jpeg","filesize":55280,"url":"https:\/\/media.benalmadena-property.com\/2013\/10\/88a5ea2d-92b5-43bc-b508-bc7782a0a16a-768x576.jpg"},"1536x1536":{"file":"88a5ea2d-92b5-43bc-b508-bc7782a0a16a-1536x1152.jpg","width":1536,"height":1152,"mime-type":"image\/jpeg","filesize":165196,"url":"https:\/\/media.benalmadena-property.com\/2013\/10\/88a5ea2d-92b5-43bc-b508-bc7782a0a16a-1536x1152.jpg"},"post-thumbnail":{"file":"88a5ea2d-92b5-43bc-b508-bc7782a0a16a-150x113.jpg","width":150,"height":113,"mime-type":"image\/jpeg","filesize":4110,"url":"https:\/\/media.benalmadena-property.com\/2013\/10\/88a5ea2d-92b5-43bc-b508-bc7782a0a16a-150x113.jpg"},"modern-property-child-slider":{"file":"88a5ea2d-92b5-43bc-b508-bc7782a0a16a-680x510.jpg","width":680,"height":510,"mime-type":"image\/jpeg","filesize":45433,"url":"https:\/\/media.benalmadena-property.com\/2013\/10\/88a5ea2d-92b5-43bc-b508-bc7782a0a16a-680x510.jpg"},"property-thumb-image":{"file":"88a5ea2d-92b5-43bc-b508-bc7782a0a16a-488x326.jpg","width":488,"height":326,"mime-type":"image\/jpeg","filesize":24504,"url":"https:\/\/media.benalmadena-property.com\/2013\/10\/88a5ea2d-92b5-43bc-b508-bc7782a0a16a-488x326.jpg"},"property-detail-video-image":{"file":"88a5ea2d-92b5-43bc-b508-bc7782a0a16a-818x417.jpg","width":818,"height":417,"mime-type":"image\/jpeg","filesize":46595,"url":"https:\/\/media.benalmadena-property.com\/2013\/10\/88a5ea2d-92b5-43bc-b508-bc7782a0a16a-818x417.jpg"},"agent-image":{"file":"88a5ea2d-92b5-43bc-b508-bc7782a0a16a-210x210.jpg","width":210,"height":210,"mime-type":"image\/jpeg","filesize":8691,"url":"https:\/\/media.benalmadena-property.com\/2013\/10\/88a5ea2d-92b5-43bc-b508-bc7782a0a16a-210x210.jpg"},"partners-logo":{"file":"88a5ea2d-92b5-43bc-b508-bc7782a0a16a-600x1200.jpg","width":600,"height":1200,"mime-type":"image\/jpeg","filesize":89411,"url":"https:\/\/media.benalmadena-property.com\/2013\/10\/88a5ea2d-92b5-43bc-b508-bc7782a0a16a-600x1200.jpg"},"gallery-two-column-image":{"file":"88a5ea2d-92b5-43bc-b508-bc7782a0a16a-536x269.jpg","width":536,"height":269,"mime-type":"image\/jpeg","filesize":22925,"url":"https:\/\/media.benalmadena-property.com\/2013\/10\/88a5ea2d-92b5-43bc-b508-bc7782a0a16a-536x269.jpg"},"property-detail-slider-image-two":{"file":"88a5ea2d-92b5-43bc-b508-bc7782a0a16a-1170x648.jpg","width":1170,"height":648,"mime-type":"image\/jpeg","filesize":87794,"url":"https:\/\/media.benalmadena-property.com\/2013\/10\/88a5ea2d-92b5-43bc-b508-bc7782a0a16a-1170x648.jpg"},"property-detail-slider-thumb":{"file":"88a5ea2d-92b5-43bc-b508-bc7782a0a16a-82x60.jpg","width":82,"height":60,"mime-type":"image\/jpeg","filesize":1708,"url":"https:\/\/media.benalmadena-property.com\/2013\/10\/88a5ea2d-92b5-43bc-b508-bc7782a0a16a-82x60.jpg"}},"image_meta":{"aperture":"0","credit":"","camera":"","caption":"","created_timestamp":"0","copyright":"","focal_length":"0","iso":"0","shutter_speed":"0","title":"","orientation":"0","keywords":[]},"ID":"18583","name":"88a5ea2d-92b5-43bc-b508-bc7782a0a16a.jpg","path":"\/var\/www\/vhosts\/benalmadena-property.com\/httpdocs\/wp-content\/uploads\/2013\/10\/88a5ea2d-92b5-43bc-b508-bc7782a0a16a.jpg","url":"https:\/\/media.benalmadena-property.com\/2013\/10\/88a5ea2d-92b5-43bc-b508-bc7782a0a16a-150x150.jpg","full_url":"https:\/\/media.benalmadena-property.com\/2013\/10\/88a5ea2d-92b5-43bc-b508-bc7782a0a16a.jpg","title":"88a5ea2d-92b5-43bc-b508-bc7782a0a16a","caption":"","description":"","alt":"","srcset":"https:\/\/media.benalmadena-property.com\/2013\/10\/88a5ea2d-92b5-43bc-b508-bc7782a0a16a-150x150.jpg 150w, https:\/\/media.benalmadena-property.com\/2013\/10\/88a5ea2d-92b5-43bc-b508-bc7782a0a16a-210x210.jpg 210w"},{"width":150,"height":150,"file":"2013\/10\/9c5e0012-d2a5-4d73-b112-7106c43e4883.jpg","filesize":140287,"sizes":{"medium":{"file":"9c5e0012-d2a5-4d73-b112-7106c43e4883-300x225.jpg","width":300,"height":225,"mime-type":"image\/jpeg","filesize":11315,"url":"https:\/\/media.benalmadena-property.com\/2013\/10\/9c5e0012-d2a5-4d73-b112-7106c43e4883-300x225.jpg"},"large":{"file":"9c5e0012-d2a5-4d73-b112-7106c43e4883-1024x768.jpg","width":1024,"height":768,"mime-type":"image\/jpeg","filesize":81951,"url":"https:\/\/media.benalmadena-property.com\/2013\/10\/9c5e0012-d2a5-4d73-b112-7106c43e4883-1024x768.jpg"},"thumbnail":{"file":"9c5e0012-d2a5-4d73-b112-7106c43e4883-150x150.jpg","width":150,"height":150,"mime-type":"image\/jpeg","filesize":4757,"url":"https:\/\/media.benalmadena-property.com\/2013\/10\/9c5e0012-d2a5-4d73-b112-7106c43e4883-150x150.jpg"},"medium_large":{"file":"9c5e0012-d2a5-4d73-b112-7106c43e4883-768x576.jpg","width":768,"height":576,"mime-type":"image\/jpeg","filesize":51448,"url":"https:\/\/media.benalmadena-property.com\/2013\/10\/9c5e0012-d2a5-4d73-b112-7106c43e4883-768x576.jpg"},"1536x1536":{"file":"9c5e0012-d2a5-4d73-b112-7106c43e4883-1536x1152.jpg","width":1536,"height":1152,"mime-type":"image\/jpeg","filesize":152741,"url":"https:\/\/media.benalmadena-property.com\/2013\/10\/9c5e0012-d2a5-4d73-b112-7106c43e4883-1536x1152.jpg"},"post-thumbnail":{"file":"9c5e0012-d2a5-4d73-b112-7106c43e4883-150x113.jpg","width":150,"height":113,"mime-type":"image\/jpeg","filesize":3955,"url":"https:\/\/media.benalmadena-property.com\/2013\/10\/9c5e0012-d2a5-4d73-b112-7106c43e4883-150x113.jpg"},"modern-property-child-slider":{"file":"9c5e0012-d2a5-4d73-b112-7106c43e4883-680x510.jpg","width":680,"height":510,"mime-type":"image\/jpeg","filesize":42320,"url":"https:\/\/media.benalmadena-property.com\/2013\/10\/9c5e0012-d2a5-4d73-b112-7106c43e4883-680x510.jpg"},"property-thumb-image":{"file":"9c5e0012-d2a5-4d73-b112-7106c43e4883-488x326.jpg","width":488,"height":326,"mime-type":"image\/jpeg","filesize":22812,"url":"https:\/\/media.benalmadena-property.com\/2013\/10\/9c5e0012-d2a5-4d73-b112-7106c43e4883-488x326.jpg"},"property-detail-video-image":{"file":"9c5e0012-d2a5-4d73-b112-7106c43e4883-818x417.jpg","width":818,"height":417,"mime-type":"image\/jpeg","filesize":42710,"url":"https:\/\/media.benalmadena-property.com\/2013\/10\/9c5e0012-d2a5-4d73-b112-7106c43e4883-818x417.jpg"},"agent-image":{"file":"9c5e0012-d2a5-4d73-b112-7106c43e4883-210x210.jpg","width":210,"height":210,"mime-type":"image\/jpeg","filesize":8138,"url":"https:\/\/media.benalmadena-property.com\/2013\/10\/9c5e0012-d2a5-4d73-b112-7106c43e4883-210x210.jpg"},"partners-logo":{"file":"9c5e0012-d2a5-4d73-b112-7106c43e4883-600x1200.jpg","width":600,"height":1200,"mime-type":"image\/jpeg","filesize":79772,"url":"https:\/\/media.benalmadena-property.com\/2013\/10\/9c5e0012-d2a5-4d73-b112-7106c43e4883-600x1200.jpg"},"gallery-two-column-image":{"file":"9c5e0012-d2a5-4d73-b112-7106c43e4883-536x269.jpg","width":536,"height":269,"mime-type":"image\/jpeg","filesize":21076,"url":"https:\/\/media.benalmadena-property.com\/2013\/10\/9c5e0012-d2a5-4d73-b112-7106c43e4883-536x269.jpg"},"property-detail-slider-image-two":{"file":"9c5e0012-d2a5-4d73-b112-7106c43e4883-1170x648.jpg","width":1170,"height":648,"mime-type":"image\/jpeg","filesize":79433,"url":"https:\/\/media.benalmadena-property.com\/2013\/10\/9c5e0012-d2a5-4d73-b112-7106c43e4883-1170x648.jpg"},"property-detail-slider-thumb":{"file":"9c5e0012-d2a5-4d73-b112-7106c43e4883-82x60.jpg","width":82,"height":60,"mime-type":"image\/jpeg","filesize":1656,"url":"https:\/\/media.benalmadena-property.com\/2013\/10\/9c5e0012-d2a5-4d73-b112-7106c43e4883-82x60.jpg"}},"image_meta":{"aperture":"0","credit":"","camera":"","caption":"","created_timestamp":"0","copyright":"","focal_length":"0","iso":"0","shutter_speed":"0","title":"","orientation":"0","keywords":[]},"ID":"18580","name":"9c5e0012-d2a5-4d73-b112-7106c43e4883.jpg","path":"\/var\/www\/vhosts\/benalmadena-property.com\/httpdocs\/wp-content\/uploads\/2013\/10\/9c5e0012-d2a5-4d73-b112-7106c43e4883.jpg","url":"https:\/\/media.benalmadena-property.com\/2013\/10\/9c5e0012-d2a5-4d73-b112-7106c43e4883-150x150.jpg","full_url":"https:\/\/media.benalmadena-property.com\/2013\/10\/9c5e0012-d2a5-4d73-b112-7106c43e4883.jpg","title":"9c5e0012-d2a5-4d73-b112-7106c43e4883","caption":"","description":"","alt":"","srcset":"https:\/\/media.benalmadena-property.com\/2013\/10\/9c5e0012-d2a5-4d73-b112-7106c43e4883-150x150.jpg 150w, https:\/\/media.benalmadena-property.com\/2013\/10\/9c5e0012-d2a5-4d73-b112-7106c43e4883-210x210.jpg 210w"},{"width":150,"height":150,"file":"2013\/10\/6f9875cd-79b0-42cc-a798-a5d7c57132c1.jpg","filesize":117842,"sizes":{"medium":{"file":"6f9875cd-79b0-42cc-a798-a5d7c57132c1-300x225.jpg","width":300,"height":225,"mime-type":"image\/jpeg","filesize":11285,"url":"https:\/\/media.benalmadena-property.com\/2013\/10\/6f9875cd-79b0-42cc-a798-a5d7c57132c1-300x225.jpg"},"large":{"file":"6f9875cd-79b0-42cc-a798-a5d7c57132c1-1024x768.jpg","width":1024,"height":768,"mime-type":"image\/jpeg","filesize":77724,"url":"https:\/\/media.benalmadena-property.com\/2013\/10\/6f9875cd-79b0-42cc-a798-a5d7c57132c1-1024x768.jpg"},"thumbnail":{"file":"6f9875cd-79b0-42cc-a798-a5d7c57132c1-150x150.jpg","width":150,"height":150,"mime-type":"image\/jpeg","filesize":4863,"url":"https:\/\/media.benalmadena-property.com\/2013\/10\/6f9875cd-79b0-42cc-a798-a5d7c57132c1-150x150.jpg"},"medium_large":{"file":"6f9875cd-79b0-42cc-a798-a5d7c57132c1-768x576.jpg","width":768,"height":576,"mime-type":"image\/jpeg","filesize":48972,"url":"https:\/\/media.benalmadena-property.com\/2013\/10\/6f9875cd-79b0-42cc-a798-a5d7c57132c1-768x576.jpg"},"post-thumbnail":{"file":"6f9875cd-79b0-42cc-a798-a5d7c57132c1-150x113.jpg","width":150,"height":113,"mime-type":"image\/jpeg","filesize":4050,"url":"https:\/\/media.benalmadena-property.com\/2013\/10\/6f9875cd-79b0-42cc-a798-a5d7c57132c1-150x113.jpg"},"modern-property-child-slider":{"file":"6f9875cd-79b0-42cc-a798-a5d7c57132c1-680x510.jpg","width":680,"height":510,"mime-type":"image\/jpeg","filesize":40385,"url":"https:\/\/media.benalmadena-property.com\/2013\/10\/6f9875cd-79b0-42cc-a798-a5d7c57132c1-680x510.jpg"},"property-thumb-image":{"file":"6f9875cd-79b0-42cc-a798-a5d7c57132c1-488x326.jpg","width":488,"height":326,"mime-type":"image\/jpeg","filesize":21605,"url":"https:\/\/media.benalmadena-property.com\/2013\/10\/6f9875cd-79b0-42cc-a798-a5d7c57132c1-488x326.jpg"},"property-detail-video-image":{"file":"6f9875cd-79b0-42cc-a798-a5d7c57132c1-818x417.jpg","width":818,"height":417,"mime-type":"image\/jpeg","filesize":38798,"url":"https:\/\/media.benalmadena-property.com\/2013\/10\/6f9875cd-79b0-42cc-a798-a5d7c57132c1-818x417.jpg"},"agent-image":{"file":"6f9875cd-79b0-42cc-a798-a5d7c57132c1-210x210.jpg","width":210,"height":210,"mime-type":"image\/jpeg","filesize":8198,"url":"https:\/\/media.benalmadena-property.com\/2013\/10\/6f9875cd-79b0-42cc-a798-a5d7c57132c1-210x210.jpg"},"partners-logo":{"file":"6f9875cd-79b0-42cc-a798-a5d7c57132c1-600x1109.jpg","width":600,"height":1109,"mime-type":"image\/jpeg","filesize":68682,"url":"https:\/\/media.benalmadena-property.com\/2013\/10\/6f9875cd-79b0-42cc-a798-a5d7c57132c1-600x1109.jpg"},"gallery-two-column-image":{"file":"6f9875cd-79b0-42cc-a798-a5d7c57132c1-536x269.jpg","width":536,"height":269,"mime-type":"image\/jpeg","filesize":19055,"url":"https:\/\/media.benalmadena-property.com\/2013\/10\/6f9875cd-79b0-42cc-a798-a5d7c57132c1-536x269.jpg"},"property-detail-slider-image-two":{"file":"6f9875cd-79b0-42cc-a798-a5d7c57132c1-1170x648.jpg","width":1170,"height":648,"mime-type":"image\/jpeg","filesize":73697,"url":"https:\/\/media.benalmadena-property.com\/2013\/10\/6f9875cd-79b0-42cc-a798-a5d7c57132c1-1170x648.jpg"},"property-detail-slider-thumb":{"file":"6f9875cd-79b0-42cc-a798-a5d7c57132c1-82x60.jpg","width":82,"height":60,"mime-type":"image\/jpeg","filesize":1684,"url":"https:\/\/media.benalmadena-property.com\/2013\/10\/6f9875cd-79b0-42cc-a798-a5d7c57132c1-82x60.jpg"}},"image_meta":{"aperture":"0","credit":"","camera":"","caption":"","created_timestamp":"0","copyright":"","focal_length":"0","iso":"0","shutter_speed":"0","title":"","orientation":"0","keywords":[]},"ID":"18577","name":"6f9875cd-79b0-42cc-a798-a5d7c57132c1.jpg","path":"\/var\/www\/vhosts\/benalmadena-property.com\/httpdocs\/wp-content\/uploads\/2013\/10\/6f9875cd-79b0-42cc-a798-a5d7c57132c1.jpg","url":"https:\/\/media.benalmadena-property.com\/2013\/10\/6f9875cd-79b0-42cc-a798-a5d7c57132c1-150x150.jpg","full_url":"https:\/\/media.benalmadena-property.com\/2013\/10\/6f9875cd-79b0-42cc-a798-a5d7c57132c1.jpg","title":"6f9875cd-79b0-42cc-a798-a5d7c57132c1","caption":"","description":"","alt":"","srcset":"https:\/\/media.benalmadena-property.com\/2013\/10\/6f9875cd-79b0-42cc-a798-a5d7c57132c1-150x150.jpg 150w, https:\/\/media.benalmadena-property.com\/2013\/10\/6f9875cd-79b0-42cc-a798-a5d7c57132c1-210x210.jpg 210w"},{"width":150,"height":150,"file":"2013\/10\/847a77f1-d051-4bb3-8a89-493becf4e4ec.jpg","filesize":126664,"sizes":{"medium":{"file":"847a77f1-d051-4bb3-8a89-493becf4e4ec-225x300.jpg","width":225,"height":300,"mime-type":"image\/jpeg","filesize":9810,"url":"https:\/\/media.benalmadena-property.com\/2013\/10\/847a77f1-d051-4bb3-8a89-493becf4e4ec-225x300.jpg"},"large":{"file":"847a77f1-d051-4bb3-8a89-493becf4e4ec-768x1024.jpg","width":768,"height":1024,"mime-type":"image\/jpeg","filesize":72712,"url":"https:\/\/media.benalmadena-property.com\/2013\/10\/847a77f1-d051-4bb3-8a89-493becf4e4ec-768x1024.jpg"},"thumbnail":{"file":"847a77f1-d051-4bb3-8a89-493becf4e4ec-150x150.jpg","width":150,"height":150,"mime-type":"image\/jpeg","filesize":4114,"url":"https:\/\/media.benalmadena-property.com\/2013\/10\/847a77f1-d051-4bb3-8a89-493becf4e4ec-150x150.jpg"},"medium_large":{"file":"847a77f1-d051-4bb3-8a89-493becf4e4ec-768x1024.jpg","width":768,"height":1024,"mime-type":"image\/jpeg","filesize":72712,"url":"https:\/\/media.benalmadena-property.com\/2013\/10\/847a77f1-d051-4bb3-8a89-493becf4e4ec-768x1024.jpg"},"1536x1536":{"file":"847a77f1-d051-4bb3-8a89-493becf4e4ec-1152x1536.jpg","width":1152,"height":1536,"mime-type":"image\/jpeg","filesize":138946,"url":"https:\/\/media.benalmadena-property.com\/2013\/10\/847a77f1-d051-4bb3-8a89-493becf4e4ec-1152x1536.jpg"},"post-thumbnail":{"file":"847a77f1-d051-4bb3-8a89-493becf4e4ec-113x150.jpg","width":113,"height":150,"mime-type":"image\/jpeg","filesize":3498,"url":"https:\/\/media.benalmadena-property.com\/2013\/10\/847a77f1-d051-4bb3-8a89-493becf4e4ec-113x150.jpg"},"modern-property-child-slider":{"file":"847a77f1-d051-4bb3-8a89-493becf4e4ec-680x510.jpg","width":680,"height":510,"mime-type":"image\/jpeg","filesize":37683,"url":"https:\/\/media.benalmadena-property.com\/2013\/10\/847a77f1-d051-4bb3-8a89-493becf4e4ec-680x510.jpg"},"property-thumb-image":{"file":"847a77f1-d051-4bb3-8a89-493becf4e4ec-488x326.jpg","width":488,"height":326,"mime-type":"image\/jpeg","filesize":19625,"url":"https:\/\/media.benalmadena-property.com\/2013\/10\/847a77f1-d051-4bb3-8a89-493becf4e4ec-488x326.jpg"},"property-detail-video-image":{"file":"847a77f1-d051-4bb3-8a89-493becf4e4ec-818x417.jpg","width":818,"height":417,"mime-type":"image\/jpeg","filesize":36889,"url":"https:\/\/media.benalmadena-property.com\/2013\/10\/847a77f1-d051-4bb3-8a89-493becf4e4ec-818x417.jpg"},"agent-image":{"file":"847a77f1-d051-4bb3-8a89-493becf4e4ec-210x210.jpg","width":210,"height":210,"mime-type":"image\/jpeg","filesize":7034,"url":"https:\/\/media.benalmadena-property.com\/2013\/10\/847a77f1-d051-4bb3-8a89-493becf4e4ec-210x210.jpg"},"partners-logo":{"file":"847a77f1-d051-4bb3-8a89-493becf4e4ec-600x1600.jpg","width":600,"height":1600,"mime-type":"image\/jpeg","filesize":94616,"url":"https:\/\/media.benalmadena-property.com\/2013\/10\/847a77f1-d051-4bb3-8a89-493becf4e4ec-600x1600.jpg"},"gallery-two-column-image":{"file":"847a77f1-d051-4bb3-8a89-493becf4e4ec-536x269.jpg","width":536,"height":269,"mime-type":"image\/jpeg","filesize":17793,"url":"https:\/\/media.benalmadena-property.com\/2013\/10\/847a77f1-d051-4bb3-8a89-493becf4e4ec-536x269.jpg"},"property-detail-slider-image-two":{"file":"847a77f1-d051-4bb3-8a89-493becf4e4ec-1170x648.jpg","width":1170,"height":648,"mime-type":"image\/jpeg","filesize":68677,"url":"https:\/\/media.benalmadena-property.com\/2013\/10\/847a77f1-d051-4bb3-8a89-493becf4e4ec-1170x648.jpg"},"property-detail-slider-thumb":{"file":"847a77f1-d051-4bb3-8a89-493becf4e4ec-82x60.jpg","width":82,"height":60,"mime-type":"image\/jpeg","filesize":1521,"url":"https:\/\/media.benalmadena-property.com\/2013\/10\/847a77f1-d051-4bb3-8a89-493becf4e4ec-82x60.jpg"}},"image_meta":{"aperture":"0","credit":"","camera":"","caption":"","created_timestamp":"0","copyright":"","focal_length":"0","iso":"0","shutter_speed":"0","title":"","orientation":"0","keywords":[]},"ID":"18586","name":"847a77f1-d051-4bb3-8a89-493becf4e4ec.jpg","path":"\/var\/www\/vhosts\/benalmadena-property.com\/httpdocs\/wp-content\/uploads\/2013\/10\/847a77f1-d051-4bb3-8a89-493becf4e4ec.jpg","url":"https:\/\/media.benalmadena-property.com\/2013\/10\/847a77f1-d051-4bb3-8a89-493becf4e4ec-150x150.jpg","full_url":"https:\/\/media.benalmadena-property.com\/2013\/10\/847a77f1-d051-4bb3-8a89-493becf4e4ec.jpg","title":"847a77f1-d051-4bb3-8a89-493becf4e4ec","caption":"","description":"","alt":"","srcset":"https:\/\/media.benalmadena-property.com\/2013\/10\/847a77f1-d051-4bb3-8a89-493becf4e4ec-150x150.jpg 150w, https:\/\/media.benalmadena-property.com\/2013\/10\/847a77f1-d051-4bb3-8a89-493becf4e4ec-210x210.jpg 210w"},{"width":150,"height":150,"file":"2013\/10\/de0d0197-2766-4e3c-a41e-834b70110e61-2.jpeg","filesize":103159,"sizes":{"medium":{"file":"de0d0197-2766-4e3c-a41e-834b70110e61-2-225x300.jpeg","width":225,"height":300,"mime-type":"image\/jpeg","filesize":13031,"url":"https:\/\/media.benalmadena-property.com\/2013\/10\/de0d0197-2766-4e3c-a41e-834b70110e61-2-225x300.jpeg"},"large":{"file":"de0d0197-2766-4e3c-a41e-834b70110e61-2-768x1024.jpeg","width":768,"height":1024,"mime-type":"image\/jpeg","filesize":94829,"url":"https:\/\/media.benalmadena-property.com\/2013\/10\/de0d0197-2766-4e3c-a41e-834b70110e61-2-768x1024.jpeg"},"thumbnail":{"file":"de0d0197-2766-4e3c-a41e-834b70110e61-2-150x150.jpeg","width":150,"height":150,"mime-type":"image\/jpeg","filesize":5355,"url":"https:\/\/media.benalmadena-property.com\/2013\/10\/de0d0197-2766-4e3c-a41e-834b70110e61-2-150x150.jpeg"},"medium_large":{"file":"de0d0197-2766-4e3c-a41e-834b70110e61-2-768x1024.jpeg","width":768,"height":1024,"mime-type":"image\/jpeg","filesize":94829,"url":"https:\/\/media.benalmadena-property.com\/2013\/10\/de0d0197-2766-4e3c-a41e-834b70110e61-2-768x1024.jpeg"},"post-thumbnail":{"file":"de0d0197-2766-4e3c-a41e-834b70110e61-2-112x150.jpeg","width":112,"height":150,"mime-type":"image\/jpeg","filesize":4182,"url":"https:\/\/media.benalmadena-property.com\/2013\/10\/de0d0197-2766-4e3c-a41e-834b70110e61-2-112x150.jpeg"},"modern-property-child-slider":{"file":"de0d0197-2766-4e3c-a41e-834b70110e61-2-680x510.jpeg","width":680,"height":510,"mime-type":"image\/jpeg","filesize":45343,"url":"https:\/\/media.benalmadena-property.com\/2013\/10\/de0d0197-2766-4e3c-a41e-834b70110e61-2-680x510.jpeg"},"property-thumb-image":{"file":"de0d0197-2766-4e3c-a41e-834b70110e61-2-488x326.jpeg","width":488,"height":326,"mime-type":"image\/jpeg","filesize":23512,"url":"https:\/\/media.benalmadena-property.com\/2013\/10\/de0d0197-2766-4e3c-a41e-834b70110e61-2-488x326.jpeg"},"property-detail-video-image":{"file":"de0d0197-2766-4e3c-a41e-834b70110e61-2-818x417.jpeg","width":818,"height":417,"mime-type":"image\/jpeg","filesize":40676,"url":"https:\/\/media.benalmadena-property.com\/2013\/10\/de0d0197-2766-4e3c-a41e-834b70110e61-2-818x417.jpeg"},"agent-image":{"file":"de0d0197-2766-4e3c-a41e-834b70110e61-2-210x210.jpeg","width":210,"height":210,"mime-type":"image\/jpeg","filesize":9136,"url":"https:\/\/media.benalmadena-property.com\/2013\/10\/de0d0197-2766-4e3c-a41e-834b70110e61-2-210x210.jpeg"},"partners-logo":{"file":"de0d0197-2766-4e3c-a41e-834b70110e61-2-600x1195.jpeg","width":600,"height":1195,"mime-type":"image\/jpeg","filesize":103089,"url":"https:\/\/media.benalmadena-property.com\/2013\/10\/de0d0197-2766-4e3c-a41e-834b70110e61-2-600x1195.jpeg"},"gallery-two-column-image":{"file":"de0d0197-2766-4e3c-a41e-834b70110e61-2-536x269.jpeg","width":536,"height":269,"mime-type":"image\/jpeg","filesize":20713,"url":"https:\/\/media.benalmadena-property.com\/2013\/10\/de0d0197-2766-4e3c-a41e-834b70110e61-2-536x269.jpeg"},"property-detail-slider-image-two":{"file":"de0d0197-2766-4e3c-a41e-834b70110e61-2-896x648.jpeg","width":896,"height":648,"mime-type":"image\/jpeg","filesize":68101,"url":"https:\/\/media.benalmadena-property.com\/2013\/10\/de0d0197-2766-4e3c-a41e-834b70110e61-2-896x648.jpeg"},"property-detail-slider-thumb":{"file":"de0d0197-2766-4e3c-a41e-834b70110e61-2-82x60.jpeg","width":82,"height":60,"mime-type":"image\/jpeg","filesize":1711,"url":"https:\/\/media.benalmadena-property.com\/2013\/10\/de0d0197-2766-4e3c-a41e-834b70110e61-2-82x60.jpeg"}},"image_meta":{"aperture":"0","credit":"","camera":"","caption":"","created_timestamp":"0","copyright":"","focal_length":"0","iso":"0","shutter_speed":"0","title":"","orientation":"0","keywords":[]},"ID":"18611","name":"de0d0197-2766-4e3c-a41e-834b70110e61-2.jpeg","path":"\/var\/www\/vhosts\/benalmadena-property.com\/httpdocs\/wp-content\/uploads\/2013\/10\/de0d0197-2766-4e3c-a41e-834b70110e61-2.jpeg","url":"https:\/\/media.benalmadena-property.com\/2013\/10\/de0d0197-2766-4e3c-a41e-834b70110e61-2-150x150.jpeg","full_url":"https:\/\/media.benalmadena-property.com\/2013\/10\/de0d0197-2766-4e3c-a41e-834b70110e61-2.jpeg","title":"de0d0197-2766-4e3c-a41e-834b70110e61 (2)","caption":"","description":"","alt":"","srcset":"https:\/\/media.benalmadena-property.com\/2013\/10\/de0d0197-2766-4e3c-a41e-834b70110e61-2-150x150.jpeg 150w, https:\/\/media.benalmadena-property.com\/2013\/10\/de0d0197-2766-4e3c-a41e-834b70110e61-2-210x210.jpeg 210w"},{"width":150,"height":150,"file":"2013\/10\/9a5a3117-3eff-4987-aaf7-c3647072e470-1.jpeg","filesize":160787,"sizes":{"medium":{"file":"9a5a3117-3eff-4987-aaf7-c3647072e470-1-225x300.jpeg","width":225,"height":300,"mime-type":"image\/jpeg","filesize":16838,"url":"https:\/\/media.benalmadena-property.com\/2013\/10\/9a5a3117-3eff-4987-aaf7-c3647072e470-1-225x300.jpeg"},"large":{"file":"9a5a3117-3eff-4987-aaf7-c3647072e470-1-768x1024.jpeg","width":768,"height":1024,"mime-type":"image\/jpeg","filesize":138086,"url":"https:\/\/media.benalmadena-property.com\/2013\/10\/9a5a3117-3eff-4987-aaf7-c3647072e470-1-768x1024.jpeg"},"thumbnail":{"file":"9a5a3117-3eff-4987-aaf7-c3647072e470-1-150x150.jpeg","width":150,"height":150,"mime-type":"image\/jpeg","filesize":7145,"url":"https:\/\/media.benalmadena-property.com\/2013\/10\/9a5a3117-3eff-4987-aaf7-c3647072e470-1-150x150.jpeg"},"medium_large":{"file":"9a5a3117-3eff-4987-aaf7-c3647072e470-1-768x1024.jpeg","width":768,"height":1024,"mime-type":"image\/jpeg","filesize":138086,"url":"https:\/\/media.benalmadena-property.com\/2013\/10\/9a5a3117-3eff-4987-aaf7-c3647072e470-1-768x1024.jpeg"},"post-thumbnail":{"file":"9a5a3117-3eff-4987-aaf7-c3647072e470-1-112x150.jpeg","width":112,"height":150,"mime-type":"image\/jpeg","filesize":5103,"url":"https:\/\/media.benalmadena-property.com\/2013\/10\/9a5a3117-3eff-4987-aaf7-c3647072e470-1-112x150.jpeg"},"modern-property-child-slider":{"file":"9a5a3117-3eff-4987-aaf7-c3647072e470-1-680x510.jpeg","width":680,"height":510,"mime-type":"image\/jpeg","filesize":82112,"url":"https:\/\/media.benalmadena-property.com\/2013\/10\/9a5a3117-3eff-4987-aaf7-c3647072e470-1-680x510.jpeg"},"property-thumb-image":{"file":"9a5a3117-3eff-4987-aaf7-c3647072e470-1-488x326.jpeg","width":488,"height":326,"mime-type":"image\/jpeg","filesize":42754,"url":"https:\/\/media.benalmadena-property.com\/2013\/10\/9a5a3117-3eff-4987-aaf7-c3647072e470-1-488x326.jpeg"},"property-detail-video-image":{"file":"9a5a3117-3eff-4987-aaf7-c3647072e470-1-818x417.jpeg","width":818,"height":417,"mime-type":"image\/jpeg","filesize":89367,"url":"https:\/\/media.benalmadena-property.com\/2013\/10\/9a5a3117-3eff-4987-aaf7-c3647072e470-1-818x417.jpeg"},"agent-image":{"file":"9a5a3117-3eff-4987-aaf7-c3647072e470-1-210x210.jpeg","width":210,"height":210,"mime-type":"image\/jpeg","filesize":12836,"url":"https:\/\/media.benalmadena-property.com\/2013\/10\/9a5a3117-3eff-4987-aaf7-c3647072e470-1-210x210.jpeg"},"partners-logo":{"file":"9a5a3117-3eff-4987-aaf7-c3647072e470-1-600x1195.jpeg","width":600,"height":1195,"mime-type":"image\/jpeg","filesize":133348,"url":"https:\/\/media.benalmadena-property.com\/2013\/10\/9a5a3117-3eff-4987-aaf7-c3647072e470-1-600x1195.jpeg"},"gallery-two-column-image":{"file":"9a5a3117-3eff-4987-aaf7-c3647072e470-1-536x269.jpeg","width":536,"height":269,"mime-type":"image\/jpeg","filesize":42177,"url":"https:\/\/media.benalmadena-property.com\/2013\/10\/9a5a3117-3eff-4987-aaf7-c3647072e470-1-536x269.jpeg"},"property-detail-slider-image-two":{"file":"9a5a3117-3eff-4987-aaf7-c3647072e470-1-896x648.jpeg","width":896,"height":648,"mime-type":"image\/jpeg","filesize":137020,"url":"https:\/\/media.benalmadena-property.com\/2013\/10\/9a5a3117-3eff-4987-aaf7-c3647072e470-1-896x648.jpeg"},"property-detail-slider-thumb":{"file":"9a5a3117-3eff-4987-aaf7-c3647072e470-1-82x60.jpeg","width":82,"height":60,"mime-type":"image\/jpeg","filesize":2315,"url":"https:\/\/media.benalmadena-property.com\/2013\/10\/9a5a3117-3eff-4987-aaf7-c3647072e470-1-82x60.jpeg"}},"image_meta":{"aperture":"0","credit":"","camera":"","caption":"","created_timestamp":"0","copyright":"","focal_length":"0","iso":"0","shutter_speed":"0","title":"","orientation":"0","keywords":[]},"ID":"18614","name":"9a5a3117-3eff-4987-aaf7-c3647072e470-1.jpeg","path":"\/var\/www\/vhosts\/benalmadena-property.com\/httpdocs\/wp-content\/uploads\/2013\/10\/9a5a3117-3eff-4987-aaf7-c3647072e470-1.jpeg","url":"https:\/\/media.benalmadena-property.com\/2013\/10\/9a5a3117-3eff-4987-aaf7-c3647072e470-1-150x150.jpeg","full_url":"https:\/\/media.benalmadena-property.com\/2013\/10\/9a5a3117-3eff-4987-aaf7-c3647072e470-1.jpeg","title":"9a5a3117-3eff-4987-aaf7-c3647072e470 (1)","caption":"","description":"","alt":"","srcset":"https:\/\/media.benalmadena-property.com\/2013\/10\/9a5a3117-3eff-4987-aaf7-c3647072e470-1-150x150.jpeg 150w, https:\/\/media.benalmadena-property.com\/2013\/10\/9a5a3117-3eff-4987-aaf7-c3647072e470-1-210x210.jpeg 210w"},{"width":150,"height":150,"file":"2025\/02\/4.jpg","filesize":438141,"sizes":{"medium":{"file":"4-300x225.jpg","width":300,"height":225,"mime-type":"image\/jpeg","filesize":24331,"url":"https:\/\/media.benalmadena-property.com\/2025\/02\/4-300x225.jpg"},"large":{"file":"4-1024x768.jpg","width":1024,"height":768,"mime-type":"image\/jpeg","filesize":149296,"url":"https:\/\/media.benalmadena-property.com\/2025\/02\/4-1024x768.jpg"},"thumbnail":{"file":"4-150x150.jpg","width":150,"height":150,"mime-type":"image\/jpeg","filesize":9211,"url":"https:\/\/media.benalmadena-property.com\/2025\/02\/4-150x150.jpg"},"medium_large":{"file":"4-768x576.jpg","width":768,"height":576,"mime-type":"image\/jpeg","filesize":99046,"url":"https:\/\/media.benalmadena-property.com\/2025\/02\/4-768x576.jpg"},"1536x1536":{"file":"4-1536x1152.jpg","width":1536,"height":1152,"mime-type":"image\/jpeg","filesize":263848,"url":"https:\/\/media.benalmadena-property.com\/2025\/02\/4-1536x1152.jpg"},"post-thumbnail":{"file":"4-150x113.jpg","width":150,"height":113,"mime-type":"image\/jpeg","filesize":7589,"url":"https:\/\/media.benalmadena-property.com\/2025\/02\/4-150x113.jpg"},"modern-property-child-slider":{"file":"4-680x510.jpg","width":680,"height":510,"mime-type":"image\/jpeg","filesize":84222,"url":"https:\/\/media.benalmadena-property.com\/2025\/02\/4-680x510.jpg"},"property-thumb-image":{"file":"4-488x326.jpg","width":488,"height":326,"mime-type":"image\/jpeg","filesize":46948,"url":"https:\/\/media.benalmadena-property.com\/2025\/02\/4-488x326.jpg"},"property-detail-video-image":{"file":"4-818x417.jpg","width":818,"height":417,"mime-type":"image\/jpeg","filesize":75332,"url":"https:\/\/media.benalmadena-property.com\/2025\/02\/4-818x417.jpg"},"agent-image":{"file":"4-210x210.jpg","width":210,"height":210,"mime-type":"image\/jpeg","filesize":16412,"url":"https:\/\/media.benalmadena-property.com\/2025\/02\/4-210x210.jpg"},"partners-logo":{"file":"4-600x1440.jpg","width":600,"height":1440,"mime-type":"image\/jpeg","filesize":119835,"url":"https:\/\/media.benalmadena-property.com\/2025\/02\/4-600x1440.jpg"},"gallery-two-column-image":{"file":"4-536x269.jpg","width":536,"height":269,"mime-type":"image\/jpeg","filesize":40166,"url":"https:\/\/media.benalmadena-property.com\/2025\/02\/4-536x269.jpg"},"property-detail-slider-image-two":{"file":"4-1170x648.jpg","width":1170,"height":648,"mime-type":"image\/jpeg","filesize":135743,"url":"https:\/\/media.benalmadena-property.com\/2025\/02\/4-1170x648.jpg"},"property-detail-slider-thumb":{"file":"4-82x60.jpg","width":82,"height":60,"mime-type":"image\/jpeg","filesize":2782,"url":"https:\/\/media.benalmadena-property.com\/2025\/02\/4-82x60.jpg"}},"image_meta":{"aperture":"0","credit":"","camera":"","caption":"","created_timestamp":"0","copyright":"","focal_length":"0","iso":"0","shutter_speed":"0","title":"","orientation":"0","keywords":[]},"ID":"15621","name":"4.jpg","path":"\/var\/www\/vhosts\/benalmadena-property.com\/httpdocs\/wp-content\/uploads\/2025\/02\/4.jpg","url":"https:\/\/media.benalmadena-property.com\/2025\/02\/4-150x150.jpg","full_url":"https:\/\/media.benalmadena-property.com\/2025\/02\/4.jpg","title":"4","caption":"","description":"","alt":"","srcset":"https:\/\/media.benalmadena-property.com\/2025\/02\/4-150x150.jpg 150w, https:\/\/media.benalmadena-property.com\/2025\/02\/4-210x210.jpg 210w"},{"width":150,"height":150,"file":"2025\/02\/18.jpg","filesize":92292,"sizes":{"medium":{"file":"18-300x198.jpg","width":300,"height":198,"mime-type":"image\/jpeg","filesize":15838,"url":"https:\/\/media.benalmadena-property.com\/2025\/02\/18-300x198.jpg"},"thumbnail":{"file":"18-150x150.jpg","width":150,"height":150,"mime-type":"image\/jpeg","filesize":7358,"url":"https:\/\/media.benalmadena-property.com\/2025\/02\/18-150x150.jpg"},"post-thumbnail":{"file":"18-150x99.jpg","width":150,"height":99,"mime-type":"image\/jpeg","filesize":6030,"url":"https:\/\/media.benalmadena-property.com\/2025\/02\/18-150x99.jpg"},"modern-property-child-slider":{"file":"18-680x476.jpg","width":680,"height":476,"mime-type":"image\/jpeg","filesize":62861,"url":"https:\/\/media.benalmadena-property.com\/2025\/02\/18-680x476.jpg"},"property-thumb-image":{"file":"18-488x326.jpg","width":488,"height":326,"mime-type":"image\/jpeg","filesize":33563,"url":"https:\/\/media.benalmadena-property.com\/2025\/02\/18-488x326.jpg"},"property-detail-video-image":{"file":"18-720x417.jpg","width":720,"height":417,"mime-type":"image\/jpeg","filesize":61577,"url":"https:\/\/media.benalmadena-property.com\/2025\/02\/18-720x417.jpg"},"agent-image":{"file":"18-210x210.jpg","width":210,"height":210,"mime-type":"image\/jpeg","filesize":11932,"url":"https:\/\/media.benalmadena-property.com\/2025\/02\/18-210x210.jpg"},"partners-logo":{"file":"18-600x476.jpg","width":600,"height":476,"mime-type":"image\/jpeg","filesize":54373,"url":"https:\/\/media.benalmadena-property.com\/2025\/02\/18-600x476.jpg"},"gallery-two-column-image":{"file":"18-536x269.jpg","width":536,"height":269,"mime-type":"image\/jpeg","filesize":32475,"url":"https:\/\/media.benalmadena-property.com\/2025\/02\/18-536x269.jpg"},"property-detail-slider-thumb":{"file":"18-82x60.jpg","width":82,"height":60,"mime-type":"image\/jpeg","filesize":3359,"url":"https:\/\/media.benalmadena-property.com\/2025\/02\/18-82x60.jpg"}},"image_meta":{"aperture":"0","credit":"","camera":"","caption":"","created_timestamp":"1700797694","copyright":"","focal_length":"0","iso":"0","shutter_speed":"0","title":"","orientation":"0","keywords":[]},"ID":"15663","name":"18.jpg","path":"\/var\/www\/vhosts\/benalmadena-property.com\/httpdocs\/wp-content\/uploads\/2025\/02\/18.jpg","url":"https:\/\/media.benalmadena-property.com\/2025\/02\/18-150x150.jpg","full_url":"https:\/\/media.benalmadena-property.com\/2025\/02\/18.jpg","title":"18","caption":"","description":"","alt":"","srcset":"https:\/\/media.benalmadena-property.com\/2025\/02\/18-150x150.jpg 150w, https:\/\/media.benalmadena-property.com\/2025\/02\/18-210x210.jpg 210w"},{"width":150,"height":150,"file":"2021\/03\/Sandra-Jupiter-8-scaled.jpg","filesize":931624,"sizes":{"medium":{"file":"Sandra-Jupiter-8-300x200.jpg","width":300,"height":200,"mime-type":"image\/jpeg","filesize":62946,"url":"https:\/\/media.benalmadena-property.com\/2021\/03\/Sandra-Jupiter-8-300x200.jpg"},"large":{"file":"Sandra-Jupiter-8-1024x681.jpg","width":1024,"height":681,"mime-type":"image\/jpeg","filesize":189841,"url":"https:\/\/media.benalmadena-property.com\/2021\/03\/Sandra-Jupiter-8-1024x681.jpg"},"thumbnail":{"file":"Sandra-Jupiter-8-150x150.jpg","width":150,"height":150,"mime-type":"image\/jpeg","filesize":54787,"url":"https:\/\/media.benalmadena-property.com\/2021\/03\/Sandra-Jupiter-8-150x150.jpg"},"medium_large":{"file":"Sandra-Jupiter-8-768x511.jpg","width":768,"height":511,"mime-type":"image\/jpeg","filesize":128031,"url":"https:\/\/media.benalmadena-property.com\/2021\/03\/Sandra-Jupiter-8-768x511.jpg"},"1536x1536":{"file":"Sandra-Jupiter-8-1536x1022.jpg","width":1536,"height":1022,"mime-type":"image\/jpeg","filesize":365596,"url":"https:\/\/media.benalmadena-property.com\/2021\/03\/Sandra-Jupiter-8-1536x1022.jpg"},"2048x2048":{"file":"Sandra-Jupiter-8-2048x1362.jpg","width":2048,"height":1362,"mime-type":"image\/jpeg","filesize":614892,"url":"https:\/\/media.benalmadena-property.com\/2021\/03\/Sandra-Jupiter-8-2048x1362.jpg"},"post-thumbnail":{"file":"Sandra-Jupiter-8-150x100.jpg","width":150,"height":100,"mime-type":"image\/jpeg","filesize":53735,"url":"https:\/\/media.benalmadena-property.com\/2021\/03\/Sandra-Jupiter-8-150x100.jpg"},"modern-property-child-slider":{"file":"Sandra-Jupiter-8-680x510.jpg","width":680,"height":510,"mime-type":"image\/jpeg","filesize":116906,"url":"https:\/\/media.benalmadena-property.com\/2021\/03\/Sandra-Jupiter-8-680x510.jpg"},"property-thumb-image":{"file":"Sandra-Jupiter-8-488x326.jpg","width":488,"height":326,"mime-type":"image\/jpeg","filesize":82209,"url":"https:\/\/media.benalmadena-property.com\/2021\/03\/Sandra-Jupiter-8-488x326.jpg"},"property-detail-video-image":{"file":"Sandra-Jupiter-8-818x417.jpg","width":818,"height":417,"mime-type":"image\/jpeg","filesize":122715,"url":"https:\/\/media.benalmadena-property.com\/2021\/03\/Sandra-Jupiter-8-818x417.jpg"},"agent-image":{"file":"Sandra-Jupiter-8-210x210.jpg","width":210,"height":210,"mime-type":"image\/jpeg","filesize":58918,"url":"https:\/\/media.benalmadena-property.com\/2021\/03\/Sandra-Jupiter-8-210x210.jpg"},"gallery-two-column-image":{"file":"Sandra-Jupiter-8-536x269.jpg","width":536,"height":269,"mime-type":"image\/jpeg","filesize":81215,"url":"https:\/\/media.benalmadena-property.com\/2021\/03\/Sandra-Jupiter-8-536x269.jpg"},"property-detail-slider-image-two":{"file":"Sandra-Jupiter-8-1170x648.jpg","width":1170,"height":648,"mime-type":"image\/jpeg","filesize":204764,"url":"https:\/\/media.benalmadena-property.com\/2021\/03\/Sandra-Jupiter-8-1170x648.jpg"},"property-detail-slider-thumb":{"file":"Sandra-Jupiter-8-82x60.jpg","width":82,"height":60,"mime-type":"image\/jpeg","filesize":51412,"url":"https:\/\/media.benalmadena-property.com\/2021\/03\/Sandra-Jupiter-8-82x60.jpg"}},"image_meta":{"aperture":"13","credit":"","camera":"NIKON D780","caption":"","created_timestamp":"1715083234","copyright":"","focal_length":"14","iso":"250","shutter_speed":"0.0015625","title":"","orientation":"0","keywords":[]},"original_image":"Sandra-Jupiter-8.jpg","ID":"14367","name":"Sandra-Jupiter-8-scaled.jpg","path":"\/var\/www\/vhosts\/benalmadena-property.com\/httpdocs\/wp-content\/uploads\/2021\/03\/Sandra-Jupiter-8-scaled.jpg","url":"https:\/\/media.benalmadena-property.com\/2021\/03\/Sandra-Jupiter-8-150x150.jpg","full_url":"https:\/\/media.benalmadena-property.com\/2021\/03\/Sandra-Jupiter-8-scaled.jpg","title":"Sandra - Jupiter-8","caption":"","description":"","alt":"","srcset":"https:\/\/media.benalmadena-property.com\/2021\/03\/Sandra-Jupiter-8-150x150.jpg 150w, https:\/\/media.benalmadena-property.com\/2021\/03\/Sandra-Jupiter-8-210x210.jpg 210w"}],"REAL_HOMES_change_gallery_slider_type":"0","REAL_HOMES_gallery_slider_type":"thumb-on-right","inspiry_floor_plans":[],"inspiry_video_group":[],"REAL_HOMES_360_virtual_tour":"","REAL_HOMES_tour_video_url":"","REAL_HOMES_tour_video_image":[],"REAL_HOMES_agent_display_option":"agent_info","REAL_HOMES_agents":[],"REAL_HOMES_energy_class":"none","REAL_HOMES_energy_performance":"","REAL_HOMES_epc_current_rating":"","REAL_HOMES_epc_potential_rating":"","REAL_HOMES_sticky":"0","inspiry_property_label":"","inspiry_property_label_color":"","inspiry_property_tax":"","inspiry_additional_fee":"","REAL_HOMES_attachments":[],"inspiry_property_owner_name":"","inspiry_property_owner_contact":"","inspiry_property_owner_address":"","REAL_HOMES_property_private_note":"","inspiry_message_to_reviewer":"","REAL_HOMES_add_in_slider":"","REAL_HOMES_slider_image":[],"REAL_HOMES_page_banner_image":[],"REAL_HOMES_pims_id":"","REAL_HOMES_property_rented":"0"},"_links":{"self":[{"href":"https:\/\/www.benalmadena-property.com\/fr\/wp-json\/wp\/v2\/property\/5314","targetHints":{"allow":["GET"]}}],"collection":[{"href":"https:\/\/www.benalmadena-property.com\/fr\/wp-json\/wp\/v2\/property"}],"about":[{"href":"https:\/\/www.benalmadena-property.com\/fr\/wp-json\/wp\/v2\/types\/property"}],"author":[{"embeddable":true,"href":"https:\/\/www.benalmadena-property.com\/fr\/wp-json\/wp\/v2\/users\/1"}],"replies":[{"embeddable":true,"href":"https:\/\/www.benalmadena-property.com\/fr\/wp-json\/wp\/v2\/comments?post=5314"}],"version-history":[{"count":8,"href":"https:\/\/www.benalmadena-property.com\/fr\/wp-json\/wp\/v2\/property\/5314\/revisions"}],"predecessor-version":[{"id":18170,"href":"https:\/\/www.benalmadena-property.com\/fr\/wp-json\/wp\/v2\/property\/5314\/revisions\/18170"}],"wp:featuredmedia":[{"embeddable":true,"href":"https:\/\/www.benalmadena-property.com\/fr\/wp-json\/wp\/v2\/media\/1690"}],"wp:attachment":[{"href":"https:\/\/www.benalmadena-property.com\/fr\/wp-json\/wp\/v2\/media?parent=5314"}],"wp:term":[{"taxonomy":"property-feature","embeddable":true,"href":"https:\/\/www.benalmadena-property.com\/fr\/wp-json\/wp\/v2\/property-feature?post=5314"},{"taxonomy":"property-type","embeddable":true,"href":"https:\/\/www.benalmadena-property.com\/fr\/wp-json\/wp\/v2\/property-type?post=5314"},{"taxonomy":"property-city","embeddable":true,"href":"https:\/\/www.benalmadena-property.com\/fr\/wp-json\/wp\/v2\/property-location?post=5314"},{"taxonomy":"property-status","embeddable":true,"href":"https:\/\/www.benalmadena-property.com\/fr\/wp-json\/wp\/v2\/property-status?post=5314"}],"curies":[{"name":"wp","href":"https:\/\/api.w.org\/{rel}","templated":true}]}}