{"id":5479,"date":"2020-03-28T13:21:30","date_gmt":"2020-03-28T13:21:30","guid":{"rendered":"http:\/\/gapp.system24tech.com\/property\/vacances-appartement-dune-chambre-minerva-benalmadena-vft-ma-08217\/"},"modified":"2025-12-01T14:17:43","modified_gmt":"2025-12-01T13:17:43","slug":"vacances-appartement-dune-chambre-minerva-benalmadena-vft-ma-08217","status":"publish","type":"property","link":"https:\/\/www.benalmadena-property.com\/fr\/property\/vacances-appartement-dune-chambre-minerva-benalmadena-vft-ma-08217\/","title":{"rendered":"VUT\/MA\/08217 Appartement d\u2019une chambre: Minerva &#8211; Benalmadena. Ref: HM139"},"content":{"rendered":"<p>Complexe Minerva, r\u00e9ception 24 heures sur 24. Appartement ind\u00e9pendant confortable et spacieux d\u2019une chambre.<br \/>\nFaible niveau, au 1er \u00e9tage pour ceux qui n\u2019aiment pas les ascenseurs ou les hauteurs ou les deux. Vue partielle sur le jardin et la piscine et sur la place en direction de Nueva Plaza Bonanza.<br \/>\nL\u2019appartement b\u00e9n\u00e9ficie du soleil du matin au midi et dispose d\u2019air conditionn\u00e9 dans la chambre et le salon.<br \/>\nCuisine \u00e9quip\u00e9e avec 2 plaques de cuisson, micro-ondes et ustensiles de cuisine de base et une salle de bain r\u00e9cemment r\u00e9nov\u00e9e avec douche \u00e0 l\u2019italienne.<br \/>\nSalon avec canap\u00e9-lit double, TV avec diverses cha\u00eenes de t\u00e9l\u00e9vision francais et WIFI (inclus dans toutes les r\u00e9servations hebdomadaires)<br \/>\nDes coffres-forts sont disponibles moyennant des frais suppl\u00e9mentaires \u00e0 la r\u00e9ception principale<\/p>\n<p>Chambre: Trois lits simples<br \/>\nSalon: Lit Double Sofa<br \/>\nAir conditionn\u00e9 et WIFI inclus dans la r\u00e9servation hebdomadaire.<br \/>\nNote: Premium<\/p>\n<p><strong>PAS DE TABAGISME ET PAS D\u2019ANIMAUX DE COMPAGNIE AUTORIS\u00c9S<\/strong><\/p>\n<p><strong>LICENCE TOURISTIQUE: ESFCTU0000290350001575410000000000000000VFT\/MA\/082172 <\/strong><\/p>\n","protected":false},"excerpt":{"rendered":"<p>Complexe Minerva, r\u00e9ception 24 heures sur 24. Appartement ind\u00e9pendant confortable et spacieux d\u2019une chambre. Faible niveau, au 1er \u00e9tage pour ceux qui n\u2019aiment pas les ascenseurs ou les hauteurs ou les deux. Vue partielle sur le jardin et la piscine et sur la place en direction de Nueva Plaza Bonanza. L\u2019appartement b\u00e9n\u00e9ficie du soleil du&#8230;<\/p>\n","protected":false},"author":1,"featured_media":3076,"parent":0,"menu_order":0,"comment_status":"closed","ping_status":"closed","template":"","property-feature":[482,468,461,478,455,469,456,480,462],"property-type":[204],"property-location":[206],"property-status":[207],"class_list":["post-5479","property","type-property","status-publish","has-post-thumbnail","hentry","property-feature-2-plaques-danneau","property-feature-bouilloire","property-feature-climatisation","property-feature-grille-pain","property-feature-machine-a-laver","property-feature-micro-ondes","property-feature-piscine","property-feature-refrigerateur","property-feature-tv-fr","property-type-apartment-fr","property-city-benalmadena-costa-benalmadena-arroyo-de-la-mielcosta-del-sol-fr","property-status-holiday-lets-fr"],"property_meta":{"REAL_HOMES_property_price":"490","REAL_HOMES_property_old_price":"","REAL_HOMES_property_price_prefix":"De","REAL_HOMES_property_price_postfix":"Par semaine","REAL_HOMES_property_size":"","REAL_HOMES_property_size_postfix":"M\u00b2","REAL_HOMES_property_lot_size":"","REAL_HOMES_property_lot_size_postfix":"","REAL_HOMES_property_bedrooms":"1","REAL_HOMES_property_bathrooms":"1","REAL_HOMES_property_garage":"","REAL_HOMES_property_id":"HM139","REAL_HOMES_property_year_built":"","REAL_HOMES_featured":"0","REAL_HOMES_additional_details_list":[],"REAL_HOMES_property_location":{"latitude":"36.5961302","longitude":"-4.5270326","zoom":"14"},"REAL_HOMES_property_address":"Av. Gamonal, 10, 29630 Benalm\u00e0dena, Malaga, Espagne","REAL_HOMES_property_map":"","REAL_HOMES_property_images":[{"width":150,"height":150,"file":"2016\/06\/P1060889.jpg","filesize":155136,"sizes":{"medium":{"file":"P1060889-300x225.jpg","width":300,"height":225,"mime-type":"image\/jpeg","filesize":45674,"url":"https:\/\/media.benalmadena-property.com\/2016\/06\/P1060889-300x225.jpg"},"thumbnail":{"file":"P1060889-150x150.jpg","width":150,"height":150,"mime-type":"image\/jpeg","filesize":38605,"url":"https:\/\/media.benalmadena-property.com\/2016\/06\/P1060889-150x150.jpg"},"post-thumbnail":{"file":"P1060889-150x113.jpg","width":150,"height":113,"mime-type":"image\/jpeg","filesize":37788,"url":"https:\/\/media.benalmadena-property.com\/2016\/06\/P1060889-150x113.jpg"},"property-thumb-image":{"file":"P1060889-488x326.jpg","width":488,"height":326,"mime-type":"image\/jpeg","filesize":57634,"url":"https:\/\/media.benalmadena-property.com\/2016\/06\/P1060889-488x326.jpg"},"property-detail-video-image":{"file":"P1060889-640x417.jpg","width":640,"height":417,"mime-type":"image\/jpeg","filesize":73647,"url":"https:\/\/media.benalmadena-property.com\/2016\/06\/P1060889-640x417.jpg"},"agent-image":{"file":"P1060889-210x210.jpg","width":210,"height":210,"mime-type":"image\/jpeg","filesize":42160,"url":"https:\/\/media.benalmadena-property.com\/2016\/06\/P1060889-210x210.jpg"},"partners-logo":{"file":"P1060889-600x480.jpg","width":600,"height":480,"mime-type":"image\/jpeg","filesize":74444,"url":"https:\/\/media.benalmadena-property.com\/2016\/06\/P1060889-600x480.jpg"},"gallery-two-column-image":{"file":"P1060889-536x269.jpg","width":536,"height":269,"mime-type":"image\/jpeg","filesize":56952,"url":"https:\/\/media.benalmadena-property.com\/2016\/06\/P1060889-536x269.jpg"},"property-detail-slider-thumb":{"file":"P1060889-82x60.jpg","width":82,"height":60,"mime-type":"image\/jpeg","filesize":35263,"url":"https:\/\/media.benalmadena-property.com\/2016\/06\/P1060889-82x60.jpg"}},"image_meta":{"aperture":"3.1","credit":"","camera":"DMC-SZ3","caption":"","created_timestamp":"1674052198","copyright":"","focal_length":"4.5","iso":"320","shutter_speed":"0.016666666666667","title":"","orientation":"1","keywords":[]},"ID":"11744","name":"P1060889.jpg","path":"\/var\/www\/vhosts\/benalmadena-property.com\/httpdocs\/wp-content\/uploads\/2016\/06\/P1060889.jpg","url":"https:\/\/media.benalmadena-property.com\/2016\/06\/P1060889-150x150.jpg","full_url":"https:\/\/media.benalmadena-property.com\/2016\/06\/P1060889.jpg","title":"P1060889","caption":"","description":"","alt":"","srcset":"https:\/\/media.benalmadena-property.com\/2016\/06\/P1060889-150x150.jpg 150w, https:\/\/media.benalmadena-property.com\/2016\/06\/P1060889-210x210.jpg 210w"},{"width":150,"height":150,"file":"2016\/06\/P1060890.jpg","filesize":154112,"sizes":{"medium":{"file":"P1060890-300x225.jpg","width":300,"height":225,"mime-type":"image\/jpeg","filesize":46392,"url":"https:\/\/media.benalmadena-property.com\/2016\/06\/P1060890-300x225.jpg"},"thumbnail":{"file":"P1060890-150x150.jpg","width":150,"height":150,"mime-type":"image\/jpeg","filesize":38959,"url":"https:\/\/media.benalmadena-property.com\/2016\/06\/P1060890-150x150.jpg"},"post-thumbnail":{"file":"P1060890-150x113.jpg","width":150,"height":113,"mime-type":"image\/jpeg","filesize":38053,"url":"https:\/\/media.benalmadena-property.com\/2016\/06\/P1060890-150x113.jpg"},"property-thumb-image":{"file":"P1060890-488x326.jpg","width":488,"height":326,"mime-type":"image\/jpeg","filesize":59117,"url":"https:\/\/media.benalmadena-property.com\/2016\/06\/P1060890-488x326.jpg"},"property-detail-video-image":{"file":"P1060890-640x417.jpg","width":640,"height":417,"mime-type":"image\/jpeg","filesize":76164,"url":"https:\/\/media.benalmadena-property.com\/2016\/06\/P1060890-640x417.jpg"},"agent-image":{"file":"P1060890-210x210.jpg","width":210,"height":210,"mime-type":"image\/jpeg","filesize":42772,"url":"https:\/\/media.benalmadena-property.com\/2016\/06\/P1060890-210x210.jpg"},"partners-logo":{"file":"P1060890-600x480.jpg","width":600,"height":480,"mime-type":"image\/jpeg","filesize":77063,"url":"https:\/\/media.benalmadena-property.com\/2016\/06\/P1060890-600x480.jpg"},"gallery-two-column-image":{"file":"P1060890-536x269.jpg","width":536,"height":269,"mime-type":"image\/jpeg","filesize":58520,"url":"https:\/\/media.benalmadena-property.com\/2016\/06\/P1060890-536x269.jpg"},"property-detail-slider-thumb":{"file":"P1060890-82x60.jpg","width":82,"height":60,"mime-type":"image\/jpeg","filesize":35328,"url":"https:\/\/media.benalmadena-property.com\/2016\/06\/P1060890-82x60.jpg"}},"image_meta":{"aperture":"3.1","credit":"","camera":"DMC-SZ3","caption":"","created_timestamp":"1674052206","copyright":"","focal_length":"4.5","iso":"400","shutter_speed":"0.016666666666667","title":"","orientation":"1","keywords":[]},"ID":"11747","name":"P1060890.jpg","path":"\/var\/www\/vhosts\/benalmadena-property.com\/httpdocs\/wp-content\/uploads\/2016\/06\/P1060890.jpg","url":"https:\/\/media.benalmadena-property.com\/2016\/06\/P1060890-150x150.jpg","full_url":"https:\/\/media.benalmadena-property.com\/2016\/06\/P1060890.jpg","title":"P1060890","caption":"","description":"","alt":"","srcset":"https:\/\/media.benalmadena-property.com\/2016\/06\/P1060890-150x150.jpg 150w, https:\/\/media.benalmadena-property.com\/2016\/06\/P1060890-210x210.jpg 210w"},{"width":150,"height":150,"file":"2016\/06\/P1060891.jpg","filesize":155136,"sizes":{"medium":{"file":"P1060891-300x225.jpg","width":300,"height":225,"mime-type":"image\/jpeg","filesize":46233,"url":"https:\/\/media.benalmadena-property.com\/2016\/06\/P1060891-300x225.jpg"},"thumbnail":{"file":"P1060891-150x150.jpg","width":150,"height":150,"mime-type":"image\/jpeg","filesize":38711,"url":"https:\/\/media.benalmadena-property.com\/2016\/06\/P1060891-150x150.jpg"},"post-thumbnail":{"file":"P1060891-150x113.jpg","width":150,"height":113,"mime-type":"image\/jpeg","filesize":37964,"url":"https:\/\/media.benalmadena-property.com\/2016\/06\/P1060891-150x113.jpg"},"property-thumb-image":{"file":"P1060891-488x326.jpg","width":488,"height":326,"mime-type":"image\/jpeg","filesize":57721,"url":"https:\/\/media.benalmadena-property.com\/2016\/06\/P1060891-488x326.jpg"},"property-detail-video-image":{"file":"P1060891-640x417.jpg","width":640,"height":417,"mime-type":"image\/jpeg","filesize":73746,"url":"https:\/\/media.benalmadena-property.com\/2016\/06\/P1060891-640x417.jpg"},"agent-image":{"file":"P1060891-210x210.jpg","width":210,"height":210,"mime-type":"image\/jpeg","filesize":42403,"url":"https:\/\/media.benalmadena-property.com\/2016\/06\/P1060891-210x210.jpg"},"partners-logo":{"file":"P1060891-600x480.jpg","width":600,"height":480,"mime-type":"image\/jpeg","filesize":76763,"url":"https:\/\/media.benalmadena-property.com\/2016\/06\/P1060891-600x480.jpg"},"gallery-two-column-image":{"file":"P1060891-536x269.jpg","width":536,"height":269,"mime-type":"image\/jpeg","filesize":54772,"url":"https:\/\/media.benalmadena-property.com\/2016\/06\/P1060891-536x269.jpg"},"property-detail-slider-thumb":{"file":"P1060891-82x60.jpg","width":82,"height":60,"mime-type":"image\/jpeg","filesize":35288,"url":"https:\/\/media.benalmadena-property.com\/2016\/06\/P1060891-82x60.jpg"}},"image_meta":{"aperture":"3.1","credit":"","camera":"DMC-SZ3","caption":"","created_timestamp":"1674052222","copyright":"","focal_length":"4.5","iso":"400","shutter_speed":"0.016666666666667","title":"","orientation":"1","keywords":[]},"ID":"11750","name":"P1060891.jpg","path":"\/var\/www\/vhosts\/benalmadena-property.com\/httpdocs\/wp-content\/uploads\/2016\/06\/P1060891.jpg","url":"https:\/\/media.benalmadena-property.com\/2016\/06\/P1060891-150x150.jpg","full_url":"https:\/\/media.benalmadena-property.com\/2016\/06\/P1060891.jpg","title":"P1060891","caption":"","description":"","alt":"","srcset":"https:\/\/media.benalmadena-property.com\/2016\/06\/P1060891-150x150.jpg 150w, https:\/\/media.benalmadena-property.com\/2016\/06\/P1060891-210x210.jpg 210w"},{"width":150,"height":150,"file":"2016\/06\/P1060892.jpg","filesize":153600,"sizes":{"medium":{"file":"P1060892-300x225.jpg","width":300,"height":225,"mime-type":"image\/jpeg","filesize":44303,"url":"https:\/\/media.benalmadena-property.com\/2016\/06\/P1060892-300x225.jpg"},"thumbnail":{"file":"P1060892-150x150.jpg","width":150,"height":150,"mime-type":"image\/jpeg","filesize":37759,"url":"https:\/\/media.benalmadena-property.com\/2016\/06\/P1060892-150x150.jpg"},"post-thumbnail":{"file":"P1060892-150x113.jpg","width":150,"height":113,"mime-type":"image\/jpeg","filesize":37234,"url":"https:\/\/media.benalmadena-property.com\/2016\/06\/P1060892-150x113.jpg"},"property-thumb-image":{"file":"P1060892-488x326.jpg","width":488,"height":326,"mime-type":"image\/jpeg","filesize":55099,"url":"https:\/\/media.benalmadena-property.com\/2016\/06\/P1060892-488x326.jpg"},"property-detail-video-image":{"file":"P1060892-640x417.jpg","width":640,"height":417,"mime-type":"image\/jpeg","filesize":69707,"url":"https:\/\/media.benalmadena-property.com\/2016\/06\/P1060892-640x417.jpg"},"agent-image":{"file":"P1060892-210x210.jpg","width":210,"height":210,"mime-type":"image\/jpeg","filesize":40957,"url":"https:\/\/media.benalmadena-property.com\/2016\/06\/P1060892-210x210.jpg"},"partners-logo":{"file":"P1060892-600x480.jpg","width":600,"height":480,"mime-type":"image\/jpeg","filesize":71842,"url":"https:\/\/media.benalmadena-property.com\/2016\/06\/P1060892-600x480.jpg"},"gallery-two-column-image":{"file":"P1060892-536x269.jpg","width":536,"height":269,"mime-type":"image\/jpeg","filesize":53286,"url":"https:\/\/media.benalmadena-property.com\/2016\/06\/P1060892-536x269.jpg"},"property-detail-slider-thumb":{"file":"P1060892-82x60.jpg","width":82,"height":60,"mime-type":"image\/jpeg","filesize":35020,"url":"https:\/\/media.benalmadena-property.com\/2016\/06\/P1060892-82x60.jpg"}},"image_meta":{"aperture":"3.1","credit":"","camera":"DMC-SZ3","caption":"","created_timestamp":"1674052261","copyright":"","focal_length":"4.5","iso":"250","shutter_speed":"0.016666666666667","title":"","orientation":"1","keywords":[]},"ID":"11753","name":"P1060892.jpg","path":"\/var\/www\/vhosts\/benalmadena-property.com\/httpdocs\/wp-content\/uploads\/2016\/06\/P1060892.jpg","url":"https:\/\/media.benalmadena-property.com\/2016\/06\/P1060892-150x150.jpg","full_url":"https:\/\/media.benalmadena-property.com\/2016\/06\/P1060892.jpg","title":"P1060892","caption":"","description":"","alt":"","srcset":"https:\/\/media.benalmadena-property.com\/2016\/06\/P1060892-150x150.jpg 150w, https:\/\/media.benalmadena-property.com\/2016\/06\/P1060892-210x210.jpg 210w"},{"width":150,"height":150,"file":"2016\/06\/P1060893.jpg","filesize":153088,"sizes":{"medium":{"file":"P1060893-300x225.jpg","width":300,"height":225,"mime-type":"image\/jpeg","filesize":42911,"url":"https:\/\/media.benalmadena-property.com\/2016\/06\/P1060893-300x225.jpg"},"thumbnail":{"file":"P1060893-150x150.jpg","width":150,"height":150,"mime-type":"image\/jpeg","filesize":37191,"url":"https:\/\/media.benalmadena-property.com\/2016\/06\/P1060893-150x150.jpg"},"post-thumbnail":{"file":"P1060893-150x113.jpg","width":150,"height":113,"mime-type":"image\/jpeg","filesize":36913,"url":"https:\/\/media.benalmadena-property.com\/2016\/06\/P1060893-150x113.jpg"},"property-thumb-image":{"file":"P1060893-488x326.jpg","width":488,"height":326,"mime-type":"image\/jpeg","filesize":51297,"url":"https:\/\/media.benalmadena-property.com\/2016\/06\/P1060893-488x326.jpg"},"property-detail-video-image":{"file":"P1060893-640x417.jpg","width":640,"height":417,"mime-type":"image\/jpeg","filesize":63697,"url":"https:\/\/media.benalmadena-property.com\/2016\/06\/P1060893-640x417.jpg"},"agent-image":{"file":"P1060893-210x210.jpg","width":210,"height":210,"mime-type":"image\/jpeg","filesize":39675,"url":"https:\/\/media.benalmadena-property.com\/2016\/06\/P1060893-210x210.jpg"},"partners-logo":{"file":"P1060893-600x480.jpg","width":600,"height":480,"mime-type":"image\/jpeg","filesize":65333,"url":"https:\/\/media.benalmadena-property.com\/2016\/06\/P1060893-600x480.jpg"},"gallery-two-column-image":{"file":"P1060893-536x269.jpg","width":536,"height":269,"mime-type":"image\/jpeg","filesize":49961,"url":"https:\/\/media.benalmadena-property.com\/2016\/06\/P1060893-536x269.jpg"},"property-detail-slider-thumb":{"file":"P1060893-82x60.jpg","width":82,"height":60,"mime-type":"image\/jpeg","filesize":34878,"url":"https:\/\/media.benalmadena-property.com\/2016\/06\/P1060893-82x60.jpg"}},"image_meta":{"aperture":"3.1","credit":"","camera":"DMC-SZ3","caption":"","created_timestamp":"1674052282","copyright":"","focal_length":"4.5","iso":"250","shutter_speed":"0.016666666666667","title":"","orientation":"1","keywords":[]},"ID":"11756","name":"P1060893.jpg","path":"\/var\/www\/vhosts\/benalmadena-property.com\/httpdocs\/wp-content\/uploads\/2016\/06\/P1060893.jpg","url":"https:\/\/media.benalmadena-property.com\/2016\/06\/P1060893-150x150.jpg","full_url":"https:\/\/media.benalmadena-property.com\/2016\/06\/P1060893.jpg","title":"P1060893","caption":"","description":"","alt":"","srcset":"https:\/\/media.benalmadena-property.com\/2016\/06\/P1060893-150x150.jpg 150w, https:\/\/media.benalmadena-property.com\/2016\/06\/P1060893-210x210.jpg 210w"},{"width":150,"height":150,"file":"2016\/06\/P1060894.jpg","filesize":171008,"sizes":{"medium":{"file":"P1060894-300x225.jpg","width":300,"height":225,"mime-type":"image\/jpeg","filesize":41638,"url":"https:\/\/media.benalmadena-property.com\/2016\/06\/P1060894-300x225.jpg"},"thumbnail":{"file":"P1060894-150x150.jpg","width":150,"height":150,"mime-type":"image\/jpeg","filesize":36820,"url":"https:\/\/media.benalmadena-property.com\/2016\/06\/P1060894-150x150.jpg"},"post-thumbnail":{"file":"P1060894-150x113.jpg","width":150,"height":113,"mime-type":"image\/jpeg","filesize":36447,"url":"https:\/\/media.benalmadena-property.com\/2016\/06\/P1060894-150x113.jpg"},"property-thumb-image":{"file":"P1060894-488x326.jpg","width":488,"height":326,"mime-type":"image\/jpeg","filesize":49462,"url":"https:\/\/media.benalmadena-property.com\/2016\/06\/P1060894-488x326.jpg"},"property-detail-video-image":{"file":"P1060894-640x417.jpg","width":640,"height":417,"mime-type":"image\/jpeg","filesize":60412,"url":"https:\/\/media.benalmadena-property.com\/2016\/06\/P1060894-640x417.jpg"},"agent-image":{"file":"P1060894-210x210.jpg","width":210,"height":210,"mime-type":"image\/jpeg","filesize":39142,"url":"https:\/\/media.benalmadena-property.com\/2016\/06\/P1060894-210x210.jpg"},"partners-logo":{"file":"P1060894-600x480.jpg","width":600,"height":480,"mime-type":"image\/jpeg","filesize":62107,"url":"https:\/\/media.benalmadena-property.com\/2016\/06\/P1060894-600x480.jpg"},"gallery-two-column-image":{"file":"P1060894-536x269.jpg","width":536,"height":269,"mime-type":"image\/jpeg","filesize":47962,"url":"https:\/\/media.benalmadena-property.com\/2016\/06\/P1060894-536x269.jpg"},"property-detail-slider-thumb":{"file":"P1060894-82x60.jpg","width":82,"height":60,"mime-type":"image\/jpeg","filesize":34713,"url":"https:\/\/media.benalmadena-property.com\/2016\/06\/P1060894-82x60.jpg"}},"image_meta":{"aperture":"3.1","credit":"","camera":"DMC-SZ3","caption":"","created_timestamp":"1674052295","copyright":"","focal_length":"4.5","iso":"200","shutter_speed":"0.016666666666667","title":"","orientation":"1","keywords":[]},"ID":"11759","name":"P1060894.jpg","path":"\/var\/www\/vhosts\/benalmadena-property.com\/httpdocs\/wp-content\/uploads\/2016\/06\/P1060894.jpg","url":"https:\/\/media.benalmadena-property.com\/2016\/06\/P1060894-150x150.jpg","full_url":"https:\/\/media.benalmadena-property.com\/2016\/06\/P1060894.jpg","title":"P1060894","caption":"","description":"","alt":"","srcset":"https:\/\/media.benalmadena-property.com\/2016\/06\/P1060894-150x150.jpg 150w, https:\/\/media.benalmadena-property.com\/2016\/06\/P1060894-210x210.jpg 210w"},{"width":150,"height":150,"file":"2016\/06\/P1060896.jpg","filesize":154112,"sizes":{"medium":{"file":"P1060896-300x225.jpg","width":300,"height":225,"mime-type":"image\/jpeg","filesize":43688,"url":"https:\/\/media.benalmadena-property.com\/2016\/06\/P1060896-300x225.jpg"},"thumbnail":{"file":"P1060896-150x150.jpg","width":150,"height":150,"mime-type":"image\/jpeg","filesize":37284,"url":"https:\/\/media.benalmadena-property.com\/2016\/06\/P1060896-150x150.jpg"},"post-thumbnail":{"file":"P1060896-150x113.jpg","width":150,"height":113,"mime-type":"image\/jpeg","filesize":37042,"url":"https:\/\/media.benalmadena-property.com\/2016\/06\/P1060896-150x113.jpg"},"property-thumb-image":{"file":"P1060896-488x326.jpg","width":488,"height":326,"mime-type":"image\/jpeg","filesize":53280,"url":"https:\/\/media.benalmadena-property.com\/2016\/06\/P1060896-488x326.jpg"},"property-detail-video-image":{"file":"P1060896-640x417.jpg","width":640,"height":417,"mime-type":"image\/jpeg","filesize":66436,"url":"https:\/\/media.benalmadena-property.com\/2016\/06\/P1060896-640x417.jpg"},"agent-image":{"file":"P1060896-210x210.jpg","width":210,"height":210,"mime-type":"image\/jpeg","filesize":40060,"url":"https:\/\/media.benalmadena-property.com\/2016\/06\/P1060896-210x210.jpg"},"partners-logo":{"file":"P1060896-600x480.jpg","width":600,"height":480,"mime-type":"image\/jpeg","filesize":68287,"url":"https:\/\/media.benalmadena-property.com\/2016\/06\/P1060896-600x480.jpg"},"gallery-two-column-image":{"file":"P1060896-536x269.jpg","width":536,"height":269,"mime-type":"image\/jpeg","filesize":50404,"url":"https:\/\/media.benalmadena-property.com\/2016\/06\/P1060896-536x269.jpg"},"property-detail-slider-thumb":{"file":"P1060896-82x60.jpg","width":82,"height":60,"mime-type":"image\/jpeg","filesize":34905,"url":"https:\/\/media.benalmadena-property.com\/2016\/06\/P1060896-82x60.jpg"}},"image_meta":{"aperture":"3.1","credit":"","camera":"DMC-SZ3","caption":"","created_timestamp":"1674052337","copyright":"","focal_length":"4.5","iso":"400","shutter_speed":"0.016666666666667","title":"","orientation":"1","keywords":[]},"ID":"11762","name":"P1060896.jpg","path":"\/var\/www\/vhosts\/benalmadena-property.com\/httpdocs\/wp-content\/uploads\/2016\/06\/P1060896.jpg","url":"https:\/\/media.benalmadena-property.com\/2016\/06\/P1060896-150x150.jpg","full_url":"https:\/\/media.benalmadena-property.com\/2016\/06\/P1060896.jpg","title":"P1060896","caption":"","description":"","alt":"","srcset":"https:\/\/media.benalmadena-property.com\/2016\/06\/P1060896-150x150.jpg 150w, https:\/\/media.benalmadena-property.com\/2016\/06\/P1060896-210x210.jpg 210w"},{"width":150,"height":150,"file":"2016\/06\/P1060897.jpg","filesize":173568,"sizes":{"medium":{"file":"P1060897-300x225.jpg","width":300,"height":225,"mime-type":"image\/jpeg","filesize":54710,"url":"https:\/\/media.benalmadena-property.com\/2016\/06\/P1060897-300x225.jpg"},"thumbnail":{"file":"P1060897-150x150.jpg","width":150,"height":150,"mime-type":"image\/jpeg","filesize":41398,"url":"https:\/\/media.benalmadena-property.com\/2016\/06\/P1060897-150x150.jpg"},"post-thumbnail":{"file":"P1060897-150x113.jpg","width":150,"height":113,"mime-type":"image\/jpeg","filesize":39805,"url":"https:\/\/media.benalmadena-property.com\/2016\/06\/P1060897-150x113.jpg"},"property-thumb-image":{"file":"P1060897-488x326.jpg","width":488,"height":326,"mime-type":"image\/jpeg","filesize":79511,"url":"https:\/\/media.benalmadena-property.com\/2016\/06\/P1060897-488x326.jpg"},"property-detail-video-image":{"file":"P1060897-640x417.jpg","width":640,"height":417,"mime-type":"image\/jpeg","filesize":118288,"url":"https:\/\/media.benalmadena-property.com\/2016\/06\/P1060897-640x417.jpg"},"agent-image":{"file":"P1060897-210x210.jpg","width":210,"height":210,"mime-type":"image\/jpeg","filesize":48263,"url":"https:\/\/media.benalmadena-property.com\/2016\/06\/P1060897-210x210.jpg"},"partners-logo":{"file":"P1060897-600x480.jpg","width":600,"height":480,"mime-type":"image\/jpeg","filesize":120519,"url":"https:\/\/media.benalmadena-property.com\/2016\/06\/P1060897-600x480.jpg"},"gallery-two-column-image":{"file":"P1060897-536x269.jpg","width":536,"height":269,"mime-type":"image\/jpeg","filesize":76009,"url":"https:\/\/media.benalmadena-property.com\/2016\/06\/P1060897-536x269.jpg"},"property-detail-slider-thumb":{"file":"P1060897-82x60.jpg","width":82,"height":60,"mime-type":"image\/jpeg","filesize":35657,"url":"https:\/\/media.benalmadena-property.com\/2016\/06\/P1060897-82x60.jpg"}},"image_meta":{"aperture":"3.1","credit":"","camera":"DMC-SZ3","caption":"","created_timestamp":"1674052369","copyright":"","focal_length":"4.5","iso":"100","shutter_speed":"0.00625","title":"","orientation":"1","keywords":[]},"ID":"11765","name":"P1060897.jpg","path":"\/var\/www\/vhosts\/benalmadena-property.com\/httpdocs\/wp-content\/uploads\/2016\/06\/P1060897.jpg","url":"https:\/\/media.benalmadena-property.com\/2016\/06\/P1060897-150x150.jpg","full_url":"https:\/\/media.benalmadena-property.com\/2016\/06\/P1060897.jpg","title":"P1060897","caption":"","description":"","alt":"","srcset":"https:\/\/media.benalmadena-property.com\/2016\/06\/P1060897-150x150.jpg 150w, https:\/\/media.benalmadena-property.com\/2016\/06\/P1060897-210x210.jpg 210w"},{"width":150,"height":150,"file":"2016\/06\/P1060898.jpg","filesize":171008,"sizes":{"medium":{"file":"P1060898-300x225.jpg","width":300,"height":225,"mime-type":"image\/jpeg","filesize":56379,"url":"https:\/\/media.benalmadena-property.com\/2016\/06\/P1060898-300x225.jpg"},"thumbnail":{"file":"P1060898-150x150.jpg","width":150,"height":150,"mime-type":"image\/jpeg","filesize":41954,"url":"https:\/\/media.benalmadena-property.com\/2016\/06\/P1060898-150x150.jpg"},"post-thumbnail":{"file":"P1060898-150x113.jpg","width":150,"height":113,"mime-type":"image\/jpeg","filesize":39991,"url":"https:\/\/media.benalmadena-property.com\/2016\/06\/P1060898-150x113.jpg"},"property-thumb-image":{"file":"P1060898-488x326.jpg","width":488,"height":326,"mime-type":"image\/jpeg","filesize":84905,"url":"https:\/\/media.benalmadena-property.com\/2016\/06\/P1060898-488x326.jpg"},"property-detail-video-image":{"file":"P1060898-640x417.jpg","width":640,"height":417,"mime-type":"image\/jpeg","filesize":132916,"url":"https:\/\/media.benalmadena-property.com\/2016\/06\/P1060898-640x417.jpg"},"agent-image":{"file":"P1060898-210x210.jpg","width":210,"height":210,"mime-type":"image\/jpeg","filesize":49603,"url":"https:\/\/media.benalmadena-property.com\/2016\/06\/P1060898-210x210.jpg"},"partners-logo":{"file":"P1060898-600x480.jpg","width":600,"height":480,"mime-type":"image\/jpeg","filesize":136936,"url":"https:\/\/media.benalmadena-property.com\/2016\/06\/P1060898-600x480.jpg"},"gallery-two-column-image":{"file":"P1060898-536x269.jpg","width":536,"height":269,"mime-type":"image\/jpeg","filesize":81637,"url":"https:\/\/media.benalmadena-property.com\/2016\/06\/P1060898-536x269.jpg"},"property-detail-slider-thumb":{"file":"P1060898-82x60.jpg","width":82,"height":60,"mime-type":"image\/jpeg","filesize":35701,"url":"https:\/\/media.benalmadena-property.com\/2016\/06\/P1060898-82x60.jpg"}},"image_meta":{"aperture":"3.1","credit":"","camera":"DMC-SZ3","caption":"","created_timestamp":"1674052376","copyright":"","focal_length":"4.5","iso":"100","shutter_speed":"0.004","title":"","orientation":"1","keywords":[]},"ID":"11768","name":"P1060898.jpg","path":"\/var\/www\/vhosts\/benalmadena-property.com\/httpdocs\/wp-content\/uploads\/2016\/06\/P1060898.jpg","url":"https:\/\/media.benalmadena-property.com\/2016\/06\/P1060898-150x150.jpg","full_url":"https:\/\/media.benalmadena-property.com\/2016\/06\/P1060898.jpg","title":"P1060898","caption":"","description":"","alt":"","srcset":"https:\/\/media.benalmadena-property.com\/2016\/06\/P1060898-150x150.jpg 150w, https:\/\/media.benalmadena-property.com\/2016\/06\/P1060898-210x210.jpg 210w"},{"width":150,"height":150,"file":"2016\/04\/220621_DDS_26.jpg","sizes":{"medium":{"file":"220621_DDS_26-300x200.jpg","width":300,"height":200,"mime-type":"image\/jpeg","url":"https:\/\/media.benalmadena-property.com\/2016\/04\/220621_DDS_26-300x200.jpg"},"thumbnail":{"file":"220621_DDS_26-150x150.jpg","width":150,"height":150,"mime-type":"image\/jpeg","url":"https:\/\/media.benalmadena-property.com\/2016\/04\/220621_DDS_26-150x150.jpg"},"medium_large":{"file":"220621_DDS_26-768x512.jpg","width":768,"height":512,"mime-type":"image\/jpeg","url":"https:\/\/media.benalmadena-property.com\/2016\/04\/220621_DDS_26-768x512.jpg"},"post-thumbnail":{"file":"220621_DDS_26-150x100.jpg","width":150,"height":100,"mime-type":"image\/jpeg","url":"https:\/\/media.benalmadena-property.com\/2016\/04\/220621_DDS_26-150x100.jpg"},"modern-property-child-slider":{"file":"220621_DDS_26-680x510.jpg","width":680,"height":510,"mime-type":"image\/jpeg","url":"https:\/\/media.benalmadena-property.com\/2016\/04\/220621_DDS_26-680x510.jpg"},"property-thumb-image":{"file":"220621_DDS_26-488x326.jpg","width":488,"height":326,"mime-type":"image\/jpeg","url":"https:\/\/media.benalmadena-property.com\/2016\/04\/220621_DDS_26-488x326.jpg"},"property-detail-video-image":{"file":"220621_DDS_26-818x417.jpg","width":818,"height":417,"mime-type":"image\/jpeg","url":"https:\/\/media.benalmadena-property.com\/2016\/04\/220621_DDS_26-818x417.jpg"},"agent-image":{"file":"220621_DDS_26-210x210.jpg","width":210,"height":210,"mime-type":"image\/jpeg","url":"https:\/\/media.benalmadena-property.com\/2016\/04\/220621_DDS_26-210x210.jpg"},"partners-logo":{"file":"220621_DDS_26-600x680.jpg","width":600,"height":680,"mime-type":"image\/jpeg","url":"https:\/\/media.benalmadena-property.com\/2016\/04\/220621_DDS_26-600x680.jpg"},"gallery-two-column-image":{"file":"220621_DDS_26-536x269.jpg","width":536,"height":269,"mime-type":"image\/jpeg","url":"https:\/\/media.benalmadena-property.com\/2016\/04\/220621_DDS_26-536x269.jpg"},"property-detail-slider-image-two":{"file":"220621_DDS_26-1020x648.jpg","width":1020,"height":648,"mime-type":"image\/jpeg","url":"https:\/\/media.benalmadena-property.com\/2016\/04\/220621_DDS_26-1020x648.jpg"},"property-detail-slider-thumb":{"file":"220621_DDS_26-82x60.jpg","width":82,"height":60,"mime-type":"image\/jpeg","url":"https:\/\/media.benalmadena-property.com\/2016\/04\/220621_DDS_26-82x60.jpg"}},"image_meta":{"aperture":"7.1","credit":"","camera":"ILCE-7M3","caption":"","created_timestamp":"1624363009","copyright":"@danieldisabatino","focal_length":"24","iso":"100","shutter_speed":"0.0025","title":"","orientation":"0","keywords":[]},"ID":"9898","name":"220621_DDS_26.jpg","path":"\/var\/www\/vhosts\/benalmadena-property.com\/httpdocs\/wp-content\/uploads\/2016\/04\/220621_DDS_26.jpg","url":"https:\/\/media.benalmadena-property.com\/2016\/04\/220621_DDS_26-150x150.jpg","full_url":"https:\/\/media.benalmadena-property.com\/2016\/04\/220621_DDS_26.jpg","title":"220621_DDS_26","caption":"","description":"","alt":"","srcset":"https:\/\/media.benalmadena-property.com\/2016\/04\/220621_DDS_26-150x150.jpg 150w, https:\/\/media.benalmadena-property.com\/2016\/04\/220621_DDS_26-210x210.jpg 210w"},{"width":150,"height":150,"file":"2016\/04\/220621_DDS_35-1.jpg","sizes":{"medium":{"file":"220621_DDS_35-1-300x200.jpg","width":300,"height":200,"mime-type":"image\/jpeg","url":"https:\/\/media.benalmadena-property.com\/2016\/04\/220621_DDS_35-1-300x200.jpg"},"thumbnail":{"file":"220621_DDS_35-1-150x150.jpg","width":150,"height":150,"mime-type":"image\/jpeg","url":"https:\/\/media.benalmadena-property.com\/2016\/04\/220621_DDS_35-1-150x150.jpg"},"medium_large":{"file":"220621_DDS_35-1-768x512.jpg","width":768,"height":512,"mime-type":"image\/jpeg","url":"https:\/\/media.benalmadena-property.com\/2016\/04\/220621_DDS_35-1-768x512.jpg"},"post-thumbnail":{"file":"220621_DDS_35-1-150x100.jpg","width":150,"height":100,"mime-type":"image\/jpeg","url":"https:\/\/media.benalmadena-property.com\/2016\/04\/220621_DDS_35-1-150x100.jpg"},"modern-property-child-slider":{"file":"220621_DDS_35-1-680x510.jpg","width":680,"height":510,"mime-type":"image\/jpeg","url":"https:\/\/media.benalmadena-property.com\/2016\/04\/220621_DDS_35-1-680x510.jpg"},"property-thumb-image":{"file":"220621_DDS_35-1-488x326.jpg","width":488,"height":326,"mime-type":"image\/jpeg","url":"https:\/\/media.benalmadena-property.com\/2016\/04\/220621_DDS_35-1-488x326.jpg"},"property-detail-video-image":{"file":"220621_DDS_35-1-818x417.jpg","width":818,"height":417,"mime-type":"image\/jpeg","url":"https:\/\/media.benalmadena-property.com\/2016\/04\/220621_DDS_35-1-818x417.jpg"},"agent-image":{"file":"220621_DDS_35-1-210x210.jpg","width":210,"height":210,"mime-type":"image\/jpeg","url":"https:\/\/media.benalmadena-property.com\/2016\/04\/220621_DDS_35-1-210x210.jpg"},"partners-logo":{"file":"220621_DDS_35-1-600x680.jpg","width":600,"height":680,"mime-type":"image\/jpeg","url":"https:\/\/media.benalmadena-property.com\/2016\/04\/220621_DDS_35-1-600x680.jpg"},"gallery-two-column-image":{"file":"220621_DDS_35-1-536x269.jpg","width":536,"height":269,"mime-type":"image\/jpeg","url":"https:\/\/media.benalmadena-property.com\/2016\/04\/220621_DDS_35-1-536x269.jpg"},"property-detail-slider-image-two":{"file":"220621_DDS_35-1-1020x648.jpg","width":1020,"height":648,"mime-type":"image\/jpeg","url":"https:\/\/media.benalmadena-property.com\/2016\/04\/220621_DDS_35-1-1020x648.jpg"},"property-detail-slider-thumb":{"file":"220621_DDS_35-1-82x60.jpg","width":82,"height":60,"mime-type":"image\/jpeg","url":"https:\/\/media.benalmadena-property.com\/2016\/04\/220621_DDS_35-1-82x60.jpg"}},"image_meta":{"aperture":"7.1","credit":"","camera":"ILCE-7M3","caption":"","created_timestamp":"1624366729","copyright":"@danieldisabatino","focal_length":"14","iso":"100","shutter_speed":"0.0015625","title":"","orientation":"0","keywords":[]},"ID":"9910","name":"220621_DDS_35-1.jpg","path":"\/var\/www\/vhosts\/benalmadena-property.com\/httpdocs\/wp-content\/uploads\/2016\/04\/220621_DDS_35-1.jpg","url":"https:\/\/media.benalmadena-property.com\/2016\/04\/220621_DDS_35-1-150x150.jpg","full_url":"https:\/\/media.benalmadena-property.com\/2016\/04\/220621_DDS_35-1.jpg","title":"220621_DDS_35 (1)","caption":"","description":"","alt":"","srcset":"https:\/\/media.benalmadena-property.com\/2016\/04\/220621_DDS_35-1-150x150.jpg 150w, https:\/\/media.benalmadena-property.com\/2016\/04\/220621_DDS_35-1-210x210.jpg 210w"},{"width":150,"height":150,"file":"2016\/04\/220621_DDS_34-1.jpg","sizes":{"medium":{"file":"220621_DDS_34-1-300x200.jpg","width":300,"height":200,"mime-type":"image\/jpeg","url":"https:\/\/media.benalmadena-property.com\/2016\/04\/220621_DDS_34-1-300x200.jpg"},"thumbnail":{"file":"220621_DDS_34-1-150x150.jpg","width":150,"height":150,"mime-type":"image\/jpeg","url":"https:\/\/media.benalmadena-property.com\/2016\/04\/220621_DDS_34-1-150x150.jpg"},"medium_large":{"file":"220621_DDS_34-1-768x512.jpg","width":768,"height":512,"mime-type":"image\/jpeg","url":"https:\/\/media.benalmadena-property.com\/2016\/04\/220621_DDS_34-1-768x512.jpg"},"post-thumbnail":{"file":"220621_DDS_34-1-150x100.jpg","width":150,"height":100,"mime-type":"image\/jpeg","url":"https:\/\/media.benalmadena-property.com\/2016\/04\/220621_DDS_34-1-150x100.jpg"},"modern-property-child-slider":{"file":"220621_DDS_34-1-680x510.jpg","width":680,"height":510,"mime-type":"image\/jpeg","url":"https:\/\/media.benalmadena-property.com\/2016\/04\/220621_DDS_34-1-680x510.jpg"},"property-thumb-image":{"file":"220621_DDS_34-1-488x326.jpg","width":488,"height":326,"mime-type":"image\/jpeg","url":"https:\/\/media.benalmadena-property.com\/2016\/04\/220621_DDS_34-1-488x326.jpg"},"property-detail-video-image":{"file":"220621_DDS_34-1-818x417.jpg","width":818,"height":417,"mime-type":"image\/jpeg","url":"https:\/\/media.benalmadena-property.com\/2016\/04\/220621_DDS_34-1-818x417.jpg"},"agent-image":{"file":"220621_DDS_34-1-210x210.jpg","width":210,"height":210,"mime-type":"image\/jpeg","url":"https:\/\/media.benalmadena-property.com\/2016\/04\/220621_DDS_34-1-210x210.jpg"},"partners-logo":{"file":"220621_DDS_34-1-600x680.jpg","width":600,"height":680,"mime-type":"image\/jpeg","url":"https:\/\/media.benalmadena-property.com\/2016\/04\/220621_DDS_34-1-600x680.jpg"},"gallery-two-column-image":{"file":"220621_DDS_34-1-536x269.jpg","width":536,"height":269,"mime-type":"image\/jpeg","url":"https:\/\/media.benalmadena-property.com\/2016\/04\/220621_DDS_34-1-536x269.jpg"},"property-detail-slider-image-two":{"file":"220621_DDS_34-1-1020x648.jpg","width":1020,"height":648,"mime-type":"image\/jpeg","url":"https:\/\/media.benalmadena-property.com\/2016\/04\/220621_DDS_34-1-1020x648.jpg"},"property-detail-slider-thumb":{"file":"220621_DDS_34-1-82x60.jpg","width":82,"height":60,"mime-type":"image\/jpeg","url":"https:\/\/media.benalmadena-property.com\/2016\/04\/220621_DDS_34-1-82x60.jpg"}},"image_meta":{"aperture":"7.1","credit":"","camera":"ILCE-7M3","caption":"","created_timestamp":"1624366488","copyright":"@danieldisabatino","focal_length":"14","iso":"100","shutter_speed":"0.002","title":"","orientation":"0","keywords":[]},"ID":"9904","name":"220621_DDS_34-1.jpg","path":"\/var\/www\/vhosts\/benalmadena-property.com\/httpdocs\/wp-content\/uploads\/2016\/04\/220621_DDS_34-1.jpg","url":"https:\/\/media.benalmadena-property.com\/2016\/04\/220621_DDS_34-1-150x150.jpg","full_url":"https:\/\/media.benalmadena-property.com\/2016\/04\/220621_DDS_34-1.jpg","title":"220621_DDS_34 (1)","caption":"","description":"","alt":"","srcset":"https:\/\/media.benalmadena-property.com\/2016\/04\/220621_DDS_34-1-150x150.jpg 150w, https:\/\/media.benalmadena-property.com\/2016\/04\/220621_DDS_34-1-210x210.jpg 210w"},{"width":150,"height":150,"file":"2016\/04\/220621_DDS_30.jpg","sizes":{"medium":{"file":"220621_DDS_30-300x200.jpg","width":300,"height":200,"mime-type":"image\/jpeg","url":"https:\/\/media.benalmadena-property.com\/2016\/04\/220621_DDS_30-300x200.jpg"},"thumbnail":{"file":"220621_DDS_30-150x150.jpg","width":150,"height":150,"mime-type":"image\/jpeg","url":"https:\/\/media.benalmadena-property.com\/2016\/04\/220621_DDS_30-150x150.jpg"},"medium_large":{"file":"220621_DDS_30-768x512.jpg","width":768,"height":512,"mime-type":"image\/jpeg","url":"https:\/\/media.benalmadena-property.com\/2016\/04\/220621_DDS_30-768x512.jpg"},"post-thumbnail":{"file":"220621_DDS_30-150x100.jpg","width":150,"height":100,"mime-type":"image\/jpeg","url":"https:\/\/media.benalmadena-property.com\/2016\/04\/220621_DDS_30-150x100.jpg"},"modern-property-child-slider":{"file":"220621_DDS_30-680x510.jpg","width":680,"height":510,"mime-type":"image\/jpeg","url":"https:\/\/media.benalmadena-property.com\/2016\/04\/220621_DDS_30-680x510.jpg"},"property-thumb-image":{"file":"220621_DDS_30-488x326.jpg","width":488,"height":326,"mime-type":"image\/jpeg","url":"https:\/\/media.benalmadena-property.com\/2016\/04\/220621_DDS_30-488x326.jpg"},"property-detail-video-image":{"file":"220621_DDS_30-818x417.jpg","width":818,"height":417,"mime-type":"image\/jpeg","url":"https:\/\/media.benalmadena-property.com\/2016\/04\/220621_DDS_30-818x417.jpg"},"agent-image":{"file":"220621_DDS_30-210x210.jpg","width":210,"height":210,"mime-type":"image\/jpeg","url":"https:\/\/media.benalmadena-property.com\/2016\/04\/220621_DDS_30-210x210.jpg"},"partners-logo":{"file":"220621_DDS_30-600x680.jpg","width":600,"height":680,"mime-type":"image\/jpeg","url":"https:\/\/media.benalmadena-property.com\/2016\/04\/220621_DDS_30-600x680.jpg"},"gallery-two-column-image":{"file":"220621_DDS_30-536x269.jpg","width":536,"height":269,"mime-type":"image\/jpeg","url":"https:\/\/media.benalmadena-property.com\/2016\/04\/220621_DDS_30-536x269.jpg"},"property-detail-slider-image-two":{"file":"220621_DDS_30-1020x648.jpg","width":1020,"height":648,"mime-type":"image\/jpeg","url":"https:\/\/media.benalmadena-property.com\/2016\/04\/220621_DDS_30-1020x648.jpg"},"property-detail-slider-thumb":{"file":"220621_DDS_30-82x60.jpg","width":82,"height":60,"mime-type":"image\/jpeg","url":"https:\/\/media.benalmadena-property.com\/2016\/04\/220621_DDS_30-82x60.jpg"}},"image_meta":{"aperture":"7.1","credit":"","camera":"ILCE-7M3","caption":"","created_timestamp":"1624363234","copyright":"@danieldisabatino","focal_length":"70","iso":"100","shutter_speed":"0.0015625","title":"","orientation":"0","keywords":[]},"ID":"9901","name":"220621_DDS_30.jpg","path":"\/var\/www\/vhosts\/benalmadena-property.com\/httpdocs\/wp-content\/uploads\/2016\/04\/220621_DDS_30.jpg","url":"https:\/\/media.benalmadena-property.com\/2016\/04\/220621_DDS_30-150x150.jpg","full_url":"https:\/\/media.benalmadena-property.com\/2016\/04\/220621_DDS_30.jpg","title":"220621_DDS_30","caption":"","description":"","alt":"","srcset":"https:\/\/media.benalmadena-property.com\/2016\/04\/220621_DDS_30-150x150.jpg 150w, https:\/\/media.benalmadena-property.com\/2016\/04\/220621_DDS_30-210x210.jpg 210w"}],"REAL_HOMES_change_gallery_slider_type":"0","REAL_HOMES_gallery_slider_type":"thumb-on-right","inspiry_floor_plans":[],"inspiry_video_group":[],"REAL_HOMES_360_virtual_tour":"","REAL_HOMES_tour_video_url":"","REAL_HOMES_tour_video_image":[],"REAL_HOMES_agent_display_option":"agent_info","REAL_HOMES_agents":[],"REAL_HOMES_energy_class":"none","REAL_HOMES_energy_performance":"","REAL_HOMES_epc_current_rating":"","REAL_HOMES_epc_potential_rating":"","REAL_HOMES_sticky":"0","inspiry_property_label":"","inspiry_property_label_color":"","inspiry_property_tax":"","inspiry_additional_fee":"","REAL_HOMES_attachments":[],"inspiry_property_owner_name":"","inspiry_property_owner_contact":"","inspiry_property_owner_address":"","REAL_HOMES_property_private_note":"","inspiry_message_to_reviewer":"","REAL_HOMES_add_in_slider":"no","REAL_HOMES_slider_image":[],"REAL_HOMES_page_banner_image":[],"REAL_HOMES_pims_id":"1M139","REAL_HOMES_property_rented":"0"},"_links":{"self":[{"href":"https:\/\/www.benalmadena-property.com\/fr\/wp-json\/wp\/v2\/property\/5479","targetHints":{"allow":["GET"]}}],"collection":[{"href":"https:\/\/www.benalmadena-property.com\/fr\/wp-json\/wp\/v2\/property"}],"about":[{"href":"https:\/\/www.benalmadena-property.com\/fr\/wp-json\/wp\/v2\/types\/property"}],"author":[{"embeddable":true,"href":"https:\/\/www.benalmadena-property.com\/fr\/wp-json\/wp\/v2\/users\/1"}],"replies":[{"embeddable":true,"href":"https:\/\/www.benalmadena-property.com\/fr\/wp-json\/wp\/v2\/comments?post=5479"}],"version-history":[{"count":10,"href":"https:\/\/www.benalmadena-property.com\/fr\/wp-json\/wp\/v2\/property\/5479\/revisions"}],"predecessor-version":[{"id":18246,"href":"https:\/\/www.benalmadena-property.com\/fr\/wp-json\/wp\/v2\/property\/5479\/revisions\/18246"}],"wp:featuredmedia":[{"embeddable":true,"href":"https:\/\/www.benalmadena-property.com\/fr\/wp-json\/wp\/v2\/media\/3076"}],"wp:attachment":[{"href":"https:\/\/www.benalmadena-property.com\/fr\/wp-json\/wp\/v2\/media?parent=5479"}],"wp:term":[{"taxonomy":"property-feature","embeddable":true,"href":"https:\/\/www.benalmadena-property.com\/fr\/wp-json\/wp\/v2\/property-feature?post=5479"},{"taxonomy":"property-type","embeddable":true,"href":"https:\/\/www.benalmadena-property.com\/fr\/wp-json\/wp\/v2\/property-type?post=5479"},{"taxonomy":"property-city","embeddable":true,"href":"https:\/\/www.benalmadena-property.com\/fr\/wp-json\/wp\/v2\/property-location?post=5479"},{"taxonomy":"property-status","embeddable":true,"href":"https:\/\/www.benalmadena-property.com\/fr\/wp-json\/wp\/v2\/property-status?post=5479"}],"curies":[{"name":"wp","href":"https:\/\/api.w.org\/{rel}","templated":true}]}}